{"id":713,"date":"2026-08-20T17:06:49","date_gmt":"2026-08-20T15:06:49","guid":{"rendered":"https:\/\/4beauty-website-stage.247grad.de\/glossar\/ohrenkorrektur\/"},"modified":"2026-08-20T17:26:40","modified_gmt":"2026-08-20T15:26:40","slug":"ohrenkorrektur","status":"publish","type":"glossary","link":"https:\/\/4beauty-website-stage.247grad.de\/en\/glossar\/ohrenkorrektur\/","title":{"rendered":"Ohrenkorrektur \u2013 Otoplastik \/ Otopexie"},"content":{"rendered":"<div class=\"wp-block-rank-math-toc-block\" id=\"rank-math-toc\"><h2>Table of Contents<\/h2><nav><ul><li class=\"\"><a href=\"#was-ist-eine-ohrenkorrektur-otoplastik-otopexie\">Was ist eine Ohrenkorrektur (Otoplastik\/Otopexie)?<\/a><\/li><li class=\"\"><a href=\"#fur-wen-ist-die-korrektur-der-ohren-geeignet\">F\u00fcr wen ist die Korrektur der Ohren geeignet?<\/a><\/li><li class=\"\"><a href=\"#ablauf-der-ohrenkorrektur-vom-beratungsgesprach-bis-zum-eingriff\">Ablauf der Ohrenkorrektur: Vom Beratungsgespr\u00e4ch bis zum Eingriff<\/a><\/li><li class=\"\"><a href=\"#mogliche-komplikationen-und-risiken-des-eingriffs\">M\u00f6gliche Komplikationen und Risiken des Eingriffs<\/a><\/li><li class=\"\"><a href=\"#nachsorge-heilung-und-das-tragen-eines-stirnbandes\">Nachsorge: Heilung und das Tragen eines Stirnbandes<\/a><\/li><li class=\"\"><a href=\"#kosten-der-ohrenkorrektur-und-die-folgekostenversicherung\">Kosten der Ohrenkorrektur und die Folgekostenversicherung<\/a><\/li><li class=\"\"><a href=\"#haufig-gestellte-fragen-zur-ohrenkorrektur\">H\u00e4ufig gestellte Fragen zur Ohrenkorrektur<\/a><\/li><\/ul><\/nav><\/div>\n\n\n\n<div class=\"wp-block-group is-style-boxed has-white-warm-background-color has-background is-layout-constrained wp-block-group-is-layout-constrained\">\n<p class=\"wp-block-paragraph\"><strong>Important note<\/strong><\/p>\n\n\n\n<p class=\"wp-block-paragraph\">This article is for information purposes only and is not a substitute for a medical diagnosis or advice. If you are unsure, or if you require a personalised treatment plan, it is essential that you consult a qualified specialist.<\/p>\n<\/div>\n\n\n\n<p class=\"wp-block-paragraph\">Die Ohrenkorrektur, medizinisch auch <strong>Ear surgery<\/strong> or <strong>Otopexie<\/strong> genannt, ist ein h\u00e4ufiger Eingriff der Plastischen Chirurgie. Ziel ist es, die Form, Gr\u00f6\u00dfe oder Stellung der Ohrmuschel zu optimieren, sodass das Ohr harmonisch zum Gesicht passt. Besonders bei abstehenden Ohren (umgangssprachlich oft als <strong>Segelohren<\/strong> bezeichnet), bei denen der Knorpel der Ohrmuschel so geformt ist, dass die Ohren deutlich vom Kopf abstehen (oft definiert als ein Winkel von mehr als 30 Grad), kann dieser Eingriff das \u00e4u\u00dfere Erscheinungsbild verbessern und oft eine damit verbundene psychische Belastung reduzieren. Die Ohren werden dabei operativ in die gew\u00fcnschte Position gebracht.<\/p>\n\n\n\n<h2 class=\"wp-block-heading\" id=\"was-ist-eine-ohrenkorrektur-otoplastik-otopexie\">Was ist eine Ohrenkorrektur (Otoplastik\/Otopexie)?<\/h2>\n\n\n\n<p class=\"wp-block-paragraph\">Eine Ohrenkorrektur ist ein operativer Eingriff, der darauf abzielt, Fehlstellungen der Ohrmuschel zu korrigieren. Die h\u00e4ufigste Indikation ist die Korrektur abstehender Ohren. Ursache hierf\u00fcr ist meist eine unterentwickelte Hauptknorpelfalte des Ohres (Anthelix) oder ein zu gro\u00dfer Anteil des Ohrknorpels (Concha). Neben Segelohren k\u00f6nnen auch Asymmetrien, zu gro\u00dfe Ohren oder verformte Ohrl\u00e4ppchen durch eine Otoplastik korrigiert werden.<\/p>\n\n\n\n<div class=\"wp-block-buttons is-layout-flex wp-block-buttons-is-layout-flex\">\n<div class=\"wp-block-button\"><a class=\"wp-block-button__link wp-element-button\" href=\"https:\/\/4beauty-website-stage.247grad.de\/en\/service-information\/contact\/\">Contact us for a no-obligation enquiry<\/a><\/div>\n<\/div>\n\n\n\n<h2 class=\"wp-block-heading\" id=\"fur-wen-ist-die-korrektur-der-ohren-geeignet\">F\u00fcr wen ist die Korrektur der Ohren geeignet?<\/h2>\n\n\n\n<p class=\"wp-block-paragraph\">Eine Ohrenkorrektur kann sowohl bei Kindern als auch bei Erwachsenen durchgef\u00fchrt werden.<\/p>\n\n\n\n<ul class=\"wp-block-list\">\n<li><strong>Ohren anlegen lassen bei Kindern:<\/strong> Besonders Kinder leiden oft unter H\u00e4nseleien in der Schule aufgrund abstehender Ohren. Eine Korrektur der Ohren wird oft vor dem Schuleintritt, im Alter von 5 bis 6 Jahren, empfohlen. Zu diesem Zeitpunkt ist der Ohrknorpel noch gut formbar und das Ohr weitgehend ausgewachsen.<\/li>\n\n\n\n<li><strong>Ohrenkorrektur bei Erwachsenen:<\/strong> Viele Erwachsene entscheiden sich f\u00fcr eine Ohrenkorrektur, um ihr \u00e4sthetisches Erscheinungsbild der Ohren zu verbessern und ihr Selbstbewusstsein zu st\u00e4rken.<\/li>\n<\/ul>\n\n\n\n<h2 class=\"wp-block-heading\" id=\"ablauf-der-ohrenkorrektur-vom-beratungsgesprach-bis-zum-eingriff\">Ablauf der Ohrenkorrektur: Vom Beratungsgespr\u00e4ch bis zum Eingriff<\/h2>\n\n\n\n<p class=\"wp-block-paragraph\">Vor jeder Operation am Ohr steht eine umfassende Beratung \u00fcber den Eingriff bei einem qualifizierten Facharzt f\u00fcr Plastische und \u00c4sthetische Chirurgie. Hier k\u00f6nnen Sie einen Termin vereinbaren, um Ihre W\u00fcnsche zu besprechen.<\/p>\n\n\n\n<ul class=\"wp-block-list\">\n<li><strong>Narkose\/An\u00e4sthesie:<\/strong> Der Eingriff kann meist ambulant durchgef\u00fchrt werden. Oft erfolgt er in \u00f6rtlicher Bet\u00e4ubung, h\u00e4ufig kombiniert mit einem D\u00e4mmerschlaf (\u00f6rtlicher Bet\u00e4ubung mit D\u00e4mmerschlaf). Bei Kindern oder auf speziellen Wunsch ist auch eine Vollnarkose m\u00f6glich.<\/li>\n\n\n\n<li><strong>Operationstechniken:<\/strong> Es gibt verschiedene Techniken, inklusive der Fadenmethode. Die h\u00e4ufigste Methode beinhaltet einen kleinen Schnitt an der R\u00fcckseite der Ohrmuschel oder auf der R\u00fcckseite des Ohres. Von dort aus legt der Chirurg den Ohrknorpel frei. Der Knorpel wird dann neu geformt \u2013 durch Ausd\u00fcnnen, Ritzen oder Formen \u2013 und mit feinen N\u00e4hten in der neuen Position gebracht und fixiert. Ziel ist ein nat\u00fcrliches Aussehen.<\/li>\n\n\n\n<li><strong>Dauer des Eingriffs:<\/strong> Die Ohrenkorrektur f\u00fcr beide Ohren dauert etwa eine bis zwei Stunden. Ein einzelner Eingriff dauert etwa eine Stunde.<\/li>\n<\/ul>\n\n\n\n<div class=\"wp-block-buttons is-layout-flex wp-block-buttons-is-layout-flex\">\n<div class=\"wp-block-button\"><a class=\"wp-block-button__link wp-element-button\" href=\"https:\/\/4beauty-website-stage.247grad.de\/en\/service-information\/contact\/\">Contact us for a no-obligation enquiry<\/a><\/div>\n<\/div>\n\n\n\n<h2 class=\"wp-block-heading\" id=\"mogliche-komplikationen-und-risiken-des-eingriffs\">M\u00f6gliche Komplikationen und Risiken des Eingriffs<\/h2>\n\n\n\n<p class=\"wp-block-paragraph\">Obwohl die Ohrenkorrektur als risikoarmer Eingriff gilt, gibt es wie bei jeder Chirurgie allgemeine und spezifische Risiken. Zu den allgemeinen Risiken z\u00e4hlen Nachblutungen, Infektionen oder Wundheilungsst\u00f6rungen. Spezifische Komplikationen k\u00f6nnen leichte Asymmetrien, ein unbefriedigendes Ergebnis oder Sensibilit\u00e4tsst\u00f6rungen am Ohr sein. Vor dem Eingriff sollte auf Nikotin verzichtet werden, um die Wundheilung nicht zu gef\u00e4hrden.<\/p>\n\n\n\n<p class=\"wp-block-paragraph\">Die Wahl eines erfahrenen Chirurgen und eine sorgf\u00e4ltige Nachsorge sind entscheidend, um Risiken bei der Korrektur der Ohren zu minimieren.<\/p>\n\n\n\n<h2 class=\"wp-block-heading\" id=\"nachsorge-heilung-und-das-tragen-eines-stirnbandes\">Nachsorge: Heilung und das Tragen eines Stirnbandes<\/h2>\n\n\n\n<p class=\"wp-block-paragraph\">Direkt nach der Otoplastie wird ein sch\u00fctzender Kopfverband angelegt.<\/p>\n\n\n\n<p class=\"wp-block-paragraph\"><strong>Kopfverband und Stirnband:<\/strong> Dieser erste Verband wird innerhalb weniger Tage entfernt. Danach ist das Tragen eines Stirnbandes sehr wichtig. Das Stirnband muss f\u00fcr ca. eine Woche Tag und Nacht getragen werden, danach f\u00fcr weitere f\u00fcnf Wochen oder drei bis vier Wochen nachts (insgesamt oft bis zu sechs Wochen), um die Ohren zu sch\u00fctzen.<\/p>\n\n\n\n<p class=\"wp-block-paragraph\"><strong>Gesellschafts- und Arbeitsf\u00e4higkeit:<\/strong> Die meisten Patientinnen und Patienten sind nach etwa einer Woche wieder arbeits- und gesellschaftsf\u00e4hig.<\/p>\n\n\n\n<p class=\"wp-block-paragraph\"><strong>Sport und Freizeit:<\/strong> Auf Sport sollte f\u00fcr etwa vier Wochen verzichtet werden, Kontaktsportarten sogar bis zu sechs Wochen nach der Operation. Auch das Tragen von Ohrringen ist erst nach vollst\u00e4ndiger Abheilung ratsam.<\/p>\n\n\n\n<div class=\"wp-block-buttons is-layout-flex wp-block-buttons-is-layout-flex\">\n<div class=\"wp-block-button\"><a class=\"wp-block-button__link wp-element-button\" href=\"https:\/\/4beauty-website-stage.247grad.de\/en\/service-information\/contact\/\">Contact us for a no-obligation enquiry<\/a><\/div>\n<\/div>\n\n\n\n<h2 class=\"wp-block-heading\" id=\"kosten-der-ohrenkorrektur-und-die-folgekostenversicherung\">Kosten der Ohrenkorrektur und die Folgekostenversicherung<\/h2>\n\n\n\n<p class=\"wp-block-paragraph\">Die Kosten f\u00fcr das Anlegen lassen variieren. Faktoren sind der Umfang der Korrektur, die Methode und die Art der An\u00e4sthesie.<\/p>\n\n\n\n<ul class=\"wp-block-list\">\n<li><strong>Coverage of costs:<\/strong> Bei Kindern mit starker psychischer Belastung durch abstehende Ohren ist eine Kosten\u00fcbernahme durch die Krankenkasse manchmal m\u00f6glich. Bei Erwachsenen ist es meist eine Selbstzahlerleistung.<\/li>\n\n\n\n<li><strong>Folgekostenversicherung:<\/strong> Komplikationen nach einer \u00e4sthetisch motivierten Ohrkorrektur k\u00f6nnen medizinisch notwendige Nachbehandlungen erfordern, deren Kosten nicht immer von der regul\u00e4ren Krankenversicherung getragen werden. Um sich vor diesen unvorhergesehenen finanziellen Belastungen zu sch\u00fctzen, ist der Abschluss einer speziellen <a href=\"https:\/\/4beauty-website-stage.247grad.de\/en\/after-care-insurance\/\">Consequential Costs Insurance<\/a> vor dem Eingriff sehr zu empfehlen. Diese kann die Kosten f\u00fcr notwendige Behandlungen nach einer Komplikation abdecken.<\/li>\n<\/ul>\n\n\n\n<h2 class=\"wp-block-heading\" id=\"haufig-gestellte-fragen-zur-ohrenkorrektur\">H\u00e4ufig gestellte Fragen zur Ohrenkorrektur<\/h2>\n\n\n\n<div data-wp-context=\"{ &quot;autoclose&quot;: false, &quot;accordionItems&quot;: [] }\" data-wp-interactive=\"core\/accordion\" role=\"group\" class=\"wp-block-accordion is-layout-flow wp-block-accordion-is-layout-flow\">\n<div data-wp-class--is-open=\"state.isOpen\" data-wp-context=\"{ &quot;id&quot;: &quot;accordion-item-1&quot;, &quot;openByDefault&quot;: false }\" data-wp-init=\"callbacks.initAccordionItems\" data-wp-on-window--hashchange=\"callbacks.hashChange\" class=\"wp-block-accordion-item is-layout-flow wp-block-accordion-item-is-layout-flow\">\n<h3 class=\"wp-block-accordion-heading\"><button aria-expanded=\"false\" aria-controls=\"accordion-item-1-panel\" data-wp-bind--aria-expanded=\"state.isOpen\" data-wp-on--click=\"actions.toggle\" id=\"accordion-item-1\" type=\"button\" class=\"wp-block-accordion-heading__toggle\"><span class=\"wp-block-accordion-heading__toggle-title\">Is the procedure painful?<\/span><span class=\"wp-block-accordion-heading__toggle-icon\" aria-hidden=\"true\">+<\/span><\/button><\/h3>\n\n\n\n<div aria-labelledby=\"accordion-item-1\" data-wp-bind--hidden=\"state.isHidden\" data-wp-on--beforematch=\"actions.handleBeforeMatch\" id=\"accordion-item-1-panel\" role=\"region\" class=\"wp-block-accordion-panel is-layout-flow wp-block-accordion-panel-is-layout-flow\">\n<p class=\"wp-block-paragraph\">Dank \u00f6rtlicher Bet\u00e4ubung oder Vollnarkose ist die Operation am Ohr schmerzfrei. Leichte Wundschmerzen danach sind mit Schmerzmitteln gut kontrollierbar.<\/p>\n<\/div>\n<\/div>\n\n\n\n<div data-wp-class--is-open=\"state.isOpen\" data-wp-context=\"{ &quot;id&quot;: &quot;accordion-item-2&quot;, &quot;openByDefault&quot;: false }\" data-wp-init=\"callbacks.initAccordionItems\" data-wp-on-window--hashchange=\"callbacks.hashChange\" class=\"wp-block-accordion-item is-layout-flow wp-block-accordion-item-is-layout-flow\">\n<h3 class=\"wp-block-accordion-heading\"><button aria-expanded=\"false\" aria-controls=\"accordion-item-2-panel\" data-wp-bind--aria-expanded=\"state.isOpen\" data-wp-on--click=\"actions.toggle\" id=\"accordion-item-2\" type=\"button\" class=\"wp-block-accordion-heading__toggle\"><span class=\"wp-block-accordion-heading__toggle-title\">Wie lange h\u00e4lt das Ergebnis?<\/span><span class=\"wp-block-accordion-heading__toggle-icon\" aria-hidden=\"true\">+<\/span><\/button><\/h3>\n\n\n\n<div aria-labelledby=\"accordion-item-2\" data-wp-bind--hidden=\"state.isHidden\" data-wp-on--beforematch=\"actions.handleBeforeMatch\" id=\"accordion-item-2-panel\" role=\"region\" class=\"wp-block-accordion-panel is-layout-flow wp-block-accordion-panel-is-layout-flow\">\n<p class=\"wp-block-paragraph\">Das Ergebnis der Korrektur der Ohren ist in der Regel dauerhaft.<\/p>\n<\/div>\n<\/div>\n\n\n\n<div data-wp-class--is-open=\"state.isOpen\" data-wp-context=\"{ &quot;id&quot;: &quot;accordion-item-3&quot;, &quot;openByDefault&quot;: false }\" data-wp-init=\"callbacks.initAccordionItems\" data-wp-on-window--hashchange=\"callbacks.hashChange\" class=\"wp-block-accordion-item is-layout-flow wp-block-accordion-item-is-layout-flow\">\n<h3 class=\"wp-block-accordion-heading\"><button aria-expanded=\"false\" aria-controls=\"accordion-item-3-panel\" data-wp-bind--aria-expanded=\"state.isOpen\" data-wp-on--click=\"actions.toggle\" id=\"accordion-item-3\" type=\"button\" class=\"wp-block-accordion-heading__toggle\"><span class=\"wp-block-accordion-heading__toggle-title\">Sieht man Narben nach der Ohrenkorrektur?<\/span><span class=\"wp-block-accordion-heading__toggle-icon\" aria-hidden=\"true\">+<\/span><\/button><\/h3>\n\n\n\n<div aria-labelledby=\"accordion-item-3\" data-wp-bind--hidden=\"state.isHidden\" data-wp-on--beforematch=\"actions.handleBeforeMatch\" id=\"accordion-item-3-panel\" role=\"region\" class=\"wp-block-accordion-panel is-layout-flow wp-block-accordion-panel-is-layout-flow\">\n<p class=\"wp-block-paragraph\">Der Schnitt auf der R\u00fcckseite des Ohres oder in der Falte der Ohrmuschel f\u00fchrt meist zu unauff\u00e4lligen Narben.<\/p>\n<\/div>\n<\/div>\n\n\n\n<div data-wp-class--is-open=\"state.isOpen\" data-wp-context=\"{ &quot;id&quot;: &quot;accordion-item-4&quot;, &quot;openByDefault&quot;: false }\" data-wp-init=\"callbacks.initAccordionItems\" data-wp-on-window--hashchange=\"callbacks.hashChange\" class=\"wp-block-accordion-item is-layout-flow wp-block-accordion-item-is-layout-flow\">\n<h3 class=\"wp-block-accordion-heading\"><button aria-expanded=\"false\" aria-controls=\"accordion-item-4-panel\" data-wp-bind--aria-expanded=\"state.isOpen\" data-wp-on--click=\"actions.toggle\" id=\"accordion-item-4\" type=\"button\" class=\"wp-block-accordion-heading__toggle\"><span class=\"wp-block-accordion-heading__toggle-title\">Was, wenn Komplikationen auftreten?<\/span><span class=\"wp-block-accordion-heading__toggle-icon\" aria-hidden=\"true\">+<\/span><\/button><\/h3>\n\n\n\n<div aria-labelledby=\"accordion-item-4\" data-wp-bind--hidden=\"state.isHidden\" data-wp-on--beforematch=\"actions.handleBeforeMatch\" id=\"accordion-item-4-panel\" role=\"region\" class=\"wp-block-accordion-panel is-layout-flow wp-block-accordion-panel-is-layout-flow\">\n<p class=\"wp-block-paragraph\">Sprechen Sie Ihren Facharzt an. Eine Folgekostenversicherung kann finanzielle Sicherheit f\u00fcr notwendige Nachbehandlungen bieten. Es ist ratsam, vorab einen Termin zu vereinbaren, um alle Details zu kl\u00e4ren.<\/p>\n<\/div>\n<\/div>\n<\/div>","protected":false},"excerpt":{"rendered":"<p>Ear correction, medically known as otoplasty or otopexy, improves the shape, size or position of the outer ear \u2013 particularly in cases of protruding ears.<\/p>","protected":false},"template":"","class_list":["post-713","glossary","type-glossary","status-publish","hentry"],"acf":[],"_links":{"self":[{"href":"https:\/\/4beauty-website-stage.247grad.de\/en\/wp-json\/wp\/v2\/glossary\/713","targetHints":{"allow":["GET"]}}],"collection":[{"href":"https:\/\/4beauty-website-stage.247grad.de\/en\/wp-json\/wp\/v2\/glossary"}],"about":[{"href":"https:\/\/4beauty-website-stage.247grad.de\/en\/wp-json\/wp\/v2\/types\/glossary"}],"wp:attachment":[{"href":"https:\/\/4beauty-website-stage.247grad.de\/en\/wp-json\/wp\/v2\/media?parent=713"}],"curies":[{"name":"wp","href":"https:\/\/api.w.org\/{rel}","templated":true}]}}