{"id":570,"date":"2026-08-20T17:08:04","date_gmt":"2026-08-20T15:08:04","guid":{"rendered":"https:\/\/4beauty-website-stage.247grad.de\/?post_type=glossary&#038;p=570"},"modified":"2026-08-28T11:45:17","modified_gmt":"2026-08-28T09:45:17","slug":"ablation-ablativ","status":"publish","type":"glossary","link":"https:\/\/4beauty-website-stage.247grad.de\/tr\/glossar\/ablation-ablativ\/","title":{"rendered":"Ablasyon (ablatif)"},"content":{"rendered":"<p class=\"wp-block-paragraph\">In der modernen \u00e4sthetischen Dermatologie ist der Begriff <strong>Ablation<\/strong> von zentraler Bedeutung, um die Intensit\u00e4t und Wirkweise von Behandlungen zur Hauterneuerung zu verstehen. Er beschreibt ein kraftvolles medizinisches Prinzip, das bei bestimmten Verfahren, insbesondere bei Lasertherapien, zur Anwendung kommt.<\/p>\n\n\n\n<p class=\"wp-block-paragraph\">Dieser Artikel erkl\u00e4rt Ihnen pr\u00e4zise und verst\u00e4ndlich, was \u201eAblation\u201c im \u00e4sthetischen Kontext bedeutet, wie sich ablative von nicht-ablativen Verfahren unterscheiden und bei welchen Hautproblemen diese Methode zum Einsatz kommt.<\/p>\n\n\n\n<div class=\"wp-block-rank-math-toc-block\" id=\"rank-math-toc\"><h2>\u0130\u00e7indekiler<\/h2><nav><ul><li class=\"\"><a href=\"#was-bedeutet-ablation-eine-definition\">Was bedeutet Ablation? Eine Definition<\/a><\/li><li class=\"\"><a href=\"#das-entscheidende-prinzip-ablativ-vs-nicht-ablativ\">Das entscheidende Prinzip: Ablativ vs. nicht-ablativ<\/a><\/li><li class=\"\"><a href=\"#die-moderne-evolution-fraktionierte-ablation\">Die moderne Evolution: Fraktionierte Ablation<\/a><\/li><li class=\"\"><a href=\"#anwendungsgebiete-und-risiken\">Anwendungsgebiete und Risiken<\/a><\/li><li class=\"\"><a href=\"#haufig-gestellte-fragen-faq-zur-ablation\">H\u00e4ufig gestellte Fragen (FAQ) zur Ablation<\/a><\/li><\/ul><\/nav><\/div>\n\n\n\n<div class=\"wp-block-group is-style-boxed has-white-warm-background-color has-background is-layout-constrained wp-block-group-is-layout-constrained\">\n<p class=\"wp-block-paragraph\"><strong>\u00d6nemli uyar\u0131<\/strong><\/p>\n\n\n\n<p class=\"wp-block-paragraph\">Bu makale yaln\u0131zca bilgilendirme ama\u00e7l\u0131d\u0131r ve t\u0131bbi tan\u0131 veya tavsiyenin yerini almaz. Herhangi bir belirsizlik durumunda ve ki\u015fiye \u00f6zel bir tedavi plan\u0131 haz\u0131rlamak i\u00e7in, uzman bir hekimle g\u00f6r\u00fc\u015fmek \u015fartt\u0131r.<\/p>\n<\/div>\n\n\n\n<div class=\"wp-block-media-text is-stacked-on-mobile\"><figure class=\"wp-block-media-text__media\"><img loading=\"lazy\" decoding=\"async\" width=\"455\" height=\"455\" src=\"https:\/\/4beauty-website-stage.247grad.de\/wp-content\/uploads\/2026\/08\/2025-10_Ablation.jpg\" alt=\"Ablation\" class=\"wp-image-320 size-full\" srcset=\"https:\/\/4beauty-website-stage.247grad.de\/wp-content\/uploads\/2026\/08\/2025-10_Ablation.jpg 455w, https:\/\/4beauty-website-stage.247grad.de\/wp-content\/uploads\/2026\/08\/2025-10_Ablation-150x150.jpg 150w, https:\/\/4beauty-website-stage.247grad.de\/wp-content\/uploads\/2026\/08\/2025-10_Ablation-300x300.jpg 300w, https:\/\/4beauty-website-stage.247grad.de\/wp-content\/uploads\/2026\/08\/2025-10_Ablation-12x12.jpg 12w, https:\/\/4beauty-website-stage.247grad.de\/wp-content\/uploads\/2026\/08\/2025-10_Ablation-120x120.jpg 120w, https:\/\/4beauty-website-stage.247grad.de\/wp-content\/uploads\/2026\/08\/2025-10_Ablation-40x40.jpg 40w, https:\/\/4beauty-website-stage.247grad.de\/wp-content\/uploads\/2026\/08\/2025-10_Ablation-80x80.jpg 80w, https:\/\/4beauty-website-stage.247grad.de\/wp-content\/uploads\/2026\/08\/2025-10_Ablation-160x160.jpg 160w\" sizes=\"auto, (max-width: 455px) 100vw, 455px\" \/><\/figure><div class=\"wp-block-media-text__content\">\n<h2 class=\"wp-block-heading\" id=\"was-bedeutet-ablation-eine-definition\">Was bedeutet Ablation? Eine Definition<\/h2>\n\n<p class=\"wp-block-paragraph\">Bu terim <strong>Ablation<\/strong> (von lateinisch <em>ablatio<\/em> = Abtragung, Abl\u00f6sung) bezeichnet in der \u00e4sthetischen Medizin das gezielte, schichtweise Abtragen von Gewebe. Im dermatologischen Kontext ist damit die Entfernung der obersten Hautschicht (Epidermis) und \u2013 je nach Verfahren \u2013 auch von Anteilen der oberen Dermis gemeint. Das Ziel ist es, gesch\u00e4digte Hautareale zu entfernen und eine tiefgreifende Regeneration und Neubildung von gesunder, glatter Haut zu provozieren.<\/p>\n\n<div class=\"wp-block-buttons is-layout-flex wp-block-buttons-is-layout-flex\">\n<div class=\"wp-block-button\"><a class=\"wp-block-button__link wp-element-button\" href=\"https:\/\/4beauty-website-stage.247grad.de\/tr\/hizmet-bilgileri\/iletisim\/\">Ba\u011flay\u0131c\u0131 olmayan bir \u015fekilde ileti\u015fime ge\u00e7in<\/a><\/div>\n<\/div>\n<\/div><\/div>\n\n\n\n<h2 class=\"wp-block-heading\" id=\"das-entscheidende-prinzip-ablativ-vs-nicht-ablativ\">Das entscheidende Prinzip: Ablativ vs. nicht-ablativ<\/h2>\n\n\n\n<p class=\"wp-block-paragraph\">Die moderne \u00e4sthetische Hautbehandlung l\u00e4sst sich in zwei grundlegende Kategorien einteilen. Das Verst\u00e4ndnis dieses Unterschieds ist der Schl\u00fcssel zur Wahl der richtigen Behandlung.<\/p>\n\n\n\n<p class=\"wp-block-paragraph\"><strong>Ablative Verfahren:<\/strong> Diese Methoden arbeiten von \u201eau\u00dfen nach innen\u201c. Sie tragen die Hautoberfl\u00e4che physisch ab, um in die Tiefe zu gelangen. Dies f\u00fchrt zu einer offenen Wundfl\u00e4che, die Zeit zum Heilen ben\u00f6tigt, aber auch zu den st\u00e4rksten und sichtbarsten Ergebnissen bei der Hauterneuerung f\u00fchrt.<\/p>\n\n\n\n<p class=\"wp-block-paragraph\"><strong>Nicht-ablative Verfahren:<\/strong> Nicht-ablative Verfahren lassen die Hautoberfl\u00e4che intakt und erzeugen ihre Wirkung \u00fcberwiegend in der Dermis (z.B. gezielte Erw\u00e4rmung), um dort die Kollagenneubildung anzuregen. Die Ergebnisse sind subtiler und die Ausfallzeit ist minimal.<\/p>\n\n\n\n<figure class=\"wp-block-table\"><table class=\"has-fixed-layout\"><thead><tr><th>Kriter<\/th><th>Ablative Verfahren<\/th><th>Nicht-ablative Verfahren<\/th><\/tr><\/thead><tbody><tr><td>Etki mekanizmas\u0131<\/td><td>Abtragung der Hautoberfl\u00e4che (Epidermis)<\/td><td>Erw\u00e4rmung der Tiefe (Dermis)<\/td><\/tr><tr><td>Hautoberfl\u00e4che<\/td><td>Wird gezielt verletzt und muss neu heilen<\/td><td>Bleibt intakt<\/td><\/tr><tr><td>Ergebnisse<\/td><td>Stark und deutlich sichtbar; massive Verbesserung der Textur<\/td><td>Subtil und schrittweise; prim\u00e4r Straffung<\/td><\/tr><tr><td>Ar\u0131za s\u00fcresi<\/td><td>Signifikant (7\u201314 Tage mit R\u00f6tung, Krusten)<\/td><td>Minimal bis keine (leichte R\u00f6tung)<\/td><\/tr><tr><td>Anwendungsgebiete<\/td><td>Tiefe Falten, starke Sonnensch\u00e4den, Aknenarben<\/td><td>Leichte Hauterschlaffung, feine F\u00e4ltchen, Pr\u00e4vention<\/td><\/tr><tr><td>Beispiele<\/td><td>CO\u2082-Laser, Erbium:YAG-Laser, hochkonzentriertes TCA-Peeling<\/td><td>Radiofrequenz, Ultraschall, viele IPL-Systeme<\/td><\/tr><\/tbody><\/table><\/figure>\n\n\n\n<div class=\"wp-block-media-text is-stacked-on-mobile\"><figure class=\"wp-block-media-text__media\"><img loading=\"lazy\" decoding=\"async\" width=\"550\" height=\"550\" src=\"https:\/\/4beauty-website-stage.247grad.de\/wp-content\/uploads\/2026\/08\/2025-10_Ablation_Schaubild_am_PC.jpg\" alt=\"Ablation: Schaubild am PC\" class=\"wp-image-321 size-full\" srcset=\"https:\/\/4beauty-website-stage.247grad.de\/wp-content\/uploads\/2026\/08\/2025-10_Ablation_Schaubild_am_PC.jpg 550w, https:\/\/4beauty-website-stage.247grad.de\/wp-content\/uploads\/2026\/08\/2025-10_Ablation_Schaubild_am_PC-150x150.jpg 150w, https:\/\/4beauty-website-stage.247grad.de\/wp-content\/uploads\/2026\/08\/2025-10_Ablation_Schaubild_am_PC-300x300.jpg 300w, https:\/\/4beauty-website-stage.247grad.de\/wp-content\/uploads\/2026\/08\/2025-10_Ablation_Schaubild_am_PC-12x12.jpg 12w, https:\/\/4beauty-website-stage.247grad.de\/wp-content\/uploads\/2026\/08\/2025-10_Ablation_Schaubild_am_PC-120x120.jpg 120w, https:\/\/4beauty-website-stage.247grad.de\/wp-content\/uploads\/2026\/08\/2025-10_Ablation_Schaubild_am_PC-40x40.jpg 40w, https:\/\/4beauty-website-stage.247grad.de\/wp-content\/uploads\/2026\/08\/2025-10_Ablation_Schaubild_am_PC-80x80.jpg 80w, https:\/\/4beauty-website-stage.247grad.de\/wp-content\/uploads\/2026\/08\/2025-10_Ablation_Schaubild_am_PC-160x160.jpg 160w, https:\/\/4beauty-website-stage.247grad.de\/wp-content\/uploads\/2026\/08\/2025-10_Ablation_Schaubild_am_PC-500x500.jpg 500w\" sizes=\"auto, (max-width: 550px) 100vw, 550px\" \/><\/figure><div class=\"wp-block-media-text__content\">\n<h2 class=\"wp-block-heading\" id=\"die-moderne-evolution-fraktionierte-ablation\">Die moderne Evolution: Fraktionierte Ablation<\/h2>\n\n<p class=\"wp-block-paragraph\">Fr\u00fcher bedeutete eine ablative Laserbehandlung die komplette Abtragung der Haut auf der gesamten Behandlungsfl\u00e4che. Dies war mit sehr langen Heilungszeiten und hohen Risiken verbunden.<\/p>\n\n<p class=\"wp-block-paragraph\">Die moderne Standardtechnologie ist heute die <strong>fraktionierte Ablation<\/strong>. Hierbei schie\u00dft der Laser Tausende von mikroskopisch feinen Kan\u00e4len in die Haut, l\u00e4sst aber dazwischen kleine \u201eBr\u00fccken\u201c aus unbehandelter, gesunder Haut stehen. Von diesen Br\u00fccken aus erfolgt die Wundheilung viel schneller und sicherer. Dieses Prinzip erm\u00f6glicht die hohe Effektivit\u00e4t einer ablativen Behandlung bei gleichzeitig deutlich reduzierter Ausfallzeit und geringeren Risiken.<\/p>\n\n<div class=\"wp-block-buttons is-layout-flex wp-block-buttons-is-layout-flex\">\n<div class=\"wp-block-button\"><a class=\"wp-block-button__link wp-element-button\" href=\"https:\/\/4beauty-website-stage.247grad.de\/tr\/hizmet-bilgileri\/iletisim\/\">Ba\u011flay\u0131c\u0131 olmayan bir \u015fekilde ileti\u015fime ge\u00e7in<\/a><\/div>\n<\/div>\n<\/div><\/div>\n\n\n\n<div class=\"wp-block-group is-style-boxed has-anchor-light-background-color has-background is-layout-constrained wp-block-group-is-layout-constrained\">\n<h2 class=\"wp-block-heading\" id=\"anwendungsgebiete-und-risiken\">Anwendungsgebiete und Risiken<\/h2>\n\n<p class=\"wp-block-paragraph\">Ablative Verfahren sind die Methode der Wahl f\u00fcr fortgeschrittene Hautprobleme:<\/p>\n\n<p class=\"wp-block-paragraph\"><strong>Typische Indikationen:<\/strong> Tiefe Falten (z.B. um den Mund), ausgepr\u00e4gte Aknenarben, starke Sonnensch\u00e4den, schlaffe Haut, manche Formen der <a href=\"https:\/\/4beauty-website-stage.247grad.de\/tr\/soezluek\/narbenbehandlung\/\">Yara izi tedavisi<\/a>.<\/p>\n\n<p class=\"wp-block-paragraph\"><strong>Risiken:<\/strong> Aufgrund der Intensit\u00e4t sind die Risiken h\u00f6her als bei sanfteren Methoden. Dazu geh\u00f6ren:<\/p>\n\n<ul class=\"wp-block-list\">\n<li>langanhaltende R\u00f6tungen<\/li>\n\n\n\n<li>Enfeksiyonlar<\/li>\n\n\n\n<li>Narbenbildung und<\/li>\n\n\n\n<li>Pigmentver\u00e4nderungen (helle oder dunkle Flecken), insbesondere bei unsachgem\u00e4\u00dfer Anwendung oder unzureichendem Sonnenschutz nach der Behandlung.<\/li>\n<\/ul>\n\n<p class=\"wp-block-paragraph\">Die Komplexit\u00e4t und die Risiken machen deutlich, warum ablative Behandlungen ausschlie\u00dflich von erfahrenen \u00c4rzten durchgef\u00fchrt werden d\u00fcrfen. Eine <a href=\"https:\/\/4beauty-website-stage.247grad.de\/tr\/sonraki-masraf-sigortasi\/\"><strong>Sonras\u0131 Maliyet Sigortas\u0131<\/strong><\/a> bietet finanzielle Sicherheit, falls nach dem Eingriff Komplikationen auftreten, die eine aufwendige medizinische Nachbehandlung erfordern.<\/p>\n<\/div>\n\n\n\n<h2 class=\"wp-block-heading\" id=\"haufig-gestellte-fragen-faq-zur-ablation\">H\u00e4ufig gestellte Fragen (FAQ) zur Ablation<\/h2>\n\n\n\n<div data-wp-context=\"{ &quot;autoclose&quot;: false, &quot;accordionItems&quot;: [] }\" data-wp-interactive=\"core\/accordion\" role=\"group\" class=\"wp-block-accordion is-layout-flow wp-block-accordion-is-layout-flow\">\n<div data-wp-class--is-open=\"state.isOpen\" data-wp-context=\"{ &quot;id&quot;: &quot;accordion-item-1&quot;, &quot;openByDefault&quot;: false }\" data-wp-init=\"callbacks.initAccordionItems\" data-wp-on-window--hashchange=\"callbacks.hashChange\" class=\"wp-block-accordion-item is-layout-flow wp-block-accordion-item-is-layout-flow\">\n<h3 class=\"wp-block-accordion-heading\"><button aria-expanded=\"false\" aria-controls=\"accordion-item-1-panel\" data-wp-bind--aria-expanded=\"state.isOpen\" data-wp-on--click=\"actions.toggle\" id=\"accordion-item-1\" type=\"button\" class=\"wp-block-accordion-heading__toggle\"><span class=\"wp-block-accordion-heading__toggle-title\">Was ist der st\u00e4rkste ablative Laser?<\/span><span class=\"wp-block-accordion-heading__toggle-icon\" aria-hidden=\"true\">+<\/span><\/button><\/h3>\n\n\n\n<div aria-labelledby=\"accordion-item-1\" data-wp-bind--hidden=\"state.isHidden\" data-wp-on--beforematch=\"actions.handleBeforeMatch\" id=\"accordion-item-1-panel\" role=\"region\" class=\"wp-block-accordion-panel is-layout-flow wp-block-accordion-panel-is-layout-flow\">\n<p class=\"wp-block-paragraph\">Der CO\u2082-Laser gilt als der am tiefsten eindringende und intensivste ablative Laser in der \u00e4sthetischen Dermatologie, der zu den eindrucksvollsten Ergebnissen, aber auch zur l\u00e4ngsten Heilungszeit f\u00fchrt. Der Erbium:YAG-Laser ist ebenfalls ablativ, aber etwas sanfter mit k\u00fcrzerer Ausfallzeit.<\/p>\n<\/div>\n<\/div>\n\n\n\n<div data-wp-class--is-open=\"state.isOpen\" data-wp-context=\"{ &quot;id&quot;: &quot;accordion-item-2&quot;, &quot;openByDefault&quot;: false }\" data-wp-init=\"callbacks.initAccordionItems\" data-wp-on-window--hashchange=\"callbacks.hashChange\" class=\"wp-block-accordion-item is-layout-flow wp-block-accordion-item-is-layout-flow\">\n<h3 class=\"wp-block-accordion-heading\"><button aria-expanded=\"false\" aria-controls=\"accordion-item-2-panel\" data-wp-bind--aria-expanded=\"state.isOpen\" data-wp-on--click=\"actions.toggle\" id=\"accordion-item-2\" type=\"button\" class=\"wp-block-accordion-heading__toggle\"><span class=\"wp-block-accordion-heading__toggle-title\">Ist eine ablative Behandlung schmerzhaft?<\/span><span class=\"wp-block-accordion-heading__toggle-icon\" aria-hidden=\"true\">+<\/span><\/button><\/h3>\n\n\n\n<div aria-labelledby=\"accordion-item-2\" data-wp-bind--hidden=\"state.isHidden\" data-wp-on--beforematch=\"actions.handleBeforeMatch\" id=\"accordion-item-2-panel\" role=\"region\" class=\"wp-block-accordion-panel is-layout-flow wp-block-accordion-panel-is-layout-flow\">\n<p class=\"wp-block-paragraph\">Ja. Eine ablative Laserbehandlung erfordert eine effektive Schmerzausschaltung, z.B. durch eine starke Bet\u00e4ubungscreme, eine lokale An\u00e4sthesie oder einen D\u00e4mmerschlaf.<\/p>\n<\/div>\n<\/div>\n\n\n\n<div data-wp-class--is-open=\"state.isOpen\" data-wp-context=\"{ &quot;id&quot;: &quot;accordion-item-3&quot;, &quot;openByDefault&quot;: false }\" data-wp-init=\"callbacks.initAccordionItems\" data-wp-on-window--hashchange=\"callbacks.hashChange\" class=\"wp-block-accordion-item is-layout-flow wp-block-accordion-item-is-layout-flow\">\n<h3 class=\"wp-block-accordion-heading\"><button aria-expanded=\"false\" aria-controls=\"accordion-item-3-panel\" data-wp-bind--aria-expanded=\"state.isOpen\" data-wp-on--click=\"actions.toggle\" id=\"accordion-item-3\" type=\"button\" class=\"wp-block-accordion-heading__toggle\"><span class=\"wp-block-accordion-heading__toggle-title\">Wie sehe ich nach der Behandlung aus?<\/span><span class=\"wp-block-accordion-heading__toggle-icon\" aria-hidden=\"true\">+<\/span><\/button><\/h3>\n\n\n\n<div aria-labelledby=\"accordion-item-3\" data-wp-bind--hidden=\"state.isHidden\" data-wp-on--beforematch=\"actions.handleBeforeMatch\" id=\"accordion-item-3-panel\" role=\"region\" class=\"wp-block-accordion-panel is-layout-flow wp-block-accordion-panel-is-layout-flow\">\n<p class=\"wp-block-paragraph\">Unmittelbar nach der Behandlung ist die Haut rot, geschwollen und n\u00e4sst. In den folgenden Tagen bilden sich Krusten, die sich nach etwa 7-10 Tagen abl\u00f6sen. Darunter kommt eine neue, rosige Haut zum Vorschein.<\/p>\n<\/div>\n<\/div>\n\n\n\n<div data-wp-class--is-open=\"state.isOpen\" data-wp-context=\"{ &quot;id&quot;: &quot;accordion-item-4&quot;, &quot;openByDefault&quot;: false }\" data-wp-init=\"callbacks.initAccordionItems\" data-wp-on-window--hashchange=\"callbacks.hashChange\" class=\"wp-block-accordion-item is-layout-flow wp-block-accordion-item-is-layout-flow\">\n<h3 class=\"wp-block-accordion-heading\"><button aria-expanded=\"false\" aria-controls=\"accordion-item-4-panel\" data-wp-bind--aria-expanded=\"state.isOpen\" data-wp-on--click=\"actions.toggle\" id=\"accordion-item-4\" type=\"button\" class=\"wp-block-accordion-heading__toggle\"><span class=\"wp-block-accordion-heading__toggle-title\">Was ist nach einer ablativen Behandlung am wichtigsten?<\/span><span class=\"wp-block-accordion-heading__toggle-icon\" aria-hidden=\"true\">+<\/span><\/button><\/h3>\n\n\n\n<div aria-labelledby=\"accordion-item-4\" data-wp-bind--hidden=\"state.isHidden\" data-wp-on--beforematch=\"actions.handleBeforeMatch\" id=\"accordion-item-4-panel\" role=\"region\" class=\"wp-block-accordion-panel is-layout-flow wp-block-accordion-panel-is-layout-flow\">\n<p class=\"wp-block-paragraph\">Der absolut wichtigste Faktor f\u00fcr eine komplikationsfreie Heilung und ein gutes Ergebnis ist ein <strong>penibler, konsequenter Sonnenschutz (LSF 50+) f\u00fcr mindestens 3 bis 6 Monate<\/strong>, um Pigmentverschiebungen zu verhindern.<\/p>\n<\/div>\n<\/div>\n<\/div>","protected":false},"excerpt":{"rendered":"<p>Ablation bezeichnet in der \u00e4sthetischen Dermatologie ein Wirkprinzip zur Hauterneuerung, das vor allem bei Lasertherapien zur Anwendung kommt.<\/p>","protected":false},"template":"","class_list":["post-570","glossary","type-glossary","status-publish","hentry"],"acf":[],"_links":{"self":[{"href":"https:\/\/4beauty-website-stage.247grad.de\/tr\/wp-json\/wp\/v2\/glossary\/570","targetHints":{"allow":["GET"]}}],"collection":[{"href":"https:\/\/4beauty-website-stage.247grad.de\/tr\/wp-json\/wp\/v2\/glossary"}],"about":[{"href":"https:\/\/4beauty-website-stage.247grad.de\/tr\/wp-json\/wp\/v2\/types\/glossary"}],"wp:attachment":[{"href":"https:\/\/4beauty-website-stage.247grad.de\/tr\/wp-json\/wp\/v2\/media?parent=570"}],"curies":[{"name":"wp","href":"https:\/\/api.w.org\/{rel}","templated":true}]}}