{"id":581,"date":"2026-08-20T17:08:11","date_gmt":"2026-08-20T15:08:11","guid":{"rendered":"https:\/\/4beauty-website-stage.247grad.de\/?post_type=glossary&#038;p=581"},"modified":"2026-08-28T11:45:21","modified_gmt":"2026-08-28T09:45:21","slug":"aquafacial","status":"publish","type":"glossary","link":"https:\/\/4beauty-website-stage.247grad.de\/tr\/glossar\/aquafacial\/","title":{"rendered":"Aquafacial"},"content":{"rendered":"<p class=\"wp-block-paragraph\">Temiz, \u0131\u015f\u0131lt\u0131l\u0131 ve p\u00fcr\u00fczs\u00fcz bir cilde sahip olma arzusu, bir\u00e7ok ki\u015fi i\u00e7in en \u00f6nemli \u00f6nceliklerden biridir. Sosyal medyan\u0131n hakim oldu\u011fu ve sa\u011fl\u0131kl\u0131 bir \u201e\u0131\u015f\u0131lt\u0131\u201c aray\u0131\u015f\u0131n\u0131n yayg\u0131nla\u015ft\u0131\u011f\u0131 g\u00fcn\u00fcm\u00fczde, cildi y\u0131pratmayan, non-invaziv tedaviler giderek daha fazla ilgi g\u00f6rmektedir. Bu alandaki en pop\u00fcler ve etkili y\u00f6ntemlerden biri de Aquafacial\u2019d\u0131r.<\/p>\n\n\n\n<p class=\"wp-block-paragraph\">S\u00f6zl\u00fck yaz\u0131m\u0131zda, bu modern cilt temizleme ve bak\u0131m y\u00f6ntemi hakk\u0131nda bilmeniz gereken her \u015feyi a\u00e7\u0131kl\u0131yoruz: nas\u0131l \u00e7al\u0131\u015ft\u0131\u011f\u0131ndan avantajlar\u0131na ve g\u00fcvenli ve ba\u015far\u0131l\u0131 bir tedavi i\u00e7in dikkat etmeniz gereken \u00f6nemli hususlara kadar.<\/p>\n\n\n\n<div class=\"wp-block-rank-math-toc-block\" id=\"rank-math-toc\"><h2>\u0130\u00e7indekiler<\/h2><nav><ul><li class=\"\"><a href=\"#definition-was-ist-ein-aquafacial\">Tan\u0131m: Aquafacial nedir?<\/a><\/li><li class=\"\"><a href=\"#wie-funktioniert-die-aquafacial-behandlung-der-ablauf-in-4-phasen\">Aquafacial tedavisi nas\u0131l i\u015fliyor? 4 a\u015famal\u0131 s\u00fcre\u00e7<\/a><\/li><li class=\"\"><a href=\"#die-wichtigsten-vorteile-und-effekte-fur-die-haut\">Cilt i\u00e7in en \u00f6nemli faydalar ve etkileri<\/a><\/li><li class=\"\"><a href=\"#fur-wen-ist-ein-aqua-facial-geeignet-hauttypen-anwendungsgebiete\">Aqua Facial kimler i\u00e7in uygundur? Cilt tipleri ve uygulama alanlar\u0131<\/a><\/li><li class=\"\"><a href=\"#aquafacial-vs-hydrafacial-was-ist-der-unterschied\">Aquafacial ve HydraFacial\u00ae: Aralar\u0131ndaki fark nedir?<\/a><\/li><li class=\"\"><a href=\"#aquafacial-im-vergleich-abgrenzung-zur-mikrodermabrasion\">Aquafacial kar\u015f\u0131la\u015ft\u0131rmas\u0131: Mikrodermabrazyondan fark\u0131<\/a><\/li><li class=\"\"><a href=\"#risiken-und-mogliche-nebenwirkungen\">Riskler ve olas\u0131 yan etkiler<\/a><\/li><li class=\"\"><a href=\"#wichtige-sicherheitshinweise\">\u00d6nemli g\u00fcvenlik uyar\u0131lar\u0131<\/a><\/li><li class=\"\"><a href=\"#worauf-bei-der-anbieterwahl-achten-tipps-fur-eine-sichere-behandlung\">Tedavi sa\u011flay\u0131c\u0131s\u0131n\u0131 se\u00e7erken nelere dikkat edilmeli? G\u00fcvenli bir tedavi i\u00e7in ipu\u00e7lar\u0131<\/a><\/li><li class=\"\"><a href=\"#haufig-gestellte-fragen-faq-zum-aquafacial\">Aquafacial ile ilgili s\u0131k sorulan sorular (SSS)<\/a><\/li><\/ul><\/nav><\/div>\n\n\n\n<div class=\"wp-block-group is-style-boxed has-white-warm-background-color has-background is-layout-constrained wp-block-group-is-layout-constrained\">\n<p class=\"wp-block-paragraph\"><strong>\u00d6nemli uyar\u0131<\/strong><\/p>\n\n\n\n<p class=\"wp-block-paragraph\">Bu makale yaln\u0131zca bilgilendirme ama\u00e7l\u0131d\u0131r ve t\u0131bbi tan\u0131 veya tavsiyenin yerini almaz. Herhangi bir belirsizlik durumunda ve ki\u015fiye \u00f6zel bir tedavi plan\u0131 haz\u0131rlamak i\u00e7in, uzman bir hekimle g\u00f6r\u00fc\u015fmek \u015fartt\u0131r.<\/p>\n<\/div>\n\n\n\n<div class=\"wp-block-media-text is-stacked-on-mobile\"><figure class=\"wp-block-media-text__media\"><img loading=\"lazy\" decoding=\"async\" width=\"1024\" height=\"1024\" src=\"https:\/\/4beauty-website-stage.247grad.de\/wp-content\/uploads\/2026\/08\/2026-01_aquafacial.png\" alt=\"Aquafacial\" class=\"wp-image-382 size-full\" srcset=\"https:\/\/4beauty-website-stage.247grad.de\/wp-content\/uploads\/2026\/08\/2026-01_aquafacial.png 1024w, https:\/\/4beauty-website-stage.247grad.de\/wp-content\/uploads\/2026\/08\/2026-01_aquafacial-150x150.png 150w, https:\/\/4beauty-website-stage.247grad.de\/wp-content\/uploads\/2026\/08\/2026-01_aquafacial-300x300.png 300w, https:\/\/4beauty-website-stage.247grad.de\/wp-content\/uploads\/2026\/08\/2026-01_aquafacial-768x768.png 768w, https:\/\/4beauty-website-stage.247grad.de\/wp-content\/uploads\/2026\/08\/2026-01_aquafacial-12x12.png 12w, https:\/\/4beauty-website-stage.247grad.de\/wp-content\/uploads\/2026\/08\/2026-01_aquafacial-120x120.png 120w, https:\/\/4beauty-website-stage.247grad.de\/wp-content\/uploads\/2026\/08\/2026-01_aquafacial-40x40.png 40w, https:\/\/4beauty-website-stage.247grad.de\/wp-content\/uploads\/2026\/08\/2026-01_aquafacial-80x80.png 80w, https:\/\/4beauty-website-stage.247grad.de\/wp-content\/uploads\/2026\/08\/2026-01_aquafacial-160x160.png 160w, https:\/\/4beauty-website-stage.247grad.de\/wp-content\/uploads\/2026\/08\/2026-01_aquafacial-500x500.png 500w, https:\/\/4beauty-website-stage.247grad.de\/wp-content\/uploads\/2026\/08\/2026-01_aquafacial-1000x1000.png 1000w\" sizes=\"auto, (max-width: 1024px) 100vw, 1024px\" \/><\/figure><div class=\"wp-block-media-text__content\">\n<h2 class=\"wp-block-heading\" id=\"definition-was-ist-ein-aquafacial\">Tan\u0131m: Aquafacial nedir?<\/h2>\n\n<p class=\"wp-block-paragraph\">Bir <strong>Aquafacial<\/strong>, Hydradermabrasion olarak da bilinen bu y\u00f6ntem, derinlemesine temizlik, meyve asidi peelingi, g\u00f6zenek temizli\u011fi ve besin a\u00e7\u0131s\u0131ndan zengin serumlarla cildin nemlendirilmesi gibi \u00e7e\u015fitli cilt bak\u0131m\u0131 a\u015famalar\u0131n\u0131 tek bir i\u015flemde birle\u015ftiren, non-invaziv ve yo\u011fun bir y\u00fcz bak\u0131m tedavisidir.<\/p>\n\n<p class=\"wp-block-paragraph\">\u00d6zel bir cihaz ve vakum ba\u015fl\u0131\u011f\u0131 yard\u0131m\u0131yla ciltteki kirler nazik\u00e7e temizlenir ve ayn\u0131 zamanda nem ile hyaluronik asit ve antioksidanlar gibi aktif maddelerle beslenir.<\/p>\n\n<div class=\"wp-block-buttons is-layout-flex wp-block-buttons-is-layout-flex\">\n<div class=\"wp-block-button\"><a class=\"wp-block-button__link wp-element-button\" href=\"https:\/\/4beauty-website-stage.247grad.de\/tr\/hizmet-bilgileri\/iletisim\/\">Ba\u011flay\u0131c\u0131 olmayan bir \u015fekilde ileti\u015fime ge\u00e7in<\/a><\/div>\n<\/div>\n<\/div><\/div>\n\n\n\n<div class=\"wp-block-group is-style-boxed has-anchor-light-background-color has-background is-layout-constrained wp-block-group-is-layout-constrained\">\n<h2 class=\"wp-block-heading\" id=\"wie-funktioniert-die-aquafacial-behandlung-der-ablauf-in-4-phasen\">Aquafacial tedavisi nas\u0131l i\u015fliyor? 4 a\u015famal\u0131 s\u00fcre\u00e7<\/h2>\n\n<p class=\"wp-block-paragraph\">Tedavinin temelini, \u00e7e\u015fitli ba\u015fl\u0131klar ve sol\u00fcsyonlarla \u00e7al\u0131\u015fan bir cihaz olu\u015fturur. Bu i\u015flem hastalar i\u00e7in genellikle a\u011fr\u0131s\u0131zd\u0131r ve \u00e7o\u011fu zaman rahatlat\u0131c\u0131 olarak alg\u0131lan\u0131r.<\/p>\n<\/div>\n\n\n\n<ol class=\"wp-block-list is-style-step-list\">\n<li><strong>1. A\u015fama: Cilt Temizli\u011fi ve Peeling<\/strong> \u0130lk olarak cilt y\u00fczeyi nazik\u00e7e temizlenir. \u00d6l\u00fc cilt h\u00fccreleri hafif bir \u00e7\u00f6zeltiyle yumu\u015fat\u0131l\u0131r ve giderilir. Kullan\u0131lan cihaza ve cilt durumuna ba\u011fl\u0131 olarak, hafif AHA ve\/veya BHA i\u00e7eren sol\u00fcsyonlar kullan\u0131l\u0131r; bile\u015fim ve konsantrasyon, tedarik\u00e7iye g\u00f6re de\u011fi\u015fiklik g\u00f6sterir. Bu i\u015flem, daha taze ve sa\u011fl\u0131kl\u0131 g\u00f6r\u00fcnen bir cilt tabakas\u0131n\u0131 ortaya \u00e7\u0131kar\u0131r.<\/li>\n\n\n\n<li><strong>2. A\u015fama: Nazik asit peelingi<\/strong> Ard\u0131ndan hafif bir kimyasal peeling uygulan\u0131r. Bu \u00e7\u00f6zelti, g\u00f6zeneklerdeki birikintileri yumu\u015fatmaya yard\u0131mc\u0131 olur ve cildi a\u015f\u0131r\u0131 tahri\u015f etmeden derinlemesine temizli\u011fe en iyi \u015fekilde haz\u0131rlar.<\/li>\n\n\n\n<li><strong>3. A\u015fama: Derinlemesine Temizleme<\/strong> Bu a\u015famada vakum teknolojisi kullan\u0131l\u0131r. \u00d6zel bir spiral \u015fekilli ba\u015fl\u0131k yard\u0131m\u0131yla, yumu\u015fat\u0131lm\u0131\u015f kirler, sebum birikintileri ve siyah noktalar g\u00f6zeneklerden a\u011fr\u0131s\u0131z bir \u015fekilde \u201eemilir\u201c.<\/li>\n\n\n\n<li><strong>4. A\u015fama: Nemlendirme ve Besin Sa\u011flama (Dermalinfusion)<\/strong> Son olarak, art\u0131k temizlenmi\u015f ve emicili\u011fi olduk\u00e7a y\u00fcksek olan cilde son derece etkili, nemlendirici serumlar uygulan\u0131r. Genellikle bu serumlar, cildi yo\u011fun bir \u015fekilde besleyen, koruyan ve an\u0131nda bir \u201eparlakl\u0131k\u201c etkisi kazand\u0131ran hyaluronik asit, vitaminler ve antioksidanlar i\u00e7erir.<\/li>\n<\/ol>\n\n\n\n<h2 class=\"wp-block-heading\" id=\"die-wichtigsten-vorteile-und-effekte-fur-die-haut\">Cilt i\u00e7in en \u00f6nemli faydalar ve etkileri<\/h2>\n\n\n\n<p class=\"wp-block-paragraph\">Profesyonel bir \u015fekilde uyguland\u0131\u011f\u0131nda, Aqua Facial cilt g\u00f6r\u00fcn\u00fcm\u00fcn\u00fc g\u00f6zle g\u00f6r\u00fcl\u00fcr \u015fekilde iyile\u015ftirebilir.<\/p>\n\n\n\n<div class=\"wp-block-group is-layout-grid wp-container-core-group-is-layout-bb0cbca6 wp-block-group-is-layout-grid\">\n<div class=\"wp-block-group is-style-boxed has-anchor-light-background-color has-background is-layout-constrained wp-block-group-is-layout-constrained\">\n<h3 class=\"wp-block-heading\" id=\"vorteile-pro\">Avantajlar (Art\u0131lar)<\/h3>\n\n<ul class=\"wp-block-list\">\n<li><strong>Hemen g\u00f6r\u00fclebilen sonu\u00e7lar:<\/strong> Tedaviden hemen sonra cilt daha taze, daha parlak ve daha p\u00fcr\u00fczs\u00fcz g\u00f6r\u00fcn\u00fcr.<\/li>\n\n\n\n<li><strong>Yo\u011fun nemlendirme:<\/strong> Hyaluronik asit sa\u011flad\u0131\u011f\u0131 i\u00e7in kuru ve nem kayb\u0131na u\u011fram\u0131\u015f ciltler i\u00e7in idealdir.<\/li>\n\n\n\n<li><strong>G\u00f6zenek derinli\u011finde temizlik:<\/strong> Siyah noktalar\u0131n ve sebum birikintilerinin etkili bir \u015fekilde giderilmesi.<\/li>\n\n\n\n<li><strong>Bir\u00e7ok cilt tipine uygundur:<\/strong> Tedavinin yo\u011funlu\u011fu ve kullan\u0131lan serumlar ki\u015fiye g\u00f6re ayarlanabilir.<\/li>\n\n\n\n<li><strong>Kesinti yok:<\/strong> Normalde kayda de\u011fer bir k\u0131zar\u0131kl\u0131k g\u00f6r\u00fclmez, bu sayede hemen sosyal hayata d\u00f6nebilirsiniz.<\/li>\n\n\n\n<li><strong>A\u011fr\u0131s\u0131z tedavi:<\/strong> Vakum y\u00f6ntemi, elle temizlemeye k\u0131yasla \u00e7ok daha naziktir.<\/li>\n<\/ul>\n<\/div>\n\n<div class=\"wp-block-group is-style-boxed has-apricot-light-background-color has-background is-layout-constrained wp-block-group-is-layout-constrained\">\n<h3 class=\"wp-block-heading\" id=\"mogliche-nachteile-contra\">Olas\u0131 dezavantajlar (eksileri)<\/h3>\n\n<ul class=\"wp-block-list\">\n<li><strong>Ge\u00e7ici sonu\u00e7lar:<\/strong> Uzun s\u00fcreli bir sonu\u00e7 elde etmek i\u00e7in d\u00fczenli tedaviler gereklidir.<\/li>\n\n\n\n<li><strong>Maliyet:<\/strong> Bu tedavi, geleneksel bir kozmetik tedaviden daha maliyetlidir.<\/li>\n\n\n\n<li><strong>Herkes i\u00e7in uygun de\u011fildir:<\/strong> Akut cilt hastal\u0131klar\u0131 veya belirli alerjiler s\u00f6z konusu oldu\u011funda bu tedaviden ka\u00e7\u0131n\u0131lmas\u0131 tavsiye edilir.<\/li>\n\n\n\n<li><strong>Olas\u0131 riskler:<\/strong> Tedavi, iyi tolere edildi\u011fi kabul edilmektedir; ancak t\u00fcm cihazla yap\u0131lan i\u015flemlerde oldu\u011fu gibi, yan etkiler g\u00f6r\u00fclebilir.<\/li>\n<\/ul>\n<\/div>\n<\/div>\n\n\n\n<div class=\"wp-block-group is-style-boxed has-anchor-light-background-color has-background is-layout-constrained wp-block-group-is-layout-constrained\">\n<h2 class=\"wp-block-heading\" id=\"fur-wen-ist-ein-aqua-facial-geeignet-hauttypen-anwendungsgebiete\">Aqua Facial kimler i\u00e7in uygundur? Cilt tipleri ve uygulama alanlar\u0131<\/h2>\n\n<p class=\"wp-block-paragraph\">Aqua Facial \u00e7ok y\u00f6nl\u00fc bir uygulamad\u0131r ve prensip olarak \u00e7o\u011fu cilt tipine uygundur. \u00d6zellikle \u015fu durumlarda \u00e7ok iyi sonu\u00e7lar elde edilir:<\/p>\n\n<ul class=\"wp-block-list\">\n<li>Soluk, yorgun ve stresli ciltler<\/li>\n\n\n\n<li>Kuru, nemi az olan ciltler<\/li>\n\n\n\n<li>T\u0131kanm\u0131\u015f veya geni\u015flemi\u015f g\u00f6zenekler<\/li>\n\n\n\n<li>Hafif akne ve kirli cilt (\u015fiddetli iltihapl\u0131 akne hari\u00e7)<\/li>\n\n\n\n<li>Ya\u011fl\u0131 ve karma ciltler<\/li>\n\n\n\n<li>\u0130lk ince \u00e7izgiler ve k\u0131r\u0131\u015f\u0131kl\u0131klar<\/li>\n\n\n\n<li>Baz\u0131 durumlarda y\u00fczeysel hiperpigmentasyon ve g\u00fcne\u015f kaynakl\u0131 hasarlarda da<\/li>\n<\/ul>\n<\/div>\n\n\n\n<h2 class=\"wp-block-heading\" id=\"aquafacial-vs-hydrafacial-was-ist-der-unterschied\">Aquafacial ve HydraFacial\u00ae: Aralar\u0131ndaki fark nedir?<\/h2>\n\n\n\n<p class=\"wp-block-paragraph\">Bu iki terim genellikle e\u015fanlaml\u0131 olarak kullan\u0131l\u0131r, ancak bu tam olarak do\u011fru de\u011fildir.<\/p>\n\n\n\n<ul class=\"wp-block-list\">\n<li><strong>HydraFacial\u00ae<\/strong> Bu t\u00fcr hidradermabrazyon tedavisi i\u00e7in orijinal \u00fcreticinin tescilli markas\u0131d\u0131r. Cihazlar ve serumlar s\u0131k\u0131 kalite kontrollerinden ge\u00e7mektedir.<\/li>\n\n\n\n<li><strong>Aquafacial<\/strong> Bu, ayn\u0131 prensipte (su, vakum, serumlar) \u00e7al\u0131\u015fan di\u011fer \u00fcreticilerin cihazlar\u0131yla uygulanan tedaviler i\u00e7in kullan\u0131lan genel ve tan\u0131mlay\u0131c\u0131 bir terimdir.<\/li>\n<\/ul>\n\n\n\n<p class=\"wp-block-paragraph\">Temel ilke ayn\u0131 olsa da, cihazlar\u0131n kalitesi, serumlardaki etken maddelerin konsantrasyonu ve kullan\u0131c\u0131n\u0131n ald\u0131\u011f\u0131 e\u011fitim farkl\u0131l\u0131k g\u00f6sterebilir.<\/p>\n\n\n\n<h2 class=\"wp-block-heading\" id=\"aquafacial-im-vergleich-abgrenzung-zur-mikrodermabrasion\">Aquafacial kar\u015f\u0131la\u015ft\u0131rmas\u0131: Mikrodermabrazyondan fark\u0131<\/h2>\n\n\n\n<figure class=\"wp-block-table\"><table class=\"has-fixed-layout\"><thead><tr><th>\u00d6zellik<\/th><th>Aquafacial (Hidradermabrazyon)<\/th><th>Klasik Mikrodermabrazyon<\/th><\/tr><\/thead><tbody><tr><td>\u0130lke<\/td><td>Vakum ve Etken Madde Beslemesi ile Islak A\u015f\u0131nd\u0131rma<\/td><td>Kristaller veya elmas u\u00e7larla kuru a\u015f\u0131nd\u0131rma<\/td><\/tr><tr><td>Ana odak noktas\u0131<\/td><td>Temizlik, peeling ve yo\u011fun nemlendirme<\/td><td>Tamamen mekanik peeling\/cildin pul pul d\u00f6k\u00fclmesi<\/td><\/tr><tr><td>Cilt hissi<\/td><td>Nazik, serinletici, canland\u0131r\u0131c\u0131<\/td><td>Daha \u00e7ok yo\u011fun bir kumlama i\u015flemine benzer, cildi tahri\u015f edebilir<\/td><\/tr><tr><td>\u015eunlar i\u00e7in idealdir:<\/td><td>Bir\u00e7ok cilt tipi, \u00f6zellikle nemi az olan ciltler<\/td><td>Daha \u00e7ok sertle\u015fmi\u015f, kal\u0131nla\u015fm\u0131\u015f ciltler, yara izleri ve k\u0131r\u0131\u015f\u0131kl\u0131klar i\u00e7in<\/td><\/tr><tr><td>Ar\u0131za s\u00fcresi<\/td><td>Genellikle yok<\/td><td>1\u20132 g\u00fcn boyunca hafif k\u0131zar\u0131kl\u0131klar g\u00f6r\u00fclebilir<\/td><\/tr><\/tbody><\/table><\/figure>\n\n\n\n<h2 class=\"wp-block-heading\" id=\"risiken-und-mogliche-nebenwirkungen\">Riskler ve olas\u0131 yan etkiler<\/h2>\n\n\n\n<p class=\"wp-block-paragraph\">Aquafacial, \u00e7ok g\u00fcvenli ve cilde zarar vermeyen bir tedavi olarak kabul edilse de, cilt bariyerine bir m\u00fcdahale niteli\u011findedir.<\/p>\n\n\n\n<div class=\"wp-block-group is-style-boxed has-anchor-light-background-color has-background is-layout-constrained wp-block-group-is-layout-constrained\">\n<h2 class=\"wp-block-heading\" id=\"wichtige-sicherheitshinweise\">\u00d6nemli g\u00fcvenlik uyar\u0131lar\u0131<\/h2>\n\n<p class=\"wp-block-paragraph\"><strong>Olas\u0131 yan etkiler:<\/strong> Tedaviden hemen sonra hafif k\u0131zar\u0131kl\u0131klar veya ge\u00e7ici cilt hassasiyeti g\u00f6r\u00fclmesi normaldir ve bunlar genellikle birka\u00e7 saat i\u00e7inde ge\u00e7er.<\/p>\n\n<p class=\"wp-block-paragraph\"><strong>Kontrendikasyonlar:<\/strong> A\u015fa\u011f\u0131daki durumlarda <strong>hi\u00e7biri<\/strong> Aquafacial \u015fu durumlarda uygulanabilir:<\/p>\n\n<ul class=\"wp-block-list\">\n<li>Tedavi b\u00f6lgesinde aktif cilt enfeksiyonlar\u0131 (\u00f6rn. herpes)<\/li>\n\n\n\n<li>\u015eiddetli iltihapl\u0131 akne veya a\u00e7\u0131k yaralar<\/li>\n\n\n\n<li>Yeni olu\u015fmu\u015f yara izleri veya g\u00fcne\u015f yan\u0131\u011f\u0131<\/li>\n\n\n\n<li>Kullan\u0131lan bile\u015fenlere kar\u015f\u0131 bilinen alerjiler (\u00f6rn. salisilik asit)<\/li>\n\n\n\n<li>Baz\u0131 ila\u00e7lar\u0131n al\u0131nmas\u0131 (\u00f6rne\u011fin, izotretinoin)<\/li>\n\n\n\n<li>Hamilelik ve emzirme d\u00f6nemi (\u00f6nlem olarak)<\/li>\n<\/ul>\n\n<p class=\"wp-block-paragraph\">Ciddi bir hizmet sa\u011flay\u0131c\u0131, ilk tedaviden \u00f6nce her zaman kapsaml\u0131 bir cilt analizi ve bilgilendirme g\u00f6r\u00fc\u015fmesi yapar.<\/p>\n\n<p class=\"wp-block-paragraph\"><strong>Yanl\u0131\u015f kullan\u0131m durumunda daha ciddi riskler<\/strong><\/p>\n\n<p class=\"wp-block-paragraph\">Nadiren de olsa, i\u015flemin yanl\u0131\u015f uygulanmas\u0131, hijyen eksikli\u011fi veya cilt tipinin yanl\u0131\u015f de\u011ferlendirilmesi durumunda daha ciddi komplikasyonlar ortaya \u00e7\u0131kabilir:<\/p>\n\n<ul class=\"wp-block-list\">\n<li><strong>Enfeksiyonlar:<\/strong> Bakteriyel veya mantar kaynakl\u0131 <a href=\"https:\/\/4beauty-website-stage.247grad.de\/tr\/soezluek\/enfeksiyon\/\">Enfeksiyonlar<\/a> yeterince dezenfekte edilmemi\u015f cihaz ba\u015fl\u0131klar\u0131 nedeniyle.<\/li>\n\n\n\n<li><strong>Cilt hasarlar\u0131:<\/strong> K\u00fc\u00e7\u00fck morluklar (<a href=\"https:\/\/4beauty-website-stage.247grad.de\/tr\/soezluek\/haematom\/\">Hematomlar<\/a>), a\u015f\u0131r\u0131 vakum nedeniyle damarlar\u0131n patlamas\u0131 veya pigment bozukluklar\u0131.<\/li>\n\n\n\n<li><strong>\u015eiddetli alerjik reaksiyonlar:<\/strong> Kullan\u0131lan asitlere veya serumlara kar\u015f\u0131 \u015fiddetli cilt reaksiyonlar\u0131.<\/li>\n\n\n\n<li><strong>Cilt hastal\u0131klar\u0131n\u0131n alevlenmesi:<\/strong> Yanl\u0131\u015f kullan\u0131ld\u0131\u011f\u0131nda rosacea veya kistik aknede belirgin bir k\u00f6t\u00fcle\u015fme g\u00f6r\u00fclebilir.<\/li>\n<\/ul>\n<\/div>\n\n\n\n<div class=\"wp-block-media-text has-media-on-the-right is-stacked-on-mobile\"><div class=\"wp-block-media-text__content\">\n<h2 class=\"wp-block-heading\" id=\"worauf-bei-der-anbieterwahl-achten-tipps-fur-eine-sichere-behandlung\">Tedavi sa\u011flay\u0131c\u0131s\u0131n\u0131 se\u00e7erken nelere dikkat edilmeli? G\u00fcvenli bir tedavi i\u00e7in ipu\u00e7lar\u0131<\/h2>\n\n<p class=\"wp-block-paragraph\">Tedavinin kalitesi ve g\u00fcvenli\u011fi b\u00fcy\u00fck \u00f6l\u00e7\u00fcde hizmet sa\u011flay\u0131c\u0131ya ba\u011fl\u0131d\u0131r.<\/p>\n\n<ul class=\"wp-block-list\">\n<li><strong>Nitelikler:<\/strong> Sertifikal\u0131 g\u00fczellik uzmanlar\u0131n\u0131, dermatologlar\u0131 veya kan\u0131tlanm\u0131\u015f deneyime sahip muayenehaneleri tercih edin.<\/li>\n\n\n\n<li><strong>Dan\u0131\u015fmanl\u0131k g\u00f6r\u00fc\u015fmesi:<\/strong> Hedefleriniz, cilt durumunuz ve olas\u0131 kontrendikasyonlar hakk\u0131nda ayr\u0131nt\u0131l\u0131 bir \u00f6n g\u00f6r\u00fc\u015fme yap\u0131lmas\u0131 zorunludur.<\/li>\n\n\n\n<li><strong>Hijyen:<\/strong> Tedavi odalar\u0131n\u0131n kusursuz bir \u015fekilde temiz olmas\u0131na ve steril aletlerin kullan\u0131lmas\u0131na \u00f6zen g\u00f6sterin.<\/li>\n\n\n\n<li><strong>\u00dcr\u00fcn \u015feffafl\u0131\u011f\u0131:<\/strong> Kullan\u0131lan cihazlar ve serumlar\u0131n i\u00e7erik maddeleri hakk\u0131nda bilgi isteyin. Profesyonel bir hizmet sa\u011flay\u0131c\u0131 bu konuda size memnuniyetle bilgi verecektir.<\/li>\n\n\n\n<li><strong>Ger\u00e7ek\u00e7i beklentiler:<\/strong> Ger\u00e7ek\u00e7i olmayan tedavi vaatlerine kar\u015f\u0131 dikkatli olun. Aquafacial cilt g\u00f6r\u00fcn\u00fcm\u00fcn\u00fc iyile\u015ftirir, ancak derin k\u0131r\u0131\u015f\u0131kl\u0131klar\u0131 veya ciddi cilt hastal\u0131klar\u0131n\u0131 tedavi edemez.<\/li>\n<\/ul>\n\n<p class=\"wp-block-paragraph\">G\u00fczellik tedavilerinde riske girmek istemeyenler, planlanan i\u015flem i\u00e7in bir <a href=\"https:\/\/4beauty-website-stage.247grad.de\/tr\/sonraki-masraf-sigortasi\/\">Sonras\u0131 Maliyet Sigortas\u0131<\/a> olas\u0131 sonraki tedavilere kar\u015f\u0131 maddi olarak g\u00fcvence alt\u0131na almak.<\/p>\n<\/div><figure class=\"wp-block-media-text__media\"><img loading=\"lazy\" decoding=\"async\" width=\"1024\" height=\"1024\" src=\"https:\/\/4beauty-website-stage.247grad.de\/wp-content\/uploads\/2026\/08\/2026-01_aquafacial-anbieter-auswahl.png\" alt=\"Tedavi odas\u0131\" class=\"wp-image-381 size-full\" srcset=\"https:\/\/4beauty-website-stage.247grad.de\/wp-content\/uploads\/2026\/08\/2026-01_aquafacial-anbieter-auswahl.png 1024w, https:\/\/4beauty-website-stage.247grad.de\/wp-content\/uploads\/2026\/08\/2026-01_aquafacial-anbieter-auswahl-150x150.png 150w, https:\/\/4beauty-website-stage.247grad.de\/wp-content\/uploads\/2026\/08\/2026-01_aquafacial-anbieter-auswahl-300x300.png 300w, https:\/\/4beauty-website-stage.247grad.de\/wp-content\/uploads\/2026\/08\/2026-01_aquafacial-anbieter-auswahl-768x768.png 768w, https:\/\/4beauty-website-stage.247grad.de\/wp-content\/uploads\/2026\/08\/2026-01_aquafacial-anbieter-auswahl-12x12.png 12w, https:\/\/4beauty-website-stage.247grad.de\/wp-content\/uploads\/2026\/08\/2026-01_aquafacial-anbieter-auswahl-120x120.png 120w, https:\/\/4beauty-website-stage.247grad.de\/wp-content\/uploads\/2026\/08\/2026-01_aquafacial-anbieter-auswahl-40x40.png 40w, https:\/\/4beauty-website-stage.247grad.de\/wp-content\/uploads\/2026\/08\/2026-01_aquafacial-anbieter-auswahl-80x80.png 80w, https:\/\/4beauty-website-stage.247grad.de\/wp-content\/uploads\/2026\/08\/2026-01_aquafacial-anbieter-auswahl-160x160.png 160w, https:\/\/4beauty-website-stage.247grad.de\/wp-content\/uploads\/2026\/08\/2026-01_aquafacial-anbieter-auswahl-500x500.png 500w, https:\/\/4beauty-website-stage.247grad.de\/wp-content\/uploads\/2026\/08\/2026-01_aquafacial-anbieter-auswahl-1000x1000.png 1000w\" sizes=\"auto, (max-width: 1024px) 100vw, 1024px\" \/><\/figure><\/div>\n\n\n\n<h2 class=\"wp-block-heading\" id=\"haufig-gestellte-fragen-faq-zum-aquafacial\">Aquafacial ile ilgili s\u0131k sorulan sorular (SSS)<\/h2>\n\n\n\n<div data-wp-context=\"{ &quot;autoclose&quot;: false, &quot;accordionItems&quot;: [] }\" data-wp-interactive=\"core\/accordion\" role=\"group\" class=\"wp-block-accordion is-layout-flow wp-block-accordion-is-layout-flow\">\n<div data-wp-class--is-open=\"state.isOpen\" data-wp-context=\"{ &quot;id&quot;: &quot;accordion-item-1&quot;, &quot;openByDefault&quot;: false }\" data-wp-init=\"callbacks.initAccordionItems\" data-wp-on-window--hashchange=\"callbacks.hashChange\" class=\"wp-block-accordion-item is-layout-flow wp-block-accordion-item-is-layout-flow\">\n<h3 class=\"wp-block-accordion-heading\"><button aria-expanded=\"false\" aria-controls=\"accordion-item-1-panel\" data-wp-bind--aria-expanded=\"state.isOpen\" data-wp-on--click=\"actions.toggle\" id=\"accordion-item-1\" type=\"button\" class=\"wp-block-accordion-heading__toggle\"><span class=\"wp-block-accordion-heading__toggle-title\">Aquafacial tedavisi a\u011fr\u0131l\u0131 m\u0131d\u0131r?<\/span><span class=\"wp-block-accordion-heading__toggle-icon\" aria-hidden=\"true\">+<\/span><\/button><\/h3>\n\n\n\n<div aria-labelledby=\"accordion-item-1\" data-wp-bind--hidden=\"state.isHidden\" data-wp-on--beforematch=\"actions.handleBeforeMatch\" id=\"accordion-item-1-panel\" role=\"region\" class=\"wp-block-accordion-panel is-layout-flow wp-block-accordion-panel-is-layout-flow\">\n<p class=\"wp-block-paragraph\">Hay\u0131r, tedavi a\u011fr\u0131s\u0131zd\u0131r. \u00c7o\u011fu ki\u015fi, vakumun hafif emi\u015fini ve serin s\u0131v\u0131lar\u0131 ho\u015f ve ferahlat\u0131c\u0131 bulur.<\/p>\n<\/div>\n<\/div>\n\n\n\n<div data-wp-class--is-open=\"state.isOpen\" data-wp-context=\"{ &quot;id&quot;: &quot;accordion-item-2&quot;, &quot;openByDefault&quot;: false }\" data-wp-init=\"callbacks.initAccordionItems\" data-wp-on-window--hashchange=\"callbacks.hashChange\" class=\"wp-block-accordion-item is-layout-flow wp-block-accordion-item-is-layout-flow\">\n<h3 class=\"wp-block-accordion-heading\"><button aria-expanded=\"false\" aria-controls=\"accordion-item-2-panel\" data-wp-bind--aria-expanded=\"state.isOpen\" data-wp-on--click=\"actions.toggle\" id=\"accordion-item-2\" type=\"button\" class=\"wp-block-accordion-heading__toggle\"><span class=\"wp-block-accordion-heading__toggle-title\">Bir seans ne kadar s\u00fcrer ve ne s\u0131kl\u0131kla tekrarlanmal\u0131d\u0131r?<\/span><span class=\"wp-block-accordion-heading__toggle-icon\" aria-hidden=\"true\">+<\/span><\/button><\/h3>\n\n\n\n<div aria-labelledby=\"accordion-item-2\" data-wp-bind--hidden=\"state.isHidden\" data-wp-on--beforematch=\"actions.handleBeforeMatch\" id=\"accordion-item-2-panel\" role=\"region\" class=\"wp-block-accordion-panel is-layout-flow wp-block-accordion-panel-is-layout-flow\">\n<p class=\"wp-block-paragraph\">Tek bir seans genellikle 45 ila 60 dakika s\u00fcrer. En iyi ve uzun s\u00fcreli sonu\u00e7 elde etmek i\u00e7in genellikle yakla\u015f\u0131k 4 haftal\u0131k aral\u0131klarla 3-5 seans \u00f6nerilir. Etkisini tazelemek i\u00e7in ise 1-2 ayda bir seans yeterlidir.<\/p>\n<\/div>\n<\/div>\n\n\n\n<div data-wp-class--is-open=\"state.isOpen\" data-wp-context=\"{ &quot;id&quot;: &quot;accordion-item-3&quot;, &quot;openByDefault&quot;: false }\" data-wp-init=\"callbacks.initAccordionItems\" data-wp-on-window--hashchange=\"callbacks.hashChange\" class=\"wp-block-accordion-item is-layout-flow wp-block-accordion-item-is-layout-flow\">\n<h3 class=\"wp-block-accordion-heading\"><button aria-expanded=\"false\" aria-controls=\"accordion-item-3-panel\" data-wp-bind--aria-expanded=\"state.isOpen\" data-wp-on--click=\"actions.toggle\" id=\"accordion-item-3\" type=\"button\" class=\"wp-block-accordion-heading__toggle\"><span class=\"wp-block-accordion-heading__toggle-title\">Aquafacial'\u0131n fiyat\u0131 ne kadar?<\/span><span class=\"wp-block-accordion-heading__toggle-icon\" aria-hidden=\"true\">+<\/span><\/button><\/h3>\n\n\n\n<div aria-labelledby=\"accordion-item-3\" data-wp-bind--hidden=\"state.isHidden\" data-wp-on--beforematch=\"actions.handleBeforeMatch\" id=\"accordion-item-3-panel\" role=\"region\" class=\"wp-block-accordion-panel is-layout-flow wp-block-accordion-panel-is-layout-flow\">\n<p class=\"wp-block-paragraph\">Aquafacial\u2019\u0131n maliyeti b\u00f6lgeye, st\u00fcdyoya ve tedavinin kapsam\u0131na g\u00f6re de\u011fi\u015fiklik g\u00f6sterir. Almanya\u2019da fiyatlar ortalama olarak seans ba\u015f\u0131na 90 \u20ac ile 180 \u20ac aras\u0131nda de\u011fi\u015fmektedir.<\/p>\n<\/div>\n<\/div>\n\n\n\n<div data-wp-class--is-open=\"state.isOpen\" data-wp-context=\"{ &quot;id&quot;: &quot;accordion-item-4&quot;, &quot;openByDefault&quot;: false }\" data-wp-init=\"callbacks.initAccordionItems\" data-wp-on-window--hashchange=\"callbacks.hashChange\" class=\"wp-block-accordion-item is-layout-flow wp-block-accordion-item-is-layout-flow\">\n<h3 class=\"wp-block-accordion-heading\"><button aria-expanded=\"false\" aria-controls=\"accordion-item-4-panel\" data-wp-bind--aria-expanded=\"state.isOpen\" data-wp-on--click=\"actions.toggle\" id=\"accordion-item-4\" type=\"button\" class=\"wp-block-accordion-heading__toggle\"><span class=\"wp-block-accordion-heading__toggle-title\">Aquafacial tedavisi sonras\u0131nda hemen makyaj yapabilir miyim?<\/span><span class=\"wp-block-accordion-heading__toggle-icon\" aria-hidden=\"true\">+<\/span><\/button><\/h3>\n\n\n\n<div aria-labelledby=\"accordion-item-4\" data-wp-bind--hidden=\"state.isHidden\" data-wp-on--beforematch=\"actions.handleBeforeMatch\" id=\"accordion-item-4-panel\" role=\"region\" class=\"wp-block-accordion-panel is-layout-flow wp-block-accordion-panel-is-layout-flow\">\n<p class=\"wp-block-paragraph\">G\u00fcn\u00fcn geri kalan\u0131nda cilde bir mola vermeniz ve makyaj yapmaman\u0131z \u00f6nerilir; b\u00f6ylece g\u00f6zenekler a\u00e7\u0131k kal\u0131r ve serumlar en etkili \u015fekilde etki edebilir. Ertesi g\u00fcn genellikle makyaj yapmakta bir sorun ya\u015fanmaz.<\/p>\n<\/div>\n<\/div>\n\n\n\n<div data-wp-class--is-open=\"state.isOpen\" data-wp-context=\"{ &quot;id&quot;: &quot;accordion-item-5&quot;, &quot;openByDefault&quot;: false }\" data-wp-init=\"callbacks.initAccordionItems\" data-wp-on-window--hashchange=\"callbacks.hashChange\" class=\"wp-block-accordion-item is-layout-flow wp-block-accordion-item-is-layout-flow\">\n<h3 class=\"wp-block-accordion-heading\"><button aria-expanded=\"false\" aria-controls=\"accordion-item-5-panel\" data-wp-bind--aria-expanded=\"state.isOpen\" data-wp-on--click=\"actions.toggle\" id=\"accordion-item-5\" type=\"button\" class=\"wp-block-accordion-heading__toggle\"><span class=\"wp-block-accordion-heading__toggle-title\">Tedavi sonras\u0131nda nelere dikkat etmeliyim?<\/span><span class=\"wp-block-accordion-heading__toggle-icon\" aria-hidden=\"true\">+<\/span><\/button><\/h3>\n\n\n\n<div aria-labelledby=\"accordion-item-5\" data-wp-bind--hidden=\"state.isHidden\" data-wp-on--beforematch=\"actions.handleBeforeMatch\" id=\"accordion-item-5-panel\" role=\"region\" class=\"wp-block-accordion-panel is-layout-flow wp-block-accordion-panel-is-layout-flow\">\n<p class=\"wp-block-paragraph\">Tedaviden hemen sonra 1-2 g\u00fcn boyunca yo\u011fun g\u00fcne\u015f \u0131\u015f\u0131\u011f\u0131na maruz kalmaktan, solaryuma ve saunaya gitmekten ka\u00e7\u0131nmal\u0131s\u0131n\u0131z. Cilt \u0131\u015f\u0131\u011fa kar\u015f\u0131 daha hassas hale geldi\u011fi i\u00e7in, sonraki g\u00fcnlerde y\u00fcksek g\u00fcne\u015f koruma fakt\u00f6rl\u00fc (SPF 50) bir \u00fcr\u00fcn kullanmak \u00f6zellikle \u00f6nemlidir.<\/p>\n<\/div>\n<\/div>\n<\/div>","protected":false},"excerpt":{"rendered":"<p>Aquafacial, temiz ve p\u00fcr\u00fczs\u00fcz bir cilt g\u00f6r\u00fcn\u00fcm\u00fc sa\u011flayan, cildi y\u0131pratmayan, non-invaziv bir tedavidir ve bu t\u00fcr uygulamalar aras\u0131nda en pop\u00fcler y\u00f6ntemlerden biridir.<\/p>","protected":false},"template":"","class_list":["post-581","glossary","type-glossary","status-publish","hentry"],"acf":[],"_links":{"self":[{"href":"https:\/\/4beauty-website-stage.247grad.de\/tr\/wp-json\/wp\/v2\/glossary\/581","targetHints":{"allow":["GET"]}}],"collection":[{"href":"https:\/\/4beauty-website-stage.247grad.de\/tr\/wp-json\/wp\/v2\/glossary"}],"about":[{"href":"https:\/\/4beauty-website-stage.247grad.de\/tr\/wp-json\/wp\/v2\/types\/glossary"}],"wp:attachment":[{"href":"https:\/\/4beauty-website-stage.247grad.de\/tr\/wp-json\/wp\/v2\/media?parent=581"}],"curies":[{"name":"wp","href":"https:\/\/api.w.org\/{rel}","templated":true}]}}