{"id":582,"date":"2026-08-20T17:08:11","date_gmt":"2026-08-20T15:08:11","guid":{"rendered":"https:\/\/4beauty-website-stage.247grad.de\/?post_type=glossary&#038;p=582"},"modified":"2026-08-28T11:53:30","modified_gmt":"2026-08-28T09:53:30","slug":"areola-meme-basi-cevresi","status":"publish","type":"glossary","link":"https:\/\/4beauty-website-stage.247grad.de\/tr\/glossar\/areola-brustwarzenhof\/","title":{"rendered":"Areola (meme ba\u015f\u0131 \u00e7evresi)"},"content":{"rendered":"<p class=\"wp-block-paragraph\">Meme bezinin merkezinde genellikle meme ucu ve onu \u00e7evreleyen pigmentli deri b\u00f6lgesi bulunur; bu b\u00f6lge t\u0131p dilinde areola veya meme ba\u015f\u0131 \u00e7evresi olarak adland\u0131r\u0131l\u0131r. Plastik ve estetik meme cerrahisinde areola \u00e7ok \u00f6nemli bir rol oynar; \u00e7\u00fcnk\u00fc b\u00fcy\u00fckl\u00fc\u011f\u00fc, \u015fekli ve konumu, ameliyat\u0131n genel estetik sonucunu b\u00fcy\u00fck \u00f6l\u00e7\u00fcde etkiler.<\/p>\n\n\n\n<p class=\"wp-block-paragraph\">Bu makale, areolan\u0131n ne oldu\u011funu ve neden bir\u00e7ok meme ameliyat\u0131nda areolan\u0131n d\u00fczeltilmesinin ayr\u0131lmaz bir par\u00e7as\u0131 oldu\u011funu size net ve anla\u015f\u0131l\u0131r bir \u015fekilde a\u00e7\u0131klamaktad\u0131r.<\/p>\n\n\n\n<div class=\"wp-block-rank-math-toc-block\" id=\"rank-math-toc\"><h2>\u0130\u00e7indekiler<\/h2><nav><ul><li class=\"\"><a href=\"#was-ist-die-areola\">Areola nedir?<\/a><\/li><li class=\"\"><a href=\"#die-rolle-der-areola-in-der-brustchirurgie\">Meme cerrahisinde areolan\u0131n rol\u00fc<\/a><\/li><li class=\"\"><a href=\"#risiken-und-die-bedeutung-der-absicherung\">Riskler ve riskten korunman\u0131n \u00f6nemi<\/a><\/li><li class=\"\"><a href=\"#haufig-gestellte-fragen-zur-areola-korrektur\">Areola d\u00fczeltmeyle ilgili s\u0131k sorulan sorular<\/a><\/li><\/ul><\/nav><\/div>\n\n\n\n<div class=\"wp-block-group is-style-boxed has-white-warm-background-color has-background is-layout-constrained wp-block-group-is-layout-constrained\">\n<p class=\"wp-block-paragraph\"><strong>\u00d6nemli uyar\u0131<\/strong><\/p>\n\n\n\n<p class=\"wp-block-paragraph\">Bu makale yaln\u0131zca bilgilendirme ama\u00e7l\u0131d\u0131r ve t\u0131bbi tan\u0131 veya tavsiyenin yerini almaz. Herhangi bir belirsizlik durumunda ve ki\u015fiye \u00f6zel bir tedavi plan\u0131 haz\u0131rlamak i\u00e7in, uzman bir hekimle g\u00f6r\u00fc\u015fmek \u015fartt\u0131r.<\/p>\n<\/div>\n\n\n\n<div class=\"wp-block-media-text is-stacked-on-mobile\"><figure class=\"wp-block-media-text__media\"><img loading=\"lazy\" decoding=\"async\" width=\"730\" height=\"730\" src=\"https:\/\/4beauty-website-stage.247grad.de\/wp-content\/uploads\/2026\/08\/2025-10_areola.jpg\" alt=\"Areola\" class=\"wp-image-338 size-full\" srcset=\"https:\/\/4beauty-website-stage.247grad.de\/wp-content\/uploads\/2026\/08\/2025-10_areola.jpg 730w, https:\/\/4beauty-website-stage.247grad.de\/wp-content\/uploads\/2026\/08\/2025-10_areola-150x150.jpg 150w, https:\/\/4beauty-website-stage.247grad.de\/wp-content\/uploads\/2026\/08\/2025-10_areola-300x300.jpg 300w, https:\/\/4beauty-website-stage.247grad.de\/wp-content\/uploads\/2026\/08\/2025-10_areola-12x12.jpg 12w, https:\/\/4beauty-website-stage.247grad.de\/wp-content\/uploads\/2026\/08\/2025-10_areola-120x120.jpg 120w, https:\/\/4beauty-website-stage.247grad.de\/wp-content\/uploads\/2026\/08\/2025-10_areola-40x40.jpg 40w, https:\/\/4beauty-website-stage.247grad.de\/wp-content\/uploads\/2026\/08\/2025-10_areola-80x80.jpg 80w, https:\/\/4beauty-website-stage.247grad.de\/wp-content\/uploads\/2026\/08\/2025-10_areola-160x160.jpg 160w, https:\/\/4beauty-website-stage.247grad.de\/wp-content\/uploads\/2026\/08\/2025-10_areola-500x500.jpg 500w\" sizes=\"auto, (max-width: 730px) 100vw, 730px\" \/><\/figure><div class=\"wp-block-media-text__content\">\n<h2 class=\"wp-block-heading\" id=\"was-ist-die-areola\">Areola nedir?<\/h2>\n\n<p class=\"wp-block-paragraph\">Areola (Latince\u2019de \u201ek\u00fc\u00e7\u00fck avlu\u201c anlam\u0131na gelir), Almanca\u2019da \u201cmeme ba\u015f\u0131 \u00e7evresi\u201d olarak adland\u0131r\u0131l\u0131r ve meme ba\u015f\u0131n\u0131 (mamille) \u00e7evreleyen dairesel, genellikle daha koyu pigmentli cilt b\u00f6lgesidir. Boyutu ve rengi ki\u015fiden ki\u015fiye b\u00fcy\u00fck farkl\u0131l\u0131klar g\u00f6sterir. Areolada, cildin yumu\u015fakl\u0131\u011f\u0131n\u0131 sa\u011flayan k\u00fc\u00e7\u00fck ya\u011f bezleri (Montgomery bezleri) bulunur.<\/p>\n\n<div class=\"wp-block-buttons is-layout-flex wp-block-buttons-is-layout-flex\">\n<div class=\"wp-block-button\"><a class=\"wp-block-button__link wp-element-button\" href=\"https:\/\/4beauty-website-stage.247grad.de\/tr\/hizmet-bilgileri\/iletisim\/\">Ba\u011flay\u0131c\u0131 olmayan bir \u015fekilde ileti\u015fime ge\u00e7in<\/a><\/div>\n<\/div>\n<\/div><\/div>\n\n\n\n<div class=\"wp-block-group is-style-boxed has-anchor-light-background-color has-background is-layout-constrained wp-block-group-is-layout-constrained\">\n<h2 class=\"wp-block-heading\" id=\"die-rolle-der-areola-in-der-brustchirurgie\">Meme cerrahisinde areolan\u0131n rol\u00fc<\/h2>\n\n<p class=\"wp-block-paragraph\">D\u00fczg\u00fcn \u015fekilli bir g\u00f6\u011f\u00fcs, uyumlu oranlarla karakterize edilir. Buna, meme ba\u015f\u0131 \u00e7evresinin b\u00fcy\u00fckl\u00fc\u011f\u00fc ve konumunun yeni g\u00f6\u011f\u00fcs b\u00fcy\u00fckl\u00fc\u011f\u00fc ve \u015fekline uygun olmas\u0131 da dahildir. Bu nedenle, meme ba\u015f\u0131 \u00e7evresinin d\u00fczeltilmesi, g\u00f6\u011f\u00fcs \u015fekli de\u011fi\u015ftiren ameliyatlarda genellikle belirleyici bir ad\u0131md\u0131r.<\/p>\n\n<h3 class=\"wp-block-heading\" id=\"areola-korrektur-bei-der-bruststraffung-mastopexie\">Meme dikle\u015ftirme (mastopeksi) s\u0131ras\u0131nda areola d\u00fczeltmesi<\/h3>\n\n<p class=\"wp-block-paragraph\">G\u00f6\u011f\u00fcs sarkmas\u0131nda sadece bez dokusu a\u015fa\u011f\u0131ya do\u011fru inmekle kalmaz, ayn\u0131 zamanda deri tabakas\u0131 da a\u015f\u0131r\u0131 gerilir. Bu durum genellikle meme ba\u015f\u0131 \u00e7evresinin b\u00fcy\u00fcmesine ve gerilmesine de yol a\u00e7abilir.<\/p>\n\n<p class=\"wp-block-paragraph\"><strong>Cerrahi prosed\u00fcr:<\/strong> G\u00f6\u011f\u00fcs germe ameliyat\u0131 s\u0131ras\u0131nda, pigmentli deriden olu\u015fan d\u0131\u015f halka \u00e7\u0131kar\u0131lmak suretiyle areola k\u00fc\u00e7\u00fclt\u00fcl\u00fcr. Geriye kalan areola daha sonra \u00e7evresindeki deriye dikilir. Ayn\u0131 zamanda, meme ba\u015f\u0131-areola kompleksi daha y\u00fcksek ve daha gen\u00e7 bir konuma getirilir.<\/p>\n\n<h3 class=\"wp-block-heading\" id=\"areola-korrektur-bei-der-brustverkleinerung-reduktionsplastik\">G\u00f6\u011f\u00fcs k\u00fc\u00e7\u00fcltme ameliyat\u0131nda (red\u00fcksiyon plastisi) areola d\u00fczeltmesi<\/h3>\n\n<p class=\"wp-block-paragraph\">G\u00f6\u011f\u00fcs s\u0131k\u0131la\u015ft\u0131rma ameliyat\u0131nda oldu\u011fu gibi, g\u00f6\u011f\u00fcs k\u00fc\u00e7\u00fcltme ameliyat\u0131nda da meme ba\u015f\u0131 \u00e7evresi genellikle orant\u0131s\u0131z bir \u015fekilde b\u00fcy\u00fckt\u00fcr.<\/p>\n\n<p class=\"wp-block-paragraph\"><strong>Cerrahi prosed\u00fcr:<\/strong> Areola k\u00fc\u00e7\u00fcltme, g\u00f6\u011f\u00fcs k\u00fc\u00e7\u00fcltme ameliyat\u0131n\u0131n standart bir par\u00e7as\u0131d\u0131r. Cerrah, areola \u00e7ap\u0131n\u0131 yeni, daha k\u00fc\u00e7\u00fck g\u00f6\u011f\u00fcs boyutuna g\u00f6re ayarlar ve yeniden konumland\u0131r\u0131r.<\/p>\n\n<h3 class=\"wp-block-heading\" id=\"areola-schnitt-bei-der-brustvergrosserung-mamma-augmentation\">Meme b\u00fcy\u00fctme ameliyat\u0131nda (mamma augmentasyonu) areola kesi\u011fi<\/h3>\n\n<p class=\"wp-block-paragraph\">G\u00f6\u011f\u00fcs b\u00fcy\u00fctme ameliyat\u0131nda, areola implant\u0131n yerle\u015ftirilmesi i\u00e7in bir eri\u015fim yolu olarak kullan\u0131labilir.<\/p>\n\n<p class=\"wp-block-paragraph\"><strong>Meme ba\u015f\u0131 \u00e7evresindeki kesi:<\/strong> Kesik, pigmentli meme ba\u015f\u0131 \u00e7evresinden normal g\u00f6\u011f\u00fcs derisine ge\u00e7i\u015f noktas\u0131nda tam olarak yap\u0131l\u0131r. \u0130yile\u015fme s\u00fcrecinden sonra, renk fark\u0131 nedeniyle yara izi genellikle neredeyse hi\u00e7 g\u00f6ze \u00e7arpmaz. Bu y\u00f6ntem, ayn\u0131 zamanda meme ba\u015f\u0131 \u00e7evresinin hafif\u00e7e s\u0131k\u0131la\u015ft\u0131r\u0131lmas\u0131 veya k\u00fc\u00e7\u00fclt\u00fclmesi istenildi\u011finde s\u0131kl\u0131kla tercih edilir.<\/p>\n<\/div>\n\n\n\n<div class=\"wp-block-media-text has-media-on-the-right is-stacked-on-mobile\"><div class=\"wp-block-media-text__content\">\n<h2 class=\"wp-block-heading\" id=\"risiken-und-die-bedeutung-der-absicherung\">Riskler ve riskten korunman\u0131n \u00f6nemi<\/h2>\n\n<p class=\"wp-block-paragraph\">Bu riskler, meme ameliyat\u0131n\u0131n genel risklerinin bir par\u00e7as\u0131d\u0131r.<\/p>\n\n<p class=\"wp-block-paragraph\">Eine Folgekostenversicherung ist daf\u00fcr konzipiert, die finanziellen Folgen von Komplikationen nach einem \u00e4sthetischen Eingriff abzusichern \u2013 informieren Sie sich bei 4beauty \u00fcber die optimale Absicherung Ihrer Operation.<\/p>\n<\/div><figure class=\"wp-block-media-text__media\"><img loading=\"lazy\" decoding=\"async\" width=\"793\" height=\"793\" src=\"https:\/\/4beauty-website-stage.247grad.de\/wp-content\/uploads\/2026\/08\/2025-10_Areola_Risiken.png\" alt=\"Areola: Riskler\" class=\"wp-image-325 size-full\" srcset=\"https:\/\/4beauty-website-stage.247grad.de\/wp-content\/uploads\/2026\/08\/2025-10_Areola_Risiken.png 793w, https:\/\/4beauty-website-stage.247grad.de\/wp-content\/uploads\/2026\/08\/2025-10_Areola_Risiken-150x150.png 150w, https:\/\/4beauty-website-stage.247grad.de\/wp-content\/uploads\/2026\/08\/2025-10_Areola_Risiken-300x300.png 300w, https:\/\/4beauty-website-stage.247grad.de\/wp-content\/uploads\/2026\/08\/2025-10_Areola_Risiken-768x768.png 768w, https:\/\/4beauty-website-stage.247grad.de\/wp-content\/uploads\/2026\/08\/2025-10_Areola_Risiken-12x12.png 12w, https:\/\/4beauty-website-stage.247grad.de\/wp-content\/uploads\/2026\/08\/2025-10_Areola_Risiken-120x120.png 120w, https:\/\/4beauty-website-stage.247grad.de\/wp-content\/uploads\/2026\/08\/2025-10_Areola_Risiken-40x40.png 40w, https:\/\/4beauty-website-stage.247grad.de\/wp-content\/uploads\/2026\/08\/2025-10_Areola_Risiken-80x80.png 80w, https:\/\/4beauty-website-stage.247grad.de\/wp-content\/uploads\/2026\/08\/2025-10_Areola_Risiken-160x160.png 160w, https:\/\/4beauty-website-stage.247grad.de\/wp-content\/uploads\/2026\/08\/2025-10_Areola_Risiken-500x500.png 500w\" sizes=\"auto, (max-width: 793px) 100vw, 793px\" \/><\/figure><\/div>\n\n\n\n<h2 class=\"wp-block-heading\" id=\"haufig-gestellte-fragen-zur-areola-korrektur\">Areola d\u00fczeltmeyle ilgili s\u0131k sorulan sorular<\/h2>\n\n\n\n<div data-wp-context=\"{ &quot;autoclose&quot;: false, &quot;accordionItems&quot;: [] }\" data-wp-interactive=\"core\/accordion\" role=\"group\" class=\"wp-block-accordion is-layout-flow wp-block-accordion-is-layout-flow\">\n<div data-wp-class--is-open=\"state.isOpen\" data-wp-context=\"{ &quot;id&quot;: &quot;accordion-item-1&quot;, &quot;openByDefault&quot;: false }\" data-wp-init=\"callbacks.initAccordionItems\" data-wp-on-window--hashchange=\"callbacks.hashChange\" class=\"wp-block-accordion-item is-layout-flow wp-block-accordion-item-is-layout-flow\">\n<h3 class=\"wp-block-accordion-heading\"><button aria-expanded=\"false\" aria-controls=\"accordion-item-1-panel\" data-wp-bind--aria-expanded=\"state.isOpen\" data-wp-on--click=\"actions.toggle\" id=\"accordion-item-1\" type=\"button\" class=\"wp-block-accordion-heading__toggle\"><span class=\"wp-block-accordion-heading__toggle-title\">Sadece meme ba\u015f\u0131 \u00e7evresini k\u00fc\u00e7\u00fcltmek m\u00fcmk\u00fcn m\u00fc?<\/span><span class=\"wp-block-accordion-heading__toggle-icon\" aria-hidden=\"true\">+<\/span><\/button><\/h3>\n\n\n\n<div aria-labelledby=\"accordion-item-1\" data-wp-bind--hidden=\"state.isHidden\" data-wp-on--beforematch=\"actions.handleBeforeMatch\" id=\"accordion-item-1-panel\" role=\"region\" class=\"wp-block-accordion-panel is-layout-flow wp-block-accordion-panel-is-layout-flow\">\n<p class=\"wp-block-paragraph\">Evet, meme ba\u015f\u0131 \u00e7evresinin tek ba\u015f\u0131na k\u00fc\u00e7\u00fclt\u00fclmesi m\u00fcmk\u00fcnd\u00fcr. Bu, genellikle lokal anestezi alt\u0131nda ger\u00e7ekle\u015ftirilebilen k\u00fc\u00e7\u00fck bir i\u015flemdir.<\/p>\n<\/div>\n<\/div>\n\n\n\n<div data-wp-class--is-open=\"state.isOpen\" data-wp-context=\"{ &quot;id&quot;: &quot;accordion-item-2&quot;, &quot;openByDefault&quot;: false }\" data-wp-init=\"callbacks.initAccordionItems\" data-wp-on-window--hashchange=\"callbacks.hashChange\" class=\"wp-block-accordion-item is-layout-flow wp-block-accordion-item-is-layout-flow\">\n<h3 class=\"wp-block-accordion-heading\"><button aria-expanded=\"false\" aria-controls=\"accordion-item-2-panel\" data-wp-bind--aria-expanded=\"state.isOpen\" data-wp-on--click=\"actions.toggle\" id=\"accordion-item-2\" type=\"button\" class=\"wp-block-accordion-heading__toggle\"><span class=\"wp-block-accordion-heading__toggle-title\">Meme ba\u015f\u0131 \u00e7evresi ne kadar b\u00fcy\u00fck olmal\u0131d\u0131r?<\/span><span class=\"wp-block-accordion-heading__toggle-icon\" aria-hidden=\"true\">+<\/span><\/button><\/h3>\n\n\n\n<div aria-labelledby=\"accordion-item-2\" data-wp-bind--hidden=\"state.isHidden\" data-wp-on--beforematch=\"actions.handleBeforeMatch\" id=\"accordion-item-2-panel\" role=\"region\" class=\"wp-block-accordion-panel is-layout-flow wp-block-accordion-panel-is-layout-flow\">\n<p class=\"wp-block-paragraph\">Evrensel olarak ge\u00e7erli bir \u201em\u00fckemmel\u201c boyut yoktur. Estetik a\u00e7\u0131dan, genellikle 3,8 ila 4,5 cm \u00e7ap\u0131 uyumlu bulunur. Ancak deneyimli bir cerrah, boyutu her zaman hastan\u0131n g\u00f6\u011f\u00fcs b\u00fcy\u00fckl\u00fc\u011f\u00fc ve \u015fekliyle orant\u0131l\u0131 olarak planlayacakt\u0131r.<\/p>\n<\/div>\n<\/div>\n\n\n\n<div data-wp-class--is-open=\"state.isOpen\" data-wp-context=\"{ &quot;id&quot;: &quot;accordion-item-3&quot;, &quot;openByDefault&quot;: false }\" data-wp-init=\"callbacks.initAccordionItems\" data-wp-on-window--hashchange=\"callbacks.hashChange\" class=\"wp-block-accordion-item is-layout-flow wp-block-accordion-item-is-layout-flow\">\n<h3 class=\"wp-block-accordion-heading\"><button aria-expanded=\"false\" aria-controls=\"accordion-item-3-panel\" data-wp-bind--aria-expanded=\"state.isOpen\" data-wp-on--click=\"actions.toggle\" id=\"accordion-item-3\" type=\"button\" class=\"wp-block-accordion-heading__toggle\"><span class=\"wp-block-accordion-heading__toggle-title\">Meme ba\u015f\u0131 \u00e7evresindeki yara izi \u00e7ok belirgin mi?<\/span><span class=\"wp-block-accordion-heading__toggle-icon\" aria-hidden=\"true\">+<\/span><\/button><\/h3>\n\n\n\n<div aria-labelledby=\"accordion-item-3\" data-wp-bind--hidden=\"state.isHidden\" data-wp-on--beforematch=\"actions.handleBeforeMatch\" id=\"accordion-item-3-panel\" role=\"region\" class=\"wp-block-accordion-panel is-layout-flow wp-block-accordion-panel-is-layout-flow\">\n<p class=\"wp-block-paragraph\">\u00c7o\u011fu durumda, meme ba\u015f\u0131 \u00e7evresindeki yara izi m\u00fckemmel bir \u015fekilde iyile\u015fir. Meme ba\u015f\u0131 ile \u00e7evresindeki cilt aras\u0131ndaki do\u011fal renk fark\u0131, ince yara izini neredeyse hi\u00e7 g\u00f6ze \u00e7arpmayan hale getiren bir t\u00fcr \u201ekamuflaj\u201c g\u00f6revi g\u00f6r\u00fcr.<\/p>\n<\/div>\n<\/div>\n<\/div>","protected":false},"excerpt":{"rendered":"<p>Areola (meme ba\u015f\u0131 \u00e7evresi), meme ba\u015f\u0131n\u0131n etraf\u0131ndaki pigmentli deri b\u00f6lgesidir; boyutu, \u015fekli ve konumu, meme ameliyatlar\u0131n\u0131n sonucunu etkiler.<\/p>","protected":false},"template":"","class_list":["post-582","glossary","type-glossary","status-publish","hentry"],"acf":[],"_links":{"self":[{"href":"https:\/\/4beauty-website-stage.247grad.de\/tr\/wp-json\/wp\/v2\/glossary\/582","targetHints":{"allow":["GET"]}}],"collection":[{"href":"https:\/\/4beauty-website-stage.247grad.de\/tr\/wp-json\/wp\/v2\/glossary"}],"about":[{"href":"https:\/\/4beauty-website-stage.247grad.de\/tr\/wp-json\/wp\/v2\/types\/glossary"}],"wp:attachment":[{"href":"https:\/\/4beauty-website-stage.247grad.de\/tr\/wp-json\/wp\/v2\/media?parent=582"}],"curies":[{"name":"wp","href":"https:\/\/api.w.org\/{rel}","templated":true}]}}