{"id":590,"date":"2026-08-20T17:05:08","date_gmt":"2026-08-20T15:05:08","guid":{"rendered":"https:\/\/4beauty-website-stage.247grad.de\/glossar\/biofiller\/"},"modified":"2026-08-28T11:45:23","modified_gmt":"2026-08-28T09:45:23","slug":"biofiller","status":"publish","type":"glossary","link":"https:\/\/4beauty-website-stage.247grad.de\/tr\/glossar\/biofiller\/","title":{"rendered":"Biyolojik dolgu maddesi"},"content":{"rendered":"<div class=\"wp-block-rank-math-toc-block\" id=\"rank-math-toc\"><h2>\u0130\u00e7indekiler<\/h2><nav><ul><li class=\"\"><a href=\"#definition-was-ist-ein-biofiller\">Tan\u0131m: Biofiller nedir?<\/a><\/li><li class=\"\"><a href=\"#wie-wird-der-biofiller-hergestellt-der-ablauf-in-3-schritten\">Biofiller nas\u0131l \u00fcretilir? 3 ad\u0131mda s\u00fcre\u00e7<\/a><\/li><li class=\"\"><a href=\"#wie-wirkt-der-biofiller-in-der-haut\">Biofiller ciltte nas\u0131l etki eder?<\/a><\/li><li class=\"\"><a href=\"#biofiller-vs-hyaluronsaure-ein-kritischer-vergleich\">Biofiller ve Hyaluronik Asit: Ele\u015ftirel Bir Kar\u015f\u0131la\u015ft\u0131rma<\/a><\/li><li class=\"\"><a href=\"#anwendungsbereiche-und-grenzen-der-behandlung\">Tedavinin uygulama alanlar\u0131 ve s\u0131n\u0131rlar\u0131<\/a><\/li><li class=\"\"><a href=\"#risiken-nebenwirkungen-wenn-naturlich-nicht-risikofrei-bedeutet\">Riskler ve Yan Etkiler: \u201eDo\u011fal\u201c\u0131n risksiz anlam\u0131na gelmedi\u011fi durumlar<\/a><\/li><li class=\"\"><a href=\"#was-kostet-eine-behandlung-mit-biofiller\">Biofiller ile tedavi ne kadara mal olur?<\/a><\/li><li class=\"\"><a href=\"#haufig-gestellte-fragen-faq-zum-biofiller\">Biofiller ile ilgili s\u0131k sorulan sorular (SSS)<\/a><\/li><\/ul><\/nav><\/div>\n\n\n\n<div class=\"wp-block-group is-style-boxed has-white-warm-background-color has-background is-layout-constrained wp-block-group-is-layout-constrained\">\n<p class=\"wp-block-paragraph\"><strong>\u00d6nemli uyar\u0131<\/strong><\/p>\n\n\n\n<p class=\"wp-block-paragraph\">Bu makale yaln\u0131zca bilgilendirme ama\u00e7l\u0131d\u0131r ve t\u0131bbi tan\u0131 veya tavsiyenin yerini almaz. Herhangi bir belirsizlik durumunda ve ki\u015fiye \u00f6zel bir tedavi plan\u0131 haz\u0131rlamak i\u00e7in, uzman bir hekimle g\u00f6r\u00fc\u015fmek \u015fartt\u0131r.<\/p>\n<\/div>\n\n\n\n<p class=\"wp-block-paragraph\">Do\u011fal bir estetik ve ki\u015finin kendi v\u00fccuduyla uyumlu tedavilere olan talep, estetik t\u0131pta giderek yayg\u0131nla\u015fan bir trenddir. Bu ba\u011flamda, \u201cbiyodolgular\u201d olarak da bilinen ve \u201cplazma dolgusu\u201d ad\u0131yla an\u0131lan \u00fcr\u00fcnler giderek daha pop\u00fcler hale gelmektedir. Bu \u00fcr\u00fcnler, k\u0131r\u0131\u015f\u0131kl\u0131k tedavisi ve hacim kazand\u0131rma vaat etmektedir. Bu jel, tamamen hastan\u0131n kendi kan\u0131ndan elde edilir ve hi\u00e7bir sentetik katk\u0131 maddesi i\u00e7ermez.<\/p>\n\n\n\n<p class=\"wp-block-paragraph\">Peki bu y\u00f6ntem tam olarak nas\u0131l i\u015fliyor, neler yapabilir ve \u2013 en \u00f6nemlisi \u2013 ger\u00e7ekten ne kadar g\u00fcvenlidir? Bu Glossar yaz\u0131m\u0131zda Biofiller\u2019i objektif bir \u015fekilde inceliyor, s\u00fcreci a\u00e7\u0131kl\u0131yor ve size olas\u0131l\u0131klar ve riskler konusunda ger\u00e7ek\u00e7i bir de\u011ferlendirme sunuyoruz.<\/p>\n\n\n\n<div class=\"wp-block-media-text is-stacked-on-mobile\"><figure class=\"wp-block-media-text__media\"><img loading=\"lazy\" decoding=\"async\" width=\"1024\" height=\"1024\" src=\"https:\/\/4beauty-website-stage.247grad.de\/wp-content\/uploads\/2026\/08\/2026-01_biofiller.png\" alt=\"Biyodolguyla tedavi\" class=\"wp-image-384 size-full\" srcset=\"https:\/\/4beauty-website-stage.247grad.de\/wp-content\/uploads\/2026\/08\/2026-01_biofiller.png 1024w, https:\/\/4beauty-website-stage.247grad.de\/wp-content\/uploads\/2026\/08\/2026-01_biofiller-150x150.png 150w, https:\/\/4beauty-website-stage.247grad.de\/wp-content\/uploads\/2026\/08\/2026-01_biofiller-300x300.png 300w, https:\/\/4beauty-website-stage.247grad.de\/wp-content\/uploads\/2026\/08\/2026-01_biofiller-768x768.png 768w, https:\/\/4beauty-website-stage.247grad.de\/wp-content\/uploads\/2026\/08\/2026-01_biofiller-12x12.png 12w, https:\/\/4beauty-website-stage.247grad.de\/wp-content\/uploads\/2026\/08\/2026-01_biofiller-120x120.png 120w, https:\/\/4beauty-website-stage.247grad.de\/wp-content\/uploads\/2026\/08\/2026-01_biofiller-40x40.png 40w, https:\/\/4beauty-website-stage.247grad.de\/wp-content\/uploads\/2026\/08\/2026-01_biofiller-80x80.png 80w, https:\/\/4beauty-website-stage.247grad.de\/wp-content\/uploads\/2026\/08\/2026-01_biofiller-160x160.png 160w, https:\/\/4beauty-website-stage.247grad.de\/wp-content\/uploads\/2026\/08\/2026-01_biofiller-500x500.png 500w, https:\/\/4beauty-website-stage.247grad.de\/wp-content\/uploads\/2026\/08\/2026-01_biofiller-1000x1000.png 1000w\" sizes=\"auto, (max-width: 1024px) 100vw, 1024px\" \/><\/figure><div class=\"wp-block-media-text__content\">\n<h2 class=\"wp-block-heading\" id=\"definition-was-ist-ein-biofiller\">Tan\u0131m: Biofiller nedir?<\/h2>\n\n<p class=\"wp-block-paragraph\">Bir <strong>Biyolojik dolgu maddesi<\/strong>, ayr\u0131ca <strong>Plazma Dolgu Maddesi<\/strong> veya <strong>PRF dolgu maddesi<\/strong> ad\u0131yla an\u0131lan bu madde, 0 % oran\u0131nda hastan\u0131n kendi kan\u0131ndan elde edilen jel benzeri bir dolgu maddesidir. Bu i\u015flemde, \u00f6zel bir y\u00f6ntemle kan plazmas\u0131ndan trombositler ve b\u00fcy\u00fcme fakt\u00f6rleri a\u00e7\u0131s\u0131ndan zengin bir jel \u00fcretilir.<\/p>\n\n<p class=\"wp-block-paragraph\">Bu otolog jel daha sonra klasik bir dermal dolgu maddesi gibi <a href=\"https:\/\/4beauty-website-stage.247grad.de\/tr\/soezluek\/enjeksiyon\/\">Dolgu<\/a> k\u0131r\u0131\u015f\u0131kl\u0131klar\u0131n giderilmesi, hacim kazand\u0131r\u0131lmas\u0131 veya cilt kalitesinin iyile\u015ftirilmesi amac\u0131yla kullan\u0131l\u0131r.<\/p>\n\n<div class=\"wp-block-buttons is-layout-flex wp-block-buttons-is-layout-flex\">\n<div class=\"wp-block-button\"><a class=\"wp-block-button__link wp-element-button\" href=\"https:\/\/4beauty-website-stage.247grad.de\/tr\/hizmet-bilgileri\/iletisim\/\">Ba\u011flay\u0131c\u0131 olmayan bir \u015fekilde ileti\u015fime ge\u00e7in<\/a><\/div>\n<\/div>\n<\/div><\/div>\n\n\n\n<h2 class=\"wp-block-heading\" id=\"wie-wird-der-biofiller-hergestellt-der-ablauf-in-3-schritten\">Biofiller nas\u0131l \u00fcretilir? 3 ad\u0131mda s\u00fcre\u00e7<\/h2>\n\n\n\n<p class=\"wp-block-paragraph\">Biofiller, tedaviden hemen \u00f6nce muayenehanede haz\u0131rlan\u0131r ve bu i\u015flem genellikle yakla\u015f\u0131k 30 ila 45 dakika s\u00fcrer.<\/p>\n\n\n\n<ol class=\"wp-block-list is-style-step-list\">\n<li><strong>1. Ad\u0131m: Kan al\u0131m\u0131<\/strong> Hastan\u0131n kol damar\u0131ndan, aile hekiminde yap\u0131lan normal bir kan al\u0131m\u0131na benzer \u015fekilde az miktarda kan al\u0131n\u0131r.<\/li>\n\n\n\n<li><strong>2. Ad\u0131m: Santrif\u00fcjleme ve i\u015fleme<\/strong> Kan, \u00f6zel t\u00fcplerde bir santrif\u00fcje konur. H\u0131zl\u0131 d\u00f6nme sayesinde kan\u0131n bile\u015fenleri birbirinden ayr\u0131l\u0131r: k\u0131rm\u0131z\u0131 kan h\u00fccreleri dibe \u00e7\u00f6kerken, \u00fcstte a\u00e7\u0131k sar\u0131 renkli kan plazmas\u0131 kal\u0131r. Biofiller i\u00e7in, trombosit a\u00e7\u0131s\u0131ndan zengin fibrin (PRF), trombositler ve b\u00fcy\u00fcme fakt\u00f6rleriyle birlikte bir fibrin p\u0131ht\u0131la\u015fma a\u011f\u0131 olu\u015fturan \u00f6zel bir santrif\u00fcjleme i\u015flemiyle elde edilir.<\/li>\n\n\n\n<li><strong>3. Ad\u0131m: Jelin haz\u0131rlanmas\u0131 ve enjeksiyon<\/strong> Elde edilen PRF p\u0131ht\u0131 a\u011f\u0131, kontroll\u00fc bir i\u015flemle jel benzeri, enjekte edilebilir bir k\u0131vama getirilir; bu k\u0131vam, v\u00fccudun kendi \u0131s\u0131s\u0131 veya gerekirse hafif bir \u0131s\u0131tma ile s\u0131v\u0131 hale getirilebilir. Tedaviyi ger\u00e7ekle\u015ftiren doktor veya alternatif t\u0131p uzman\u0131, bu haz\u0131r plazma jeli ince i\u011fneler yard\u0131m\u0131yla istenen b\u00f6lgelere enjekte edebilir.<\/li>\n<\/ol>\n\n\n\n<figure class=\"wp-block-image size-large\"><img loading=\"lazy\" decoding=\"async\" width=\"2560\" height=\"1396\" src=\"https:\/\/4beauty-website-stage.247grad.de\/wp-content\/uploads\/2026\/08\/2026-01_biofiller-herstellung-scaled.png\" alt=\"Biofiller&#039;in \u00fcretim s\u00fcreci\" class=\"wp-image-383\" srcset=\"https:\/\/4beauty-website-stage.247grad.de\/wp-content\/uploads\/2026\/08\/2026-01_biofiller-herstellung-scaled.png 2560w, https:\/\/4beauty-website-stage.247grad.de\/wp-content\/uploads\/2026\/08\/2026-01_biofiller-herstellung-1024x559.png 1024w, https:\/\/4beauty-website-stage.247grad.de\/wp-content\/uploads\/2026\/08\/2026-01_biofiller-herstellung-300x164.png 300w, https:\/\/4beauty-website-stage.247grad.de\/wp-content\/uploads\/2026\/08\/2026-01_biofiller-herstellung-768x419.png 768w, https:\/\/4beauty-website-stage.247grad.de\/wp-content\/uploads\/2026\/08\/2026-01_biofiller-herstellung-1536x838.png 1536w, https:\/\/4beauty-website-stage.247grad.de\/wp-content\/uploads\/2026\/08\/2026-01_biofiller-herstellung-2048x1117.png 2048w, https:\/\/4beauty-website-stage.247grad.de\/wp-content\/uploads\/2026\/08\/2026-01_biofiller-herstellung-18x10.png 18w, https:\/\/4beauty-website-stage.247grad.de\/wp-content\/uploads\/2026\/08\/2026-01_biofiller-herstellung-40x22.png 40w\" sizes=\"auto, (max-width: 2560px) 100vw, 2560px\" \/><\/figure>\n\n\n\n<h2 class=\"wp-block-heading\" id=\"wie-wirkt-der-biofiller-in-der-haut\">Biofiller ciltte nas\u0131l etki eder?<\/h2>\n\n\n\n<p class=\"wp-block-paragraph\"><strong>1. An\u0131nda hacim etkisi:<\/strong> Enjekte edilen jel, hyaluronik asit dolgu maddesine benzer \u015fekilde k\u0131r\u0131\u015f\u0131kl\u0131klar\u0131 ve hacim kay\u0131plar\u0131n\u0131 an\u0131nda doldurur. V\u00fccut jeli birka\u00e7 ay sonra par\u00e7alad\u0131\u011f\u0131 i\u00e7in bu do\u011frudan hacim etkisi ge\u00e7icidir. Ancak kolajen olu\u015fumu \u00fczerindeki biyostim\u00fclat\u00f6r etkisi daha uzun s\u00fcre devam eder.<\/p>\n\n\n\n<p class=\"wp-block-paragraph\"><strong>2. Biyostim\u00fclasyon:<\/strong> Bu, belirleyici ve uzun vadeli etkidir. PRF\u2019de y\u00fcksek konsantrasyonda bulunan b\u00fcy\u00fcme fakt\u00f6rleri, v\u00fccudun kendi yenilenme s\u00fcre\u00e7lerini uyar\u0131r ve fibroblastlar\u0131 (ba\u011f dokusu h\u00fccreleri) yeni kolajen ve elastin \u00fcretmeye te\u015fvik edebilir. Ancak etkinli\u011fin derecesi ki\u015fiden ki\u015fiye farkl\u0131l\u0131k g\u00f6sterir.<\/p>\n\n\n\n<h2 class=\"wp-block-heading\" id=\"biofiller-vs-hyaluronsaure-ein-kritischer-vergleich\">Biofiller ve Hyaluronik Asit: Ele\u015ftirel Bir Kar\u015f\u0131la\u015ft\u0131rma<\/h2>\n\n\n\n<figure class=\"wp-block-table\"><table class=\"has-fixed-layout\"><thead><tr><th>\u00d6zellik<\/th><th>Biofiller (Plazma Dolgu Maddesi)<\/th><th>Hyaluronik asit dolgu maddesi<\/th><\/tr><\/thead><tbody><tr><td>Malzeme<\/td><td>100 % kendi v\u00fccudundan al\u0131nan (otolog)<\/td><td>Sentetik olarak \u00fcretilmi\u015f, ancak do\u011fadaki ile ayn\u0131<\/td><\/tr><tr><td>Uyumluluk<\/td><td>M\u00fckemmel, herhangi bir alerjik reaksiyon g\u00f6r\u00fclmedi<\/td><td>\u00c7ok iyi, alerji vakalar\u0131 son derece nadirdir<\/td><\/tr><tr><td>Etki mekanizmas\u0131<\/td><td>Hacim + Biyostim\u00fclasyon (Kollajen Olu\u015fumu)<\/td><td>\u00d6ncelikle Hacim ve Nem Tutma<\/td><\/tr><tr><td>Kald\u0131rma kapasitesi<\/td><td>D\u00fc\u015f\u00fck, yumu\u015fak ge\u00e7i\u015fler i\u00e7in ideal<\/td><td>Y\u00fcksek, kontur olu\u015fturma i\u00e7in ideal (\u00e7ene, yanaklar)<\/td><\/tr><tr><td>Sonu\u00e7<\/td><td>Olduk\u00e7a do\u011fal, ancak tahmin edilmesi daha zor<\/td><td>Son derece hassas ve \u00f6ng\u00f6r\u00fclebilir<\/td><\/tr><tr><td>Raf \u00f6mr\u00fc<\/td><td>3\u20136 ay; yenileyici etkiler daha uzun s\u00fcrer<\/td><td>6\u201318 ay, \u00fcr\u00fcne ve b\u00f6lgeye g\u00f6re<\/td><\/tr><tr><td>\u00c7\u00f6z\u00fcn\u00fcrl\u00fck<\/td><td>Hedefli olarak \u00e7\u00f6z\u00fclemez<\/td><td>Hylase enzimi ile spesifik olarak par\u00e7alanabilir<\/td><\/tr><\/tbody><\/table><\/figure>\n\n\n\n<h2 class=\"wp-block-heading\" id=\"anwendungsbereiche-und-grenzen-der-behandlung\">Tedavinin uygulama alanlar\u0131 ve s\u0131n\u0131rlar\u0131<\/h2>\n\n\n\n<ul class=\"wp-block-list\">\n<li>Hafif ila orta dereceli k\u0131r\u0131\u015f\u0131kl\u0131klar\u0131n doldurulmas\u0131 (\u00f6rne\u011fin,. <a href=\"https:\/\/4beauty-website-stage.247grad.de\/tr\/soezluek\/nasolabialfalte\/\">Nazolabial k\u0131r\u0131\u015f\u0131kl\u0131klar<\/a>)<\/li>\n\n\n\n<li>G\u00f6z alt\u0131 morluklar\u0131 ve g\u00f6zya\u015f\u0131 izlerinin tedavisi<\/li>\n\n\n\n<li>Cilt kalitesinin iyile\u015ftirilmesi ve s\u0131k\u0131la\u015ft\u0131r\u0131lmas\u0131<\/li>\n\n\n\n<li>Yanaklarda do\u011fal ve yumu\u015fak bir dolgunluk etkisi<\/li>\n<\/ul>\n\n\n\n<p class=\"wp-block-paragraph\"><strong>\u00d6nemli s\u0131n\u0131rlar:<\/strong> Belirgin k\u0131r\u0131\u015f\u0131kl\u0131klar veya net bir kontur olu\u015fturma (\u00f6rn. \u00e7ene hatt\u0131, \u00e7ene dolgusu) i\u00e7in, hyaluronik asit dolgu maddeleri, daha y\u00fcksek stabiliteleri ve kald\u0131rma kapasiteleri nedeniyle genellikle daha iyi bir se\u00e7imdir.<\/p>\n\n\n\n<h2 class=\"wp-block-heading\" id=\"risiken-nebenwirkungen-wenn-naturlich-nicht-risikofrei-bedeutet\">Riskler ve Yan Etkiler: \u201eDo\u011fal\u201c\u0131n risksiz anlam\u0131na gelmedi\u011fi durumlar<\/h2>\n\n\n\n<div class=\"wp-block-group is-style-boxed is-layout-constrained wp-block-group-is-layout-constrained\">\n<p class=\"wp-block-paragraph\"><strong>\u00d6nemli g\u00fcvenlik uyar\u0131lar\u0131 ve riskler<\/strong><\/p>\n\n<ul class=\"wp-block-list\">\n<li><strong>S\u0131k g\u00f6r\u00fclen yan etkiler:<\/strong> Her enjeksiyonda oldu\u011fu gibi, \u015fi\u015flik, k\u0131zar\u0131kl\u0131k, hafif a\u011fr\u0131 ve k\u00fc\u00e7\u00fck morluklar (<a href=\"https:\/\/4beauty-website-stage.247grad.de\/tr\/soezluek\/haematom\/\">Hematomlar<\/a>) normaldir ve birka\u00e7 g\u00fcn i\u00e7inde ge\u00e7er.<\/li>\n\n\n\n<li><strong>S\u00fcre\u00e7 kaynakl\u0131 riskler:<\/strong> \u0130\u015flemin g\u00fcvenli\u011fi tamamen steril \u00e7al\u0131\u015fma ko\u015fullar\u0131na, cihazlar\u0131n kalitesine ve uygulay\u0131c\u0131n\u0131n deneyimine ba\u011fl\u0131d\u0131r. Hijyen kurallar\u0131na uyulmamas\u0131 durumunda, kan \u00fcr\u00fcnleriyle \u00e7al\u0131\u015f\u0131ld\u0131\u011f\u0131 i\u00e7in ciddi bir enfeksiyon riski ortaya \u00e7\u0131kar.<\/li>\n\n\n\n<li><strong>Uygulama riskleri:<\/strong> Deneyimsiz bir kullan\u0131c\u0131 taraf\u0131ndan yap\u0131lan hatal\u0131 bir enjeksiyon, asimetrilere, nod\u00fcl olu\u015fumuna veya d\u00fczensiz sonu\u00e7lara yol a\u00e7abilir.<\/li>\n\n\n\n<li><strong>Uzun vadeli verilerin eksikli\u011fi:<\/strong> On y\u0131llard\u0131r ara\u015ft\u0131r\u0131lan hyaluronik aside k\u0131yasla, Biofiller daha yeni bir y\u00f6ntemdir. G\u00fcvenlik ve etkinlik konusunda kapsaml\u0131 uzun vadeli \u00e7al\u0131\u015fmalar hen\u00fcz tamamlanmam\u0131\u015ft\u0131r; ancak ilk klinik deneyimler umut verici sonu\u00e7lar g\u00f6stermektedir.<\/li>\n<\/ul>\n<\/div>\n\n\n\n<p class=\"wp-block-paragraph\">Bu nedenle, kendi kan\u0131 ile tedavi konusunda kan\u0131tlanm\u0131\u015f deneyime sahip, nitelikli bir doktor veya alternatif t\u0131p uzman\u0131 se\u00e7mek hayati \u00f6nem ta\u015f\u0131maktad\u0131r.<\/p>\n\n\n\n<p class=\"wp-block-paragraph\">Ayr\u0131ca bir <a href=\"https:\/\/4beauty-website-stage.247grad.de\/tr\/sonraki-masraf-sigortasi\/\">Sonras\u0131 Maliyet Sigortas\u0131<\/a> Hastalara ek bir g\u00fcvence sa\u011flayabilir: Beklenmedik t\u0131bbi komplikasyonlar ortaya \u00e7\u0131kt\u0131\u011f\u0131nda ve bunlar\u0131n tedavisi i\u00e7in normal sa\u011fl\u0131k sigortas\u0131 taraf\u0131ndan kar\u015f\u0131lanmayan ek masraflar ortaya \u00e7\u0131kt\u0131\u011f\u0131nda devreye girer.<\/p>\n\n\n\n<div class=\"wp-block-buttons is-layout-flex wp-block-buttons-is-layout-flex\">\n<div class=\"wp-block-button\"><a class=\"wp-block-button__link wp-element-button\" href=\"https:\/\/4beauty-website-stage.247grad.de\/tr\/hizmet-bilgileri\/iletisim\/\">Ba\u011flay\u0131c\u0131 olmayan bir \u015fekilde ileti\u015fime ge\u00e7in<\/a><\/div>\n<\/div>\n\n\n\n<h2 class=\"wp-block-heading\" id=\"was-kostet-eine-behandlung-mit-biofiller\">Biofiller ile tedavi ne kadara mal olur?<\/h2>\n\n\n\n<div class=\"wp-block-group is-style-boxed has-white-warm-background-color has-background is-layout-constrained wp-block-group-is-layout-constrained\">\n<p class=\"wp-block-paragraph\"><strong>Biofiller tedavisi maliyeti<\/strong><\/p>\n\n<p class=\"wp-block-paragraph\">Biofiller tedavisinin maliyeti, \u00fcretim s\u00fcrecinin daha karma\u015f\u0131k olmas\u0131 nedeniyle salt PRP tedavisininkinden daha y\u00fcksektir. Bu maliyet, muayenehaneye, b\u00f6lgeye ve gerekli miktara g\u00f6re de\u011fi\u015fiklik g\u00f6sterir.<\/p>\n\n<p class=\"wp-block-paragraph\">Ortalama olarak, <strong>Seans ba\u015f\u0131na 400 \u20ac ve 800 \u20ac<\/strong> hesaplamak.<\/p>\n<\/div>\n\n\n\n<h2 class=\"wp-block-heading\" id=\"haufig-gestellte-fragen-faq-zum-biofiller\">Biofiller ile ilgili s\u0131k sorulan sorular (SSS)<\/h2>\n\n\n\n<div data-wp-context=\"{ &quot;autoclose&quot;: false, &quot;accordionItems&quot;: [] }\" data-wp-interactive=\"core\/accordion\" role=\"group\" class=\"wp-block-accordion is-layout-flow wp-block-accordion-is-layout-flow\">\n<div data-wp-class--is-open=\"state.isOpen\" data-wp-context=\"{ &quot;id&quot;: &quot;accordion-item-1&quot;, &quot;openByDefault&quot;: false }\" data-wp-init=\"callbacks.initAccordionItems\" data-wp-on-window--hashchange=\"callbacks.hashChange\" class=\"wp-block-accordion-item is-layout-flow wp-block-accordion-item-is-layout-flow\">\n<h3 class=\"wp-block-accordion-heading\"><button aria-expanded=\"false\" aria-controls=\"accordion-item-1-panel\" data-wp-bind--aria-expanded=\"state.isOpen\" data-wp-on--click=\"actions.toggle\" id=\"accordion-item-1\" type=\"button\" class=\"wp-block-accordion-heading__toggle\"><span class=\"wp-block-accordion-heading__toggle-title\">Tedavi a\u011fr\u0131l\u0131 m\u0131d\u0131r?<\/span><span class=\"wp-block-accordion-heading__toggle-icon\" aria-hidden=\"true\">+<\/span><\/button><\/h3>\n\n\n\n<div aria-labelledby=\"accordion-item-1\" data-wp-bind--hidden=\"state.isHidden\" data-wp-on--beforematch=\"actions.handleBeforeMatch\" id=\"accordion-item-1-panel\" role=\"region\" class=\"wp-block-accordion-panel is-layout-flow wp-block-accordion-panel-is-layout-flow\">\n<p class=\"wp-block-paragraph\">Kan al\u0131m\u0131 k\u0131sa bir i\u011fne batmas\u0131 gibidir. Enjeksiyonlar rahats\u0131z edici gelebilir, bu nedenle cilde genellikle uyu\u015fturucu krem s\u00fcr\u00fcl\u00fcr.<\/p>\n<\/div>\n<\/div>\n\n\n\n<div data-wp-class--is-open=\"state.isOpen\" data-wp-context=\"{ &quot;id&quot;: &quot;accordion-item-2&quot;, &quot;openByDefault&quot;: false }\" data-wp-init=\"callbacks.initAccordionItems\" data-wp-on-window--hashchange=\"callbacks.hashChange\" class=\"wp-block-accordion-item is-layout-flow wp-block-accordion-item-is-layout-flow\">\n<h3 class=\"wp-block-accordion-heading\"><button aria-expanded=\"false\" aria-controls=\"accordion-item-2-panel\" data-wp-bind--aria-expanded=\"state.isOpen\" data-wp-on--click=\"actions.toggle\" id=\"accordion-item-2\" type=\"button\" class=\"wp-block-accordion-heading__toggle\"><span class=\"wp-block-accordion-heading__toggle-title\">Vampir Lifting (PRP) ile aras\u0131ndaki fark nedir?<\/span><span class=\"wp-block-accordion-heading__toggle-icon\" aria-hidden=\"true\">+<\/span><\/button><\/h3>\n\n\n\n<div aria-labelledby=\"accordion-item-2\" data-wp-bind--hidden=\"state.isHidden\" data-wp-on--beforematch=\"actions.handleBeforeMatch\" id=\"accordion-item-2-panel\" role=\"region\" class=\"wp-block-accordion-panel is-layout-flow wp-block-accordion-panel-is-layout-flow\">\n<p class=\"wp-block-paragraph\">Vampir Lifting\u2019de, cilt kalitesini iyile\u015ftirmek amac\u0131yla s\u0131v\u0131, trombosit a\u00e7\u0131s\u0131ndan zengin plazma (PRP) cildin y\u00fczeyine enjekte edilir veya mikroi\u011fneleme yoluyla cilde uygulan\u0131r. Biofiller uygulamas\u0131nda ise plazma (PRF), hacim kazand\u0131rabilen k\u0131vaml\u0131 bir jel haline getirilir.<\/p>\n<\/div>\n<\/div>\n\n\n\n<div data-wp-class--is-open=\"state.isOpen\" data-wp-context=\"{ &quot;id&quot;: &quot;accordion-item-3&quot;, &quot;openByDefault&quot;: false }\" data-wp-init=\"callbacks.initAccordionItems\" data-wp-on-window--hashchange=\"callbacks.hashChange\" class=\"wp-block-accordion-item is-layout-flow wp-block-accordion-item-is-layout-flow\">\n<h3 class=\"wp-block-accordion-heading\"><button aria-expanded=\"false\" aria-controls=\"accordion-item-3-panel\" data-wp-bind--aria-expanded=\"state.isOpen\" data-wp-on--click=\"actions.toggle\" id=\"accordion-item-3\" type=\"button\" class=\"wp-block-accordion-heading__toggle\"><span class=\"wp-block-accordion-heading__toggle-title\">Ka\u00e7 seans tedavi gerekir?<\/span><span class=\"wp-block-accordion-heading__toggle-icon\" aria-hidden=\"true\">+<\/span><\/button><\/h3>\n\n\n\n<div aria-labelledby=\"accordion-item-3\" data-wp-bind--hidden=\"state.isHidden\" data-wp-on--beforematch=\"actions.handleBeforeMatch\" id=\"accordion-item-3-panel\" role=\"region\" class=\"wp-block-accordion-panel is-layout-flow wp-block-accordion-panel-is-layout-flow\">\n<p class=\"wp-block-paragraph\">G\u00f6r\u00fcn\u00fcr ve daha uzun s\u00fcreli bir etki elde etmek i\u00e7in genellikle yakla\u015f\u0131k 4-6 haftal\u0131k aral\u0131klarla 2-3 seans \u00f6nerilir. Bundan sonra y\u0131ll\u0131k tazeleme seanslar\u0131 yeterlidir.<\/p>\n<\/div>\n<\/div>\n\n\n\n<div data-wp-class--is-open=\"state.isOpen\" data-wp-context=\"{ &quot;id&quot;: &quot;accordion-item-4&quot;, &quot;openByDefault&quot;: false }\" data-wp-init=\"callbacks.initAccordionItems\" data-wp-on-window--hashchange=\"callbacks.hashChange\" class=\"wp-block-accordion-item is-layout-flow wp-block-accordion-item-is-layout-flow\">\n<h3 class=\"wp-block-accordion-heading\"><button aria-expanded=\"false\" aria-controls=\"accordion-item-4-panel\" data-wp-bind--aria-expanded=\"state.isOpen\" data-wp-on--click=\"actions.toggle\" id=\"accordion-item-4\" type=\"button\" class=\"wp-block-accordion-heading__toggle\"><span class=\"wp-block-accordion-heading__toggle-title\">Biofiller'in etkisi ne kadar s\u00fcrer?<\/span><span class=\"wp-block-accordion-heading__toggle-icon\" aria-hidden=\"true\">+<\/span><\/button><\/h3>\n\n\n\n<div aria-labelledby=\"accordion-item-4\" data-wp-bind--hidden=\"state.isHidden\" data-wp-on--beforematch=\"actions.handleBeforeMatch\" id=\"accordion-item-4-panel\" role=\"region\" class=\"wp-block-accordion-panel is-layout-flow wp-block-accordion-panel-is-layout-flow\">\n<p class=\"wp-block-paragraph\">Jelin do\u011frudan hacim kazand\u0131r\u0131c\u0131 etkisi yakla\u015f\u0131k 3 ila 6 ay s\u00fcrer. Ancak kolajen \u00fcretimini te\u015fvik edici etkisi ve bununla ba\u011flant\u0131l\u0131 cilt iyile\u015fmesi \u00e7ok daha uzun s\u00fcre devam eder.<\/p>\n<\/div>\n<\/div>\n\n\n\n<div data-wp-class--is-open=\"state.isOpen\" data-wp-context=\"{ &quot;id&quot;: &quot;accordion-item-5&quot;, &quot;openByDefault&quot;: false }\" data-wp-init=\"callbacks.initAccordionItems\" data-wp-on-window--hashchange=\"callbacks.hashChange\" class=\"wp-block-accordion-item is-layout-flow wp-block-accordion-item-is-layout-flow\">\n<h3 class=\"wp-block-accordion-heading\"><button aria-expanded=\"false\" aria-controls=\"accordion-item-5-panel\" data-wp-bind--aria-expanded=\"state.isOpen\" data-wp-on--click=\"actions.toggle\" id=\"accordion-item-5\" type=\"button\" class=\"wp-block-accordion-heading__toggle\"><span class=\"wp-block-accordion-heading__toggle-title\">Tedavi edilmemesi gereken ki\u015filer var m\u0131?<\/span><span class=\"wp-block-accordion-heading__toggle-icon\" aria-hidden=\"true\">+<\/span><\/button><\/h3>\n\n\n\n<div aria-labelledby=\"accordion-item-5\" data-wp-bind--hidden=\"state.isHidden\" data-wp-on--beforematch=\"actions.handleBeforeMatch\" id=\"accordion-item-5-panel\" role=\"region\" class=\"wp-block-accordion-panel is-layout-flow wp-block-accordion-panel-is-layout-flow\">\n<p class=\"wp-block-paragraph\">Evet. Kontrendikasyonlar aras\u0131nda kan p\u0131ht\u0131la\u015fma bozukluklar\u0131, akut veya kronik enfeksiyon hastal\u0131klar\u0131, kanser hastal\u0131klar\u0131 ve otoimm\u00fcn hastal\u0131klar say\u0131labilir. Hamilelik ve emzirme d\u00f6nemlerinde risklerin bireysel olarak de\u011ferlendirilmesi gerekir ve bu durumlar her zaman tedavi eden hekimle g\u00f6r\u00fc\u015f\u00fclmelidir.<\/p>\n<\/div>\n<\/div>\n<\/div>","protected":false},"excerpt":{"rendered":"<p>Biofiller, di\u011fer ad\u0131yla Plazma Filler, hastan\u0131n kendi kan\u0131ndan elde edilen ve sentetik katk\u0131 maddeleri i\u00e7ermeyen, k\u0131r\u0131\u015f\u0131kl\u0131klar\u0131 tedavi eden ve hacim kazand\u0131ran bir jeldir.<\/p>","protected":false},"template":"","class_list":["post-590","glossary","type-glossary","status-publish","hentry"],"acf":[],"_links":{"self":[{"href":"https:\/\/4beauty-website-stage.247grad.de\/tr\/wp-json\/wp\/v2\/glossary\/590","targetHints":{"allow":["GET"]}}],"collection":[{"href":"https:\/\/4beauty-website-stage.247grad.de\/tr\/wp-json\/wp\/v2\/glossary"}],"about":[{"href":"https:\/\/4beauty-website-stage.247grad.de\/tr\/wp-json\/wp\/v2\/types\/glossary"}],"wp:attachment":[{"href":"https:\/\/4beauty-website-stage.247grad.de\/tr\/wp-json\/wp\/v2\/media?parent=590"}],"curies":[{"name":"wp","href":"https:\/\/api.w.org\/{rel}","templated":true}]}}