{"id":595,"date":"2026-08-20T17:05:12","date_gmt":"2026-08-20T15:05:12","guid":{"rendered":"https:\/\/4beauty-website-stage.247grad.de\/glossar\/bodylifting\/"},"modified":"2026-08-28T11:45:23","modified_gmt":"2026-08-28T09:45:23","slug":"vuecut-germe","status":"publish","type":"glossary","link":"https:\/\/4beauty-website-stage.247grad.de\/tr\/glossar\/bodylifting\/","title":{"rendered":"V\u00fccut Germe"},"content":{"rendered":"<div class=\"wp-block-rank-math-toc-block\" id=\"rank-math-toc\"><h2>\u0130\u00e7indekiler<\/h2><nav><ul><li class=\"\"><a href=\"#definition-was-ist-ein-bodylifting\">Tan\u0131m: V\u00fccut germe nedir?<\/a><\/li><li class=\"\"><a href=\"#fur-wen-ist-ein-bodylifting-geeignet\">V\u00fccut germe ameliyat\u0131 kimler i\u00e7in uygundur?<\/a><\/li><li class=\"\"><a href=\"#die-zwei-hauptkomponenten-eines-bodyliftings\">V\u00fccut germe ameliyat\u0131n\u0131n iki ana bile\u015feni<\/a><\/li><li class=\"\"><a href=\"#ablauf-heilung-und-risiken-des-grosseingriffs\">B\u00fcy\u00fck ameliyat\u0131n seyri, iyile\u015fme s\u00fcreci ve riskleri<\/a><\/li><li class=\"\"><a href=\"#die-realitat-der-narben-der-bleibende-preis-fur-einen-neuen-korper\">Yara izlerinin ger\u00e7e\u011fi: Yeni bir v\u00fccut i\u00e7in \u00f6denen kal\u0131c\u0131 bedel<\/a><\/li><li class=\"\"><a href=\"#kosten-und-die-frage-der-kostenubernahme\">Maliyetler ve masraflar\u0131n kar\u015f\u0131lanmas\u0131 konusu<\/a><\/li><li class=\"\"><a href=\"#haufig-gestellte-fragen-zum-bodylifting\">V\u00fccut germe ameliyat\u0131 hakk\u0131nda s\u0131k sorulan sorular<\/a><\/li><\/ul><\/nav><\/div>\n\n\n\n<div class=\"wp-block-group is-style-boxed has-white-warm-background-color has-background is-layout-constrained wp-block-group-is-layout-constrained\">\n<p class=\"wp-block-paragraph\"><strong>\u00d6nemli uyar\u0131<\/strong><\/p>\n\n\n\n<p class=\"wp-block-paragraph\">Bu makale yaln\u0131zca bilgilendirme ama\u00e7l\u0131d\u0131r ve t\u0131bbi tan\u0131 veya tavsiyenin yerini almaz. Herhangi bir belirsizlik durumunda ve ki\u015fiye \u00f6zel bir tedavi plan\u0131 haz\u0131rlamak i\u00e7in, uzman bir hekimle g\u00f6r\u00fc\u015fmek \u015fartt\u0131r.<\/p>\n<\/div>\n\n\n\n<p class=\"wp-block-paragraph\">Etkileyici bir kilo kayb\u0131n\u0131n ard\u0131ndan bir\u00e7ok ki\u015fi i\u00e7in yeni bir hayat ba\u015flar \u2013 ancak \u00e7o\u011fu zaman ac\u0131 verici bir sorun kal\u0131r: sadece estetik a\u00e7\u0131dan rahats\u0131zl\u0131k vermekle kalmay\u0131p, ayn\u0131 zamanda i\u015flevsel sorunlara da yol a\u00e7abilen b\u00fcy\u00fck miktarda fazla ve sark\u0131k cilt. \u0130\u015fte burada devreye v\u00fccut germe ameliyat\u0131 girer; bu, v\u00fccuda eski hatlar\u0131n\u0131 geri kazand\u0131rmay\u0131 ama\u00e7layan, obezite cerrahisi sonras\u0131 uygulanan kapsaml\u0131 bir i\u015flemdir.<\/p>\n\n\n\n<p class=\"wp-block-paragraph\">V\u00fccut germe ameliyat\u0131 tek bir ameliyat de\u011fil, hayat\u0131n\u0131z\u0131 k\u00f6kten de\u011fi\u015ftirecek b\u00fcy\u00fck bir s\u00fcre\u00e7tir. Bu k\u0131lavuzda, v\u00fccut germe ameliyat\u0131n\u0131n hangi a\u015famalardan olu\u015ftu\u011funu, ger\u00e7ek\u00e7i olarak neler bekleyebilece\u011finizi ve bu t\u00fcr bir m\u00fcdahalenin getirece\u011fi sonu\u00e7lar\u0131, sistematik ve anlay\u0131\u015fl\u0131 bir \u015fekilde a\u00e7\u0131kl\u0131yoruz.<\/p>\n\n\n\n<div class=\"wp-block-media-text is-stacked-on-mobile\"><figure class=\"wp-block-media-text__media\"><img loading=\"lazy\" decoding=\"async\" width=\"1024\" height=\"932\" src=\"https:\/\/4beauty-website-stage.247grad.de\/wp-content\/uploads\/2026\/08\/2026-02_bodylifting.png\" alt=\"V\u00fccut germe ameliyat\u0131na haz\u0131rl\u0131k\" class=\"wp-image-398 size-full\" srcset=\"https:\/\/4beauty-website-stage.247grad.de\/wp-content\/uploads\/2026\/08\/2026-02_bodylifting.png 1024w, https:\/\/4beauty-website-stage.247grad.de\/wp-content\/uploads\/2026\/08\/2026-02_bodylifting-300x273.png 300w, https:\/\/4beauty-website-stage.247grad.de\/wp-content\/uploads\/2026\/08\/2026-02_bodylifting-768x699.png 768w, https:\/\/4beauty-website-stage.247grad.de\/wp-content\/uploads\/2026\/08\/2026-02_bodylifting-13x12.png 13w, https:\/\/4beauty-website-stage.247grad.de\/wp-content\/uploads\/2026\/08\/2026-02_bodylifting-40x36.png 40w\" sizes=\"auto, (max-width: 1024px) 100vw, 1024px\" \/><\/figure><div class=\"wp-block-media-text__content\">\n<h2 class=\"wp-block-heading\" id=\"definition-was-ist-ein-bodylifting\">Tan\u0131m: V\u00fccut germe nedir?<\/h2>\n\n<p class=\"wp-block-paragraph\">V\u00fccut germe ya da tam v\u00fccut germe, tek bir ameliyat de\u011fil, v\u00fccudun farkl\u0131 b\u00f6lgelerinde ger\u00e7ekle\u015ftirilen \u00e7e\u015fitli germe ameliyatlar\u0131n\u0131 bir araya getiren kapsaml\u0131 bir estetik cerrahi yakla\u015f\u0131m\u0131d\u0131r.<\/p>\n\n<p class=\"wp-block-paragraph\">Ama\u00e7, genellikle ciddi bir kilo kayb\u0131n\u0131n ard\u0131ndan ortaya \u00e7\u0131kan a\u015f\u0131r\u0131 deri ve doku fazlal\u0131klar\u0131n\u0131n giderilmesidir. V\u00fccut germe ameliyat\u0131, v\u00fccuda binen y\u00fck\u00fc ve riskleri en aza indirmek i\u00e7in neredeyse her zaman zaman aral\u0131kl\u0131 olarak birka\u00e7 ameliyat seans\u0131nda ger\u00e7ekle\u015ftirilir.<\/p>\n\n<div class=\"wp-block-buttons is-layout-flex wp-block-buttons-is-layout-flex\">\n<div class=\"wp-block-button\"><a class=\"wp-block-button__link wp-element-button\" href=\"https:\/\/4beauty-website-stage.247grad.de\/tr\/hizmet-bilgileri\/iletisim\/\">Ba\u011flay\u0131c\u0131 olmayan bir \u015fekilde ileti\u015fime ge\u00e7in<\/a><\/div>\n<\/div>\n<\/div><\/div>\n\n\n\n<h2 class=\"wp-block-heading\" id=\"fur-wen-ist-ein-bodylifting-geeignet\">V\u00fccut germe ameliyat\u0131 kimler i\u00e7in uygundur?<\/h2>\n\n\n\n<div class=\"wp-block-group is-style-boxed has-apricot-light-background-color has-background is-layout-constrained wp-block-group-is-layout-constrained\">\n<p class=\"wp-block-paragraph\"><strong>V\u00fccut germe ameliyat\u0131 i\u00e7in tipik adaylar<\/strong><\/p>\n\n<ul class=\"wp-block-list\">\n<li>\u00f6nemli \u00f6l\u00e7\u00fcde kilo vermi\u015f (genellikle 40-50 kg veya daha fazla) olmak<\/li>\n\n\n\n<li>en az 6-12 ayd\u0131r yeni kilolar\u0131n\u0131 sabit tutmak<\/li>\n\n\n\n<li>ciltte sarkma sorunu ya\u015fayan ve bu durumun cilt tahri\u015fine, hareket k\u0131s\u0131tl\u0131l\u0131\u011f\u0131na veya ciddi psikolojik s\u0131k\u0131nt\u0131ya yol a\u00e7t\u0131\u011f\u0131 ki\u015filer<\/li>\n\n\n\n<li>Sigara i\u00e7meyen ve genel sa\u011fl\u0131k durumu iyi olan ki\u015filer<\/li>\n<\/ul>\n<\/div>\n\n\n\n<h2 class=\"wp-block-heading\" id=\"die-zwei-hauptkomponenten-eines-bodyliftings\">V\u00fccut germe ameliyat\u0131n\u0131n iki ana bile\u015feni<\/h2>\n\n\n\n<p class=\"wp-block-paragraph\">\u0130\u015flemi planlanabilir ve daha g\u00fcvenli hale getirmek i\u00e7in, v\u00fccut germe ameliyat\u0131 genellikle birka\u00e7 ay arayla ger\u00e7ekle\u015ftirilen iki b\u00fcy\u00fck a\u015famaya b\u00f6l\u00fcn\u00fcr:<\/p>\n\n\n\n<div class=\"wp-block-group is-layout-grid wp-container-core-group-is-layout-bb0cbca6 wp-block-group-is-layout-grid\">\n<div class=\"wp-block-group is-style-boxed has-white-warm-background-color has-background is-layout-constrained wp-block-group-is-layout-constrained\">\n<p class=\"wp-block-paragraph\"><strong>Alt V\u00fccut Germe Ameliyat\u0131<\/strong><\/p>\n\n<p class=\"wp-block-paragraph\">Bu, genellikle ilk ve en \u00f6nemli ad\u0131md\u0131r; zira kar\u0131n b\u00f6lgesindeki fazla deri en belirgin \u015fekilde g\u00f6r\u00fcl\u00fcr. Genellikle \u015funlar\u0131 bir araya getirir:<br><br> <strong>Dairesel kar\u0131n germe ameliyat\u0131:<\/strong> Normal bir durumun aksine <a href=\"https:\/\/4beauty-website-stage.247grad.de\/tr\/soezluek\/abdominoplastik\/\">Kar\u0131n Germe Ameliyat\u0131<\/a> Burada g\u00f6vdenin tamam\u0131 \u00e7evresinde dairesel bir kesi yap\u0131l\u0131r. Bu sayede kar\u0131n b\u00f6lgesindeki \u201eya\u011f tabakas\u0131\u201cn\u0131n al\u0131nmas\u0131, yanlar\u0131n ve belin s\u0131k\u0131la\u015ft\u0131r\u0131lmas\u0131 ile kal\u00e7alar\u0131n kald\u0131r\u0131lmas\u0131 tek bir i\u015flemde ger\u00e7ekle\u015ftirilebilir.<br><br> <strong>Uyluk germe:<\/strong> Uyluklar\u0131n i\u00e7 ve\/veya d\u0131\u015f taraflar\u0131ndaki fazla derinin al\u0131nmas\u0131.<\/p>\n<\/div>\n\n<div class=\"wp-block-group is-style-boxed has-white-warm-background-color has-background is-layout-constrained wp-block-group-is-layout-constrained\">\n<p class=\"wp-block-paragraph\"><strong>\u00dcst V\u00fccut Germe Ameliyat\u0131<\/strong><\/p>\n\n<p class=\"wp-block-paragraph\">Bu ikinci b\u00fcy\u00fck m\u00fcdahale, v\u00fccudun \u00fcst k\u0131s\u0131mlar\u0131n\u0131 hedef almaktad\u0131r:<br><br> <strong>G\u00f6\u011f\u00fcs germe (mastopeksi):<\/strong> Bir <a href=\"https:\/\/4beauty-website-stage.247grad.de\/tr\/soezluek\/bruststraffung\/\">G\u00f6\u011f\u00fcs germe<\/a> Kilo kayb\u0131n\u0131n ard\u0131ndan genellikle olduk\u00e7a sarkm\u0131\u015f olan g\u00f6\u011f\u00fcsleri dikle\u015ftirir ve yeniden \u015fekillendirir. Kad\u0131nlarda bu i\u015flem bir implantla birle\u015ftirilebilir.<br><br> <strong>\u00dcst kol germe ameliyat\u0131 (brakioplasti):<\/strong> \u201eKol k\u0131vr\u0131mlar\u0131n\u0131\u201c, yani \u00fcst kollar\u0131n i\u00e7 k\u0131sm\u0131ndaki sark\u0131k deriyi giderir.<br><br> <strong>\u00dcst s\u0131rt germe ameliyat\u0131:<\/strong> G\u00f6\u011f\u00fcs duvar\u0131n\u0131n yan b\u00f6lgelerinde ve s\u0131rtta bulunan fazla deriyi al\u0131r (genellikle \u201e\u00e7am a\u011fac\u0131 germe\u201c olarak adland\u0131r\u0131l\u0131r).<\/p>\n<\/div>\n<\/div>\n\n\n\n<h2 class=\"wp-block-heading\" id=\"ablauf-heilung-und-risiken-des-grosseingriffs\">B\u00fcy\u00fck ameliyat\u0131n seyri, iyile\u015fme s\u00fcreci ve riskleri<\/h2>\n\n\n\n<p class=\"wp-block-paragraph\">V\u00fccut germe ameliyat\u0131, estetik cerrahide en zorlu ameliyatlardan biridir.<\/p>\n\n\n\n<div class=\"wp-block-group is-layout-grid wp-container-core-group-is-layout-0ddedb66 wp-block-group-is-layout-grid\">\n<div class=\"wp-block-group is-style-boxed has-white-warm-background-color has-background is-layout-constrained wp-block-group-is-layout-constrained\">\n<p class=\"wp-block-paragraph\"><strong>S\u00fcre\u00e7<\/strong><\/p>\n\n<p class=\"wp-block-paragraph\">Her ameliyat a\u015famas\u0131 birka\u00e7 saat s\u00fcrer ve genel anestezi alt\u0131nda ger\u00e7ekle\u015ftirilir; ard\u0131ndan birka\u00e7 g\u00fcn s\u00fcrecek bir hastanede kal\u0131\u015f d\u00f6nemi gelir.<\/p>\n<\/div>\n\n<div class=\"wp-block-group is-style-boxed has-white-warm-background-color has-background is-layout-constrained wp-block-group-is-layout-constrained\">\n<p class=\"wp-block-paragraph\"><strong>\u0130yile\u015fme<\/strong><\/p>\n\n<p class=\"wp-block-paragraph\">\u0130yile\u015fme s\u00fcreci uzun ve zorludur. 6-8 hafta boyunca \u00f6zel kompresyon giysileri giyilmesi zorunludur. \u0130lk g\u00fcnlerde yara s\u0131v\u0131s\u0131n\u0131 bo\u015faltmak i\u00e7in drenajlar gereklidir. Her bir i\u015flem i\u00e7in iyile\u015fme s\u00fcresi en az 6-12 haftad\u0131r.<\/p>\n<\/div>\n\n<div class=\"wp-block-group is-style-boxed has-white-warm-background-color has-background is-layout-constrained wp-block-group-is-layout-constrained\">\n<p class=\"wp-block-paragraph\"><strong>Riskler<\/strong><\/p>\n\n<p class=\"wp-block-paragraph\">Ameliyat s\u00fcresinin uzun olmas\u0131 ve yara alanlar\u0131n\u0131n geni\u015f olmas\u0131 nedeniyle riskler artmaktad\u0131r. Bunlar aras\u0131nda \u00f6zellikle tromboz, emboli, yara iyile\u015fme bozukluklar\u0131, enfeksiyonlar ve estetik a\u00e7\u0131dan ho\u015f olmayan yara izleri yer almaktad\u0131r.<\/p>\n<\/div>\n<\/div>\n\n\n\n<p class=\"wp-block-paragraph\">Bu ciddi riskler g\u00f6z \u00f6n\u00fcne al\u0131nd\u0131\u011f\u0131nda, olas\u0131 takip tedavilerinin mali g\u00fcvence alt\u0131na al\u0131nmas\u0131 son derece \u00f6nemlidir. \u0130\u015flemden \u00f6nce yap\u0131lan bir <a href=\"https:\/\/4beauty-website-stage.247grad.de\/tr\/sonraki-masraf-sigortasi\/\"><strong>Sonras\u0131 Maliyet Sigortas\u0131<\/strong><\/a> Sizi, t\u0131bbi a\u00e7\u0131dan gerekli d\u00fczeltme ameliyatlar\u0131n\u0131n y\u00fcksek maliyetlerinden koruyabilir.<\/p>\n\n\n\n<h2 class=\"wp-block-heading\" id=\"die-realitat-der-narben-der-bleibende-preis-fur-einen-neuen-korper\">Yara izlerinin ger\u00e7e\u011fi: Yeni bir v\u00fccut i\u00e7in \u00f6denen kal\u0131c\u0131 bedel<\/h2>\n\n\n\n<figure class=\"wp-block-image size-large\"><img loading=\"lazy\" decoding=\"async\" width=\"1024\" height=\"927\" src=\"https:\/\/4beauty-website-stage.247grad.de\/wp-content\/uploads\/2026\/08\/2026-02_bodylifting-narben.png\" alt=\"V\u00fccut germe ameliyat\u0131 izleri\" class=\"wp-image-397\" srcset=\"https:\/\/4beauty-website-stage.247grad.de\/wp-content\/uploads\/2026\/08\/2026-02_bodylifting-narben.png 1024w, https:\/\/4beauty-website-stage.247grad.de\/wp-content\/uploads\/2026\/08\/2026-02_bodylifting-narben-300x272.png 300w, https:\/\/4beauty-website-stage.247grad.de\/wp-content\/uploads\/2026\/08\/2026-02_bodylifting-narben-768x695.png 768w, https:\/\/4beauty-website-stage.247grad.de\/wp-content\/uploads\/2026\/08\/2026-02_bodylifting-narben-13x12.png 13w, https:\/\/4beauty-website-stage.247grad.de\/wp-content\/uploads\/2026\/08\/2026-02_bodylifting-narben-40x36.png 40w\" sizes=\"auto, (max-width: 1024px) 100vw, 1024px\" \/><\/figure>\n\n\n\n<p class=\"wp-block-paragraph\">V\u00fccut germe ameliyat\u0131 sonras\u0131nda <strong>uzun, kal\u0131c\u0131 yara izleri<\/strong>. Bu, ameliyat\u0131n ka\u00e7\u0131n\u0131lmaz bir sonucudur. Kesiler, daha sonra i\u00e7 \u00e7ama\u015f\u0131r\u0131 veya giysilerle kolayca gizlenebilecek \u015fekilde yap\u0131l\u0131r (\u00f6rne\u011fin, bikini b\u00f6lgesinde dairesel olarak, kollar\u0131n ve uyluklar\u0131n i\u00e7 taraf\u0131nda).<\/p>\n\n\n\n<p class=\"wp-block-paragraph\">Yine de, s\u0131k\u0131 bir cilde kar\u015f\u0131l\u0131k g\u00f6r\u00fcn\u00fcr yara izleri ile kar\u015f\u0131 kar\u015f\u0131ya kalaca\u011f\u0131n\u0131z\u0131 anlamak \u00f6nemlidir. Ameliyat sonras\u0131 \u00f6zenli bir yara izi bak\u0131m\u0131, estetik a\u00e7\u0131dan ho\u015f bir sonu\u00e7 elde etmek i\u00e7in hayati \u00f6nem ta\u015f\u0131r.<\/p>\n\n\n\n<h2 class=\"wp-block-heading\" id=\"kosten-und-die-frage-der-kostenubernahme\">Maliyetler ve masraflar\u0131n kar\u015f\u0131lanmas\u0131 konusu<\/h2>\n\n\n\n<p class=\"wp-block-paragraph\">Tam bir v\u00fccut germe ameliyat\u0131 son derece pahal\u0131d\u0131r. Her ameliyat a\u015famas\u0131 i\u00e7in (alt veya \u00fcst germe) maliyetin <strong>15.000 \u20ac ve 25.000 \u20ac<\/strong> hesaplamak.<\/p>\n\n\n\n<p class=\"wp-block-paragraph\">Sa\u011fl\u0131k sigortas\u0131 taraf\u0131ndan masraflar\u0131n k\u0131smen veya tamamen kar\u015f\u0131lanmas\u0131, yaln\u0131zca t\u0131bbi bir endikasyonun varl\u0131\u011f\u0131 durumunda m\u00fcmk\u00fcnd\u00fcr. Bu durum, fazla derinin i\u015flevsel sorunlara yol a\u00e7t\u0131\u011f\u0131n\u0131n kan\u0131tland\u0131\u011f\u0131 durumlarda ge\u00e7erlidir (\u00f6rne\u011fin, tekrarlayan iltihaplanmalar, hareket k\u0131s\u0131tl\u0131l\u0131klar\u0131). Bunun i\u00e7in t\u0131bbi raporlar ve uzun s\u00fcren bir ba\u015fvuru s\u00fcreci gereklidir.<\/p>\n\n\n\n<h2 class=\"wp-block-heading\" id=\"haufig-gestellte-fragen-zum-bodylifting\">V\u00fccut germe ameliyat\u0131 hakk\u0131nda s\u0131k sorulan sorular<\/h2>\n\n\n\n<div data-wp-context=\"{ &quot;autoclose&quot;: false, &quot;accordionItems&quot;: [] }\" data-wp-interactive=\"core\/accordion\" role=\"group\" class=\"wp-block-accordion is-layout-flow wp-block-accordion-is-layout-flow\">\n<div data-wp-class--is-open=\"state.isOpen\" data-wp-context=\"{ &quot;id&quot;: &quot;accordion-item-1&quot;, &quot;openByDefault&quot;: false }\" data-wp-init=\"callbacks.initAccordionItems\" data-wp-on-window--hashchange=\"callbacks.hashChange\" class=\"wp-block-accordion-item is-layout-flow wp-block-accordion-item-is-layout-flow\">\n<h3 class=\"wp-block-accordion-heading\"><button aria-expanded=\"false\" aria-controls=\"accordion-item-1-panel\" data-wp-bind--aria-expanded=\"state.isOpen\" data-wp-on--click=\"actions.toggle\" id=\"accordion-item-1\" type=\"button\" class=\"wp-block-accordion-heading__toggle\"><span class=\"wp-block-accordion-heading__toggle-title\">Kimler v\u00fccut germe ameliyat\u0131 yapabilir?<\/span><span class=\"wp-block-accordion-heading__toggle-icon\" aria-hidden=\"true\">+<\/span><\/button><\/h3>\n\n\n\n<div aria-labelledby=\"accordion-item-1\" data-wp-bind--hidden=\"state.isHidden\" data-wp-on--beforematch=\"actions.handleBeforeMatch\" id=\"accordion-item-1-panel\" role=\"region\" class=\"wp-block-accordion-panel is-layout-flow wp-block-accordion-panel-is-layout-flow\">\n<p class=\"wp-block-paragraph\">Yaln\u0131zca, obezite cerrahisi sonras\u0131 tedaviler konusunda kan\u0131tlanm\u0131\u015f uzmanl\u0131\u011fa sahip, son derece deneyimli bir Plastik ve Estetik Cerrahi uzman\u0131.<\/p>\n<\/div>\n<\/div>\n\n\n\n<div data-wp-class--is-open=\"state.isOpen\" data-wp-context=\"{ &quot;id&quot;: &quot;accordion-item-2&quot;, &quot;openByDefault&quot;: false }\" data-wp-init=\"callbacks.initAccordionItems\" data-wp-on-window--hashchange=\"callbacks.hashChange\" class=\"wp-block-accordion-item is-layout-flow wp-block-accordion-item-is-layout-flow\">\n<h3 class=\"wp-block-accordion-heading\"><button aria-expanded=\"false\" aria-controls=\"accordion-item-2-panel\" data-wp-bind--aria-expanded=\"state.isOpen\" data-wp-on--click=\"actions.toggle\" id=\"accordion-item-2\" type=\"button\" class=\"wp-block-accordion-heading__toggle\"><span class=\"wp-block-accordion-heading__toggle-title\">\u0130\u015flem \u00e7ok a\u011fr\u0131l\u0131 m\u0131d\u0131r?<\/span><span class=\"wp-block-accordion-heading__toggle-icon\" aria-hidden=\"true\">+<\/span><\/button><\/h3>\n\n\n\n<div aria-labelledby=\"accordion-item-2\" data-wp-bind--hidden=\"state.isHidden\" data-wp-on--beforematch=\"actions.handleBeforeMatch\" id=\"accordion-item-2-panel\" role=\"region\" class=\"wp-block-accordion-panel is-layout-flow wp-block-accordion-panel-is-layout-flow\">\n<p class=\"wp-block-paragraph\">Evet, b\u00f6ylesine b\u00fcy\u00fck bir ameliyat\u0131n ard\u0131ndan a\u011fr\u0131lar olduk\u00e7a \u015fiddetlidir, ancak hastanede ve sonras\u0131nda g\u00fc\u00e7l\u00fc a\u011fr\u0131 kesicilerle etkili bir \u015fekilde tedavi edilir.<\/p>\n<\/div>\n<\/div>\n\n\n\n<div data-wp-class--is-open=\"state.isOpen\" data-wp-context=\"{ &quot;id&quot;: &quot;accordion-item-3&quot;, &quot;openByDefault&quot;: false }\" data-wp-init=\"callbacks.initAccordionItems\" data-wp-on-window--hashchange=\"callbacks.hashChange\" class=\"wp-block-accordion-item is-layout-flow wp-block-accordion-item-is-layout-flow\">\n<h3 class=\"wp-block-accordion-heading\"><button aria-expanded=\"false\" aria-controls=\"accordion-item-3-panel\" data-wp-bind--aria-expanded=\"state.isOpen\" data-wp-on--click=\"actions.toggle\" id=\"accordion-item-3\" type=\"button\" class=\"wp-block-accordion-heading__toggle\"><span class=\"wp-block-accordion-heading__toggle-title\">Ne zaman tekrar spor yapabilirim?<\/span><span class=\"wp-block-accordion-heading__toggle-icon\" aria-hidden=\"true\">+<\/span><\/button><\/h3>\n\n\n\n<div aria-labelledby=\"accordion-item-3\" data-wp-bind--hidden=\"state.isHidden\" data-wp-on--beforematch=\"actions.handleBeforeMatch\" id=\"accordion-item-3-panel\" role=\"region\" class=\"wp-block-accordion-panel is-layout-flow wp-block-accordion-panel-is-layout-flow\">\n<p class=\"wp-block-paragraph\">Hafif spor faaliyetlerine en erken 8-12 hafta sonra yeniden ba\u015flanabilir. Yo\u011fun antrenmanlardan veya a\u011f\u0131r efor gerektiren aktivitelerden birka\u00e7 ay boyunca ka\u00e7\u0131n\u0131lmal\u0131d\u0131r.<\/p>\n<\/div>\n<\/div>\n\n\n\n<div data-wp-class--is-open=\"state.isOpen\" data-wp-context=\"{ &quot;id&quot;: &quot;accordion-item-4&quot;, &quot;openByDefault&quot;: false }\" data-wp-init=\"callbacks.initAccordionItems\" data-wp-on-window--hashchange=\"callbacks.hashChange\" class=\"wp-block-accordion-item is-layout-flow wp-block-accordion-item-is-layout-flow\">\n<h3 class=\"wp-block-accordion-heading\"><button aria-expanded=\"false\" aria-controls=\"accordion-item-4-panel\" data-wp-bind--aria-expanded=\"state.isOpen\" data-wp-on--click=\"actions.toggle\" id=\"accordion-item-4\" type=\"button\" class=\"wp-block-accordion-heading__toggle\"><span class=\"wp-block-accordion-heading__toggle-title\">Bu sonu\u00e7 kal\u0131c\u0131 m\u0131?<\/span><span class=\"wp-block-accordion-heading__toggle-icon\" aria-hidden=\"true\">+<\/span><\/button><\/h3>\n\n\n\n<div aria-labelledby=\"accordion-item-4\" data-wp-bind--hidden=\"state.isHidden\" data-wp-on--beforematch=\"actions.handleBeforeMatch\" id=\"accordion-item-4-panel\" role=\"region\" class=\"wp-block-accordion-panel is-layout-flow wp-block-accordion-panel-is-layout-flow\">\n<p class=\"wp-block-paragraph\">Evet, al\u0131nan deri geri \u00e7\u0131kmaz. Sonu\u00e7 kal\u0131c\u0131d\u0131r, ancak do\u011fal ya\u015flanma s\u00fcrecine tabidir ve \u015fiddetli kilo dalgalanmalar\u0131ndan olumsuz etkilenebilir.<\/p>\n<\/div>\n<\/div>\n\n\n\n<div data-wp-class--is-open=\"state.isOpen\" data-wp-context=\"{ &quot;id&quot;: &quot;accordion-item-5&quot;, &quot;openByDefault&quot;: false }\" data-wp-init=\"callbacks.initAccordionItems\" data-wp-on-window--hashchange=\"callbacks.hashChange\" class=\"wp-block-accordion-item is-layout-flow wp-block-accordion-item-is-layout-flow\">\n<h3 class=\"wp-block-accordion-heading\"><button aria-expanded=\"false\" aria-controls=\"accordion-item-5-panel\" data-wp-bind--aria-expanded=\"state.isOpen\" data-wp-on--click=\"actions.toggle\" id=\"accordion-item-5\" type=\"button\" class=\"wp-block-accordion-heading__toggle\"><span class=\"wp-block-accordion-heading__toggle-title\">T\u00fcm s\u0131k\u0131la\u015ft\u0131rma i\u015flemlerini tek seferde yapt\u0131rabilir miyiz?<\/span><span class=\"wp-block-accordion-heading__toggle-icon\" aria-hidden=\"true\">+<\/span><\/button><\/h3>\n\n\n\n<div aria-labelledby=\"accordion-item-5\" data-wp-bind--hidden=\"state.isHidden\" data-wp-on--beforematch=\"actions.handleBeforeMatch\" id=\"accordion-item-5-panel\" role=\"region\" class=\"wp-block-accordion-panel is-layout-flow wp-block-accordion-panel-is-layout-flow\">\n<p class=\"wp-block-paragraph\">Hay\u0131r, v\u00fccuda a\u015f\u0131r\u0131 y\u00fck bindirmesi ve riskin \u00e7ok daha fazla artmas\u0131 nedeniyle, sayg\u0131n cerrahlar taraf\u0131ndan bu y\u00f6ntem uygulanmamaktad\u0131r.<\/p>\n<\/div>\n<\/div>\n<\/div>","protected":false},"excerpt":{"rendered":"<p>V\u00fccut germe, a\u015f\u0131r\u0131 kilo kayb\u0131n\u0131n ard\u0131ndan fazla deriyi ortadan kald\u0131rarak v\u00fccut hatlar\u0131n\u0131 yeniden \u015fekillendiren bir postbariatrik cerrahi i\u015flemidir.<\/p>","protected":false},"template":"","class_list":["post-595","glossary","type-glossary","status-publish","hentry"],"acf":[],"_links":{"self":[{"href":"https:\/\/4beauty-website-stage.247grad.de\/tr\/wp-json\/wp\/v2\/glossary\/595","targetHints":{"allow":["GET"]}}],"collection":[{"href":"https:\/\/4beauty-website-stage.247grad.de\/tr\/wp-json\/wp\/v2\/glossary"}],"about":[{"href":"https:\/\/4beauty-website-stage.247grad.de\/tr\/wp-json\/wp\/v2\/types\/glossary"}],"wp:attachment":[{"href":"https:\/\/4beauty-website-stage.247grad.de\/tr\/wp-json\/wp\/v2\/media?parent=595"}],"curies":[{"name":"wp","href":"https:\/\/api.w.org\/{rel}","templated":true}]}}