{"id":600,"date":"2026-08-20T17:05:15","date_gmt":"2026-08-20T15:05:15","guid":{"rendered":"https:\/\/4beauty-website-stage.247grad.de\/glossar\/breast-feather-lift\/"},"modified":"2026-08-20T17:19:01","modified_gmt":"2026-08-20T15:19:01","slug":"goegues-derisinin-sikilastirilmasi","status":"publish","type":"glossary","link":"https:\/\/4beauty-website-stage.247grad.de\/tr\/glossar\/breast-feather-lift\/","title":{"rendered":"G\u00f6\u011f\u00fcs Dola\u011f\u0131 Germe"},"content":{"rendered":"<div class=\"wp-block-rank-math-toc-block\" id=\"rank-math-toc\"><h2>\u0130\u00e7indekiler<\/h2><nav><ul><li class=\"\"><a href=\"#definition-was-ist-ein-breast-feather-lift\">Tan\u0131m: G\u00f6\u011f\u00fcs K\u0131l Kald\u0131rma Nedir?<\/a><\/li><li class=\"\"><a href=\"#was-ist-ein-breast-feather-lift\">G\u00f6\u011f\u00fcs T\u00fcy\u00fc Germe Nedir?<\/a><\/li><li class=\"\"><a href=\"#wie-funktioniert-das-fadenlifting-der-brust\">G\u00f6\u011f\u00fcs ip germe i\u015flemi nas\u0131l yap\u0131l\u0131r?<\/a><\/li><li class=\"\"><a href=\"#die-entscheidende-frage-bin-ich-uberhaupt-eine-kandidatin\">As\u0131l soru \u015fu: Ben bir aday m\u0131y\u0131m ki?<\/a><\/li><li class=\"\"><a href=\"#risiken-und-komplikationen-des-eingriffs\">\u0130\u015flemin riskleri ve komplikasyonlar\u0131<\/a><\/li><li class=\"\"><a href=\"#ablauf-haltbarkeit-und-kosten-des-breast-feather-lifts\">Breast Feather Lift i\u015fleminin seyri, kal\u0131c\u0131l\u0131\u011f\u0131 ve maliyeti<\/a><\/li><li class=\"\"><a href=\"#haufig-gestellte-fragen-faq-zum-breast-feather-lift\">Breast Feather Lift ile ilgili s\u0131k sorulan sorular (SSS)<\/a><\/li><\/ul><\/nav><\/div>\n\n\n\n<div class=\"wp-block-group is-style-boxed has-white-warm-background-color has-background is-layout-constrained wp-block-group-is-layout-constrained\">\n<p class=\"wp-block-paragraph\"><strong>\u00d6nemli uyar\u0131<\/strong><\/p>\n\n\n\n<p class=\"wp-block-paragraph\">Bu makale yaln\u0131zca bilgilendirme ama\u00e7l\u0131d\u0131r ve t\u0131bbi tan\u0131 veya tavsiyenin yerini almaz. Herhangi bir belirsizlik durumunda ve ki\u015fiye \u00f6zel bir tedavi plan\u0131 haz\u0131rlamak i\u00e7in, uzman bir hekimle g\u00f6r\u00fc\u015fmek \u015fartt\u0131r.<\/p>\n<\/div>\n\n\n\n<p class=\"wp-block-paragraph\">\u201eBreast Feather Lift\u201c terimi, bir hayalin ger\u00e7ekle\u015fmesi gibi geliyor: ameliyat, yara izi ve uzun iyile\u015fme s\u00fcreleri olmadan, bir t\u00fcy kadar hafif ve nazik bir g\u00f6\u011f\u00fcs germe i\u015flemi. Ancak bu cazip pazarlama isminin ard\u0131nda, \u00e7ok net ve kat\u0131 s\u0131n\u0131rlar\u0131 olan minimal invaziv bir i\u015flem yatmaktad\u0131r. Bu konuda ger\u00e7ek\u00e7i beklentilere sahip olmak sadece \u00f6nemli de\u011fil, ayn\u0131 zamanda hayal k\u0131r\u0131kl\u0131klar\u0131n\u0131 ve gereksiz masraflar\u0131 \u00f6nlemek i\u00e7in de hayati \u00f6nem ta\u015f\u0131r.<\/p>\n\n\n\n<p class=\"wp-block-paragraph\">Bu Gloss yaz\u0131s\u0131nda, Breast Feather Lift\u2019in ger\u00e7ekte ne oldu\u011funu, nas\u0131l i\u015fledi\u011fini ve \u2013 en \u00f6nemlisi \u2013 hangi k\u00fc\u00e7\u00fck hasta grubu i\u00e7in uygun oldu\u011funu ve ne zaman cerrahi g\u00f6\u011f\u00fcs germe i\u015fleminin tek mant\u0131kl\u0131 alternatif oldu\u011funu a\u00e7\u0131kl\u0131yoruz.<\/p>\n\n\n\n<div class=\"wp-block-group is-style-boxed is-layout-constrained wp-block-group-is-layout-constrained\">\n<p class=\"wp-block-paragraph\"><strong>\u00d6nemli uyar\u0131:<\/strong><\/p>\n\n<p class=\"wp-block-paragraph\">Bu sayfada sunulan i\u00e7erikler yaln\u0131zca genel bilgi ve ayd\u0131nlatma ama\u00e7l\u0131d\u0131r. G\u00f6\u011f\u00fcs ip germe ameliyat\u0131, \u00f6nemli k\u0131s\u0131tlamalar\u0131 ve riskleri olan invaziv bir i\u015flemdir. Bu i\u015flem i\u00e7in uygun bir aday olup olmad\u0131\u011f\u0131n\u0131z\u0131 belirlemek i\u00e7in deneyimli bir uzman hekimden d\u00fcr\u00fcst bir dan\u0131\u015fmanl\u0131k alman\u0131z \u015fartt\u0131r.<\/p>\n<\/div>\n\n\n\n<h2 class=\"wp-block-heading\" id=\"definition-was-ist-ein-breast-feather-lift\">Tan\u0131m: G\u00f6\u011f\u00fcs K\u0131l Kald\u0131rma Nedir?<\/h2>\n\n\n\n<div class=\"wp-block-media-text is-stacked-on-mobile\"><figure class=\"wp-block-media-text__media\"><img loading=\"lazy\" decoding=\"async\" width=\"1024\" height=\"1024\" src=\"https:\/\/4beauty-website-stage.247grad.de\/wp-content\/uploads\/2026\/08\/2026-02_breast-feather-lift.png\" alt=\"Breast Feather Lift i\u00e7in iplikler haz\u0131rlan\u0131yor\" class=\"wp-image-402 size-full\" srcset=\"https:\/\/4beauty-website-stage.247grad.de\/wp-content\/uploads\/2026\/08\/2026-02_breast-feather-lift.png 1024w, https:\/\/4beauty-website-stage.247grad.de\/wp-content\/uploads\/2026\/08\/2026-02_breast-feather-lift-150x150.png 150w, https:\/\/4beauty-website-stage.247grad.de\/wp-content\/uploads\/2026\/08\/2026-02_breast-feather-lift-300x300.png 300w, https:\/\/4beauty-website-stage.247grad.de\/wp-content\/uploads\/2026\/08\/2026-02_breast-feather-lift-768x768.png 768w, https:\/\/4beauty-website-stage.247grad.de\/wp-content\/uploads\/2026\/08\/2026-02_breast-feather-lift-12x12.png 12w, https:\/\/4beauty-website-stage.247grad.de\/wp-content\/uploads\/2026\/08\/2026-02_breast-feather-lift-120x120.png 120w, https:\/\/4beauty-website-stage.247grad.de\/wp-content\/uploads\/2026\/08\/2026-02_breast-feather-lift-40x40.png 40w, https:\/\/4beauty-website-stage.247grad.de\/wp-content\/uploads\/2026\/08\/2026-02_breast-feather-lift-80x80.png 80w, https:\/\/4beauty-website-stage.247grad.de\/wp-content\/uploads\/2026\/08\/2026-02_breast-feather-lift-160x160.png 160w, https:\/\/4beauty-website-stage.247grad.de\/wp-content\/uploads\/2026\/08\/2026-02_breast-feather-lift-500x500.png 500w, https:\/\/4beauty-website-stage.247grad.de\/wp-content\/uploads\/2026\/08\/2026-02_breast-feather-lift-1000x1000.png 1000w\" sizes=\"auto, (max-width: 1024px) 100vw, 1024px\" \/><\/figure><div class=\"wp-block-media-text__content\">\n<h2 class=\"wp-block-heading\" id=\"was-ist-ein-breast-feather-lift\">G\u00f6\u011f\u00fcs T\u00fcy\u00fc Germe Nedir?<\/h2>\n\n<p class=\"wp-block-paragraph\">\u015eu <strong>G\u00f6\u011f\u00fcs T\u00fcy Kald\u0131rma, ba\u011f\u0131ms\u0131z bir t\u0131bbi i\u015flem de\u011fildir<\/strong>, de\u011fil de bir <strong>Pazarlama terimi<\/strong> \u0130plik germe y\u00f6ntemi ile minimal invaziv meme dikle\u015ftirme ameliyat\u0131 i\u00e7in.<\/p>\n\n<p class=\"wp-block-paragraph\">Bu i\u015flemde, dokuyu hafif\u00e7e yukar\u0131 kald\u0131rmak ve desteklemek amac\u0131yla, k\u00fc\u00e7\u00fck kancalara (s\u00f6zde \u201ecogs\u201c) sahip kendili\u011finden eriyen (rezorbe edilebilir) germe iplikleri g\u00f6\u011fs\u00fcn deri alt\u0131 ya\u011f dokusuna yerle\u015ftirilir. \u201cFeather Lift\u201d ad\u0131, i\u015flemin nazik ve minimal niteli\u011fini vurgulamay\u0131 ama\u00e7lamaktad\u0131r.<\/p>\n\n<div class=\"wp-block-buttons is-layout-flex wp-block-buttons-is-layout-flex\">\n<div class=\"wp-block-button\"><a class=\"wp-block-button__link wp-element-button\" href=\"https:\/\/4beauty-website-stage.247grad.de\/tr\/finansman\/\">Tedavi masraflar\u0131n\u0131 kar\u015f\u0131lamak<\/a><\/div>\n\n\n\n<div class=\"wp-block-button is-style-anchor\"><a class=\"wp-block-button__link wp-element-button\" href=\"https:\/\/4beauty-website-stage.247grad.de\/tr\/sonraki-masraf-sigortasi\/\">Sonraki masraflar\u0131 sigortalamak<\/a><\/div>\n<\/div>\n<\/div><\/div>\n\n\n\n<h2 class=\"wp-block-heading\" id=\"wie-funktioniert-das-fadenlifting-der-brust\">G\u00f6\u011f\u00fcs ip germe i\u015flemi nas\u0131l yap\u0131l\u0131r?<\/h2>\n\n\n\n<p class=\"wp-block-paragraph\">Etkisi, her iple y\u00fcz germe i\u015fleminde oldu\u011fu gibi, iki y\u00f6nl\u00fc bir etkiye dayan\u0131r:<\/p>\n\n\n\n<p class=\"wp-block-paragraph\"><strong>Hafif mekanik asans\u00f6r:<\/strong> \u0130pliklerin kancalar\u0131 dokuya tutunur. Doktor, hafif\u00e7e \u00e7ekerek g\u00f6\u011f\u00fcs dokusunu \u00e7ok az bir miktar yukar\u0131 kald\u0131r\u0131p yeniden konumland\u0131rabilir.<\/p>\n\n\n\n<p class=\"wp-block-paragraph\"><strong>Uzun vadeli biyostim\u00fclasyon:<\/strong> \u0130plik malzemesi (genellikle PDO veya PLLA), v\u00fccudu yeni kolajen \u00fcretmeye te\u015fvik eder. V\u00fccudun kendi kolajen a\u011f\u0131, i\u00e7ten gelen hafif ve do\u011fal bir s\u0131k\u0131la\u015fma sa\u011flar; bu etki, iplikler \u00e7\u00f6z\u00fcld\u00fckten sonra da bir s\u00fcre daha devam eder.<\/p>\n\n\n\n<figure class=\"wp-block-image size-large\"><img loading=\"lazy\" decoding=\"async\" width=\"1408\" height=\"704\" src=\"https:\/\/4beauty-website-stage.247grad.de\/wp-content\/uploads\/2026\/08\/2026-02_breast-feather-lift-methode.png\" alt=\"Breast Feather Lift\u2019in diki\u015f hatlar\u0131n\u0131 g\u00f6steren grafik\" class=\"wp-image-401\" srcset=\"https:\/\/4beauty-website-stage.247grad.de\/wp-content\/uploads\/2026\/08\/2026-02_breast-feather-lift-methode.png 1408w, https:\/\/4beauty-website-stage.247grad.de\/wp-content\/uploads\/2026\/08\/2026-02_breast-feather-lift-methode-300x150.png 300w, https:\/\/4beauty-website-stage.247grad.de\/wp-content\/uploads\/2026\/08\/2026-02_breast-feather-lift-methode-768x384.png 768w, https:\/\/4beauty-website-stage.247grad.de\/wp-content\/uploads\/2026\/08\/2026-02_breast-feather-lift-methode-1024x512.png 1024w, https:\/\/4beauty-website-stage.247grad.de\/wp-content\/uploads\/2026\/08\/2026-02_breast-feather-lift-methode-18x9.png 18w, https:\/\/4beauty-website-stage.247grad.de\/wp-content\/uploads\/2026\/08\/2026-02_breast-feather-lift-methode-40x20.png 40w\" sizes=\"auto, (max-width: 1408px) 100vw, 1408px\" \/><\/figure>\n\n\n\n<h2 class=\"wp-block-heading\" id=\"die-entscheidende-frage-bin-ich-uberhaupt-eine-kandidatin\">As\u0131l soru \u015fu: Ben bir aday m\u0131y\u0131m ki?<\/h2>\n\n\n\n<p class=\"wp-block-paragraph\">Bu, makalenin en \u00f6nemli ve en d\u00fcr\u00fcst k\u0131sm\u0131d\u0131r. G\u00f6\u011f\u00fcs t\u00fcy\u00fc germe ameliyat\u0131, yaln\u0131zca \u00e7ok k\u00fc\u00e7\u00fck ve belirli bir kad\u0131n grubu i\u00e7in mant\u0131kl\u0131 bir se\u00e7enektir.<\/p>\n\n\n\n<div class=\"wp-block-group is-style-boxed has-white-warm-background-color has-background is-layout-constrained wp-block-group-is-layout-constrained\">\n<p class=\"wp-block-paragraph\"><strong>Feather Lift i\u00e7in ge\u00e7erli olan kat\u0131 kriterler:<\/strong><\/p>\n\n<p class=\"wp-block-paragraph\">G\u00f6\u011f\u00fcs ip germe ameliyat\u0131 \u00f6ncelikle a\u015fa\u011f\u0131daki \u00f6zelliklere sahip kad\u0131nlar i\u00e7in uygundur:<\/p>\n\n<ul class=\"wp-block-list\">\n<li><strong>K\u00fc\u00e7\u00fck ila orta b\u00fcy\u00fckl\u00fckte g\u00f6\u011f\u00fcsler:<\/strong> A veya B beden, en fazla k\u00fc\u00e7\u00fck bir C beden.<\/li>\n\n\n\n<li><strong>Minimum sarkma:<\/strong> Hafif ila orta derecede ptoz (1-2. derece), meme ba\u015f\u0131n\u0131n g\u00f6\u011f\u00fcs alt\u0131 k\u0131vr\u0131m\u0131n\u0131n en fazla biraz \u00fczerinde oldu\u011fu durum.<\/li>\n\n\n\n<li><strong>\u0130yi cilt kalitesi:<\/strong> H\u00e2l\u00e2 s\u0131k\u0131 ve elastik bir cilde.<\/li>\n\n\n\n<li><strong>Ger\u00e7ek\u00e7i beklentiler:<\/strong> Sadece birka\u00e7 milimetreden en fazla 1-2 santimetreye kadar asgari bir germe etkisinin elde edilece\u011fi anlay\u0131\u015f\u0131na.<\/li>\n<\/ul>\n<\/div>\n\n\n\n<h3 class=\"wp-block-heading\" id=\"fur-wen-ist-der-breast-feather-lift-nicht-geeignet\">Breast Feather Lift kimler i\u00e7in uygun DE\u011e\u0130LD\u0130R?<\/h3>\n\n\n\n<p class=\"wp-block-paragraph\">G\u00f6\u011f\u00fcs s\u0131k\u0131la\u015ft\u0131rma isteyen kad\u0131nlar\u0131n ezici \u00e7o\u011funlu\u011fu i\u00e7in. Buna, B beden veya daha b\u00fcy\u00fck g\u00f6\u011f\u00fcs \u00f6l\u00e7\u00fcs\u00fcne sahip, belirgin \u015fekilde sarkm\u0131\u015f g\u00f6\u011f\u00fcsleri (2. veya 3. derece ptoz) olan, ciddi kilo kayb\u0131 veya hamilelik sonras\u0131 d\u00f6nemdeki kad\u0131nlar ile cilt kalitesi k\u00f6t\u00fc olan kad\u0131nlar dahildir. G\u00f6\u011f\u00fcs dokusunun a\u011f\u0131rl\u0131\u011f\u0131, ince iplikler i\u00e7in \u00e7ok fazlad\u0131r \u2013 sonu\u00e7 uzun s\u00fcre kal\u0131c\u0131 olmaz.<\/p>\n\n\n\n<h3 class=\"wp-block-heading\" id=\"feather-lift-vs-chirurgische-bruststraffung-ein-ehrlicher-vergleich\">Feather Lift ve Cerrahi Meme S\u0131k\u0131la\u015ft\u0131rma: D\u00fcr\u00fcst Bir Kar\u015f\u0131la\u015ft\u0131rma<\/h3>\n\n\n\n<p class=\"wp-block-paragraph\">Yukar\u0131da belirtilen dar hedef kitleye dahil olmayan t\u00fcm kad\u0131nlar i\u00e7in cerrahi m\u00fcdahale <strong>G\u00f6\u011f\u00fcs germe<\/strong> (Mastopeksi) genellikle tek etkili y\u00f6ntemdir.<\/p>\n\n\n\n<figure class=\"wp-block-table\"><table class=\"has-fixed-layout\"><thead><tr><th>\u00d6zellik<\/th><th>G\u00f6\u011f\u00fcs Dola\u011f\u0131 Germe (\u0130plik Germe)<\/th><th>Cerrahi meme dikle\u015ftirme (mastopeksi)<\/th><\/tr><\/thead><tbody><tr><td>\u0130lke<\/td><td>\u0130\u00e7 diki\u015flerle g\u00f6\u011f\u00fcs dikle\u015ftirme<\/td><td>Fazla derinin al\u0131nmas\u0131 ve g\u00f6\u011fs\u00fcn yeniden \u015fekillendirilmesi<\/td><\/tr><tr><td>Etkinlik<\/td><td>Minimum kald\u0131rma (maks. yakla\u015f\u0131k 1\u20132 cm)<\/td><td>Belirgin, \u015fekillendirici germe etkisi (birka\u00e7 santimetreye kadar m\u00fcmk\u00fcn)<\/td><\/tr><tr><td>Yara izleri<\/td><td>Sadece minicik delik izleri<\/td><td>G\u00f6r\u00fcn\u00fcr, ancak planlanabilir yara izleri (\u00f6rne\u011fin, meme ba\u015f\u0131 \u00e7evresinde, dikey veya T \u015feklinde)<\/td><\/tr><tr><td>Anestezi<\/td><td>Lokal anestezi<\/td><td>Genel anestezi<\/td><\/tr><tr><td>Raf \u00f6mr\u00fc<\/td><td>Ge\u00e7ici (yakla\u015f\u0131k 12\u201324 ay)<\/td><td>Uzun s\u00fcreli (genellikle y\u0131llar s\u00fcren)<\/td><\/tr><tr><td>\u015eunlar i\u00e7in idealdir:<\/td><td>\u00c7ok k\u00fc\u00e7\u00fck ve sarkmas\u0131 \u00e7ok az olan g\u00f6\u011f\u00fcsler<\/td><td>Her t\u00fcrl\u00fc sarkm\u0131\u015f g\u00f6\u011f\u00fcs \u015fekli<\/td><\/tr><\/tbody><\/table><\/figure>\n\n\n\n<h2 class=\"wp-block-heading\" id=\"risiken-und-komplikationen-des-eingriffs\">\u0130\u015flemin riskleri ve komplikasyonlar\u0131<\/h2>\n\n\n\n<p class=\"wp-block-paragraph\">Minimal invaziv olmas\u0131na ra\u011fmen, bu i\u015flem risksiz de\u011fildir. G\u00f6\u011f\u00fcs, anatomik a\u00e7\u0131dan hassas bir b\u00f6lgedir.<\/p>\n\n\n\n<ul class=\"wp-block-list\">\n<li><strong>S\u0131k g\u00f6r\u00fclen yan etkiler:<\/strong> \u015ei\u015flikler, morluklar, hafif a\u011fr\u0131lar.<\/li>\n\n\n\n<li><strong>\u00d6zel riskler:<\/strong> Asimetri, g\u00f6zle g\u00f6r\u00fclebilen veya elle hissedilebilen diki\u015f iplikleri (\u00f6zellikle ince ciltte), cilt \u00e7\u00f6k\u00fcnt\u00fcleri, enfeksiyonlar, diki\u015f ipli\u011finin y\u0131rt\u0131lmas\u0131 veya yer de\u011fi\u015ftirmesi, s\u00fct kanallar\u0131n\u0131n veya sinirlerin zarar g\u00f6rmesi ve \u00f6zellikle de bir <strong>tatmin edici olmayan ya da \u00e7ok k\u0131sa s\u00fcreli bir sonu\u00e7.<\/strong><\/li>\n<\/ul>\n\n\n\n<p class=\"wp-block-paragraph\">Tedavi gerektiren bir komplikasyon ortaya \u00e7\u0131kmas\u0131 durumunda, d\u00fczeltme masraflar\u0131 \u00e7o\u011fu durumda hasta taraf\u0131ndan kar\u015f\u0131lanmal\u0131d\u0131r. \u0130\u015flemden \u00f6nce yap\u0131lan bir <strong>Sonras\u0131 Maliyet Sigortas\u0131<\/strong> bu konuda \u00f6nemli bir mali g\u00fcvence sa\u011flayabilir.<\/p>\n\n\n\n<h2 class=\"wp-block-heading\" id=\"ablauf-haltbarkeit-und-kosten-des-breast-feather-lifts\">Breast Feather Lift i\u015fleminin seyri, kal\u0131c\u0131l\u0131\u011f\u0131 ve maliyeti<\/h2>\n\n\n\n<p class=\"wp-block-paragraph\"><strong>\u0130\u015flem ak\u0131\u015f\u0131:<\/strong> \u0130\u015flem yakla\u015f\u0131k 60 dakika s\u00fcrer ve lokal anestezi alt\u0131nda ayakta tedavi olarak ger\u00e7ekle\u015ftirilir. Ard\u0131ndan birka\u00e7 hafta boyunca destekleyici bir spor s\u00fctyeni giyilmesi gerekir.<\/p>\n\n\n\n<p class=\"wp-block-paragraph\"><strong>Son kullanma tarihi:<\/strong> G\u00f6r\u00fcn\u00fcr lifting etkisi genellikle 6\u201312 ay i\u00e7inde belirgin \u015fekilde azal\u0131r; kolajen uyar\u0131m\u0131yla elde edilen s\u0131k\u0131la\u015fma ise, kullan\u0131lan iplik malzemesine ve tekni\u011fe ba\u011fl\u0131 olarak yakla\u015f\u0131k 1\u20132 y\u0131la kadar s\u00fcrebilir.<\/p>\n\n\n\n<p class=\"wp-block-paragraph\"><strong>Maliyet:<\/strong> G\u00f6\u011f\u00fcs ip germe i\u015fleminin maliyeti b\u00fcy\u00fck \u00f6l\u00e7\u00fcde de\u011fi\u015fiklik g\u00f6sterir, ancak genellikle \u015fu aral\u0131kta yer al\u0131r: <strong>1.500 \u20ac ile 3.000 \u20ac aras\u0131<\/strong>.<\/p>\n\n\n\n<h2 class=\"wp-block-heading\" id=\"haufig-gestellte-fragen-faq-zum-breast-feather-lift\">Breast Feather Lift ile ilgili s\u0131k sorulan sorular (SSS)<\/h2>\n\n\n\n<div data-wp-context=\"{ &quot;autoclose&quot;: false, &quot;accordionItems&quot;: [] }\" data-wp-interactive=\"core\/accordion\" role=\"group\" class=\"wp-block-accordion is-layout-flow wp-block-accordion-is-layout-flow\">\n<div data-wp-class--is-open=\"state.isOpen\" data-wp-context=\"{ &quot;id&quot;: &quot;accordion-item-1&quot;, &quot;openByDefault&quot;: false }\" data-wp-init=\"callbacks.initAccordionItems\" data-wp-on-window--hashchange=\"callbacks.hashChange\" class=\"wp-block-accordion-item is-layout-flow wp-block-accordion-item-is-layout-flow\">\n<h3 class=\"wp-block-accordion-heading\"><button aria-expanded=\"false\" aria-controls=\"accordion-item-1-panel\" data-wp-bind--aria-expanded=\"state.isOpen\" data-wp-on--click=\"actions.toggle\" id=\"accordion-item-1\" type=\"button\" class=\"wp-block-accordion-heading__toggle\"><span class=\"wp-block-accordion-heading__toggle-title\">\u0130plik germe ile g\u00f6\u011f\u00fcs b\u00fcy\u00fct\u00fclebilir mi?<\/span><span class=\"wp-block-accordion-heading__toggle-icon\" aria-hidden=\"true\">+<\/span><\/button><\/h3>\n\n\n\n<div aria-labelledby=\"accordion-item-1\" data-wp-bind--hidden=\"state.isHidden\" data-wp-on--beforematch=\"actions.handleBeforeMatch\" id=\"accordion-item-1-panel\" role=\"region\" class=\"wp-block-accordion-panel is-layout-flow wp-block-accordion-panel-is-layout-flow\">\n<p class=\"wp-block-paragraph\">Hay\u0131r, kesinlikle de\u011fil. Bu, hacim ilavesi yap\u0131lmayan, tamamen s\u0131k\u0131la\u015ft\u0131rma ama\u00e7l\u0131 bir i\u015flemdir.<\/p>\n<\/div>\n<\/div>\n\n\n\n<div data-wp-class--is-open=\"state.isOpen\" data-wp-context=\"{ &quot;id&quot;: &quot;accordion-item-2&quot;, &quot;openByDefault&quot;: false }\" data-wp-init=\"callbacks.initAccordionItems\" data-wp-on-window--hashchange=\"callbacks.hashChange\" class=\"wp-block-accordion-item is-layout-flow wp-block-accordion-item-is-layout-flow\">\n<h3 class=\"wp-block-accordion-heading\"><button aria-expanded=\"false\" aria-controls=\"accordion-item-2-panel\" data-wp-bind--aria-expanded=\"state.isOpen\" data-wp-on--click=\"actions.toggle\" id=\"accordion-item-2\" type=\"button\" class=\"wp-block-accordion-heading__toggle\"><span class=\"wp-block-accordion-heading__toggle-title\">Tedavi a\u011fr\u0131l\u0131 m\u0131d\u0131r?<\/span><span class=\"wp-block-accordion-heading__toggle-icon\" aria-hidden=\"true\">+<\/span><\/button><\/h3>\n\n\n\n<div aria-labelledby=\"accordion-item-2\" data-wp-bind--hidden=\"state.isHidden\" data-wp-on--beforematch=\"actions.handleBeforeMatch\" id=\"accordion-item-2-panel\" role=\"region\" class=\"wp-block-accordion-panel is-layout-flow wp-block-accordion-panel-is-layout-flow\">\n<p class=\"wp-block-paragraph\">Lokal anestezi sayesinde ipliklerin yerle\u015ftirilmesi neredeyse a\u011fr\u0131s\u0131zd\u0131r. Ancak bir \u00e7ekilme ve bask\u0131 hissi hissetmek normaldir.<\/p>\n<\/div>\n<\/div>\n\n\n\n<div data-wp-class--is-open=\"state.isOpen\" data-wp-context=\"{ &quot;id&quot;: &quot;accordion-item-3&quot;, &quot;openByDefault&quot;: false }\" data-wp-init=\"callbacks.initAccordionItems\" data-wp-on-window--hashchange=\"callbacks.hashChange\" class=\"wp-block-accordion-item is-layout-flow wp-block-accordion-item-is-layout-flow\">\n<h3 class=\"wp-block-accordion-heading\"><button aria-expanded=\"false\" aria-controls=\"accordion-item-3-panel\" data-wp-bind--aria-expanded=\"state.isOpen\" data-wp-on--click=\"actions.toggle\" id=\"accordion-item-3\" type=\"button\" class=\"wp-block-accordion-heading__toggle\"><span class=\"wp-block-accordion-heading__toggle-title\">\u0130plik germe, emzirme yetene\u011fini veya kanser taramas\u0131n\u0131 etkiler mi?<\/span><span class=\"wp-block-accordion-heading__toggle-icon\" aria-hidden=\"true\">+<\/span><\/button><\/h3>\n\n\n\n<div aria-labelledby=\"accordion-item-3\" data-wp-bind--hidden=\"state.isHidden\" data-wp-on--beforematch=\"actions.handleBeforeMatch\" id=\"accordion-item-3-panel\" role=\"region\" class=\"wp-block-accordion-panel is-layout-flow wp-block-accordion-panel-is-layout-flow\">\n<p class=\"wp-block-paragraph\">Subkutan ya\u011f dokusuna do\u011fru bir \u015fekilde yerle\u015ftirildi\u011finde, s\u00fct kanallar\u0131 zarar g\u00f6rmemelidir. Ancak diki\u015fler ultrason veya mamogramda g\u00f6r\u00fclebilir; bu nedenle radyolo\u011fa bu i\u015flem hakk\u0131nda bilgi verilmelidir.<\/p>\n<\/div>\n<\/div>\n\n\n\n<div data-wp-class--is-open=\"state.isOpen\" data-wp-context=\"{ &quot;id&quot;: &quot;accordion-item-4&quot;, &quot;openByDefault&quot;: false }\" data-wp-init=\"callbacks.initAccordionItems\" data-wp-on-window--hashchange=\"callbacks.hashChange\" class=\"wp-block-accordion-item is-layout-flow wp-block-accordion-item-is-layout-flow\">\n<h3 class=\"wp-block-accordion-heading\"><button aria-expanded=\"false\" aria-controls=\"accordion-item-4-panel\" data-wp-bind--aria-expanded=\"state.isOpen\" data-wp-on--click=\"actions.toggle\" id=\"accordion-item-4\" type=\"button\" class=\"wp-block-accordion-heading__toggle\"><span class=\"wp-block-accordion-heading__toggle-title\">Ne zaman tekrar toplum i\u00e7inde rahat\u00e7a dola\u015fabilirim?<\/span><span class=\"wp-block-accordion-heading__toggle-icon\" aria-hidden=\"true\">+<\/span><\/button><\/h3>\n\n\n\n<div aria-labelledby=\"accordion-item-4\" data-wp-bind--hidden=\"state.isHidden\" data-wp-on--beforematch=\"actions.handleBeforeMatch\" id=\"accordion-item-4-panel\" role=\"region\" class=\"wp-block-accordion-panel is-layout-flow wp-block-accordion-panel-is-layout-flow\">\n<p class=\"wp-block-paragraph\">Yakla\u015f\u0131k 3-7 g\u00fcnl\u00fck bir iyile\u015fme s\u00fcresi \u00f6ng\u00f6r\u00fcn. En az 2-3 hafta boyunca spor yapmaktan ve y\u00fcz\u00fcst\u00fc yatmaktan ka\u00e7\u0131n\u0131lmal\u0131d\u0131r.<\/p>\n<\/div>\n<\/div>\n\n\n\n<div data-wp-class--is-open=\"state.isOpen\" data-wp-context=\"{ &quot;id&quot;: &quot;accordion-item-5&quot;, &quot;openByDefault&quot;: false }\" data-wp-init=\"callbacks.initAccordionItems\" data-wp-on-window--hashchange=\"callbacks.hashChange\" class=\"wp-block-accordion-item is-layout-flow wp-block-accordion-item-is-layout-flow\">\n<h3 class=\"wp-block-accordion-heading\"><button aria-expanded=\"false\" aria-controls=\"accordion-item-5-panel\" data-wp-bind--aria-expanded=\"state.isOpen\" data-wp-on--click=\"actions.toggle\" id=\"accordion-item-5\" type=\"button\" class=\"wp-block-accordion-heading__toggle\"><span class=\"wp-block-accordion-heading__toggle-title\">G\u00f6\u011f\u00fcs dikle\u015ftirme ameliyat\u0131 yapt\u0131rmaya de\u011fer mi?<\/span><span class=\"wp-block-accordion-heading__toggle-icon\" aria-hidden=\"true\">+<\/span><\/button><\/h3>\n\n\n\n<div aria-labelledby=\"accordion-item-5\" data-wp-bind--hidden=\"state.isHidden\" data-wp-on--beforematch=\"actions.handleBeforeMatch\" id=\"accordion-item-5-panel\" role=\"region\" class=\"wp-block-accordion-panel is-layout-flow wp-block-accordion-panel-is-layout-flow\">\n<p class=\"wp-block-paragraph\">Bu, tamamen sizin anatomik yap\u0131n\u0131za ve beklentilerinize ba\u011fl\u0131d\u0131r. Sadece \u00e7ok az bir s\u0131k\u0131la\u015ft\u0131rmaya ihtiya\u00e7 duyan son derece k\u00fc\u00e7\u00fck bir hedef kitle i\u00e7in bu bir se\u00e7enek olabilir. \u00c7o\u011fu kad\u0131n i\u00e7in ise sonu\u00e7, maliyete k\u0131yasla genellikle hayal k\u0131r\u0131kl\u0131\u011f\u0131 yarat\u0131r.<\/p>\n<\/div>\n<\/div>\n<\/div>","protected":false},"excerpt":{"rendered":"<p>Breast Feather Lift, ba\u011f\u0131ms\u0131z bir i\u015flem de\u011fil, emilebilir germe iplikleri kullan\u0131larak yap\u0131lan minimal invaziv g\u00f6\u011f\u00fcs germe ameliyat\u0131 i\u00e7in kullan\u0131lan bir pazarlama terimidir.<\/p>","protected":false},"template":"","class_list":["post-600","glossary","type-glossary","status-publish","hentry"],"acf":[],"_links":{"self":[{"href":"https:\/\/4beauty-website-stage.247grad.de\/tr\/wp-json\/wp\/v2\/glossary\/600","targetHints":{"allow":["GET"]}}],"collection":[{"href":"https:\/\/4beauty-website-stage.247grad.de\/tr\/wp-json\/wp\/v2\/glossary"}],"about":[{"href":"https:\/\/4beauty-website-stage.247grad.de\/tr\/wp-json\/wp\/v2\/types\/glossary"}],"wp:attachment":[{"href":"https:\/\/4beauty-website-stage.247grad.de\/tr\/wp-json\/wp\/v2\/media?parent=600"}],"curies":[{"name":"wp","href":"https:\/\/api.w.org\/{rel}","templated":true}]}}