{"id":606,"date":"2026-08-20T17:05:21","date_gmt":"2026-08-20T15:05:21","guid":{"rendered":"https:\/\/4beauty-website-stage.247grad.de\/glossar\/brustverkleinerung-nach-hall-findlay\/"},"modified":"2026-08-28T11:45:25","modified_gmt":"2026-08-28T09:45:25","slug":"hall-findlay-yoentemine-goere-meme-kuecueltme-ameliyati","status":"publish","type":"glossary","link":"https:\/\/4beauty-website-stage.247grad.de\/tr\/glossar\/brustverkleinerung-nach-hall-findlay\/","title":{"rendered":"Hall-Findlay y\u00f6ntemiyle meme k\u00fc\u00e7\u00fcltme"},"content":{"rendered":"<div class=\"wp-block-rank-math-toc-block\" id=\"rank-math-toc\"><h2>\u0130\u00e7indekiler<\/h2><nav><ul><li class=\"\"><a href=\"#definition-was-ist-die-brustverkleinerung-nach-hall-findlay\">Tan\u0131m: Hall-Findlay y\u00f6ntemine g\u00f6re g\u00f6\u011f\u00fcs k\u00fc\u00e7\u00fcltme ameliyat\u0131 nedir?<\/a><\/li><li class=\"\"><a href=\"#die-3-entscheidenden-vorteile-der-brustverkleinerung-nach-hall-findlay\">Hall-Findlay y\u00f6ntemine g\u00f6re g\u00f6\u011f\u00fcs k\u00fc\u00e7\u00fcltme ameliyat\u0131n\u0131n 3 \u00f6nemli avantaj\u0131<\/a><\/li><li class=\"\"><a href=\"#ablauf-der-operation-bei-der-brustverkleinerung-nach-hall-findlay\">Hall-Findlay y\u00f6ntemine g\u00f6re meme k\u00fc\u00e7\u00fcltme ameliyat\u0131n\u0131n seyri<\/a><\/li><li class=\"\"><a href=\"#risiken-und-die-wichtigkeit-der-absicherung-bei-der-brustverkleinerung\">G\u00f6\u011f\u00fcs k\u00fc\u00e7\u00fcltme ameliyat\u0131nda riskler ve sigorta yapt\u0131rman\u0131n \u00f6nemi<\/a><\/li><li class=\"\"><a href=\"#haufig-gestellte-fragen-faq-zur-hall-findlay-methode\">Hall-Findlay Y\u00f6ntemi Hakk\u0131nda S\u0131k Sorulan Sorular (SSS)<\/a><\/li><\/ul><\/nav><\/div>\n\n\n\n<div class=\"wp-block-group is-style-boxed has-white-warm-background-color has-background is-layout-constrained wp-block-group-is-layout-constrained\">\n<p class=\"wp-block-paragraph\"><strong>\u00d6nemli uyar\u0131<\/strong><\/p>\n\n\n\n<p class=\"wp-block-paragraph\">Bu makale yaln\u0131zca bilgilendirme ama\u00e7l\u0131d\u0131r ve t\u0131bbi tan\u0131 veya tavsiyenin yerini almaz. Herhangi bir belirsizlik durumunda ve ki\u015fiye \u00f6zel bir tedavi plan\u0131 haz\u0131rlamak i\u00e7in, uzman bir hekimle g\u00f6r\u00fc\u015fmek \u015fartt\u0131r.<\/p>\n<\/div>\n\n\n\n<p class=\"wp-block-paragraph\">G\u00f6\u011f\u00fcslerinin \u00e7ok b\u00fcy\u00fck olmas\u0131ndan rahats\u0131z olan kad\u0131nlar i\u00e7in, g\u00f6\u011f\u00fcs k\u00fc\u00e7\u00fcltme ameliyat\u0131na karar vermek genellikle b\u00fcy\u00fck yara izleri ve hassasiyet kayb\u0131 ya da emzirme yetene\u011finin yitirilmesi endi\u015fesiyle ili\u015fkilidir. Geleneksel ameliyat teknikleri genellikle olduk\u00e7a belirgin bir T \u015feklinde yara izi b\u0131rak\u0131r. Ancak modern plastik cerrahi, Dr. Elizabeth Hall-Findlay\u2019in y\u00f6ntemiyle, tam da bu dezavantajlar\u0131 en aza indiren \u00e7\u0131\u011f\u0131r a\u00e7\u0131c\u0131 bir alternatif geli\u015ftirmi\u015ftir.<\/p>\n\n\n\n<p class=\"wp-block-paragraph\">Bu makale, Hall-Findlay y\u00f6ntemine g\u00f6re yap\u0131lan g\u00f6\u011f\u00fcs k\u00fc\u00e7\u00fcltme ameliyat\u0131n\u0131n ne oldu\u011funu, hangi avantajlar\u0131 sundu\u011funu ve neden bir\u00e7ok kad\u0131n i\u00e7in en uygun teknik oldu\u011funu ayr\u0131nt\u0131l\u0131 ve anla\u015f\u0131l\u0131r bir \u015fekilde a\u00e7\u0131klamaktad\u0131r.<\/p>\n\n\n\n<h2 class=\"wp-block-heading\" id=\"definition-was-ist-die-brustverkleinerung-nach-hall-findlay\">Tan\u0131m: Hall-Findlay y\u00f6ntemine g\u00f6re g\u00f6\u011f\u00fcs k\u00fc\u00e7\u00fcltme ameliyat\u0131 nedir?<\/h2>\n\n\n\n<div class=\"wp-block-media-text is-stacked-on-mobile\"><figure class=\"wp-block-media-text__media\"><img loading=\"lazy\" decoding=\"async\" width=\"1024\" height=\"1024\" src=\"https:\/\/4beauty-website-stage.247grad.de\/wp-content\/uploads\/2026\/08\/2026-02_brustverkleinerung-nach-hall-finlay.png\" alt=\"Hall-Findlay y\u00f6ntemine g\u00f6re g\u00f6\u011f\u00fcs k\u00fc\u00e7\u00fcltme ameliyat\u0131na haz\u0131rl\u0131k\" class=\"wp-image-403 size-full\" srcset=\"https:\/\/4beauty-website-stage.247grad.de\/wp-content\/uploads\/2026\/08\/2026-02_brustverkleinerung-nach-hall-finlay.png 1024w, https:\/\/4beauty-website-stage.247grad.de\/wp-content\/uploads\/2026\/08\/2026-02_brustverkleinerung-nach-hall-finlay-150x150.png 150w, https:\/\/4beauty-website-stage.247grad.de\/wp-content\/uploads\/2026\/08\/2026-02_brustverkleinerung-nach-hall-finlay-300x300.png 300w, https:\/\/4beauty-website-stage.247grad.de\/wp-content\/uploads\/2026\/08\/2026-02_brustverkleinerung-nach-hall-finlay-768x768.png 768w, https:\/\/4beauty-website-stage.247grad.de\/wp-content\/uploads\/2026\/08\/2026-02_brustverkleinerung-nach-hall-finlay-12x12.png 12w, https:\/\/4beauty-website-stage.247grad.de\/wp-content\/uploads\/2026\/08\/2026-02_brustverkleinerung-nach-hall-finlay-120x120.png 120w, https:\/\/4beauty-website-stage.247grad.de\/wp-content\/uploads\/2026\/08\/2026-02_brustverkleinerung-nach-hall-finlay-40x40.png 40w, https:\/\/4beauty-website-stage.247grad.de\/wp-content\/uploads\/2026\/08\/2026-02_brustverkleinerung-nach-hall-finlay-80x80.png 80w, https:\/\/4beauty-website-stage.247grad.de\/wp-content\/uploads\/2026\/08\/2026-02_brustverkleinerung-nach-hall-finlay-160x160.png 160w, https:\/\/4beauty-website-stage.247grad.de\/wp-content\/uploads\/2026\/08\/2026-02_brustverkleinerung-nach-hall-finlay-500x500.png 500w, https:\/\/4beauty-website-stage.247grad.de\/wp-content\/uploads\/2026\/08\/2026-02_brustverkleinerung-nach-hall-finlay-1000x1000.png 1000w\" sizes=\"auto, (max-width: 1024px) 100vw, 1024px\" \/><\/figure><div class=\"wp-block-media-text__content\">\n<p class=\"wp-block-paragraph\">\u015eu <strong>Hall-Findlay y\u00f6ntemiyle meme k\u00fc\u00e7\u00fcltme<\/strong> G\u00f6\u011f\u00fcs k\u00fc\u00e7\u00fcltme ve yeniden \u015fekillendirme (meme k\u00fc\u00e7\u00fcltme esteti\u011fi) i\u00e7in kullan\u0131lan, modern ve dokuya zarar vermeyen bir ameliyat tekni\u011fidir. Bu tekni\u011fin en \u00f6nemli \u00f6zelli\u011fi, \u00f6zel bir kesi y\u00f6ntemi ve \u00fcst sap \u00fczerinden meme dokusunun haz\u0131rlanmas\u0131d\u0131r.<\/p>\n\n<p class=\"wp-block-paragraph\">Bu, g\u00f6\u011f\u00fcs hacmini azaltmay\u0131, g\u00f6\u011fs\u00fc yeniden \u015fekillendirmeyi ve meme ba\u015f\u0131n\u0131 yeniden konumland\u0131rmay\u0131 m\u00fcmk\u00fcn k\u0131larken, ayn\u0131 zamanda yara izlerinin olu\u015fumunu azaltabilir ve hassasiyet ile emzirme yetene\u011fi gibi \u00f6nemli i\u015flevlerin b\u00fcy\u00fck olas\u0131l\u0131kla korunmas\u0131n\u0131 sa\u011flar.<\/p>\n\n<div class=\"wp-block-buttons is-layout-flex wp-block-buttons-is-layout-flex\">\n<div class=\"wp-block-button\"><a class=\"wp-block-button__link wp-element-button\" href=\"https:\/\/4beauty-website-stage.247grad.de\/tr\/hizmet-bilgileri\/iletisim\/\">Ba\u011flay\u0131c\u0131 olmayan bir \u015fekilde ileti\u015fime ge\u00e7in<\/a><\/div>\n<\/div>\n<\/div><\/div>\n\n\n\n<h2 class=\"wp-block-heading\" id=\"die-3-entscheidenden-vorteile-der-brustverkleinerung-nach-hall-findlay\">Hall-Findlay y\u00f6ntemine g\u00f6re g\u00f6\u011f\u00fcs k\u00fc\u00e7\u00fcltme ameliyat\u0131n\u0131n 3 \u00f6nemli avantaj\u0131<\/h2>\n\n\n\n<p class=\"wp-block-paragraph\">Kanadal\u0131 cerrah Dr. Elizabeth Hall-Findlay taraf\u0131ndan geli\u015ftirilen bu y\u00f6ntem, geleneksel tekniklere k\u0131yasla \u00fc\u00e7 \u00f6nemli avantaj sunmaktad\u0131r:<\/p>\n\n\n\n<div class=\"wp-block-group is-layout-grid wp-container-core-group-is-layout-0ddedb66 wp-block-group-is-layout-grid\">\n<div class=\"wp-block-group is-style-boxed has-white-warm-background-color has-background is-layout-constrained wp-block-group-is-layout-constrained\">\n<p class=\"wp-block-paragraph\"><strong>Yara izi b\u0131rakmayan teknik<\/strong><\/p>\n\n<p class=\"wp-block-paragraph\">G\u00f6\u011f\u00fcs alt\u0131 k\u0131vr\u0131m\u0131nda yatay olarak uzanan klasik T \u015feklinde (\u00e7apa) yara izi yerine, Hall-Findlay y\u00f6ntemi \u00e7o\u011fu durumda sadece bir <strong>dikey yara izi<\/strong>, meme ba\u015f\u0131ndan dikey olarak a\u015fa\u011f\u0131ya do\u011fru uzanan (s\u00f6zde I-kesisi veya \u201elolipop yara izi\u201c olarak adland\u0131r\u0131lan). Bu, genel olarak \u00e7ok daha k\u0131sa ve daha az g\u00f6ze \u00e7arpan bir yara izi anlam\u0131na gelir. Ancak, tamamen dikey bir kesik izi olu\u015fturan, daha uzun s\u00fcredir kullan\u0131lan ba\u015fka teknikler de mevcuttur.<\/p>\n<\/div>\n\n<div class=\"wp-block-group is-style-boxed has-white-warm-background-color has-background is-layout-constrained wp-block-group-is-layout-constrained\">\n<p class=\"wp-block-paragraph\"><strong>Duyarl\u0131l\u0131\u011f\u0131n korunmas\u0131<\/strong><\/p>\n\n<p class=\"wp-block-paragraph\">Bu teknikte, meme ba\u015f\u0131 ameliyat\u0131n tamam\u0131 boyunca sinirleri ve kan damarlar\u0131n\u0131 i\u00e7eren \u00f6nemli \u00fcst doku sap\u0131yla ba\u011flant\u0131l\u0131 kal\u0131r. Bu sayede kan ak\u0131\u015f\u0131 m\u00fcmk\u00fcn oldu\u011funca korunur ve meme ba\u015f\u0131n\u0131n erojen duyarl\u0131l\u0131\u011f\u0131n\u0131n korunma olas\u0131l\u0131\u011f\u0131 y\u00fcksektir. Ancak duyarl\u0131l\u0131k kayb\u0131 hi\u00e7bir zaman tamamen d\u0131\u015flanamaz.<\/p>\n<\/div>\n\n<div class=\"wp-block-group is-style-boxed has-white-warm-background-color has-background is-layout-constrained wp-block-group-is-layout-constrained\">\n<p class=\"wp-block-paragraph\"><strong>Emzirme yetene\u011finin korunma olas\u0131l\u0131\u011f\u0131 y\u00fcksek<\/strong><\/p>\n\n<p class=\"wp-block-paragraph\">\u00dcst sap da s\u00fct kanallar\u0131n\u0131 i\u00e7erdi\u011finden ve bu ba\u011flant\u0131 kesilmedi\u011finden, bir\u00e7ok durumda emzirme yetene\u011fi korunabilir \u2013 bu, aile planlamas\u0131n\u0131 hen\u00fcz tamamlamam\u0131\u015f kad\u0131nlar i\u00e7in \u00f6nemli bir avantajd\u0131r. Ancak bu durumda da emzirme yetene\u011finin kaybedilece\u011fi kesin olarak d\u0131\u015flanamaz.<\/p>\n<\/div>\n<\/div>\n\n\n\n<h3 class=\"wp-block-heading\" id=\"hall-findlay-vs-klassischer-t-schnitt-der-direkte-vergleich\">Hall-Findlay y\u00f6ntemi ile klasik T kesimi: Do\u011frudan kar\u015f\u0131la\u015ft\u0131rma<\/h3>\n\n\n\n<figure class=\"wp-block-table\"><table class=\"has-fixed-layout\"><thead><tr><th>\u00d6zellik<\/th><th>Hall-Findlay Y\u00f6ntemi<\/th><th>Klasik T kesimi (\u00e7apa kesimi)<\/th><\/tr><\/thead><tbody><tr><td>Yara izinin seyri<\/td><td>\u00c7o\u011funlukla sadece dikey (I kesiti)<\/td><td>G\u00f6\u011f\u00fcs k\u0131vr\u0131m\u0131nda dikey ve yatay (T kesisi)<\/td><\/tr><tr><td>Duyarl\u0131l\u0131k<\/td><td>Duyarl\u0131l\u0131\u011f\u0131n son derece y\u00fcksek d\u00fczeyde korunmas\u0131<\/td><td>Duyarl\u0131l\u0131k kayb\u0131 riskinin artmas\u0131<\/td><\/tr><tr><td>Emzirme yetene\u011fi<\/td><td>Korunma olas\u0131l\u0131\u011f\u0131 y\u00fcksek<\/td><td>\u00c7o\u011fu zaman art\u0131k m\u00fcmk\u00fcn de\u011fil<\/td><\/tr><tr><td>G\u00f6\u011f\u00fcs \u015fekli<\/td><td>Yuvarlak ve uzun s\u00fcre kal\u0131c\u0131 bir \u015fekil i\u00e7in sa\u011flam bir \u201ei\u00e7 s\u00fctyen\u201c g\u00f6revi g\u00f6r\u00fcr<\/td><td>Zamanla daha d\u00fcz bir \u015fekle (\u201ebottoming-out\u201c) d\u00f6n\u00fc\u015fme e\u011filimi g\u00f6sterebilir<\/td><\/tr><tr><td>Dokuya zarar vermeme<\/td><td>\u00c7ok y\u00fcksek, \u00e7\u00fcnk\u00fc doku tek par\u00e7a halinde \u00e7\u0131kar\u0131l\u0131r<\/td><td>Daha az, \u00e7\u00fcnk\u00fc doku genellikle daha derin bir \u015fekilde kesilir<\/td><\/tr><\/tbody><\/table><\/figure>\n\n\n\n<h3 class=\"wp-block-heading\" id=\"fur-wen-ist-die-hall-findlay-methode-geeignet\">Hall-Findlay y\u00f6ntemi kimler i\u00e7in uygundur?<\/h3>\n\n\n\n<div class=\"wp-block-group is-style-boxed has-white-warm-background-color has-background is-layout-constrained wp-block-group-is-layout-constrained\">\n<p class=\"wp-block-paragraph\">Hall-Findlay tekni\u011finin en b\u00fcy\u00fck avantaj\u0131 \u00e7ok y\u00f6nl\u00fcl\u00fc\u011f\u00fcd\u00fcr. Bu teknik, b\u00fcy\u00fck ve a\u011f\u0131r g\u00f6\u011f\u00fcsler de dahil olmak \u00fczere bir\u00e7ok g\u00f6\u011f\u00fcs boyutu ve \u015fekli i\u00e7in uygundur; ancak a\u015f\u0131r\u0131 durumlarda ba\u015fka bir teknik gerekebilir. Bu y\u00f6ntemin her bir vakada en uygun olup olmad\u0131\u011f\u0131na ili\u015fkin karar, cerrah taraf\u0131ndan ayr\u0131nt\u0131l\u0131 bir muayenenin ard\u0131ndan verilir.<\/p>\n<\/div>\n\n\n\n<h2 class=\"wp-block-heading\" id=\"ablauf-der-operation-bei-der-brustverkleinerung-nach-hall-findlay\">Hall-Findlay y\u00f6ntemine g\u00f6re meme k\u00fc\u00e7\u00fcltme ameliyat\u0131n\u0131n seyri<\/h2>\n\n\n\n<p class=\"wp-block-paragraph\">\u015eu <a href=\"https:\/\/4beauty-website-stage.247grad.de\/tr\/soezluek\/brustverkleinerung\/\">G\u00f6\u011f\u00fcs K\u00fc\u00e7\u00fcltme Ameliyat\u0131<\/a> Hall-Findlay y\u00f6ntemine g\u00f6re yap\u0131lan ameliyat yakla\u015f\u0131k 2\u20133 saat s\u00fcrer ve genel anestezi alt\u0131nda ger\u00e7ekle\u015ftirilir.<\/p>\n\n\n\n<ol class=\"wp-block-list is-style-step-list\">\n<li><strong>\u0130\u015faretleme<\/strong> Ameliyattan \u00f6nce, ayakta dururken g\u00f6\u011fs\u00fcn yeni hatlar\u0131 ve meme ucunun konumu kesin olarak i\u015faretlenir.<\/li>\n\n\n\n<li><strong>Kesim y\u00f6n\u00fc<\/strong> Cerrah, meme ba\u015f\u0131n\u0131n \u00e7evresinden ba\u015flayarak g\u00f6\u011f\u00fcs alt\u0131 k\u0131vr\u0131m\u0131na do\u011fru dikey bir kesi yapar.<\/li>\n\n\n\n<li><strong>Doku azaltma<\/strong> Gereksiz bez, ya\u011f ve deri dokusu, g\u00f6\u011fs\u00fcn alt k\u0131sm\u0131ndan tek par\u00e7a halinde \u00e7\u0131kar\u0131l\u0131r.<\/li>\n\n\n\n<li><strong>Yeniden \u015fekillendirme<\/strong> Kalan \u00fcst g\u00f6\u011f\u00fcs dokusu yukar\u0131 do\u011fru kald\u0131r\u0131l\u0131r, yeniden \u015fekillendirilir ve adeta g\u00f6\u011f\u00fcse sa\u011flam ve yuvarlak bir \u015fekil veren bir \u201ei\u00e7 s\u00fctyen\u201c gibi modellenir. Meme ucu, sap\u0131yla birlikte yukar\u0131 do\u011fru kayd\u0131r\u0131l\u0131r.<\/li>\n\n\n\n<li><strong>Kapak<\/strong> Cilt, ince diki\u015flerle kapat\u0131l\u0131r.<\/li>\n<\/ol>\n\n\n\n<h2 class=\"wp-block-heading\" id=\"risiken-und-die-wichtigkeit-der-absicherung-bei-der-brustverkleinerung\">G\u00f6\u011f\u00fcs k\u00fc\u00e7\u00fcltme ameliyat\u0131nda riskler ve sigorta yapt\u0131rman\u0131n \u00f6nemi<\/h2>\n\n\n\n<p class=\"wp-block-paragraph\">Hall-Findlay y\u00f6ntemi olduk\u00e7a g\u00fcvenli kabul edilse de, meme k\u00fc\u00e7\u00fcltme ameliyat\u0131, enfeksiyon, yara iyile\u015fme bozukluklar\u0131, tromboz ve yara izi sorunlar\u0131 gibi genel ameliyat risklerini bar\u0131nd\u0131ran b\u00fcy\u00fck bir cerrahi m\u00fcdahaledir. Spesifik riskler aras\u0131nda asimetri veya tatmin edici olmayan estetik sonu\u00e7lar say\u0131labilir.<\/p>\n\n\n\n<div class=\"wp-block-group is-style-boxed has-white-warm-background-color has-background is-layout-constrained wp-block-group-is-layout-constrained\">\n<p class=\"wp-block-paragraph\"><strong>B\u00fcy\u00fck bir ameliyat s\u0131ras\u0131nda mali g\u00fcvence<\/strong><\/p>\n\n<p class=\"wp-block-paragraph\">B\u00f6ylesine kapsaml\u0131 bir ameliyat\u0131n ard\u0131ndan ortaya \u00e7\u0131kan komplikasyonlar, t\u0131bbi a\u00e7\u0131dan gerekli ve pahal\u0131 d\u00fczeltici m\u00fcdahaleleri gerektirebilir. Bu masraflar genellikle sa\u011fl\u0131k sigortalar\u0131 taraf\u0131ndan kar\u015f\u0131lanmad\u0131\u011f\u0131ndan, bir <strong>Sonras\u0131 Maliyet Sigortas\u0131<\/strong> m\u00fcdahale \u00f6ncesinde temel bir mali g\u00fcvence sa\u011flar.<\/p>\n\n<div class=\"wp-block-buttons is-layout-flex wp-block-buttons-is-layout-flex\">\n<div class=\"wp-block-button\"><a class=\"wp-block-button__link wp-element-button\" href=\"https:\/\/4beauty-website-stage.247grad.de\/tr\/sonraki-masraf-sigortasi\/\">Sonraki masraflar\u0131 sigortalamak<\/a><\/div>\n<\/div>\n<\/div>\n\n\n\n<h2 class=\"wp-block-heading\" id=\"haufig-gestellte-fragen-faq-zur-hall-findlay-methode\">Hall-Findlay Y\u00f6ntemi Hakk\u0131nda S\u0131k Sorulan Sorular (SSS)<\/h2>\n\n\n\n<div data-wp-context=\"{ &quot;autoclose&quot;: false, &quot;accordionItems&quot;: [] }\" data-wp-interactive=\"core\/accordion\" role=\"group\" class=\"wp-block-accordion is-layout-flow wp-block-accordion-is-layout-flow\">\n<div data-wp-class--is-open=\"state.isOpen\" data-wp-context=\"{ &quot;id&quot;: &quot;accordion-item-1&quot;, &quot;openByDefault&quot;: false }\" data-wp-init=\"callbacks.initAccordionItems\" data-wp-on-window--hashchange=\"callbacks.hashChange\" class=\"wp-block-accordion-item is-layout-flow wp-block-accordion-item-is-layout-flow\">\n<h3 class=\"wp-block-accordion-heading\"><button aria-expanded=\"false\" aria-controls=\"accordion-item-1-panel\" data-wp-bind--aria-expanded=\"state.isOpen\" data-wp-on--click=\"actions.toggle\" id=\"accordion-item-1\" type=\"button\" class=\"wp-block-accordion-heading__toggle\"><span class=\"wp-block-accordion-heading__toggle-title\">Hall-Findlay y\u00f6ntemi Almanya\u2019da yayg\u0131n olarak kullan\u0131l\u0131yor mu?<\/span><span class=\"wp-block-accordion-heading__toggle-icon\" aria-hidden=\"true\">+<\/span><\/button><\/h3>\n\n\n\n<div aria-labelledby=\"accordion-item-1\" data-wp-bind--hidden=\"state.isHidden\" data-wp-on--beforematch=\"actions.handleBeforeMatch\" id=\"accordion-item-1-panel\" role=\"region\" class=\"wp-block-accordion-panel is-layout-flow wp-block-accordion-panel-is-layout-flow\">\n<p class=\"wp-block-paragraph\">Hay\u0131r, hen\u00fcz de\u011fil. Bu i\u015flem, uzman plastik cerrahlar taraf\u0131ndan sunulmaktad\u0131r, ancak t\u00fcm kliniklerde standart bir uygulama de\u011fildir.<\/p>\n<\/div>\n<\/div>\n\n\n\n<div data-wp-class--is-open=\"state.isOpen\" data-wp-context=\"{ &quot;id&quot;: &quot;accordion-item-2&quot;, &quot;openByDefault&quot;: false }\" data-wp-init=\"callbacks.initAccordionItems\" data-wp-on-window--hashchange=\"callbacks.hashChange\" class=\"wp-block-accordion-item is-layout-flow wp-block-accordion-item-is-layout-flow\">\n<h3 class=\"wp-block-accordion-heading\"><button aria-expanded=\"false\" aria-controls=\"accordion-item-2-panel\" data-wp-bind--aria-expanded=\"state.isOpen\" data-wp-on--click=\"actions.toggle\" id=\"accordion-item-2\" type=\"button\" class=\"wp-block-accordion-heading__toggle\"><span class=\"wp-block-accordion-heading__toggle-title\">\u0130yile\u015fme s\u00fcresi ne kadard\u0131r?<\/span><span class=\"wp-block-accordion-heading__toggle-icon\" aria-hidden=\"true\">+<\/span><\/button><\/h3>\n\n\n\n<div aria-labelledby=\"accordion-item-2\" data-wp-bind--hidden=\"state.isHidden\" data-wp-on--beforematch=\"actions.handleBeforeMatch\" id=\"accordion-item-2-panel\" role=\"region\" class=\"wp-block-accordion-panel is-layout-flow wp-block-accordion-panel-is-layout-flow\">\n<p class=\"wp-block-paragraph\">\u0130yile\u015fme s\u00fcresi genellikle geleneksel y\u00f6ntemlere g\u00f6re biraz daha k\u0131sad\u0131r. Yine de yakla\u015f\u0131k 2 haftal\u0131k bir iyile\u015fme s\u00fcresine haz\u0131rl\u0131kl\u0131 olmal\u0131s\u0131n\u0131z ve 6 hafta boyunca \u00f6zel bir kompresyon s\u00fctyeni giymeniz gerekir.<\/p>\n<\/div>\n<\/div>\n\n\n\n<div data-wp-class--is-open=\"state.isOpen\" data-wp-context=\"{ &quot;id&quot;: &quot;accordion-item-3&quot;, &quot;openByDefault&quot;: false }\" data-wp-init=\"callbacks.initAccordionItems\" data-wp-on-window--hashchange=\"callbacks.hashChange\" class=\"wp-block-accordion-item is-layout-flow wp-block-accordion-item-is-layout-flow\">\n<h3 class=\"wp-block-accordion-heading\"><button aria-expanded=\"false\" aria-controls=\"accordion-item-3-panel\" data-wp-bind--aria-expanded=\"state.isOpen\" data-wp-on--click=\"actions.toggle\" id=\"accordion-item-3\" type=\"button\" class=\"wp-block-accordion-heading__toggle\"><span class=\"wp-block-accordion-heading__toggle-title\">Hall-Findlay y\u00f6ntemiyle yap\u0131lan g\u00f6\u011f\u00fcs k\u00fc\u00e7\u00fcltme ameliyat\u0131n\u0131n maliyeti nedir?<\/span><span class=\"wp-block-accordion-heading__toggle-icon\" aria-hidden=\"true\">+<\/span><\/button><\/h3>\n\n\n\n<div aria-labelledby=\"accordion-item-3\" data-wp-bind--hidden=\"state.isHidden\" data-wp-on--beforematch=\"actions.handleBeforeMatch\" id=\"accordion-item-3-panel\" role=\"region\" class=\"wp-block-accordion-panel is-layout-flow wp-block-accordion-panel-is-layout-flow\">\n<p class=\"wp-block-paragraph\">Maliyetler, geleneksel g\u00f6\u011f\u00fcs k\u00fc\u00e7\u00fcltme ameliyat\u0131yla kar\u015f\u0131la\u015ft\u0131r\u0131labilir d\u00fczeydedir ve yap\u0131lan i\u015flemin kapsam\u0131na ba\u011fl\u0131 olarak 6.000 \u20ac ile 9.000 \u20ac aras\u0131nda de\u011fi\u015fmektedir.<\/p>\n<\/div>\n<\/div>\n\n\n\n<div data-wp-class--is-open=\"state.isOpen\" data-wp-context=\"{ &quot;id&quot;: &quot;accordion-item-4&quot;, &quot;openByDefault&quot;: false }\" data-wp-init=\"callbacks.initAccordionItems\" data-wp-on-window--hashchange=\"callbacks.hashChange\" class=\"wp-block-accordion-item is-layout-flow wp-block-accordion-item-is-layout-flow\">\n<h3 class=\"wp-block-accordion-heading\"><button aria-expanded=\"false\" aria-controls=\"accordion-item-4-panel\" data-wp-bind--aria-expanded=\"state.isOpen\" data-wp-on--click=\"actions.toggle\" id=\"accordion-item-4\" type=\"button\" class=\"wp-block-accordion-heading__toggle\"><span class=\"wp-block-accordion-heading__toggle-title\">Bu sonu\u00e7 kal\u0131c\u0131 m\u0131?<\/span><span class=\"wp-block-accordion-heading__toggle-icon\" aria-hidden=\"true\">+<\/span><\/button><\/h3>\n\n\n\n<div aria-labelledby=\"accordion-item-4\" data-wp-bind--hidden=\"state.isHidden\" data-wp-on--beforematch=\"actions.handleBeforeMatch\" id=\"accordion-item-4-panel\" role=\"region\" class=\"wp-block-accordion-panel is-layout-flow wp-block-accordion-panel-is-layout-flow\">\n<p class=\"wp-block-paragraph\">Evet, al\u0131nan doku yeniden olu\u015fmaz. Sonu\u00e7 kal\u0131c\u0131d\u0131r, ancak do\u011fal ya\u015flanma s\u00fcrecine tabidir ve kilo de\u011fi\u015fikliklerinden etkilenebilir. Bununla birlikte, bu teknikle elde edilen sabit \u015fekil b\u00fcy\u00fck bir avantajd\u0131r.<\/p>\n<\/div>\n<\/div>\n\n\n\n<div data-wp-class--is-open=\"state.isOpen\" data-wp-context=\"{ &quot;id&quot;: &quot;accordion-item-5&quot;, &quot;openByDefault&quot;: false }\" data-wp-init=\"callbacks.initAccordionItems\" data-wp-on-window--hashchange=\"callbacks.hashChange\" class=\"wp-block-accordion-item is-layout-flow wp-block-accordion-item-is-layout-flow\">\n<h3 class=\"wp-block-accordion-heading\"><button aria-expanded=\"false\" aria-controls=\"accordion-item-5-panel\" data-wp-bind--aria-expanded=\"state.isOpen\" data-wp-on--click=\"actions.toggle\" id=\"accordion-item-5\" type=\"button\" class=\"wp-block-accordion-heading__toggle\"><span class=\"wp-block-accordion-heading__toggle-title\">Meme ucu v\u00fccuda ba\u011fl\u0131 kal\u0131r m\u0131?<\/span><span class=\"wp-block-accordion-heading__toggle-icon\" aria-hidden=\"true\">+<\/span><\/button><\/h3>\n\n\n\n<div aria-labelledby=\"accordion-item-5\" data-wp-bind--hidden=\"state.isHidden\" data-wp-on--beforematch=\"actions.handleBeforeMatch\" id=\"accordion-item-5-panel\" role=\"region\" class=\"wp-block-accordion-panel is-layout-flow wp-block-accordion-panel-is-layout-flow\">\n<p class=\"wp-block-paragraph\">Evet. Bu y\u00f6ntemin en \u00f6nemli avantaj\u0131 budur. Meme ba\u015f\u0131 kesilmez, sinir ve damarlar i\u00e7eren kendi doku sap\u0131 \u00fczerinde g\u00fcvenli bir \u015fekilde yukar\u0131ya kayd\u0131r\u0131l\u0131r.<\/p>\n<\/div>\n<\/div>\n<\/div>","protected":false},"excerpt":{"rendered":"<p>Hall-Findlay y\u00f6ntemine g\u00f6re yap\u0131lan g\u00f6\u011f\u00fcs k\u00fc\u00e7\u00fcltme ameliyat\u0131, genellikle olduk\u00e7a belirgin bir T \u015feklinde yara izi b\u0131rakan klasik tekniklere bir alternatiftir.<\/p>","protected":false},"template":"","class_list":["post-606","glossary","type-glossary","status-publish","hentry"],"acf":[],"_links":{"self":[{"href":"https:\/\/4beauty-website-stage.247grad.de\/tr\/wp-json\/wp\/v2\/glossary\/606","targetHints":{"allow":["GET"]}}],"collection":[{"href":"https:\/\/4beauty-website-stage.247grad.de\/tr\/wp-json\/wp\/v2\/glossary"}],"about":[{"href":"https:\/\/4beauty-website-stage.247grad.de\/tr\/wp-json\/wp\/v2\/types\/glossary"}],"wp:attachment":[{"href":"https:\/\/4beauty-website-stage.247grad.de\/tr\/wp-json\/wp\/v2\/media?parent=606"}],"curies":[{"name":"wp","href":"https:\/\/api.w.org\/{rel}","templated":true}]}}