{"id":609,"date":"2026-08-20T17:05:23","date_gmt":"2026-08-20T15:05:23","guid":{"rendered":"https:\/\/4beauty-website-stage.247grad.de\/glossar\/cellulite-orangenhaut\/"},"modified":"2026-08-28T11:53:35","modified_gmt":"2026-08-28T09:53:35","slug":"seluelit-portakal-kabugu-cildi","status":"publish","type":"glossary","link":"https:\/\/4beauty-website-stage.247grad.de\/tr\/glossar\/cellulite-orangenhaut\/","title":{"rendered":"Sel\u00fclit (portakal kabu\u011fu cildi)"},"content":{"rendered":"<div class=\"wp-block-rank-math-toc-block\" id=\"rank-math-toc\"><h2>\u0130\u00e7indekiler<\/h2><nav><ul><li class=\"\"><a href=\"#was-ist-cellulite\">Sel\u00fclit nedir?<\/a><\/li><li class=\"\"><a href=\"#die-anatomische-ursache-warum-vor-allem-frauen\">Anatomik neden: Neden \u00f6zellikle kad\u0131nlar?<\/a><\/li><li class=\"\"><a href=\"#die-stadien-der-cellulite\">Sel\u00fclitin a\u015famalar\u0131<\/a><\/li><li class=\"\"><a href=\"#behandlungsmethoden-was-hilft-wirklich-ein-realistischer-uberblick\">Tedavi y\u00f6ntemleri: Ne ger\u00e7ekten i\u015fe yarar? Ger\u00e7ek\u00e7i bir genel bak\u0131\u015f<\/a><\/li><li class=\"\"><a href=\"#risiken-und-die-bedeutung-der-absicherung\">Riskler ve riskten korunman\u0131n \u00f6nemi<\/a><\/li><li class=\"\"><a href=\"#haufig-gestellte-fragen-faq-zu-cellulite\">Sel\u00fclitle \u0130lgili S\u0131k Sorulan Sorular (SSS)<\/a><\/li><\/ul><\/nav><\/div>\n\n\n\n<div class=\"wp-block-group is-style-boxed has-white-warm-background-color has-background is-layout-constrained wp-block-group-is-layout-constrained\">\n<p class=\"wp-block-paragraph\"><strong>\u00d6nemli uyar\u0131<\/strong><\/p>\n\n\n\n<p class=\"wp-block-paragraph\">Bu makale yaln\u0131zca bilgilendirme ama\u00e7l\u0131d\u0131r ve t\u0131bbi tan\u0131 veya tavsiyenin yerini almaz. Herhangi bir belirsizlik durumunda ve ki\u015fiye \u00f6zel bir tedavi plan\u0131 haz\u0131rlamak i\u00e7in, uzman bir hekimle g\u00f6r\u00fc\u015fmek \u015fartt\u0131r.<\/p>\n<\/div>\n\n\n\n<p class=\"wp-block-paragraph\"><strong>Sel\u00fclit<\/strong>, g\u00fcnl\u00fck dilde ayr\u0131ca <strong>Sel\u00fclit<\/strong> Bilindi\u011fi \u00fczere, bu tamamen estetik bir cilt fenomenidir ve t\u00fcm kad\u0131nlar\u0131n \u2019\u0131na kadar\u0131n\u0131 farkl\u0131 derecelerde etkilemektedir. Uyluklarda, kal\u00e7alarda ve kal\u00e7a kemiklerinde g\u00f6r\u00fclen karakteristik \u00e7ukurlar, say\u0131s\u0131z efsane ve \u00fcr\u00fcn vaadinin konusu olmu\u015ftur. Peki sel\u00fclit ger\u00e7ekte nedir ve modern t\u0131p bu konuda ne yapabilir?<\/p>\n\n\n\n<div class=\"wp-block-media-text is-stacked-on-mobile\"><figure class=\"wp-block-media-text__media\"><img loading=\"lazy\" decoding=\"async\" width=\"531\" height=\"531\" src=\"https:\/\/4beauty-website-stage.247grad.de\/wp-content\/uploads\/2026\/08\/2025-10_Cellulite.png\" alt=\"Sel\u00fclit\" class=\"wp-image-328 size-full\" srcset=\"https:\/\/4beauty-website-stage.247grad.de\/wp-content\/uploads\/2026\/08\/2025-10_Cellulite.png 531w, https:\/\/4beauty-website-stage.247grad.de\/wp-content\/uploads\/2026\/08\/2025-10_Cellulite-150x150.png 150w, https:\/\/4beauty-website-stage.247grad.de\/wp-content\/uploads\/2026\/08\/2025-10_Cellulite-300x300.png 300w, https:\/\/4beauty-website-stage.247grad.de\/wp-content\/uploads\/2026\/08\/2025-10_Cellulite-12x12.png 12w, https:\/\/4beauty-website-stage.247grad.de\/wp-content\/uploads\/2026\/08\/2025-10_Cellulite-120x120.png 120w, https:\/\/4beauty-website-stage.247grad.de\/wp-content\/uploads\/2026\/08\/2025-10_Cellulite-40x40.png 40w, https:\/\/4beauty-website-stage.247grad.de\/wp-content\/uploads\/2026\/08\/2025-10_Cellulite-80x80.png 80w, https:\/\/4beauty-website-stage.247grad.de\/wp-content\/uploads\/2026\/08\/2025-10_Cellulite-160x160.png 160w, https:\/\/4beauty-website-stage.247grad.de\/wp-content\/uploads\/2026\/08\/2025-10_Cellulite-500x500.png 500w\" sizes=\"auto, (max-width: 531px) 100vw, 531px\" \/><\/figure><div class=\"wp-block-media-text__content\">\n<h2 class=\"wp-block-heading\" id=\"was-ist-cellulite\">Sel\u00fclit nedir?<\/h2>\n\n<p class=\"wp-block-paragraph\">Sel\u00fclit, deri alt\u0131 ya\u011f dokusunun neden oldu\u011fu, genetik k\u00f6kenli, iltihapl\u0131 olmayan bir cilt yap\u0131s\u0131 de\u011fi\u015fikli\u011fidir ve dalgal\u0131 veya \u00e7ukurlu bir cilt y\u00fczeyine yol a\u00e7ar.<\/p>\n\n<p class=\"wp-block-paragraph\">Bu durum, \u00fc\u00e7 ana fakt\u00f6r\u00fcn bir araya gelmesiyle ortaya \u00e7\u0131kar: kad\u0131n ba\u011f dokusunun kendine \u00f6zg\u00fc yap\u0131s\u0131, alt\u0131ndaki ya\u011f h\u00fccreleri ve hormonal etkiler.<\/p>\n\n<h3 class=\"wp-block-heading\" id=\"cellulite-ist-keine-krankheit-und-kann-unabhangig-vom-korpergewicht-auftreten\">Sel\u00fclit bir hastal\u0131k de\u011fildir ve v\u00fccut a\u011f\u0131rl\u0131\u011f\u0131ndan ba\u011f\u0131ms\u0131z olarak ortaya \u00e7\u0131kabilir<\/h3>\n\n<p class=\"wp-block-paragraph\">Sel\u00fclitin bir hastal\u0131k belirtisi, fiziksel form eksikli\u011fi ya da a\u015f\u0131r\u0131 kilo sorunu olmad\u0131\u011f\u0131n\u0131 anlamak \u00e7ok \u00f6nemlidir. Bu, kad\u0131n v\u00fccudunun do\u011fal bir \u00f6zelli\u011fidir ve \u00e7ok zay\u0131f ve sporcu kad\u0131nlar da bundan etkilenebilir.<\/p>\n\n<div class=\"wp-block-buttons is-layout-flex wp-block-buttons-is-layout-flex\">\n<div class=\"wp-block-button\"><a class=\"wp-block-button__link wp-element-button\" href=\"https:\/\/4beauty-website-stage.247grad.de\/tr\/hizmet-bilgileri\/iletisim\/\">Ba\u011flay\u0131c\u0131 olmayan bir \u015fekilde ileti\u015fime ge\u00e7in<\/a><\/div>\n<\/div>\n<\/div><\/div>\n\n\n\n<h2 class=\"wp-block-heading\" id=\"die-anatomische-ursache-warum-vor-allem-frauen\">Anatomik neden: Neden \u00f6zellikle kad\u0131nlar?<\/h2>\n\n\n\n<p class=\"wp-block-paragraph\">Erkeklerin sel\u00fclite son derece nadiren yakalanmas\u0131n\u0131n nedeni, cildin farkl\u0131 yap\u0131s\u0131nda yatmaktad\u0131r:<\/p>\n\n\n\n<ul class=\"wp-block-list\">\n<li><strong>Kad\u0131nlarda:<\/strong> Deriyi alt\u0131ndaki kaslarla birle\u015ftiren ba\u011f dokusu \u015feritleri (septumlar), b\u00fcy\u00fck \u00f6l\u00e7\u00fcde <strong>dikey<\/strong>. Bunlar\u0131n aras\u0131nda nispeten b\u00fcy\u00fck ya\u011f h\u00fccresi odac\u0131klar\u0131 bulunur. Bu ya\u011f h\u00fccrelerinin hacmi artt\u0131\u011f\u0131nda veya lenf ak\u0131\u015f\u0131 bozuldu\u011funda, daha ince olan kad\u0131nlar\u0131n \u00fcst deri tabakas\u0131na do\u011fru yukar\u0131 do\u011fru bask\u0131 uygularlar. Ayn\u0131 zamanda, sert ba\u011f dokusu \u015feritleri cildi a\u015fa\u011f\u0131 do\u011fru \u00e7eker. B\u00f6ylece tipik \u00e7ukurlar olu\u015fur.<\/li>\n\n\n\n<li><strong>Erkeklerde:<\/strong> Ba\u011f dokusu \u015feritleri \u015funlard\u0131r: <strong>daha s\u0131k\u0131 ve \u00e7apraz olarak birbirine ba\u011fl\u0131<\/strong>. Ya\u011f h\u00fccrelerinin odac\u0131klar\u0131 daha k\u00fc\u00e7\u00fckt\u00fcr ve \u00fcst tabaka daha kal\u0131nd\u0131r. Bu sa\u011flam a\u011f, ya\u011f h\u00fccrelerinin yukar\u0131 do\u011fru itilmesini engeller.<\/li>\n<\/ul>\n\n\n\n<h2 class=\"wp-block-heading\" id=\"die-stadien-der-cellulite\">Sel\u00fclitin a\u015famalar\u0131<\/h2>\n\n\n\n<p class=\"wp-block-paragraph\">Bu durum genellikle \u00fc\u00e7 dereceye ayr\u0131l\u0131r:<\/p>\n\n\n\n<ul class=\"wp-block-list\">\n<li><strong>1. derece:<\/strong> \u00c7ukurlar yaln\u0131zca \u201es\u0131kma testi\u201c (cildi birbirine do\u011fru s\u0131k\u0131\u015ft\u0131rma) s\u0131ras\u0131nda g\u00f6r\u00fclebilir.<\/li>\n\n\n\n<li><strong>2. derece:<\/strong> \u00c7ukurlar ayakta dururken g\u00f6r\u00fcn\u00fcyor, ancak uzan\u0131rken g\u00f6r\u00fcnm\u00fcyor.<\/li>\n\n\n\n<li><strong>3. derece:<\/strong> \u00c7ukurlar hem ayakta hem de yatarken a\u00e7\u0131k\u00e7a g\u00f6r\u00fclebilir.<\/li>\n<\/ul>\n\n\n\n<div class=\"wp-block-media-text has-media-on-the-right is-stacked-on-mobile\"><div class=\"wp-block-media-text__content\">\n<h2 class=\"wp-block-heading\" id=\"behandlungsmethoden-was-hilft-wirklich-ein-realistischer-uberblick\">Tedavi y\u00f6ntemleri: Ne ger\u00e7ekten i\u015fe yarar? Ger\u00e7ek\u00e7i bir genel bak\u0131\u015f<\/h2>\n\n<p class=\"wp-block-paragraph\">En \u00f6nemli kural, ger\u00e7ek\u00e7i bir beklenti y\u00f6netimidir: <strong>Hi\u00e7bir y\u00f6ntem sel\u00fcliti tamamen ve kal\u0131c\u0131 olarak ortadan kald\u0131ramaz.<\/strong> G\u00fcvenilir tedaviler, belirgin ve g\u00f6zle g\u00f6r\u00fcl\u00fcr bir <strong>\u0130yile\u015ftirme<\/strong> cilt g\u00f6r\u00fcn\u00fcm\u00fcne ba\u011fl\u0131d\u0131r.<\/p>\n\n<div class=\"wp-block-buttons is-layout-flex wp-block-buttons-is-layout-flex\">\n<div class=\"wp-block-button\"><a class=\"wp-block-button__link wp-element-button\" href=\"https:\/\/4beauty-website-stage.247grad.de\/tr\/hizmet-bilgileri\/iletisim\/\">Ba\u011flay\u0131c\u0131 olmayan bir \u015fekilde ileti\u015fime ge\u00e7in<\/a><\/div>\n<\/div>\n<\/div><figure class=\"wp-block-media-text__media\"><img loading=\"lazy\" decoding=\"async\" width=\"383\" height=\"383\" src=\"https:\/\/4beauty-website-stage.247grad.de\/wp-content\/uploads\/2026\/08\/2025-10_Cellulite-Behandlung.png\" alt=\"Sel\u00fclit Tedavisi\" class=\"wp-image-327 size-full\" srcset=\"https:\/\/4beauty-website-stage.247grad.de\/wp-content\/uploads\/2026\/08\/2025-10_Cellulite-Behandlung.png 383w, https:\/\/4beauty-website-stage.247grad.de\/wp-content\/uploads\/2026\/08\/2025-10_Cellulite-Behandlung-150x150.png 150w, https:\/\/4beauty-website-stage.247grad.de\/wp-content\/uploads\/2026\/08\/2025-10_Cellulite-Behandlung-300x300.png 300w, https:\/\/4beauty-website-stage.247grad.de\/wp-content\/uploads\/2026\/08\/2025-10_Cellulite-Behandlung-12x12.png 12w, https:\/\/4beauty-website-stage.247grad.de\/wp-content\/uploads\/2026\/08\/2025-10_Cellulite-Behandlung-120x120.png 120w, https:\/\/4beauty-website-stage.247grad.de\/wp-content\/uploads\/2026\/08\/2025-10_Cellulite-Behandlung-40x40.png 40w, https:\/\/4beauty-website-stage.247grad.de\/wp-content\/uploads\/2026\/08\/2025-10_Cellulite-Behandlung-80x80.png 80w, https:\/\/4beauty-website-stage.247grad.de\/wp-content\/uploads\/2026\/08\/2025-10_Cellulite-Behandlung-160x160.png 160w\" sizes=\"auto, (max-width: 383px) 100vw, 383px\" \/><\/figure><\/div>\n\n\n\n<h3 class=\"wp-block-heading\" id=\"1-konservative-basis-massnahmen\">1. Koruyucu temel \u00f6nlemler<\/h3>\n\n\n\n<p class=\"wp-block-paragraph\">Sa\u011fl\u0131kl\u0131 bir ya\u015fam tarz\u0131, sel\u00fclitin g\u00f6r\u00fcn\u00fcm\u00fcn\u00fc iyile\u015ftirebilir, ancak nedenini ortadan kald\u0131ramaz:<\/p>\n\n\n\n<p class=\"wp-block-paragraph\"><strong>Spor ve Kas Geli\u015ftirme:<\/strong><br \/> Ya\u011f dokusunun alt\u0131ndaki g\u00fc\u00e7l\u00fc kaslar, t\u00fcm b\u00f6lgeyi s\u0131k\u0131la\u015ft\u0131r\u0131r.<\/p>\n\n\n\n<p class=\"wp-block-paragraph\"><strong>Sa\u011fl\u0131kl\u0131 beslenme ve yeterli s\u0131v\u0131 al\u0131m\u0131:<\/strong><br \/> Sa\u011fl\u0131kl\u0131 bir metabolizmay\u0131 ve s\u0131k\u0131 bir ba\u011f dokusunu destekler.<\/p>\n\n\n\n<p class=\"wp-block-paragraph\"><strong>Masajlar ve Lenf Drenaj\u0131:<\/strong><br \/> V\u00fccuttaki su tutulmas\u0131n\u0131 ge\u00e7ici olarak azaltabilir ve cilt g\u00f6r\u00fcn\u00fcm\u00fcn\u00fc k\u0131sa vadede p\u00fcr\u00fczs\u00fczle\u015ftirebilir.<\/p>\n\n\n\n<p class=\"wp-block-paragraph\"><strong>Peki ya kremler?<\/strong><br \/> Sel\u00fclit \u00f6nleyici kremler cildi besleyebilir ve kafein gibi bile\u015fenler sayesinde cildi k\u0131sa s\u00fcreli olarak s\u0131k\u0131la\u015ft\u0131rabilir. Ancak dokunun derinliklerindeki yap\u0131sal nedenleri de\u011fi\u015ftiremezler.<\/p>\n\n\n\n<h3 class=\"wp-block-heading\" id=\"2-professionelle-medizinische-verfahren\">2. Profesyonel t\u0131bbi uygulamalar<\/h3>\n\n\n\n<p class=\"wp-block-paragraph\">Bu y\u00f6ntemler doktorlar taraf\u0131ndan uygulan\u0131r ve anatomik nedenlere odaklan\u0131r:<\/p>\n\n\n\n<figure class=\"wp-block-table\"><table class=\"has-fixed-layout\"><thead><tr><th>Y\u00f6ntem<\/th><th>Etki mekanizmas\u0131<\/th><th>Ama\u00e7<\/th><\/tr><\/thead><tbody><tr><td>\u015eok Dalgas\u0131 Tedavisi (AWT)<\/td><td>Metabolizmay\u0131 ve kolajen \u00fcretimini te\u015fvik etmek amac\u0131yla dokuya akustik dalgalar iletilir<\/td><td>Cilt elastikiyetinin ve dokusunun iyile\u015ftirilmesi<\/td><\/tr><tr><td>Radyofrekans tedavisi<\/td><td>Kollajen olu\u015fumunu te\u015fvik etmek amac\u0131yla derin doku katmanlar\u0131n\u0131n kontroll\u00fc bir \u015fekilde \u0131s\u0131t\u0131lmas\u0131<\/td><td>Ba\u011f dokusunun s\u0131k\u0131la\u015ft\u0131r\u0131lmas\u0131<\/td><\/tr><tr><td>Cellfina\u00ae (subzisyon)<\/td><td>\u00c7ukurlara neden olan k\u0131salm\u0131\u015f ba\u011f dokusu \u015feritlerinin hedefli bir \u015fekilde kesildi\u011fi minimal invaziv bir i\u015flem<\/td><td>Derin, tekil \u00e7ukurlar\u0131n uzun vadeli d\u00fczeltilmesi<\/td><\/tr><tr><td>Lazer tedavisi (\u00f6rn. Cellulaze\u00ae)<\/td><td>Ba\u011f dokusu liflerini kesmek ve \u0131s\u0131 yoluyla kolajen \u00fcretimini te\u015fvik etmek amac\u0131yla bir lazer fiberi deri alt\u0131na sokulur<\/td><td>P\u00fcr\u00fczs\u00fczle\u015ftirme ve s\u0131k\u0131la\u015ft\u0131rman\u0131n birle\u015fimi<\/td><\/tr><\/tbody><\/table><\/figure>\n\n\n\n<div class=\"wp-block-media-text has-media-on-the-right is-stacked-on-mobile\"><div class=\"wp-block-media-text__content\">\n<h2 class=\"wp-block-heading\" id=\"risiken-und-die-bedeutung-der-absicherung\">Riskler ve riskten korunman\u0131n \u00f6nemi<\/h2>\n\n<p class=\"wp-block-paragraph\">Cellfina\u00ae veya Cellulaze\u00ae gibi sel\u00fclit azaltmaya y\u00f6nelik minimal invaziv tedaviler, k\u00fc\u00e7\u00fck cerrahi m\u00fcdahalelerdir. Bu tedavilerde olas\u0131 riskler \u015funlard\u0131r:<\/p>\n\n<ul class=\"wp-block-list\">\n<li>Morluklar<\/li>\n\n\n\n<li>\u015ei\u015flikler<\/li>\n\n\n\n<li>A\u011fr\u0131lar<\/li>\n\n\n\n<li>Pigment de\u011fi\u015fiklikleri veya<\/li>\n\n\n\n<li>tatmin edici olmayan bir sonu\u00e7.<\/li>\n<\/ul>\n\n<p class=\"wp-block-paragraph\">Bunlar estetik tedaviler oldu\u011fu i\u00e7in, komplikasyonlar\u0131n tedavisi i\u00e7in gereken masraflar <strong>sa\u011fl\u0131k sigortas\u0131 taraf\u0131ndan kar\u015f\u0131lanm\u0131yor<\/strong>. Bir <strong>Sonras\u0131 Maliyet Sigortas\u0131<\/strong> Ancak, tedavinizin ard\u0131ndan t\u0131bbi a\u00e7\u0131dan gerekli bir takip tedavisi gerekmesi durumunda mali g\u00fcvence sa\u011flayabilir.<\/p>\n\n<div class=\"wp-block-buttons is-layout-flex wp-block-buttons-is-layout-flex\">\n<div class=\"wp-block-button\"><a class=\"wp-block-button__link wp-element-button\" href=\"https:\/\/4beauty-website-stage.247grad.de\/tr\/hizmet-bilgileri\/iletisim\/\">Ba\u011flay\u0131c\u0131 olmayan bir \u015fekilde ileti\u015fime ge\u00e7in<\/a><\/div>\n<\/div>\n<\/div><figure class=\"wp-block-media-text__media\"><img decoding=\"async\" src=\"https:\/\/4beauty-website-stage.247grad.de\/wp-content\/uploads\/2026\/08\/2025-09_vorteil-4beauty-versicherung.svg\" alt=\"Vorteile der 4beauty-Versicherung\" class=\"wp-image-318 size-full\"\/><\/figure><\/div>\n\n\n\n<h2 class=\"wp-block-heading\" id=\"haufig-gestellte-fragen-faq-zu-cellulite\">Sel\u00fclitle \u0130lgili S\u0131k Sorulan Sorular (SSS)<\/h2>\n\n\n\n<div data-wp-context=\"{ &quot;autoclose&quot;: false, &quot;accordionItems&quot;: [] }\" data-wp-interactive=\"core\/accordion\" role=\"group\" class=\"wp-block-accordion is-layout-flow wp-block-accordion-is-layout-flow\">\n<div data-wp-class--is-open=\"state.isOpen\" data-wp-context=\"{ &quot;id&quot;: &quot;accordion-item-1&quot;, &quot;openByDefault&quot;: false }\" data-wp-init=\"callbacks.initAccordionItems\" data-wp-on-window--hashchange=\"callbacks.hashChange\" class=\"wp-block-accordion-item is-layout-flow wp-block-accordion-item-is-layout-flow\">\n<h3 class=\"wp-block-accordion-heading\"><button aria-expanded=\"false\" aria-controls=\"accordion-item-1-panel\" data-wp-bind--aria-expanded=\"state.isOpen\" data-wp-on--click=\"actions.toggle\" id=\"accordion-item-1\" type=\"button\" class=\"wp-block-accordion-heading__toggle\"><span class=\"wp-block-accordion-heading__toggle-title\">Sel\u00fclit tamamen ortadan kalkabilir mi?<\/span><span class=\"wp-block-accordion-heading__toggle-icon\" aria-hidden=\"true\">+<\/span><\/button><\/h3>\n\n\n\n<div aria-labelledby=\"accordion-item-1\" data-wp-bind--hidden=\"state.isHidden\" data-wp-on--beforematch=\"actions.handleBeforeMatch\" id=\"accordion-item-1-panel\" role=\"region\" class=\"wp-block-accordion-panel is-layout-flow wp-block-accordion-panel-is-layout-flow\">\n<p class=\"wp-block-paragraph\">Hay\u0131r. Bu genetik bir yatk\u0131nl\u0131k oldu\u011fu i\u00e7in, hi\u00e7bir tedavi sel\u00fcliti kal\u0131c\u0131 olarak \u201eiyile\u015ftiremez\u201c. Ancak profesyonel y\u00f6ntemler, cilt g\u00f6r\u00fcn\u00fcm\u00fcnde uzun s\u00fcreli ve belirgin bir iyile\u015fme sa\u011flayabilir.<\/p>\n<\/div>\n<\/div>\n\n\n\n<div data-wp-class--is-open=\"state.isOpen\" data-wp-context=\"{ &quot;id&quot;: &quot;accordion-item-2&quot;, &quot;openByDefault&quot;: false }\" data-wp-init=\"callbacks.initAccordionItems\" data-wp-on-window--hashchange=\"callbacks.hashChange\" class=\"wp-block-accordion-item is-layout-flow wp-block-accordion-item-is-layout-flow\">\n<h3 class=\"wp-block-accordion-heading\"><button aria-expanded=\"false\" aria-controls=\"accordion-item-2-panel\" data-wp-bind--aria-expanded=\"state.isOpen\" data-wp-on--click=\"actions.toggle\" id=\"accordion-item-2\" type=\"button\" class=\"wp-block-accordion-heading__toggle\"><span class=\"wp-block-accordion-heading__toggle-title\">Ya\u011f emme i\u015flemi sel\u00fclite kar\u015f\u0131 bir \u00e7\u00f6z\u00fcm m\u00fcd\u00fcr?<\/span><span class=\"wp-block-accordion-heading__toggle-icon\" aria-hidden=\"true\">+<\/span><\/button><\/h3>\n\n\n\n<div aria-labelledby=\"accordion-item-2\" data-wp-bind--hidden=\"state.isHidden\" data-wp-on--beforematch=\"actions.handleBeforeMatch\" id=\"accordion-item-2-panel\" role=\"region\" class=\"wp-block-accordion-panel is-layout-flow wp-block-accordion-panel-is-layout-flow\">\n<p class=\"wp-block-paragraph\">Hay\u0131r. Klasik bir <a href=\"https:\/\/4beauty-website-stage.247grad.de\/tr\/soezluek\/yag-emme\/\"> Ya\u011f emme<\/a> Ya da liposuction, \u00e7ukurla\u015fmalara neden olan y\u00fczeysel ya\u011f h\u00fccrelerini de\u011fil, derin ya\u011f dokusunu giderir. Cildin elastikiyetini kaybetmesine yol a\u00e7t\u0131\u011f\u0131 i\u00e7in sel\u00fclitin g\u00f6r\u00fcn\u00fcm\u00fcn\u00fc hatta daha da k\u00f6t\u00fcle\u015ftirebilir.<\/p>\n<\/div>\n<\/div>\n\n\n\n<div data-wp-class--is-open=\"state.isOpen\" data-wp-context=\"{ &quot;id&quot;: &quot;accordion-item-3&quot;, &quot;openByDefault&quot;: false }\" data-wp-init=\"callbacks.initAccordionItems\" data-wp-on-window--hashchange=\"callbacks.hashChange\" class=\"wp-block-accordion-item is-layout-flow wp-block-accordion-item-is-layout-flow\">\n<h3 class=\"wp-block-accordion-heading\"><button aria-expanded=\"false\" aria-controls=\"accordion-item-3-panel\" data-wp-bind--aria-expanded=\"state.isOpen\" data-wp-on--click=\"actions.toggle\" id=\"accordion-item-3\" type=\"button\" class=\"wp-block-accordion-heading__toggle\"><span class=\"wp-block-accordion-heading__toggle-title\">Hangi ya\u015ftan itibaren tedavi yararl\u0131 olur?<\/span><span class=\"wp-block-accordion-heading__toggle-icon\" aria-hidden=\"true\">+<\/span><\/button><\/h3>\n\n\n\n<div aria-labelledby=\"accordion-item-3\" data-wp-bind--hidden=\"state.isHidden\" data-wp-on--beforematch=\"actions.handleBeforeMatch\" id=\"accordion-item-3-panel\" role=\"region\" class=\"wp-block-accordion-panel is-layout-flow wp-block-accordion-panel-is-layout-flow\">\n<p class=\"wp-block-paragraph\">Ki\u015finin ya\u015fad\u0131\u011f\u0131 psikolojik s\u0131k\u0131nt\u0131 y\u00fcksekse, tedaviye ba\u015fvurmak mant\u0131kl\u0131d\u0131r. Profesyonel y\u00f6ntemlerin \u00e7o\u011fu, her ya\u015ftan yeti\u015fkin kad\u0131nlar i\u00e7in uygundur.<\/p>\n<\/div>\n<\/div>\n\n\n\n<div data-wp-class--is-open=\"state.isOpen\" data-wp-context=\"{ &quot;id&quot;: &quot;accordion-item-4&quot;, &quot;openByDefault&quot;: false }\" data-wp-init=\"callbacks.initAccordionItems\" data-wp-on-window--hashchange=\"callbacks.hashChange\" class=\"wp-block-accordion-item is-layout-flow wp-block-accordion-item-is-layout-flow\">\n<h3 class=\"wp-block-accordion-heading\"><button aria-expanded=\"false\" aria-controls=\"accordion-item-4-panel\" data-wp-bind--aria-expanded=\"state.isOpen\" data-wp-on--click=\"actions.toggle\" id=\"accordion-item-4\" type=\"button\" class=\"wp-block-accordion-heading__toggle\"><span class=\"wp-block-accordion-heading__toggle-title\">En etkili tedavi hangisidir?<\/span><span class=\"wp-block-accordion-heading__toggle-icon\" aria-hidden=\"true\">+<\/span><\/button><\/h3>\n\n\n\n<div aria-labelledby=\"accordion-item-4\" data-wp-bind--hidden=\"state.isHidden\" data-wp-on--beforematch=\"actions.handleBeforeMatch\" id=\"accordion-item-4-panel\" role=\"region\" class=\"wp-block-accordion-panel is-layout-flow wp-block-accordion-panel-is-layout-flow\">\n<p class=\"wp-block-paragraph\">Bu, ki\u015fiye \u00f6zg\u00fc bulgulara ba\u011fl\u0131d\u0131r. Derin ve net bir \u015fekilde belirgin \u00e7\u00f6k\u00fcnt\u00fclerin oldu\u011fu durumlarda, subzisyon (\u00f6rn. Cellfina\u00ae) uzun s\u00fcreli sonu\u00e7lar sa\u011flayan en etkili y\u00f6ntemlerden biri olarak kabul edilir. Cilt yap\u0131s\u0131n\u0131n daha dalgal\u0131 oldu\u011fu durumlarda ise genellikle radyofrekans veya \u015fok dalgas\u0131 tedavileri iyi bir se\u00e7imdir.<\/p>\n<\/div>\n<\/div>\n<\/div>","protected":false},"excerpt":{"rendered":"<p>Sel\u00fclit, halk dilinde \u201cportakal kabu\u011fu\u201d olarak da bilinen, uyluklarda, kal\u00e7alarda ve kal\u00e7a b\u00f6lgelerinde \u00e7ukurla\u015fmalar\u0131n g\u00f6r\u00fcld\u00fc\u011f\u00fc, tamamen estetik bir cilt sorunudur ve t\u00fcm kad\u0131nlar\u0131n \u2019\u0131na kadar\u0131n\u0131 etkilemektedir.<\/p>","protected":false},"template":"","class_list":["post-609","glossary","type-glossary","status-publish","hentry"],"acf":[],"_links":{"self":[{"href":"https:\/\/4beauty-website-stage.247grad.de\/tr\/wp-json\/wp\/v2\/glossary\/609","targetHints":{"allow":["GET"]}}],"collection":[{"href":"https:\/\/4beauty-website-stage.247grad.de\/tr\/wp-json\/wp\/v2\/glossary"}],"about":[{"href":"https:\/\/4beauty-website-stage.247grad.de\/tr\/wp-json\/wp\/v2\/types\/glossary"}],"wp:attachment":[{"href":"https:\/\/4beauty-website-stage.247grad.de\/tr\/wp-json\/wp\/v2\/media?parent=609"}],"curies":[{"name":"wp","href":"https:\/\/api.w.org\/{rel}","templated":true}]}}