{"id":612,"date":"2026-08-20T17:05:25","date_gmt":"2026-08-20T15:05:25","guid":{"rendered":"https:\/\/4beauty-website-stage.247grad.de\/glossar\/columella\/"},"modified":"2026-08-20T17:23:45","modified_gmt":"2026-08-20T15:23:45","slug":"kolumella","status":"publish","type":"glossary","link":"https:\/\/4beauty-website-stage.247grad.de\/tr\/glossar\/columella\/","title":{"rendered":"Columella"},"content":{"rendered":"<div class=\"wp-block-rank-math-toc-block\" id=\"rank-math-toc\"><h2>\u0130\u00e7indekiler<\/h2><nav><ul><li class=\"\"><a href=\"#indikationen\">Endikasyonlar<\/a><\/li><li class=\"\"><a href=\"#operation-korrekturmoglichkeiten-der-columella\">Ameliyat (Kolumella d\u00fczeltme se\u00e7enekleri)<\/a><\/li><li class=\"\"><a href=\"#ablauf-einer-columella-korrektur-im-rahmen-der-rhinoplastik\">Rinoplasti kapsam\u0131nda columella d\u00fczeltme i\u015fleminin ak\u0131\u015f\u0131<\/a><\/li><li class=\"\"><a href=\"#narbenbildung-bei-eingriffen-an-der-columella\">Kolumella ameliyatlar\u0131nda yara izi olu\u015fumu<\/a><\/li><li class=\"\"><a href=\"#nachsorge-nach-columella-korrektionen\">Columella d\u00fczeltme ameliyatlar\u0131 sonras\u0131 bak\u0131m<\/a><\/li><li class=\"\"><a href=\"#kostenubernahme-fur-columella-korrektionen\">Columella d\u00fczeltme ameliyatlar\u0131n\u0131n masraflar\u0131n\u0131n kar\u015f\u0131lanmas\u0131<\/a><\/li><\/ul><\/nav><\/div>\n\n\n\n<div class=\"wp-block-group is-style-boxed has-white-warm-background-color has-background is-layout-constrained wp-block-group-is-layout-constrained\">\n<p class=\"wp-block-paragraph\"><strong>\u00d6nemli uyar\u0131<\/strong><\/p>\n\n\n\n<p class=\"wp-block-paragraph\">Bu makale yaln\u0131zca bilgilendirme ama\u00e7l\u0131d\u0131r ve t\u0131bbi tan\u0131 veya tavsiyenin yerini almaz. Herhangi bir belirsizlik durumunda ve ki\u015fiye \u00f6zel bir tedavi plan\u0131 haz\u0131rlamak i\u00e7in, uzman bir hekimle g\u00f6r\u00fc\u015fmek \u015fartt\u0131r.<\/p>\n<\/div>\n\n\n\n<p class=\"wp-block-paragraph\">\u015eu <strong>Columella<\/strong> (Latince\u2019de \u201ek\u00fc\u00e7\u00fck s\u00fctun\u201c anlam\u0131na gelir), Almanca\u2019da da <strong>burun k\u00f6pr\u00fcs\u00fc<\/strong> ad\u0131n\u0131 ta\u015f\u0131yan yap\u0131, iki burun deli\u011fini (Nares) birbirinden ay\u0131ran dikey deri ve k\u0131k\u0131rdak k\u00f6pr\u00fcs\u00fcd\u00fcr. Bu yap\u0131, burun septumunun (Septum nasi) \u00f6n ve alt k\u0131sm\u0131n\u0131 olu\u015fturur ve burun ucunu \u00fcst duda\u011fa ba\u011flar. Anatomik olarak deriden, deri alt\u0131 dokudan ve \u00e7ift kanat k\u0131k\u0131rdaklar\u0131n\u0131n medial kollar\u0131ndan (Cartilagines alares majores\u2019in Crura mediales\u2019i) olu\u015fur.<\/p>\n\n\n\n<p class=\"wp-block-paragraph\"><strong>Ama\u00e7<\/strong> Estetik a\u00e7\u0131dan bak\u0131ld\u0131\u011f\u0131nda, kolumella burun ve y\u00fcz\u00fcn genel g\u00f6r\u00fcn\u00fcm\u00fcne uyumlu bir \u015fekilde b\u00fct\u00fcnle\u015fmelidir. Yandan bak\u0131ld\u0131\u011f\u0131nda burun kanatlar\u0131n\u0131n kenar\u0131n\u0131n biraz alt\u0131nda g\u00f6r\u00fcnmeli (buna \u201ekolumella g\u00f6r\u00fcn\u00fcm\u00fc\u201c denir) ve estetik a\u00e7\u0131dan ho\u015f bir nazolabial a\u00e7\u0131 (kolumella ile \u00fcst dudak aras\u0131ndaki a\u00e7\u0131) olu\u015fturmal\u0131d\u0131r.<\/p>\n\n\n\n<h2 class=\"wp-block-heading\" id=\"indikationen\">Endikasyonlar<\/h2>\n\n\n\n<p class=\"wp-block-paragraph\">Kolumellan\u0131n ideal \u015fekli ve konumundan sapmalar, burnun estetik g\u00f6r\u00fcn\u00fcm\u00fcn\u00fc olumsuz etkileyebilir ve d\u00fczeltici bir tedaviye neden olabilir. S\u0131k g\u00f6r\u00fclen estetik \u201eendikasyonlar\u201c ya da rahats\u0131z edici olarak alg\u0131lanan \u015fekil farkl\u0131l\u0131klar\u0131 \u015funlard\u0131r:<\/p>\n\n\n\n<ul class=\"wp-block-list\">\n<li><strong>Sarkan Kolumella (Hanging Columella \/ Columellar Show):<\/strong> Burun k\u00f6pr\u00fcs\u00fc yandan veya \u00f6nden a\u015f\u0131r\u0131 derecede belirgindir ve burun kanatlar\u0131ndan daha a\u015fa\u011f\u0131da durur. Bu durum burnun daha uzun g\u00f6r\u00fcnmesine veya burun ucunun \u201esark\u0131k\u201c g\u00f6r\u00fcnmesine neden olabilir.<\/li>\n\n\n\n<li><strong>Geri \u00e7ekilmi\u015f kolumella (Retracted Columella):<\/strong> Burun k\u00f6pr\u00fcs\u00fc \u00e7ok k\u0131sa ya da i\u00e7e do\u011fru \u00e7ekilmi\u015ftir ve yandan bak\u0131ld\u0131\u011f\u0131nda neredeyse hi\u00e7 ya da hi\u00e7 g\u00f6r\u00fcnmez. Bu durum, \u00fcst duda\u011f\u0131 g\u00f6rsel olarak k\u0131saltabilir ve burun ucunun k\u00fct g\u00f6r\u00fcnmesine neden olabilir.<\/li>\n\n\n\n<li><strong>Geni\u015f kolumella:<\/strong> Burun k\u00f6pr\u00fcs\u00fc \u00f6nden bak\u0131ld\u0131\u011f\u0131nda fazla geni\u015f g\u00f6r\u00fcn\u00fcyor.<\/li>\n\n\n\n<li><strong>E\u011fri veya sapm\u0131\u015f kolumella:<\/strong> Burun k\u00f6pr\u00fcs\u00fc orta \u00e7izgide d\u00fcz bir \u015fekilde uzanmaz; bu durum genellikle burun septumunun genel olarak sapmas\u0131yla ili\u015fkilidir.<\/li>\n\n\n\n<li><strong>Orant\u0131s\u0131z nazolabial a\u00e7\u0131:<\/strong> Burun k\u00f6pr\u00fcs\u00fc ile \u00fcst dudak aras\u0131nda \u00e7ok keskin veya \u00e7ok k\u00fct bir a\u00e7\u0131.<\/li>\n<\/ul>\n\n\n\n<p class=\"wp-block-paragraph\">Bu \u015fekil farkl\u0131l\u0131klar\u0131 do\u011fu\u015ftan olabilir veya yaralanmalar\u0131n ya da daha \u00f6nce ge\u00e7irilmi\u015f burun ameliyatlar\u0131n\u0131n bir sonucu olarak ortaya \u00e7\u0131kabilir.<\/p>\n\n\n\n<div class=\"wp-block-media-text is-stacked-on-mobile\"><figure class=\"wp-block-media-text__media\"><img loading=\"lazy\" decoding=\"async\" width=\"1908\" height=\"1152\" src=\"https:\/\/4beauty-website-stage.247grad.de\/wp-content\/uploads\/2026\/08\/2025-04_columella.png\" alt=\"Columella\u2019n\u0131n d\u00fczeltme se\u00e7eneklerine genel bak\u0131\u015f\" class=\"wp-image-281 size-full\" srcset=\"https:\/\/4beauty-website-stage.247grad.de\/wp-content\/uploads\/2026\/08\/2025-04_columella.png 1908w, https:\/\/4beauty-website-stage.247grad.de\/wp-content\/uploads\/2026\/08\/2025-04_columella-300x181.png 300w, https:\/\/4beauty-website-stage.247grad.de\/wp-content\/uploads\/2026\/08\/2025-04_columella-768x464.png 768w, https:\/\/4beauty-website-stage.247grad.de\/wp-content\/uploads\/2026\/08\/2025-04_columella-1024x618.png 1024w, https:\/\/4beauty-website-stage.247grad.de\/wp-content\/uploads\/2026\/08\/2025-04_columella-1536x927.png 1536w, https:\/\/4beauty-website-stage.247grad.de\/wp-content\/uploads\/2026\/08\/2025-04_columella-18x12.png 18w, https:\/\/4beauty-website-stage.247grad.de\/wp-content\/uploads\/2026\/08\/2025-04_columella-40x24.png 40w\" sizes=\"auto, (max-width: 1908px) 100vw, 1908px\" \/><\/figure><div class=\"wp-block-media-text__content\">\n<h2 class=\"wp-block-heading\" id=\"operation-korrekturmoglichkeiten-der-columella\">Ameliyat (Kolumella d\u00fczeltme se\u00e7enekleri)<\/h2>\n\n<p class=\"wp-block-paragraph\">Kolumella d\u00fczeltme i\u015flemleri genellikle bir <strong>Rinoplasti (burun esteti\u011fi)<\/strong>. Kolumella, burun ucu ve burun b\u00f6lmesinin yap\u0131s\u0131yla yak\u0131ndan ba\u011flant\u0131l\u0131 oldu\u011fundan, bu i\u015flem nadiren tek ba\u015f\u0131na ger\u00e7ekle\u015ftirilir. Kullan\u0131lacak teknik, bozuklu\u011fun t\u00fcr\u00fcne g\u00f6re de\u011fi\u015fir:<\/p>\n\n<ul class=\"wp-block-list\">\n<li><strong>Columella sarkmas\u0131 durumunda:<\/strong> Kolumelladaki fazla k\u0131k\u0131rdak ve\/veya deri dokusu azalt\u0131labilir. Bazen medial kanat k\u0131k\u0131rdaklar\u0131n\u0131n ba\u011flant\u0131 noktas\u0131 da de\u011fi\u015ftirilir.<\/li>\n\n\n\n<li><strong>Columella\u2019n\u0131n i\u00e7e do\u011fru \u00e7ekilmesi durumunda:<\/strong> Kolumellay\u0131 uzatmak, desteklemek ve a\u015fa\u011f\u0131 do\u011fru kayd\u0131rmak i\u00e7in (genellikle burun septumundan veya kulaktan al\u0131nan) k\u0131k\u0131rdak greftleri kullan\u0131labilir (buna \u201ckolumella destek grefti\u201d veya \u201cseptal uzatma grefti\u201d denir).<\/li>\n\n\n\n<li><strong>Geni\u015f kolumella durumunda:<\/strong> Medial kanat k\u0131k\u0131rdaklar\u0131 daralt\u0131labilir ve yeniden konumland\u0131r\u0131labilir.<\/li>\n\n\n\n<li><strong>E\u011fri columella durumunda:<\/strong> Bu durum genellikle burun b\u00f6lmesinin tamam\u0131n\u0131n d\u00fczeltilmesini gerektirir (septorinoplasti).<\/li>\n<\/ul>\n\n<p class=\"wp-block-paragraph\">\u00c7ok s\u0131n\u0131rl\u0131 say\u0131da, hafif kontur d\u00fczensizlikleri olan vakalarda, hyaluronik asit dolgu maddelerinin enjeksiyonu gibi minimal invaziv y\u00f6ntemler d\u00fc\u015f\u00fcn\u00fclebilir; ancak bu y\u00f6ntemler yap\u0131sal sorunlar\u0131 \u00e7\u00f6zmez.<\/p>\n<\/div><\/div>\n\n\n\n<h2 class=\"wp-block-heading\" id=\"ablauf-einer-columella-korrektur-im-rahmen-der-rhinoplastik\">Rinoplasti kapsam\u0131nda columella d\u00fczeltme i\u015fleminin ak\u0131\u015f\u0131<\/h2>\n\n\n\n<p class=\"wp-block-paragraph\">Kolumella d\u00fczeltme i\u015fleminin ak\u0131\u015f\u0131, burun esteti\u011fi s\u00fcrecinin bir par\u00e7as\u0131d\u0131r:<\/p>\n\n\n\n<ol class=\"wp-block-list is-style-step-list\">\n<li><strong>Ameliyat \u00f6ncesi d\u00f6nem<\/strong> Kapsaml\u0131 dan\u0131\u015fmanl\u0131k, burun \u015fekli ve kolumella konumunun analizi, foto\u011frafla belgeleme, ama\u00e7lar, teknikler ve riskler hakk\u0131nda bilgilendirme. Ameliyat\u0131n planlanmas\u0131.<\/li>\n\n\n\n<li><strong>Anestezi<\/strong> Kolumella d\u00fczeltmesi yap\u0131lan burun esteti\u011fi ameliyatlar\u0131 genellikle <strong>Genel anestezi<\/strong> ger\u00e7ekle\u015ftirildi.<\/li>\n\n\n\n<li><strong>Ameliyat Tekni\u011fi<\/strong> <strong>A\u00e7\u0131k rinoplasti:<\/strong> Bu i\u015flemde, kolumella \u00fczerinde k\u00fc\u00e7\u00fck bir kesi (transkolumellar kesi, genellikle ters V veya basamakl\u0131 kesi olarak adland\u0131r\u0131l\u0131r) ve burun deliklerinin i\u00e7 k\u0131sm\u0131nda kesiler a\u00e7\u0131l\u0131r. Bu, burun ucu ve kolumelladaki k\u0131k\u0131rdak yap\u0131lar\u0131n\u0131n do\u011frudan g\u00f6r\u00fclmesini ve hassas bir \u015fekilde i\u015flenmesini sa\u011flar. <strong>Kapal\u0131 rinoplasti:<\/strong> T\u00fcm kesiler burun i\u00e7 k\u0131sm\u0131nda yap\u0131l\u0131r. Columella yap\u0131lar\u0131na da buradan ula\u015f\u0131labilir, ancak do\u011frudan g\u00f6r\u00fc\u015f daha s\u0131n\u0131rl\u0131d\u0131r. Cerrah daha sonra columella k\u0131k\u0131rdaklar\u0131n\u0131 \u015fekillendirir, fazlal\u0131klar\u0131 al\u0131r veya destekleyici malzeme ekler.<\/li>\n\n\n\n<li><strong>Yara kapatma<\/strong> Kesikler ince diki\u015flerle kapat\u0131l\u0131r. Burun genellikle al\u00e7\u0131 veya plastik bir atelle sabitlenir.<\/li>\n<\/ol>\n\n\n\n<h2 class=\"wp-block-heading\" id=\"narbenbildung-bei-eingriffen-an-der-columella\">Kolumella ameliyatlar\u0131nda yara izi olu\u015fumu<\/h2>\n\n\n\n<ul class=\"wp-block-list\">\n<li><strong>A\u00e7\u0131k rinoplasti:<\/strong> Columella'da k\u00fc\u00e7\u00fck ve ince bir yara izi b\u0131rak\u0131r. Kesinin do\u011fru bir \u015fekilde yap\u0131lmas\u0131 ve yaran\u0131n iyi iyile\u015fmesi durumunda, bu yara izi genellikle birka\u00e7 ay sonra \u00e7ok az belirgin hale gelir ve neredeyse g\u00f6r\u00fcnmez.<\/li>\n\n\n\n<li><strong>Kapal\u0131 rinoplasti:<\/strong> T\u00fcm kesiler i\u00e7 k\u0131s\u0131mda oldu\u011fu i\u00e7in kolumellada d\u0131\u015fta g\u00f6r\u00fcnen yara izi kalmaz. Yara izlerinin iyile\u015fme s\u00fcreci, cilt tipi ve genetik yatk\u0131nl\u0131k gibi \u00e7e\u015fitli fakt\u00f6rlere ba\u011fl\u0131d\u0131r. \u0130yile\u015fme sonras\u0131nda yara izlerine \u00f6zenli bir bak\u0131m uygulanmas\u0131, g\u00f6r\u00fcn\u00fcm\u00fcn\u00fc iyile\u015ftirebilir.<\/li>\n<\/ul>\n\n\n\n<h2 class=\"wp-block-heading\" id=\"nachsorge-nach-columella-korrektionen\">Columella d\u00fczeltme ameliyatlar\u0131 sonras\u0131 bak\u0131m<\/h2>\n\n\n\n<p class=\"wp-block-paragraph\">\u0130yile\u015fme s\u00fcreci, esasen burun esteti\u011fi ameliyat\u0131 sonras\u0131ndaki s\u00fcrece benzerdir:<\/p>\n\n\n\n<ul class=\"wp-block-list\">\n<li><strong>So\u011futma ve Y\u00fcksekte Depolama<\/strong> \u00dcst v\u00fccutta \u015fi\u015fkinli\u011fi azaltmak i\u00e7in.<\/li>\n\n\n\n<li><strong>Burun ateli\/Al\u00e7\u0131<\/strong> yakla\u015f\u0131k 1-2 hafta boyunca.<\/li>\n\n\n\n<li><strong>Burun bak\u0131m\u0131<\/strong> talimatlara uygun olarak \u015fi\u015fmeyi azaltan spreyler veya merhemler kullanarak.<\/li>\n\n\n\n<li><strong>Bas\u0131nc\u0131n \u00f6nlenmesi<\/strong> buruna (\u00f6rn. g\u00f6zl\u00fck, burnunu silmek).<\/li>\n\n\n\n<li><strong>Fiziksel dinlenme<\/strong>, birka\u00e7 hafta boyunca spor yapmaktan ka\u00e7\u0131nmak.<\/li>\n<\/ul>\n\n\n\n<h3 class=\"wp-block-heading\" id=\"erholungszeit-nach-dem-eingriff\">\u0130\u015flem sonras\u0131 iyile\u015fme s\u00fcresi<\/h3>\n\n\n\n<ul class=\"wp-block-list\">\n<li><strong>Sosyal beceri:<\/strong> Genellikle yakla\u015f\u0131k 2 hafta sonra, en \u015fiddetli \u015fi\u015flikler ve morluklar azald\u0131\u011f\u0131nda ve al\u00e7\u0131 \u00e7\u0131kar\u0131ld\u0131\u011f\u0131nda.<\/li>\n\n\n\n<li><strong>\u015ei\u015fli\u011fin azalmas\u0131:<\/strong> Burun, kolumella dahil olmak \u00fczere, \u00f6n\u00fcm\u00fczdeki birka\u00e7 ay boyunca \u015fi\u015fli\u011fi daha da azalacakt\u0131r. Burun esteti\u011finin nihai sonucu genellikle ancak 6-12 ay sonra veya daha uzun bir s\u00fcre ge\u00e7tikten sonra tam olarak de\u011ferlendirilebilir.<\/li>\n<\/ul>\n\n\n\n<h2 class=\"wp-block-heading\" id=\"kostenubernahme-fur-columella-korrektionen\">Columella d\u00fczeltme ameliyatlar\u0131n\u0131n masraflar\u0131n\u0131n kar\u015f\u0131lanmas\u0131<\/h2>\n\n\n\n<p class=\"wp-block-paragraph\">Estetik ama\u00e7l\u0131 rinoplasti kapsam\u0131nda yap\u0131lan kolumella d\u00fczeltmeleri genellikle <strong>hay\u0131r<\/strong> yasal veya \u00f6zel sa\u011fl\u0131k sigortalar\u0131 taraf\u0131ndan kar\u015f\u0131lan\u0131r. Bu masraflar, burun esteti\u011fi ameliyat\u0131n\u0131n toplam masraflar\u0131n\u0131n bir par\u00e7as\u0131d\u0131r.<\/p>\n\n\n\n<p class=\"wp-block-paragraph\">Ancak kolumella deformitesinin t\u0131bbi gerek\u00e7eye dayal\u0131 bir burun ameliyat\u0131n\u0131n bir par\u00e7as\u0131 olmas\u0131 durumunda (\u00f6rne\u011fin, kolumellay\u0131 da etkileyen septum deviasyonu nedeniyle burun solunumunda ciddi fonksiyonel bozukluk olmas\u0131 durumunda veya kazalar sonras\u0131 rekonstr\u00fcksiyonlarda), masraflar\u0131n bir k\u0131sm\u0131n\u0131n kar\u015f\u0131lanmas\u0131 de\u011ferlendirilebilir.<\/p>\n\n\n\n<p class=\"wp-block-paragraph\">Sadece estetik ama\u00e7l\u0131 m\u00fcdahaleler i\u00e7in, bir <a href=\"https:\/\/4beauty-website-stage.247grad.de\/tr\/sonraki-masraf-sigortasi\/\"><strong>Sonras\u0131 Maliyet Sigortas\u0131<\/strong><\/a>, komplikasyonlar durumunda t\u0131bbi a\u00e7\u0131dan gerekli olabilecek takip tedavilerinin masraflar\u0131n\u0131 kar\u015f\u0131layabilir.<\/p>","protected":false},"excerpt":{"rendered":"<p>Columella, Almanca\u2019da \u201cburun k\u00f6pr\u00fcs\u00fc\u201d olarak adland\u0131r\u0131l\u0131r; iki burun deli\u011fi aras\u0131ndaki dikey deri ve k\u0131k\u0131rdak k\u00f6pr\u00fcs\u00fcd\u00fcr ve burun ucunu \u00fcst duda\u011fa ba\u011flar.<\/p>","protected":false},"template":"","class_list":["post-612","glossary","type-glossary","status-publish","hentry"],"acf":[],"_links":{"self":[{"href":"https:\/\/4beauty-website-stage.247grad.de\/tr\/wp-json\/wp\/v2\/glossary\/612","targetHints":{"allow":["GET"]}}],"collection":[{"href":"https:\/\/4beauty-website-stage.247grad.de\/tr\/wp-json\/wp\/v2\/glossary"}],"about":[{"href":"https:\/\/4beauty-website-stage.247grad.de\/tr\/wp-json\/wp\/v2\/types\/glossary"}],"wp:attachment":[{"href":"https:\/\/4beauty-website-stage.247grad.de\/tr\/wp-json\/wp\/v2\/media?parent=612"}],"curies":[{"name":"wp","href":"https:\/\/api.w.org\/{rel}","templated":true}]}}