{"id":613,"date":"2026-08-20T17:05:26","date_gmt":"2026-08-20T15:05:26","guid":{"rendered":"https:\/\/4beauty-website-stage.247grad.de\/glossar\/contour-lifting-fadenlifting\/"},"modified":"2026-08-20T17:23:47","modified_gmt":"2026-08-20T15:23:47","slug":"contour-lifting-fadenlifting","status":"publish","type":"glossary","link":"https:\/\/4beauty-website-stage.247grad.de\/tr\/glossar\/contour-lifting-fadenlifting\/","title":{"rendered":"Kontur Germe (\u0130plik Germe)"},"content":{"rendered":"<div class=\"wp-block-rank-math-toc-block\" id=\"rank-math-toc\"><h2>\u0130\u00e7indekiler<\/h2><nav><ul><li class=\"\"><a href=\"#was-ist-ein-contour-lifting\">Was ist ein Contour Lifting?<\/a><\/li><li class=\"\"><a href=\"#das-duale-wirkprinzip-mechanischer-lift-biologische-regeneration\">Das duale Wirkprinzip: Mechanischer Lift &#038; Biologische Regeneration<\/a><\/li><li class=\"\"><a href=\"#fur-wen-ist-ein-fadenlifting-geeignet\">F\u00fcr wen ist ein Fadenlifting geeignet?<\/a><\/li><li class=\"\"><a href=\"#der-grosse-vergleich-fadenlifting-vs-chirurgisches-facelift\">Der gro\u00dfe Vergleich: Fadenlifting vs. Chirurgisches Facelift<\/a><\/li><li class=\"\"><a href=\"#risiken-des-contour-liftings-und-die-bedeutung-der-absicherung\">Risiken des Contour Liftings und die Bedeutung der Absicherung<\/a><\/li><\/ul><\/nav><\/div>\n\n\n\n<div class=\"wp-block-group is-style-boxed has-white-warm-background-color has-background is-layout-constrained wp-block-group-is-layout-constrained\">\n<p class=\"wp-block-paragraph\"><strong>\u00d6nemli uyar\u0131<\/strong><\/p>\n\n\n\n<p class=\"wp-block-paragraph\">Bu makale yaln\u0131zca bilgilendirme ama\u00e7l\u0131d\u0131r ve t\u0131bbi tan\u0131 veya tavsiyenin yerini almaz. Herhangi bir belirsizlik durumunda ve ki\u015fiye \u00f6zel bir tedavi plan\u0131 haz\u0131rlamak i\u00e7in, uzman bir hekimle g\u00f6r\u00fc\u015fmek \u015fartt\u0131r.<\/p>\n<\/div>\n\n\n\n<p class=\"wp-block-paragraph\">Der Wunsch nach einem strafferen, jugendlicheren Gesicht ohne einen gro\u00dfen chirurgischen Eingriff hat zur Entwicklung zahlreicher minimal-invasiver Verfahren gef\u00fchrt. Eines der bekanntesten ist das <strong>Contour Lifting<\/strong>, ein Marketingbegriff, der in der Regel f\u00fcr das <strong>Fadenlifting (Thread Lifting)<\/strong> steht. Es kann einen sichtbaren Lifting-Effekt mit kurzer Ausfallzeit erm\u00f6glichen, wobei das Ergebnis individuell variieren kann.<\/p>\n\n\n\n<p class=\"wp-block-paragraph\">Dieser Artikel erkl\u00e4rt Ihnen pr\u00e4zise und realistisch, was ein Contour Lifting ist, wie die Technik mit den selbstaufl\u00f6senden F\u00e4den funktioniert, welche Ergebnisse Sie erwarten k\u00f6nnen und wo die klaren Grenzen im Vergleich zu einem operativen Facelift liegen.<\/p>\n\n\n\n<div class=\"wp-block-media-text is-stacked-on-mobile\"><figure class=\"wp-block-media-text__media\"><img loading=\"lazy\" decoding=\"async\" width=\"635\" height=\"635\" src=\"https:\/\/4beauty-website-stage.247grad.de\/wp-content\/uploads\/2026\/08\/2025-10_Fadenlifting_Contour-Lifting.png\" alt=\"Fadenlifting Contour-Lifting\" class=\"wp-image-333 size-full\" srcset=\"https:\/\/4beauty-website-stage.247grad.de\/wp-content\/uploads\/2026\/08\/2025-10_Fadenlifting_Contour-Lifting.png 635w, https:\/\/4beauty-website-stage.247grad.de\/wp-content\/uploads\/2026\/08\/2025-10_Fadenlifting_Contour-Lifting-150x150.png 150w, https:\/\/4beauty-website-stage.247grad.de\/wp-content\/uploads\/2026\/08\/2025-10_Fadenlifting_Contour-Lifting-300x300.png 300w, https:\/\/4beauty-website-stage.247grad.de\/wp-content\/uploads\/2026\/08\/2025-10_Fadenlifting_Contour-Lifting-12x12.png 12w, https:\/\/4beauty-website-stage.247grad.de\/wp-content\/uploads\/2026\/08\/2025-10_Fadenlifting_Contour-Lifting-120x120.png 120w, https:\/\/4beauty-website-stage.247grad.de\/wp-content\/uploads\/2026\/08\/2025-10_Fadenlifting_Contour-Lifting-40x40.png 40w, https:\/\/4beauty-website-stage.247grad.de\/wp-content\/uploads\/2026\/08\/2025-10_Fadenlifting_Contour-Lifting-80x80.png 80w, https:\/\/4beauty-website-stage.247grad.de\/wp-content\/uploads\/2026\/08\/2025-10_Fadenlifting_Contour-Lifting-160x160.png 160w, https:\/\/4beauty-website-stage.247grad.de\/wp-content\/uploads\/2026\/08\/2025-10_Fadenlifting_Contour-Lifting-500x500.png 500w\" sizes=\"auto, (max-width: 635px) 100vw, 635px\" \/><\/figure><div class=\"wp-block-media-text__content\">\n<h2 class=\"wp-block-heading\" id=\"was-ist-ein-contour-lifting\">Was ist ein Contour Lifting?<\/h2>\n\n<p class=\"wp-block-paragraph\">Das Contour Lifting ist ein minimal-invasives Verfahren zur Straffung und Anhebung erschlaffter Gesichtspartien, das unter dem Fachbegriff <strong>\u0130plik Germe<\/strong> bekannt ist. Bei dieser Methode werden spezielle, sich selbst aufl\u00f6sende F\u00e4den (meist aus Polydioxanon (PDO), Polymilchs\u00e4ure (PLLA) oder Polycaprolacton (PCL)) in das Unterhautfettgewebe eingebracht. Diese F\u00e4den sind oft mit kleinen Widerhaken oder Kegeln (sog. Barbs oder Cones) besetzt, die sich im Gewebe verankern und es erm\u00f6glichen, die Haut mechanisch zu spannen und in eine h\u00f6here Position zu ziehen.<\/p>\n<\/div><\/div>\n\n\n\n<h2 class=\"wp-block-heading\" id=\"das-duale-wirkprinzip-mechanischer-lift-biologische-regeneration\">Das duale Wirkprinzip: Mechanischer Lift &#038; Biologische Regeneration<\/h2>\n\n\n\n<p class=\"wp-block-paragraph\">Der Effekt eines Fadenliftings beruht auf zwei aufeinanderfolgenden Prozessen:<\/p>\n\n\n\n<h3 class=\"wp-block-heading\" id=\"der-sofortige-mechanische-lifting-effekt\"><strong>Der sofortige mechanische Lifting-Effekt:<\/strong><\/h3>\n\n\n\n<p class=\"wp-block-paragraph\">Direkt nach dem Einbringen der F\u00e4den kann der Arzt das Gewebe durch sanften Zug an den F\u00e4den anheben und neu positionieren. Die Widerhaken verankern das Gewebe in der neuen, gelifteten Position. Dieser Effekt ist sofort sichtbar.<\/p>\n\n\n\n<h3 class=\"wp-block-heading\" id=\"der-langfristige-biologische-aufbau-effekt\"><strong>Der langfristige biologische Aufbau-Effekt:<\/strong><\/h3>\n\n\n\n<p class=\"wp-block-paragraph\">Dies ist der eigentliche regenerative Teil der Behandlung. Die F\u00e4den werden vom K\u00f6rper langsam abgebaut. Dabei stimulieren sie die Bildung von neuem Kollagen und Bindegewebe, was einen regenerativen Effekt unterst\u00fctzt. Es entsteht ein neues, inneres St\u00fctzger\u00fcst aus k\u00f6rpereigenem Gewebe, das die Haut auch nach der vollst\u00e4ndigen Aufl\u00f6sung der F\u00e4den weiterhin strafft.<\/p>\n\n\n\n<div class=\"wp-block-media-text has-media-on-the-right is-stacked-on-mobile\"><div class=\"wp-block-media-text__content\">\n<h2 class=\"wp-block-heading\" id=\"fur-wen-ist-ein-fadenlifting-geeignet\">F\u00fcr wen ist ein Fadenlifting geeignet?<\/h2>\n\n<p class=\"wp-block-paragraph\">Das Fadenlifting ist kein Ersatz f\u00fcr ein chirurgisches Facelift. Es ist ideal f\u00fcr Patientinnen und Patienten mit:<\/p>\n\n<ul class=\"wp-block-list\">\n<li><strong>Beginnender bis moderater Hauterschlaffung<\/strong>, insbesondere im Bereich der Wangen, der Kieferlinie (&#8222;H\u00e4ngeb\u00e4ckchen&#8220;) oder der Augenbrauen.<\/li>\n\n\n\n<li>Hen\u00fcz <strong>guter Hautqualit\u00e4t und -elastizit\u00e4t<\/strong>.<\/li>\n\n\n\n<li>Dem Wunsch nach einem <strong>sichtbaren, aber nat\u00fcrlichen Ergebnis<\/strong> ohne die Ausfallzeit und die Narben einer Operation.<\/li>\n<\/ul>\n\n<p class=\"wp-block-paragraph\">Bei starkem Haut\u00fcberschuss oder sehr d\u00fcnner Haut ist ein Fadenlifting nicht die geeignete Methode.<\/p>\n<\/div><figure class=\"wp-block-media-text__media\"><img loading=\"lazy\" decoding=\"async\" width=\"562\" height=\"562\" src=\"https:\/\/4beauty-website-stage.247grad.de\/wp-content\/uploads\/2026\/08\/2025-10_Contour-Lifting_Faeden.png\" alt=\"Contour-Lifting: F\u00e4den\" class=\"wp-image-329 size-full\" srcset=\"https:\/\/4beauty-website-stage.247grad.de\/wp-content\/uploads\/2026\/08\/2025-10_Contour-Lifting_Faeden.png 562w, https:\/\/4beauty-website-stage.247grad.de\/wp-content\/uploads\/2026\/08\/2025-10_Contour-Lifting_Faeden-150x150.png 150w, https:\/\/4beauty-website-stage.247grad.de\/wp-content\/uploads\/2026\/08\/2025-10_Contour-Lifting_Faeden-300x300.png 300w, https:\/\/4beauty-website-stage.247grad.de\/wp-content\/uploads\/2026\/08\/2025-10_Contour-Lifting_Faeden-12x12.png 12w, https:\/\/4beauty-website-stage.247grad.de\/wp-content\/uploads\/2026\/08\/2025-10_Contour-Lifting_Faeden-120x120.png 120w, https:\/\/4beauty-website-stage.247grad.de\/wp-content\/uploads\/2026\/08\/2025-10_Contour-Lifting_Faeden-40x40.png 40w, https:\/\/4beauty-website-stage.247grad.de\/wp-content\/uploads\/2026\/08\/2025-10_Contour-Lifting_Faeden-80x80.png 80w, https:\/\/4beauty-website-stage.247grad.de\/wp-content\/uploads\/2026\/08\/2025-10_Contour-Lifting_Faeden-160x160.png 160w, https:\/\/4beauty-website-stage.247grad.de\/wp-content\/uploads\/2026\/08\/2025-10_Contour-Lifting_Faeden-500x500.png 500w\" sizes=\"auto, (max-width: 562px) 100vw, 562px\" \/><\/figure><\/div>\n\n\n\n<h2 class=\"wp-block-heading\" id=\"der-grosse-vergleich-fadenlifting-vs-chirurgisches-facelift\">Der gro\u00dfe Vergleich: Fadenlifting vs. Chirurgisches Facelift<\/h2>\n\n\n\n<figure class=\"wp-block-table\"><table class=\"has-fixed-layout\"><thead><tr><th>Kriter<\/th><th>Kontur Germe (\u0130plik Germe)<\/th><th>Chirurgisches Facelift (SMAS-Lift)<\/th><\/tr><\/thead><tbody><tr><td>Y\u00f6ntem<\/td><td>Einbringen von F\u00e4den ins Unterhautgewebe<\/td><td>Operative Anhebung der tiefen Gewebeschichten (SMAS) und Entfernung von Haut\u00fcberschuss<\/td><\/tr><tr><td>\u0130nvazivlik<\/td><td>Minimal invaziv<\/td><td>Chirurgischer Eingriff<\/td><\/tr><tr><td>Anestezi<\/td><td>Lokal anestezi<\/td><td>Vollnarkose oder D\u00e4mmerschlaf<\/td><\/tr><tr><td>Sonu\u00e7<\/td><td>Moderater, nat\u00fcrlicher Lifting-Effekt<\/td><td>Deutlicher, umfassender Lifting-Effekt<\/td><\/tr><tr><td>Raf \u00f6mr\u00fc<\/td><td>Tempor\u00e4r (ca. 1\u20132 Jahre)<\/td><td>Sehr langanhaltend (ca. 10\u201312 Jahre)<\/td><\/tr><tr><td>Ar\u0131za s\u00fcresi<\/td><td>Gering (ca. 3\u20137 Tage)<\/td><td>Deutlich (ca. 2\u20133 Wochen)<\/td><\/tr><tr><td>\u015eunlar i\u00e7in idealdir \u2026<\/td><td>Leichte bis moderate Erschlaffung<\/td><td>Fortgeschrittene Erschlaffung mit Haut\u00fcberschuss<\/td><\/tr><\/tbody><\/table><\/figure>\n\n\n\n<h2 class=\"wp-block-heading\" id=\"risiken-des-contour-liftings-und-die-bedeutung-der-absicherung\">Risiken des Contour Liftings und die Bedeutung der Absicherung<\/h2>\n\n\n\n<p class=\"wp-block-paragraph\">Obwohl das Fadenlifting als risikoarm gilt, handelt es sich um einen invasiven Eingriff, der nur von einem erfahrenen Arzt durchgef\u00fchrt werden darf. M\u00f6gliche Risiken sind:<\/p>\n\n\n\n<ul class=\"wp-block-list\">\n<li>Schwellungen, Bluterg\u00fcsse und leichte Schmerzen (normal).<\/li>\n\n\n\n<li>Asymmetrien oder ein ungleichm\u00e4\u00dfiges Ergebnis.<\/li>\n\n\n\n<li>Sichtbarkeit oder F\u00fchlbarkeit der F\u00e4den, insbesondere bei sehr d\u00fcnner Haut.<\/li>\n\n\n\n<li>Einziehen der Haut an den Eintritts- oder Ankerpunkten.<\/li>\n\n\n\n<li>Infektionen entlang des Fadenkanals.<\/li>\n\n\n\n<li>Verrutschen der F\u00e4den (Fadenmigration).<\/li>\n\n\n\n<li>Ungleichm\u00e4\u00dfige Hautkonturen (Dellenbildung).<\/li>\n<\/ul>\n\n\n\n<p class=\"wp-block-paragraph\">Die Kosten f\u00fcr die Behandlung solcher Komplikationen oder f\u00fcr notwendige Korrektionen werden <strong>sa\u011fl\u0131k sigortas\u0131 taraf\u0131ndan kar\u015f\u0131lanm\u0131yor<\/strong>. Bir <a href=\"https:\/\/4beauty-website-stage.247grad.de\/tr\/sonraki-masraf-sigortasi\/\">Sonras\u0131 Maliyet Sigortas\u0131<\/a> bietet finanzielle Sicherheit f\u00fcr den Fall, dass nach Ihrer Behandlung eine medizinisch notwendige Nachbehandlung erforderlich werden sollte.<\/p>\n\n\n\n<div data-wp-context=\"{ &quot;autoclose&quot;: false, &quot;accordionItems&quot;: [] }\" data-wp-interactive=\"core\/accordion\" role=\"group\" class=\"wp-block-accordion is-layout-flow wp-block-accordion-is-layout-flow\">\n<div data-wp-class--is-open=\"state.isOpen\" data-wp-context=\"{ &quot;id&quot;: &quot;accordion-item-1&quot;, &quot;openByDefault&quot;: false }\" data-wp-init=\"callbacks.initAccordionItems\" data-wp-on-window--hashchange=\"callbacks.hashChange\" class=\"wp-block-accordion-item is-layout-flow wp-block-accordion-item-is-layout-flow\">\n<h3 class=\"wp-block-accordion-heading\"><button aria-expanded=\"false\" aria-controls=\"accordion-item-1-panel\" data-wp-bind--aria-expanded=\"state.isOpen\" data-wp-on--click=\"actions.toggle\" id=\"accordion-item-1\" type=\"button\" class=\"wp-block-accordion-heading__toggle\"><span class=\"wp-block-accordion-heading__toggle-title\">Was kostet ein Fadenlifting?<\/span><span class=\"wp-block-accordion-heading__toggle-icon\" aria-hidden=\"true\">+<\/span><\/button><\/h3>\n\n\n\n<div aria-labelledby=\"accordion-item-1\" data-wp-bind--hidden=\"state.isHidden\" data-wp-on--beforematch=\"actions.handleBeforeMatch\" id=\"accordion-item-1-panel\" role=\"region\" class=\"wp-block-accordion-panel is-layout-flow wp-block-accordion-panel-is-layout-flow\">\n<p class=\"wp-block-paragraph\">Die Kosten h\u00e4ngen stark von der Anzahl der verwendeten F\u00e4den, der Technik und dem Behandlungsareal ab. F\u00fcr eine Wangenbehandlung bewegen sie sich h\u00e4ufig im Bereich von etwa 800 bis 3.000 Euro.<\/p>\n<\/div>\n<\/div>\n\n\n\n<div data-wp-class--is-open=\"state.isOpen\" data-wp-context=\"{ &quot;id&quot;: &quot;accordion-item-2&quot;, &quot;openByDefault&quot;: false }\" data-wp-init=\"callbacks.initAccordionItems\" data-wp-on-window--hashchange=\"callbacks.hashChange\" class=\"wp-block-accordion-item is-layout-flow wp-block-accordion-item-is-layout-flow\">\n<h3 class=\"wp-block-accordion-heading\"><button aria-expanded=\"false\" aria-controls=\"accordion-item-2-panel\" data-wp-bind--aria-expanded=\"state.isOpen\" data-wp-on--click=\"actions.toggle\" id=\"accordion-item-2\" type=\"button\" class=\"wp-block-accordion-heading__toggle\"><span class=\"wp-block-accordion-heading__toggle-title\">Tedavi a\u011fr\u0131l\u0131 m\u0131d\u0131r?<\/span><span class=\"wp-block-accordion-heading__toggle-icon\" aria-hidden=\"true\">+<\/span><\/button><\/h3>\n\n\n\n<div aria-labelledby=\"accordion-item-2\" data-wp-bind--hidden=\"state.isHidden\" data-wp-on--beforematch=\"actions.handleBeforeMatch\" id=\"accordion-item-2-panel\" role=\"region\" class=\"wp-block-accordion-panel is-layout-flow wp-block-accordion-panel-is-layout-flow\">\n<p class=\"wp-block-paragraph\">Nein. Das Behandlungsareal wird vor dem Einbringen der F\u00e4den gr\u00fcndlich lokal bet\u00e4ubt, sodass der Eingriff selbst gut ertr\u00e4glich und weitgehend schmerzfrei ist.<\/p>\n<\/div>\n<\/div>\n\n\n\n<div data-wp-class--is-open=\"state.isOpen\" data-wp-context=\"{ &quot;id&quot;: &quot;accordion-item-3&quot;, &quot;openByDefault&quot;: false }\" data-wp-init=\"callbacks.initAccordionItems\" data-wp-on-window--hashchange=\"callbacks.hashChange\" class=\"wp-block-accordion-item is-layout-flow wp-block-accordion-item-is-layout-flow\">\n<h3 class=\"wp-block-accordion-heading\"><button aria-expanded=\"false\" aria-controls=\"accordion-item-3-panel\" data-wp-bind--aria-expanded=\"state.isOpen\" data-wp-on--click=\"actions.toggle\" id=\"accordion-item-3\" type=\"button\" class=\"wp-block-accordion-heading__toggle\"><span class=\"wp-block-accordion-heading__toggle-title\">Was passiert, wenn die F\u00e4den sich aufl\u00f6sen? F\u00e4llt das Gesicht dann wieder zusammen?<\/span><span class=\"wp-block-accordion-heading__toggle-icon\" aria-hidden=\"true\">+<\/span><\/button><\/h3>\n\n\n\n<div aria-labelledby=\"accordion-item-3\" data-wp-bind--hidden=\"state.isHidden\" data-wp-on--beforematch=\"actions.handleBeforeMatch\" id=\"accordion-item-3-panel\" role=\"region\" class=\"wp-block-accordion-panel is-layout-flow wp-block-accordion-panel-is-layout-flow\">\n<p class=\"wp-block-paragraph\">Nein. W\u00e4hrend sich die F\u00e4den aufl\u00f6sen, baut der K\u00f6rper an ihrer Stelle ein neues Kollagennetzwerk auf. Das neu gebildete Kollagennetz kann den straffenden Effekt auch nach der Aufl\u00f6sung der F\u00e4den f\u00fcr eine gewisse Zeit unterst\u00fctzen, jedoch l\u00e4sst die Wirkung im Rahmen des nat\u00fcrlichen Alterungsprozesses allm\u00e4hlich nach.<\/p>\n<\/div>\n<\/div>\n\n\n\n<div data-wp-class--is-open=\"state.isOpen\" data-wp-context=\"{ &quot;id&quot;: &quot;accordion-item-4&quot;, &quot;openByDefault&quot;: false }\" data-wp-init=\"callbacks.initAccordionItems\" data-wp-on-window--hashchange=\"callbacks.hashChange\" class=\"wp-block-accordion-item is-layout-flow wp-block-accordion-item-is-layout-flow\">\n<h3 class=\"wp-block-accordion-heading\"><button aria-expanded=\"false\" aria-controls=\"accordion-item-4-panel\" data-wp-bind--aria-expanded=\"state.isOpen\" data-wp-on--click=\"actions.toggle\" id=\"accordion-item-4\" type=\"button\" class=\"wp-block-accordion-heading__toggle\"><span class=\"wp-block-accordion-heading__toggle-title\">Sieht man die F\u00e4den unter der Haut?<\/span><span class=\"wp-block-accordion-heading__toggle-icon\" aria-hidden=\"true\">+<\/span><\/button><\/h3>\n\n\n\n<div aria-labelledby=\"accordion-item-4\" data-wp-bind--hidden=\"state.isHidden\" data-wp-on--beforematch=\"actions.handleBeforeMatch\" id=\"accordion-item-4-panel\" role=\"region\" class=\"wp-block-accordion-panel is-layout-flow wp-block-accordion-panel-is-layout-flow\">\n<p class=\"wp-block-paragraph\">Bei korrekter Platzierung in der richtigen Gewebetiefe durch einen erfahrenen Arzt sind die F\u00e4den weder sichtbar noch tastbar. Bei falscher Technik oder sehr d\u00fcnner Haut kann dies jedoch ein Risiko sein.<\/p>\n<\/div>\n<\/div>\n<\/div>","protected":false},"excerpt":{"rendered":"<p>Contour Lifting, iplik germe i\u00e7in kullan\u0131lan bir pazarlama terimidir; bu, g\u00f6zle g\u00f6r\u00fcl\u00fcr bir germe etkisi sa\u011flayan ve iyile\u015fme s\u00fcresi k\u0131sa olan minimal invaziv bir i\u015flemdir.<\/p>","protected":false},"template":"","class_list":["post-613","glossary","type-glossary","status-publish","hentry"],"acf":[],"_links":{"self":[{"href":"https:\/\/4beauty-website-stage.247grad.de\/tr\/wp-json\/wp\/v2\/glossary\/613","targetHints":{"allow":["GET"]}}],"collection":[{"href":"https:\/\/4beauty-website-stage.247grad.de\/tr\/wp-json\/wp\/v2\/glossary"}],"about":[{"href":"https:\/\/4beauty-website-stage.247grad.de\/tr\/wp-json\/wp\/v2\/types\/glossary"}],"wp:attachment":[{"href":"https:\/\/4beauty-website-stage.247grad.de\/tr\/wp-json\/wp\/v2\/media?parent=613"}],"curies":[{"name":"wp","href":"https:\/\/api.w.org\/{rel}","templated":true}]}}