{"id":625,"date":"2026-08-20T17:05:35","date_gmt":"2026-08-20T15:05:35","guid":{"rendered":"https:\/\/4beauty-website-stage.247grad.de\/glossar\/drainage\/"},"modified":"2026-08-28T11:45:29","modified_gmt":"2026-08-28T09:45:29","slug":"drenaj","status":"publish","type":"glossary","link":"https:\/\/4beauty-website-stage.247grad.de\/tr\/glossar\/drainage\/","title":{"rendered":"Ameliyat sonras\u0131 drenaj: Yaradaki hortumun iyile\u015fmenizi neden h\u0131zland\u0131rd\u0131\u011f\u0131"},"content":{"rendered":"<div class=\"wp-block-rank-math-toc-block\" id=\"rank-math-toc\"><h2>\u0130\u00e7indekiler<\/h2><nav><ul><li class=\"\"><a href=\"#was-ist-eine-postoperative-drainage\">Ameliyat sonras\u0131 drenaj nedir?<\/a><\/li><li class=\"\"><a href=\"#warum-ist-eine-drainage-nach-operationen-so-wichtig\">Ameliyat sonras\u0131 drenaj neden bu kadar \u00f6nemlidir?<\/a><\/li><li class=\"\"><a href=\"#die-patientenerfahrung-was-sie-erwartet\">Hasta deneyimi: Sizi neler bekliyor?<\/a><\/li><li class=\"\"><a href=\"#risiken-und-die-bedeutung-der-absicherung\">Riskler ve riskten korunman\u0131n \u00f6nemi<\/a><\/li><li class=\"\"><a href=\"#haufig-gestellte-fragen-faq-zur-drainage\">Drenajla \u0130lgili S\u0131k Sorulan Sorular (SSS)<\/a><\/li><\/ul><\/nav><\/div>\n\n\n\n<div class=\"wp-block-group is-style-boxed has-white-warm-background-color has-background is-layout-constrained wp-block-group-is-layout-constrained\">\n<p class=\"wp-block-paragraph\"><strong>\u00d6nemli uyar\u0131<\/strong><\/p>\n\n\n\n<p class=\"wp-block-paragraph\">Bu makale yaln\u0131zca bilgilendirme ama\u00e7l\u0131d\u0131r ve t\u0131bbi tan\u0131 veya tavsiyenin yerini almaz. Herhangi bir belirsizlik durumunda ve ki\u015fiye \u00f6zel bir tedavi plan\u0131 haz\u0131rlamak i\u00e7in, uzman bir hekimle g\u00f6r\u00fc\u015fmek \u015fartt\u0131r.<\/p>\n<\/div>\n\n\n\n<p class=\"wp-block-paragraph\">Kar\u0131n germe veya g\u00f6\u011f\u00fcs b\u00fcy\u00fctme gibi b\u00fcy\u00fck bir ameliyattan sonra uyand\u0131\u011f\u0131nda, ki\u015fi bazen ameliyat b\u00f6lgesinden \u00e7\u0131kan ince bir t\u00fcp y\u00fcz\u00fcnden endi\u015felenebilir. Ancak bu t\u00fcp, yani drenaj, endi\u015felenecek bir durum de\u011fildir. Aksine, bu t\u00fcp, titiz bir cerrahi sonras\u0131 bak\u0131m i\u00e7in \u00f6nemli bir yard\u0131mc\u0131d\u0131r.<\/p>\n\n\n\n<p class=\"wp-block-paragraph\">Bu Gloss yaz\u0131s\u0131, ameliyat sonras\u0131 drenaj\u0131n ne oldu\u011funu, h\u0131zl\u0131 ve komplikasyonsuz bir iyile\u015fme i\u00e7in neden bu kadar \u00f6nemli oldu\u011funu ve bununla ilgili nelere dikkat etmeniz gerekti\u011fini anlay\u0131\u015fl\u0131 ve net bir \u015fekilde a\u00e7\u0131klamaktad\u0131r.<\/p>\n\n\n\n<div class=\"wp-block-media-text is-stacked-on-mobile\"><figure class=\"wp-block-media-text__media\"><img loading=\"lazy\" decoding=\"async\" width=\"2046\" height=\"1882\" src=\"https:\/\/4beauty-website-stage.247grad.de\/wp-content\/uploads\/2026\/08\/2026-03_drainage.png\" alt=\"Drenaj hortumu\" class=\"wp-image-432 size-full\" srcset=\"https:\/\/4beauty-website-stage.247grad.de\/wp-content\/uploads\/2026\/08\/2026-03_drainage.png 2046w, https:\/\/4beauty-website-stage.247grad.de\/wp-content\/uploads\/2026\/08\/2026-03_drainage-300x276.png 300w, https:\/\/4beauty-website-stage.247grad.de\/wp-content\/uploads\/2026\/08\/2026-03_drainage-768x706.png 768w, https:\/\/4beauty-website-stage.247grad.de\/wp-content\/uploads\/2026\/08\/2026-03_drainage-1024x942.png 1024w, https:\/\/4beauty-website-stage.247grad.de\/wp-content\/uploads\/2026\/08\/2026-03_drainage-1536x1413.png 1536w, https:\/\/4beauty-website-stage.247grad.de\/wp-content\/uploads\/2026\/08\/2026-03_drainage-13x12.png 13w, https:\/\/4beauty-website-stage.247grad.de\/wp-content\/uploads\/2026\/08\/2026-03_drainage-40x37.png 40w\" sizes=\"auto, (max-width: 2046px) 100vw, 2046px\" \/><\/figure><div class=\"wp-block-media-text__content\">\n<h2 class=\"wp-block-heading\" id=\"was-ist-eine-postoperative-drainage\">Ameliyat sonras\u0131 drenaj nedir?<\/h2>\n\n<p class=\"wp-block-paragraph\">Ameliyat sonras\u0131 veya yara drenaj\u0131, genellikle ince ve esnek bir plastik t\u00fcp olan ve ameliyat s\u0131ras\u0131nda bir yara bo\u015flu\u011funa veya ekleme yerle\u015ftirilen t\u0131bbi bir alettir.<\/p>\n\n<p class=\"wp-block-paragraph\">Amac\u0131, ameliyat sonras\u0131 olu\u015fan yara s\u0131v\u0131s\u0131, kan ve lenf gibi s\u0131v\u0131lar\u0131 v\u00fccuttan d\u0131\u015far\u0131 bo\u015faltmakt\u0131r. Bu, yaran\u0131n iyile\u015fmesini destekler ve komplikasyonlar\u0131 \u00f6nler.<\/p>\n<\/div><\/div>\n\n\n\n<h2 class=\"wp-block-heading\" id=\"warum-ist-eine-drainage-nach-operationen-so-wichtig\">Ameliyat sonras\u0131 drenaj neden bu kadar \u00f6nemlidir?<\/h2>\n\n\n\n<p class=\"wp-block-paragraph\">\u015eunu bir d\u00fc\u015f\u00fcn\u00fcn: Kar\u0131n germe ameliyat\u0131nda, alt\u0131ndaki dokuyu s\u0131k\u0131la\u015ft\u0131rmak i\u00e7in deri yukar\u0131 do\u011fru \u00e7ekilir. Bu i\u015flem s\u0131ras\u0131nda ka\u00e7\u0131n\u0131lmaz olarak bir bo\u015fluk olu\u015fur. V\u00fccut, bu m\u00fcdahaleye yara s\u0131v\u0131s\u0131 \u00fcreterek tamamen do\u011fal bir \u015fekilde tepki verir.<\/p>\n\n\n\n<p class=\"wp-block-paragraph\">Drenaj yap\u0131lmazsa, bu s\u0131v\u0131 yara bo\u015flu\u011funda birikebilir. Bu durum \u00e7e\u015fitli sorunlara yol a\u00e7abilir:<\/p>\n\n\n\n<ul class=\"wp-block-list\">\n<li><strong>Serum olu\u015fumu<\/strong>: Yara s\u0131v\u0131s\u0131 (serom) birikimi olu\u015fur; bu durum a\u011fr\u0131ya neden olabilir, gerginlik hissi yaratabilir ve ciltte \u00e7irkin \u015fi\u015fkinliklere yol a\u00e7abilir. Baz\u0131 durumlarda seromun sonradan ponksiyonla bo\u015falt\u0131lmas\u0131 gerekebilir.<\/li>\n\n\n\n<li><strong>Enfeksiyon riski<\/strong>: Biriken s\u0131v\u0131, bakteriler i\u00e7in ideal bir \u00fcreme ortam\u0131d\u0131r ve yara enfeksiyonu riskini art\u0131r\u0131r.<\/li>\n\n\n\n<li><strong>Yara \u0130yile\u015fmesinde Sorunlar<\/strong>: S\u0131v\u0131n\u0131n yaratt\u0131\u011f\u0131 bas\u0131n\u00e7, doku katmanlar\u0131n\u0131n birbirine iyi yap\u0131\u015fmas\u0131n\u0131 ve birbirine kayna\u015fmas\u0131n\u0131 engeller.<\/li>\n<\/ul>\n\n\n\n<p class=\"wp-block-paragraph\">Dolay\u0131s\u0131yla drenaj, d\u00fc\u015fman\u0131n\u0131z de\u011fil dostunuzdur: Fazla s\u0131v\u0131y\u0131 g\u00fcvenli bir \u015fekilde d\u0131\u015far\u0131 atar, dokudaki bas\u0131nc\u0131 azalt\u0131r ve b\u00f6ylece h\u0131zl\u0131, temiz ve sorunsuz bir iyile\u015fme i\u00e7in en uygun ko\u015fullar\u0131 sa\u011flar.<\/p>\n\n\n\n<h3 class=\"wp-block-heading\" id=\"die-redon-drainage-der-standard-in-der-plastischen-chirurgie\">Redon Drenaj\u0131: Plastik Cerrahide Standart Y\u00f6ntem<\/h3>\n\n\n\n<p class=\"wp-block-paragraph\">Plastik cerrahide en s\u0131k kullan\u0131lan y\u00f6ntem, s\u00f6zde <strong>Redon Drenaj\u0131<\/strong>.<\/p>\n\n\n\n<p class=\"wp-block-paragraph\">Bu, bir emme drenaj\u0131d\u0131r (aktif drenaj). Toplama kab\u0131 (k\u00fc\u00e7\u00fck bir plastik \u015fi\u015fe), hafif, yapay olarak olu\u015fturulan bir <strong>Negatif bas\u0131n\u00e7 (vakum)<\/strong>. Bu emme kuvveti, yaradan salg\u0131y\u0131 aktif olarak \u00e7eker ve ayn\u0131 zamanda kopan doku katmanlar\u0131n\u0131n v\u00fccutta birbirine s\u0131k\u0131ca yap\u0131\u015fmas\u0131n\u0131 ve h\u0131zla birle\u015fmesini sa\u011flar.<\/p>\n\n\n\n<div class=\"wp-block-media-text has-media-on-the-right is-stacked-on-mobile\"><div class=\"wp-block-media-text__content\">\n<h2 class=\"wp-block-heading\" id=\"die-patientenerfahrung-was-sie-erwartet\">Hasta deneyimi: Sizi neler bekliyor?<\/h2>\n\n<ul class=\"wp-block-list\">\n<li><strong>Bu nas\u0131l g\u00f6r\u00fcn\u00fcyor?<\/strong> Ameliyat izinin hemen yan\u0131ndaki k\u00fc\u00e7\u00fck bir delikten derinin d\u0131\u015f\u0131na \u00e7\u0131kan bir veya birka\u00e7 ince t\u00fcp g\u00f6receksiniz. Hortumun ucunda \u2013 drenaj sistemine ba\u011fl\u0131 olarak \u2013 genellikle hafif bir emi\u015f g\u00fcc\u00fc olu\u015fturan k\u00fc\u00e7\u00fck, s\u0131k\u0131\u015ft\u0131r\u0131lm\u0131\u015f bir plastik \u015fi\u015fe (\u00f6rne\u011fin bir Redon \u015fi\u015fesi) veya k\u00fc\u00e7\u00fck bir torba bulunur.<\/li>\n\n\n\n<li><strong>Drenaj ne kadar s\u00fcreyle kalacak?<\/strong> Buna yaln\u0131zca doktorunuz karar verir. Genellikle drenaj, g\u00fcnde \u00e7ok az s\u0131v\u0131 bo\u015falt\u0131lana kadar yerinde b\u0131rak\u0131l\u0131r. Bu s\u00fcre, ameliyat\u0131n t\u00fcr\u00fc ve kapsam\u0131na ba\u011fl\u0131 olarak 1 g\u00fcn ile birka\u00e7 g\u00fcn aras\u0131nda de\u011fi\u015febilir.<\/li>\n\n\n\n<li><strong>Drenaj\u0131n \u00e7ekilmesi ac\u0131 verir mi?<\/strong> Bu, en s\u0131k kar\u015f\u0131la\u015f\u0131lan endi\u015felerden biridir. \u00c7\u0131karma i\u015flemi genellikle basittir ve sadece birka\u00e7 saniye s\u00fcrer. Hastalar\u0131n \u00e7o\u011fu k\u0131sa s\u00fcreli, bir \u00e7ekilme hissi veya rahats\u0131zl\u0131k hisseder, ancak \u015fiddetli bir a\u011fr\u0131 hissetmez. Derin nefes almak bu konuda \u00e7ok yard\u0131mc\u0131 olur.<\/li>\n<\/ul>\n<\/div><figure class=\"wp-block-media-text__media\"><img loading=\"lazy\" decoding=\"async\" width=\"599\" height=\"624\" src=\"https:\/\/4beauty-website-stage.247grad.de\/wp-content\/uploads\/2026\/08\/2026-03_drainage-handhabung.svg\" alt=\"Drenaj\u0131n Kullan\u0131m\u0131 ve Uygulanmas\u0131\" class=\"wp-image-431 size-full\"\/><\/figure><\/div>\n\n\n\n<h2 class=\"wp-block-heading\" id=\"risiken-und-die-bedeutung-der-absicherung\">Riskler ve riskten korunman\u0131n \u00f6nemi<\/h2>\n\n\n\n<p class=\"wp-block-paragraph\">Drenajlar komplikasyon riskini \u00f6nemli \u00f6l\u00e7\u00fcde azaltmas\u0131na ra\u011fmen, yine de sorunlar ortaya \u00e7\u0131kabilir. Drenaj \u00e7\u0131kar\u0131ld\u0131ktan sonra bile serom olu\u015fabilir ve bu durum bir ponksiyon veya ba\u015fka bir takip tedavisini gerektirebilir. Tamamen estetik ama\u00e7l\u0131 bir m\u00fcdahalenin ard\u0131ndan yap\u0131lan bu t\u00fcr takip tedavileri, genellikle kamu ve \u00f6zel sa\u011fl\u0131k sigortalar\u0131 taraf\u0131ndan kar\u015f\u0131lanmaz.<\/p>\n\n\n\n<div class=\"wp-block-group is-style-boxed is-layout-constrained wp-block-group-is-layout-constrained\">\n<p class=\"wp-block-paragraph\"><strong>Dikkat, tehlike i\u015faretleri!<\/strong><\/p>\n\n<p class=\"wp-block-paragraph\">A\u015fa\u011f\u0131daki durumlarda derhal doktorunuza ba\u015fvurun:<\/p>\n\n<ul class=\"wp-block-list\">\n<li>\u015ei\u015fede aniden \u00e7ok b\u00fcy\u00fck miktarda kan (a\u00e7\u0131k k\u0131rm\u0131z\u0131) birikmeye ba\u015flar.<\/li>\n\n\n\n<li>Hortumun deriye temas etti\u011fi yerde \u015fiddetli k\u0131zar\u0131kl\u0131k, zonklama, a\u015f\u0131r\u0131 \u0131s\u0131nma veya p\u00fcr\u00fclan ak\u0131nt\u0131 varsa (enfeksiyon belirtisi).<\/li>\n\n\n\n<li>\u015ei\u015fedeki vakum aniden ortadan kalkm\u0131\u015f olsa da, h\u00e2l\u00e2 bol miktarda s\u0131v\u0131 pompalanmaya devam ediyordu.<\/li>\n\n\n\n<li>Yara b\u00f6lgesi a\u015f\u0131r\u0131 derecede \u015fi\u015fer ve sertle\u015fir (bu, drenaj\u0131n t\u0131kand\u0131\u011f\u0131n\u0131 ve serom\/hematom olu\u015ftu\u011funu g\u00f6sterebilir).<\/li>\n<\/ul>\n<\/div>\n\n\n\n<p class=\"wp-block-paragraph\">Bu \u00f6ng\u00f6r\u00fclemeyen masraflardan korunmak i\u00e7in, takip masraflar\u0131 sigortas\u0131 \u00f6nemli bir g\u00fcvence sa\u011flar. Estetik ameliyat\u0131n\u0131z\u0131n ard\u0131ndan, komplikasyonlar nedeniyle t\u0131bbi olarak gerekli bir tedavi gerekmesi durumunda finansal g\u00fcvenlik sunar. Hemen bilgi al\u0131n!<\/p>\n\n\n\n<h2 class=\"wp-block-heading\" id=\"haufig-gestellte-fragen-faq-zur-drainage\">Drenajla \u0130lgili S\u0131k Sorulan Sorular (SSS)<\/h2>\n\n\n\n<div data-wp-context=\"{ &quot;autoclose&quot;: false, &quot;accordionItems&quot;: [] }\" data-wp-interactive=\"core\/accordion\" role=\"group\" class=\"wp-block-accordion is-layout-flow wp-block-accordion-is-layout-flow\">\n<div data-wp-class--is-open=\"state.isOpen\" data-wp-context=\"{ &quot;id&quot;: &quot;accordion-item-1&quot;, &quot;openByDefault&quot;: false }\" data-wp-init=\"callbacks.initAccordionItems\" data-wp-on-window--hashchange=\"callbacks.hashChange\" class=\"wp-block-accordion-item is-layout-flow wp-block-accordion-item-is-layout-flow\">\n<h3 class=\"wp-block-accordion-heading\"><button aria-expanded=\"false\" aria-controls=\"accordion-item-1-panel\" data-wp-bind--aria-expanded=\"state.isOpen\" data-wp-on--click=\"actions.toggle\" id=\"accordion-item-1\" type=\"button\" class=\"wp-block-accordion-heading__toggle\"><span class=\"wp-block-accordion-heading__toggle-title\">Hangi estetik ameliyatlarda drenajlar s\u0131kl\u0131kla kullan\u0131l\u0131r?<\/span><span class=\"wp-block-accordion-heading__toggle-icon\" aria-hidden=\"true\">+<\/span><\/button><\/h3>\n\n\n\n<div aria-labelledby=\"accordion-item-1\" data-wp-bind--hidden=\"state.isHidden\" data-wp-on--beforematch=\"actions.handleBeforeMatch\" id=\"accordion-item-1-panel\" role=\"region\" class=\"wp-block-accordion-panel is-layout-flow wp-block-accordion-panel-is-layout-flow\">\n<p class=\"wp-block-paragraph\">Drenajlar, \u00f6zellikle geni\u015f yara alanlar\u0131n\u0131n olu\u015ftu\u011fu ameliyatlarda kullan\u0131l\u0131r; \u00f6rne\u011fin, <a href=\"https:\/\/4beauty-website-stage.247grad.de\/tr\/soezluek\/abdominoplastik\/\">Kar\u0131n Germe Ameliyat\u0131<\/a>, <a href=\"https:\/\/4beauty-website-stage.247grad.de\/tr\/soezluek\/brustvergroesserung\/\">G\u00f6\u011f\u00fcs b\u00fcy\u00fctme<\/a>\/-k\u00fc\u00e7\u00fcltme veya y\u00fcz germe ameliyat\u0131.<\/p>\n<\/div>\n<\/div>\n\n\n\n<div data-wp-class--is-open=\"state.isOpen\" data-wp-context=\"{ &quot;id&quot;: &quot;accordion-item-2&quot;, &quot;openByDefault&quot;: false }\" data-wp-init=\"callbacks.initAccordionItems\" data-wp-on-window--hashchange=\"callbacks.hashChange\" class=\"wp-block-accordion-item is-layout-flow wp-block-accordion-item-is-layout-flow\">\n<h3 class=\"wp-block-accordion-heading\"><button aria-expanded=\"false\" aria-controls=\"accordion-item-2-panel\" data-wp-bind--aria-expanded=\"state.isOpen\" data-wp-on--click=\"actions.toggle\" id=\"accordion-item-2\" type=\"button\" class=\"wp-block-accordion-heading__toggle\"><span class=\"wp-block-accordion-heading__toggle-title\">Drenaj ile kateter aras\u0131ndaki fark nedir?<\/span><span class=\"wp-block-accordion-heading__toggle-icon\" aria-hidden=\"true\">+<\/span><\/button><\/h3>\n\n\n\n<div aria-labelledby=\"accordion-item-2\" data-wp-bind--hidden=\"state.isHidden\" data-wp-on--beforematch=\"actions.handleBeforeMatch\" id=\"accordion-item-2-panel\" role=\"region\" class=\"wp-block-accordion-panel is-layout-flow wp-block-accordion-panel-is-layout-flow\">\n<p class=\"wp-block-paragraph\">Drenaj, yaradan \u00e7\u0131kan s\u0131v\u0131y\u0131 d\u0131\u015far\u0131ya bo\u015falt\u0131r. Kateter genellikle i\u00e7i bo\u015f organlardan v\u00fccut s\u0131v\u0131lar\u0131n\u0131 bo\u015faltmak i\u00e7in kullan\u0131l\u0131r (\u00f6rne\u011fin, idrar\u0131 bo\u015faltmak i\u00e7in mesane kateteri).<\/p>\n<\/div>\n<\/div>\n\n\n\n<div data-wp-class--is-open=\"state.isOpen\" data-wp-context=\"{ &quot;id&quot;: &quot;accordion-item-3&quot;, &quot;openByDefault&quot;: false }\" data-wp-init=\"callbacks.initAccordionItems\" data-wp-on-window--hashchange=\"callbacks.hashChange\" class=\"wp-block-accordion-item is-layout-flow wp-block-accordion-item-is-layout-flow\">\n<h3 class=\"wp-block-accordion-heading\"><button aria-expanded=\"false\" aria-controls=\"accordion-item-3-panel\" data-wp-bind--aria-expanded=\"state.isOpen\" data-wp-on--click=\"actions.toggle\" id=\"accordion-item-3\" type=\"button\" class=\"wp-block-accordion-heading__toggle\"><span class=\"wp-block-accordion-heading__toggle-title\">Drenaj tak\u0131l\u0131yken hastanede kalmam gerekir mi?<\/span><span class=\"wp-block-accordion-heading__toggle-icon\" aria-hidden=\"true\">+<\/span><\/button><\/h3>\n\n\n\n<div aria-labelledby=\"accordion-item-3\" data-wp-bind--hidden=\"state.isHidden\" data-wp-on--beforematch=\"actions.handleBeforeMatch\" id=\"accordion-item-3-panel\" role=\"region\" class=\"wp-block-accordion-panel is-layout-flow wp-block-accordion-panel-is-layout-flow\">\n<p class=\"wp-block-paragraph\">Bu, ameliyat\u0131n t\u00fcr\u00fcne ve klini\u011fe g\u00f6re de\u011fi\u015fir. Baz\u0131 m\u00fcdahalelerde hastalar, v\u00fccutlar\u0131nda drenaj t\u00fcp\u00fc tak\u0131l\u0131 halde eve taburcu edilebilir ve drenaj\u0131n \u00e7\u0131kar\u0131lmas\u0131 i\u00e7in tekrar muayenehaneye veya klini\u011fe gelirler.<\/p>\n<\/div>\n<\/div>\n\n\n\n<div data-wp-class--is-open=\"state.isOpen\" data-wp-context=\"{ &quot;id&quot;: &quot;accordion-item-4&quot;, &quot;openByDefault&quot;: false }\" data-wp-init=\"callbacks.initAccordionItems\" data-wp-on-window--hashchange=\"callbacks.hashChange\" class=\"wp-block-accordion-item is-layout-flow wp-block-accordion-item-is-layout-flow\">\n<h3 class=\"wp-block-accordion-heading\"><button aria-expanded=\"false\" aria-controls=\"accordion-item-4-panel\" data-wp-bind--aria-expanded=\"state.isOpen\" data-wp-on--click=\"actions.toggle\" id=\"accordion-item-4\" type=\"button\" class=\"wp-block-accordion-heading__toggle\"><span class=\"wp-block-accordion-heading__toggle-title\">Drenajda bir sorun oldu\u011funu nas\u0131l anlar\u0131m?<\/span><span class=\"wp-block-accordion-heading__toggle-icon\" aria-hidden=\"true\">+<\/span><\/button><\/h3>\n\n\n\n<div aria-labelledby=\"accordion-item-4\" data-wp-bind--hidden=\"state.isHidden\" data-wp-on--beforematch=\"actions.handleBeforeMatch\" id=\"accordion-item-4-panel\" role=\"region\" class=\"wp-block-accordion-panel is-layout-flow wp-block-accordion-panel-is-layout-flow\">\n<p class=\"wp-block-paragraph\">A\u015fa\u011f\u0131daki durumlarda derhal doktorunuza ba\u015fvurun:<\/p>\n\n<ul class=\"wp-block-list\">\n<li>\u00e7\u0131k\u0131\u015f b\u00f6lgesinde \u015fiddetli a\u011fr\u0131, k\u0131zar\u0131kl\u0131k veya \u015fi\u015flik fark ederseniz,<\/li>\n\n\n\n<li>Ate\u015finiz varsa veya<\/li>\n\n\n\n<li>\u015ei\u015fe aniden parlak k\u0131rm\u0131z\u0131 kanla h\u0131zla dolmaya ba\u015flar.<\/li>\n<\/ul>\n<\/div>\n<\/div>\n<\/div>","protected":false},"excerpt":{"rendered":"<p>Drenaj, b\u00fcy\u00fck ameliyatlar\u0131n ard\u0131ndan ameliyat b\u00f6lgesinden d\u0131\u015far\u0131 \u00e7\u0131kan ince bir hortumdur ve cerrahi sonras\u0131 bak\u0131m\u0131n bir par\u00e7as\u0131 olarak iyile\u015fmeyi destekler.<\/p>","protected":false},"template":"","class_list":["post-625","glossary","type-glossary","status-publish","hentry"],"acf":[],"_links":{"self":[{"href":"https:\/\/4beauty-website-stage.247grad.de\/tr\/wp-json\/wp\/v2\/glossary\/625","targetHints":{"allow":["GET"]}}],"collection":[{"href":"https:\/\/4beauty-website-stage.247grad.de\/tr\/wp-json\/wp\/v2\/glossary"}],"about":[{"href":"https:\/\/4beauty-website-stage.247grad.de\/tr\/wp-json\/wp\/v2\/types\/glossary"}],"wp:attachment":[{"href":"https:\/\/4beauty-website-stage.247grad.de\/tr\/wp-json\/wp\/v2\/media?parent=625"}],"curies":[{"name":"wp","href":"https:\/\/api.w.org\/{rel}","templated":true}]}}