{"id":626,"date":"2026-08-20T17:05:36","date_gmt":"2026-08-20T15:05:36","guid":{"rendered":"https:\/\/4beauty-website-stage.247grad.de\/glossar\/dysphorie\/"},"modified":"2026-08-20T17:24:08","modified_gmt":"2026-08-20T15:24:08","slug":"disfori","status":"publish","type":"glossary","link":"https:\/\/4beauty-website-stage.247grad.de\/tr\/glossar\/dysphorie\/","title":{"rendered":"Disfori"},"content":{"rendered":"<div class=\"wp-block-rank-math-toc-block\" id=\"rank-math-toc\"><h2>\u0130\u00e7indekiler<\/h2><nav><ul><li class=\"\"><a href=\"#definition-von-dysphorie\">Disfori Tan\u0131m\u0131<\/a><\/li><li class=\"\"><a href=\"#ursachen-der-dysphorie\">Disforinin Nedenleri<\/a><\/li><li class=\"\"><a href=\"#symptome-der-dysphorie\">Disfori belirtileri<\/a><\/li><li class=\"\"><a href=\"#formen-und-arten-der-dysphorie\">Disforinin bi\u00e7imleri ve t\u00fcrleri<\/a><\/li><li class=\"\"><a href=\"#abgrenzung-zu-ahnlichen-zustanden\">Benzer durumlardan ayr\u0131m\u0131<\/a><\/li><li class=\"\"><a href=\"#umgang-und-behandlungsmoglichkeiten\">Ba\u015fa \u00c7\u0131kma Y\u00f6ntemleri ve Tedavi Se\u00e7enekleri<\/a><\/li><li class=\"\"><a href=\"#wann-professionelle-hilfe-suchen\">Ne zaman profesyonel yard\u0131m almal\u0131?<\/a><\/li><li class=\"\"><a href=\"#kostenubernahme-fur-therapeutische-massnahmen\">Terap\u00f6tik m\u00fcdahalelerin masraflar\u0131n\u0131n kar\u015f\u0131lanmas\u0131<\/a><\/li><li class=\"\"><a href=\"#haufig-gestellte-fragen-zu-dysphorie\">Disfori ile ilgili s\u0131k sorulan sorular<\/a><\/li><\/ul><\/nav><\/div>\n\n\n\n<div class=\"wp-block-group is-style-boxed has-white-warm-background-color has-background is-layout-constrained wp-block-group-is-layout-constrained\">\n<p class=\"wp-block-paragraph\"><strong>\u00d6nemli uyar\u0131<\/strong><\/p>\n\n\n\n<p class=\"wp-block-paragraph\">Bu makale yaln\u0131zca bilgilendirme ama\u00e7l\u0131d\u0131r ve t\u0131bbi tan\u0131 veya tavsiyenin yerini almaz. Herhangi bir belirsizlik durumunda ve ki\u015fiye \u00f6zel bir tedavi plan\u0131 haz\u0131rlamak i\u00e7in, uzman bir hekimle g\u00f6r\u00fc\u015fmek \u015fartt\u0131r.<\/p>\n<\/div>\n\n\n\n<h2 class=\"wp-block-heading\" id=\"definition-von-dysphorie\">Disfori Tan\u0131m\u0131<\/h2>\n\n\n\n<figure class=\"wp-block-image size-large\"><img loading=\"lazy\" decoding=\"async\" width=\"1729\" height=\"2088\" src=\"https:\/\/4beauty-website-stage.247grad.de\/wp-content\/uploads\/2026\/08\/2025-02_dysphorie-ursachen.png\" alt=\"\u015eematik g\u00f6sterim: Disforinin nedenleri \u2014 n\u00f6robiyolojik, psikolojik ve durumsal fakt\u00f6rler\" class=\"wp-image-269\" srcset=\"https:\/\/4beauty-website-stage.247grad.de\/wp-content\/uploads\/2026\/08\/2025-02_dysphorie-ursachen.png 1729w, https:\/\/4beauty-website-stage.247grad.de\/wp-content\/uploads\/2026\/08\/2025-02_dysphorie-ursachen-248x300.png 248w, https:\/\/4beauty-website-stage.247grad.de\/wp-content\/uploads\/2026\/08\/2025-02_dysphorie-ursachen-768x927.png 768w, https:\/\/4beauty-website-stage.247grad.de\/wp-content\/uploads\/2026\/08\/2025-02_dysphorie-ursachen-848x1024.png 848w, https:\/\/4beauty-website-stage.247grad.de\/wp-content\/uploads\/2026\/08\/2025-02_dysphorie-ursachen-1272x1536.png 1272w, https:\/\/4beauty-website-stage.247grad.de\/wp-content\/uploads\/2026\/08\/2025-02_dysphorie-ursachen-1696x2048.png 1696w, https:\/\/4beauty-website-stage.247grad.de\/wp-content\/uploads\/2026\/08\/2025-02_dysphorie-ursachen-10x12.png 10w, https:\/\/4beauty-website-stage.247grad.de\/wp-content\/uploads\/2026\/08\/2025-02_dysphorie-ursachen-33x40.png 33w\" sizes=\"auto, (max-width: 1729px) 100vw, 1729px\" \/><\/figure>\n\n\n\n<p class=\"wp-block-paragraph\"><strong>Disfori<\/strong> (Yunanca \u201edysphoros\u201c kelimesinden t\u00fcremi\u015ftir; anlam\u0131 \u201ekatlan\u0131lmas\u0131 zor\u201cdur) \u00fcz\u00fcnt\u00fc, sinirlilik, huzursuzluk, kayg\u0131, gerginlik ya da kendine veya ya\u015fam ko\u015fullar\u0131na kar\u015f\u0131 genel bir memnuniyetsizlik duygular\u0131yla karakterize edilen, ho\u015f olmayan bir duygusal durumu ifade eder. Bu durum, \u00f6fori (y\u00fcksek ruh hali) ile z\u0131tt\u0131r. Disfori, hafif bir ruh hali bozuklu\u011fundan \u015fiddetli bir ac\u0131 hissine kadar uzanabilir.<\/p>\n\n\n\n<p class=\"wp-block-paragraph\">Disforiyi anlaman\u0131n amac\u0131, bu durumu fark etmek, olas\u0131 nedenlerini s\u0131n\u0131fland\u0131rmak ve etkilenen ki\u015filere uygun yard\u0131m se\u00e7eneklerini sunabilmektir. \u00d6nemli olan, disforiyi sadece \u201ek\u00f6t\u00fc bir ruh hali\u201c olarak g\u00f6rmezden gelmemek, aksine altta yatan olas\u0131 bir soruna i\u015faret eden ciddi bir sinyal olarak de\u011ferlendirmektir.<\/p>\n\n\n\n<div class=\"wp-block-buttons is-layout-flex wp-block-buttons-is-layout-flex\">\n<div class=\"wp-block-button\"><a class=\"wp-block-button__link wp-element-button\" href=\"https:\/\/4beauty-website-stage.247grad.de\/tr\/hizmet-bilgileri\/iletisim\/\">Ba\u011flay\u0131c\u0131 olmayan bir \u015fekilde ileti\u015fime ge\u00e7in<\/a><\/div>\n<\/div>\n\n\n\n<h2 class=\"wp-block-heading\" id=\"ursachen-der-dysphorie\">Disforinin Nedenleri<\/h2>\n\n\n\n<p class=\"wp-block-paragraph\">Disforik durumlar\u0131n nedenleri \u015funlard\u0131r: <strong>\u00e7ok fakt\u00f6rl\u00fc<\/strong> ve karma\u015f\u0131kt\u0131r. Bunlar biyolojik, psikolojik ve sosyal bile\u015fenleri i\u00e7erebilir:<\/p>\n\n\n\n<ul class=\"wp-block-list\">\n<li><strong>N\u00f6robiyolojik fakt\u00f6rler:<\/strong> Beyindeki n\u00f6rotransmitter dengesizlikleri (\u00f6rn. serotonin, dopamin, noradrenalin), hormonal dalgalanmalar (\u00f6rn. adet d\u00f6ng\u00fcs\u00fc kapsam\u0131nda, tiroid fonksiyon bozukluklar\u0131).<\/li>\n\n\n\n<li><strong>Psikolojik fakt\u00f6rler:<\/strong> Stres, travmatik deneyimler, \u00e7\u00f6z\u00fclmemi\u015f i\u00e7 \u00e7at\u0131\u015fmalar, d\u00fc\u015f\u00fck \u00f6zg\u00fcven, belirli ki\u015filik \u00f6zellikleri veya bozukluklar\u0131.<\/li>\n\n\n\n<li><strong>Ruhsal hastal\u0131klar:<\/strong> Disfori, depresyon, anksiyete bozukluklar\u0131, bipolar bozukluklar, ki\u015filik bozukluklar\u0131 (\u00f6rne\u011fin s\u0131n\u0131rda ki\u015filik bozuklu\u011fu), \u015fizofreni ve v\u00fccut \u015fekli bozuklu\u011fu bozuklu\u011funda s\u0131k g\u00f6r\u00fclen bir semptomdur.<\/li>\n\n\n\n<li><strong>Cinsiyet disforisi:<\/strong> Do\u011fumda atanan cinsiyet ile ki\u015finin kendi cinsiyet kimli\u011fi aras\u0131ndaki uyumsuzluktan kaynaklanan derin bir rahats\u0131zl\u0131k veya \u0131st\u0131rap.<\/li>\n\n\n\n<li><strong>Fiziksel hastal\u0131klar:<\/strong> Kronik a\u011fr\u0131lar, a\u011f\u0131r veya kronik fiziksel hastal\u0131klar.<\/li>\n\n\n\n<li><strong>Madde kullan\u0131m\u0131:<\/strong> Alkol, uyu\u015fturucu veya belirli ila\u00e7lar\u0131n etkisi ya da yoksunlu\u011fu.<\/li>\n\n\n\n<li><strong>Durumsal fakt\u00f6rler:<\/strong> Stres yaratan ya\u015fam olaylar\u0131, sosyal izolasyon, ayr\u0131mc\u0131l\u0131\u011fa maruz kalma deneyimleri.<\/li>\n<\/ul>\n\n\n\n<div class=\"wp-block-buttons is-layout-flex wp-block-buttons-is-layout-flex\">\n<div class=\"wp-block-button\"><a class=\"wp-block-button__link wp-element-button\" href=\"https:\/\/4beauty-website-stage.247grad.de\/tr\/hizmet-bilgileri\/iletisim\/\">Ba\u011flay\u0131c\u0131 olmayan bir \u015fekilde ileti\u015fime ge\u00e7in<\/a><\/div>\n<\/div>\n\n\n\n<h2 class=\"wp-block-heading\" id=\"symptome-der-dysphorie\">Disfori belirtileri<\/h2>\n\n\n\n<p class=\"wp-block-paragraph\">Belirtiler \u00e7ok \u00e7e\u015fitli olabilir ve ki\u015fiden ki\u015fiye farkl\u0131l\u0131k g\u00f6sterebilir:<\/p>\n\n\n\n<ul class=\"wp-block-list\">\n<li><strong>Duygusal belirtiler:<\/strong> S\u00fcrekli \u00fcz\u00fcnt\u00fc, moral bozuklu\u011fu, sinirlilik, a\u011flama e\u011filimi, endi\u015fe, i\u00e7 huzursuzluk, gerginlik, bo\u015fluk hissi, umutsuzluk, \u00e7aresizlik, de\u011fersizlik veya su\u00e7luluk duygular\u0131.<\/li>\n\n\n\n<li><strong>Bili\u015fsel belirtiler:<\/strong> Konsantrasyon g\u00fc\u00e7l\u00fc\u011f\u00fc, kendiyle, ba\u015fkalar\u0131yla veya gelecekle ilgili olumsuz d\u00fc\u015f\u00fcnceler, karamsarl\u0131k, kafay\u0131 takma.<\/li>\n\n\n\n<li><strong>Davran\u0131\u015fsal belirtiler:<\/strong> Sosyal geri \u00e7ekilme, ilgi kayb\u0131 (anhedoni), motivasyon eksikli\u011fi, uyku bozukluklar\u0131 (a\u015f\u0131r\u0131 uyku veya uykusuzluk), i\u015ftah de\u011fi\u015fiklikleri, \u00e7at\u0131\u015fmaya yatk\u0131nl\u0131\u011f\u0131n artmas\u0131.<\/li>\n\n\n\n<li><strong>Fiziksel belirtiler:<\/strong> Yorgunluk, enerji eksikli\u011fi, spesifik olmayan bedensel \u015fikayetler (\u00f6rn. ba\u015f a\u011fr\u0131s\u0131, kas gerginli\u011fi).<\/li>\n<\/ul>\n\n\n\n<div class=\"wp-block-buttons is-layout-flex wp-block-buttons-is-layout-flex\">\n<div class=\"wp-block-button\"><a class=\"wp-block-button__link wp-element-button\" href=\"https:\/\/4beauty-website-stage.247grad.de\/tr\/hizmet-bilgileri\/iletisim\/\">Ba\u011flay\u0131c\u0131 olmayan bir \u015fekilde ileti\u015fime ge\u00e7in<\/a><\/div>\n<\/div>\n\n\n\n<h2 class=\"wp-block-heading\" id=\"formen-und-arten-der-dysphorie\">Disforinin bi\u00e7imleri ve t\u00fcrleri<\/h2>\n\n\n\n<p class=\"wp-block-paragraph\">Disforinin \u00e7e\u015fitli \u00f6zel bi\u00e7imlerini veya ba\u011flamlar\u0131n\u0131 birbirinden ay\u0131rt etmek \u00f6nemlidir:<\/p>\n\n\n\n<ul class=\"wp-block-list\">\n<li><strong>Cinsiyet disforisi (cinsiyet kimli\u011fi bozuklu\u011fu):<\/strong> Atanan cinsiyet ile ya\u015fan\u0131lan cinsiyet kimli\u011fi aras\u0131ndaki uyumsuzluktan kaynaklanan klinik a\u00e7\u0131dan anlaml\u0131 psikolojik s\u0131k\u0131nt\u0131 ile tan\u0131mlan\u0131r. ICD-11\u201ede \u201cCinsiyet Uyumsuzlu\u011fu\u201e (Gender Incongruence) ve DSM-5\u201cte \u201cCinsiyet Disforisi\u201d (Gender Dysphoria) olarak s\u0131n\u0131fland\u0131r\u0131lm\u0131\u015ft\u0131r.<\/li>\n\n\n\n<li><strong>V\u00fccut disforisi (v\u00fccut dismorfik bozukluk ba\u011flam\u0131nda, KDS\/BDD):<\/strong> D\u0131\u015f g\u00f6r\u00fcn\u00fc\u015fte alg\u0131lanan bir veya birka\u00e7 kusura a\u015f\u0131r\u0131 derecede tak\u0131lma durumu; bu kusurlar ba\u015fkalar\u0131 taraf\u0131ndan neredeyse hi\u00e7 fark edilmez ya da hi\u00e7 fark edilmez. Bu durum, ciddi bir \u0131st\u0131rap ve i\u015flev bozuklu\u011funa yol a\u00e7ar.<\/li>\n\n\n\n<li><strong>Adet \u00d6ncesi Disforik Bozukluk (PMDS):<\/strong> Adet \u00f6ncesi sendromunun (PMS), adet d\u00f6ng\u00fcs\u00fcn\u00fcn ikinci yar\u0131s\u0131nda disfori dahil olmak \u00fczere belirgin psikolojik belirtilerle seyreden a\u011f\u0131r bir t\u00fcr\u00fc.<\/li>\n\n\n\n<li><strong>Madde kaynakl\u0131 disfori:<\/strong> Psikoaktif maddelerin kullan\u0131m\u0131 veya yoksunlu\u011fu s\u0131ras\u0131nda ortaya \u00e7\u0131kan disforik durumlar.<\/li>\n\n\n\n<li><strong>E\u015flik eden bir semptom olarak disfori:<\/strong> Di\u011fer ruhsal veya fiziksel hastal\u0131klar\u0131n bir par\u00e7as\u0131 olarak ortaya \u00e7\u0131kmas\u0131 (bkz. Nedenler).<\/li>\n<\/ul>\n\n\n\n<h2 class=\"wp-block-heading\" id=\"abgrenzung-zu-ahnlichen-zustanden\">Benzer durumlardan ayr\u0131m\u0131<\/h2>\n\n\n\n<ul class=\"wp-block-list\">\n<li><strong>Normal \u00fcz\u00fcnt\u00fc\/moral bozuklu\u011fu:<\/strong> Stres verici olaylara kar\u015f\u0131 duruma uygun, ge\u00e7ici duygusal tepkiler; bu tepkiler, klinik a\u00e7\u0131dan anlaml\u0131 bir disfori d\u00fczeyine ula\u015fan yo\u011funluk, s\u00fcre veya i\u015flev bozuklu\u011funa yol a\u00e7maz.<\/li>\n\n\n\n<li><strong>Yas:<\/strong> Bir kayb\u0131n \u00fcstesinden gelme s\u00fcrecinin do\u011fal bir a\u015famas\u0131d\u0131r; bu s\u00fcre\u00e7 her ne kadar ac\u0131 verici olsa da belirli a\u015famalardan ge\u00e7er ve genellikle belirsiz ve uzun s\u00fcren bir durum olan disfori ile farkl\u0131l\u0131k g\u00f6sterir.<\/li>\n\n\n\n<li><strong>Depresyon:<\/strong> Aralar\u0131nda \u00f6nemli \u00f6l\u00e7\u00fcde \u00f6rt\u00fc\u015fmeler vard\u0131r. Disfori, depresyonun temel belirtilerinden biri olabilir. Ancak maj\u00f6r depresyon, ba\u015fka belirli kriterlerle (\u00f6rne\u011fin s\u00fcre, belirti say\u0131s\u0131, \u015fiddet derecesi) tan\u0131mlan\u0131r.<\/li>\n<\/ul>\n\n\n\n<div class=\"wp-block-buttons is-layout-flex wp-block-buttons-is-layout-flex\">\n<div class=\"wp-block-button\"><a class=\"wp-block-button__link wp-element-button\" href=\"https:\/\/4beauty-website-stage.247grad.de\/tr\/hizmet-bilgileri\/iletisim\/\">Ba\u011flay\u0131c\u0131 olmayan bir \u015fekilde ileti\u015fime ge\u00e7in<\/a><\/div>\n<\/div>\n\n\n\n<h2 class=\"wp-block-heading\" id=\"umgang-und-behandlungsmoglichkeiten\">Ba\u015fa \u00c7\u0131kma Y\u00f6ntemleri ve Tedavi Se\u00e7enekleri<\/h2>\n\n\n\n<p class=\"wp-block-paragraph\">Tedavi, disforiun nedenine ve ciddiyet derecesine g\u00f6re belirlenir:<\/p>\n\n\n\n<ul class=\"wp-block-list\">\n<li><strong>Nedenlerin belirlenmesi:<\/strong> Titiz bir tan\u0131sal de\u011ferlendirme hayati \u00f6nem ta\u015f\u0131r.<\/li>\n\n\n\n<li><strong>Psikoterapi:<\/strong> \u00c7e\u015fitli y\u00f6ntemler faydal\u0131 olabilir; \u00f6rne\u011fin, Bili\u015fsel Davran\u0131\u015f\u00e7\u0131 Terapi (BDT), Diyalektik Davran\u0131\u015f\u00e7\u0131 Terapi (DBT) ve derin psikolojiye dayal\u0131 psikoterapi.<\/li>\n\n\n\n<li><strong>\u0130la\u00e7 tedavisi:<\/strong> Altta yatan bozuklu\u011fa ba\u011fl\u0131 olarak antidepresanlar, duygudurum dengeleyiciler veya di\u011fer psikofarmakalar kullan\u0131labilir.<\/li>\n\n\n\n<li><strong>Altta yatan hastal\u0131\u011f\u0131n tedavisi:<\/strong> Fiziksel nedenler s\u00f6z konusu oldu\u011funda, \u00f6ncelik ilgili hastal\u0131\u011f\u0131n tedavisine verilir.<\/li>\n\n\n\n<li><strong>Cinsiyet disforisinde spesifik tedavi:<\/strong> Bu hizmet, ilgili ki\u015finin ihtiya\u00e7lar\u0131 ve uluslararas\u0131 bak\u0131m standartlar\u0131 do\u011frultusunda, sosyal ve psikoterap\u00f6tik destek ile gerekirse cinsiyet uyumuna y\u00f6nelik t\u0131bbi m\u00fcdahaleleri (hormon tedavisi, cerrahi m\u00fcdahaleler) kapsamaktad\u0131r.<\/li>\n\n\n\n<li><strong>Ya\u015fam tarz\u0131 de\u011fi\u015fiklikleri:<\/strong> Stres y\u00f6netimi teknikleri, yeterli uyku, sa\u011fl\u0131kl\u0131 beslenme, d\u00fczenli egzersiz ve sosyal destek, bu konuda yard\u0131mc\u0131 olabilir.<\/li>\n<\/ul>\n\n\n\n<div class=\"wp-block-buttons is-layout-flex wp-block-buttons-is-layout-flex\">\n<div class=\"wp-block-button\"><a class=\"wp-block-button__link wp-element-button\" href=\"https:\/\/4beauty-website-stage.247grad.de\/tr\/hizmet-bilgileri\/iletisim\/\">Ba\u011flay\u0131c\u0131 olmayan bir \u015fekilde ileti\u015fime ge\u00e7in<\/a><\/div>\n<\/div>\n\n\n\n<h2 class=\"wp-block-heading\" id=\"wann-professionelle-hilfe-suchen\">Ne zaman profesyonel yard\u0131m almal\u0131?<\/h2>\n\n\n\n<p class=\"wp-block-paragraph\">A\u015fa\u011f\u0131daki durumlarda profesyonel yard\u0131m al\u0131nmal\u0131d\u0131r:<\/p>\n\n\n\n<ul class=\"wp-block-list\">\n<li>Disforik duygular uzun bir s\u00fcre boyunca devam eder.<\/li>\n\n\n\n<li>\u00d6nemli \u00f6l\u00e7\u00fcde bir psikolojik bask\u0131 s\u00f6z konusudur.<\/li>\n\n\n\n<li>G\u00fcnl\u00fck ya\u015famdaki i\u015flevsellik (meslek, sosyal ili\u015fkiler, ki\u015fisel bak\u0131m) olumsuz etkilenmi\u015ftir.<\/li>\n\n\n\n<li>\u0130ntihar d\u00fc\u015f\u00fcnceleri veya kendine zarar verme davran\u0131\u015flar\u0131 ortaya \u00e7\u0131kabilir.<\/li>\n\n\n\n<li>Cinsiyet disforisi veya bedensel dismorfik bozukluk gibi belirli bir durumdan \u015f\u00fcphelenilmektedir.<\/li>\n<\/ul>\n\n\n\n<p class=\"wp-block-paragraph\">\u0130lk ba\u015fvuru noktalar\u0131 aile hekimleri, psikoterapistler veya psikiyatri ve psikoterapi uzmanlar\u0131 olabilir.<\/p>\n\n\n\n<div class=\"wp-block-buttons is-layout-flex wp-block-buttons-is-layout-flex\">\n<div class=\"wp-block-button\"><a class=\"wp-block-button__link wp-element-button\" href=\"https:\/\/4beauty-website-stage.247grad.de\/tr\/hizmet-bilgileri\/iletisim\/\">Ba\u011flay\u0131c\u0131 olmayan bir \u015fekilde ileti\u015fime ge\u00e7in<\/a><\/div>\n<\/div>\n\n\n\n<h2 class=\"wp-block-heading\" id=\"kostenubernahme-fur-therapeutische-massnahmen\">Terap\u00f6tik m\u00fcdahalelerin masraflar\u0131n\u0131n kar\u015f\u0131lanmas\u0131<\/h2>\n\n\n\n<ul class=\"wp-block-list\">\n<li><strong>Psikoterapi:<\/strong> Hastal\u0131k niteli\u011finde bir bozukluk (\u00f6rn. depresyon, anksiyete bozuklu\u011fu, KDS, psikolojik s\u0131k\u0131nt\u0131ya yol a\u00e7an cinsiyet disforisi) s\u00f6z konusu oldu\u011funda, ayakta veya yatarak psikoterapi masraflar\u0131 genellikle <strong>yasal sa\u011fl\u0131k sigortalar\u0131<\/strong> Ba\u015fvuru yap\u0131ld\u0131ktan ve onayland\u0131ktan sonra kar\u015f\u0131lan\u0131r. \u00d6zel sa\u011fl\u0131k sigortalar\u0131n\u0131n kendi d\u00fczenlemeleri vard\u0131r.<\/li>\n\n\n\n<li><strong>\u0130la\u00e7 tedavisi:<\/strong> Doktor taraf\u0131ndan re\u00e7ete edilen ila\u00e7lar\u0131n masraflar\u0131, uygun endikasyon olmas\u0131 durumunda genellikle sa\u011fl\u0131k sigortas\u0131 taraf\u0131ndan kar\u015f\u0131lan\u0131r (gerekirse ek \u00f6deme ile). Masraflar\u0131n kar\u015f\u0131lanmas\u0131na ili\u015fkin kesin ko\u015fullar, her zaman ilgili sa\u011fl\u0131k sigortas\u0131 kurumu ve tedaviyi y\u00fcr\u00fcten terapist\/doktor ile bireysel olarak netle\u015ftirilmelidir.<\/li>\n<\/ul>\n\n\n\n<h2 class=\"wp-block-heading\" id=\"haufig-gestellte-fragen-zu-dysphorie\">Disfori ile ilgili s\u0131k sorulan sorular<\/h2>\n\n\n\n<div data-wp-context=\"{ &quot;autoclose&quot;: false, &quot;accordionItems&quot;: [] }\" data-wp-interactive=\"core\/accordion\" role=\"group\" class=\"wp-block-accordion is-layout-flow wp-block-accordion-is-layout-flow\">\n<div data-wp-class--is-open=\"state.isOpen\" data-wp-context=\"{ &quot;id&quot;: &quot;accordion-item-1&quot;, &quot;openByDefault&quot;: false }\" data-wp-init=\"callbacks.initAccordionItems\" data-wp-on-window--hashchange=\"callbacks.hashChange\" class=\"wp-block-accordion-item is-layout-flow wp-block-accordion-item-is-layout-flow\">\n<h3 class=\"wp-block-accordion-heading\"><button aria-expanded=\"false\" aria-controls=\"accordion-item-1-panel\" data-wp-bind--aria-expanded=\"state.isOpen\" data-wp-on--click=\"actions.toggle\" id=\"accordion-item-1\" type=\"button\" class=\"wp-block-accordion-heading__toggle\"><span class=\"wp-block-accordion-heading__toggle-title\">Disfori nedir?<\/span><span class=\"wp-block-accordion-heading__toggle-icon\" aria-hidden=\"true\">+<\/span><\/button><\/h3>\n\n\n\n<div aria-labelledby=\"accordion-item-1\" data-wp-bind--hidden=\"state.isHidden\" data-wp-on--beforematch=\"actions.handleBeforeMatch\" id=\"accordion-item-1-panel\" role=\"region\" class=\"wp-block-accordion-panel is-layout-flow wp-block-accordion-panel-is-layout-flow\">\n<p class=\"wp-block-paragraph\">Disfori, memnuniyetsizlik, sinirlilik veya i\u00e7 huzursuzluk ile karakterize edilen, uzun s\u00fcreli olumsuz bir ruh halini tan\u0131mlar. \u00c7e\u015fitli ruhsal hastal\u0131klar\u0131n bir belirtisi olarak ortaya \u00e7\u0131kabilece\u011fi gibi, stres veya hormonal de\u011fi\u015fiklikler gibi d\u0131\u015f fakt\u00f6rlerden de kaynaklanabilir.<\/p>\n<\/div>\n<\/div>\n\n\n\n<div data-wp-class--is-open=\"state.isOpen\" data-wp-context=\"{ &quot;id&quot;: &quot;accordion-item-2&quot;, &quot;openByDefault&quot;: false }\" data-wp-init=\"callbacks.initAccordionItems\" data-wp-on-window--hashchange=\"callbacks.hashChange\" class=\"wp-block-accordion-item is-layout-flow wp-block-accordion-item-is-layout-flow\">\n<h3 class=\"wp-block-accordion-heading\"><button aria-expanded=\"false\" aria-controls=\"accordion-item-2-panel\" data-wp-bind--aria-expanded=\"state.isOpen\" data-wp-on--click=\"actions.toggle\" id=\"accordion-item-2\" type=\"button\" class=\"wp-block-accordion-heading__toggle\"><span class=\"wp-block-accordion-heading__toggle-title\">Disforiyi nas\u0131l tedavi edebilirim?<\/span><span class=\"wp-block-accordion-heading__toggle-icon\" aria-hidden=\"true\">+<\/span><\/button><\/h3>\n\n\n\n<div aria-labelledby=\"accordion-item-2\" data-wp-bind--hidden=\"state.isHidden\" data-wp-on--beforematch=\"actions.handleBeforeMatch\" id=\"accordion-item-2-panel\" role=\"region\" class=\"wp-block-accordion-panel is-layout-flow wp-block-accordion-panel-is-layout-flow\">\n<p class=\"wp-block-paragraph\">Disforinin tedavisi, nedenine ba\u011fl\u0131d\u0131r. Genellikle a\u015fa\u011f\u0131daki yakla\u015f\u0131mlar bir arada uygulan\u0131r: <strong>Psikoterapi<\/strong> (Bili\u015fsel davran\u0131\u015f\u00e7\u0131 terapi, olumsuz d\u00fc\u015f\u00fcnce kal\u0131plar\u0131n\u0131 fark etmeye ve de\u011fi\u015ftirmeye yard\u0131mc\u0131 olur); <strong>\u0130la\u00e7 tedavisi<\/strong> (baz\u0131 durumlarda antidepresanlar veya duygudurum dengeleyiciler yararl\u0131 olabilir); <strong>Ya\u015fam tarz\u0131 de\u011fi\u015fiklikleri<\/strong> (d\u00fczenli egzersiz, sa\u011fl\u0131kl\u0131 beslenme ve yeterli uyku duygusal dengeyi destekleyebilir); <strong>Sosyal destek<\/strong> (ba\u015fkalar\u0131yla ileti\u015fim kurmak, \u00f6rne\u011fin destek gruplar\u0131nda, faydal\u0131 olabilir).<\/p>\n<\/div>\n<\/div>\n\n\n\n<div data-wp-class--is-open=\"state.isOpen\" data-wp-context=\"{ &quot;id&quot;: &quot;accordion-item-3&quot;, &quot;openByDefault&quot;: false }\" data-wp-init=\"callbacks.initAccordionItems\" data-wp-on-window--hashchange=\"callbacks.hashChange\" class=\"wp-block-accordion-item is-layout-flow wp-block-accordion-item-is-layout-flow\">\n<h3 class=\"wp-block-accordion-heading\"><button aria-expanded=\"false\" aria-controls=\"accordion-item-3-panel\" data-wp-bind--aria-expanded=\"state.isOpen\" data-wp-on--click=\"actions.toggle\" id=\"accordion-item-3\" type=\"button\" class=\"wp-block-accordion-heading__toggle\"><span class=\"wp-block-accordion-heading__toggle-title\">Disforide en s\u0131k g\u00f6r\u00fclen \u015fikayetler nelerdir?<\/span><span class=\"wp-block-accordion-heading__toggle-icon\" aria-hidden=\"true\">+<\/span><\/button><\/h3>\n\n\n\n<div aria-labelledby=\"accordion-item-3\" data-wp-bind--hidden=\"state.isHidden\" data-wp-on--beforematch=\"actions.handleBeforeMatch\" id=\"accordion-item-3-panel\" role=\"region\" class=\"wp-block-accordion-panel is-layout-flow wp-block-accordion-panel-is-layout-flow\">\n<p class=\"wp-block-paragraph\">En s\u0131k g\u00f6r\u00fclen \u015fikayetler aras\u0131nda \u015funlar yer al\u0131r: s\u00fcrekli \u00fcz\u00fcnt\u00fc veya sinirlilik; i\u00e7 huzursuzluk veya gerginlik; konsantrasyon veya karar verme g\u00fc\u00e7l\u00fc\u011f\u00fc; d\u00fc\u015f\u00fck \u00f6zg\u00fcven veya \u00f6zsayg\u0131; sosyal geri \u00e7ekilme veya izolasyon; i\u015ftah veya uyku d\u00fczeninde de\u011fi\u015fiklikler; ba\u015f a\u011fr\u0131s\u0131 veya mide-ba\u011f\u0131rsak sorunlar\u0131 gibi fiziksel \u015fikayetler.<\/p>\n<\/div>\n<\/div>\n\n\n\n<div data-wp-class--is-open=\"state.isOpen\" data-wp-context=\"{ &quot;id&quot;: &quot;accordion-item-4&quot;, &quot;openByDefault&quot;: false }\" data-wp-init=\"callbacks.initAccordionItems\" data-wp-on-window--hashchange=\"callbacks.hashChange\" class=\"wp-block-accordion-item is-layout-flow wp-block-accordion-item-is-layout-flow\">\n<h3 class=\"wp-block-accordion-heading\"><button aria-expanded=\"false\" aria-controls=\"accordion-item-4-panel\" data-wp-bind--aria-expanded=\"state.isOpen\" data-wp-on--click=\"actions.toggle\" id=\"accordion-item-4\" type=\"button\" class=\"wp-block-accordion-heading__toggle\"><span class=\"wp-block-accordion-heading__toggle-title\">Disfori ile ba\u015fa \u00e7\u0131kma konusunda \u00f6zel tavsiyeler var m\u0131?<\/span><span class=\"wp-block-accordion-heading__toggle-icon\" aria-hidden=\"true\">+<\/span><\/button><\/h3>\n\n\n\n<div aria-labelledby=\"accordion-item-4\" data-wp-bind--hidden=\"state.isHidden\" data-wp-on--beforematch=\"actions.handleBeforeMatch\" id=\"accordion-item-4-panel\" role=\"region\" class=\"wp-block-accordion-panel is-layout-flow wp-block-accordion-panel-is-layout-flow\">\n<p class=\"wp-block-paragraph\">Evet, baz\u0131 \u00f6neriler disfori ile ba\u015fa \u00e7\u0131kmada yard\u0131mc\u0131 olabilir: <strong>Fark\u0131ndal\u0131k ve Meditasyon<\/strong> rahatlamay\u0131 te\u015fvik eder ve zihni sakinle\u015ftirmeye yard\u0131mc\u0131 olur. <strong>Yarat\u0131c\u0131 ifade<\/strong> Resim yapmak, m\u00fczik dinlemek veya yazmak gibi etkinlikler duygusal gerginli\u011fi azaltabilir. <strong>G\u00fcnl\u00fck tutmak<\/strong> netlik sa\u011flayabilir ve duygularla ba\u015fa \u00e7\u0131kmay\u0131 kolayla\u015ft\u0131rabilir. <strong>Sosyal ili\u015fkileri s\u00fcrd\u00fcrmek<\/strong> Anlay\u0131\u015fl\u0131 insanlarla birlikte olmak, yaln\u0131zl\u0131k hissini azaltabilir.<\/p>\n<\/div>\n<\/div>\n\n\n\n<div data-wp-class--is-open=\"state.isOpen\" data-wp-context=\"{ &quot;id&quot;: &quot;accordion-item-5&quot;, &quot;openByDefault&quot;: false }\" data-wp-init=\"callbacks.initAccordionItems\" data-wp-on-window--hashchange=\"callbacks.hashChange\" class=\"wp-block-accordion-item is-layout-flow wp-block-accordion-item-is-layout-flow\">\n<h3 class=\"wp-block-accordion-heading\"><button aria-expanded=\"false\" aria-controls=\"accordion-item-5-panel\" data-wp-bind--aria-expanded=\"state.isOpen\" data-wp-on--click=\"actions.toggle\" id=\"accordion-item-5\" type=\"button\" class=\"wp-block-accordion-heading__toggle\"><span class=\"wp-block-accordion-heading__toggle-title\">Disfori tedavisinde etkili y\u00f6ntemler nelerdir?<\/span><span class=\"wp-block-accordion-heading__toggle-icon\" aria-hidden=\"true\">+<\/span><\/button><\/h3>\n\n\n\n<div aria-labelledby=\"accordion-item-5\" data-wp-bind--hidden=\"state.isHidden\" data-wp-on--beforematch=\"actions.handleBeforeMatch\" id=\"accordion-item-5-panel\" role=\"region\" class=\"wp-block-accordion-panel is-layout-flow wp-block-accordion-panel-is-layout-flow\">\n<p class=\"wp-block-paragraph\"><strong>Psikoterapi<\/strong> (\u00f6zellikle bili\u015fsel davran\u0131\u015f\u00e7\u0131 terapi etkili oldu\u011fu kan\u0131tlanm\u0131\u015ft\u0131r); <strong>\u0130la\u00e7 tedavisi<\/strong> (gerekirse antidepresanlar veya ba\u015fka ila\u00e7lar kullan\u0131labilir); <strong>Ya\u015fam tarz\u0131 de\u011fi\u015fiklikleri<\/strong> (d\u00fczenli egzersiz, sa\u011fl\u0131kl\u0131 beslenme ve yeterli uyku, duygusal dengeyi destekler); <strong>Sosyal destek<\/strong> (kendi kendine yard\u0131m gruplar\u0131yla veya destekleyici ki\u015filerle ileti\u015fim kurmak faydal\u0131 olabilir).<\/p>\n<\/div>\n<\/div>\n<\/div>","protected":false},"excerpt":{"rendered":"<p>Disfori, \u00fcz\u00fcnt\u00fc, sinirlilik, huzursuzluk, kayg\u0131 veya memnuniyetsizlik gibi belirtilerle karakterize edilen olumsuz bir duygusal durumu ifade eder ve \u00f6forinin tam tersidir.<\/p>","protected":false},"template":"","class_list":["post-626","glossary","type-glossary","status-publish","hentry"],"acf":[],"_links":{"self":[{"href":"https:\/\/4beauty-website-stage.247grad.de\/tr\/wp-json\/wp\/v2\/glossary\/626","targetHints":{"allow":["GET"]}}],"collection":[{"href":"https:\/\/4beauty-website-stage.247grad.de\/tr\/wp-json\/wp\/v2\/glossary"}],"about":[{"href":"https:\/\/4beauty-website-stage.247grad.de\/tr\/wp-json\/wp\/v2\/types\/glossary"}],"wp:attachment":[{"href":"https:\/\/4beauty-website-stage.247grad.de\/tr\/wp-json\/wp\/v2\/media?parent=626"}],"curies":[{"name":"wp","href":"https:\/\/api.w.org\/{rel}","templated":true}]}}