{"id":635,"date":"2026-08-20T17:05:43","date_gmt":"2026-08-20T15:05:43","guid":{"rendered":"https:\/\/4beauty-website-stage.247grad.de\/glossar\/facelifting\/"},"modified":"2026-08-20T17:24:24","modified_gmt":"2026-08-20T15:24:24","slug":"facelifting","status":"publish","type":"glossary","link":"https:\/\/4beauty-website-stage.247grad.de\/tr\/glossar\/facelifting\/","title":{"rendered":"Y\u00fcz germe"},"content":{"rendered":"<div class=\"wp-block-rank-math-toc-block\" id=\"rank-math-toc\"><h2>\u0130\u00e7indekiler<\/h2><nav><ul><li class=\"\"><a href=\"#was-ist-ein-facelifting\">Was ist ein Facelifting?<\/a><\/li><li class=\"\"><a href=\"#was-ist-ein-facelifting-2\">Was ist ein Facelifting?<\/a><\/li><li class=\"\"><a href=\"#das-geheimnis-eines-naturlichen-ergebnisses-die-smas-technik\">Das Geheimnis eines nat\u00fcrlichen Ergebnisses: Die SMAS-Technik<\/a><\/li><li class=\"\"><a href=\"#welche-arten-von-facelifts-gibt-es\">Welche Arten von Facelifts gibt es?<\/a><\/li><li class=\"\"><a href=\"#die-narben-wo-verlaufen-die-schnitte\">Die Narben: Wo verlaufen die Schnitte?<\/a><\/li><li class=\"\"><a href=\"#risiken-und-die-bedeutung-der-absicherung-beim-facelifting\">Risiken und die Bedeutung der Absicherung beim Facelifting<\/a><\/li><li class=\"\"><a href=\"#risiken-und-die-bedeutung-der-absicherung-beim-facelifting-2\">Risiken und die Bedeutung der Absicherung beim Facelifting<\/a><\/li><li class=\"\"><a href=\"#haufig-gestellte-fragen-zum-facelifting\">H\u00e4ufig gestellte Fragen zum Facelifting<\/a><\/li><\/ul><\/nav><\/div>\n\n\n\n<div class=\"wp-block-group is-style-boxed has-white-warm-background-color has-background is-layout-constrained wp-block-group-is-layout-constrained\">\n<p class=\"wp-block-paragraph\"><strong>\u00d6nemli uyar\u0131<\/strong><\/p>\n\n\n\n<p class=\"wp-block-paragraph\">Bu makale yaln\u0131zca bilgilendirme ama\u00e7l\u0131d\u0131r ve t\u0131bbi tan\u0131 veya tavsiyenin yerini almaz. Herhangi bir belirsizlik durumunda ve ki\u015fiye \u00f6zel bir tedavi plan\u0131 haz\u0131rlamak i\u00e7in, uzman bir hekimle g\u00f6r\u00fc\u015fmek \u015fartt\u0131r.<\/p>\n<\/div>\n\n\n\n<p class=\"wp-block-paragraph\">Bu <strong>Y\u00fcz germe<\/strong> (auch Facelift oder Gesichtsstraffung; fachlich: Rhytidektomie) ist die K\u00f6nigsdisziplin der \u00e4sthetischen Gesichtschirurgie. Es gilt als einer der effektivsten Eingriffe, um fortgeschrittene Zeichen der Alterung wie erschlaffte Haut, tiefe Falten und den Verlust der jugendlichen Gesichtskontur sichtbar und langanhaltend zu verbessern. Die modernen Techniken haben dabei nichts mehr mit den maskenhaften Ergebnissen fr\u00fcherer Jahrzehnte zu tun.<\/p>\n\n\n\n<p class=\"wp-block-paragraph\">Dieser Artikel erkl\u00e4rt Ihnen pr\u00e4zise und umfassend, was ein modernes Facelifting ausmacht, warum die Behandlung der tiefen Gewebeschichten entscheidend ist und was Sie von dem Eingriff erwarten k\u00f6nnen.<\/p>\n\n\n\n<h2 class=\"wp-block-heading\" id=\"was-ist-ein-facelifting\">Was ist ein Facelifting?<\/h2>\n\n\n\n<div class=\"wp-block-media-text is-stacked-on-mobile\"><figure class=\"wp-block-media-text__media\"><img loading=\"lazy\" decoding=\"async\" width=\"464\" height=\"464\" src=\"https:\/\/4beauty-website-stage.247grad.de\/wp-content\/uploads\/2026\/08\/2025-10_Facelifting.png\" alt=\"Y\u00fcz germe\" class=\"wp-image-332 size-full\" srcset=\"https:\/\/4beauty-website-stage.247grad.de\/wp-content\/uploads\/2026\/08\/2025-10_Facelifting.png 464w, https:\/\/4beauty-website-stage.247grad.de\/wp-content\/uploads\/2026\/08\/2025-10_Facelifting-150x150.png 150w, https:\/\/4beauty-website-stage.247grad.de\/wp-content\/uploads\/2026\/08\/2025-10_Facelifting-300x300.png 300w, https:\/\/4beauty-website-stage.247grad.de\/wp-content\/uploads\/2026\/08\/2025-10_Facelifting-12x12.png 12w, https:\/\/4beauty-website-stage.247grad.de\/wp-content\/uploads\/2026\/08\/2025-10_Facelifting-120x120.png 120w, https:\/\/4beauty-website-stage.247grad.de\/wp-content\/uploads\/2026\/08\/2025-10_Facelifting-40x40.png 40w, https:\/\/4beauty-website-stage.247grad.de\/wp-content\/uploads\/2026\/08\/2025-10_Facelifting-80x80.png 80w, https:\/\/4beauty-website-stage.247grad.de\/wp-content\/uploads\/2026\/08\/2025-10_Facelifting-160x160.png 160w\" sizes=\"auto, (max-width: 464px) 100vw, 464px\" \/><\/figure><div class=\"wp-block-media-text__content\">\n<h2 class=\"wp-block-heading\" id=\"was-ist-ein-facelifting-2\">Was ist ein Facelifting?<\/h2>\n\n<p class=\"wp-block-paragraph\">Das Facelifting ist ein operativer Eingriff zur Straffung und Neupositionierung der Gewebestrukturen des Gesichts und oft auch des Halses. Im Gegensatz zu oberfl\u00e4chlichen Behandlungen korrigiert ein modernes Facelift nicht nur die Haut, sondern adressiert prim\u00e4r die darunterliegende St\u00fctzschicht aus Bindegewebe und Muskulatur (das SMAS), um ein nat\u00fcrliches und langanhaltendes Verj\u00fcngungsergebnis zu erzielen.<\/p>\n\n<div class=\"wp-block-buttons is-layout-flex wp-block-buttons-is-layout-flex\">\n<div class=\"wp-block-button\"><a class=\"wp-block-button__link wp-element-button\" href=\"https:\/\/4beauty-website-stage.247grad.de\/tr\/hizmet-bilgileri\/iletisim\/\">Ba\u011flay\u0131c\u0131 olmayan bir \u015fekilde ileti\u015fime ge\u00e7in<\/a><\/div>\n<\/div>\n<\/div><\/div>\n\n\n\n<h2 class=\"wp-block-heading\" id=\"das-geheimnis-eines-naturlichen-ergebnisses-die-smas-technik\">Das Geheimnis eines nat\u00fcrlichen Ergebnisses: Die SMAS-Technik<\/h2>\n\n\n\n<p class=\"wp-block-paragraph\">Die gr\u00f6\u00dfte Angst vieler Patienten ist ein \u201eoperiertes\u201c, straff gezogenes Aussehen. Genau dieses Problem l\u00f6sen moderne Facelift-Techniken, indem sie an der eigentlichen Ursache der Erschlaffung ansetzen.<\/p>\n\n\n\n<div class=\"wp-block-group is-style-boxed has-white-warm-background-color has-background is-layout-constrained wp-block-group-is-layout-constrained\">\n<p class=\"wp-block-paragraph\"><strong>Das SMAS: Die entscheidende St\u00fctzschicht des Gesichts<\/strong><\/p>\n\n<p class=\"wp-block-paragraph\">Unter unserer Haut und dem Unterhautfettgewebe liegt eine zusammenh\u00e4ngende Schicht aus Bindegewebe und mimischer Muskulatur, das <strong>Superfizielle Musculo-Aponeurotische System (SMAS)<\/strong>. Diese Schicht ist f\u00fcr die Stabilit\u00e4t und Kontur des Gesichts verantwortlich. Mit dem Alter verliert das SMAS an Halt und sackt mitsamt der dar\u00fcberliegenden Haut und dem Fettgewebe ab \u2013 es entstehen \u201eH\u00e4ngeb\u00e4ckchen\u201c (Jowls) und tiefe Falten.<\/p>\n\n<p class=\"wp-block-paragraph\">Ein modernes <strong>SMAS-Facelift<\/strong> zieht nicht prim\u00e4r an der Haut. Stattdessen hebt der Chirurg das gesamte SMAS als Einheit an und fixiert es in seiner urspr\u00fcnglichen, jugendlicheren Position. Die Haut wird anschlie\u00dfend spannungsarm dar\u00fcbergelegt und der \u00dcberschuss entfernt. Dies ist der Schl\u00fcssel zu einem Ergebnis, das erfrischt, aber niemals unnat\u00fcrlich aussieht.<\/p>\n<\/div>\n\n\n\n<h2 class=\"wp-block-heading\" id=\"welche-arten-von-facelifts-gibt-es\">Welche Arten von Facelifts gibt es?<\/h2>\n\n\n\n<div class=\"wp-block-group is-layout-grid wp-container-core-group-is-layout-bb0cbca6 wp-block-group-is-layout-grid\">\n<div class=\"wp-block-group is-style-boxed has-white-warm-background-color has-background is-layout-constrained wp-block-group-is-layout-constrained\">\n<p class=\"wp-block-paragraph\"><strong>Mini-Facelift (MACS-Lift)<\/strong><\/p>\n\n<p class=\"wp-block-paragraph\">Eine weniger invasive Variante mit k\u00fcrzeren Narben. Es eignet sich f\u00fcr Patienten mit moderater Erschlaffung, prim\u00e4r im Wangen- und Kieferbereich. Die Straffung des SMAS ist hier weniger ausgedehnt.<\/p>\n<\/div>\n\n<div class=\"wp-block-group is-style-boxed has-white-warm-background-color has-background is-layout-constrained wp-block-group-is-layout-constrained\">\n<p class=\"wp-block-paragraph\"><strong>Klassisches SMAS-Facelift<\/strong><\/p>\n\n<p class=\"wp-block-paragraph\">Der Goldstandard f\u00fcr eine umfassende Verj\u00fcngung von Mittelgesicht, Wangen und Kieferpartie. Es beinhaltet eine ausgedehnte Pr\u00e4paration und Anhebung der SMAS-Schicht.<\/p>\n<\/div>\n\n<div class=\"wp-block-group is-style-boxed has-white-warm-background-color has-background is-layout-constrained wp-block-group-is-layout-constrained\">\n<p class=\"wp-block-paragraph\"><strong>Deep Plane Facelift<\/strong><\/p>\n\n<p class=\"wp-block-paragraph\">Eine weiterentwickelte Technik f\u00fcr fortgeschrittene Alterungszeichen, bei der Haut und SMAS gemeinsam in der Ebene unterhalb des SMAS und bestimmter Halteb\u00e4nder mobilisiert und angehoben werden.<\/p>\n<\/div>\n\n<div class=\"wp-block-group is-style-boxed has-white-warm-background-color has-background is-layout-constrained wp-block-group-is-layout-constrained\">\n<p class=\"wp-block-paragraph\"><strong>Facelift mit Halsstraffung<\/strong><\/p>\n\n<p class=\"wp-block-paragraph\">Bei den meisten umfassenden Facelifts ist eine zus\u00e4tzliche Straffung der Halsmuskulatur (Platysmaplastik) und der Halshaut ein integraler Bestandteil, um einen harmonischen \u00dcbergang zu schaffen.<\/p>\n<\/div>\n<\/div>\n\n\n\n<h2 class=\"wp-block-heading\" id=\"die-narben-wo-verlaufen-die-schnitte\">Die Narben: Wo verlaufen die Schnitte?<\/h2>\n\n\n\n<p class=\"wp-block-paragraph\">Die Kunst eines exzellenten Facelifts liegt auch in der unauff\u00e4lligen Platzierung der Narben. Ein erfahrener Chirurg f\u00fchrt die Schnitte pr\u00e4zise in den nat\u00fcrlichen Linien:<\/p>\n\n\n\n<ul class=\"wp-block-list\">\n<li>Sie beginnen meist in der behaarten Schl\u00e4fenregion.<\/li>\n\n\n\n<li>Verlaufen dann nach unten, versteckt vor dem Ohr (oft hinter dem kleinen Knorpelvorsprung, dem Tragus).<\/li>\n\n\n\n<li>Gehen um das Ohrl\u00e4ppchen herum und enden schlie\u00dflich im Haaransatz hinter dem Ohr.<\/li>\n<\/ul>\n\n\n\n<p class=\"wp-block-paragraph\">Da die Haut am Ende spannungsfrei vern\u00e4ht wird, heilen diese Narben in der Regel extrem fein und unauff\u00e4llig ab.<\/p>\n\n\n\n<h2 class=\"wp-block-heading\" id=\"risiken-und-die-bedeutung-der-absicherung-beim-facelifting\">Risiken und die Bedeutung der Absicherung beim Facelifting<\/h2>\n\n\n\n<div class=\"wp-block-media-text is-stacked-on-mobile\"><figure class=\"wp-block-media-text__media\"><img loading=\"lazy\" decoding=\"async\" width=\"783\" height=\"783\" src=\"https:\/\/4beauty-website-stage.247grad.de\/wp-content\/uploads\/2026\/08\/2025-10_Vorteile_Folgekostenversicherung.png\" alt=\"Grafik: Vorteile der Folgekostenversicherung\" class=\"wp-image-337 size-full\" srcset=\"https:\/\/4beauty-website-stage.247grad.de\/wp-content\/uploads\/2026\/08\/2025-10_Vorteile_Folgekostenversicherung.png 783w, https:\/\/4beauty-website-stage.247grad.de\/wp-content\/uploads\/2026\/08\/2025-10_Vorteile_Folgekostenversicherung-150x150.png 150w, https:\/\/4beauty-website-stage.247grad.de\/wp-content\/uploads\/2026\/08\/2025-10_Vorteile_Folgekostenversicherung-300x300.png 300w, https:\/\/4beauty-website-stage.247grad.de\/wp-content\/uploads\/2026\/08\/2025-10_Vorteile_Folgekostenversicherung-768x768.png 768w, https:\/\/4beauty-website-stage.247grad.de\/wp-content\/uploads\/2026\/08\/2025-10_Vorteile_Folgekostenversicherung-12x12.png 12w, https:\/\/4beauty-website-stage.247grad.de\/wp-content\/uploads\/2026\/08\/2025-10_Vorteile_Folgekostenversicherung-120x120.png 120w, https:\/\/4beauty-website-stage.247grad.de\/wp-content\/uploads\/2026\/08\/2025-10_Vorteile_Folgekostenversicherung-40x40.png 40w, https:\/\/4beauty-website-stage.247grad.de\/wp-content\/uploads\/2026\/08\/2025-10_Vorteile_Folgekostenversicherung-80x80.png 80w, https:\/\/4beauty-website-stage.247grad.de\/wp-content\/uploads\/2026\/08\/2025-10_Vorteile_Folgekostenversicherung-160x160.png 160w, https:\/\/4beauty-website-stage.247grad.de\/wp-content\/uploads\/2026\/08\/2025-10_Vorteile_Folgekostenversicherung-500x500.png 500w\" sizes=\"auto, (max-width: 783px) 100vw, 783px\" \/><\/figure><div class=\"wp-block-media-text__content\">\n<h2 class=\"wp-block-heading\" id=\"risiken-und-die-bedeutung-der-absicherung-beim-facelifting-2\">Risiken und die Bedeutung der Absicherung beim Facelifting<\/h2>\n\n<p class=\"wp-block-paragraph\">Das Facelifting ist eine der komplexesten \u00e4sthetischen Operationen und birgt spezifische Risiken:<\/p>\n\n<ul class=\"wp-block-list\">\n<li>Nachblutungen und H\u00e4matome (Bluterg\u00fcsse) sind die h\u00e4ufigste fr\u00fche Komplikation<\/li>\n\n\n\n<li>Wundheilungsst\u00f6rungen, insbesondere bei Rauchern<\/li>\n\n\n\n<li>Verletzung von Gesichtsnerven (sehr selten), die zu tempor\u00e4ren oder permanenten Gef\u00fchls- oder Bewegungsst\u00f6rungen (z.B. der Mimik) f\u00fchren kann<\/li>\n\n\n\n<li>Unbefriedigende \u00e4sthetische Ergebnisse oder Asymmetrien<\/li>\n<\/ul>\n\n<p class=\"wp-block-paragraph\">Die Behandlung solcher schwerwiegenden Komplikationen kann aufwendig und kostenintensiv sein. Da es sich um einen \u00e4sthetischen Eingriff handelt, werden diese Kosten in der Regel <strong>sa\u011fl\u0131k sigortas\u0131 taraf\u0131ndan kar\u015f\u0131lanm\u0131yor<\/strong>. Bir <a href=\"https:\/\/4beauty-website-stage.247grad.de\/tr\/sonraki-masraf-sigortasi\/\">Sonras\u0131 Maliyet Sigortas\u0131<\/a> ist eine wichtige M\u00f6glichkeit, sich vor diesen erheblichen finanziellen Risiken zu sch\u00fctzen.<\/p>\n\n<div class=\"wp-block-buttons is-layout-flex wp-block-buttons-is-layout-flex\">\n<div class=\"wp-block-button\"><a class=\"wp-block-button__link wp-element-button\" href=\"https:\/\/4beauty-website-stage.247grad.de\/tr\/hizmet-bilgileri\/iletisim\/\">Ba\u011flay\u0131c\u0131 olmayan bir \u015fekilde ileti\u015fime ge\u00e7in<\/a><\/div>\n<\/div>\n<\/div><\/div>\n\n\n\n<h2 class=\"wp-block-heading\" id=\"haufig-gestellte-fragen-zum-facelifting\">H\u00e4ufig gestellte Fragen zum Facelifting<\/h2>\n\n\n\n<div data-wp-context=\"{ &quot;autoclose&quot;: false, &quot;accordionItems&quot;: [] }\" data-wp-interactive=\"core\/accordion\" role=\"group\" class=\"wp-block-accordion is-layout-flow wp-block-accordion-is-layout-flow\">\n<div data-wp-class--is-open=\"state.isOpen\" data-wp-context=\"{ &quot;id&quot;: &quot;accordion-item-1&quot;, &quot;openByDefault&quot;: false }\" data-wp-init=\"callbacks.initAccordionItems\" data-wp-on-window--hashchange=\"callbacks.hashChange\" class=\"wp-block-accordion-item is-layout-flow wp-block-accordion-item-is-layout-flow\">\n<h3 class=\"wp-block-accordion-heading\"><button aria-expanded=\"false\" aria-controls=\"accordion-item-1-panel\" data-wp-bind--aria-expanded=\"state.isOpen\" data-wp-on--click=\"actions.toggle\" id=\"accordion-item-1\" type=\"button\" class=\"wp-block-accordion-heading__toggle\"><span class=\"wp-block-accordion-heading__toggle-title\">Was kostet ein Facelifting?<\/span><span class=\"wp-block-accordion-heading__toggle-icon\" aria-hidden=\"true\">+<\/span><\/button><\/h3>\n\n\n\n<div aria-labelledby=\"accordion-item-1\" data-wp-bind--hidden=\"state.isHidden\" data-wp-on--beforematch=\"actions.handleBeforeMatch\" id=\"accordion-item-1-panel\" role=\"region\" class=\"wp-block-accordion-panel is-layout-flow wp-block-accordion-panel-is-layout-flow\">\n<p class=\"wp-block-paragraph\">Die Kosten sind sehr variabel und h\u00e4ngen stark vom Umfang des Eingriffs ab (z.B. Mini-Lift vs. Full-Lift mit Hals). Die Preisspanne reicht von ca. 7.000 Euro bis \u00fcber 15.000 Euro.<\/p>\n<\/div>\n<\/div>\n\n\n\n<div data-wp-class--is-open=\"state.isOpen\" data-wp-context=\"{ &quot;id&quot;: &quot;accordion-item-2&quot;, &quot;openByDefault&quot;: false }\" data-wp-init=\"callbacks.initAccordionItems\" data-wp-on-window--hashchange=\"callbacks.hashChange\" class=\"wp-block-accordion-item is-layout-flow wp-block-accordion-item-is-layout-flow\">\n<h3 class=\"wp-block-accordion-heading\"><button aria-expanded=\"false\" aria-controls=\"accordion-item-2-panel\" data-wp-bind--aria-expanded=\"state.isOpen\" data-wp-on--click=\"actions.toggle\" id=\"accordion-item-2\" type=\"button\" class=\"wp-block-accordion-heading__toggle\"><span class=\"wp-block-accordion-heading__toggle-title\">Wie lange h\u00e4lt ein modernes Facelift?<\/span><span class=\"wp-block-accordion-heading__toggle-icon\" aria-hidden=\"true\">+<\/span><\/button><\/h3>\n\n\n\n<div aria-labelledby=\"accordion-item-2\" data-wp-bind--hidden=\"state.isHidden\" data-wp-on--beforematch=\"actions.handleBeforeMatch\" id=\"accordion-item-2-panel\" role=\"region\" class=\"wp-block-accordion-panel is-layout-flow wp-block-accordion-panel-is-layout-flow\">\n<p class=\"wp-block-paragraph\">Das Ergebnis eines SMAS-Lifts ist sehr langanhaltend. Es dreht die \u201eUhr um etwa 10-12 Jahre zur\u00fcck\u201c. Der nat\u00fcrliche Alterungsprozess geht zwar weiter, aber Sie werden immer j\u00fcnger aussehen, als Sie es ohne den Eingriff getan h\u00e4tten.<\/p>\n<\/div>\n<\/div>\n\n\n\n<div data-wp-class--is-open=\"state.isOpen\" data-wp-context=\"{ &quot;id&quot;: &quot;accordion-item-3&quot;, &quot;openByDefault&quot;: false }\" data-wp-init=\"callbacks.initAccordionItems\" data-wp-on-window--hashchange=\"callbacks.hashChange\" class=\"wp-block-accordion-item is-layout-flow wp-block-accordion-item-is-layout-flow\">\n<h3 class=\"wp-block-accordion-heading\"><button aria-expanded=\"false\" aria-controls=\"accordion-item-3-panel\" data-wp-bind--aria-expanded=\"state.isOpen\" data-wp-on--click=\"actions.toggle\" id=\"accordion-item-3\" type=\"button\" class=\"wp-block-accordion-heading__toggle\"><span class=\"wp-block-accordion-heading__toggle-title\">Ab wann ist man wieder gesellschaftsf\u00e4hig?<\/span><span class=\"wp-block-accordion-heading__toggle-icon\" aria-hidden=\"true\">+<\/span><\/button><\/h3>\n\n\n\n<div aria-labelledby=\"accordion-item-3\" data-wp-bind--hidden=\"state.isHidden\" data-wp-on--beforematch=\"actions.handleBeforeMatch\" id=\"accordion-item-3-panel\" role=\"region\" class=\"wp-block-accordion-panel is-layout-flow wp-block-accordion-panel-is-layout-flow\">\n<p class=\"wp-block-paragraph\">Nach etwa 2 bis 3 Wochen sind die st\u00e4rksten Schwellungen und Bluterg\u00fcsse abgeklungen, sodass Sie mit Make-up wieder unter Leute gehen k\u00f6nnen. Leichte Restschwellungen k\u00f6nnen aber noch mehrere Monate bestehen.<\/p>\n<\/div>\n<\/div>\n\n\n\n<div data-wp-class--is-open=\"state.isOpen\" data-wp-context=\"{ &quot;id&quot;: &quot;accordion-item-4&quot;, &quot;openByDefault&quot;: false }\" data-wp-init=\"callbacks.initAccordionItems\" data-wp-on-window--hashchange=\"callbacks.hashChange\" class=\"wp-block-accordion-item is-layout-flow wp-block-accordion-item-is-layout-flow\">\n<h3 class=\"wp-block-accordion-heading\"><button aria-expanded=\"false\" aria-controls=\"accordion-item-4-panel\" data-wp-bind--aria-expanded=\"state.isOpen\" data-wp-on--click=\"actions.toggle\" id=\"accordion-item-4\" type=\"button\" class=\"wp-block-accordion-heading__toggle\"><span class=\"wp-block-accordion-heading__toggle-title\">Welcher Arzt ist der richtige f\u00fcr ein Facelift?<\/span><span class=\"wp-block-accordion-heading__toggle-icon\" aria-hidden=\"true\">+<\/span><\/button><\/h3>\n\n\n\n<div aria-labelledby=\"accordion-item-4\" data-wp-bind--hidden=\"state.isHidden\" data-wp-on--beforematch=\"actions.handleBeforeMatch\" id=\"accordion-item-4-panel\" role=\"region\" class=\"wp-block-accordion-panel is-layout-flow wp-block-accordion-panel-is-layout-flow\">\n<p class=\"wp-block-paragraph\">Ausschlie\u00dflich ein Facharzt f\u00fcr Plastische und \u00c4sthetische Chirurgie mit nachweislich hoher Expertise in der \u00e4sthetischen Gesichtschirurgie. Fragen Sie gezielt nach der Erfahrung mit der SMAS-Technik.<\/p>\n<\/div>\n<\/div>\n<\/div>","protected":false},"excerpt":{"rendered":"<p>Y\u00fcz germe ameliyat\u0131, t\u0131bbi ad\u0131yla ritidektomi, sarkm\u0131\u015f cildi, derin k\u0131r\u0131\u015f\u0131kl\u0131klar\u0131 ve gen\u00e7likteki y\u00fcz hatlar\u0131n\u0131n kayb\u0131n\u0131 g\u00f6zle g\u00f6r\u00fcl\u00fcr ve kal\u0131c\u0131 bir \u015fekilde d\u00fczeltir.<\/p>","protected":false},"template":"","class_list":["post-635","glossary","type-glossary","status-publish","hentry"],"acf":[],"_links":{"self":[{"href":"https:\/\/4beauty-website-stage.247grad.de\/tr\/wp-json\/wp\/v2\/glossary\/635","targetHints":{"allow":["GET"]}}],"collection":[{"href":"https:\/\/4beauty-website-stage.247grad.de\/tr\/wp-json\/wp\/v2\/glossary"}],"about":[{"href":"https:\/\/4beauty-website-stage.247grad.de\/tr\/wp-json\/wp\/v2\/types\/glossary"}],"wp:attachment":[{"href":"https:\/\/4beauty-website-stage.247grad.de\/tr\/wp-json\/wp\/v2\/media?parent=635"}],"curies":[{"name":"wp","href":"https:\/\/api.w.org\/{rel}","templated":true}]}}