{"id":639,"date":"2026-08-20T17:05:46","date_gmt":"2026-08-20T15:05:46","guid":{"rendered":"https:\/\/4beauty-website-stage.247grad.de\/glossar\/female-to-male-ftm\/"},"modified":"2026-08-20T17:24:31","modified_gmt":"2026-08-20T15:24:31","slug":"kadindan-erkege-ftm","status":"publish","type":"glossary","link":"https:\/\/4beauty-website-stage.247grad.de\/tr\/glossar\/female-to-male-ftm\/","title":{"rendered":"Tan\u0131m: Kad\u0131n-Erkek (FtM) ne anlama gelir?"},"content":{"rendered":"<div class=\"wp-block-rank-math-toc-block\" id=\"rank-math-toc\"><h2>\u0130\u00e7indekiler<\/h2><nav><ul><li class=\"\"><a href=\"#identitat-und-selbstverstandnis-der-mensch-im-mittelpunkt\">Kimlik ve \u00f6z alg\u0131: \u0130nsan merkezde<\/a><\/li><li class=\"\"><a href=\"#geschlechtsdysphorie-im-ftm-kontext\">FtM ba\u011flam\u0131nda cinsiyet disforisi<\/a><\/li><li class=\"\"><a href=\"#die-transition-ein-individueller-weg-der-veranderung\">Ge\u00e7i\u015f: Ki\u015fisel bir de\u011fi\u015fim s\u00fcreci<\/a><\/li><li class=\"\"><a href=\"#der-medizinische-und-rechtliche-kontext-in-deutschland\">Almanya\u2019daki t\u0131bbi ve hukuki ba\u011flam<\/a><\/li><li class=\"\"><a href=\"#terminologie-und-alternativnamen-respektvoller-sprachgebrauch\">Terminoloji ve alternatif isimler: Sayg\u0131l\u0131 dil kullan\u0131m\u0131<\/a><\/li><li class=\"\"><a href=\"#weiterfuhrende-informationen-und-forschung\">Daha ayr\u0131nt\u0131l\u0131 bilgiler ve ara\u015ft\u0131rmalar<\/a><\/li><li class=\"\"><a href=\"#kostenubernahme-fur-transitionsschritte\">Ge\u00e7i\u015f a\u015famalar\u0131 i\u00e7in masraflar\u0131n kar\u015f\u0131lanmas\u0131<\/a><\/li><\/ul><\/nav><\/div>\n\n\n\n<div class=\"wp-block-group is-style-boxed has-white-warm-background-color has-background is-layout-constrained wp-block-group-is-layout-constrained\">\n<p class=\"wp-block-paragraph\"><strong>\u00d6nemli uyar\u0131<\/strong><\/p>\n\n\n\n<p class=\"wp-block-paragraph\">Bu makale yaln\u0131zca bilgilendirme ama\u00e7l\u0131d\u0131r ve t\u0131bbi tan\u0131 veya tavsiyenin yerini almaz. Herhangi bir belirsizlik durumunda ve ki\u015fiye \u00f6zel bir tedavi plan\u0131 haz\u0131rlamak i\u00e7in, uzman bir hekimle g\u00f6r\u00fc\u015fmek \u015fartt\u0131r.<\/p>\n<\/div>\n\n\n\n<p class=\"wp-block-paragraph\">Bu terim <strong>Kad\u0131ndan Erke\u011fe (FtM)<\/strong> Do\u011fumda kad\u0131n cinsiyeti atanan, ancak kendini erkek olarak tan\u0131mlayan bir ki\u015fiyi anlat\u0131r. Ansiklopedi tarz\u0131nda yaz\u0131lm\u0131\u015f bu makale, bu kimli\u011fin ve genellikle bununla ba\u011flant\u0131l\u0131 olan ge\u00e7i\u015f s\u00fcrecinin \u00e7e\u015fitli y\u00f6nlerini ele almaktad\u0131r.<\/p>\n\n\n\n<p class=\"wp-block-paragraph\">FtM bireylerin deneyimleri \u00e7ok \u00e7e\u015fitlidir ve Aaron H. Devor gibi ara\u015ft\u0131rmac\u0131lar taraf\u0131ndan yap\u0131lan say\u0131s\u0131z \u00e7al\u0131\u015fma ve kitapta ayr\u0131nt\u0131l\u0131 olarak anlat\u0131lmaktad\u0131r.<\/p>\n\n\n\n<div class=\"wp-block-buttons is-layout-flex wp-block-buttons-is-layout-flex\">\n<div class=\"wp-block-button\"><a class=\"wp-block-button__link wp-element-button\" href=\"https:\/\/4beauty-website-stage.247grad.de\/tr\/hizmet-bilgileri\/iletisim\/\">Ba\u011flay\u0131c\u0131 olmayan bir \u015fekilde ileti\u015fime ge\u00e7in<\/a><\/div>\n<\/div>\n\n\n\n<h2 class=\"wp-block-heading\" id=\"identitat-und-selbstverstandnis-der-mensch-im-mittelpunkt\">Kimlik ve \u00f6z alg\u0131: \u0130nsan merkezde<\/h2>\n\n\n\n<p class=\"wp-block-paragraph\">FtM bireylerin erkek cinsiyet kimli\u011fi, ki\u015filiklerinin temel bir unsurudur. Bu bir tercih meselesi de\u011fil, ki\u015finin kendi cinsiyeti ve toplumsal cinsiyet kimli\u011fi hakk\u0131nda derinden hissedilen bir fark\u0131ndal\u0131kt\u0131r. Transseks\u00fcel ki\u015filer ve transseks\u00fcel erkeklerin ya\u015famlar\u0131 \u00fczerine g\u00fcncel literat\u00fcr, bu deneyimlerin ne kadar \u00e7e\u015fitli oldu\u011funu g\u00f6stermektedir. Ama\u00e7 genellikle bu kimlikle uyumlu bir ya\u015fam s\u00fcrmektir.<\/p>\n\n\n\n<h2 class=\"wp-block-heading\" id=\"geschlechtsdysphorie-im-ftm-kontext\">FtM ba\u011flam\u0131nda cinsiyet disforisi<\/h2>\n\n\n\n<figure class=\"wp-block-image size-large\"><img loading=\"lazy\" decoding=\"async\" width=\"2250\" height=\"2196\" src=\"https:\/\/4beauty-website-stage.247grad.de\/wp-content\/uploads\/2026\/08\/2025-02_femaletomale.png\" alt=\"FtM ba\u011flam\u0131nda cinsiyet disforisinin g\u00f6rsel sunumu\" class=\"wp-image-270\" srcset=\"https:\/\/4beauty-website-stage.247grad.de\/wp-content\/uploads\/2026\/08\/2025-02_femaletomale.png 2250w, https:\/\/4beauty-website-stage.247grad.de\/wp-content\/uploads\/2026\/08\/2025-02_femaletomale-300x293.png 300w, https:\/\/4beauty-website-stage.247grad.de\/wp-content\/uploads\/2026\/08\/2025-02_femaletomale-768x750.png 768w, https:\/\/4beauty-website-stage.247grad.de\/wp-content\/uploads\/2026\/08\/2025-02_femaletomale-1024x999.png 1024w, https:\/\/4beauty-website-stage.247grad.de\/wp-content\/uploads\/2026\/08\/2025-02_femaletomale-1536x1499.png 1536w, https:\/\/4beauty-website-stage.247grad.de\/wp-content\/uploads\/2026\/08\/2025-02_femaletomale-2048x1999.png 2048w, https:\/\/4beauty-website-stage.247grad.de\/wp-content\/uploads\/2026\/08\/2025-02_femaletomale-12x12.png 12w, https:\/\/4beauty-website-stage.247grad.de\/wp-content\/uploads\/2026\/08\/2025-02_femaletomale-40x40.png 40w\" sizes=\"auto, (max-width: 2250px) 100vw, 2250px\" \/><\/figure>\n\n\n\n<p class=\"wp-block-paragraph\">Ftm bireylerin \u00e7o\u011fu, ancak hepsi de\u011fil, cinsiyet disforisi ya\u015far. Bu, erkek kimli\u011fi ile do\u011fumda atanan kad\u0131n cinsiyet \u00f6zellikleri aras\u0131ndaki uyumsuzluktan kaynaklanan, klinik a\u00e7\u0131dan \u00f6nemli bir psikolojik s\u0131k\u0131nt\u0131d\u0131r.<\/p>\n\n\n\n<p class=\"wp-block-paragraph\">Bu t\u0131bbi boyut, ge\u00e7i\u015f iste\u011finin ard\u0131nda yatan \u00f6nemli bir fakt\u00f6r olmaktad\u0131r.<\/p>\n\n\n\n<div class=\"wp-block-buttons is-layout-flex wp-block-buttons-is-layout-flex\">\n<div class=\"wp-block-button\"><a class=\"wp-block-button__link wp-element-button\" href=\"https:\/\/4beauty-website-stage.247grad.de\/tr\/hizmet-bilgileri\/iletisim\/\">Ba\u011flay\u0131c\u0131 olmayan bir \u015fekilde ileti\u015fime ge\u00e7in<\/a><\/div>\n<\/div>\n\n\n\n<h2 class=\"wp-block-heading\" id=\"die-transition-ein-individueller-weg-der-veranderung\">Ge\u00e7i\u015f: Ki\u015fisel bir de\u011fi\u015fim s\u00fcreci<\/h2>\n\n\n\n<p class=\"wp-block-paragraph\">Ge\u00e7i\u015f s\u00fcreci son derece ki\u015fisel bir s\u00fcre\u00e7tir ve \u00e7e\u015fitli d\u00f6n\u00fc\u015f\u00fcm a\u015famalar\u0131n\u0131 i\u00e7erebilir. Her trans birey, mevcut t\u00fcm \u00f6nlemleri istemez veya bunlara ihtiya\u00e7 duymaz.<\/p>\n\n\n\n<h3 class=\"wp-block-heading\" id=\"soziale-und-psychologische-aspekte-der-transition\">Ge\u00e7i\u015f s\u00fcrecinin sosyal ve psikolojik y\u00f6nleri<\/h3>\n\n\n\n<p class=\"wp-block-paragraph\">Sosyal ge\u00e7i\u015f s\u00fcreci genellikle cinsel kimli\u011fin a\u00e7\u0131klanmas\u0131n\u0131, erkek ismi almay\u0131 (\u00f6rne\u011fin, varsay\u0131msal bir \u00f6rnek olarak Aaron), erkek zamirlerinin kullan\u0131lmas\u0131n\u0131 ve d\u0131\u015f g\u00f6r\u00fcn\u00fc\u015f\u00fcn de\u011fi\u015ftirilmesini i\u00e7erir. Psikolojik dan\u0131\u015fmanl\u0131k bu s\u00fcreci destekleyebilir.<\/p>\n\n\n\n<h3 class=\"wp-block-heading\" id=\"medizinische-aspekte-der-transition\">Ge\u00e7i\u015f S\u00fcrecinin T\u0131bbi Y\u00f6nleri<\/h3>\n\n\n\n<p class=\"wp-block-paragraph\">T\u0131bbi m\u00fcdahaleler \u015funlar\u0131 i\u00e7erebilir:<\/p>\n\n\n\n<ul class=\"wp-block-list\">\n<li><strong>Hormon tedavisi:<\/strong> Erkek ikincil cinsiyet \u00f6zelliklerinin ortaya \u00e7\u0131kmas\u0131n\u0131 sa\u011flamak amac\u0131yla testosteron verilmesi.<\/li>\n\n\n\n<li><strong>Cerrahi m\u00fcdahaleler:<\/strong>\n<ul class=\"wp-block-list\">\n<li>Mastektomi (meme bezlerinin al\u0131nmas\u0131).<\/li>\n\n\n\n<li>Histerektomi\/ooforektomi (rahim\/yumurtal\u0131klar\u0131n al\u0131nmas\u0131).<\/li>\n\n\n\n<li>Falloplasti veya metoidioplasti gibi cinsel organ d\u00fczeltme ameliyatlar\u0131.<\/li>\n<\/ul>\n<\/li>\n<\/ul>\n\n\n\n<h2 class=\"wp-block-heading\" id=\"der-medizinische-und-rechtliche-kontext-in-deutschland\">Almanya\u2019daki t\u0131bbi ve hukuki ba\u011flam<\/h2>\n\n\n\n<p class=\"wp-block-paragraph\">T\u0131bbi ve hukuki ba\u011flam, trans bireyler i\u00e7in b\u00fcy\u00fck \u00f6nem ta\u015f\u0131maktad\u0131r. T\u0131bbi ge\u00e7i\u015f a\u015famalar\u0131, ideal olarak g\u00fcncel standartlara uygun olarak ve deneyimli uzmanlar\u0131n e\u015fli\u011finde ger\u00e7ekle\u015ftirilir. Hukuki a\u00e7\u0131dan ise pek \u00e7ok ki\u015fi, isim ve cinsiyet kayd\u0131n\u0131n de\u011fi\u015ftirilmesini talep etmektedir. Almanya\u2019da (planlanan) \u00d6z Belirleme Yasas\u0131, bu s\u00fcreci kolayla\u015ft\u0131rmay\u0131 ama\u00e7lamaktad\u0131r.<\/p>\n\n\n\n<div class=\"wp-block-buttons is-layout-flex wp-block-buttons-is-layout-flex\">\n<div class=\"wp-block-button\"><a class=\"wp-block-button__link wp-element-button\" href=\"https:\/\/4beauty-website-stage.247grad.de\/tr\/hizmet-bilgileri\/iletisim\/\">Ba\u011flay\u0131c\u0131 olmayan bir \u015fekilde ileti\u015fime ge\u00e7in<\/a><\/div>\n<\/div>\n\n\n\n<h2 class=\"wp-block-heading\" id=\"terminologie-und-alternativnamen-respektvoller-sprachgebrauch\">Terminoloji ve alternatif isimler: Sayg\u0131l\u0131 dil kullan\u0131m\u0131<\/h2>\n\n\n\n<p class=\"wp-block-paragraph\">FtM\u2019nin yan\u0131 s\u0131ra, s\u0131kl\u0131kla \u201ctrans erkek\u201d, \u201ctransmaskulin ki\u015fi\u201d veya basit\u00e7e \u201cerkek (trans* deneyimi olan)\u201d gibi ifadeler de kullan\u0131l\u0131r. Ki\u015finin kendisi taraf\u0131ndan se\u00e7ilen ve ona sayg\u0131 g\u00f6steren terminoloji belirleyicidir.<\/p>\n\n\n\n<h2 class=\"wp-block-heading\" id=\"weiterfuhrende-informationen-und-forschung\">Daha ayr\u0131nt\u0131l\u0131 bilgiler ve ara\u015ft\u0131rmalar<\/h2>\n\n\n\n<p class=\"wp-block-paragraph\">Transseks\u00fcel ki\u015filerle ilgili kapsaml\u0131 ara\u015ft\u0131rmalar ve literat\u00fcr, FtM erkeklerin deneyimleri ve sosyal y\u00f6nleri hakk\u0131nda daha derin bir bak\u0131\u015f a\u00e7\u0131s\u0131 sunmaktad\u0131r. Aaron H. Devor gibi sosyologlar\u0131n \u00e7al\u0131\u015fmalar\u0131 (\u00f6rne\u011fin, onun kitab\u0131 <em>FTM: Toplumda Kad\u0131n-Erkek Transseks\u00fceller<\/em> veya <em>Cinsiyet Kar\u0131\u015ft\u0131rma<\/em>) transseks\u00fcel erkeklerin ya\u015famlar\u0131n\u0131 ve ge\u00e7irdikleri d\u00f6n\u00fc\u015f\u00fcmleri ayr\u0131nt\u0131l\u0131 bir \u015fekilde anlatmaktad\u0131r. Bu t\u00fcr eserler, konuyu daha iyi anlamak i\u00e7in \u00f6nemli kaynaklard\u0131r. Bu ansiklopedi, konuya ili\u015fkin ilk genel bir bak\u0131\u015f sunmay\u0131 ama\u00e7lamaktad\u0131r.<\/p>\n\n\n\n<div class=\"wp-block-buttons is-layout-flex wp-block-buttons-is-layout-flex\">\n<div class=\"wp-block-button\"><a class=\"wp-block-button__link wp-element-button\" href=\"https:\/\/4beauty-website-stage.247grad.de\/tr\/hizmet-bilgileri\/iletisim\/\">Ba\u011flay\u0131c\u0131 olmayan bir \u015fekilde ileti\u015fime ge\u00e7in<\/a><\/div>\n<\/div>\n\n\n\n<h2 class=\"wp-block-heading\" id=\"kostenubernahme-fur-transitionsschritte\">Ge\u00e7i\u015f a\u015famalar\u0131 i\u00e7in masraflar\u0131n kar\u015f\u0131lanmas\u0131<\/h2>\n\n\n\n<p class=\"wp-block-paragraph\">Almanya\u2019da, t\u0131bbi gereklilik (cinsiyet disforisi) olmas\u0131 durumunda sa\u011fl\u0131k sigortalar\u0131 taraf\u0131ndan t\u0131bbi ge\u00e7i\u015f a\u015famalar\u0131n\u0131n masraflar\u0131n\u0131n kar\u015f\u0131lanmas\u0131 prensipte m\u00fcmk\u00fcnd\u00fcr, ancak bu genellikle bir uzman raporu ve ba\u015fvuru s\u00fcrecini gerektirir.<\/p>","protected":false},"excerpt":{"rendered":"<p>Kad\u0131ndan erke\u011fe (FtM), do\u011fumda kad\u0131n cinsiyeti atanan, ancak kendini erkek olarak tan\u0131mlayan bir ki\u015fiyi ifade eder.<\/p>","protected":false},"template":"","class_list":["post-639","glossary","type-glossary","status-publish","hentry"],"acf":[],"_links":{"self":[{"href":"https:\/\/4beauty-website-stage.247grad.de\/tr\/wp-json\/wp\/v2\/glossary\/639","targetHints":{"allow":["GET"]}}],"collection":[{"href":"https:\/\/4beauty-website-stage.247grad.de\/tr\/wp-json\/wp\/v2\/glossary"}],"about":[{"href":"https:\/\/4beauty-website-stage.247grad.de\/tr\/wp-json\/wp\/v2\/types\/glossary"}],"wp:attachment":[{"href":"https:\/\/4beauty-website-stage.247grad.de\/tr\/wp-json\/wp\/v2\/media?parent=639"}],"curies":[{"name":"wp","href":"https:\/\/api.w.org\/{rel}","templated":true}]}}