{"id":653,"date":"2026-08-20T17:05:58","date_gmt":"2026-08-20T15:05:58","guid":{"rendered":"https:\/\/4beauty-website-stage.247grad.de\/glossar\/gesichtsstraffung\/"},"modified":"2026-08-20T17:24:54","modified_gmt":"2026-08-20T15:24:54","slug":"yuez-germe","status":"publish","type":"glossary","link":"https:\/\/4beauty-website-stage.247grad.de\/tr\/glossar\/gesichtsstraffung\/","title":{"rendered":"Y\u00fcz Germe (Facelift): \u0130\u015flem S\u00fcreci, Maliyet, Riskler ve Alternatifler"},"content":{"rendered":"<div class=\"wp-block-rank-math-toc-block\" id=\"rank-math-toc\"><h2>\u0130\u00e7indekiler<\/h2><nav><ul><li class=\"\"><a href=\"#was-ist-eine-gesichtsstraffung-facelift\">Y\u00fcz germe (facelift) nedir?<\/a><\/li><li class=\"\"><a href=\"#was-beinhaltet-eine-gesichtsstraffung-typischerweise\">Y\u00fcz germe ameliyat\u0131 genellikle neleri i\u00e7erir?<\/a><\/li><li class=\"\"><a href=\"#vorteile-einer-gesichtsstraffung\">Y\u00fcz germe ameliyat\u0131n\u0131n avantajlar\u0131<\/a><\/li><li class=\"\"><a href=\"#nachteile-und-risiken-einer-gesichtsstraffung\">Y\u00fcz germe ameliyat\u0131n\u0131n dezavantajlar\u0131 ve riskleri<\/a><\/li><li class=\"\"><a href=\"#der-ablauf-einer-gesichtsstraffung-schritt-fur-schritt\">Y\u00fcz germe ameliyat\u0131n\u0131n a\u015famalar\u0131: Ad\u0131m ad\u0131m<\/a><\/li><li class=\"\"><a href=\"#was-kostet-eine-gesichtsstraffung\">Y\u00fcz germe ameliyat\u0131n\u0131n maliyeti nedir?<\/a><\/li><li class=\"\"><a href=\"#welche-alternativen-gibt-es-zur-gesichtsstraffung\">Y\u00fcz germe ameliyat\u0131na alternatifler nelerdir?<\/a><\/li><li class=\"\"><a href=\"#wichtig\">\u00d6nemli<\/a><\/li><\/ul><\/nav><\/div>\n\n\n\n<div class=\"wp-block-group is-style-boxed has-white-warm-background-color has-background is-layout-constrained wp-block-group-is-layout-constrained\">\n<p class=\"wp-block-paragraph\"><strong>\u00d6nemli uyar\u0131<\/strong><\/p>\n\n\n\n<p class=\"wp-block-paragraph\">Bu makale yaln\u0131zca bilgilendirme ama\u00e7l\u0131d\u0131r ve t\u0131bbi tan\u0131 veya tavsiyenin yerini almaz. Herhangi bir belirsizlik durumunda ve ki\u015fiye \u00f6zel bir tedavi plan\u0131 haz\u0131rlamak i\u00e7in, uzman bir hekimle g\u00f6r\u00fc\u015fmek \u015fartt\u0131r.<\/p>\n<\/div>\n\n\n\n<h2 class=\"wp-block-heading\" id=\"was-ist-eine-gesichtsstraffung-facelift\">Y\u00fcz germe (facelift) nedir?<\/h2>\n\n\n\n<p class=\"wp-block-paragraph\">Bir <strong>Y\u00fcz germe<\/strong> (t\u0131bbi terim: ritidektomi) bir <strong>cerrahi y\u00fcz germe<\/strong>, bu i\u015flemde gev\u015femi\u015f cilt ve alt\u0131ndaki doku <strong>Y\u00fcz<\/strong> ve \u00e7o\u011fu zaman da <strong>Boyun b\u00f6lgesi<\/strong> s\u0131k\u0131la\u015ft\u0131r\u0131l\u0131r. K\u0131r\u0131\u015f\u0131kl\u0131klar d\u00fczeltilir, sarkm\u0131\u015f b\u00f6lgeler eski haline getirilir. <strong>ba\u015flang\u0131\u00e7 konumu<\/strong> geri kazand\u0131r\u0131l\u0131r ve y\u00fcz hatlar\u0131 iyile\u015ftirilir. Ama\u00e7, do\u011fal g\u00f6r\u00fcnen bir, <strong>daha gen\u00e7 bir g\u00f6r\u00fcn\u00fcm<\/strong>, ki\u015finin kendine \u00f6zg\u00fc mimiklerini bozmadan. SMAS gibi modern teknikler\u2026<strong>Asans\u00f6r<\/strong> \u201eMaske y\u00fczlerini\u201c \u00f6nlemeyi ama\u00e7lamaktad\u0131r.<\/p>\n\n\n\n<div class=\"wp-block-buttons is-layout-flex wp-block-buttons-is-layout-flex\">\n<div class=\"wp-block-button\"><a class=\"wp-block-button__link wp-element-button\" href=\"https:\/\/4beauty-website-stage.247grad.de\/tr\/hizmet-bilgileri\/iletisim\/\">Ba\u011flay\u0131c\u0131 olmayan bir \u015fekilde ileti\u015fime ge\u00e7in<\/a><\/div>\n<\/div>\n\n\n\n<h2 class=\"wp-block-heading\" id=\"was-beinhaltet-eine-gesichtsstraffung-typischerweise\">Y\u00fcz germe ameliyat\u0131 genellikle neleri i\u00e7erir?<\/h2>\n\n\n\n<p class=\"wp-block-paragraph\">Bir <strong>Y\u00fcz germe<\/strong> Standart bir m\u00fcdahale de\u011fildir; aksine, hastan\u0131n ihtiya\u00e7lar\u0131na g\u00f6re bireysel olarak <strong>Hasta<\/strong> ya da hastaya \u00f6zel olarak uyarlan\u0131r. <strong>\u00c7e\u015fitli y\u00f6ntemler<\/strong> kullan\u0131l\u0131r:<\/p>\n\n\n\n<ul class=\"wp-block-list\">\n<li><strong>Mini-Lift \/ Soft-Lift:<\/strong> Belirli b\u00f6lgelere (yanaklar, \u00e7ene \u00e7izgisi) odaklan\u0131r, daha az kapsaml\u0131d\u0131r. Erken a\u015famadaki sarkmalarda uygundur.<\/li>\n\n\n\n<li><strong>Klasik y\u00fcz germe (y\u00fcz ve boyun germe):<\/strong> T\u00fcm\u00fcn\u00fc kaps\u0131yorsa <strong>Y\u00fcz ve boyun<\/strong> ileri derecede sarkmay\u0131 d\u00fczeltmek amac\u0131yla. <strong>Fazla deri al\u0131n\u0131r<\/strong>.<\/li>\n\n\n\n<li><strong>SMAS germe:<\/strong> Yayg\u0131n bir, <strong>etkili<\/strong> ve <strong>modern y\u00fcz germe<\/strong>-Teknik. Burada sadece <strong>Cilt s\u0131k\u0131la\u015f\u0131r<\/strong>, ayn\u0131 zamanda daha derindeki ba\u011f dokusu-kas tabakas\u0131 (SMAS) da. Bu, uzun s\u00fcreli ve do\u011fal sonu\u00e7lar sa\u011flar. Deep Plane, High SMAS gibi varyantlar veya <strong>Minimal Eri\u015fimli Kraniyal S\u00fcspansiyon (MACS)<\/strong>-Asans\u00f6r de bunlardan biridir.<\/li>\n\n\n\n<li><strong>Orta Y\u00fcz Germe (Midface-Lift):<\/strong> Yanak b\u00f6lgesini s\u0131k\u0131la\u015ft\u0131rmaya odaklan\u0131r.<\/li>\n\n\n\n<li><strong>Al\u0131n \/ Ka\u015f Germe:<\/strong> Ayr\u0131 ayr\u0131 veya bir arada yap\u0131labilir.<\/li>\n<\/ul>\n\n\n\n<p class=\"wp-block-paragraph\">\u00c7o\u011fu zaman bir <strong>Y\u00fcz germe ameliyat\u0131 yap\u0131ld\u0131<\/strong> di\u011fer i\u015flemlerle (g\u00f6z kapa\u011f\u0131 germe, kendi ya\u011f transferi) birle\u015ftirilerek uyumlu bir <strong>Sonu\u00e7 elde etmek<\/strong>.<\/p>\n\n\n\n<div class=\"wp-block-buttons is-layout-flex wp-block-buttons-is-layout-flex\">\n<div class=\"wp-block-button\"><a class=\"wp-block-button__link wp-element-button\" href=\"https:\/\/4beauty-website-stage.247grad.de\/tr\/hizmet-bilgileri\/iletisim\/\">Ba\u011flay\u0131c\u0131 olmayan bir \u015fekilde ileti\u015fime ge\u00e7in<\/a><\/div>\n<\/div>\n\n\n\n<h2 class=\"wp-block-heading\" id=\"vorteile-einer-gesichtsstraffung\">Y\u00fcz germe ameliyat\u0131n\u0131n avantajlar\u0131<\/h2>\n\n\n\n<p class=\"wp-block-paragraph\">Profesyonel bir \u015fekilde y\u00fcr\u00fct\u00fclen <strong>Y\u00fcz germe<\/strong> \u00f6nemli iyile\u015ftirmeler sa\u011flayabilir:<\/p>\n\n\n\n<ul class=\"wp-block-list\">\n<li><strong>Belirgin y\u00fcz gen\u00e7le\u015ftirme:<\/strong> Derin k\u0131r\u0131\u015f\u0131kl\u0131klar\u0131n d\u00fczeltilmesi.<\/li>\n\n\n\n<li><strong>Daha s\u0131k\u0131 bir cilt:<\/strong> Sarkm\u0131\u015f b\u00f6lgelerin d\u00fczeltilmesi <strong>Y\u00fczdeki cilt<\/strong> ve boyunda.<\/li>\n\n\n\n<li><strong>Tan\u0131mlanm\u0131\u015f konturlar:<\/strong> Belirgin \u00e7ene \u00e7izgisi ve boyun b\u00f6lgesi.<\/li>\n\n\n\n<li><strong>Do\u011fal g\u00f6r\u00fcn\u00fcm:<\/strong> Ama\u00e7, do\u011fal ve \u201eameliyat izi\u201c g\u00f6r\u00fcnmeyen bir sonu\u00e7 elde etmektir.<\/li>\n\n\n\n<li><strong>Uzun s\u00fcreli sonu\u00e7lar:<\/strong> Etkisi, do\u011fal olsa bile uzun y\u0131llar s\u00fcrer <strong>Ya\u015flanma s\u00fcreci<\/strong> devam ediyor.<\/li>\n\n\n\n<li><strong>Artan \u00f6zg\u00fcven:<\/strong> Refah i\u00e7in <strong>Kad\u0131nlar ve erkekler<\/strong>.<\/li>\n<\/ul>\n\n\n\n<div class=\"wp-block-buttons is-layout-flex wp-block-buttons-is-layout-flex\">\n<div class=\"wp-block-button\"><a class=\"wp-block-button__link wp-element-button\" href=\"https:\/\/4beauty-website-stage.247grad.de\/tr\/hizmet-bilgileri\/iletisim\/\">Ba\u011flay\u0131c\u0131 olmayan bir \u015fekilde ileti\u015fime ge\u00e7in<\/a><\/div>\n<\/div>\n\n\n\n<h2 class=\"wp-block-heading\" id=\"nachteile-und-risiken-einer-gesichtsstraffung\">Y\u00fcz germe ameliyat\u0131n\u0131n dezavantajlar\u0131 ve riskleri<\/h2>\n\n\n\n<p class=\"wp-block-paragraph\">Her cerrahi m\u00fcdahale, <strong>Riskler ve Komplikasyonlar<\/strong>. Bir <strong>Y\u00fcz germe<\/strong> Bunlar \u015funlard\u0131r:<\/p>\n\n\n\n<ul class=\"wp-block-list\">\n<li><strong>Genel ameliyat riskleri:<\/strong> Kanama, enfeksiyonlar, yara iyile\u015fme bozukluklar\u0131, anestezi riskleri.<\/li>\n\n\n\n<li><strong>\u00d6zel riskler:<\/strong><\/li>\n\n\n\n<li>\u2022 <strong>Sinir yaralanmalar\u0131:<\/strong> Nadir g\u00f6r\u00fcl\u00fcr, \u00e7o\u011funlukla ge\u00e7icidir (y\u00fcz hareketleri).<\/li>\n\n\n\n<li>\u2022 <strong>Yara izi olu\u015fumu:<\/strong> G\u00f6ze \u00e7arpmayan bir konumda olmas\u0131na ra\u011fmen m\u00fcmk\u00fcnd\u00fcr.<\/li>\n\n\n\n<li>\u2022 <strong>Duyusal bozukluklar:<\/strong> Genellikle ge\u00e7ici bir uyu\u015fma hissi.<\/li>\n\n\n\n<li>\u2022 <strong>Sa\u00e7 d\u00f6k\u00fclmesi:<\/strong> Kesme alan\u0131nda m\u00fcmk\u00fcnd\u00fcr.<\/li>\n\n\n\n<li>\u2022 <strong>Asimetriler:<\/strong> Hafif d\u00fczensizlikler.<\/li>\n\n\n\n<li>\u2022 <strong>Deride kan dola\u015f\u0131m\u0131 bozukluklar\u0131:<\/strong> Sigara i\u00e7enlerde risk artar.<\/li>\n\n\n\n<li><strong>\u0130yile\u015fme s\u00fcreci:<\/strong> \u015ei\u015flikler ve morluklar normaldir ve zamanla ge\u00e7er.<\/li>\n\n\n\n<li><strong>Maliyet:<\/strong> Sa\u011fl\u0131k sigortalar\u0131 taraf\u0131ndan kar\u015f\u0131lanmamaktad\u0131r.<\/li>\n\n\n\n<li><strong>Sonu\u00e7:<\/strong> Yanl\u0131\u015f \u015fekilde uyguland\u0131\u011f\u0131nda beklentileri kar\u015f\u0131lamayabilir.<\/li>\n<\/ul>\n\n\n\n<p class=\"wp-block-paragraph\"><strong>Riskin en aza indirilmesi!<\/strong> \u015eu alanda deneyimli bir uzman hekimin se\u00e7ilmesi: <strong>Plastik ve Estetik Cerrahi<\/strong> belirleyicidir. \u0130yi bir <strong>Klinik<\/strong> ve a\u00e7\u0131k ileti\u015fim \u00f6nemlidir. Sigara i\u00e7mek <strong>Ameliyat \u00f6ncesinde dikkat edilmesi gerekenler<\/strong> ve kesilmelidir, \u00e7\u00fcnk\u00fc yara iyile\u015fmesini engeller ve <strong>Komplikasyonlar<\/strong> art\u0131r\u0131l\u0131r.<\/p>\n\n\n\n<h2 class=\"wp-block-heading\" id=\"der-ablauf-einer-gesichtsstraffung-schritt-fur-schritt\">Y\u00fcz germe ameliyat\u0131n\u0131n a\u015famalar\u0131: Ad\u0131m ad\u0131m<\/h2>\n\n\n\n<h3 class=\"wp-block-heading\" id=\"vorbereitung-beratung-einer-gesichtsstraffung\">Y\u00fcz germe ameliyat\u0131 i\u00e7in haz\u0131rl\u0131k ve dan\u0131\u015fmanl\u0131k<\/h3>\n\n\n\n<p class=\"wp-block-paragraph\">Her \u015fey kapsaml\u0131 bir dan\u0131\u015fma g\u00f6r\u00fc\u015fmesiyle ba\u015flar. Kalifiye bir uzman hekimden randevu al\u0131n. Uzman hekim y\u00fcz\u00fcn\u00fcz\u00fc inceler, isteklerinizi g\u00f6r\u00fc\u015f\u00fcr ve y\u00fcz germe ameliyat\u0131na ili\u015fkin y\u00f6ntemler, riskler ve maliyetler hakk\u0131nda sizi bilgilendirir. Ard\u0131ndan \u00f6n muayeneler yap\u0131l\u0131r ve ameliyat haz\u0131rl\u0131\u011f\u0131yla ilgili talimatlar verilir.<\/p>\n\n\n\n<h3 class=\"wp-block-heading\" id=\"die-operation-gesichtsstraffung\">Ameliyat: Y\u00fcz germe<\/h3>\n\n\n\n<p class=\"wp-block-paragraph\">Y\u00fcz germe ameliyat\u0131 2-5 saat s\u00fcrer ve genellikle <strong>Genel anestezi uyguland\u0131<\/strong>, daha nadiren <strong>Lokal anestezi<\/strong> yar\u0131 uykulu halde. Cerrah kesiler a\u00e7ar (sa\u00e7 \u00e7izgisi, kulak), deriyi ay\u0131r\u0131r, gerekirse SMAS\u2019\u0131 gerer, \u00e7\u0131kar\u0131r <strong>fazla deri<\/strong> ve her \u015feyi gerginlik kalmayacak \u015fekilde diker. Drenajlar ve bandaj uygulan\u0131r.<\/p>\n\n\n\n<h3 class=\"wp-block-heading\" id=\"nachsorge-heilung\">\u0130yile\u015fme S\u00fcreci ve Tedavi<\/h3>\n\n\n\n<p class=\"wp-block-paragraph\">Genellikle 1-2 gecelik hastanede kal\u0131\u015f s\u00fcresi. \u015ei\u015flikler\/morluklar <strong>Ameliyattan sonraki g\u00fcn<\/strong> normaldir ve haftalar i\u00e7inde azal\u0131r. So\u011futma yard\u0131mc\u0131 olur. Drenajlar\/pansumanlar erken bir a\u015famada \u00e7\u0131kar\u0131l\u0131r. Bunlar <strong>\u0130plerin \u00e7ekilmesi<\/strong> yakla\u015f\u0131k 8-14 g\u00fcn sonra. Bu <strong>Son i\u015flem<\/strong> dinlenme, yorucu faaliyetlerden ve g\u00fcne\u015ften ka\u00e7\u0131nma ile kontrol muayenelerini i\u00e7erir. Nihai sonu\u00e7, birka\u00e7 <strong>Y\u00fcz germe ameliyat\u0131ndan birka\u00e7 hafta sonra<\/strong> g\u00f6r\u00fcn\u00fcr hale gelir; baz\u0131lar\u0131 ise ancak aylar sonra ortaya \u00e7\u0131kar. \u015ei\u015flikler <strong>az ya da \u00e7ok belirgin<\/strong> olmak.<\/p>\n\n\n\n<div class=\"wp-block-buttons is-layout-flex wp-block-buttons-is-layout-flex\">\n<div class=\"wp-block-button\"><a class=\"wp-block-button__link wp-element-button\" href=\"https:\/\/4beauty-website-stage.247grad.de\/tr\/hizmet-bilgileri\/iletisim\/\">Ba\u011flay\u0131c\u0131 olmayan bir \u015fekilde ileti\u015fime ge\u00e7in<\/a><\/div>\n<\/div>\n\n\n\n<h2 class=\"wp-block-heading\" id=\"was-kostet-eine-gesichtsstraffung\">Y\u00fcz germe ameliyat\u0131n\u0131n maliyeti nedir?<\/h2>\n\n\n\n<p class=\"wp-block-paragraph\">\u015eu <strong>Y\u00fcz germe ameliyat\u0131n\u0131n maliyeti<\/strong> (veya <strong>Y\u00fcz germe ameliyat\u0131n\u0131n maliyeti<\/strong>) b\u00fcy\u00fck farkl\u0131l\u0131klar g\u00f6sterir. Etkileyen fakt\u00f6rler aras\u0131nda ameliyat\u0131n kapsam\u0131, kullan\u0131lan teknik, cerrah, hastane ve anestezi yer al\u0131r.<\/p>\n\n\n\n<ul class=\"wp-block-list\">\n<li><strong>Fiyat aral\u0131\u011f\u0131:<\/strong> Almanya\u2019da yakla\u015f\u0131k 6.000 ila 13.000 avro, bazen daha fazla.<\/li>\n\n\n\n<li><strong>Mini Asans\u00f6r:<\/strong> Daha uygun fiyatl\u0131 (yakla\u015f\u0131k 2.500\u20135.500 avro).<\/li>\n\n\n\n<li><strong>Kapsaml\u0131 y\u00fcz germe ameliyatlar\u0131 (\u00f6rn. High SMAS):<\/strong> 11.000 avronun olduk\u00e7a \u00fczerine \u00e7\u0131kabilir.<\/li>\n<\/ul>\n\n\n\n<p class=\"wp-block-paragraph\">Ki\u015fiye \u00f6zel bir teklif alabilirsiniz yaln\u0131zca <strong>Dan\u0131\u015fmanl\u0131k g\u00f6r\u00fc\u015fmesi<\/strong>.<\/p>\n\n\n\n<div class=\"wp-block-buttons is-layout-flex wp-block-buttons-is-layout-flex\">\n<div class=\"wp-block-button\"><a class=\"wp-block-button__link wp-element-button\" href=\"https:\/\/4beauty-website-stage.247grad.de\/tr\/finansman\/\">Tedavi masraflar\u0131n\u0131 kar\u015f\u0131lamak<\/a><\/div>\n<\/div>\n\n\n\n<h2 class=\"wp-block-heading\" id=\"welche-alternativen-gibt-es-zur-gesichtsstraffung\">Y\u00fcz germe ameliyat\u0131na alternatifler nelerdir?<\/h2>\n\n\n\n<p class=\"wp-block-paragraph\">Daha az ileri d\u00fczeyde olanlar i\u00e7in <strong>Cilt ya\u015flanmas\u0131<\/strong> ya da ek olarak, \u015funa alternatifler de mevcuttur: <strong>cerrahi y\u00fcz germe<\/strong>:<\/p>\n\n\n\n<ul class=\"wp-block-list\">\n<li><strong>Dolgu maddesi (hiyal\u00fcronik asit):<\/strong> Hacim kazand\u0131rma, k\u0131r\u0131\u015f\u0131kl\u0131k dolgusu.<\/li>\n\n\n\n<li><strong>Botulinum toksini (Botox\u00ae):<\/strong> Y\u00fcz hareketlerinden kaynaklanan k\u0131r\u0131\u015f\u0131kl\u0131klara kar\u015f\u0131.<\/li>\n\n\n\n<li><strong>\u0130plik germe:<\/strong> Hafif bir s\u0131k\u0131la\u015ft\u0131rma.<\/li>\n\n\n\n<li><strong>Lazer \/ I\u015f\u0131k tedavisi:<\/strong> \u015eunun iyile\u015ftirilmesi: <strong>Y\u00fcz cildi<\/strong>.<\/li>\n\n\n\n<li><strong>Radyofrekans \/ Ultrason:<\/strong> Kollajen uyar\u0131m\u0131, s\u0131k\u0131la\u015ft\u0131rma.<\/li>\n\n\n\n<li><strong>Mikroi\u011fneleme:<\/strong> Cilt dokusunun iyile\u015ftirilmesi.<\/li>\n\n\n\n<li><strong>Kimyasal peelingler:<\/strong> Y\u00fczeysel d\u00fczeltme.<\/li>\n<\/ul>\n\n\n\n<div class=\"wp-block-buttons is-layout-flex wp-block-buttons-is-layout-flex\">\n<div class=\"wp-block-button\"><a class=\"wp-block-button__link wp-element-button\" href=\"https:\/\/4beauty-website-stage.247grad.de\/tr\/sonraki-masraf-sigortasi\/\">Sonraki masraflar\u0131 sigortalamak<\/a><\/div>\n<\/div>\n\n\n\n<div class=\"wp-block-group is-style-boxed has-anchor-light-background-color has-background is-layout-constrained wp-block-group-is-layout-constrained\">\n<h2 class=\"wp-block-heading\" id=\"wichtig\">\u00d6nemli<\/h2>\n\n<p class=\"wp-block-paragraph\">Bu y\u00f6ntemler <strong>K\u0131r\u0131\u015f\u0131kl\u0131k Tedavisi<\/strong> \u015funlard\u0131r <strong>etkin<\/strong>, ancak \u015funun yerini tutmaz <strong>Y\u00fcz germe<\/strong> Ciltte a\u015f\u0131r\u0131 sarkma durumunda. Ki\u015fiye \u00f6zel dan\u0131\u015fmanl\u0131k \u00e7ok \u00f6nemlidir.<\/p>\n<\/div>","protected":false},"excerpt":{"rendered":"<p>Y\u00fcz germe ameliyat\u0131 (ritidektomi), y\u00fcz ve boyundaki sarkm\u0131\u015f cilt ve dokular\u0131 cerrahi olarak s\u0131k\u0131la\u015ft\u0131r\u0131r, k\u0131r\u0131\u015f\u0131kl\u0131klar\u0131 d\u00fczeltir ve y\u00fcz hatlar\u0131n\u0131 iyile\u015ftirir.<\/p>","protected":false},"template":"","class_list":["post-653","glossary","type-glossary","status-publish","hentry"],"acf":[],"_links":{"self":[{"href":"https:\/\/4beauty-website-stage.247grad.de\/tr\/wp-json\/wp\/v2\/glossary\/653","targetHints":{"allow":["GET"]}}],"collection":[{"href":"https:\/\/4beauty-website-stage.247grad.de\/tr\/wp-json\/wp\/v2\/glossary"}],"about":[{"href":"https:\/\/4beauty-website-stage.247grad.de\/tr\/wp-json\/wp\/v2\/types\/glossary"}],"wp:attachment":[{"href":"https:\/\/4beauty-website-stage.247grad.de\/tr\/wp-json\/wp\/v2\/media?parent=653"}],"curies":[{"name":"wp","href":"https:\/\/api.w.org\/{rel}","templated":true}]}}