{"id":663,"date":"2026-08-20T17:06:07","date_gmt":"2026-08-20T15:06:07","guid":{"rendered":"https:\/\/4beauty-website-stage.247grad.de\/glossar\/hirsutismus\/"},"modified":"2026-08-28T11:53:38","modified_gmt":"2026-08-28T09:53:38","slug":"hirsutizm","status":"publish","type":"glossary","link":"https:\/\/4beauty-website-stage.247grad.de\/tr\/glossar\/hirsutismus\/","title":{"rendered":"Hirsutizm"},"content":{"rendered":"<div class=\"wp-block-rank-math-toc-block\" id=\"rank-math-toc\"><h2>\u0130\u00e7indekiler<\/h2><nav><ul><li class=\"\"><a href=\"#definition-was-ist-hirsutismus\">Tan\u0131m: Hirsutizm nedir?<\/a><\/li><li class=\"\"><a href=\"#hirsutismus-vs-hypertrichose-der-entscheidende-unterschied\">Hirsutizm ve Hipertrikoz: Aralar\u0131ndaki Temel Fark<\/a><\/li><li class=\"\"><a href=\"#die-ursache-warum-mannliche-hormone-androgene-die-hauptrolle-spielen\">Nedeni: Erkeklik hormonlar\u0131n\u0131n (androjenlerin) neden ba\u015frol\u00fc oynad\u0131\u011f\u0131<\/a><\/li><li class=\"\"><a href=\"#der-weg-zur-diagnose-frauenarzt-endokrinologe\">Te\u015fhise giden yol: Jinekolog ve endokrinolog<\/a><\/li><li class=\"\"><a href=\"#die-2-saulen-behandlung-eine-wirksame-strategie\">2 S\u00fctunlu Tedavi: Etkili bir strateji<\/a><\/li><li class=\"\"><a href=\"#risiken-der-asthetischen-behandlungen-finanzielle-absicherung\">Estetik tedavilerin riskleri ve finansal g\u00fcvence<\/a><\/li><li class=\"\"><a href=\"#haufig-gestellte-fragen-faq-zum-hirsutismus\">Hirsutizm ile ilgili s\u0131k sorulan sorular (SSS)<\/a><\/li><\/ul><\/nav><\/div>\n\n\n\n<div class=\"wp-block-group is-style-boxed has-white-warm-background-color has-background is-layout-constrained wp-block-group-is-layout-constrained\">\n<p class=\"wp-block-paragraph\"><strong>\u00d6nemli uyar\u0131<\/strong><\/p>\n\n\n\n<p class=\"wp-block-paragraph\">Bu makale yaln\u0131zca bilgilendirme ama\u00e7l\u0131d\u0131r ve t\u0131bbi tan\u0131 veya tavsiyenin yerini almaz. Herhangi bir belirsizlik durumunda ve ki\u015fiye \u00f6zel bir tedavi plan\u0131 haz\u0131rlamak i\u00e7in, uzman bir hekimle g\u00f6r\u00fc\u015fmek \u015fartt\u0131r.<\/p>\n<\/div>\n\n\n\n<p class=\"wp-block-paragraph\">\u0130stenmeyen t\u00fcy b\u00fcy\u00fcmesi, bir\u00e7ok kad\u0131n i\u00e7in b\u00fcy\u00fck bir s\u0131k\u0131nt\u0131d\u0131r. \u00d6zellikle de y\u00fcz, g\u00f6\u011f\u00fcs veya s\u0131rt gibi genellikle erkeklere \u00f6zg\u00fc b\u00f6lgelerde koyu renkli, kal\u0131n t\u00fcylerin \u00e7\u0131kmas\u0131 durumunda. T\u0131pta bu duruma hirsutizm denir. \u015eunu anlamak \u00f6nemlidir: Hirsutizm ba\u011f\u0131ms\u0131z bir hastal\u0131k de\u011fil, altta yatan bir hormonal dengesizli\u011fin g\u00f6r\u00fcn\u00fcr bir belirtisidir.<\/p>\n\n\n\n<p class=\"wp-block-paragraph\">Bu rehber, hirsutizmin ne oldu\u011funu ve bunun hormonal olmayan durumlardan nas\u0131l farkl\u0131 oldu\u011funu size net ve anlay\u0131\u015fl\u0131 bir \u015fekilde a\u00e7\u0131kl\u0131yor. <strong>Hipertrikoz<\/strong> aradaki fark\u0131 ortaya koyar ve sorunu hem k\u00f6k\u00fcnden hem de y\u00fczeysel olarak ele almak i\u00e7in etkili 2 a\u015famal\u0131 stratejiyi sizlere sunar.<\/p>\n\n\n\n<div class=\"wp-block-media-text is-stacked-on-mobile\"><figure class=\"wp-block-media-text__media\"><img loading=\"lazy\" decoding=\"async\" width=\"1024\" height=\"1024\" src=\"https:\/\/4beauty-website-stage.247grad.de\/wp-content\/uploads\/2026\/08\/2026-02_hirsutismus.png\" alt=\"Hirsutizm\" class=\"wp-image-407 size-full\" srcset=\"https:\/\/4beauty-website-stage.247grad.de\/wp-content\/uploads\/2026\/08\/2026-02_hirsutismus.png 1024w, https:\/\/4beauty-website-stage.247grad.de\/wp-content\/uploads\/2026\/08\/2026-02_hirsutismus-150x150.png 150w, https:\/\/4beauty-website-stage.247grad.de\/wp-content\/uploads\/2026\/08\/2026-02_hirsutismus-300x300.png 300w, https:\/\/4beauty-website-stage.247grad.de\/wp-content\/uploads\/2026\/08\/2026-02_hirsutismus-768x768.png 768w, https:\/\/4beauty-website-stage.247grad.de\/wp-content\/uploads\/2026\/08\/2026-02_hirsutismus-12x12.png 12w, https:\/\/4beauty-website-stage.247grad.de\/wp-content\/uploads\/2026\/08\/2026-02_hirsutismus-120x120.png 120w, https:\/\/4beauty-website-stage.247grad.de\/wp-content\/uploads\/2026\/08\/2026-02_hirsutismus-40x40.png 40w, https:\/\/4beauty-website-stage.247grad.de\/wp-content\/uploads\/2026\/08\/2026-02_hirsutismus-80x80.png 80w, https:\/\/4beauty-website-stage.247grad.de\/wp-content\/uploads\/2026\/08\/2026-02_hirsutismus-160x160.png 160w, https:\/\/4beauty-website-stage.247grad.de\/wp-content\/uploads\/2026\/08\/2026-02_hirsutismus-500x500.png 500w, https:\/\/4beauty-website-stage.247grad.de\/wp-content\/uploads\/2026\/08\/2026-02_hirsutismus-1000x1000.png 1000w\" sizes=\"auto, (max-width: 1024px) 100vw, 1024px\" \/><\/figure><div class=\"wp-block-media-text__content\">\n<h2 class=\"wp-block-heading\" id=\"definition-was-ist-hirsutismus\">Tan\u0131m: Hirsutizm nedir?<\/h2>\n\n<p class=\"wp-block-paragraph\"><strong>Hirsutizm<\/strong> Kad\u0131nlarda erkek tipi da\u011f\u0131l\u0131m modeline uyan a\u015f\u0131r\u0131 t\u00fcy b\u00fcy\u00fcmesinin t\u0131bbi ad\u0131 budur. Bu durumun karakteristik \u00f6zelli\u011fi, androjene ba\u011fl\u0131 v\u00fccut b\u00f6lgelerinde kal\u0131n, koyu renkli ve sert t\u00fcylerin (terminal t\u00fcyler) \u00e7\u0131kmas\u0131d\u0131r.<\/p>\n\n<p class=\"wp-block-paragraph\">Bunun nedeni, ya erkeklik hormonlar\u0131n\u0131n (androjenlerin) a\u015f\u0131r\u0131 \u00fcretimi ya da sa\u00e7 k\u00f6klerinin bu hormonlara kar\u015f\u0131 artan duyarl\u0131l\u0131\u011f\u0131d\u0131r.<\/p>\n<\/div><\/div>\n\n\n\n<h2 class=\"wp-block-heading\" id=\"hirsutismus-vs-hypertrichose-der-entscheidende-unterschied\">Hirsutizm ve Hipertrikoz: Aralar\u0131ndaki Temel Fark<\/h2>\n\n\n\n<p class=\"wp-block-paragraph\">Bu iki durumu birbiriyle kar\u0131\u015ft\u0131rmamak \u00e7ok \u00f6nemlidir, \u00e7\u00fcnk\u00fc nedenleri ve tedavileri birbirinden tamamen farkl\u0131d\u0131r.<\/p>\n\n\n\n<figure class=\"wp-block-table\"><table class=\"has-fixed-layout\"><thead><tr><th>\u00d6zellik<\/th><th>Hirsutizm<\/th><th>Hipertrikoz<\/th><\/tr><\/thead><tbody><tr><td>Neden<\/td><td>Hormonal nedenlere ba\u011fl\u0131 (erkeklik hormonlar\u0131n\u0131n fazlal\u0131\u011f\u0131)<\/td><td>Androjen kaynakl\u0131 olmayan (\u00f6rne\u011fin, genetik kaynakl\u0131 veya ila\u00e7 kaynakl\u0131)<\/td><\/tr><tr><td>Etkilenenler<\/td><td>Neredeyse tamamen kad\u0131nlar<\/td><td>Erkekler, kad\u0131nlar ve \u00e7ocuklar<\/td><\/tr><tr><td>Sa\u00e7 tipi<\/td><td>Mutlaka kal\u0131n ve koyu renkli u\u00e7 sa\u00e7lar<\/td><td>\u00c7o\u011funlukla ince vellus k\u0131llar\u0131, k\u0131smen de terminal k\u0131llar<\/td><\/tr><tr><td>Da\u011f\u0131l\u0131m modeli<\/td><td>Erkeklerde g\u00f6r\u00fclen t\u00fcylenme d\u00fczenine ba\u011fl\u0131 olarak (\u00f6rn. sakal, g\u00f6\u011f\u00fcs, s\u0131rt)<\/td><td>Erkek tipi t\u00fcylenme d\u00fczeninden ba\u011f\u0131ms\u0131z olarak (\u00f6rne\u011fin, v\u00fccudun her yerinde)<\/td><\/tr><\/tbody><\/table><\/figure>\n\n\n\n<h2 class=\"wp-block-heading\" id=\"die-ursache-warum-mannliche-hormone-androgene-die-hauptrolle-spielen\">Nedeni: Erkeklik hormonlar\u0131n\u0131n (androjenlerin) neden ba\u015frol\u00fc oynad\u0131\u011f\u0131<\/h2>\n\n\n\n<p class=\"wp-block-paragraph\">Kad\u0131n v\u00fccudu da testosteron gibi erkeklik hormonlar\u0131n\u0131 az miktarda \u00fcretir. Hirsutizm durumunda bu denge bozulur.<\/p>\n\n\n\n<h3 class=\"wp-block-heading\" id=\"pco-syndrom-polyzystisches-ovarialsyndrom\">PCO Sendromu (Polikistik Over Sendromu)<\/h3>\n\n\n\n<p class=\"wp-block-paragraph\">Bu, hirsutizmin a\u00e7\u0131k ara en yayg\u0131n nedenidir. Bu metabolik bozuklukta yumurtal\u0131klar a\u015f\u0131r\u0131 miktarda androjen \u00fcretir.<\/p>\n\n\n\n<h3 class=\"wp-block-heading\" id=\"andere-ursachen\">Di\u011fer nedenler<\/h3>\n\n\n\n<p class=\"wp-block-paragraph\">Daha nadiren, yumurtal\u0131k veya b\u00f6brek \u00fcst\u00fc bezi t\u00fcm\u00f6rleri, belirli ila\u00e7lar ya da di\u011fer hormonal hastal\u0131klar veya hormonal dengesizlikler bu duruma neden olabilir.<\/p>\n\n\n\n<div class=\"wp-block-media-text is-stacked-on-mobile\"><figure class=\"wp-block-media-text__media\"><img loading=\"lazy\" decoding=\"async\" width=\"1024\" height=\"1024\" src=\"https:\/\/4beauty-website-stage.247grad.de\/wp-content\/uploads\/2026\/08\/2026-02_hirsutismus-diagnose.png\" alt=\"Hirsutizm Te\u015fhisi\" class=\"wp-image-406 size-full\" srcset=\"https:\/\/4beauty-website-stage.247grad.de\/wp-content\/uploads\/2026\/08\/2026-02_hirsutismus-diagnose.png 1024w, https:\/\/4beauty-website-stage.247grad.de\/wp-content\/uploads\/2026\/08\/2026-02_hirsutismus-diagnose-150x150.png 150w, https:\/\/4beauty-website-stage.247grad.de\/wp-content\/uploads\/2026\/08\/2026-02_hirsutismus-diagnose-300x300.png 300w, https:\/\/4beauty-website-stage.247grad.de\/wp-content\/uploads\/2026\/08\/2026-02_hirsutismus-diagnose-768x768.png 768w, https:\/\/4beauty-website-stage.247grad.de\/wp-content\/uploads\/2026\/08\/2026-02_hirsutismus-diagnose-12x12.png 12w, https:\/\/4beauty-website-stage.247grad.de\/wp-content\/uploads\/2026\/08\/2026-02_hirsutismus-diagnose-120x120.png 120w, https:\/\/4beauty-website-stage.247grad.de\/wp-content\/uploads\/2026\/08\/2026-02_hirsutismus-diagnose-40x40.png 40w, https:\/\/4beauty-website-stage.247grad.de\/wp-content\/uploads\/2026\/08\/2026-02_hirsutismus-diagnose-80x80.png 80w, https:\/\/4beauty-website-stage.247grad.de\/wp-content\/uploads\/2026\/08\/2026-02_hirsutismus-diagnose-160x160.png 160w, https:\/\/4beauty-website-stage.247grad.de\/wp-content\/uploads\/2026\/08\/2026-02_hirsutismus-diagnose-500x500.png 500w, https:\/\/4beauty-website-stage.247grad.de\/wp-content\/uploads\/2026\/08\/2026-02_hirsutismus-diagnose-1000x1000.png 1000w\" sizes=\"auto, (max-width: 1024px) 100vw, 1024px\" \/><\/figure><div class=\"wp-block-media-text__content\">\n<h2 class=\"wp-block-heading\" id=\"der-weg-zur-diagnose-frauenarzt-endokrinologe\">Te\u015fhise giden yol: Jinekolog ve endokrinolog<\/h2>\n\n<p class=\"wp-block-paragraph\"><strong>Kendi kendinize te\u015fhis koymay\u0131n: Her zaman bir uzman hekime ba\u015fvurun!<\/strong><\/p>\n\n<p class=\"wp-block-paragraph\">Hirsutizm, ciddi bir t\u0131bbi sorunun belirtisi olabilece\u011finden, kapsaml\u0131 bir t\u0131bbi de\u011ferlendirme yap\u0131lmas\u0131 \u015fartt\u0131r. \u0130lk ba\u015fvurulacak ki\u015fi \u015fudur: <strong>Jinekolog (kad\u0131n hastal\u0131klar\u0131 uzman\u0131)<\/strong> ya da bir <strong>Endokrinolog (Hormon Uzman\u0131)<\/strong>. Doktor, nedeni tespit etmek i\u00e7in fizik muayene, hormon tahlili (kan testi) ve genellikle yumurtal\u0131k ultrasonu yapacakt\u0131r.<\/p>\n\n<p class=\"wp-block-paragraph\">Ciddiyet derecesini de\u011ferlendirmek i\u00e7in genellikle <strong>Ferriman-Gallwey Skoru<\/strong> kullan\u0131l\u0131r; bu y\u00f6ntemde v\u00fccudun dokuz belirli b\u00f6lgesindeki k\u0131ll\u0131l\u0131k de\u011ferlendirilir.<\/p>\n<\/div><\/div>\n\n\n\n<h2 class=\"wp-block-heading\" id=\"die-2-saulen-behandlung-eine-wirksame-strategie\">2 S\u00fctunlu Tedavi: Etkili bir strateji<\/h2>\n\n\n\n<p class=\"wp-block-paragraph\">Hirsutizmin ba\u015far\u0131l\u0131 tedavisi her zaman birbirini tamamlayan iki temel unsurdan olu\u015fur ve ideal olarak bu unsurlar bir arada uygulan\u0131r.<\/p>\n\n\n\n<h3 class=\"wp-block-heading\" id=\"saule-1-die-medizinische-behandlung-der-hormonellen-ursache\">1. A\u015fama: Hormonal nedenin t\u0131bbi tedavisi<\/h3>\n\n\n\n<p class=\"wp-block-paragraph\">Bu a\u015fama, hormonal dengesizli\u011fi d\u00fczeltmeyi ama\u00e7lamaktad\u0131r. Bu a\u015faman\u0131n mutlaka bir doktor taraf\u0131ndan re\u00e7ete edilmesi ve izlenmesi gerekmektedir.<\/p>\n\n\n\n<ul class=\"wp-block-list\">\n<li><strong>Hormonal do\u011fum kontrol y\u00f6ntemleri:<\/strong> Baz\u0131 do\u011fum kontrol haplar\u0131 antiandrojenik etkiye sahiptir ve erkeklik hormonlar\u0131n\u0131n \u00fcretimini azaltabilir.<\/li>\n\n\n\n<li><strong>Antiandrojenler:<\/strong> Erkeklik hormonlar\u0131n\u0131n v\u00fccutta etkisini do\u011frudan engelleyen ila\u00e7lar. Bu tedaviler aylar boyunca yava\u015f\u00e7a etki g\u00f6sterir, ancak yeni t\u00fcylerin uzamas\u0131n\u0131 durdurur ve mevcut t\u00fcyleri inceltebilir.<\/li>\n<\/ul>\n\n\n\n<h3 class=\"wp-block-heading\" id=\"saule-2-die-asthetische-behandlung-der-sichtbaren-haare\">2. A\u015fama: G\u00f6r\u00fcn\u00fcr t\u00fcylerin estetik tedavisi<\/h3>\n\n\n\n<p class=\"wp-block-paragraph\">T\u0131bbi tedavi sorunun kayna\u011f\u0131n\u0131 hedef al\u0131rken, bu y\u00f6ntemler mevcut ve rahats\u0131z edici t\u00fcylerin h\u0131zl\u0131 ve etkili bir \u015fekilde giderilmesini sa\u011flar.<\/p>\n\n\n\n<ul class=\"wp-block-list\">\n<li><strong>Lazer epilasyon:<\/strong> Bu, bir\u00e7ok hasta i\u00e7in tercih edilen y\u00f6ntemdir. Lazer \u0131\u015f\u0131\u011f\u0131, sa\u00e7taki pigment taraf\u0131ndan emilir ve \u0131s\u0131ya d\u00f6n\u00fc\u015ft\u00fcr\u00fcl\u00fcr; bu \u0131s\u0131 da sa\u00e7 k\u00f6k\u00fcn\u00fc tahrip eder. Bu y\u00f6ntem, a\u00e7\u0131k tenli ki\u015filerde koyu renkli sa\u00e7lar i\u00e7in idealdir.<\/li>\n\n\n\n<li><strong>\u0130\u011fne epilasyonu (elektroepilasyon):<\/strong> Bu i\u015flemde her bir k\u0131l k\u00f6k\u00fc, ince bir elektrik impulsuyla tek tek kal\u0131c\u0131 olarak yok edilir. Bu y\u00f6ntem olduk\u00e7a zaman al\u0131c\u0131d\u0131r, ancak her sa\u00e7 renginde (a\u00e7\u0131k veya gri olanlar dahil) etkili olan tek kal\u0131c\u0131 y\u00f6ntemdir.<\/li>\n<\/ul>\n\n\n\n<div class=\"wp-block-media-text has-media-on-the-right is-stacked-on-mobile\"><div class=\"wp-block-media-text__content\">\n<h2 class=\"wp-block-heading\" id=\"risiken-der-asthetischen-behandlungen-finanzielle-absicherung\">Estetik tedavilerin riskleri ve finansal g\u00fcvence<\/h2>\n\n<p class=\"wp-block-paragraph\">Profesyonel epilasyon g\u00fcvenlidir, ancak yan\u0131klar, pigment de\u011fi\u015fiklikleri veya k\u00fc\u00e7\u00fck yara izleri gibi riskler bar\u0131nd\u0131r\u0131r. T\u0131bbi takip tedavisi gerektiren bir komplikasyon ortaya \u00e7\u0131kmas\u0131 durumunda, \u00f6nemli masraflar ortaya \u00e7\u0131kabilir. \u00d6nceden yapt\u0131r\u0131lm\u0131\u015f bir <a href=\"https:\/\/4beauty-website-stage.247grad.de\/tr\/sonraki-masraf-sigortasi\/\"><strong>Sonras\u0131 Maliyet Sigortas\u0131<\/strong><\/a> Sizi bu mali y\u00fcklerden koruyabilir.<\/p>\n<\/div><figure class=\"wp-block-media-text__media\"><img decoding=\"async\" src=\"https:\/\/4beauty-website-stage.247grad.de\/wp-content\/uploads\/2026\/08\/2025-09_vorteil-4beauty-versicherung.svg\" alt=\"Vorteile der 4beauty-Versicherung\" class=\"wp-image-318 size-full\"\/><\/figure><\/div>\n\n\n\n<h2 class=\"wp-block-heading\" id=\"haufig-gestellte-fragen-faq-zum-hirsutismus\">Hirsutizm ile ilgili s\u0131k sorulan sorular (SSS)<\/h2>\n\n\n\n<div data-wp-context=\"{ &quot;autoclose&quot;: false, &quot;accordionItems&quot;: [] }\" data-wp-interactive=\"core\/accordion\" role=\"group\" class=\"wp-block-accordion is-layout-flow wp-block-accordion-is-layout-flow\">\n<div data-wp-class--is-open=\"state.isOpen\" data-wp-context=\"{ &quot;id&quot;: &quot;accordion-item-1&quot;, &quot;openByDefault&quot;: false }\" data-wp-init=\"callbacks.initAccordionItems\" data-wp-on-window--hashchange=\"callbacks.hashChange\" class=\"wp-block-accordion-item is-layout-flow wp-block-accordion-item-is-layout-flow\">\n<h3 class=\"wp-block-accordion-heading\"><button aria-expanded=\"false\" aria-controls=\"accordion-item-1-panel\" data-wp-bind--aria-expanded=\"state.isOpen\" data-wp-on--click=\"actions.toggle\" id=\"accordion-item-1\" type=\"button\" class=\"wp-block-accordion-heading__toggle\"><span class=\"wp-block-accordion-heading__toggle-title\">Hirsutizm tedavi edilebilir mi?<\/span><span class=\"wp-block-accordion-heading__toggle-icon\" aria-hidden=\"true\">+<\/span><\/button><\/h3>\n\n\n\n<div aria-labelledby=\"accordion-item-1\" data-wp-bind--hidden=\"state.isHidden\" data-wp-on--beforematch=\"actions.handleBeforeMatch\" id=\"accordion-item-1-panel\" role=\"region\" class=\"wp-block-accordion-panel is-layout-flow wp-block-accordion-panel-is-layout-flow\">\n<p class=\"wp-block-paragraph\">Altta yatan neden (\u00f6rne\u011fin PCO sendromu) genellikle kronik bir yatk\u0131nl\u0131kt\u0131r. Ancak t\u0131bbi tedavi ile \u00e7ok iyi bir \u015fekilde kontrol alt\u0131na al\u0131nabilir. G\u00f6r\u00fcn\u00fcr k\u0131llar kal\u0131c\u0131 olarak giderilebilir.<\/p>\n<\/div>\n<\/div>\n\n\n\n<div data-wp-class--is-open=\"state.isOpen\" data-wp-context=\"{ &quot;id&quot;: &quot;accordion-item-2&quot;, &quot;openByDefault&quot;: false }\" data-wp-init=\"callbacks.initAccordionItems\" data-wp-on-window--hashchange=\"callbacks.hashChange\" class=\"wp-block-accordion-item is-layout-flow wp-block-accordion-item-is-layout-flow\">\n<h3 class=\"wp-block-accordion-heading\"><button aria-expanded=\"false\" aria-controls=\"accordion-item-2-panel\" data-wp-bind--aria-expanded=\"state.isOpen\" data-wp-on--click=\"actions.toggle\" id=\"accordion-item-2\" type=\"button\" class=\"wp-block-accordion-heading__toggle\"><span class=\"wp-block-accordion-heading__toggle-title\">Kilo vermek hirsutizme yard\u0131mc\u0131 olur mu?<\/span><span class=\"wp-block-accordion-heading__toggle-icon\" aria-hidden=\"true\">+<\/span><\/button><\/h3>\n\n\n\n<div aria-labelledby=\"accordion-item-2\" data-wp-bind--hidden=\"state.isHidden\" data-wp-on--beforematch=\"actions.handleBeforeMatch\" id=\"accordion-item-2-panel\" role=\"region\" class=\"wp-block-accordion-panel is-layout-flow wp-block-accordion-panel-is-layout-flow\">\n<p class=\"wp-block-paragraph\">Evet. \u00d6zellikle s\u0131kl\u0131kla a\u015f\u0131r\u0131 kilo ve ins\u00fclin direnciyle birlikte g\u00f6r\u00fclen PCO sendromunda, kilo vermek hormon dengesini olumlu y\u00f6nde etkileyebilir ve hirsutizmi iyile\u015ftirebilir.<\/p>\n<\/div>\n<\/div>\n\n\n\n<div data-wp-class--is-open=\"state.isOpen\" data-wp-context=\"{ &quot;id&quot;: &quot;accordion-item-3&quot;, &quot;openByDefault&quot;: false }\" data-wp-init=\"callbacks.initAccordionItems\" data-wp-on-window--hashchange=\"callbacks.hashChange\" class=\"wp-block-accordion-item is-layout-flow wp-block-accordion-item-is-layout-flow\">\n<h3 class=\"wp-block-accordion-heading\"><button aria-expanded=\"false\" aria-controls=\"accordion-item-3-panel\" data-wp-bind--aria-expanded=\"state.isOpen\" data-wp-on--click=\"actions.toggle\" id=\"accordion-item-3\" type=\"button\" class=\"wp-block-accordion-heading__toggle\"><span class=\"wp-block-accordion-heading__toggle-title\">Lazer tedavisi \u00f6ncesinde sa\u00e7lar\u0131m\u0131 t\u0131ra\u015f etmem gerekir mi?<\/span><span class=\"wp-block-accordion-heading__toggle-icon\" aria-hidden=\"true\">+<\/span><\/button><\/h3>\n\n\n\n<div aria-labelledby=\"accordion-item-3\" data-wp-bind--hidden=\"state.isHidden\" data-wp-on--beforematch=\"actions.handleBeforeMatch\" id=\"accordion-item-3-panel\" role=\"region\" class=\"wp-block-accordion-panel is-layout-flow wp-block-accordion-panel-is-layout-flow\">\n<p class=\"wp-block-paragraph\">Evet. Lazer epilasyonundan bir ila iki g\u00fcn \u00f6nce t\u00fcyler t\u0131ra\u015f edilmelidir; b\u00f6ylece lazerin enerjisi, g\u00f6r\u00fcn\u00fcr t\u00fcy g\u00f6vdesine de\u011fil, do\u011frudan t\u00fcy k\u00f6k\u00fcne ula\u015f\u0131r.<\/p>\n<\/div>\n<\/div>\n\n\n\n<div data-wp-class--is-open=\"state.isOpen\" data-wp-context=\"{ &quot;id&quot;: &quot;accordion-item-4&quot;, &quot;openByDefault&quot;: false }\" data-wp-init=\"callbacks.initAccordionItems\" data-wp-on-window--hashchange=\"callbacks.hashChange\" class=\"wp-block-accordion-item is-layout-flow wp-block-accordion-item-is-layout-flow\">\n<h3 class=\"wp-block-accordion-heading\"><button aria-expanded=\"false\" aria-controls=\"accordion-item-4-panel\" data-wp-bind--aria-expanded=\"state.isOpen\" data-wp-on--click=\"actions.toggle\" id=\"accordion-item-4\" type=\"button\" class=\"wp-block-accordion-heading__toggle\"><span class=\"wp-block-accordion-heading__toggle-title\">Sa\u011fl\u0131k sigortas\u0131 masraflar\u0131 kar\u015f\u0131lar m\u0131?<\/span><span class=\"wp-block-accordion-heading__toggle-icon\" aria-hidden=\"true\">+<\/span><\/button><\/h3>\n\n\n\n<div aria-labelledby=\"accordion-item-4\" data-wp-bind--hidden=\"state.isHidden\" data-wp-on--beforematch=\"actions.handleBeforeMatch\" id=\"accordion-item-4-panel\" role=\"region\" class=\"wp-block-accordion-panel is-layout-flow wp-block-accordion-panel-is-layout-flow\">\n<p class=\"wp-block-paragraph\">T\u0131bbi te\u015fhis ve t\u0131bbi hormon tedavisinin masraflar\u0131 genellikle sa\u011fl\u0131k sigortalar\u0131 taraf\u0131ndan kar\u015f\u0131lan\u0131r. Tamamen estetik ama\u00e7l\u0131 epilasyonun masraflar\u0131n\u0131 ise hastalar \u00e7o\u011funlukla kendileri kar\u015f\u0131lamak zorundad\u0131r.<\/p>\n<\/div>\n<\/div>\n\n\n\n<div data-wp-class--is-open=\"state.isOpen\" data-wp-context=\"{ &quot;id&quot;: &quot;accordion-item-5&quot;, &quot;openByDefault&quot;: false }\" data-wp-init=\"callbacks.initAccordionItems\" data-wp-on-window--hashchange=\"callbacks.hashChange\" class=\"wp-block-accordion-item is-layout-flow wp-block-accordion-item-is-layout-flow\">\n<h3 class=\"wp-block-accordion-heading\"><button aria-expanded=\"false\" aria-controls=\"accordion-item-5-panel\" data-wp-bind--aria-expanded=\"state.isOpen\" data-wp-on--click=\"actions.toggle\" id=\"accordion-item-5\" type=\"button\" class=\"wp-block-accordion-heading__toggle\"><span class=\"wp-block-accordion-heading__toggle-title\">Virilizasyon nedir?<\/span><span class=\"wp-block-accordion-heading__toggle-icon\" aria-hidden=\"true\">+<\/span><\/button><\/h3>\n\n\n\n<div aria-labelledby=\"accordion-item-5\" data-wp-bind--hidden=\"state.isHidden\" data-wp-on--beforematch=\"actions.handleBeforeMatch\" id=\"accordion-item-5-panel\" role=\"region\" class=\"wp-block-accordion-panel is-layout-flow wp-block-accordion-panel-is-layout-flow\">\n<p class=\"wp-block-paragraph\">Virilizasyon (erkekle\u015fme), hirsutizmin yan\u0131 s\u0131ra sesin kal\u0131nla\u015fmas\u0131, klitoris b\u00fcy\u00fcmesi ve g\u00f6\u011f\u00fcslerin k\u00fc\u00e7\u00fclmesi gibi di\u011fer erkekle\u015fme belirtilerinin de g\u00f6r\u00fcld\u00fc\u011f\u00fc ciddi bir hormonal bozukluktur. Bu, derhal bir hekim taraf\u0131ndan de\u011ferlendirilmesi gereken t\u0131bbi bir acil durumdur.<\/p>\n<\/div>\n<\/div>\n<\/div>","protected":false},"excerpt":{"rendered":"<p>Hirsutizm, kad\u0131nlarda tipik olarak erkeklerde g\u00f6r\u00fclen b\u00f6lgelerde koyu renkli, kal\u0131n t\u00fcylerin \u00e7\u0131kmas\u0131n\u0131 ifade eder; bu, ba\u015fl\u0131 ba\u015f\u0131na bir hastal\u0131k de\u011fil, hormonal dengesizli\u011fin bir belirtisidir.<\/p>","protected":false},"template":"","class_list":["post-663","glossary","type-glossary","status-publish","hentry"],"acf":[],"_links":{"self":[{"href":"https:\/\/4beauty-website-stage.247grad.de\/tr\/wp-json\/wp\/v2\/glossary\/663","targetHints":{"allow":["GET"]}}],"collection":[{"href":"https:\/\/4beauty-website-stage.247grad.de\/tr\/wp-json\/wp\/v2\/glossary"}],"about":[{"href":"https:\/\/4beauty-website-stage.247grad.de\/tr\/wp-json\/wp\/v2\/types\/glossary"}],"wp:attachment":[{"href":"https:\/\/4beauty-website-stage.247grad.de\/tr\/wp-json\/wp\/v2\/media?parent=663"}],"curies":[{"name":"wp","href":"https:\/\/api.w.org\/{rel}","templated":true}]}}