{"id":664,"date":"2026-08-20T17:06:08","date_gmt":"2026-08-20T15:06:08","guid":{"rendered":"https:\/\/4beauty-website-stage.247grad.de\/glossar\/holistische-medizin\/"},"modified":"2026-08-28T11:48:07","modified_gmt":"2026-08-28T09:48:07","slug":"buetuensel-tip","status":"publish","type":"glossary","link":"https:\/\/4beauty-website-stage.247grad.de\/tr\/glossar\/holistische-medizin\/","title":{"rendered":"B\u00fct\u00fcnsel T\u0131p: Beden, zihin ve ruh i\u00e7in b\u00fct\u00fcnsel bir yakla\u015f\u0131m"},"content":{"rendered":"<div class=\"wp-block-rank-math-toc-block\" id=\"rank-math-toc\"><h2>\u0130\u00e7indekiler<\/h2><nav><ul><li class=\"\"><a href=\"#kernprinzipien-der-holistischen-medizin\">B\u00fct\u00fcnsel T\u0131bb\u0131n Temel \u0130lkeleri<\/a><\/li><li class=\"\"><a href=\"#die-philosophie-hinter-der-holistischen-medizin-der-mensch-als-einheit\">B\u00fct\u00fcnsel T\u0131bb\u0131n ard\u0131ndaki felsefe: \u0130nsan bir b\u00fct\u00fcn olarak<\/a><\/li><li class=\"\"><a href=\"#ziele-der-holistischen-medizin-mehr-als-das-fehlen-von-krankheit\">B\u00fct\u00fcnsel T\u0131bb\u0131n Hedefleri: Hastal\u0131\u011f\u0131n Olmamas\u0131ndan Daha Fazlas\u0131<\/a><\/li><li class=\"\"><a href=\"#methoden-und-ansatze-im-uberblick-von-naturmedizin-bis-psychotherapie\">Y\u00f6ntem ve yakla\u015f\u0131mlara genel bak\u0131\u015f: Do\u011fal t\u0131ptan psikoterapiye<\/a><\/li><li class=\"\"><a href=\"#holistische-medizin-im-spektrum-abgrenzung-zu-verwandten-begriffen\">Spektrum\u2019da b\u00fct\u00fcnsel t\u0131p: \u0130lgili kavramlarla ayr\u0131m\u0131<\/a><\/li><li class=\"\"><a href=\"#potenzielle-vorteile-eines-holistischen-ansatzes-fur-den-organismus\">V\u00fccut i\u00e7in b\u00fct\u00fcnc\u00fcl bir yakla\u015f\u0131m\u0131n potansiyel faydalar\u0131<\/a><\/li><li class=\"\"><a href=\"#grenzen-kritik-und-was-sie-beachten-sollten-nicht-jede-holistische-methode-ist-klinisch-erprobt\">S\u0131n\u0131rlar, ele\u015ftiriler ve dikkat etmeniz gerekenler: Her b\u00fct\u00fcnsel y\u00f6ntem klinik olarak kan\u0131tlanm\u0131\u015f de\u011fildir<\/a><\/li><li class=\"\"><a href=\"#holistisches-gesundheitsverstandnis-im-kontext-von-asthetischen-eingriffen-korper-und-seele-unterstutzen\">Estetik m\u00fcdahaleler ba\u011flam\u0131nda b\u00fct\u00fcnc\u00fcl sa\u011fl\u0131k anlay\u0131\u015f\u0131: Beden ve ruhu desteklemek<\/a><\/li><\/ul><\/nav><\/div>\n\n\n\n<div class=\"wp-block-group is-style-boxed has-white-warm-background-color has-background is-layout-constrained wp-block-group-is-layout-constrained\">\n<p class=\"wp-block-paragraph\"><strong>\u00d6nemli uyar\u0131<\/strong><\/p>\n\n\n\n<p class=\"wp-block-paragraph\">Bu makale yaln\u0131zca bilgilendirme ama\u00e7l\u0131d\u0131r ve t\u0131bbi tan\u0131 veya tavsiyenin yerini almaz. Herhangi bir belirsizlik durumunda ve ki\u015fiye \u00f6zel bir tedavi plan\u0131 haz\u0131rlamak i\u00e7in, uzman bir hekimle g\u00f6r\u00fc\u015fmek \u015fartt\u0131r.<\/p>\n<\/div>\n\n\n\n<p class=\"wp-block-paragraph\"><strong>B\u00fct\u00fcnsel T\u0131p<\/strong> Sa\u011fl\u0131k hizmetlerinde, insan\u0131 b\u00fct\u00fcnsel ve birbiriyle ba\u011flant\u0131l\u0131 bir sistem \u2013 yani beden, zihin ve ruhun bir b\u00fct\u00fcnl\u00fc\u011f\u00fc ile ki\u015finin sosyal ve ekolojik \u00e7evresiyle olan etkile\u015fimi \u2013 olarak ele alan ve bunu tan\u0131 ve tedaviye dahil eden bir yakla\u015f\u0131md\u0131r. Bu terim, \u201eb\u00fct\u00fcn\u201c veya \u201ekapsaml\u0131\u201c anlam\u0131na gelen Yunanca \u201eholos\u201c kelimesinden t\u00fcremi\u015ftir. Bu yakla\u015f\u0131m genellikle B\u00fct\u00fcnsel T\u0131p olarak da adland\u0131r\u0131l\u0131r.<\/p>\n\n\n\n<h2 class=\"wp-block-heading\" id=\"kernprinzipien-der-holistischen-medizin\">B\u00fct\u00fcnsel T\u0131bb\u0131n Temel \u0130lkeleri<\/h2>\n\n\n\n<ul class=\"wp-block-list\">\n<li><strong>B\u00fct\u00fcnc\u00fcl\u00fck:<\/strong> \u0130nsan, tek tek belirtilere veya organlara indirgenmez; aksine, fiziksel, psikolojik, duygusal, sosyal ve manevi y\u00f6nlerin birbirinden ayr\u0131lmaz bir \u015fekilde ba\u011flant\u0131l\u0131 oldu\u011fu ve birbirlerini etkiledi\u011fi karma\u015f\u0131k bir sistem olarak anla\u015f\u0131l\u0131r. Burada s\u00f6z konusu olan, organizman\u0131n b\u00fct\u00fcnsel yap\u0131s\u0131d\u0131r.<\/li>\n\n\n\n<li><strong>Bireysellik:<\/strong> Her insan benzersizdir. Bu nedenle b\u00fct\u00fcnsel t\u0131p, bireyin kendine \u00f6zg\u00fc ihtiya\u00e7lar\u0131na ve ya\u015fam ko\u015fullar\u0131na g\u00f6re uyarlanm\u0131\u015f, ki\u015fiye \u00f6zel tan\u0131 ve tedaviye odaklan\u0131r.<\/li>\n\n\n\n<li><strong>Neden odakl\u0131l\u0131k:<\/strong> Sadece semptomlar\u0131 tedavi etmek yerine, genellikle biyopsikososyal modelden yararlanarak, sa\u011fl\u0131k sorunlar\u0131n\u0131n ve hastal\u0131klar\u0131n alt\u0131nda yatan nedenleri belirlemeye ve bunlara \u00e7\u00f6z\u00fcm bulmaya \u00e7al\u0131\u015f\u0131l\u0131r.<\/li>\n\n\n\n<li><strong>Kendi kendini iyile\u015ftirme g\u00fcc\u00fcn\u00fcn harekete ge\u00e7irilmesi:<\/strong> Temel ama\u00e7lardan biri, v\u00fccudun kendi yenilenme ve iyile\u015fme yeteneklerini g\u00fc\u00e7lendirmektir. Terapist, bu g\u00fc\u00e7leri harekete ge\u00e7irebilmek i\u00e7in genellikle bir rehber ve destek\u00e7i olarak kendini g\u00f6r\u00fcr.<\/li>\n\n\n\n<li><strong>Hastalar\u0131n kat\u0131l\u0131m\u0131 ve ki\u015fisel sorumluluk:<\/strong> Hasta, iyile\u015fme s\u00fcrecinde aktif bir ortak olarak g\u00f6r\u00fcl\u00fcr ve sa\u011fl\u0131\u011f\u0131 konusunda sorumluluk \u00fcstlenmeye ve sa\u011fl\u0131k durumunu aktif olarak etkilemeye te\u015fvik edilir.<\/li>\n\n\n\n<li><strong>\u00d6nleme:<\/strong> Sa\u011fl\u0131kl\u0131 bir ya\u015fam tarz\u0131 yoluyla hastal\u0131klar\u0131n \u00f6nlenmesi ve dengesizliklerin erken te\u015fhisi, insanlar\u0131n sa\u011fl\u0131\u011f\u0131n\u0131 korumada \u00f6nemli bir rol oynar.<\/li>\n<\/ul>\n\n\n\n<h2 class=\"wp-block-heading\" id=\"die-philosophie-hinter-der-holistischen-medizin-der-mensch-als-einheit\">B\u00fct\u00fcnsel T\u0131bb\u0131n ard\u0131ndaki felsefe: \u0130nsan bir b\u00fct\u00fcn olarak<\/h2>\n\n\n\n<p class=\"wp-block-paragraph\">B\u00fct\u00fcnsel t\u0131bb\u0131n felsefi temeli, sa\u011fl\u0131k ve hastal\u0131\u011f\u0131n sadece belirtilerin yoklu\u011fu ya da varl\u0131\u011f\u0131ndan ibaret olmad\u0131\u011f\u0131na dair inan\u00e7t\u0131r. Sa\u011fl\u0131k, varl\u0131\u011f\u0131n t\u00fcm d\u00fczeylerinde dinamik bir denge ve esenlik hali olarak anla\u015f\u0131l\u0131r. Bu d\u00fc\u015f\u00fcnce bi\u00e7imi, hastal\u0131k ve sa\u011fl\u0131\u011f\u0131 birbirinden ayr\u0131 olarak ele almaz. Hastal\u0131klar ve rahats\u0131zl\u0131klar genellikle, \u00e7e\u015fitli fakt\u00f6rlerin (fiziksel, duygusal, sosyal, \u00e7evresel) neden olabilece\u011fi bir dengesizli\u011fin ifadesi olarak yorumlan\u0131r. Bu anlay\u0131\u015f, b\u00fct\u00fcnsel t\u0131bb\u0131n insan g\u00f6r\u00fc\u015f\u00fcn\u00fc \u015fekillendirir. Bu bak\u0131\u015f a\u00e7\u0131s\u0131n\u0131n k\u00f6kenleri \u00e7ok eskilere dayan\u0131r; y\u00fczy\u0131l\u0131n ba\u015f\u0131nda bile Kurt Goldstein gibi, organizmay\u0131 bir b\u00fct\u00fcn olarak vurgulayan \u00f6nc\u00fc d\u00fc\u015f\u00fcn\u00fcrler vard\u0131. Sistem teorisi ve sibernetikle ilgili d\u00fc\u015f\u00fcnceler de canl\u0131 organizman\u0131n karma\u015f\u0131k dinamiklerini anlamada rol oynar.<\/p>\n\n\n\n<p class=\"wp-block-paragraph\">Bu yakla\u015f\u0131m yeni de\u011fildir; aksine, binlerce y\u0131ld\u0131r insan\u0131 bir b\u00fct\u00fcn olarak ele alan Geleneksel \u00c7in T\u0131bb\u0131 (TCM) veya Ayurveda gibi bir\u00e7ok geleneksel t\u0131p sisteminde de g\u00f6r\u00fclmektedir. Modern t\u0131pta da psikosomatik ba\u011flant\u0131lar\u0131 ve ya\u015fam tarz\u0131n\u0131n sa\u011fl\u0131k \u00fczerindeki etkisini daha fazla dikkate almaya y\u00f6nelik \u00e7abalar giderek artmaktad\u0131r.<\/p>\n\n\n\n<h2 class=\"wp-block-heading\" id=\"ziele-der-holistischen-medizin-mehr-als-das-fehlen-von-krankheit\">B\u00fct\u00fcnsel T\u0131bb\u0131n Hedefleri: Hastal\u0131\u011f\u0131n Olmamas\u0131ndan Daha Fazlas\u0131<\/h2>\n\n\n\n<p class=\"wp-block-paragraph\">D\u00fcnya Sa\u011fl\u0131k \u00d6rg\u00fct\u00fc (WHO), sa\u011fl\u0131\u011f\u0131 \u201esadece hastal\u0131k veya sakatl\u0131\u011f\u0131n olmamas\u0131 de\u011fil, tam bir fiziksel, zihinsel ve sosyal iyilik hali\u201c olarak tan\u0131mlamaktad\u0131r. B\u00fct\u00fcnc\u00fcl bir t\u0131bbi yakla\u015f\u0131m\u0131n genel hedefleri de bununla uyumludur:<\/p>\n\n\n\n<ul class=\"wp-block-list\">\n<li><strong>Optimum sa\u011fl\u0131k durumunun yeniden kazan\u0131lmas\u0131 ve s\u00fcrd\u00fcr\u00fclmesi<\/strong> insan varolu\u015funun t\u00fcm boyutlar\u0131n\u0131 g\u00f6z \u00f6n\u00fcnde bulundurarak.<\/li>\n\n\n\n<li><strong>As\u0131l nedenlerin belirlenmesi ve tedavisi<\/strong> hastan\u0131n \u015fikayetlerinin giderilmesi, sadece semptomlar\u0131n bast\u0131r\u0131lmas\u0131 de\u011fil.<\/li>\n\n\n\n<li><strong>Do\u011fal kendini iyile\u015ftirme g\u00fc\u00e7lerinin g\u00fc\u00e7lendirilmesi<\/strong> bedenin ve zihnin.<\/li>\n\n\n\n<li><strong>Sa\u011fl\u0131k ve refah\u0131n desteklenmesi<\/strong> \u00f6nleme ve bilin\u00e7lendirme yoluyla, yani sa\u011fl\u0131\u011f\u0131 geli\u015ftirici \u00f6nlemler arac\u0131l\u0131\u011f\u0131yla.<\/li>\n\n\n\n<li><strong>Hastaya destek<\/strong> iyile\u015fme s\u00fcrecinde aktif bir rol \u00fcstlenmesine ve sa\u011fl\u0131k okuryazarl\u0131\u011f\u0131n\u0131 geli\u015ftirmesine yard\u0131mc\u0131 olmak.<\/li>\n\n\n\n<li><strong>Ya\u015fam kalitesinin iyile\u015ftirilmesi<\/strong> hastan\u0131n.<\/li>\n<\/ul>\n\n\n\n<h2 class=\"wp-block-heading\" id=\"methoden-und-ansatze-im-uberblick-von-naturmedizin-bis-psychotherapie\">Y\u00f6ntem ve yakla\u015f\u0131mlara genel bak\u0131\u015f: Do\u011fal t\u0131ptan psikoterapiye<\/h2>\n\n\n\n<p class=\"wp-block-paragraph\">B\u00fct\u00fcnsel t\u0131p, kesin olarak tan\u0131mlanm\u0131\u015f bir tedavi y\u00f6ntemleri k\u00fcmesi de\u011fil, daha \u00e7ok kapsaml\u0131 bir tedavi yakla\u015f\u0131m\u0131 ya da felsefedir. Burada t\u0131bb\u0131n anlam\u0131 daha geni\u015f bir \u00e7er\u00e7eve i\u00e7inde ele al\u0131nmaktad\u0131r. Bu nedenle, b\u00fct\u00fcnsel t\u0131p uygulayan doktorlar veya terapistler \u2013 genellikle osteopatlar ya da do\u011fa t\u0131bb\u0131 uzmanlar\u0131 \u2013 \u00e7ok \u00e7e\u015fitli tan\u0131 ve tedavi y\u00f6ntemlerinden yararlanabilirler. Bunlar, hem geleneksel t\u0131p y\u00f6ntemlerini hem de tamamlay\u0131c\u0131 veya alternatif tedavi y\u00f6ntemlerini i\u00e7erebilir.<\/p>\n\n\n\n<ul class=\"wp-block-list\">\n<li><strong>Beslenme T\u0131bb\u0131 ve Dan\u0131\u015fmanl\u0131\u011f\u0131:<\/strong> V\u00fccudu g\u00fc\u00e7lendirmek i\u00e7in beslenmenin optimize edilmesi; \u00f6rne\u011fin, biyolojik de\u011feri y\u00fcksek g\u0131dalar t\u00fcketmek ve mikro besin maddelerine dikkat etmek. Ba\u011f\u0131rsak sa\u011fl\u0131\u011f\u0131 bu konuda genellikle merkezi bir rol oynar.<\/li>\n\n\n\n<li><strong>Hareket terapisi ve beden \u00e7al\u0131\u015fmas\u0131:<\/strong> Hareket, spor, yoga, tai chi ve ayr\u0131ca osteopati veya kiropraktik gibi manuel tedavilerin uygulanmas\u0131.<\/li>\n\n\n\n<li><strong>Stres y\u00f6netimi ve gev\u015feme y\u00f6ntemleri:<\/strong> Meditasyon, fark\u0131ndal\u0131k e\u011fitimi, otojen antrenman ve a\u015famal\u0131 kas gev\u015fetme gibi teknikler, kortizol gibi stres hormonlar\u0131n\u0131n azalt\u0131lmas\u0131na yard\u0131mc\u0131 olur.<\/li>\n\n\n\n<li><strong>Do\u011fal tedavi y\u00f6ntemleri (do\u011fal t\u0131p):<\/strong> Fitoterapi (bitkisel tedavi), hidroterapi (su uygulamalar\u0131), nat\u00fcropatik d\u00fczen terapisi (dengeli ya\u015fam tarz\u0131). Homeopati de baz\u0131lar\u0131 taraf\u0131ndan bu kategoriye dahil edilir, ancak homeopati ba\u011f\u0131ms\u0131z bir sistemdir ve etkinli\u011fi s\u0131kl\u0131kla tart\u0131\u015fma konusudur.<\/li>\n\n\n\n<li><strong>Psikolojik ve psikoterap\u00f6tik destek (Psikoterapi):<\/strong> Beden ve ruh birbiriyle yak\u0131ndan ba\u011flant\u0131l\u0131 oldu\u011fundan, ruhsal \u00e7at\u0131\u015fmalar\u0131n ve duygusal y\u00fcklerin dikkate al\u0131nmas\u0131.<\/li>\n\n\n\n<li><strong>Geleneksel t\u0131p sistemleri:<\/strong> Akupunktur gibi Geleneksel \u00c7in T\u0131bb\u0131 (TCM) unsurlar\u0131 veya Ayurveda\u2019dan al\u0131nan unsurlar. Antroposofik t\u0131p da b\u00fct\u00fcnsel bir yakla\u015f\u0131m benimsemektedir.<\/li>\n<\/ul>\n\n\n\n<h2 class=\"wp-block-heading\" id=\"holistische-medizin-im-spektrum-abgrenzung-zu-verwandten-begriffen\">Spektrum\u2019da b\u00fct\u00fcnsel t\u0131p: \u0130lgili kavramlarla ayr\u0131m\u0131<\/h2>\n\n\n\n<p class=\"wp-block-paragraph\">Sa\u011fl\u0131k sekt\u00f6r\u00fcnde, s\u0131kl\u0131kla e\u015fanlaml\u0131 olarak kullan\u0131lan ancak aralar\u0131nda ince farklar bulunan \u00e7e\u015fitli terimler dola\u015fmaktad\u0131r. Anlamak i\u00e7in bu terimleri net bir \u015fekilde birbirinden ay\u0131rmak \u00f6nemlidir:<\/p>\n\n\n\n<ul class=\"wp-block-list\">\n<li><strong>B\u00fct\u00fcnsel T\u0131p:<\/strong> Genellikle b\u00fct\u00fcnsel t\u0131p ile e\u015fanlaml\u0131 olarak kullan\u0131l\u0131r ve insan\u0131 bir b\u00fct\u00fcn olarak ele almay\u0131 vurgular. Bir\u00e7ok doktor b\u00fct\u00fcnsel t\u0131p alan\u0131nda uzmanla\u015fm\u0131\u015ft\u0131r.<\/li>\n\n\n\n<li><strong>Tamamlay\u0131c\u0131 t\u0131p:<\/strong> Geleneksel (\u201eokul\u201e t\u0131bb\u0131) t\u0131bb\u0131 tamamlay\u0131c\u0131 olarak kullan\u0131lan y\u00f6ntemleri ifade eder (\u00f6rne\u011fin, fizyoterapi tedavisine e\u015flik eden a\u011fr\u0131 giderici akupunktur).<\/li>\n\n\n\n<li><strong>Alternatif t\u0131p (alternatif tedavi y\u00f6ntemleri):<\/strong> Geleneksel t\u0131bbi tedaviler yerine kullan\u0131lan y\u00f6ntemleri ifade eder. Bu yakla\u015f\u0131m, \u00f6zellikle bilimsel temelli tedavilerin bu nedenle uygulanmamas\u0131 durumunda, genellikle ele\u015ftirel bir bak\u0131\u015f a\u00e7\u0131s\u0131yla de\u011ferlendirilmektedir.<\/li>\n\n\n\n<li><strong>B\u00fct\u00fcnle\u015ftirici T\u0131p:<\/strong> Bu yakla\u015f\u0131m, geleneksel t\u0131bb\u0131n bilimsel temelli y\u00f6ntemlerini, g\u00fcvenli ve etkili oldu\u011fu kabul edilen se\u00e7ilmi\u015f tamamlay\u0131c\u0131 t\u0131p y\u00f6ntemleriyle birle\u015ftirmeyi ama\u00e7lamaktad\u0131r. Odak noktas\u0131, kan\u0131ta dayal\u0131 ve hasta merkezli bir bak\u0131md\u0131r. Bir\u00e7ok modern b\u00fct\u00fcnsel yakla\u015f\u0131m, kendilerini b\u00fct\u00fcnle\u015ftirici olarak tan\u0131mlar ve ara\u015ft\u0131rma ile klinik t\u0131ptan elde edilen bulgular\u0131 kullan\u0131r.<\/li>\n<\/ul>\n\n\n\n<h2 class=\"wp-block-heading\" id=\"potenzielle-vorteile-eines-holistischen-ansatzes-fur-den-organismus\">V\u00fccut i\u00e7in b\u00fct\u00fcnc\u00fcl bir yakla\u015f\u0131m\u0131n potansiyel faydalar\u0131<\/h2>\n\n\n\n<p class=\"wp-block-paragraph\">T\u0131pta b\u00fct\u00fcnc\u00fcl bir yakla\u015f\u0131m \u00e7e\u015fitli faydalar sa\u011flayabilir:<\/p>\n\n\n\n<ul class=\"wp-block-list\">\n<li><strong>Ki\u015fiye \u00f6zel destek:<\/strong> Benzersiz ihtiya\u00e7lar\u0131 ve ya\u015fam \u00f6yk\u00fcs\u00fcyle hasta, odak noktas\u0131d\u0131r.<\/li>\n\n\n\n<li><strong>Neden odakl\u0131l\u0131k:<\/strong> Daha derinlerdeki sorun alanlar\u0131n\u0131 ara\u015ft\u0131rarak, kronik rahats\u0131zl\u0131klar muhtemelen daha etkili bir \u015fekilde ele al\u0131nabilir.<\/li>\n\n\n\n<li><strong>Ki\u015fisel sorumlulu\u011fun g\u00fc\u00e7lendirilmesi:<\/strong> Hastalar, sa\u011fl\u0131klar\u0131na aktif olarak katk\u0131da bulunmaya te\u015fvik edilmektedir.<\/li>\n\n\n\n<li><strong>Refah\u0131n Te\u015fvik Edilmesi:<\/strong> Genellikle stresin azalt\u0131lmas\u0131 ve ya\u015fam kalitesi gibi konular \u00fczerinde b\u00fcy\u00fck bir vurgu yap\u0131l\u0131r.<\/li>\n\n\n\n<li><strong>\u00d6nleme potansiyeli:<\/strong> Sa\u011fl\u0131kl\u0131 bir ya\u015fam tarz\u0131na \u00f6nem verilmesi sayesinde hastal\u0131klardan korunulabilir.<\/li>\n\n\n\n<li><strong>Daha iyi bir hekim-hasta ili\u015fkisi:<\/strong> Genellikle tedavi eden hekimler, anamnez ve g\u00f6r\u00fc\u015fme i\u00e7in daha fazla zaman ay\u0131r\u0131rlar.<\/li>\n<\/ul>\n\n\n\n<h2 class=\"wp-block-heading\" id=\"grenzen-kritik-und-was-sie-beachten-sollten-nicht-jede-holistische-methode-ist-klinisch-erprobt\">S\u0131n\u0131rlar, ele\u015ftiriler ve dikkat etmeniz gerekenler: Her b\u00fct\u00fcnsel y\u00f6ntem klinik olarak kan\u0131tlanm\u0131\u015f de\u011fildir<\/h2>\n\n\n\n<p class=\"wp-block-paragraph\">Potansiyel faydalar\u0131na ra\u011fmen, b\u00fct\u00fcnsel t\u0131bb\u0131 de\u011ferlendirirken dikkate al\u0131nmas\u0131 gereken \u00f6nemli s\u0131n\u0131rlamalar ve ele\u015ftiriler de bulunmaktad\u0131r:<\/p>\n\n\n\n<ul class=\"wp-block-list\">\n<li><strong>Bilimsel kan\u0131tlar\u0131n yetersizli\u011fi:<\/strong> B\u00fct\u00fcnc\u00fcl bir ba\u011flamda uygulanan bir\u00e7ok spesifik y\u00f6ntem i\u00e7in, kan\u0131ta dayal\u0131 t\u0131p (KDT) kriterlerine g\u00f6re etkinli\u011fine dair kat\u0131 bir bilimsel kan\u0131t genellikle bulunmamaktad\u0131r. Klinik \u00e7al\u0131\u015fma verileri genellikle yetersizdir.<\/li>\n\n\n\n<li><strong>Gerekli geleneksel tedavilerin ihmal edilme riski:<\/strong> \u00d6zellikle a\u011f\u0131r hastal\u0131klar s\u00f6z konusu oldu\u011funda, etkinli\u011fi kan\u0131tlanm\u0131\u015f geleneksel t\u0131p tedavileri yerine \u201ealternatif tedavi y\u00f6ntemleri\u201c tercih edildi\u011finde, bu durum sa\u011fl\u0131\u011fa zararl\u0131 sonu\u00e7lar do\u011furabilir. Geleneksel t\u0131p bu konuda genellikle yerle\u015fik standartlara sahiptir.<\/li>\n\n\n\n<li><strong>Belirsiz nitelikler ve standartlar:<\/strong> \u201eB\u00fct\u00fcnsel\u201c terimi tescilli de\u011fildir. Farkl\u0131 niteliklere ve e\u011fitimlere sahip \u00e7ok \u00e7e\u015fitli hizmet sa\u011flay\u0131c\u0131lar bulunmaktad\u0131r.<\/li>\n\n\n\n<li><strong>Maliyet:<\/strong> Bir\u00e7ok b\u00fct\u00fcnsel tedavi y\u00f6ntemi, yasal sa\u011fl\u0131k sigortalar\u0131 taraf\u0131ndan kar\u015f\u0131lanmamakta ve masraflar\u0131 \u00f6zel olarak kar\u015f\u0131lanmak zorundad\u0131r. Bu, sa\u011fl\u0131k politikas\u0131nda \u00f6nemli bir konudur.<\/li>\n\n\n\n<li><strong>Ezoterizmden ayr\u0131m\u0131:<\/strong> Holistik alandaki baz\u0131 hizmetler, yararlar\u0131 kan\u0131tlanmam\u0131\u015f ezoterik veya ideolojik kavramlarla kademesiz bir \u015fekilde i\u00e7 i\u00e7e ge\u00e7ebilir.<\/li>\n<\/ul>\n\n\n\n<div class=\"wp-block-group is-style-boxed is-layout-constrained wp-block-group-is-layout-constrained\">\n<p class=\"wp-block-paragraph\"><strong>\u00d6nemli<\/strong><\/p>\n\n<p class=\"wp-block-paragraph\">Ciddi bir b\u00fct\u00fcnsel yakla\u015f\u0131m, y\u00f6ntemler, maliyetler ve bilimsel veriler konusunda her zaman \u015feffaf bilgi vermeli ve gerekli geleneksel t\u0131p tan\u0131 ve tedavilerinden yararlanmaktan asla vazge\u00e7ilmesini \u00f6nermemelidir. \u0130deal durumda, b\u00fct\u00fcnsel yakla\u015f\u0131m benimsemi\u015f terapistler, geleneksel t\u0131p uzmanlar\u0131yla b\u00fct\u00fcnle\u015ftirici bir \u015fekilde i\u015fbirli\u011fi yaparlar.<\/p>\n<\/div>\n\n\n\n<h2 class=\"wp-block-heading\" id=\"holistisches-gesundheitsverstandnis-im-kontext-von-asthetischen-eingriffen-korper-und-seele-unterstutzen\">Estetik m\u00fcdahaleler ba\u011flam\u0131nda b\u00fct\u00fcnc\u00fcl sa\u011fl\u0131k anlay\u0131\u015f\u0131: Beden ve ruhu desteklemek<\/h2>\n\n\n\n<p class=\"wp-block-paragraph\">Auch wenn sich 4beauty auf \u00e4sthetische Chirurgie und deren Absicherung spezialisiert, spielt ein umfassendes Verst\u00e4ndnis von Gesundheit eine wichtige Rolle f\u00fcr das Wohlbefinden und den Genesungserfolg der Patienten. Ein holistisches Gesundheitsverst\u00e4ndnis kann hier wertvolle Impulse geben, um K\u00f6rper und Seele zu unterst\u00fctzen:<\/p>\n\n\n\n<ul class=\"wp-block-list\">\n<li><strong>Zihinsel ve duygusal haz\u0131rl\u0131k:<\/strong> Olumlu bir tutum, ger\u00e7ek\u00e7i beklentiler ve stresle ba\u015fa \u00e7\u0131kma teknikleri (\u00f6rne\u011fin, fark\u0131ndal\u0131k, gev\u015feme egzersizleri), bir m\u00fcdahale \u00f6ncesinde ve sonras\u0131nda ruhsal durumu olumlu y\u00f6nde etkileyebilir ve kortizol seviyesinin d\u00fc\u015fmesine yard\u0131mc\u0131 olabilir.<\/li>\n\n\n\n<li><strong>Fiziksel optimizasyon:<\/strong> Mikrobesinler a\u00e7\u0131s\u0131ndan zengin dengeli bir beslenme, yeterli uyku ve \u00f6nceden yap\u0131lan \u0131l\u0131ml\u0131 egzersiz, fiziksel kondisyonu g\u00fc\u00e7lendirebilir ve v\u00fccudun yenilenme yetene\u011fini art\u0131rabilir.<\/li>\n\n\n\n<li><strong>\u0130yile\u015fme s\u00fcrecine destek:<\/strong> Ba\u011f\u0131\u015f\u0131kl\u0131k sistemini g\u00fc\u00e7lendiren ve iltihaplanmay\u0131 azaltan \u00f6nlemler (\u00f6rne\u011fin, belirli besinler, nikotin ve a\u015f\u0131r\u0131 alkol t\u00fcketiminden ka\u00e7\u0131nmak), ameliyat sonras\u0131 iyile\u015fme s\u00fcrecini olumlu y\u00f6nde etkileyebilir.<\/li>\n\n\n\n<li><strong>V\u00fccuda \u00f6zen g\u00f6stermek:<\/strong> Ameliyat sonras\u0131 d\u00f6nem sab\u0131r gerektirir ve ki\u015finin kendi v\u00fccuduna \u00f6zen g\u00f6stermesini gerektirir. B\u00fct\u00fcnc\u00fcl bir anlay\u0131\u015f, v\u00fccudun sinyallerini daha iyi alg\u0131lamaya ve iyile\u015fmeyi aktif olarak desteklemeye yard\u0131mc\u0131 olabilir.<\/li>\n<\/ul>\n\n\n\n<p class=\"wp-block-paragraph\">Burada mesele, belirli \u201eb\u00fct\u00fcnsel tedavileri\u201c t\u0131bbi takip bak\u0131m\u0131n\u0131n yerine ge\u00e7ecek bir alternatif olarak g\u00f6rmek de\u011fil; kendi ya\u015fam tarz\u0131na ve refah\u0131na b\u00fct\u00fcnsel bir yakla\u015f\u0131m\u0131n, estetik bir m\u00fcdahaleyle ilgili t\u00fcm s\u00fcreci nas\u0131l olumlu bir \u015fekilde destekleyebilece\u011fidir. Belirli tamamlay\u0131c\u0131 \u00f6nlemleri uygulamaya karar vermek ya da almamak, her zaman tedaviyi y\u00fcr\u00fcten hekimle isti\u015fare edilerek yap\u0131lmal\u0131d\u0131r.<\/p>\n\n\n\n<div class=\"wp-block-group is-style-boxed is-layout-constrained wp-block-group-is-layout-constrained\">\n<p class=\"wp-block-paragraph\">Tedavinizin ba\u015far\u0131s\u0131n\u0131 koruyun<\/p>\n\n<div class=\"wp-block-buttons is-layout-flex wp-block-buttons-is-layout-flex\">\n<div class=\"wp-block-button is-style-polar\"><a class=\"wp-block-button__link wp-element-button\" href=\"https:\/\/4beauty-website-stage.247grad.de\/tr\/sonraki-masraf-sigortasi\/\">Sonraki masraflar\u0131 sigortalamak<\/a><\/div>\n\n\n\n<div class=\"wp-block-button is-style-white\"><a class=\"wp-block-button__link wp-element-button\" href=\"https:\/\/4beauty-website-stage.247grad.de\/tr\/finansman\/\">Tedavi masraflar\u0131n\u0131 kar\u015f\u0131lamak<\/a><\/div>\n<\/div>\n<\/div>","protected":false},"excerpt":{"rendered":"<p>B\u00fct\u00fcnsel t\u0131p, insan\u0131 beden, zihin ve ruhun bir b\u00fct\u00fcn olarak, sosyal \u00e7evresiyle birlikte ele al\u0131r ve bunu tan\u0131 ve tedaviye dahil eder.<\/p>","protected":false},"template":"","class_list":["post-664","glossary","type-glossary","status-publish","hentry"],"acf":[],"_links":{"self":[{"href":"https:\/\/4beauty-website-stage.247grad.de\/tr\/wp-json\/wp\/v2\/glossary\/664","targetHints":{"allow":["GET"]}}],"collection":[{"href":"https:\/\/4beauty-website-stage.247grad.de\/tr\/wp-json\/wp\/v2\/glossary"}],"about":[{"href":"https:\/\/4beauty-website-stage.247grad.de\/tr\/wp-json\/wp\/v2\/types\/glossary"}],"wp:attachment":[{"href":"https:\/\/4beauty-website-stage.247grad.de\/tr\/wp-json\/wp\/v2\/media?parent=664"}],"curies":[{"name":"wp","href":"https:\/\/api.w.org\/{rel}","templated":true}]}}