{"id":670,"date":"2026-08-20T17:06:12","date_gmt":"2026-08-20T15:06:12","guid":{"rendered":"https:\/\/4beauty-website-stage.247grad.de\/glossar\/hypertrichose\/"},"modified":"2026-08-28T11:53:39","modified_gmt":"2026-08-28T09:53:39","slug":"hipertrikoza","status":"publish","type":"glossary","link":"https:\/\/4beauty-website-stage.247grad.de\/tr\/glossar\/hypertrichose\/","title":{"rendered":"Hipertrikoz"},"content":{"rendered":"<div class=\"wp-block-rank-math-toc-block\" id=\"rank-math-toc\"><h2>\u0130\u00e7indekiler<\/h2><nav><ul><li class=\"\"><a href=\"#definition-was-ist-hypertrichose\">Tan\u0131m: Hipertrikoz nedir?<\/a><\/li><li class=\"\"><a href=\"#hypertrichose-vs-hirsutismus-der-entscheidende-unterschied\">Hipertrikoza ve Hirsutizm: Aralar\u0131ndaki Temel Fark<\/a><\/li><li class=\"\"><a href=\"#formen-und-ursachen-der-hypertrichose\">Hipertrikozun t\u00fcrleri ve nedenleri<\/a><\/li><li class=\"\"><a href=\"#der-wichtigste-schritt-die-arztliche-diagnose\">En \u00f6nemli ad\u0131m: T\u0131bbi te\u015fhis<\/a><\/li><li class=\"\"><a href=\"#behandlungsmoglichkeiten-was-wirklich-hilft\">Tedavi se\u00e7enekleri: Ger\u00e7ekten i\u015fe yarayanlar<\/a><\/li><li class=\"\"><a href=\"#risiken-und-die-absicherung-durch-eine-folgekostenversicherung\">Riskler ve devam masraflar\u0131 sigortas\u0131 ile korunma<\/a><\/li><li class=\"\"><a href=\"#haufig-gestellte-fragen-faq-zur-hypertrichose\">Hipertrikoz ile ilgili s\u0131k sorulan sorular (SSS)<\/a><\/li><\/ul><\/nav><\/div>\n\n\n\n<div class=\"wp-block-group is-style-boxed has-white-warm-background-color has-background is-layout-constrained wp-block-group-is-layout-constrained\">\n<p class=\"wp-block-paragraph\"><strong>\u00d6nemli uyar\u0131<\/strong><\/p>\n\n\n\n<p class=\"wp-block-paragraph\">Bu makale yaln\u0131zca bilgilendirme ama\u00e7l\u0131d\u0131r ve t\u0131bbi tan\u0131 veya tavsiyenin yerini almaz. Herhangi bir belirsizlik durumunda ve ki\u015fiye \u00f6zel bir tedavi plan\u0131 haz\u0131rlamak i\u00e7in, uzman bir hekimle g\u00f6r\u00fc\u015fmek \u015fartt\u0131r.<\/p>\n<\/div>\n\n\n\n<h2 class=\"wp-block-heading\" id=\"definition-was-ist-hypertrichose\">Tan\u0131m: Hipertrikoz nedir?<\/h2>\n\n\n\n<p class=\"wp-block-paragraph\">\u015eu <strong>Hipertrikoz<\/strong> v\u00fccut k\u0131llar\u0131n\u0131n a\u015f\u0131r\u0131 uzamas\u0131n\u0131 ifade eden t\u0131bbi terimdir; bu durum <strong>hay\u0131r<\/strong> erkeklik hormonlar\u0131 (androjenler) taraf\u0131ndan tetiklenir. Bu durumda sa\u00e7 b\u00fcy\u00fcmesi, tipik erkek sa\u00e7 da\u011f\u0131l\u0131m\u0131ndan (sakal, g\u00f6\u011f\u00fcs, s\u0131rt gibi) ba\u011f\u0131ms\u0131zd\u0131r.<\/p>\n\n\n\n<p class=\"wp-block-paragraph\">\u0130nce vellus k\u0131llar\u0131 veya daha kal\u0131n terminal k\u0131llar etkilenebilir; bu k\u0131llar, tipik olmayan b\u00f6lgelerde veya v\u00fccudun her yerinde a\u015f\u0131r\u0131 miktarda b\u00fcy\u00fcyebilir. Hem erkekler hem de kad\u0131nlar hipertrikozdan etkilenebilir.<\/p>\n\n\n\n<figure class=\"wp-block-image size-large\"><img loading=\"lazy\" decoding=\"async\" width=\"1024\" height=\"1024\" src=\"https:\/\/4beauty-website-stage.247grad.de\/wp-content\/uploads\/2026\/08\/2026-02_hypertrichose.png\" alt=\"Hipertrikoz\" class=\"wp-image-409\" srcset=\"https:\/\/4beauty-website-stage.247grad.de\/wp-content\/uploads\/2026\/08\/2026-02_hypertrichose.png 1024w, https:\/\/4beauty-website-stage.247grad.de\/wp-content\/uploads\/2026\/08\/2026-02_hypertrichose-150x150.png 150w, https:\/\/4beauty-website-stage.247grad.de\/wp-content\/uploads\/2026\/08\/2026-02_hypertrichose-300x300.png 300w, https:\/\/4beauty-website-stage.247grad.de\/wp-content\/uploads\/2026\/08\/2026-02_hypertrichose-768x768.png 768w, https:\/\/4beauty-website-stage.247grad.de\/wp-content\/uploads\/2026\/08\/2026-02_hypertrichose-12x12.png 12w, https:\/\/4beauty-website-stage.247grad.de\/wp-content\/uploads\/2026\/08\/2026-02_hypertrichose-120x120.png 120w, https:\/\/4beauty-website-stage.247grad.de\/wp-content\/uploads\/2026\/08\/2026-02_hypertrichose-40x40.png 40w, https:\/\/4beauty-website-stage.247grad.de\/wp-content\/uploads\/2026\/08\/2026-02_hypertrichose-80x80.png 80w, https:\/\/4beauty-website-stage.247grad.de\/wp-content\/uploads\/2026\/08\/2026-02_hypertrichose-160x160.png 160w, https:\/\/4beauty-website-stage.247grad.de\/wp-content\/uploads\/2026\/08\/2026-02_hypertrichose-500x500.png 500w, https:\/\/4beauty-website-stage.247grad.de\/wp-content\/uploads\/2026\/08\/2026-02_hypertrichose-1000x1000.png 1000w\" sizes=\"auto, (max-width: 1024px) 100vw, 1024px\" \/><\/figure>\n\n\n\n<div class=\"wp-block-buttons is-layout-flex wp-block-buttons-is-layout-flex\">\n<div class=\"wp-block-button\"><a class=\"wp-block-button__link wp-element-button\" href=\"https:\/\/4beauty-website-stage.247grad.de\/tr\/hizmet-bilgileri\/iletisim\/\">Ba\u011flay\u0131c\u0131 olmayan bir \u015fekilde ileti\u015fime ge\u00e7in<\/a><\/div>\n<\/div>\n\n\n\n<h2 class=\"wp-block-heading\" id=\"hypertrichose-vs-hirsutismus-der-entscheidende-unterschied\">Hipertrikoza ve Hirsutizm: Aralar\u0131ndaki Temel Fark<\/h2>\n\n\n\n<p class=\"wp-block-paragraph\">Bu, kendi hastal\u0131k tablosunu anlamak i\u00e7in en \u00f6nemli ayr\u0131md\u0131r. Hipertrikoza ve hirsutizm terimleri s\u0131kl\u0131kla yanl\u0131\u015f bir \u015fekilde e\u015fanlaml\u0131 olarak kullan\u0131l\u0131r.<\/p>\n\n\n\n<figure class=\"wp-block-table\"><table class=\"has-fixed-layout\"><thead><tr><th>\u00d6zellik<\/th><th>Hipertrikoz<\/th><th>Hirsutizm<\/th><\/tr><\/thead><tbody><tr><td><strong>Neden<\/strong><\/td><td>Androjen kaynakl\u0131 olmayan (\u00f6rne\u011fin, genetik kaynakl\u0131 veya ila\u00e7 kaynakl\u0131)<\/td><td>Hormonal nedenlere ba\u011fl\u0131 (erkeklik hormonlar\u0131n\u0131n fazlal\u0131\u011f\u0131)<\/td><\/tr><tr><td><strong>Etkilenenler<\/strong><\/td><td>Erkekler, kad\u0131nlar ve \u00e7ocuklar<\/td><td>Neredeyse tamamen kad\u0131nlar<\/td><\/tr><tr><td><strong>Sa\u00e7 tipi<\/strong><\/td><td>\u00c7o\u011funlukla ince vellus k\u0131llar\u0131, k\u0131smen de terminal k\u0131llar<\/td><td>Mutlaka kal\u0131n ve koyu renkli u\u00e7 sa\u00e7lar<\/td><\/tr><tr><td><strong>Da\u011f\u0131l\u0131m modeli<\/strong><\/td><td>Erkek tipi k\u0131llanma d\u00fczeninden ba\u011f\u0131ms\u0131z olarak (\u00f6rne\u011fin, t\u00fcm v\u00fccutta, y\u00fczde veya kollarda)<\/td><td>Erkeklerde g\u00f6r\u00fclen t\u00fcylenme d\u00fczenine ba\u011fl\u0131 olarak (\u00f6rn. sakal, g\u00f6\u011f\u00fcs, s\u0131rt, uyluk i\u00e7 k\u0131s\u0131mlar\u0131)<\/td><\/tr><\/tbody><\/table><\/figure>\n\n\n\n<h2 class=\"wp-block-heading\" id=\"formen-und-ursachen-der-hypertrichose\">Hipertrikozun t\u00fcrleri ve nedenleri<\/h2>\n\n\n\n<p class=\"wp-block-paragraph\">T\u0131p uzmanlar\u0131, hipertrikozu ortaya \u00e7\u0131k\u0131\u015f \u015fekline ve nedenine g\u00f6re s\u0131n\u0131fland\u0131r\u0131r:<\/p>\n\n\n\n<h3 class=\"wp-block-heading\" id=\"generalisierte-vs-lokalisierte-hypertrichose\">Genelle\u015fmi\u015f ve lokalize hipertrikoz<\/h3>\n\n\n\n<p class=\"wp-block-paragraph\">Genelle\u015ftirilmi\u015f formda t\u00fcm v\u00fccut etkilenir. Lokalize form ise bir veya birka\u00e7 net s\u0131n\u0131rlar\u0131 olan v\u00fccut b\u00f6lgesiyle s\u0131n\u0131rl\u0131d\u0131r.<\/p>\n\n\n\n<h3 class=\"wp-block-heading\" id=\"angeborene-vs-erworbene-hypertrichose\">Konjenital ve edinsel hipertrikoz<\/h3>\n\n\n\n<p class=\"wp-block-paragraph\"><strong>Do\u011fu\u015ftan (konjenital):<\/strong> Do\u011fumdan itibaren var olan, \u00e7ok nadir g\u00f6r\u00fclen, genetik k\u00f6kenli bir t\u00fcrd\u00fcr. A\u015f\u0131r\u0131 vakalar\u0131 halk dilinde \u201ekurt adam sendromu\u201c olarak da adland\u0131r\u0131l\u0131r.<\/p>\n\n\n\n<p class=\"wp-block-paragraph\"><strong>Sat\u0131n al\u0131nd\u0131:<\/strong> Bu t\u00fcr, ancak ya\u015fam\u0131n ilerleyen d\u00f6nemlerinde ortaya \u00e7\u0131kar ve \u00e7ok daha s\u0131k g\u00f6r\u00fcl\u00fcr. Bunun nedenleri \u00e7ok \u00e7e\u015fitli olabilir, ancak en s\u0131k g\u00f6r\u00fclenler ila\u00e7lar\u0131n yan etkileridir (\u00f6rne\u011fin, sa\u00e7 d\u00f6k\u00fclmesine kar\u015f\u0131 minoksidil, organ nakli sonras\u0131 siklosporin, epilepside fenitoin).<\/p>\n\n\n\n<h2 class=\"wp-block-heading\" id=\"der-wichtigste-schritt-die-arztliche-diagnose\">En \u00f6nemli ad\u0131m: T\u0131bbi te\u015fhis<\/h2>\n\n\n\n<figure class=\"wp-block-image size-large\"><img loading=\"lazy\" decoding=\"async\" width=\"1024\" height=\"1024\" src=\"https:\/\/4beauty-website-stage.247grad.de\/wp-content\/uploads\/2026\/08\/2026-02_hypertrichose-diagnose.png\" alt=\"Hipertrikoza: Te\u015fhis\" class=\"wp-image-408\" srcset=\"https:\/\/4beauty-website-stage.247grad.de\/wp-content\/uploads\/2026\/08\/2026-02_hypertrichose-diagnose.png 1024w, https:\/\/4beauty-website-stage.247grad.de\/wp-content\/uploads\/2026\/08\/2026-02_hypertrichose-diagnose-150x150.png 150w, https:\/\/4beauty-website-stage.247grad.de\/wp-content\/uploads\/2026\/08\/2026-02_hypertrichose-diagnose-300x300.png 300w, https:\/\/4beauty-website-stage.247grad.de\/wp-content\/uploads\/2026\/08\/2026-02_hypertrichose-diagnose-768x768.png 768w, https:\/\/4beauty-website-stage.247grad.de\/wp-content\/uploads\/2026\/08\/2026-02_hypertrichose-diagnose-12x12.png 12w, https:\/\/4beauty-website-stage.247grad.de\/wp-content\/uploads\/2026\/08\/2026-02_hypertrichose-diagnose-120x120.png 120w, https:\/\/4beauty-website-stage.247grad.de\/wp-content\/uploads\/2026\/08\/2026-02_hypertrichose-diagnose-40x40.png 40w, https:\/\/4beauty-website-stage.247grad.de\/wp-content\/uploads\/2026\/08\/2026-02_hypertrichose-diagnose-80x80.png 80w, https:\/\/4beauty-website-stage.247grad.de\/wp-content\/uploads\/2026\/08\/2026-02_hypertrichose-diagnose-160x160.png 160w, https:\/\/4beauty-website-stage.247grad.de\/wp-content\/uploads\/2026\/08\/2026-02_hypertrichose-diagnose-500x500.png 500w, https:\/\/4beauty-website-stage.247grad.de\/wp-content\/uploads\/2026\/08\/2026-02_hypertrichose-diagnose-1000x1000.png 1000w\" sizes=\"auto, (max-width: 1024px) 100vw, 1024px\" \/><\/figure>\n\n\n\n<p class=\"wp-block-paragraph\"><strong>Te\u015fhis sadece doktor taraf\u0131ndan konulabilir<\/strong><\/p>\n\n\n\n<p class=\"wp-block-paragraph\">V\u00fccudunuzda ola\u011fand\u0131\u015f\u0131 ve a\u015f\u0131r\u0131 k\u0131llanma fark ederseniz, aile hekiminize veya do\u011frudan bir dermatolo\u011fa (cilt uzman\u0131) ba\u015fvurman\u0131z \u015fartt\u0131r. Doktor, ayr\u0131nt\u0131l\u0131 bir \u00f6yk\u00fc alma (\u00f6zellikle ila\u00e7 kullan\u0131m\u0131n\u0131n sorgulanmas\u0131), fizik muayene ve gerekirse kan tahlili yoluyla, durumun hipertrikoz mu yoksa hirsutizm mi oldu\u011funu ve ba\u015fka bir altta yatan hastal\u0131k olup olmad\u0131\u011f\u0131n\u0131 tespit edecektir. Bu durumda kendi kendinize te\u015fhis koymak m\u00fcmk\u00fcn de\u011fildir ve tavsiye edilmez.<\/p>\n\n\n\n<h2 class=\"wp-block-heading\" id=\"behandlungsmoglichkeiten-was-wirklich-hilft\">Tedavi se\u00e7enekleri: Ger\u00e7ekten i\u015fe yarayanlar<\/h2>\n\n\n\n<p class=\"wp-block-paragraph\">Hirsutizmden farkl\u0131 olarak hipertrikozun hormonal bir nedeni olmad\u0131\u011f\u0131ndan, tedavi nedeni ortadan kald\u0131rmaya de\u011fil, rahats\u0131z edici t\u00fcylerin al\u0131nmas\u0131na y\u00f6neliktir.<\/p>\n\n\n\n<h3 class=\"wp-block-heading\" id=\"temporare-methoden\">Ge\u00e7ici y\u00f6ntemler<\/h3>\n\n\n\n<p class=\"wp-block-paragraph\">T\u0131ra\u015f, a\u011fda, c\u0131mb\u0131zla epilasyon veya t\u00fcy giderici kremlerin kullan\u0131m\u0131 k\u0131sa vadeli \u00e7\u00f6z\u00fcmlerdir.<\/p>\n\n\n\n<h3 class=\"wp-block-heading\" id=\"dauerhafte-methoden\">Kal\u0131c\u0131 y\u00f6ntemler<\/h3>\n\n\n\n<p class=\"wp-block-paragraph\">Uzun s\u00fcreli veya kal\u0131c\u0131 bir \u00e7\u00f6z\u00fcm i\u00e7in profesyonel epilasyon y\u00f6ntemleri d\u00fc\u015f\u00fcn\u00fclebilir:<\/p>\n\n\n\n<ul class=\"wp-block-list\">\n<li><strong>Lazer epilasyon:<\/strong> Bu i\u015flemde, sa\u00e7 k\u00f6k\u00fcn\u00fc hedef alarak yok etmek i\u00e7in y\u00fcksek enerjili \u0131\u015f\u0131k kullan\u0131l\u0131r. Bu y\u00f6ntem \u00f6zellikle a\u00e7\u0131k tenli ki\u015filerde koyu renkli t\u00fcyler i\u00e7in son derece uygundur ve belirgin ve uzun s\u00fcreli bir t\u00fcy azalmas\u0131 sa\u011flayabilir.<\/li>\n\n\n\n<li><strong>\u0130\u011fne epilasyonu (elektroepilasyon):<\/strong> Bu y\u00f6ntemde, her bir sa\u00e7 kanal\u0131na \u00e7ok ince bir prob sokulur ve sa\u00e7 k\u00f6k\u00fc bir elektrik darbesi ile kal\u0131c\u0131 olarak yok edilir. Bu y\u00f6ntem olduk\u00e7a zaman al\u0131c\u0131d\u0131r, ancak \u00e7ok a\u00e7\u0131k renkli, gri veya k\u0131z\u0131l sa\u00e7larda bile etkili olan tek y\u00f6ntemdir.<\/li>\n<\/ul>\n\n\n\n<h2 class=\"wp-block-heading\" id=\"risiken-und-die-absicherung-durch-eine-folgekostenversicherung\">Riskler ve devam masraflar\u0131 sigortas\u0131 ile korunma<\/h2>\n\n\n\n<p class=\"wp-block-paragraph\">Profesyonel epilasyon, do\u011fru \u015fekilde uyguland\u0131\u011f\u0131nda g\u00fcvenlidir. Bununla birlikte, baz\u0131 riskler ortaya \u00e7\u0131kabilir:<\/p>\n\n\n\n<p class=\"wp-block-paragraph\"><strong>Lazer epilasyon:<\/strong><\/p>\n\n\n\n<ul class=\"wp-block-list\">\n<li>Yan\u0131klar<\/li>\n\n\n\n<li>Kabarc\u0131k olu\u015fumu<\/li>\n\n\n\n<li>Pigment de\u011fi\u015fiklikleri (a\u00e7\u0131k veya koyu lekeler)<\/li>\n\n\n\n<li>ge\u00e7ici k\u0131zar\u0131kl\u0131klar<\/li>\n\n\n\n<li>\u015ei\u015flikler<\/li>\n<\/ul>\n\n\n\n<p class=\"wp-block-paragraph\"><strong>\u0130\u011fne epilasyonu:<\/strong><\/p>\n\n\n\n<ul class=\"wp-block-list\">\n<li>Enfeksiyonlar<\/li>\n\n\n\n<li>k\u00fc\u00e7\u00fck yara izleri<\/li>\n\n\n\n<li>Pigment de\u011fi\u015fiklikleri<\/li>\n<\/ul>\n\n\n\n<figure class=\"wp-block-image size-large\"><img decoding=\"async\" src=\"https:\/\/4beauty-website-stage.247grad.de\/wp-content\/uploads\/2026\/08\/2025-09_vorteil-4beauty-versicherung.svg\" alt=\"Vorteile der 4beauty-Versicherung\" class=\"wp-image-318\"\/><\/figure>\n\n\n\n<p class=\"wp-block-paragraph\">Bu tedavilerden birinin ard\u0131ndan t\u0131bbi takip tedavisi gerektiren bir komplikasyon ortaya \u00e7\u0131karsa, \u00f6nemli masraflar ortaya \u00e7\u0131kabilir. \u00d6nceden yapt\u0131r\u0131lm\u0131\u015f bir <a href=\"https:\/\/4beauty-website-stage.247grad.de\/tr\/sonraki-masraf-sigortasi\/\"><b>Sonras\u0131 Maliyet Sigortas\u0131<\/b><\/a> Sizi bu mali y\u00fcklerden koruyabilir.<\/p>\n\n\n\n<div class=\"wp-block-buttons is-layout-flex wp-block-buttons-is-layout-flex\">\n<div class=\"wp-block-button\"><a class=\"wp-block-button__link wp-element-button\" href=\"https:\/\/4beauty-website-stage.247grad.de\/tr\/hizmet-bilgileri\/iletisim\/\">Ba\u011flay\u0131c\u0131 olmayan bir \u015fekilde ileti\u015fime ge\u00e7in<\/a><\/div>\n<\/div>\n\n\n\n<h2 class=\"wp-block-heading\" id=\"haufig-gestellte-fragen-faq-zur-hypertrichose\">Hipertrikoz ile ilgili s\u0131k sorulan sorular (SSS)<\/h2>\n\n\n\n<div data-wp-context=\"{ &quot;autoclose&quot;: false, &quot;accordionItems&quot;: [] }\" data-wp-interactive=\"core\/accordion\" role=\"group\" class=\"wp-block-accordion is-layout-flow wp-block-accordion-is-layout-flow\">\n<div data-wp-class--is-open=\"state.isOpen\" data-wp-context=\"{ &quot;id&quot;: &quot;accordion-item-1&quot;, &quot;openByDefault&quot;: false }\" data-wp-init=\"callbacks.initAccordionItems\" data-wp-on-window--hashchange=\"callbacks.hashChange\" class=\"wp-block-accordion-item is-layout-flow wp-block-accordion-item-is-layout-flow\">\n<h3 class=\"wp-block-accordion-heading\"><button aria-expanded=\"false\" aria-controls=\"accordion-item-1-panel\" data-wp-bind--aria-expanded=\"state.isOpen\" data-wp-on--click=\"actions.toggle\" id=\"accordion-item-1\" type=\"button\" class=\"wp-block-accordion-heading__toggle\"><span class=\"wp-block-accordion-heading__toggle-title\">Hipertrikoz tehlikeli midir?<\/span><span class=\"wp-block-accordion-heading__toggle-icon\" aria-hidden=\"true\">+<\/span><\/button><\/h3>\n\n\n\n<div aria-labelledby=\"accordion-item-1\" data-wp-bind--hidden=\"state.isHidden\" data-wp-on--beforematch=\"actions.handleBeforeMatch\" id=\"accordion-item-1-panel\" role=\"region\" class=\"wp-block-accordion-panel is-layout-flow wp-block-accordion-panel-is-layout-flow\">\n<p class=\"wp-block-paragraph\">Hipiltrikoza genellikle zarars\u0131zd\u0131r. Ancak ba\u015fka bir altta yatan hastal\u0131\u011f\u0131n belirtisi veya bir ilac\u0131n yan etkisi olabilir; bu nedenle t\u0131bbi muayene \u00e7ok \u00f6nemlidir.<\/p>\n<\/div>\n<\/div>\n\n\n\n<div data-wp-class--is-open=\"state.isOpen\" data-wp-context=\"{ &quot;id&quot;: &quot;accordion-item-2&quot;, &quot;openByDefault&quot;: false }\" data-wp-init=\"callbacks.initAccordionItems\" data-wp-on-window--hashchange=\"callbacks.hashChange\" class=\"wp-block-accordion-item is-layout-flow wp-block-accordion-item-is-layout-flow\">\n<h3 class=\"wp-block-accordion-heading\"><button aria-expanded=\"false\" aria-controls=\"accordion-item-2-panel\" data-wp-bind--aria-expanded=\"state.isOpen\" data-wp-on--click=\"actions.toggle\" id=\"accordion-item-2\" type=\"button\" class=\"wp-block-accordion-heading__toggle\"><span class=\"wp-block-accordion-heading__toggle-title\">Hipertrikoz kendili\u011finden ge\u00e7ebilir mi?<\/span><span class=\"wp-block-accordion-heading__toggle-icon\" aria-hidden=\"true\">+<\/span><\/button><\/h3>\n\n\n\n<div aria-labelledby=\"accordion-item-2\" data-wp-bind--hidden=\"state.isHidden\" data-wp-on--beforematch=\"actions.handleBeforeMatch\" id=\"accordion-item-2-panel\" role=\"region\" class=\"wp-block-accordion-panel is-layout-flow wp-block-accordion-panel-is-layout-flow\">\n<p class=\"wp-block-paragraph\">Ancak bunun nedeni giderilebilirse. \u00d6rne\u011fin, bir doktorla g\u00f6r\u00fc\u015f\u00fcld\u00fckten sonra soruna neden olan ila\u00e7 kesilirse, k\u0131llanma yava\u015f yava\u015f normale d\u00f6nebilir. Do\u011fu\u015ftan gelen t\u00fcrler ise kal\u0131c\u0131d\u0131r.<\/p>\n<\/div>\n<\/div>\n\n\n\n<div data-wp-class--is-open=\"state.isOpen\" data-wp-context=\"{ &quot;id&quot;: &quot;accordion-item-3&quot;, &quot;openByDefault&quot;: false }\" data-wp-init=\"callbacks.initAccordionItems\" data-wp-on-window--hashchange=\"callbacks.hashChange\" class=\"wp-block-accordion-item is-layout-flow wp-block-accordion-item-is-layout-flow\">\n<h3 class=\"wp-block-accordion-heading\"><button aria-expanded=\"false\" aria-controls=\"accordion-item-3-panel\" data-wp-bind--aria-expanded=\"state.isOpen\" data-wp-on--click=\"actions.toggle\" id=\"accordion-item-3\" type=\"button\" class=\"wp-block-accordion-heading__toggle\"><span class=\"wp-block-accordion-heading__toggle-title\">Neden birdenbire y\u00fcz\u00fcmde daha fazla ince t\u00fcyler \u00e7\u0131kmaya ba\u015flad\u0131?<\/span><span class=\"wp-block-accordion-heading__toggle-icon\" aria-hidden=\"true\">+<\/span><\/button><\/h3>\n\n\n\n<div aria-labelledby=\"accordion-item-3\" data-wp-bind--hidden=\"state.isHidden\" data-wp-on--beforematch=\"actions.handleBeforeMatch\" id=\"accordion-item-3-panel\" role=\"region\" class=\"wp-block-accordion-panel is-layout-flow wp-block-accordion-panel-is-layout-flow\">\n<p class=\"wp-block-paragraph\">Y\u00fczde, \u00f6zellikle ya\u015fland\u0131k\u00e7a g\u00f6r\u00fclen ince vellus k\u0131llar\u0131n\u0131n artmas\u0131, edinilmi\u015f hipertrikozun bir t\u00fcr\u00fc olabilir. Bu durumda da ilk ad\u0131m, bir doktora dan\u0131\u015fmakt\u0131r.<\/p>\n<\/div>\n<\/div>\n\n\n\n<div data-wp-class--is-open=\"state.isOpen\" data-wp-context=\"{ &quot;id&quot;: &quot;accordion-item-4&quot;, &quot;openByDefault&quot;: false }\" data-wp-init=\"callbacks.initAccordionItems\" data-wp-on-window--hashchange=\"callbacks.hashChange\" class=\"wp-block-accordion-item is-layout-flow wp-block-accordion-item-is-layout-flow\">\n<h3 class=\"wp-block-accordion-heading\"><button aria-expanded=\"false\" aria-controls=\"accordion-item-4-panel\" data-wp-bind--aria-expanded=\"state.isOpen\" data-wp-on--click=\"actions.toggle\" id=\"accordion-item-4\" type=\"button\" class=\"wp-block-accordion-heading__toggle\"><span class=\"wp-block-accordion-heading__toggle-title\">Hormon tedavisi hipertrikozda yard\u0131mc\u0131 olur mu?<\/span><span class=\"wp-block-accordion-heading__toggle-icon\" aria-hidden=\"true\">+<\/span><\/button><\/h3>\n\n\n\n<div aria-labelledby=\"accordion-item-4\" data-wp-bind--hidden=\"state.isHidden\" data-wp-on--beforematch=\"actions.handleBeforeMatch\" id=\"accordion-item-4-panel\" role=\"region\" class=\"wp-block-accordion-panel is-layout-flow wp-block-accordion-panel-is-layout-flow\">\n<p class=\"wp-block-paragraph\">Hay\u0131r. Nedeni hormonal olmad\u0131\u011f\u0131 i\u00e7in, sadece hipertrikozda hormon tedavileri etkisizdir. Bu tedaviler hirsutizmin tedavisinde kullan\u0131l\u0131r.<\/p>\n<\/div>\n<\/div>\n\n\n\n<div data-wp-class--is-open=\"state.isOpen\" data-wp-context=\"{ &quot;id&quot;: &quot;accordion-item-5&quot;, &quot;openByDefault&quot;: false }\" data-wp-init=\"callbacks.initAccordionItems\" data-wp-on-window--hashchange=\"callbacks.hashChange\" class=\"wp-block-accordion-item is-layout-flow wp-block-accordion-item-is-layout-flow\">\n<h3 class=\"wp-block-accordion-heading\"><button aria-expanded=\"false\" aria-controls=\"accordion-item-5-panel\" data-wp-bind--aria-expanded=\"state.isOpen\" data-wp-on--click=\"actions.toggle\" id=\"accordion-item-5\" type=\"button\" class=\"wp-block-accordion-heading__toggle\"><span class=\"wp-block-accordion-heading__toggle-title\">Epilasyon ile depilasyon aras\u0131ndaki fark nedir?<\/span><span class=\"wp-block-accordion-heading__toggle-icon\" aria-hidden=\"true\">+<\/span><\/button><\/h3>\n\n\n\n<div aria-labelledby=\"accordion-item-5\" data-wp-bind--hidden=\"state.isHidden\" data-wp-on--beforematch=\"actions.handleBeforeMatch\" id=\"accordion-item-5-panel\" role=\"region\" class=\"wp-block-accordion-panel is-layout-flow wp-block-accordion-panel-is-layout-flow\">\n<p class=\"wp-block-paragraph\">T\u00fcy alma i\u015fleminde (\u00f6rne\u011fin t\u0131ra\u015f) sadece t\u00fcy\u00fcn g\u00f6r\u00fcn\u00fcr k\u0131sm\u0131 al\u0131n\u0131r. Epilasyon i\u015fleminde (\u00f6rne\u011fin lazer, i\u011fne epilasyonu, a\u011fda) ise t\u00fcy k\u00f6k\u00fcyle birlikte al\u0131n\u0131r.<\/p>\n<\/div>\n<\/div>\n<\/div>","protected":false},"excerpt":{"rendered":"<p>Hipertrikoz, androjenlerden kaynaklanmayan ve erkek tipi t\u00fcy da\u011f\u0131l\u0131m\u0131ndan ba\u011f\u0131ms\u0131z olarak ortaya \u00e7\u0131kan a\u015f\u0131r\u0131 v\u00fccut k\u0131llanmas\u0131d\u0131r.<\/p>","protected":false},"template":"","class_list":["post-670","glossary","type-glossary","status-publish","hentry"],"acf":[],"_links":{"self":[{"href":"https:\/\/4beauty-website-stage.247grad.de\/tr\/wp-json\/wp\/v2\/glossary\/670","targetHints":{"allow":["GET"]}}],"collection":[{"href":"https:\/\/4beauty-website-stage.247grad.de\/tr\/wp-json\/wp\/v2\/glossary"}],"about":[{"href":"https:\/\/4beauty-website-stage.247grad.de\/tr\/wp-json\/wp\/v2\/types\/glossary"}],"wp:attachment":[{"href":"https:\/\/4beauty-website-stage.247grad.de\/tr\/wp-json\/wp\/v2\/media?parent=670"}],"curies":[{"name":"wp","href":"https:\/\/api.w.org\/{rel}","templated":true}]}}