{"id":700,"date":"2026-08-20T17:06:39","date_gmt":"2026-08-20T15:06:39","guid":{"rendered":"https:\/\/4beauty-website-stage.247grad.de\/glossar\/narbenheilungsphasen\/"},"modified":"2026-08-28T11:45:40","modified_gmt":"2026-08-28T09:45:40","slug":"yara-iyilesme-asamalari","status":"publish","type":"glossary","link":"https:\/\/4beauty-website-stage.247grad.de\/tr\/glossar\/narbenheilungsphasen\/","title":{"rendered":"Yara iyile\u015fme a\u015famalar\u0131"},"content":{"rendered":"<div class=\"wp-block-rank-math-toc-block\" id=\"rank-math-toc\"><h2>\u0130\u00e7indekiler<\/h2><nav><ul><li class=\"\"><a href=\"#was-ist-narbenheilung\">Yara izi iyile\u015fmesi nedir?<\/a><\/li><li class=\"\"><a href=\"#wundheilungsstorungen-und-finanzielle-absicherung\">Yara iyile\u015fme bozukluklar\u0131 ve mali g\u00fcvence<\/a><\/li><li class=\"\"><a href=\"#haufig-gestellte-fragen-faq-zur-narbenheilung\">Yara izlerinin iyile\u015fmesi ile ilgili s\u0131k sorulan sorular (SSS)<\/a><\/li><\/ul><\/nav><\/div>\n\n\n\n<div class=\"wp-block-group is-style-boxed has-white-warm-background-color has-background is-layout-constrained wp-block-group-is-layout-constrained\">\n<p class=\"wp-block-paragraph\"><strong>\u00d6nemli uyar\u0131<\/strong><\/p>\n\n\n\n<p class=\"wp-block-paragraph\">Bu makale yaln\u0131zca bilgilendirme ama\u00e7l\u0131d\u0131r ve t\u0131bbi tan\u0131 veya tavsiyenin yerini almaz. Herhangi bir belirsizlik durumunda ve ki\u015fiye \u00f6zel bir tedavi plan\u0131 haz\u0131rlamak i\u00e7in, uzman bir hekimle g\u00f6r\u00fc\u015fmek \u015fartt\u0131r.<\/p>\n<\/div>\n\n\n\n<h2 class=\"wp-block-heading\" id=\"was-ist-narbenheilung\">Yara izi iyile\u015fmesi nedir?<\/h2>\n\n\n\n<p class=\"wp-block-paragraph\">Estetik bir ameliyat\u0131n ard\u0131ndan \u015fekil genellikle k\u0131sa s\u00fcrede belirginle\u015fir, ancak nihai sonu\u00e7 ancak aylar sonra, yara izinden anla\u015f\u0131l\u0131r. Taze ameliyat yaras\u0131ndan ince, soluk bir \u00e7izgiye d\u00f6n\u00fc\u015fme s\u00fcreci, v\u00fccut taraf\u0131ndan titizlikle y\u00f6netilen karma\u015f\u0131k bir s\u00fcre\u00e7tir.<\/p>\n\n\n\n<p class=\"wp-block-paragraph\">Her birini inceleyenler <strong>Yara iyile\u015fme a\u015famalar\u0131<\/strong> (yara iyile\u015fmesinin a\u015famalar\u0131n\u0131) anlayan ki\u015fi, ka\u015f\u0131nt\u0131 veya hafif \u015fi\u015flikler kar\u015f\u0131s\u0131nda pani\u011fe kap\u0131lmaz \u2013 ve her \u015feyden \u00f6nce \u015funu bilir ki, <em>ne zaman<\/em> o <em>ne<\/em> Yara izine en iyi \u015fekilde bak\u0131m yapmak i\u00e7in neler yapabilirsiniz? Bu k\u0131lavuzda, t\u0131bbi takvimi, iyile\u015fme s\u00fcreciniz i\u00e7in pratik bir rehbere d\u00f6n\u00fc\u015ft\u00fcr\u00fcyoruz.<\/p>\n\n\n\n<figure class=\"wp-block-image size-large\"><img loading=\"lazy\" decoding=\"async\" width=\"1024\" height=\"1024\" src=\"https:\/\/4beauty-website-stage.247grad.de\/wp-content\/uploads\/2026\/08\/2026-03_narbenheilungsphasen.png\" alt=\"Yara iyile\u015fme a\u015famalar\u0131\" class=\"wp-image-454\" srcset=\"https:\/\/4beauty-website-stage.247grad.de\/wp-content\/uploads\/2026\/08\/2026-03_narbenheilungsphasen.png 1024w, https:\/\/4beauty-website-stage.247grad.de\/wp-content\/uploads\/2026\/08\/2026-03_narbenheilungsphasen-150x150.png 150w, https:\/\/4beauty-website-stage.247grad.de\/wp-content\/uploads\/2026\/08\/2026-03_narbenheilungsphasen-300x300.png 300w, https:\/\/4beauty-website-stage.247grad.de\/wp-content\/uploads\/2026\/08\/2026-03_narbenheilungsphasen-768x768.png 768w, https:\/\/4beauty-website-stage.247grad.de\/wp-content\/uploads\/2026\/08\/2026-03_narbenheilungsphasen-12x12.png 12w, https:\/\/4beauty-website-stage.247grad.de\/wp-content\/uploads\/2026\/08\/2026-03_narbenheilungsphasen-120x120.png 120w, https:\/\/4beauty-website-stage.247grad.de\/wp-content\/uploads\/2026\/08\/2026-03_narbenheilungsphasen-40x40.png 40w, https:\/\/4beauty-website-stage.247grad.de\/wp-content\/uploads\/2026\/08\/2026-03_narbenheilungsphasen-80x80.png 80w, https:\/\/4beauty-website-stage.247grad.de\/wp-content\/uploads\/2026\/08\/2026-03_narbenheilungsphasen-160x160.png 160w, https:\/\/4beauty-website-stage.247grad.de\/wp-content\/uploads\/2026\/08\/2026-03_narbenheilungsphasen-500x500.png 500w, https:\/\/4beauty-website-stage.247grad.de\/wp-content\/uploads\/2026\/08\/2026-03_narbenheilungsphasen-1000x1000.png 1000w\" sizes=\"auto, (max-width: 1024px) 100vw, 1024px\" \/><\/figure>\n\n\n\n<p class=\"wp-block-paragraph\">Yara izi iyile\u015fmesi, yara iyile\u015fmesinin son a\u015famas\u0131d\u0131r. Bir yaralanma veya cerrahi kesi, derinin daha derin katman\u0131 olan dermise kadar uzan\u0131rsa, v\u00fccut bu dokuyu birebir ayn\u0131s\u0131 olarak yeniden olu\u015fturamaz.<\/p>\n\n\n\n<p class=\"wp-block-paragraph\">Bu kusuru, kalitesiz bir yedek doku olan skar dokusuyla onar\u0131r. Bu doku, sa\u00e7 k\u00f6kleri, ter bezleri veya sebase bezler i\u00e7ermez ve daha az elastik lif bar\u0131nd\u0131r\u0131r. Bu yedek dokunun olu\u015fumu ve yap\u0131land\u0131r\u0131lmas\u0131 s\u00fcreci, <strong>birbirine ak\u0131c\u0131 bir \u015fekilde ge\u00e7i\u015f yapan d\u00f6rt a\u015fama<\/strong>.<\/p>\n\n\n\n<div class=\"wp-block-buttons is-layout-flex wp-block-buttons-is-layout-flex\">\n<div class=\"wp-block-button\"><a class=\"wp-block-button__link wp-element-button\" href=\"https:\/\/4beauty-website-stage.247grad.de\/tr\/hizmet-bilgileri\/iletisim\/\">Ba\u011flay\u0131c\u0131 olmayan bir \u015fekilde ileti\u015fime ge\u00e7in<\/a><\/div>\n<\/div>\n\n\n\n<h3 class=\"wp-block-heading\" id=\"phase-1-die-exsudationsphase-reinigungsphase\">1. A\u015fama: Eks\u00fcdasyon a\u015famas\u0131 (temizleme a\u015famas\u0131)<\/h3>\n\n\n\n<ul class=\"wp-block-list\">\n<li><strong>Ne zaman:<\/strong> Ameliyattan sonraki 1. g\u00fcnden yakla\u015f\u0131k 4. g\u00fcne kadar.<\/li>\n\n\n\n<li><strong>Neler oluyor:<\/strong> V\u00fccut kanamay\u0131 durdurur (kan p\u0131ht\u0131la\u015fmas\u0131) ve yaradan mikroplar\u0131 ve h\u00fccre kal\u0131nt\u0131lar\u0131n\u0131 temizler. Nemli bir yara s\u0131v\u0131s\u0131 (eks\u00fcda) olu\u015fur. Yiyici h\u00fccreler (makrofajlar) temizlik yapar. Yara hafif\u00e7e k\u0131zar\u0131r, \u015fi\u015fer ve zonklama hissi verir \u2013 bunlar klasik iltihap belirtileridir ve bu durumda ba\u011f\u0131\u015f\u0131kl\u0131k sisteminin normal i\u015fleyi\u015finin bir g\u00f6stergesidir.<\/li>\n\n\n\n<li><strong>O his:<\/strong> Zonklama, hafif a\u011fr\u0131, \u015fi\u015flik.<\/li>\n<\/ul>\n\n\n\n<div class=\"wp-block-group is-style-boxed has-white-warm-background-color has-background is-layout-constrained wp-block-group-is-layout-constrained\">\n<p class=\"wp-block-paragraph\"><strong>1. A\u015famada Yap\u0131lmas\u0131 ve Yap\u0131lmamas\u0131 Gerekenler:<\/strong><\/p>\n\n<ul class=\"wp-block-list\">\n<li><strong>DO:<\/strong> Kesinlikle dinlenin ve ameliyat sonras\u0131 bak\u0131m kurallar\u0131na uyun! Ameliyat edilen b\u00f6lgeyi zorlamay\u0131n ve y\u00fcksekte tutun.<\/li>\n\n\n\n<li><strong>DO:<\/strong> So\u011futma (\u015fi\u015fli\u011fi azaltmak i\u00e7in doktorun tavsiyesi do\u011frultusunda).<\/li>\n\n\n\n<li><strong>YAPMAYIN:<\/strong> Steril yara bandaj\u0131n\u0131 asla kendi ba\u015f\u0131n\u0131za de\u011fi\u015ftirmeyin veya dokunmay\u0131n! Su ge\u00e7irmez yara bandaj\u0131 olmadan du\u015f almay\u0131n.<\/li>\n<\/ul>\n<\/div>\n\n\n\n<h3 class=\"wp-block-heading\" id=\"phase-2-die-granulationsphase-aufbauphase\">2. A\u015fama: Gran\u00fclasyon a\u015famas\u0131 (geli\u015fim a\u015famas\u0131)<\/h3>\n\n\n\n<ul class=\"wp-block-list\">\n<li><strong>Ne zaman:<\/strong> Yakla\u015f\u0131k 4. g\u00fcnden 14. g\u00fcne kadar.<\/li>\n\n\n\n<li><strong>Neler oluyor:<\/strong> As\u0131l onar\u0131m s\u00fcreci ba\u015flar. Fibroblast ad\u0131 verilen h\u00fccreler, yara bo\u015flu\u011funu kenarlar\u0131ndan itibaren dolduran yeni ba\u011f dokusu (kollajen) \u00fcretir. Yeni, ince kan damarlar\u0131, taze dokuya (gran\u00fclasyon dokusu) oksijen sa\u011flamak i\u00e7in olu\u015fur. Bu doku parlak k\u0131rm\u0131z\u0131 renktedir ve \u00e7ok hassast\u0131r.<\/li>\n\n\n\n<li><strong>O his:<\/strong> Yara ka\u015f\u0131nabilir (b\u00fcy\u00fcmenin bir belirtisi) ve gerginlik hissi verebilir.<\/li>\n<\/ul>\n\n\n\n<div class=\"wp-block-group is-style-boxed has-white-warm-background-color has-background is-layout-constrained wp-block-group-is-layout-constrained\">\n<p class=\"wp-block-paragraph\"><strong>2. A\u015famada Yap\u0131lmas\u0131 ve Yap\u0131lmamas\u0131 Gerekenler:<\/strong><\/p>\n\n<ul class=\"wp-block-list\">\n<li><strong>DO:<\/strong> V\u00fccuda yeni doku olu\u015fumu i\u00e7in gerekli yap\u0131 maddelerini sa\u011flamak amac\u0131yla yeterince s\u0131v\u0131 t\u00fcketin ve protein a\u00e7\u0131s\u0131ndan zengin besinler t\u00fcketin.<\/li>\n\n\n\n<li><strong>YAPMAYIN:<\/strong> Ka\u015f\u0131may\u0131n! Ka\u015f\u0131nt\u0131 olsa bile, olu\u015fan kabuk kesinlikle kaz\u0131nmamal\u0131d\u0131r.<\/li>\n\n\n\n<li><strong>YAPMAYIN:<\/strong> Hen\u00fcz <strong>yara merhemleri yok<\/strong> ya da masaj yapabilirsiniz. Yara hen\u00fcz tamamen kapanmam\u0131\u015ft\u0131r.<\/li>\n<\/ul>\n\n<div class=\"wp-block-buttons is-layout-flex wp-block-buttons-is-layout-flex\">\n<div class=\"wp-block-button\"><a class=\"wp-block-button__link wp-element-button\" href=\"https:\/\/4beauty-website-stage.247grad.de\/tr\/hizmet-bilgileri\/iletisim\/\">Ba\u011flay\u0131c\u0131 olmayan bir \u015fekilde ileti\u015fime ge\u00e7in<\/a><\/div>\n<\/div>\n<\/div>\n\n\n\n<h3 class=\"wp-block-heading\" id=\"phase-3-die-epithielisierungs-und-reparationsphase\">3. A\u015fama: Epitelizasyon ve onar\u0131m a\u015famas\u0131<\/h3>\n\n\n\n<ul class=\"wp-block-list\">\n<li><strong>Ne zaman:<\/strong> Yakla\u015f\u0131k 2. haftadan 4. haftaya kadar.<\/li>\n\n\n\n<li><strong>Neler oluyor:<\/strong> Yeni deri h\u00fccreleri (epitel h\u00fccreleri), yaran\u0131n kenar\u0131ndan taze gran\u00fclasyon dokusunun \u00fczerinden ilerleyerek yaran\u0131n y\u00fczeyini kal\u0131c\u0131 olarak kapat\u0131r. Yara kabu\u011fu kendili\u011finden d\u00fc\u015fer. Yeni yara izi genellikle h\u00e2l\u00e2 kal\u0131n, kabar\u0131k, olduk\u00e7a k\u0131rm\u0131z\u0131 ve hassast\u0131r. D\u00fczensiz ve yap\u0131land\u0131r\u0131lmam\u0131\u015f kolajen, stabilite sa\u011flar.<\/li>\n\n\n\n<li><strong>O his:<\/strong> Yara izinde hava de\u011fi\u015fikliklerine duyarl\u0131l\u0131k, hareket s\u0131ras\u0131nda \u015fiddetli gerginlik hissi.<\/li>\n<\/ul>\n\n\n\n<div class=\"wp-block-group is-style-boxed has-white-warm-background-color has-background is-layout-constrained wp-block-group-is-layout-constrained\">\n<p class=\"wp-block-paragraph\"><strong>3. A\u015famada Yap\u0131lmas\u0131 ve Yap\u0131lmamas\u0131 Gerekenler:<\/strong><\/p>\n\n<ul class=\"wp-block-list\">\n<li><strong>DO:<\/strong> Ba\u015flang\u0131c\u0131 <strong>aktif yara bak\u0131m\u0131<\/strong>! Kabuk tamamen d\u00fc\u015ft\u00fckten sonra, \u00f6zel yara izi jelleri (genellikle silikon bazl\u0131) veya nemlendirici merhemler s\u00fcr\u00fclebilir.<\/li>\n\n\n\n<li><strong>DO:<\/strong> Dokudaki yap\u0131\u015f\u0131kl\u0131klar\u0131 gidermek i\u00e7in (doktorun talimat\u0131na g\u00f6re) dikkatli ve nazik yara izi masajlar\u0131na ba\u015flan\u0131r.<\/li>\n\n\n\n<li><strong>YAPMAYIN:<\/strong> Gerilme ve esnemeden ka\u00e7\u0131n\u0131n. Yeni diki\u015fin y\u0131rt\u0131lmamas\u0131 i\u00e7in spor yapmak genellikle h\u00e2l\u00e2 yasakt\u0131r.<\/li>\n<\/ul>\n<\/div>\n\n\n\n<h3 class=\"wp-block-heading\" id=\"phase-4-die-remodellierungsphase-reifungsphase\">4. A\u015fama: Yeniden \u015fekillenme a\u015famas\u0131 (olgunla\u015fma a\u015famas\u0131)<\/h3>\n\n\n\n<ul class=\"wp-block-list\">\n<li><strong>Ne zaman:<\/strong> Ameliyattan sonraki 4. haftadan itibaren 2 y\u0131la kadar.<\/li>\n\n\n\n<li><strong>Neler oluyor:<\/strong> 3. a\u015famadaki kal\u0131n ve d\u00fczensiz kolajen, yava\u015f yava\u015f daha stabil ve paralel olarak hizalanm\u0131\u015f kolajenle yer de\u011fi\u015ftirir. Yara izine giden kan ak\u0131\u015f\u0131 azal\u0131r; bu da koyu k\u0131rm\u0131z\u0131 rengin yava\u015f yava\u015f soluk pembeye, ard\u0131ndan da beyaz-g\u00fcm\u00fc\u015f rengine d\u00f6n\u00fc\u015fmesine neden olur. Yara izi daha yumu\u015fak ve daha d\u00fcz hale gelir.<\/li>\n\n\n\n<li><strong>O his:<\/strong> Yara izi dokuya giderek daha fazla uyum sa\u011fl\u0131yor, gerginlik hissi ortadan kalk\u0131yor.<\/li>\n<\/ul>\n\n\n\n<div class=\"wp-block-group is-style-boxed has-white-warm-background-color has-background is-layout-constrained wp-block-group-is-layout-constrained\">\n<p class=\"wp-block-paragraph\"><strong>4. A\u015famada Yap\u0131lmas\u0131 ve Yap\u0131lmamas\u0131 Gerekenler:<\/strong><\/p>\n\n<ul class=\"wp-block-list\">\n<li><strong>DO:<\/strong> Daha tutarl\u0131, <strong>g\u00fcnl\u00fck g\u00fcne\u015f korumas\u0131 (SPF 50+)<\/strong> En az 12 ay boyunca yara izine dikkat edin! Yeni olu\u015fan yara dokusu kendi ba\u015f\u0131na UV korumas\u0131 sa\u011flamaz. G\u00fcne\u015f kremi kullan\u0131lmad\u0131\u011f\u0131nda, kal\u0131c\u0131 bir koyula\u015fma veya. <a href=\"https:\/\/4beauty-website-stage.247grad.de\/tr\/soezluek\/pigment-bozuklugu\/\">Pigment bozuklu\u011fu<\/a> (Hiperpigmentasyon).<\/li>\n\n\n\n<li><strong>DO:<\/strong> \u015ei\u015fkin yara izleri durumunda mutlaka silikon yara band\u0131 kullan\u0131n.<\/li>\n<\/ul>\n<\/div>\n\n\n\n<h2 class=\"wp-block-heading\" id=\"wundheilungsstorungen-und-finanzielle-absicherung\">Yara iyile\u015fme bozukluklar\u0131 ve mali g\u00fcvence<\/h2>\n\n\n\n<p class=\"wp-block-paragraph\">T\u00fcm davran\u0131\u015f kurallar\u0131na m\u00fckemmel bir \u015fekilde uyulsa bile yara iyile\u015fmesi istenen seyrinden sapabilir. 1. a\u015famada meydana gelen bir enfeksiyon veya sonraki a\u015famalarda a\u015f\u0131r\u0131 kolajen \u00fcretimi (hipertrofik yara izleri veya keloidler), estetik sonucu tehlikeye atabilir. Bu durumlarda bazen cerrahi yara izi d\u00fczeltme i\u015flemleri gerekli olabilir.<\/p>\n\n\n\n<p class=\"wp-block-paragraph\">Yasal ve \u00f6zel sa\u011fl\u0131k sigortalar\u0131, estetik ameliyatlar sonras\u0131 ortaya \u00e7\u0131kan komplikasyonlar\u0131n tedavi masraflar\u0131n\u0131 genellikle kar\u015f\u0131lamad\u0131klar\u0131 veya tam olarak kar\u015f\u0131lamad\u0131klar\u0131 i\u00e7in, bu durum mali bir risk olu\u015fturmaktad\u0131r. Bir <a href=\"https:\/\/4beauty-website-stage.247grad.de\/tr\/sonraki-masraf-sigortasi\/\"><strong>Sonras\u0131 Maliyet Sigortas\u0131<\/strong><\/a> Sizi bundan koruyabilir ve yara iyile\u015fme bozukluklar\u0131 nedeniyle t\u0131bbi olarak gerekli olan takip tedavilerinin masraflar\u0131n\u0131 kar\u015f\u0131layabilir. Alternatif olarak, siz de <a href=\"https:\/\/4beauty-website-stage.247grad.de\/tr\/finansman\/\">Tedavi masraflar\u0131n\u0131 kar\u015f\u0131lamak<\/a>.<\/p>\n\n\n\n<h2 class=\"wp-block-heading\" id=\"haufig-gestellte-fragen-faq-zur-narbenheilung\">Yara izlerinin iyile\u015fmesi ile ilgili s\u0131k sorulan sorular (SSS)<\/h2>\n\n\n\n<div data-wp-context=\"{ &quot;autoclose&quot;: false, &quot;accordionItems&quot;: [] }\" data-wp-interactive=\"core\/accordion\" role=\"group\" class=\"wp-block-accordion is-layout-flow wp-block-accordion-is-layout-flow\">\n<div data-wp-class--is-open=\"state.isOpen\" data-wp-context=\"{ &quot;id&quot;: &quot;accordion-item-1&quot;, &quot;openByDefault&quot;: false }\" data-wp-init=\"callbacks.initAccordionItems\" data-wp-on-window--hashchange=\"callbacks.hashChange\" class=\"wp-block-accordion-item is-layout-flow wp-block-accordion-item-is-layout-flow\">\n<h3 class=\"wp-block-accordion-heading\"><button aria-expanded=\"false\" aria-controls=\"accordion-item-1-panel\" data-wp-bind--aria-expanded=\"state.isOpen\" data-wp-on--click=\"actions.toggle\" id=\"accordion-item-1\" type=\"button\" class=\"wp-block-accordion-heading__toggle\"><span class=\"wp-block-accordion-heading__toggle-title\">Bir yara izi ne zaman tamamen iyile\u015fir?<\/span><span class=\"wp-block-accordion-heading__toggle-icon\" aria-hidden=\"true\">+<\/span><\/button><\/h3>\n\n\n\n<div aria-labelledby=\"accordion-item-1\" data-wp-bind--hidden=\"state.isHidden\" data-wp-on--beforematch=\"actions.handleBeforeMatch\" id=\"accordion-item-1-panel\" role=\"region\" class=\"wp-block-accordion-panel is-layout-flow wp-block-accordion-panel-is-layout-flow\">\n<p class=\"wp-block-paragraph\">Bir yara izinin olgunla\u015fma s\u00fcreci (yeniden \u015fekillenme a\u015famas\u0131) olduk\u00e7a uzun s\u00fcrer. Yara izi, ancak yakla\u015f\u0131k 12 ila 18 ay sonra, bazen hatta 2 y\u0131l sonra nihai, soluk ve yumu\u015fak g\u00f6r\u00fcn\u00fcm\u00fcne kavu\u015fur.<\/p>\n<\/div>\n<\/div>\n\n\n\n<div data-wp-class--is-open=\"state.isOpen\" data-wp-context=\"{ &quot;id&quot;: &quot;accordion-item-2&quot;, &quot;openByDefault&quot;: false }\" data-wp-init=\"callbacks.initAccordionItems\" data-wp-on-window--hashchange=\"callbacks.hashChange\" class=\"wp-block-accordion-item is-layout-flow wp-block-accordion-item-is-layout-flow\">\n<h3 class=\"wp-block-accordion-heading\"><button aria-expanded=\"false\" aria-controls=\"accordion-item-2-panel\" data-wp-bind--aria-expanded=\"state.isOpen\" data-wp-on--click=\"actions.toggle\" id=\"accordion-item-2\" type=\"button\" class=\"wp-block-accordion-heading__toggle\"><span class=\"wp-block-accordion-heading__toggle-title\">Neden yara izim bu kadar \u00e7ok ka\u015f\u0131n\u0131yor?<\/span><span class=\"wp-block-accordion-heading__toggle-icon\" aria-hidden=\"true\">+<\/span><\/button><\/h3>\n\n\n\n<div aria-labelledby=\"accordion-item-2\" data-wp-bind--hidden=\"state.isHidden\" data-wp-on--beforematch=\"actions.handleBeforeMatch\" id=\"accordion-item-2-panel\" role=\"region\" class=\"wp-block-accordion-panel is-layout-flow wp-block-accordion-panel-is-layout-flow\">\n<p class=\"wp-block-paragraph\">Ka\u015f\u0131nt\u0131, \u00f6zellikle gran\u00fclasyon ve erken onar\u0131m a\u015famalar\u0131nda (2. haftadan itibaren), genellikle sinir liflerinin uzad\u0131\u011f\u0131n\u0131n ve yeni doku olu\u015ftu\u011funun bir i\u015faretidir. Bu, \u00e7o\u011funlukla aktif iyile\u015fmenin iyi bir i\u015faretidir. Ancak ka\u015f\u0131mak kesinlikle yasakt\u0131r.<\/p>\n<\/div>\n<\/div>\n\n\n\n<div data-wp-class--is-open=\"state.isOpen\" data-wp-context=\"{ &quot;id&quot;: &quot;accordion-item-3&quot;, &quot;openByDefault&quot;: false }\" data-wp-init=\"callbacks.initAccordionItems\" data-wp-on-window--hashchange=\"callbacks.hashChange\" class=\"wp-block-accordion-item is-layout-flow wp-block-accordion-item-is-layout-flow\">\n<h3 class=\"wp-block-accordion-heading\"><button aria-expanded=\"false\" aria-controls=\"accordion-item-3-panel\" data-wp-bind--aria-expanded=\"state.isOpen\" data-wp-on--click=\"actions.toggle\" id=\"accordion-item-3\" type=\"button\" class=\"wp-block-accordion-heading__toggle\"><span class=\"wp-block-accordion-heading__toggle-title\">Yara izimi ne zaman masaj yapmaya ba\u015flayabilirim?<\/span><span class=\"wp-block-accordion-heading__toggle-icon\" aria-hidden=\"true\">+<\/span><\/button><\/h3>\n\n\n\n<div aria-labelledby=\"accordion-item-3\" data-wp-bind--hidden=\"state.isHidden\" data-wp-on--beforematch=\"actions.handleBeforeMatch\" id=\"accordion-item-3-panel\" role=\"region\" class=\"wp-block-accordion-panel is-layout-flow wp-block-accordion-panel-is-layout-flow\">\n<p class=\"wp-block-paragraph\">Yara izi masaj\u0131na ancak yara tamamen kapanm\u0131\u015f, kurumu\u015f ve kabuk kalmam\u0131\u015fsa ba\u015flanabilir. Genellikle bu durum ameliyattan yakla\u015f\u0131k 3 hafta sonra ger\u00e7ekle\u015fir. Kesin zamanlamay\u0131 her zaman cerrah\u0131n\u0131zla g\u00f6r\u00fc\u015f\u00fcn.<\/p>\n<\/div>\n<\/div>\n\n\n\n<div data-wp-class--is-open=\"state.isOpen\" data-wp-context=\"{ &quot;id&quot;: &quot;accordion-item-4&quot;, &quot;openByDefault&quot;: false }\" data-wp-init=\"callbacks.initAccordionItems\" data-wp-on-window--hashchange=\"callbacks.hashChange\" class=\"wp-block-accordion-item is-layout-flow wp-block-accordion-item-is-layout-flow\">\n<h3 class=\"wp-block-accordion-heading\"><button aria-expanded=\"false\" aria-controls=\"accordion-item-4-panel\" data-wp-bind--aria-expanded=\"state.isOpen\" data-wp-on--click=\"actions.toggle\" id=\"accordion-item-4\" type=\"button\" class=\"wp-block-accordion-heading__toggle\"><span class=\"wp-block-accordion-heading__toggle-title\">Silikon yamalar yara izlerinin iyile\u015fmesine yard\u0131mc\u0131 olur mu?<\/span><span class=\"wp-block-accordion-heading__toggle-icon\" aria-hidden=\"true\">+<\/span><\/button><\/h3>\n\n\n\n<div aria-labelledby=\"accordion-item-4\" data-wp-bind--hidden=\"state.isHidden\" data-wp-on--beforematch=\"actions.handleBeforeMatch\" id=\"accordion-item-4-panel\" role=\"region\" class=\"wp-block-accordion-panel is-layout-flow wp-block-accordion-panel-is-layout-flow\">\n<p class=\"wp-block-paragraph\">Evet, \u00e7ok iyi. T\u0131bbi silikon yamalar veya silikon jeller, cildin nemini (hidrasyon) koruyan bir koruyucu tabaka olu\u015fturur. Bu durum, fibroblastlara kolajen \u00fcretimini azaltmalar\u0131 i\u00e7in sinyal g\u00f6nderir ve bu da kal\u0131n, kabar\u0131k yara izlerinin (hipertrofi) olu\u015fumunu etkili bir \u015fekilde \u00f6nler.<\/p>\n<\/div>\n<\/div>\n<\/div>","protected":false},"excerpt":{"rendered":"<p>Ameliyat sonras\u0131 yara iyile\u015fmesi birka\u00e7 a\u015famadan ge\u00e7er; taze yaran\u0131n, ince ve soluk bir \u00e7izgiye d\u00f6n\u00fc\u015fmesi aylar s\u00fcrer.<\/p>","protected":false},"template":"","class_list":["post-700","glossary","type-glossary","status-publish","hentry"],"acf":[],"_links":{"self":[{"href":"https:\/\/4beauty-website-stage.247grad.de\/tr\/wp-json\/wp\/v2\/glossary\/700","targetHints":{"allow":["GET"]}}],"collection":[{"href":"https:\/\/4beauty-website-stage.247grad.de\/tr\/wp-json\/wp\/v2\/glossary"}],"about":[{"href":"https:\/\/4beauty-website-stage.247grad.de\/tr\/wp-json\/wp\/v2\/types\/glossary"}],"wp:attachment":[{"href":"https:\/\/4beauty-website-stage.247grad.de\/tr\/wp-json\/wp\/v2\/media?parent=700"}],"curies":[{"name":"wp","href":"https:\/\/api.w.org\/{rel}","templated":true}]}}