{"id":703,"date":"2026-08-20T17:06:42","date_gmt":"2026-08-20T15:06:42","guid":{"rendered":"https:\/\/4beauty-website-stage.247grad.de\/glossar\/narkose-langzeitfolgen\/"},"modified":"2026-08-28T11:53:44","modified_gmt":"2026-08-28T09:53:44","slug":"narkose-langzeitfolgen","status":"publish","type":"glossary","link":"https:\/\/4beauty-website-stage.247grad.de\/tr\/glossar\/narkose-langzeitfolgen\/","title":{"rendered":"Narkose Langzeitfolgen: Was nach dem Eingriff im K\u00f6rper passiert"},"content":{"rendered":"<div class=\"wp-block-group is-style-boxed has-apricot-light-background-color has-background is-layout-constrained wp-block-group-is-layout-constrained\">\n<p class=\"wp-block-paragraph\"><strong>Narkose Langzeitfolgen:<\/strong><\/p>\n\n<p class=\"wp-block-paragraph\">Narkose Langzeitfolgen sind neurologische und kognitive Beeintr\u00e4chtigungen, die nach einer Vollnarkose \u00fcber den unmittelbaren Aufwachzeitraum hinaus bestehen. Sie umfassen vor allem postoperatives Delir und postoperative kognitive Dysfunktion und betreffen besonders \u00e4ltere Patienten oder Personen mit Vorerkrankungen.<\/p>\n<\/div>\n\n\n\n<div class=\"wp-block-rank-math-toc-block\" id=\"rank-math-toc\"><h2>\u0130\u00e7indekiler<\/h2><nav><ul><li class=\"\"><a href=\"#wie-narkose-langzeitfolgen-entstehen\">Wie Narkose Langzeitfolgen entstehen<\/a><\/li><li class=\"\"><a href=\"#postoperatives-delir-und-pocd-die-zwei-hauptformen-der-narkose-langzeitfolgen\">Postoperatives Delir und POCD: die zwei Hauptformen der Narkose Langzeitfolgen<\/a><\/li><li class=\"\"><a href=\"#reversibel-oder-dauerhaft-prognose-der-narkose-langzeitfolgen\">Reversibel oder dauerhaft? Prognose der Narkose Langzeitfolgen<\/a><\/li><li class=\"\"><a href=\"#wer-ist-besonders-gefahrdet-risikofaktoren-fur-narkose-langzeitfolgen\">Wer ist besonders gef\u00e4hrdet? Risikofaktoren f\u00fcr Narkose Langzeitfolgen<\/a><\/li><li class=\"\"><a href=\"#was-patienten-vor-der-narkose-tun-konnen\">Was Patienten vor der Narkose tun k\u00f6nnen<\/a><\/li><li class=\"\"><a href=\"#was-patienten-nach-der-narkose-tun-konnen\">Was Patienten nach der Narkose tun k\u00f6nnen<\/a><\/li><li class=\"\"><a href=\"#narkosekomplikationen-nach-schonheitsoperationen-finanzielle-absicherung\">Narkosekomplikationen nach Sch\u00f6nheitsoperationen: finanzielle Absicherung<\/a><\/li><li class=\"\"><a href=\"#haufig-gestellte-fragen-zu-narkose-langzeitfolgen\">H\u00e4ufig gestellte Fragen zu Narkose Langzeitfolgen<\/a><\/li><\/ul><\/nav><\/div>\n\n\n\n<div class=\"wp-block-group is-style-boxed has-white-warm-background-color has-background is-layout-constrained wp-block-group-is-layout-constrained\">\n<p class=\"wp-block-paragraph\"><strong>\u00d6nemli uyar\u0131<\/strong><\/p>\n\n\n\n<p class=\"wp-block-paragraph\">Bu makale yaln\u0131zca bilgilendirme ama\u00e7l\u0131d\u0131r ve t\u0131bbi tan\u0131 veya tavsiyenin yerini almaz. Herhangi bir belirsizlik durumunda ve ki\u015fiye \u00f6zel bir tedavi plan\u0131 haz\u0131rlamak i\u00e7in, uzman bir hekimle g\u00f6r\u00fc\u015fmek \u015fartt\u0131r.<\/p>\n<\/div>\n\n\n\n<p class=\"wp-block-paragraph\">Wer eine Operation unter Vollnarkose plant, fragt sich h\u00e4ufig, welche Auswirkungen die An\u00e4sthesie \u00fcber den Eingriff hinaus haben kann. \u00dcbelkeit und Schwindel in den ersten Stunden nach dem Aufwachen kennen viele, doch ein Teil der Patienten erlebt Beschwerden, die Wochen oder Monate anhalten. Die Forschung der letzten Jahre hat gezeigt, dass das Gehirn auf Narkosemittel empfindlicher reagiert, als lange angenommen.<\/p>\n\n\n\n<figure class=\"wp-block-image size-large\"><img loading=\"lazy\" decoding=\"async\" width=\"1536\" height=\"1024\" src=\"https:\/\/4beauty-website-stage.247grad.de\/wp-content\/uploads\/2026\/08\/2026-07_01-illustration-wie-narkosemittel-auf-das-gehirn-wirken-und-wel.png\" alt=\"Illustration: Wie Narkosemittel auf das Gehirn wirken und welche Langzeitfolgen entstehen k\u00f6nnen\" class=\"wp-image-480\" srcset=\"https:\/\/4beauty-website-stage.247grad.de\/wp-content\/uploads\/2026\/08\/2026-07_01-illustration-wie-narkosemittel-auf-das-gehirn-wirken-und-wel.png 1536w, https:\/\/4beauty-website-stage.247grad.de\/wp-content\/uploads\/2026\/08\/2026-07_01-illustration-wie-narkosemittel-auf-das-gehirn-wirken-und-wel-900x600.png 900w, https:\/\/4beauty-website-stage.247grad.de\/wp-content\/uploads\/2026\/08\/2026-07_01-illustration-wie-narkosemittel-auf-das-gehirn-wirken-und-wel-300x200.png 300w, https:\/\/4beauty-website-stage.247grad.de\/wp-content\/uploads\/2026\/08\/2026-07_01-illustration-wie-narkosemittel-auf-das-gehirn-wirken-und-wel-768x512.png 768w, https:\/\/4beauty-website-stage.247grad.de\/wp-content\/uploads\/2026\/08\/2026-07_01-illustration-wie-narkosemittel-auf-das-gehirn-wirken-und-wel-1024x683.png 1024w, https:\/\/4beauty-website-stage.247grad.de\/wp-content\/uploads\/2026\/08\/2026-07_01-illustration-wie-narkosemittel-auf-das-gehirn-wirken-und-wel-18x12.png 18w, https:\/\/4beauty-website-stage.247grad.de\/wp-content\/uploads\/2026\/08\/2026-07_01-illustration-wie-narkosemittel-auf-das-gehirn-wirken-und-wel-40x27.png 40w\" sizes=\"auto, (max-width: 1536px) 100vw, 1536px\" \/><\/figure>\n\n\n\n<h2 class=\"wp-block-heading\" id=\"wie-narkose-langzeitfolgen-entstehen\">Wie Narkose Langzeitfolgen entstehen<\/h2>\n\n\n\n<div class=\"wp-block-group is-style-boxed has-apricot-light-background-color has-background is-layout-constrained wp-block-group-is-layout-constrained\">\n<p class=\"wp-block-paragraph\"><strong>En \u00f6nemli noktalar bir bak\u0131\u015fta:<\/strong><\/p>\n\n<ul class=\"wp-block-list\">\n<li>Narkosemittel hemmen elektrische Signale zwischen Nervenzellen im Gehirn<\/li>\n\n\n\n<li>Ein Blutdruckabfall w\u00e4hrend der Operation reduziert die Hirnperfusion<\/li>\n\n\n\n<li>Verl\u00e4ngerte Narkosen ver\u00e4ndern synaptische Verbindungen strukturell<\/li>\n\n\n\n<li>Die Effekte sind mehrheitlich reversibel, k\u00f6nnen aber Monate anhalten<\/li>\n<\/ul>\n<\/div>\n\n\n\n<p class=\"wp-block-paragraph\">Narkose Langzeitfolgen entstehen durch das Zusammenspiel mehrerer biologischer Mechanismen. An\u00e4sthetika blockieren Ionenkan\u00e4le an Nervenzellen, wodurch die elektrische Signal\u00fcbertragung im Gehirn w\u00e4hrend des Eingriffs unterbrochen wird. Dieser Zustand ist gewollt \u2014 er macht schmerzfreies Operieren erst m\u00f6glich. Die Frage, wie vollst\u00e4ndig sich das Gehirn danach erholt, h\u00e4ngt von verschiedenen Faktoren ab.<\/p>\n\n\n\n<h3 class=\"wp-block-heading\" id=\"mechanismus-1-hemmung-der-nervensignale\">Mechanismus 1: Hemmung der Nervensignale<\/h3>\n\n\n\n<p class=\"wp-block-paragraph\">An\u00e4sthetika wie Propofol oder volatile Gase (z. B. Sevofluran) unterbrechen gezielt die Reizweiterleitung zwischen den Nervenzellen. Das Gehirn wechselt dabei in einen Zustand verminderter elektrischer Aktivit\u00e4t. Nach dem Abklingen der Medikamente reaktiviert sich das neuronale Netzwerk schrittweise. Bei manchen Patienten dauert dieser Prozess deutlich l\u00e4nger als bei anderen.<\/p>\n\n\n\n<h3 class=\"wp-block-heading\" id=\"mechanismus-2-blutdruckabfall-und-hirnperfusion\">Mechanismus 2: Blutdruckabfall und Hirnperfusion<\/h3>\n\n\n\n<p class=\"wp-block-paragraph\">W\u00e4hrend einer Narkose kann der Blutdruck sinken. F\u00e4llt die Durchblutung des Gehirns dabei unter einen kritischen Schwellenwert, ist die Sauerstoffversorgung einzelner Hirnregionen kurzzeitig eingeschr\u00e4nkt. Laut einem Experteninterview der Charit\u00e9 Berlin ist dieser Effekt eine zentrale Ursache f\u00fcr postoperatives Delir. An\u00e4sthesisten \u00fcberwachen den Kreislauf w\u00e4hrend des gesamten Eingriffs deshalb engmaschig.<\/p>\n\n\n\n<h3 class=\"wp-block-heading\" id=\"mechanismus-3-synaptische-veranderungen-durch-verlangerte-narkose\">Mechanismus 3: Synaptische Ver\u00e4nderungen durch verl\u00e4ngerte Narkose<\/h3>\n\n\n\n<p class=\"wp-block-paragraph\">Forscher der Columbia University und der Universit\u00e4t Bonn haben mittels Zwei-Photonen-Mikroskopie im lebenden Gehirn gezeigt, dass verl\u00e4ngerte Narkosen die Struktur synaptischer Verbindungen ver\u00e4ndern k\u00f6nnen. Die Studie erschien im Fachjournal PNAS. Hauptautor Dr. Michael Wenzel betonte, dass \u00dcberlebende langer intensivmedizinischer Narkosen dauerhaften Beeintr\u00e4chtigungen wie Verwirrung oder Ged\u00e4chtnisverlust ausgesetzt sein k\u00f6nnen. Diese Erkenntnisse beziehen sich auf Langzeit-Sedierungen, nicht auf kurze Routinenarkosen.<\/p>\n\n\n\n<p class=\"wp-block-paragraph\">Laut der prospektiven Maastricht Aging Study (MAAS), die 1.823 kognitiv gesunde Probanden zwischen 25 und 84 Jahren \u00fcber zw\u00f6lf Jahre begleitete (Pennings et al. 2025), zeigt sich in drei von vier kognitiven Dom\u00e4nen ein signifikanter negativer Zusammenhang zwischen kumulativer An\u00e4sthesiedauer und kognitivem Abbau. Das verbale Ged\u00e4chtnis war nicht signifikant betroffen.<\/p>\n\n\n\n<h2 class=\"wp-block-heading\" id=\"postoperatives-delir-und-pocd-die-zwei-hauptformen-der-narkose-langzeitfolgen\">Postoperatives Delir und POCD: die zwei Hauptformen der Narkose Langzeitfolgen<\/h2>\n\n\n\n<div class=\"wp-block-group is-style-boxed has-apricot-light-background-color has-background is-layout-constrained wp-block-group-is-layout-constrained\">\n<p class=\"wp-block-paragraph\"><strong>En \u00f6nemli noktalar bir bak\u0131\u015fta:<\/strong><\/p>\n\n<ul class=\"wp-block-list\">\n<li>Postoperatives Delir (POD): akute Verwirrtheit in den ersten Tagen nach dem Eingriff<\/li>\n\n\n\n<li>Postoperative kognitive Dysfunktion (POCD): schleichender Abbau \u00fcber Wochen bis Monate<\/li>\n\n\n\n<li>Beide Formen geh\u00f6ren zu den perioperativen neurokognitiven St\u00f6rungen (PND)<\/li>\n\n\n\n<li>PND tritt gem\u00e4\u00df Gelber Liste bei 11,7 bis 63 % der Patienten nach chirurgischen Eingriffen auf<\/li>\n<\/ul>\n<\/div>\n\n\n\n<h3 class=\"wp-block-heading\" id=\"postoperatives-delir-pod-verwirrtheit-als-haufigste-akutfolge\">Postoperatives Delir (POD): Verwirrtheit als h\u00e4ufigste Akutfolge<\/h3>\n\n\n\n<p class=\"wp-block-paragraph\">Postoperatives Delir ist eine akute Bewusstseinsst\u00f6rung, die typischerweise innerhalb der ersten 72 Stunden nach einer Operation auftritt. Betroffene wirken desorientiert, erkennen Angeh\u00f6rige nicht und schlafen tags\u00fcber, w\u00e4hrend sie nachts unruhig sind. Manche erleben Halluzinationen oder werden aggressiv. Das Delir gilt als medizinischer Notfall, weil es die Erholung verz\u00f6gert und das Risiko f\u00fcr dauerhafte kognitive Sch\u00e4den erh\u00f6ht.<\/p>\n\n\n\n<svg aria-label=\"Vergleich: Postoperatives Delir vs. Postoperative Kognitive Dysfunktion nach zeitlichem Verlauf\" role=\"img\" style=\"width:100%;max-width:800px;display:block;\" viewbox=\"0 0 800 420\" xmlns=\"http:\/\/www.w3.org\/2000\/svg\">\n<rect fill=\"var(--surface, #f9fafb)\" height=\"420\" rx=\"12\" width=\"800\"><\/rect>\n<text fill=\"#333333\" font-family=\"'Roboto Slab', Georgia, serif\" font-size=\"16\" font-weight=\"600\" text-anchor=\"middle\" x=\"400\" y=\"38\">Postoperatives Delir (POD) vs. Postoperative Kognitive Dysfunktion (POCD)<\/text>\n<text fill=\"#777777\" font-family=\"'Montserrat', sans-serif\" font-size=\"12\" text-anchor=\"middle\" x=\"400\" y=\"58\">Zeitlicher Verlauf und wesentliche Unterschiede nach einer Narkose<\/text>\n<line stroke=\"#d1d5db\" stroke-width=\"2\" x1=\"60\" x2=\"740\" y1=\"200\" y2=\"200\"><\/line>\n<circle cx=\"100\" cy=\"200\" fill=\"#f14d97\" r=\"8\"><\/circle>\n<text fill=\"#f14d97\" font-family=\"'Montserrat', sans-serif\" font-size=\"11\" font-weight=\"700\" text-anchor=\"middle\" x=\"100\" y=\"222\">OP<\/text>\n<circle cx=\"230\" cy=\"200\" fill=\"#d1d5db\" r=\"6\"><\/circle>\n<text fill=\"#666666\" font-family=\"'Montserrat', sans-serif\" font-size=\"11\" text-anchor=\"middle\" x=\"230\" y=\"222\">1.\u20133. G\u00fcn<\/text>\n<circle cx=\"370\" cy=\"200\" fill=\"#d1d5db\" r=\"6\"><\/circle>\n<text fill=\"#666666\" font-family=\"'Montserrat', sans-serif\" font-size=\"11\" text-anchor=\"middle\" x=\"370\" y=\"222\">Woche 1<\/text>\n<circle cx=\"530\" cy=\"200\" fill=\"#d1d5db\" r=\"6\"><\/circle>\n<text fill=\"#666666\" font-family=\"'Montserrat', sans-serif\" font-size=\"11\" text-anchor=\"middle\" x=\"530\" y=\"222\">Woche 4\u201312<\/text>\n<circle cx=\"700\" cy=\"200\" fill=\"#d1d5db\" r=\"6\"><\/circle>\n<text fill=\"#666666\" font-family=\"'Montserrat', sans-serif\" font-size=\"11\" text-anchor=\"middle\" x=\"700\" y=\"222\">Monate \/ Jahre<\/text>\n<path d=\"M 100 200 C 140 110, 200 90, 260 150 C 290 170, 310 195, 340 200\" fill=\"none\" stroke=\"#f14d97\" stroke-linecap=\"round\" stroke-width=\"3\"><\/path>\n<rect fill=\"#fff0f5\" height=\"64\" rx=\"6\" stroke=\"#f14d97\" stroke-width=\"1.5\" width=\"170\" x=\"112\" y=\"80\"><\/rect>\n<text fill=\"#f14d97\" font-family=\"'Montserrat', sans-serif\" font-size=\"12\" font-weight=\"700\" text-anchor=\"middle\" x=\"197\" y=\"100\">Postoperatives Delir<\/text>\n<text fill=\"#444444\" font-family=\"'Montserrat', sans-serif\" font-size=\"10.5\" text-anchor=\"middle\" x=\"197\" y=\"117\">Beginn: Stunden bis Tage<\/text>\n<text fill=\"#444444\" font-family=\"'Montserrat', sans-serif\" font-size=\"10.5\" text-anchor=\"middle\" x=\"197\" y=\"133\">nach OP, reversibel<\/text>\n<line stroke=\"#f14d97\" stroke-dasharray=\"4 3\" stroke-width=\"1\" x1=\"197\" x2=\"185\" y1=\"144\" y2=\"165\"><\/line>\n<path d=\"M 100 200 C 200 195, 300 175, 400 160 C 500 148, 600 145, 700 148\" fill=\"none\" stroke=\"#7a00df\" stroke-dasharray=\"8 4\" stroke-linecap=\"round\" stroke-width=\"3\"><\/path>\n<rect fill=\"#f5f0ff\" height=\"80\" rx=\"6\" stroke=\"#7a00df\" stroke-width=\"1.5\" width=\"200\" x=\"490\" y=\"90\"><\/rect>\n<text fill=\"#7a00df\" font-family=\"'Montserrat', sans-serif\" font-size=\"12\" font-weight=\"700\" text-anchor=\"middle\" x=\"590\" y=\"112\">Kognitive Dysfunktion<\/text>\n<text fill=\"#444444\" font-family=\"'Montserrat', sans-serif\" font-size=\"10.5\" text-anchor=\"middle\" x=\"590\" y=\"128\">Beginn: Wochen bis Monate<\/text>\n<text fill=\"#444444\" font-family=\"'Montserrat', sans-serif\" font-size=\"10.5\" text-anchor=\"middle\" x=\"590\" y=\"144\">nach OP, teils dauerhaft<\/text>\n<text fill=\"#666666\" font-family=\"'Montserrat', sans-serif\" font-size=\"10\" text-anchor=\"middle\" x=\"590\" y=\"160\">(bei Risikogruppen)<\/text>\n<line stroke=\"#7a00df\" stroke-dasharray=\"4 3\" stroke-width=\"1\" x1=\"590\" x2=\"615\" y1=\"170\" y2=\"180\"><\/line>\n<line stroke=\"#e5e7eb\" stroke-width=\"1\" x1=\"60\" x2=\"740\" y1=\"265\" y2=\"265\"><\/line>\n<rect fill=\"#fff0f5\" height=\"120\" rx=\"8\" stroke=\"#f14d97\" stroke-width=\"1.5\" width=\"330\" x=\"60\" y=\"278\"><\/rect>\n<text fill=\"#f14d97\" font-family=\"'Roboto Slab', Georgia, serif\" font-size=\"13\" font-weight=\"600\" text-anchor=\"middle\" x=\"225\" y=\"300\">Postoperatives Delir (POD)<\/text>\n<text fill=\"#444444\" font-family=\"'Montserrat', sans-serif\" font-size=\"11\" x=\"80\" y=\"320\">Symptome: Verwirrtheit, Halluzinationen,<\/text>\n<text fill=\"#444444\" font-family=\"'Montserrat', sans-serif\" font-size=\"11\" x=\"80\" y=\"336\">Agitation, Schlaflosigkeit<\/text>\n<text fill=\"#444444\" font-family=\"'Montserrat', sans-serif\" font-size=\"11\" x=\"80\" y=\"356\">Risiko: bis zu 80 % bei beatmeten Patienten<\/text>\n<text fill=\"#444444\" font-family=\"'Montserrat', sans-serif\" font-size=\"11\" x=\"80\" y=\"374\">Dauer: Stunden bis wenige Tage<\/text>\n<rect fill=\"#f5f0ff\" height=\"120\" rx=\"8\" stroke=\"#7a00df\" stroke-width=\"1.5\" width=\"330\" x=\"410\" y=\"278\"><\/rect>\n<text fill=\"#7a00df\" font-family=\"'Roboto Slab', Georgia, serif\" font-size=\"13\" font-weight=\"600\" text-anchor=\"middle\" x=\"575\" y=\"300\">Postop. Kognitive Dysfunktion (POCD)<\/text>\n<text fill=\"#444444\" font-family=\"'Montserrat', sans-serif\" font-size=\"11\" x=\"430\" y=\"320\">Symptome: Ged\u00e4chtnis-, Konzentrations-<\/text>\n<text fill=\"#444444\" font-family=\"'Montserrat', sans-serif\" font-size=\"11\" x=\"430\" y=\"336\">und Verarbeitungsst\u00f6rungen<\/text>\n<text fill=\"#444444\" font-family=\"'Montserrat', sans-serif\" font-size=\"11\" x=\"430\" y=\"356\">Risiko: h\u00f6her bei An\u00e4sthesiedauer \u00fcber 2 h<\/text>\n<text fill=\"#444444\" font-family=\"'Montserrat', sans-serif\" font-size=\"11\" x=\"430\" y=\"374\">Dauer: Wochen bis Monate, selten dauerhaft<\/text>\n<text fill=\"#aaaaaa\" font-family=\"'Montserrat', sans-serif\" font-size=\"10\" text-anchor=\"middle\" x=\"400\" y=\"412\">Quellen: MAAS-Studie (Pennings et al., 2025); Charit\u00e9 Berlin; PND-Klassifikation 2026 | 4beauty.com<\/text>\n<\/svg>\n\n\n\n<p class=\"wp-block-paragraph\"><em>Vergleich von postoperativem Delir und postoperativer kognitiver Dysfunktion nach zeitlichem Verlauf und klinischen Merkmalen. Stand: Juli 2026.<\/em><\/p>\n\n\n\n<p class=\"wp-block-paragraph\">Besonders alarmierend: Laut Charit\u00e9 Berlin bleiben bis zu 84 % aller Delir-F\u00e4lle unerkannt, weil die Symptome als normale postoperative M\u00fcdigkeit fehlgedeutet werden. Bei beatmeten Intensivpatienten liegt die H\u00e4ufigkeit noch h\u00f6her. Der Nu-DESC-Fragebogen (Nursing Delirium Screening Scale) ist ein standardisiertes Instrument zur fr\u00fchzeitigen Erkennung, jedoch noch nicht fl\u00e4chendeckend im Einsatz.<\/p>\n\n\n\n<h3 class=\"wp-block-heading\" id=\"postoperative-kognitive-dysfunktion-pocd-wenn-die-gedachtnisleistung-nachlasst\">Postoperative Kognitive Dysfunktion (POCD): wenn die Ged\u00e4chtnisleistung nachl\u00e4sst<\/h3>\n\n\n\n<p class=\"wp-block-paragraph\">Postoperative kognitive Dysfunktion, kurz POCD, bezeichnet eine schleichende Beeintr\u00e4chtigung geistiger Funktionen, die erst Tage bis Wochen nach dem Eingriff deutlich wird. Typische Symptome sind Wortfindungsprobleme, verlangsamtes Denken, Konzentrationsschw\u00e4che und Vergesslichkeit. Betroffene beschreiben das Gef\u00fchl, nicht mehr ganz sie selbst zu sein.<\/p>\n\n\n\n<p class=\"wp-block-paragraph\">Die MAAS-Studie testete vier kognitive Dom\u00e4nen: Verarbeitungsgeschwindigkeit, exekutive Funktionen, Ged\u00e4chtnis und visuell-r\u00e4umliche F\u00e4higkeiten. In drei dieser Dom\u00e4nen war die An\u00e4sthesiedauer ein signifikanter Pr\u00e4diktor f\u00fcr sp\u00e4teres kognitives Abschneiden. POCD tritt bei Sch\u00f6nheitsoperationen aus demselben Grund auf wie bei anderen chirurgischen Eingriffen: Das Gehirn reagiert auf Narkosemittel unabh\u00e4ngig vom Anlass des Eingriffs.<\/p>\n\n\n\n<figure class=\"wp-block-image size-large\"><img loading=\"lazy\" decoding=\"async\" width=\"1536\" height=\"1024\" src=\"https:\/\/4beauty-website-stage.247grad.de\/wp-content\/uploads\/2026\/08\/2026-07_02-vergleich-verlauf-von-postoperativem-delir-pod-und-postopera.png\" alt=\"Vergleich: Verlauf von postoperativem Delir (POD) und postoperativer kognitiver Dysfunktion (POCD) nach einer Narkose\" class=\"wp-image-517\" srcset=\"https:\/\/4beauty-website-stage.247grad.de\/wp-content\/uploads\/2026\/08\/2026-07_02-vergleich-verlauf-von-postoperativem-delir-pod-und-postopera.png 1536w, https:\/\/4beauty-website-stage.247grad.de\/wp-content\/uploads\/2026\/08\/2026-07_02-vergleich-verlauf-von-postoperativem-delir-pod-und-postopera-900x600.png 900w, https:\/\/4beauty-website-stage.247grad.de\/wp-content\/uploads\/2026\/08\/2026-07_02-vergleich-verlauf-von-postoperativem-delir-pod-und-postopera-300x200.png 300w, https:\/\/4beauty-website-stage.247grad.de\/wp-content\/uploads\/2026\/08\/2026-07_02-vergleich-verlauf-von-postoperativem-delir-pod-und-postopera-768x512.png 768w, https:\/\/4beauty-website-stage.247grad.de\/wp-content\/uploads\/2026\/08\/2026-07_02-vergleich-verlauf-von-postoperativem-delir-pod-und-postopera-1024x683.png 1024w, https:\/\/4beauty-website-stage.247grad.de\/wp-content\/uploads\/2026\/08\/2026-07_02-vergleich-verlauf-von-postoperativem-delir-pod-und-postopera-18x12.png 18w, https:\/\/4beauty-website-stage.247grad.de\/wp-content\/uploads\/2026\/08\/2026-07_02-vergleich-verlauf-von-postoperativem-delir-pod-und-postopera-40x27.png 40w\" sizes=\"auto, (max-width: 1536px) 100vw, 1536px\" \/><\/figure>\n\n\n\n<h2 class=\"wp-block-heading\" id=\"reversibel-oder-dauerhaft-prognose-der-narkose-langzeitfolgen\">Reversibel oder dauerhaft? Prognose der Narkose Langzeitfolgen<\/h2>\n\n\n\n<p class=\"wp-block-paragraph\">Narkose Langzeitfolgen lassen sich in reversible und potenziell dauerhafte Verl\u00e4ufe unterscheiden. Diese Differenzierung ist f\u00fcr die Einsch\u00e4tzung des pers\u00f6nlichen Risikos entscheidend.<\/p>\n\n\n\n<div class=\"wp-block-group is-layout-grid wp-container-core-group-is-layout-bb0cbca6 wp-block-group-is-layout-grid\">\n<div class=\"wp-block-group is-style-boxed has-white-warm-background-color has-background is-layout-constrained wp-block-group-is-layout-constrained\">\n<p class=\"wp-block-paragraph\"><strong>Reversible Folgen<\/strong><\/p>\n\n<p class=\"wp-block-paragraph\">Postoperatives Delir (klingt ab); POCD bei jungen, gesunden Patienten; Konzentrationsprobleme nach kurzer Narkosedauer; Wortfindungsprobleme in den ersten Wochen.<\/p>\n<\/div>\n\n<div class=\"wp-block-group is-style-boxed has-white-warm-background-color has-background is-layout-constrained wp-block-group-is-layout-constrained\">\n<p class=\"wp-block-paragraph\"><strong>Erh\u00f6htes Risiko f\u00fcr anhaltende Folgen<\/strong><\/p>\n\n<p class=\"wp-block-paragraph\">POCD bei Patienten \u00fcber 65 Jahre; Mehrfache oder sehr lange Narkosen; Vorbestehende Demenz oder MCI; Schwerwiegendes Delir ohne Behandlung.<\/p>\n<\/div>\n<\/div>\n\n\n\n<p class=\"wp-block-paragraph\">Dauerhafte schwere Hirnsch\u00e4den nach einer einzelnen Routinenarkose bei ansonsten gesunden Erwachsenen gelten als selten. Die MAAS-Studie zeigte einen statistischen Zusammenhang zwischen kumulativer An\u00e4sthesiedauer und kognitivem Abbau \u2014 keinen Beweis f\u00fcr irreversible Sch\u00e4den nach einem Standardeingriff. Risiken steigen mit Anzahl und Dauer der Narkosen, nicht durch einen einmaligen Eingriff.<\/p>\n\n\n\n<h2 class=\"wp-block-heading\" id=\"wer-ist-besonders-gefahrdet-risikofaktoren-fur-narkose-langzeitfolgen\">Wer ist besonders gef\u00e4hrdet? Risikofaktoren f\u00fcr Narkose Langzeitfolgen<\/h2>\n\n\n\n<p class=\"wp-block-paragraph\">Das individuelle Risiko f\u00fcr Narkose Langzeitfolgen h\u00e4ngt von mehreren messbaren Faktoren ab. Die folgende Tabelle zeigt, welche Patientengruppen besonders aufmerksam sein sollten:<\/p>\n\n\n\n<figure class=\"wp-block-table\"><table class=\"has-fixed-layout\"><thead><tr><th>Risikofaktor<\/th><th>Auswirkung auf Langzeitfolgen<\/th><th>Evidenz<\/th><\/tr><\/thead><tbody><tr><td>Alter \u00fcber 65 Jahre<\/td><td>Deutlich erh\u00f6htes Delir- und POCD-Risiko<\/td><td>MAAS-Studie, Charit\u00e9 Berlin<\/td><\/tr><tr><td>Bluthochdruck, Diabetes, Herzerkrankungen<\/td><td>Verst\u00e4rken kognitiven Abbau durch eingeschr\u00e4nkte Hirnperfusion<\/td><td>MAAS-Studie (Pennings et al. 2025)<\/td><\/tr><tr><td>Lange oder kumulative An\u00e4sthesiedauer<\/td><td>Dosisabh\u00e4ngiger Effekt auf drei von vier kognitiven Dom\u00e4nen<\/td><td>MAAS-Kohorte, n = 1.823<\/td><\/tr><tr><td>Vorbestehende kognitive Einschr\u00e4nkungen (MCI, fr\u00fche Demenz)<\/td><td>Erh\u00f6hte Anf\u00e4lligkeit f\u00fcr postoperatives Delir<\/td><td>ISPOCD1-Studie, The Lancet<\/td><\/tr><tr><td>Niedriger Bildungsgrad<\/td><td>Geringere kognitive Reserve, st\u00e4rkerer relativer Abbau<\/td><td>MAAS-Kovariate-Analyse<\/td><\/tr><tr><td>Vollnarkose vs. Regionalan\u00e4sthesie<\/td><td>Vollnarkose mit h\u00f6herem Delir-Risiko assoziiert<\/td><td>SSAPM-Richtlinien, Charit\u00e9-Experteninterview<\/td><\/tr><\/tbody><\/table><\/figure>\n\n\n\n<p class=\"wp-block-paragraph\">Alter ist der wichtigste Einzelfaktor. Wer zus\u00e4tzlich an Bluthochdruck oder Diabetes leidet, tr\u00e4gt ein weiter erh\u00f6htes Risiko, da diese Erkrankungen die Gef\u00e4\u00dfversorgung des Gehirns ohnehin belasten.<\/p>\n\n\n\n<p class=\"wp-block-paragraph\">Vollnarkosen (Allgemeinan\u00e4sthesie) tragen ein h\u00f6heres Risiko f\u00fcr Narkose Langzeitfolgen als Regionalan\u00e4sthesien, bei denen nur ein begrenzter K\u00f6rperbereich bet\u00e4ubt wird und das Bewusstsein erhalten bleibt. F\u00fcr manche Eingriffe ist eine Wahl zwischen beiden Verfahren m\u00f6glich \u2014 das pr\u00e4operative Gespr\u00e4ch mit dem An\u00e4sthesisten ist der richtige Zeitpunkt, diese Option zu besprechen.<\/p>\n\n\n\n<h2 class=\"wp-block-heading\" id=\"was-patienten-vor-der-narkose-tun-konnen\">Was Patienten vor der Narkose tun k\u00f6nnen<\/h2>\n\n\n\n<div class=\"wp-block-group is-style-boxed has-apricot-light-background-color has-background is-layout-constrained wp-block-group-is-layout-constrained\">\n<p class=\"wp-block-paragraph\"><strong>En \u00f6nemli noktalar bir bak\u0131\u015fta:<\/strong><\/p>\n\n<ul class=\"wp-block-list\">\n<li>Pr\u00e4operatives Gespr\u00e4ch mit dem An\u00e4sthesisten: Risikofaktoren offen ansprechen<\/li>\n\n\n\n<li>Narkosetiefenmonitor (BIS) reduziert das Risiko einer zu tiefen Narkose<\/li>\n\n\n\n<li>Kreislauf\u00fcberwachung verhindert kritische Blutdruckabf\u00e4lle<\/li>\n\n\n\n<li>Vollst\u00e4ndige Medikamentenliste einschlie\u00dflich Nahrungserg\u00e4nzungsmittel angeben<\/li>\n<\/ul>\n<\/div>\n\n\n\n<p class=\"wp-block-paragraph\">Narkose Langzeitfolgen lassen sich nicht vollst\u00e4ndig ausschlie\u00dfen, aber ihr Risiko kann durch gezielte Ma\u00dfnahmen vor dem Eingriff deutlich reduziert werden. Erfahrungsgem\u00e4\u00df untersch\u00e4tzen viele Patienten, wie stark das pr\u00e4operative Gespr\u00e4ch das Ergebnis beeinflusst.<\/p>\n\n\n\n<ol class=\"wp-block-list is-style-step-list\">\n<li><strong>Aufkl\u00e4rungs- und Vorgespr\u00e4ch aktiv nutzen<\/strong> Sprechen Sie den An\u00e4sthesisten auf Ihr pers\u00f6nliches Risikoprofil an: Vorerkrankungen, regelm\u00e4\u00dfig eingenommene Medikamente und fr\u00fchere Narkosereaktionen sind wichtige Informationen. Je besser das Team Ihr Profil kennt, desto gezielter kann die Narkose angepasst werden.<\/li>\n\n\n\n<li><strong>Narkosetiefenmonitor (BIS) einfordern<\/strong> Der Bispektralindex-Monitor (BIS) misst kontinuierlich die Gehirnaktivit\u00e4t und hilft, die Narkose weder zu tief noch zu flach zu f\u00fchren. Eine zu tiefe Narkose erh\u00f6ht das Delir-Risiko. Fragen Sie gezielt, ob BIS-Monitoring bei Ihrem Eingriff eingesetzt wird.<\/li>\n\n\n\n<li><strong>Kreislauf stabilisieren<\/strong> Kritische Blutdruckabf\u00e4lle w\u00e4hrend der Narkose sind ein vermeidbarer Risikofaktor. Patienten mit Bluthochdruck sollten ihre Medikamente wie gewohnt einnehmen \u2014 nach R\u00fccksprache mit dem Arzt \u2014 und das Kreislaufmonitoring aktiv nachfragen.<\/li>\n\n\n\n<li><strong>Alkohol- und Nikotinkonsum reduzieren<\/strong> Beide Substanzen beeinflussen die Narkosetoleranz und die postoperative Erholung. Eine Reduktion in den Tagen vor dem Eingriff verbessert die Ausgangslage messbar.<\/li>\n<\/ol>\n\n\n\n<h2 class=\"wp-block-heading\" id=\"was-patienten-nach-der-narkose-tun-konnen\">Was Patienten nach der Narkose tun k\u00f6nnen<\/h2>\n\n\n\n<div class=\"wp-block-group is-style-boxed has-apricot-light-background-color has-background is-layout-constrained wp-block-group-is-layout-constrained\">\n<p class=\"wp-block-paragraph\"><strong>En \u00f6nemli noktalar bir bak\u0131\u015fta:<\/strong><\/p>\n\n<ul class=\"wp-block-list\">\n<li>Fr\u00fchzeitige Mobilisierung nach der OP f\u00f6rdert die kognitive Erholung<\/li>\n\n\n\n<li>Regelm\u00e4\u00dfige Tagesstruktur und soziale Kontakte stabilisieren das Gehirn<\/li>\n\n\n\n<li>Anhaltende Verwirrtheit oder Ged\u00e4chtnisl\u00fccken sofort \u00e4rztlich abkl\u00e4ren lassen<\/li>\n\n\n\n<li>Vertraute Person in den ersten 24 Stunden als Begleitung einplanen<\/li>\n<\/ul>\n<\/div>\n\n\n\n<p class=\"wp-block-paragraph\">Postoperative Ma\u00dfnahmen nach einer Narkose sind genauso wichtig wie die Vorbereitung. <strong>Fr\u00fche Mobilisierung<\/strong> ist dabei der wirkungsvollste Einzelfaktor: Bettl\u00e4gerigkeit nach einer OP f\u00f6rdert Delir. Wer bald nach dem Eingriff wieder aufsteht und sich bewegt, unterst\u00fctzt die kognitive Erholung.<\/p>\n\n\n\n<p class=\"wp-block-paragraph\">Die Charit\u00e9 empfiehlt Angeh\u00f6rigen, regelm\u00e4\u00dfig zu besuchen und Patienten im Alltag zu verankern \u2014 das senkt das Delir-Risiko im station\u00e4ren Bereich messbar.<\/p>\n\n\n\n<p class=\"wp-block-paragraph\">Treten nach dem Eingriff anhaltende Verwirrtheit, Ged\u00e4chtnisl\u00fccken oder Stimmungsschwankungen auf, sollte sofort \u00e4rztliche Hilfe gesucht werden. Postoperatives Delir, das fr\u00fch erkannt wird, l\u00e4sst sich deutlich besser behandeln als ein \u00fcbersehener Fall.<\/p>\n\n\n\n<figure class=\"wp-block-image size-large\"><img loading=\"lazy\" decoding=\"async\" width=\"1536\" height=\"1024\" src=\"https:\/\/4beauty-website-stage.247grad.de\/wp-content\/uploads\/2026\/08\/2026-07_03-an-sthesistin-berwacht-w-hrend-einer-operation-die-vitalpara.png\" alt=\"An\u00e4sthesistin \u00fcberwacht w\u00e4hrend einer Operation die Vitalparameter des Patienten am Monitor.\" class=\"wp-image-521\" srcset=\"https:\/\/4beauty-website-stage.247grad.de\/wp-content\/uploads\/2026\/08\/2026-07_03-an-sthesistin-berwacht-w-hrend-einer-operation-die-vitalpara.png 1536w, https:\/\/4beauty-website-stage.247grad.de\/wp-content\/uploads\/2026\/08\/2026-07_03-an-sthesistin-berwacht-w-hrend-einer-operation-die-vitalpara-900x600.png 900w, https:\/\/4beauty-website-stage.247grad.de\/wp-content\/uploads\/2026\/08\/2026-07_03-an-sthesistin-berwacht-w-hrend-einer-operation-die-vitalpara-300x200.png 300w, https:\/\/4beauty-website-stage.247grad.de\/wp-content\/uploads\/2026\/08\/2026-07_03-an-sthesistin-berwacht-w-hrend-einer-operation-die-vitalpara-768x512.png 768w, https:\/\/4beauty-website-stage.247grad.de\/wp-content\/uploads\/2026\/08\/2026-07_03-an-sthesistin-berwacht-w-hrend-einer-operation-die-vitalpara-1024x683.png 1024w, https:\/\/4beauty-website-stage.247grad.de\/wp-content\/uploads\/2026\/08\/2026-07_03-an-sthesistin-berwacht-w-hrend-einer-operation-die-vitalpara-18x12.png 18w, https:\/\/4beauty-website-stage.247grad.de\/wp-content\/uploads\/2026\/08\/2026-07_03-an-sthesistin-berwacht-w-hrend-einer-operation-die-vitalpara-40x27.png 40w\" sizes=\"auto, (max-width: 1536px) 100vw, 1536px\" \/><\/figure>\n\n\n\n<div class=\"wp-block-group is-style-boxed has-anchor-light-background-color has-background is-layout-constrained wp-block-group-is-layout-constrained\">\n<p class=\"wp-block-paragraph\"><strong>Einschr\u00e4nkung:<\/strong><\/p>\n\n<p class=\"wp-block-paragraph\">Auch bei optimaler Pr\u00e4vention k\u00f6nnen Narkose Langzeitfolgen auftreten. Besonders bei \u00e4sthetischen Eingriffen, die privat finanziert werden, tr\u00e4gt der Patient das finanzielle Risiko f\u00fcr etwaige Folgebehandlungen selbst \u2014 die gesetzliche Krankenversicherung erstattet diese nicht.<\/p>\n<\/div>\n\n\n\n<h2 class=\"wp-block-heading\" id=\"narkosekomplikationen-nach-schonheitsoperationen-finanzielle-absicherung\">Narkosekomplikationen nach Sch\u00f6nheitsoperationen: finanzielle Absicherung<\/h2>\n\n\n\n<p class=\"wp-block-paragraph\">Narkose Langzeitfolgen nach Sch\u00f6nheitsoperationen stellen Patienten vor eine besondere Herausforderung: Da \u00e4sthetische Eingriffe wie Fettabsaugung, Nasenkorrektur oder Augenlidstraffung privat finanziert werden, \u00fcbernimmt die gesetzliche Krankenversicherung entstandene Folgekosten \u2014 auch bei medizinisch notwendiger Nachbehandlung \u2014 h\u00e4ufig nicht oder nur teilweise.<\/p>\n\n\n\n<p class=\"wp-block-paragraph\">Das bedeutet konkret: Entsteht nach einem \u00e4sthetischen Eingriff ein postoperatives Delir, das station\u00e4re Behandlung erfordert, oder entwickelt sich eine behandlungsbed\u00fcrftige POCD, k\u00f6nnen die Kosten daf\u00fcr erheblich sein. Hinzu kommt: Gesetzliche Krankenkassen k\u00f6nnen in bestimmten F\u00e4llen bereits geleistete Notfallbehandlungen zur\u00fcckfordern, wenn die Ursache in einem privat finanzierten Eingriff liegt.<\/p>\n\n\n\n<figure class=\"wp-block-image size-large\"><img loading=\"lazy\" decoding=\"async\" width=\"1536\" height=\"1024\" src=\"https:\/\/4beauty-website-stage.247grad.de\/wp-content\/uploads\/2026\/08\/2026-07_04-person-unterzeichnet-vorsorglich-ein-versicherungsdokument-v.png\" alt=\"Person unterzeichnet vorsorglich ein Versicherungsdokument vor einem geplanten medizinischen Eingriff.\" class=\"wp-image-550\" srcset=\"https:\/\/4beauty-website-stage.247grad.de\/wp-content\/uploads\/2026\/08\/2026-07_04-person-unterzeichnet-vorsorglich-ein-versicherungsdokument-v.png 1536w, https:\/\/4beauty-website-stage.247grad.de\/wp-content\/uploads\/2026\/08\/2026-07_04-person-unterzeichnet-vorsorglich-ein-versicherungsdokument-v-900x600.png 900w, https:\/\/4beauty-website-stage.247grad.de\/wp-content\/uploads\/2026\/08\/2026-07_04-person-unterzeichnet-vorsorglich-ein-versicherungsdokument-v-300x200.png 300w, https:\/\/4beauty-website-stage.247grad.de\/wp-content\/uploads\/2026\/08\/2026-07_04-person-unterzeichnet-vorsorglich-ein-versicherungsdokument-v-768x512.png 768w, https:\/\/4beauty-website-stage.247grad.de\/wp-content\/uploads\/2026\/08\/2026-07_04-person-unterzeichnet-vorsorglich-ein-versicherungsdokument-v-1024x683.png 1024w, https:\/\/4beauty-website-stage.247grad.de\/wp-content\/uploads\/2026\/08\/2026-07_04-person-unterzeichnet-vorsorglich-ein-versicherungsdokument-v-18x12.png 18w, https:\/\/4beauty-website-stage.247grad.de\/wp-content\/uploads\/2026\/08\/2026-07_04-person-unterzeichnet-vorsorglich-ein-versicherungsdokument-v-40x27.png 40w\" sizes=\"auto, (max-width: 1536px) 100vw, 1536px\" \/><\/figure>\n\n\n\n<p class=\"wp-block-paragraph\">Eine Folgekostenversicherung schlie\u00dft diese L\u00fccke. Sie deckt die medizinisch notwendigen Folgebehandlungen ab, die aus einem versicherten Eingriff entstehen \u2014 unabh\u00e4ngig davon, ob die Komplikation an\u00e4sthesiologischer oder chirurgischer Natur ist. Mehr zu den abgedeckten Leistungen und h\u00e4ufigen Fragen finden Sie in der FAQ von 4beauty.<\/p>\n\n\n\n<div class=\"wp-block-group is-style-boxed has-white-warm-background-color has-background is-layout-constrained wp-block-group-is-layout-constrained\">\n<p class=\"wp-block-paragraph\"><strong>Finanzielle Absicherung bei Narkose Langzeitfolgen nach kosmetischen Eingriffen<\/strong><\/p>\n\n<p class=\"wp-block-paragraph\">Die Folgekostenversicherung von 4beauty \u00fcbernimmt medizinisch notwendige Folgebehandlungen, die aus dem versicherten kosmetischen Eingriff resultieren \u2014 bis zu 300.000 Euro. Die Versicherung kann noch bis 24 Stunden vor dem Eingriff online abgeschlossen werden.<\/p>\n\n<div class=\"wp-block-buttons is-layout-flex wp-block-buttons-is-layout-flex\">\n<div class=\"wp-block-button is-style-polar\"><a class=\"wp-block-button__link wp-element-button\" href=\"https:\/\/4beauty-website-stage.247grad.de\/tr\/sonraki-masraf-sigortasi\/\">Sonraki masraflar\u0131 sigortalamak<\/a><\/div>\n<\/div>\n<\/div>\n\n\n\n<figure class=\"wp-block-image size-large\"><img loading=\"lazy\" decoding=\"async\" width=\"1536\" height=\"1024\" src=\"https:\/\/4beauty-website-stage.247grad.de\/wp-content\/uploads\/2026\/08\/2026-07_05-patient-nach-sch-nheitsoperation-narkose-langzeitfolgen-und-.png\" alt=\"Patient nach Sch\u00f6nheitsoperation: Narkose Langzeitfolgen und finanzielle Absicherung durch Folgekostenversicherung\" class=\"wp-image-563\" srcset=\"https:\/\/4beauty-website-stage.247grad.de\/wp-content\/uploads\/2026\/08\/2026-07_05-patient-nach-sch-nheitsoperation-narkose-langzeitfolgen-und-.png 1536w, https:\/\/4beauty-website-stage.247grad.de\/wp-content\/uploads\/2026\/08\/2026-07_05-patient-nach-sch-nheitsoperation-narkose-langzeitfolgen-und--900x600.png 900w, https:\/\/4beauty-website-stage.247grad.de\/wp-content\/uploads\/2026\/08\/2026-07_05-patient-nach-sch-nheitsoperation-narkose-langzeitfolgen-und--300x200.png 300w, https:\/\/4beauty-website-stage.247grad.de\/wp-content\/uploads\/2026\/08\/2026-07_05-patient-nach-sch-nheitsoperation-narkose-langzeitfolgen-und--768x512.png 768w, https:\/\/4beauty-website-stage.247grad.de\/wp-content\/uploads\/2026\/08\/2026-07_05-patient-nach-sch-nheitsoperation-narkose-langzeitfolgen-und--1024x683.png 1024w, https:\/\/4beauty-website-stage.247grad.de\/wp-content\/uploads\/2026\/08\/2026-07_05-patient-nach-sch-nheitsoperation-narkose-langzeitfolgen-und--18x12.png 18w, https:\/\/4beauty-website-stage.247grad.de\/wp-content\/uploads\/2026\/08\/2026-07_05-patient-nach-sch-nheitsoperation-narkose-langzeitfolgen-und--40x27.png 40w\" sizes=\"auto, (max-width: 1536px) 100vw, 1536px\" \/><\/figure>\n\n\n\n<h2 class=\"wp-block-heading\" id=\"haufig-gestellte-fragen-zu-narkose-langzeitfolgen\">H\u00e4ufig gestellte Fragen zu Narkose Langzeitfolgen<\/h2>\n\n\n\n<div data-wp-context=\"{ &quot;autoclose&quot;: false, &quot;accordionItems&quot;: [] }\" data-wp-interactive=\"core\/accordion\" role=\"group\" class=\"wp-block-accordion is-layout-flow wp-block-accordion-is-layout-flow\">\n<div data-wp-class--is-open=\"state.isOpen\" data-wp-context=\"{ &quot;id&quot;: &quot;accordion-item-1&quot;, &quot;openByDefault&quot;: false }\" data-wp-init=\"callbacks.initAccordionItems\" data-wp-on-window--hashchange=\"callbacks.hashChange\" class=\"wp-block-accordion-item is-layout-flow wp-block-accordion-item-is-layout-flow\">\n<h3 class=\"wp-block-accordion-heading\"><button aria-expanded=\"false\" aria-controls=\"accordion-item-1-panel\" data-wp-bind--aria-expanded=\"state.isOpen\" data-wp-on--click=\"actions.toggle\" id=\"accordion-item-1\" type=\"button\" class=\"wp-block-accordion-heading__toggle\"><span class=\"wp-block-accordion-heading__toggle-title\">Wie lange halten Narkose Langzeitfolgen an?<\/span><span class=\"wp-block-accordion-heading__toggle-icon\" aria-hidden=\"true\">+<\/span><\/button><\/h3>\n\n\n\n<div aria-labelledby=\"accordion-item-1\" data-wp-bind--hidden=\"state.isHidden\" data-wp-on--beforematch=\"actions.handleBeforeMatch\" id=\"accordion-item-1-panel\" role=\"region\" class=\"wp-block-accordion-panel is-layout-flow wp-block-accordion-panel-is-layout-flow\">\n<p class=\"wp-block-paragraph\">Postoperatives Delir klingt, sofern es erkannt und behandelt wird, innerhalb weniger Tage ab. Postoperative kognitive Dysfunktion (POCD) kann Wochen bis mehrere Monate bestehen. Bei einem kleinen Teil \u00e4lterer Patienten mit Risikofaktoren halten Beeintr\u00e4chtigungen l\u00e4nger als drei Monate an. Bei gesunden Patienten ohne Vorerkrankungen ist eine vollst\u00e4ndige Erholung zu erwarten.<\/p>\n<\/div>\n<\/div>\n\n\n\n<div data-wp-class--is-open=\"state.isOpen\" data-wp-context=\"{ &quot;id&quot;: &quot;accordion-item-2&quot;, &quot;openByDefault&quot;: false }\" data-wp-init=\"callbacks.initAccordionItems\" data-wp-on-window--hashchange=\"callbacks.hashChange\" class=\"wp-block-accordion-item is-layout-flow wp-block-accordion-item-is-layout-flow\">\n<h3 class=\"wp-block-accordion-heading\"><button aria-expanded=\"false\" aria-controls=\"accordion-item-2-panel\" data-wp-bind--aria-expanded=\"state.isOpen\" data-wp-on--click=\"actions.toggle\" id=\"accordion-item-2\" type=\"button\" class=\"wp-block-accordion-heading__toggle\"><span class=\"wp-block-accordion-heading__toggle-title\">Kann eine Narkose zu dauerhaften Hirnsch\u00e4den f\u00fchren?<\/span><span class=\"wp-block-accordion-heading__toggle-icon\" aria-hidden=\"true\">+<\/span><\/button><\/h3>\n\n\n\n<div aria-labelledby=\"accordion-item-2\" data-wp-bind--hidden=\"state.isHidden\" data-wp-on--beforematch=\"actions.handleBeforeMatch\" id=\"accordion-item-2-panel\" role=\"region\" class=\"wp-block-accordion-panel is-layout-flow wp-block-accordion-panel-is-layout-flow\">\n<p class=\"wp-block-paragraph\">Dauerhafte schwere Hirnsch\u00e4den nach einer Einzelnarkose gelten bei gesunden Erwachsenen als selten. Das Risiko steigt mit der kumulativen An\u00e4sthesiedauer, dem Patientenalter und dem Vorliegen von Begleiterkrankungen. Die MAAS-Studie (zw\u00f6lf Jahre Nachbeobachtung, 1.823 Probanden) zeigte einen statistischen Zusammenhang zwischen An\u00e4sthesiedauer und kognitivem Abbau, jedoch keinen Beleg f\u00fcr irreversible Sch\u00e4den nach einem Standardeingriff bei ansonsten gesunden Patienten.<\/p>\n<\/div>\n<\/div>\n\n\n\n<div data-wp-class--is-open=\"state.isOpen\" data-wp-context=\"{ &quot;id&quot;: &quot;accordion-item-3&quot;, &quot;openByDefault&quot;: false }\" data-wp-init=\"callbacks.initAccordionItems\" data-wp-on-window--hashchange=\"callbacks.hashChange\" class=\"wp-block-accordion-item is-layout-flow wp-block-accordion-item-is-layout-flow\">\n<h3 class=\"wp-block-accordion-heading\"><button aria-expanded=\"false\" aria-controls=\"accordion-item-3-panel\" data-wp-bind--aria-expanded=\"state.isOpen\" data-wp-on--click=\"actions.toggle\" id=\"accordion-item-3\" type=\"button\" class=\"wp-block-accordion-heading__toggle\"><span class=\"wp-block-accordion-heading__toggle-title\">Was unterscheidet postoperatives Delir von postoperativer kognitiver Dysfunktion?<\/span><span class=\"wp-block-accordion-heading__toggle-icon\" aria-hidden=\"true\">+<\/span><\/button><\/h3>\n\n\n\n<div aria-labelledby=\"accordion-item-3\" data-wp-bind--hidden=\"state.isHidden\" data-wp-on--beforematch=\"actions.handleBeforeMatch\" id=\"accordion-item-3-panel\" role=\"region\" class=\"wp-block-accordion-panel is-layout-flow wp-block-accordion-panel-is-layout-flow\">\n<p class=\"wp-block-paragraph\">Postoperatives Delir (POD) ist eine akute Bewusstseinsst\u00f6rung mit Desorientierung und Verwirrtheit, die typischerweise innerhalb der ersten 72 Stunden nach einer Operation auftritt und als medizinischer Notfall gilt. Postoperative kognitive Dysfunktion (POCD) hingegen zeigt sich schleichend als nachlassende Ged\u00e4chtnis- und Konzentrationsf\u00e4higkeit \u00fcber Wochen bis Monate. Beide z\u00e4hlen zu den perioperativen neurokognitiven St\u00f6rungen (PND), unterscheiden sich aber in Beginn, Dauer, Behandlung und Schweregrad.<\/p>\n<\/div>\n<\/div>\n\n\n\n<div data-wp-class--is-open=\"state.isOpen\" data-wp-context=\"{ &quot;id&quot;: &quot;accordion-item-4&quot;, &quot;openByDefault&quot;: false }\" data-wp-init=\"callbacks.initAccordionItems\" data-wp-on-window--hashchange=\"callbacks.hashChange\" class=\"wp-block-accordion-item is-layout-flow wp-block-accordion-item-is-layout-flow\">\n<h3 class=\"wp-block-accordion-heading\"><button aria-expanded=\"false\" aria-controls=\"accordion-item-4-panel\" data-wp-bind--aria-expanded=\"state.isOpen\" data-wp-on--click=\"actions.toggle\" id=\"accordion-item-4\" type=\"button\" class=\"wp-block-accordion-heading__toggle\"><span class=\"wp-block-accordion-heading__toggle-title\">Wer ist am st\u00e4rksten von Narkose Langzeitfolgen betroffen?<\/span><span class=\"wp-block-accordion-heading__toggle-icon\" aria-hidden=\"true\">+<\/span><\/button><\/h3>\n\n\n\n<div aria-labelledby=\"accordion-item-4\" data-wp-bind--hidden=\"state.isHidden\" data-wp-on--beforematch=\"actions.handleBeforeMatch\" id=\"accordion-item-4-panel\" role=\"region\" class=\"wp-block-accordion-panel is-layout-flow wp-block-accordion-panel-is-layout-flow\">\n<p class=\"wp-block-paragraph\">\u00c4ltere Patienten \u00fcber 65 Jahre sind die am st\u00e4rksten gef\u00e4hrdete Gruppe, besonders wenn sie zus\u00e4tzlich an Bluthochdruck, Diabetes oder Herzerkrankungen leiden. Auch Patienten mit bereits bestehenden kognitiven Einschr\u00e4nkungen \u2014 etwa einem leichten kognitiven Abbau (MCI) \u2014 tragen ein erh\u00f6htes Risiko. Die kumulative An\u00e4sthesiedauer \u00fcber mehrere Eingriffe hinweg ist ein weiterer messbarer Risikofaktor, der laut MAAS-Studie den kognitiven Abbau beschleunigt.<\/p>\n<\/div>\n<\/div>\n\n\n\n<div data-wp-class--is-open=\"state.isOpen\" data-wp-context=\"{ &quot;id&quot;: &quot;accordion-item-5&quot;, &quot;openByDefault&quot;: false }\" data-wp-init=\"callbacks.initAccordionItems\" data-wp-on-window--hashchange=\"callbacks.hashChange\" class=\"wp-block-accordion-item is-layout-flow wp-block-accordion-item-is-layout-flow\">\n<h3 class=\"wp-block-accordion-heading\"><button aria-expanded=\"false\" aria-controls=\"accordion-item-5-panel\" data-wp-bind--aria-expanded=\"state.isOpen\" data-wp-on--click=\"actions.toggle\" id=\"accordion-item-5\" type=\"button\" class=\"wp-block-accordion-heading__toggle\"><span class=\"wp-block-accordion-heading__toggle-title\">Was passiert, wenn nach einer Sch\u00f6nheitsoperation Narkosekomplikationen auftreten?<\/span><span class=\"wp-block-accordion-heading__toggle-icon\" aria-hidden=\"true\">+<\/span><\/button><\/h3>\n\n\n\n<div aria-labelledby=\"accordion-item-5\" data-wp-bind--hidden=\"state.isHidden\" data-wp-on--beforematch=\"actions.handleBeforeMatch\" id=\"accordion-item-5-panel\" role=\"region\" class=\"wp-block-accordion-panel is-layout-flow wp-block-accordion-panel-is-layout-flow\">\n<p class=\"wp-block-paragraph\">Treten nach einem \u00e4sthetischen Eingriff Komplikationen auf \u2014 einschlie\u00dflich an\u00e4sthesiologischer Folgen wie Delir oder kognitiver Beeintr\u00e4chtigungen, die medizinische Nachbehandlung erfordern \u2014 \u00fcbernimmt die gesetzliche Krankenversicherung diese Kosten h\u00e4ufig nicht. Eine Folgekostenversicherung deckt medizinisch notwendige Folgebehandlungen aus dem versicherten Eingriff ab. Informationen zu den versicherten Leistungen bietet die FAQ von 4beauty.<\/p>\n<\/div>\n<\/div>\n<\/div>\n\n\n\n<div class=\"wp-block-group is-layout-grid wp-container-core-group-is-layout-bb0cbca6 wp-block-group-is-layout-grid\">\n<div class=\"wp-block-group is-style-boxed has-apricot-light-background-color has-background is-layout-constrained wp-block-group-is-layout-constrained\">\n<p class=\"wp-block-paragraph\"><strong>Mythos<\/strong><\/p>\n\n<p class=\"wp-block-paragraph\">Eine Vollnarkose verursacht immer bleibende Hirnsch\u00e4den.<\/p>\n<\/div>\n\n<div class=\"wp-block-group is-style-boxed has-anchor-light-background-color has-background is-layout-constrained wp-block-group-is-layout-constrained\">\n<p class=\"wp-block-paragraph\"><strong>Fakt<\/strong><\/p>\n\n<p class=\"wp-block-paragraph\">Die meisten kognitiven Beeintr\u00e4chtigungen nach einer Narkose sind vor\u00fcbergehend und bilden sich innerhalb von Wochen bis Monaten zur\u00fcck. Dauerhafte Sch\u00e4den treten nur bei bestimmten Risikogruppen und unter ung\u00fcnstigen Bedingungen auf.<\/p>\n\n<p class=\"wp-block-paragraph\"><em>Quelle: MAAS-Studie (Pennings et al., 2025); Charit\u00e9 Berlin<\/em><\/p>\n<\/div>\n<\/div>\n\n\n\n<div class=\"wp-block-group is-layout-grid wp-container-core-group-is-layout-bb0cbca6 wp-block-group-is-layout-grid\">\n<div class=\"wp-block-group is-style-boxed has-apricot-light-background-color has-background is-layout-constrained wp-block-group-is-layout-constrained\">\n<p class=\"wp-block-paragraph\"><strong>Mythos<\/strong><\/p>\n\n<p class=\"wp-block-paragraph\">Postoperatives Delir und kognitive Dysfunktion sind dasselbe.<\/p>\n<\/div>\n\n<div class=\"wp-block-group is-style-boxed has-anchor-light-background-color has-background is-layout-constrained wp-block-group-is-layout-constrained\">\n<p class=\"wp-block-paragraph\"><strong>Fakt<\/strong><\/p>\n\n<p class=\"wp-block-paragraph\">Postoperatives Delir (POD) tritt akut in den ersten Tagen auf und ist ein medizinischer Notfall mit Verwirrtheit und Halluzinationen. Die postoperative kognitive Dysfunktion (POCD) entwickelt sich langsamer und betrifft das Ged\u00e4chtnis \u00fcber Wochen bis Monate.<\/p>\n\n<p class=\"wp-block-paragraph\"><em>Quelle: Perioperative neurokognitive St\u00f6rungen (PND), S3-Leitlinien<\/em><\/p>\n<\/div>\n<\/div>\n\n\n\n<div class=\"wp-block-group is-layout-grid wp-container-core-group-is-layout-bb0cbca6 wp-block-group-is-layout-grid\">\n<div class=\"wp-block-group is-style-boxed has-apricot-light-background-color has-background is-layout-constrained wp-block-group-is-layout-constrained\">\n<p class=\"wp-block-paragraph\"><strong>Mythos<\/strong><\/p>\n\n<p class=\"wp-block-paragraph\">Junge, gesunde Patienten sind vor Narkose-Langzeitfolgen vollst\u00e4ndig gesch\u00fctzt.<\/p>\n<\/div>\n\n<div class=\"wp-block-group is-style-boxed has-anchor-light-background-color has-background is-layout-constrained wp-block-group-is-layout-constrained\">\n<p class=\"wp-block-paragraph\"><strong>Fakt<\/strong><\/p>\n\n<p class=\"wp-block-paragraph\">Obwohl das Risiko bei j\u00fcngeren, gesunden Patienten deutlich geringer ist, k\u00f6nnen auch sie bei langen Eingriffsdauern oder bestimmten Grunderkrankungen kognitive Beeintr\u00e4chtigungen entwickeln. Das Alter ist ein Risikofaktor, aber kein alleiniger.<\/p>\n\n<p class=\"wp-block-paragraph\"><em>Quelle: MAAS-Studie, 12-Jahres-Kohortendaten<\/em><\/p>\n<\/div>\n<\/div>\n\n\n\n<div class=\"wp-block-group is-layout-grid wp-container-core-group-is-layout-bb0cbca6 wp-block-group-is-layout-grid\">\n<div class=\"wp-block-group is-style-boxed has-apricot-light-background-color has-background is-layout-constrained wp-block-group-is-layout-constrained\">\n<p class=\"wp-block-paragraph\"><strong>Mythos<\/strong><\/p>\n\n<p class=\"wp-block-paragraph\">Postoperatives Delir wird von Pflegepersonal und \u00c4rzten sofort erkannt.<\/p>\n<\/div>\n\n<div class=\"wp-block-group is-style-boxed has-anchor-light-background-color has-background is-layout-constrained wp-block-group-is-layout-constrained\">\n<p class=\"wp-block-paragraph\"><strong>Fakt<\/strong><\/p>\n\n<p class=\"wp-block-paragraph\">Laut einer Auswertung der Charit\u00e9 Berlin bleiben bis zu 84 % aller Delir-F\u00e4lle im klinischen Alltag unerkannt. Strukturierte Screeninginstrumente wie der Nu-DESC-Fragebogen sind daher medizinisch dringend empfohlen.<\/p>\n\n<p class=\"wp-block-paragraph\"><em>Quelle: Charit\u00e9 Berlin, Klinik f\u00fcr An\u00e4sthesiologie und Intensivmedizin<\/em><\/p>\n<\/div>\n<\/div>","protected":false},"excerpt":{"rendered":"<p>Anestezinin uzun vadeli etkileri, genel anestezi sonras\u0131 ortaya \u00e7\u0131kan n\u00f6rolojik ve bili\u015fsel bozukluklard\u0131r; bunlara \u00f6zellikle ameliyat sonras\u0131 deliryum ve bili\u015fsel i\u015flev bozuklu\u011fu dahildir.<\/p>","protected":false},"template":"","class_list":["post-703","glossary","type-glossary","status-publish","hentry"],"acf":[],"_links":{"self":[{"href":"https:\/\/4beauty-website-stage.247grad.de\/tr\/wp-json\/wp\/v2\/glossary\/703","targetHints":{"allow":["GET"]}}],"collection":[{"href":"https:\/\/4beauty-website-stage.247grad.de\/tr\/wp-json\/wp\/v2\/glossary"}],"about":[{"href":"https:\/\/4beauty-website-stage.247grad.de\/tr\/wp-json\/wp\/v2\/types\/glossary"}],"wp:attachment":[{"href":"https:\/\/4beauty-website-stage.247grad.de\/tr\/wp-json\/wp\/v2\/media?parent=703"}],"curies":[{"name":"wp","href":"https:\/\/api.w.org\/{rel}","templated":true}]}}