{"id":714,"date":"2026-08-20T17:06:50","date_gmt":"2026-08-20T15:06:50","guid":{"rendered":"https:\/\/4beauty-website-stage.247grad.de\/glossar\/ohrenverkleinerung\/"},"modified":"2026-08-20T17:26:41","modified_gmt":"2026-08-20T15:26:41","slug":"kulak-kuecueltme","status":"publish","type":"glossary","link":"https:\/\/4beauty-website-stage.247grad.de\/tr\/glossar\/ohrenverkleinerung\/","title":{"rendered":"Kulak K\u00fc\u00e7\u00fcltme: B\u00fcy\u00fck kulaklar\u0131n (makroti) cerrahi olarak d\u00fczeltilmesi"},"content":{"rendered":"<p class=\"wp-block-paragraph\">\u00c7\u0131k\u0131k kulaklar bilinen bir sorun olsa da, baz\u0131 ki\u015filer ba\u015fka bir sorundan muzdariptir: Kulaklar\u0131 mutlaka \u00e7\u0131k\u0131k olmasa da, genel olarak \u00e7ok b\u00fcy\u00fckt\u00fcr (makrotia) ve bu nedenle y\u00fcz\u00fcn geri kalan\u0131na oranla orant\u0131s\u0131z g\u00f6r\u00fcn\u00fcrler. Bu durum i\u00e7in plastik cerrahide \u00f6zel bir i\u015flem vard\u0131r: kulak k\u00fc\u00e7\u00fcltme ameliyat\u0131.<\/p>\n\n\n\n<p class=\"wp-block-paragraph\">Bu makale, kulak k\u00fc\u00e7\u00fcltme ameliyat\u0131n\u0131n ne oldu\u011funu, kulak d\u00fczeltme ameliyat\u0131ndan temel olarak nas\u0131l farkl\u0131 oldu\u011funu ve ameliyat s\u00fcreci ile ka\u00e7\u0131n\u0131lmaz yara izleri hakk\u0131nda bilmeniz gerekenleri ayr\u0131nt\u0131l\u0131 ve kapsaml\u0131 bir \u015fekilde a\u00e7\u0131klamaktad\u0131r.<\/p>\n\n\n\n<div class=\"wp-block-rank-math-toc-block\" id=\"rank-math-toc\"><h2>\u0130\u00e7indekiler<\/h2><nav><ul><li class=\"\"><a href=\"#was-ist-eine-ohrenverkleinerung\">Kulak k\u00fc\u00e7\u00fcltme ameliyat\u0131 nedir?<\/a><\/li><li class=\"\"><a href=\"#ohrenverkleinerung-vs-ohrenanlegen-otoplastik-der-entscheidende-unterschied\">Kulak K\u00fc\u00e7\u00fcltme ve Kulak D\u00fczeltme (Otoplasti) Aras\u0131ndaki Temel Fark<\/a><\/li><li class=\"\"><a href=\"#fur-wen-ist-eine-ohrenverkleinerung-ideal\">Kulak k\u00fc\u00e7\u00fcltme ameliyat\u0131 kimler i\u00e7in idealdir?<\/a><\/li><li class=\"\"><a href=\"#die-operation-ablauf-und-schnittfuhrung\">Ameliyat: \u0130\u015fleyi\u015f ve Kesi Y\u00f6ntemi<\/a><\/li><li class=\"\"><a href=\"#potenzielle-risiken-und-die-richtige-absicherung-fur-ihre-operation\">Ameliyat\u0131n\u0131zla ilgili olas\u0131 riskler ve do\u011fru koruma \u00f6nlemleri<\/a><\/li><li class=\"\"><a href=\"#haufig-gestellte-fragen-faq-zur-ohrenverkleinerung\">Kulak K\u00fc\u00e7\u00fcltme Ameliyat\u0131 ile \u0130lgili S\u0131k Sorulan Sorular (SSS)<\/a><\/li><\/ul><\/nav><\/div>\n\n\n\n<div class=\"wp-block-group is-style-boxed has-white-warm-background-color has-background is-layout-constrained wp-block-group-is-layout-constrained\">\n<p class=\"wp-block-paragraph\"><strong>\u00d6nemli uyar\u0131<\/strong><\/p>\n\n\n\n<p class=\"wp-block-paragraph\">Bu makale yaln\u0131zca bilgilendirme ama\u00e7l\u0131d\u0131r ve t\u0131bbi tan\u0131 veya tavsiyenin yerini almaz. Herhangi bir belirsizlik durumunda ve ki\u015fiye \u00f6zel bir tedavi plan\u0131 haz\u0131rlamak i\u00e7in, uzman bir hekimle g\u00f6r\u00fc\u015fmek \u015fartt\u0131r.<\/p>\n<\/div>\n\n\n\n<div class=\"wp-block-media-text is-stacked-on-mobile\"><figure class=\"wp-block-media-text__media\"><img loading=\"lazy\" decoding=\"async\" width=\"268\" height=\"267\" src=\"https:\/\/4beauty-website-stage.247grad.de\/wp-content\/uploads\/2026\/08\/2025-09_Ohrenverkleinerung.svg\" alt=\"Grafik: B\u00fcy\u00fck kulaklar\u0131n cerrahi olarak k\u00fc\u00e7\u00fclt\u00fclmesi\" class=\"wp-image-287 size-full\"\/><\/figure><div class=\"wp-block-media-text__content\">\n<h2 class=\"wp-block-heading\" id=\"was-ist-eine-ohrenverkleinerung\">Kulak k\u00fc\u00e7\u00fcltme ameliyat\u0131 nedir?<\/h2>\n\n<p class=\"wp-block-paragraph\">Kulak k\u00fc\u00e7\u00fcltme, di\u011fer ad\u0131yla kulak kep\u00e7esi k\u00fc\u00e7\u00fcltme, kulak kep\u00e7esinin toplam boyutunu azaltmay\u0131 ama\u00e7layan bir cerrahi i\u015flemdir.<\/p>\n\n<p class=\"wp-block-paragraph\">\u00c7\u0131k\u0131nt\u0131l\u0131 kulaklar\u0131n d\u00fczeltilmesinde k\u0131k\u0131rdak sadece yeniden \u015fekillendirilirken, kulak k\u00fc\u00e7\u00fcltme ameliyat\u0131nda kula\u011f\u0131n toplam y\u00fcksekli\u011fini ve\/veya geni\u015fli\u011fini azaltmak amac\u0131yla kulak k\u0131k\u0131rda\u011f\u0131n\u0131n ve \u00fczerindeki derinin bir k\u0131sm\u0131 kal\u0131c\u0131 olarak \u00e7\u0131kar\u0131l\u0131r.<\/p>\n<\/div><\/div>\n\n\n\n<h2 class=\"wp-block-heading\" id=\"ohrenverkleinerung-vs-ohrenanlegen-otoplastik-der-entscheidende-unterschied\">Kulak K\u00fc\u00e7\u00fcltme ve Kulak D\u00fczeltme (Otoplasti) Aras\u0131ndaki Temel Fark<\/h2>\n\n\n\n<figure class=\"wp-block-table\"><table class=\"has-fixed-layout\"><thead><tr><th>Kriter<\/th><th>Otoplasti (kulak d\u00fczeltme)<\/th><th>Kulak K\u00fc\u00e7\u00fcltme Ameliyat\u0131<\/th><\/tr><\/thead><tbody><tr><td>M\u00fcdahalenin amac\u0131<\/td><td>K\u0131k\u0131rda\u011f\u0131n yeniden \u015fekillendirilmesi yoluyla sark\u0131k kulaklar\u0131n d\u00fczeltilmesi<\/td><td>Deri ve k\u0131k\u0131rdak \u00e7\u0131kar\u0131lmas\u0131 yoluyla kulak boyutunun k\u00fc\u00e7\u00fclt\u00fclmesi<\/td><\/tr><tr><td>K\u0131k\u0131rdak tedavisi<\/td><td>K\u0131k\u0131rdak korunur, yaln\u0131zca yeniden \u015fekillenir (\u00f6rn. anthelix k\u0131vr\u0131m\u0131)<\/td><td>K\u00fc\u00e7\u00fcltme amac\u0131yla k\u0131k\u0131rda\u011f\u0131n cerrahi olarak \u00e7\u0131kar\u0131lmas\u0131<\/td><\/tr><tr><td>Kulak boyutundaki de\u011fi\u015fiklik<\/td><td>Yok \u2013 boyut de\u011fi\u015fmez<\/td><td>Evet \u2013 kulak genel olarak k\u00fc\u00e7\u00fclt\u00fcl\u00fcr<\/td><\/tr><tr><td>Tipik bir kombinasyon<\/td><td>Tek ba\u015f\u0131na yap\u0131lan m\u00fcdahale veya gerekirse k\u00fc\u00e7\u00fcltme i\u015flemiyle birlikte<\/td><td>Genellikle otoplasti ile birlikte uygulan\u0131r (\u00f6rne\u011fin, b\u00fcy\u00fck ve dik kulaklarda)<\/td><\/tr><\/tbody><\/table><\/figure>\n\n\n\n<h2 class=\"wp-block-heading\" id=\"fur-wen-ist-eine-ohrenverkleinerung-ideal\">Kulak k\u00fc\u00e7\u00fcltme ameliyat\u0131 kimler i\u00e7in idealdir?<\/h2>\n\n\n\n<p class=\"wp-block-paragraph\">Kulak k\u00fc\u00e7\u00fcltme ameliyat\u0131, kulaklar\u0131n\u0131 kafalar\u0131na ve y\u00fczlerine oranla \u00e7ok b\u00fcy\u00fck, \u00e7ok uzun veya uyumsuz bulan hastalar i\u00e7in do\u011fru \u00e7\u00f6z\u00fcmd\u00fcr. Bu durum, kulak kep\u00e7esinin tamam\u0131n\u0131 veya sadece baz\u0131 k\u0131s\u0131mlar\u0131n\u0131, \u00f6rne\u011fin orant\u0131s\u0131z derecede b\u00fcy\u00fck kulak memelerini etkileyebilir. Bu i\u015flem genellikle kulaklar\u0131n b\u00fcy\u00fcmesi tamamland\u0131\u011f\u0131nda, yakla\u015f\u0131k 16 ya\u015f\u0131ndan itibaren gen\u00e7lerde veya yeti\u015fkinlerde ger\u00e7ekle\u015ftirilir.<\/p>\n\n\n\n<h2 class=\"wp-block-heading\" id=\"die-operation-ablauf-und-schnittfuhrung\">Ameliyat: \u0130\u015fleyi\u015f ve Kesi Y\u00f6ntemi<\/h2>\n\n\n\n<ol class=\"wp-block-list is-style-step-list\">\n<li><strong>\u0130\u015faretleme<\/strong> Cerrah, simetrik ve do\u011fal bir sonu\u00e7 elde etmek i\u00e7in \u00e7\u0131kar\u0131lmas\u0131 gereken deri ve k\u0131k\u0131rdak b\u00f6lgelerini hassas bir \u015fekilde i\u015faretler.<\/li>\n\n\n\n<li><strong>Kesim ve \u00c7\u0131karma<\/strong> Yayg\u0131n olarak kullan\u0131lan bir teknik, kulak kep\u00e7esinin \u00fcst k\u0131sm\u0131ndan kama \u015feklinde bir par\u00e7a \u00e7\u0131kar\u0131lmas\u0131d\u0131r; bu i\u015flemde kesi, daha sonra kalacak yara izinin m\u00fcmk\u00fcn oldu\u011funca g\u00f6ze \u00e7arpmamas\u0131 i\u00e7in kulak kep\u00e7esinin kenar\u0131ndaki (helix) do\u011fal bir k\u0131vr\u0131ma yerle\u015ftirilir.<\/li>\n\n\n\n<li><strong>Yeniden yap\u0131land\u0131rma<\/strong> Al\u0131m i\u015fleminden sonra, kalan k\u0131k\u0131rdak ve deri kenarlar\u0131 hassas bir \u015fekilde ve gerginlik yaratmayacak \u015fekilde birbirine dikilir. Cerrah\u0131n ustal\u0131\u011f\u0131, kula\u011f\u0131n do\u011fal, kavisli \u015feklini m\u00fckemmel bir \u015fekilde yeniden olu\u015fturmakta yatmaktad\u0131r.<\/li>\n\n\n\n<li><strong>Kulak memesi k\u00fc\u00e7\u00fcltme<\/strong> Kulak memesi de \u00e7ok b\u00fcy\u00fckse, alt kenar\u0131ndaki fazla doku al\u0131nabilir ve kulak memesi yeniden \u015fekillendirilebilir. Bu durumda yara izi, alt kenarda g\u00f6ze \u00e7arpmayan bir yerde kal\u0131r.<\/li>\n<\/ol>\n\n\n\n<div class=\"wp-block-media-text is-stacked-on-mobile\"><figure class=\"wp-block-media-text__media\"><img loading=\"lazy\" decoding=\"async\" width=\"372\" height=\"372\" src=\"https:\/\/4beauty-website-stage.247grad.de\/wp-content\/uploads\/2026\/08\/2025-09_makrotie.svg\" alt=\"Grafik: Makroti ile ilgili riskler ve korunma \u00f6nlemleri\" class=\"wp-image-308 size-full\"\/><\/figure><div class=\"wp-block-media-text__content\">\n<h2 class=\"wp-block-heading\" id=\"potenzielle-risiken-und-die-richtige-absicherung-fur-ihre-operation\">Ameliyat\u0131n\u0131zla ilgili olas\u0131 riskler ve do\u011fru koruma \u00f6nlemleri<\/h2>\n\n<p class=\"wp-block-paragraph\">Kulak k\u00fc\u00e7\u00fcltme ameliyat\u0131, plastik cerrahi alan\u0131nda rutin bir i\u015flem olarak kabul edilir; ancak her ameliyat gibi, kendine \u00f6zg\u00fc riskler de bar\u0131nd\u0131r\u0131r:<\/p>\n\n<ul class=\"wp-block-list\">\n<li>Yara iyile\u015fme bozukluklar\u0131 veya enfeksiyonlar, \u00f6zellikle k\u0131k\u0131rdak zar\u0131 iltihab\u0131<\/li>\n\n\n\n<li>Tatmin edici olmayan estetik sonu\u00e7 (\u00f6rn. g\u00f6r\u00fcn\u00fcr k\u0131k\u0131rdak kenarlar\u0131, asimetri)<\/li>\n\n\n\n<li>G\u00f6ze \u00e7arpan yara izleri (hipertrofik yara izleri veya keloidler)<\/li>\n\n\n\n<li>Kulakta ge\u00e7ici veya nadiren kal\u0131c\u0131 duyu bozukluklar\u0131<\/li>\n<\/ul>\n\n<p class=\"wp-block-paragraph\">Bu t\u00fcr komplikasyonlar\u0131n tedavisi zahmetli olabilir. Bu i\u015flem tamamen estetik ama\u00e7l\u0131 oldu\u011fundan, masraflar\u0131 sa\u011fl\u0131k sigortas\u0131 kar\u015f\u0131lamamaktad\u0131r. Bir <a href=\"https:\/\/4beauty-website-stage.247grad.de\/tr\/sonraki-masraf-sigortasi\/\">Sonras\u0131 Maliyet Sigortas\u0131<\/a> Ameliyat\u0131n\u0131z\u0131n ard\u0131ndan t\u0131bbi a\u00e7\u0131dan gerekli bir takip tedavisi gerekmesi durumunda finansal g\u00fcvence sa\u011flar.<\/p>\n<\/div><\/div>\n\n\n\n<h2 class=\"wp-block-heading\" id=\"haufig-gestellte-fragen-faq-zur-ohrenverkleinerung\">Kulak K\u00fc\u00e7\u00fcltme Ameliyat\u0131 ile \u0130lgili S\u0131k Sorulan Sorular (SSS)<\/h2>\n\n\n\n<div data-wp-context=\"{ &quot;autoclose&quot;: false, &quot;accordionItems&quot;: [] }\" data-wp-interactive=\"core\/accordion\" role=\"group\" class=\"wp-block-accordion is-layout-flow wp-block-accordion-is-layout-flow\">\n<div data-wp-class--is-open=\"state.isOpen\" data-wp-context=\"{ &quot;id&quot;: &quot;accordion-item-1&quot;, &quot;openByDefault&quot;: false }\" data-wp-init=\"callbacks.initAccordionItems\" data-wp-on-window--hashchange=\"callbacks.hashChange\" class=\"wp-block-accordion-item is-layout-flow wp-block-accordion-item-is-layout-flow\">\n<h3 class=\"wp-block-accordion-heading\"><button aria-expanded=\"false\" aria-controls=\"accordion-item-1-panel\" data-wp-bind--aria-expanded=\"state.isOpen\" data-wp-on--click=\"actions.toggle\" id=\"accordion-item-1\" type=\"button\" class=\"wp-block-accordion-heading__toggle\"><span class=\"wp-block-accordion-heading__toggle-title\">Kulak k\u00fc\u00e7\u00fcltme ameliyat\u0131n\u0131n maliyeti nedir?<\/span><span class=\"wp-block-accordion-heading__toggle-icon\" aria-hidden=\"true\">+<\/span><\/button><\/h3>\n\n\n\n<div aria-labelledby=\"accordion-item-1\" data-wp-bind--hidden=\"state.isHidden\" data-wp-on--beforematch=\"actions.handleBeforeMatch\" id=\"accordion-item-1-panel\" role=\"region\" class=\"wp-block-accordion-panel is-layout-flow wp-block-accordion-panel-is-layout-flow\">\n<p class=\"wp-block-paragraph\">Bu i\u015flem, sadece kulak d\u00fczeltme ameliyat\u0131ndan daha karma\u015f\u0131k oldu\u011fu i\u00e7in, masraflar genellikle daha y\u00fcksektir ve \u00e7o\u011funlukla 3.500 ile 5.500 avro aras\u0131nda de\u011fi\u015fmektedir.<\/p>\n<\/div>\n<\/div>\n\n\n\n<div data-wp-class--is-open=\"state.isOpen\" data-wp-context=\"{ &quot;id&quot;: &quot;accordion-item-2&quot;, &quot;openByDefault&quot;: false }\" data-wp-init=\"callbacks.initAccordionItems\" data-wp-on-window--hashchange=\"callbacks.hashChange\" class=\"wp-block-accordion-item is-layout-flow wp-block-accordion-item-is-layout-flow\">\n<h3 class=\"wp-block-accordion-heading\"><button aria-expanded=\"false\" aria-controls=\"accordion-item-2-panel\" data-wp-bind--aria-expanded=\"state.isOpen\" data-wp-on--click=\"actions.toggle\" id=\"accordion-item-2\" type=\"button\" class=\"wp-block-accordion-heading__toggle\"><span class=\"wp-block-accordion-heading__toggle-title\">\u0130yile\u015fme s\u00fcreci ne kadar s\u00fcrer?<\/span><span class=\"wp-block-accordion-heading__toggle-icon\" aria-hidden=\"true\">+<\/span><\/button><\/h3>\n\n\n\n<div aria-labelledby=\"accordion-item-2\" data-wp-bind--hidden=\"state.isHidden\" data-wp-on--beforematch=\"actions.handleBeforeMatch\" id=\"accordion-item-2-panel\" role=\"region\" class=\"wp-block-accordion-panel is-layout-flow wp-block-accordion-panel-is-layout-flow\">\n<p class=\"wp-block-paragraph\">Kulak d\u00fczeltme ameliyat\u0131nda oldu\u011fu gibi, yakla\u015f\u0131k bir hafta boyunca ba\u015f bandaj\u0131 tak\u0131l\u0131r ve ard\u0131ndan birka\u00e7 hafta boyunca geceleri bir al\u0131n bandaj\u0131 tak\u0131l\u0131r. En \u015fiddetli \u015fi\u015flikler genellikle ilk 1-2 hafta i\u00e7inde ge\u00e7er; ancak hafif kal\u0131c\u0131 \u015fi\u015flikler birka\u00e7 hafta s\u00fcrebilir.<\/p>\n<\/div>\n<\/div>\n\n\n\n<div data-wp-class--is-open=\"state.isOpen\" data-wp-context=\"{ &quot;id&quot;: &quot;accordion-item-3&quot;, &quot;openByDefault&quot;: false }\" data-wp-init=\"callbacks.initAccordionItems\" data-wp-on-window--hashchange=\"callbacks.hashChange\" class=\"wp-block-accordion-item is-layout-flow wp-block-accordion-item-is-layout-flow\">\n<h3 class=\"wp-block-accordion-heading\"><button aria-expanded=\"false\" aria-controls=\"accordion-item-3-panel\" data-wp-bind--aria-expanded=\"state.isOpen\" data-wp-on--click=\"actions.toggle\" id=\"accordion-item-3\" type=\"button\" class=\"wp-block-accordion-heading__toggle\"><span class=\"wp-block-accordion-heading__toggle-title\">Bu sonu\u00e7 kal\u0131c\u0131 m\u0131?<\/span><span class=\"wp-block-accordion-heading__toggle-icon\" aria-hidden=\"true\">+<\/span><\/button><\/h3>\n\n\n\n<div aria-labelledby=\"accordion-item-3\" data-wp-bind--hidden=\"state.isHidden\" data-wp-on--beforematch=\"actions.handleBeforeMatch\" id=\"accordion-item-3-panel\" role=\"region\" class=\"wp-block-accordion-panel is-layout-flow wp-block-accordion-panel-is-layout-flow\">\n<p class=\"wp-block-paragraph\">Evet, k\u0131k\u0131rdak ve deri kal\u0131c\u0131 olarak \u00e7\u0131kar\u0131ld\u0131\u011f\u0131 i\u00e7in k\u00fc\u00e7\u00fcltme i\u015fleminin sonucu kal\u0131c\u0131d\u0131r.<\/p>\n<\/div>\n<\/div>\n\n\n\n<div data-wp-class--is-open=\"state.isOpen\" data-wp-context=\"{ &quot;id&quot;: &quot;accordion-item-4&quot;, &quot;openByDefault&quot;: false }\" data-wp-init=\"callbacks.initAccordionItems\" data-wp-on-window--hashchange=\"callbacks.hashChange\" class=\"wp-block-accordion-item is-layout-flow wp-block-accordion-item-is-layout-flow\">\n<h3 class=\"wp-block-accordion-heading\"><button aria-expanded=\"false\" aria-controls=\"accordion-item-4-panel\" data-wp-bind--aria-expanded=\"state.isOpen\" data-wp-on--click=\"actions.toggle\" id=\"accordion-item-4\" type=\"button\" class=\"wp-block-accordion-heading__toggle\"><span class=\"wp-block-accordion-heading__toggle-title\">Kulak k\u00fc\u00e7\u00fcltme ameliyat\u0131 ile kulak germe ameliyat\u0131 bir arada yap\u0131labilir mi?<\/span><span class=\"wp-block-accordion-heading__toggle-icon\" aria-hidden=\"true\">+<\/span><\/button><\/h3>\n\n\n\n<div aria-labelledby=\"accordion-item-4\" data-wp-bind--hidden=\"state.isHidden\" data-wp-on--beforematch=\"actions.handleBeforeMatch\" id=\"accordion-item-4-panel\" role=\"region\" class=\"wp-block-accordion-panel is-layout-flow wp-block-accordion-panel-is-layout-flow\">\n<p class=\"wp-block-paragraph\">Evet. Kulaklar hem \u00e7ok b\u00fcy\u00fck hem de dik duruyorsa, cerrah uyumlu bir genel sonu\u00e7 elde etmek i\u00e7in her iki d\u00fczeltmeyi de tek bir ameliyatta ger\u00e7ekle\u015ftirir.<\/p>\n<\/div>\n<\/div>\n<\/div>","protected":false},"excerpt":{"rendered":"<p>Kulak k\u00fc\u00e7\u00fcltme, y\u00fcz\u00fcn geri kalan\u0131na oranla orant\u0131s\u0131z g\u00f6r\u00fcnen a\u015f\u0131r\u0131 b\u00fcy\u00fck kulaklarda (makroti) uygulanan bir plastik cerrahi i\u015flemidir.<\/p>","protected":false},"template":"","class_list":["post-714","glossary","type-glossary","status-publish","hentry"],"acf":[],"_links":{"self":[{"href":"https:\/\/4beauty-website-stage.247grad.de\/tr\/wp-json\/wp\/v2\/glossary\/714","targetHints":{"allow":["GET"]}}],"collection":[{"href":"https:\/\/4beauty-website-stage.247grad.de\/tr\/wp-json\/wp\/v2\/glossary"}],"about":[{"href":"https:\/\/4beauty-website-stage.247grad.de\/tr\/wp-json\/wp\/v2\/types\/glossary"}],"wp:attachment":[{"href":"https:\/\/4beauty-website-stage.247grad.de\/tr\/wp-json\/wp\/v2\/media?parent=714"}],"curies":[{"name":"wp","href":"https:\/\/api.w.org\/{rel}","templated":true}]}}