{"id":715,"date":"2026-08-20T17:06:51","date_gmt":"2026-08-20T15:06:51","guid":{"rendered":"https:\/\/4beauty-website-stage.247grad.de\/glossar\/orbitales-fettgewebe\/"},"modified":"2026-08-20T17:26:43","modified_gmt":"2026-08-20T15:26:43","slug":"orbital-yag-dokusu","status":"publish","type":"glossary","link":"https:\/\/4beauty-website-stage.247grad.de\/tr\/glossar\/orbitales-fettgewebe\/","title":{"rendered":"Orbital ya\u011f dokusu: G\u00f6z alt\u0131 torbalar\u0131n\u0131n ger\u00e7ek nedeni"},"content":{"rendered":"<div class=\"wp-block-rank-math-toc-block\" id=\"rank-math-toc\"><h2>\u0130\u00e7indekiler<\/h2><nav><ul><li class=\"\"><a href=\"#was-ist-orbitales-fettgewebe\">Orbital ya\u011f dokusu nedir?<\/a><\/li><li class=\"\"><a href=\"#die-entstehung-von-tranensacken-eine-frage-der-stabilitat\">G\u00f6z alt\u0131 torbalar\u0131n\u0131n olu\u015fumu: Bir stabilite meselesi<\/a><\/li><li class=\"\"><a href=\"#die-chirurgische-losung-ein-paradigmenwechsel\">Cerrahi \u00e7\u00f6z\u00fcm: Bir paradigma de\u011fi\u015fimi<\/a><\/li><li class=\"\"><a href=\"#risiken-und-die-bedeutung-der-finanziellen-absicherung\">Riskler ve mali g\u00fcvencenin \u00f6nemi<\/a><\/li><li class=\"\"><a href=\"#haufig-gestellte-fragen-zu-orbitalem-fettgewebe-und-tranensacken\">Orbital ya\u011f dokusu ve g\u00f6z alt\u0131 torbalar\u0131 hakk\u0131nda s\u0131k sorulan sorular<\/a><\/li><\/ul><\/nav><\/div>\n\n\n\n<div class=\"wp-block-group is-style-boxed has-white-warm-background-color has-background is-layout-constrained wp-block-group-is-layout-constrained\">\n<p class=\"wp-block-paragraph\"><strong>\u00d6nemli uyar\u0131<\/strong><\/p>\n\n\n\n<p class=\"wp-block-paragraph\">Bu makale yaln\u0131zca bilgilendirme ama\u00e7l\u0131d\u0131r ve t\u0131bbi tan\u0131 veya tavsiyenin yerini almaz. Herhangi bir belirsizlik durumunda ve ki\u015fiye \u00f6zel bir tedavi plan\u0131 haz\u0131rlamak i\u00e7in, uzman bir hekimle g\u00f6r\u00fc\u015fmek \u015fartt\u0131r.<\/p>\n<\/div>\n\n\n\n<p class=\"wp-block-paragraph\">\u201eG\u00f6z alt\u0131 torbalar\u0131\u201c denildi\u011finde \u00e7o\u011fu insan bunu bir cilt sorunu ya da su tutulmas\u0131 olarak alg\u0131lar. Oysa as\u0131l ve kal\u0131c\u0131 neden, g\u00f6z \u00e7ukurunun anatomisinin daha derinlerinde yatmaktad\u0131r. Bunu anlaman\u0131n anahtar\u0131, orbital ya\u011f dokusudur; bu dokuya orbital ya\u011f yast\u0131\u011f\u0131 veya retrobulber ya\u011f k\u00fcmesi de denir.<br>Bu ansiklopedi maddesi, bu ya\u011f dokusunun ne oldu\u011funu, neden g\u00f6z alt\u0131 torbalar\u0131na yol a\u00e7t\u0131\u011f\u0131n\u0131 ve modern cerrahinin bu bilgiyi do\u011fal ve g\u00fczel sonu\u00e7lar elde etmek i\u00e7in nas\u0131l kulland\u0131\u011f\u0131n\u0131 size kesin ve anla\u015f\u0131l\u0131r bir \u015fekilde a\u00e7\u0131klamaktad\u0131r.<\/p>\n\n\n\n<h2 class=\"wp-block-heading\" id=\"was-ist-orbitales-fettgewebe\">Orbital ya\u011f dokusu nedir?<\/h2>\n\n\n\n<p class=\"wp-block-paragraph\">Orbital ya\u011f dokusu (t\u0131bbi terimle Corpus adiposum orbitae veya retrobulber ya\u011f dokusu), kemik g\u00f6z \u00e7ukuru (orbita) i\u00e7indeki do\u011fal ya\u011f dokusu birikimleri olarak tan\u0131mlan\u0131r. Bu ya\u011f, hassas g\u00f6z k\u00fcresi i\u00e7in \u00f6nemli bir koruma ve yast\u0131klama i\u015flevi g\u00f6r\u00fcr ve g\u00f6z k\u00fcresinin sorunsuz hareket etmesini sa\u011flar. Dolay\u0131s\u0131yla, bu yararl\u0131 ve gerekli bir yap\u0131d\u0131r.<\/p>\n\n\n\n<p class=\"wp-block-paragraph\">Orbitas\u0131n \u00f6n alt k\u0131sm\u0131ndaki ya\u011f dokusu, ba\u011f dokusu yap\u0131s\u0131n\u0131n zay\u0131f olmas\u0131 durumunda \u00f6ne do\u011fru \u00e7\u0131k\u0131nt\u0131 yapabilir ve b\u00f6ylece g\u00f6zle g\u00f6r\u00fcl\u00fcr \u201eg\u00f6z alt\u0131 torbalar\u0131na\u201c yol a\u00e7abilir<\/p>\n\n\n\n<h2 class=\"wp-block-heading\" id=\"die-entstehung-von-tranensacken-eine-frage-der-stabilitat\">G\u00f6z alt\u0131 torbalar\u0131n\u0131n olu\u015fumu: Bir stabilite meselesi<\/h2>\n\n\n\n<p class=\"wp-block-paragraph\">G\u00f6z \u00e7ukuru i\u00e7indeki ya\u011f dokusu, ince ama sa\u011flam bir ba\u011f dokusu zar\u0131 taraf\u0131ndan yerinde tutulur. Bu zara septum orbitale denir. Bu zar\u0131, g\u00f6z \u00e7ukurunun i\u00e7indeki ya\u011f\u0131 yerinde tutan bir i\u00e7 destek duvar\u0131 olarak d\u00fc\u015f\u00fcnebiliriz.<\/p>\n\n\n\n<p class=\"wp-block-paragraph\">Ya\u015f\u0131n ilerlemesiyle veya genetik yatk\u0131nl\u0131k nedeniyle bu septumun sa\u011flaml\u0131\u011f\u0131 ve esnekli\u011fi azalabilir. Zay\u0131flar ve arkas\u0131nda bulunan ya\u011f dokusunun bask\u0131s\u0131na boyun e\u011fmeye ba\u015flar.<\/p>\n\n\n\n<p class=\"wp-block-paragraph\">Ya\u011f y\u0131\u011f\u0131nlar\u0131n\u0131n d\u0131\u015far\u0131 \u00e7\u0131kmas\u0131, bir f\u0131t\u0131\u011fa benzetilebilir; bu durumda doku, s\u0131n\u0131rlay\u0131c\u0131 bir tabakadaki (burada: orbital septum) zay\u0131f bir noktadan d\u0131\u015far\u0131 do\u011fru itilir. Sorun ya\u011f\u0131n kendisi de\u011fil, ya\u011f\u0131 art\u0131k tutamayan zay\u0131flam\u0131\u015f \u201eduvar\u201cd\u0131r (orbital septum). Ya\u011f dokusu bu zay\u0131f noktadan \u00f6ne do\u011fru \u015fi\u015fer ve alt g\u00f6z kapa\u011f\u0131n\u0131n ince derisinin alt\u0131nda bir \u015fi\u015flik olarak g\u00f6r\u00fcn\u00fcr hale gelir \u2013 b\u00f6ylece kal\u0131c\u0131 g\u00f6z alt\u0131 torbas\u0131 olu\u015fur.<\/p>\n\n\n\n<h2 class=\"wp-block-heading\" id=\"die-chirurgische-losung-ein-paradigmenwechsel\">Cerrahi \u00e7\u00f6z\u00fcm: Bir paradigma de\u011fi\u015fimi<\/h2>\n\n\n\n<figure class=\"wp-block-image size-large\"><img loading=\"lazy\" decoding=\"async\" width=\"324\" height=\"324\" src=\"https:\/\/4beauty-website-stage.247grad.de\/wp-content\/uploads\/2026\/08\/2025-07_paradigmenwechsel.png\" alt=\"G\u00f6z alt\u0131 torbalar\u0131n\u0131n tedavisinde paradigma de\u011fi\u015fimi\" class=\"wp-image-284\" srcset=\"https:\/\/4beauty-website-stage.247grad.de\/wp-content\/uploads\/2026\/08\/2025-07_paradigmenwechsel.png 324w, https:\/\/4beauty-website-stage.247grad.de\/wp-content\/uploads\/2026\/08\/2025-07_paradigmenwechsel-150x150.png 150w, https:\/\/4beauty-website-stage.247grad.de\/wp-content\/uploads\/2026\/08\/2025-07_paradigmenwechsel-300x300.png 300w, https:\/\/4beauty-website-stage.247grad.de\/wp-content\/uploads\/2026\/08\/2025-07_paradigmenwechsel-12x12.png 12w, https:\/\/4beauty-website-stage.247grad.de\/wp-content\/uploads\/2026\/08\/2025-07_paradigmenwechsel-120x120.png 120w, https:\/\/4beauty-website-stage.247grad.de\/wp-content\/uploads\/2026\/08\/2025-07_paradigmenwechsel-40x40.png 40w, https:\/\/4beauty-website-stage.247grad.de\/wp-content\/uploads\/2026\/08\/2025-07_paradigmenwechsel-80x80.png 80w, https:\/\/4beauty-website-stage.247grad.de\/wp-content\/uploads\/2026\/08\/2025-07_paradigmenwechsel-160x160.png 160w\" sizes=\"auto, (max-width: 324px) 100vw, 324px\" \/><\/figure>\n\n\n\n<p class=\"wp-block-paragraph\">Kremler ve merhemler zay\u0131flam\u0131\u015f i\u00e7 destek duvar\u0131n\u0131 onaramad\u0131\u011f\u0131ndan, en etkili tedavi alt g\u00f6z kapa\u011f\u0131 germe ameliyat\u0131d\u0131r (alt blefaroplasti). Bu konuda, modern cerrahide uygulanan y\u00f6ntemler \u00f6nemli \u00f6l\u00e7\u00fcde geli\u015fmi\u015ftir.<\/p>\n\n\n\n<ul class=\"wp-block-list\">\n<li><strong>Eskiden: Sadece ya\u011f ald\u0131rma.<\/strong> Eskiden, g\u00f6z alt\u0131ndaki \u015fi\u015fkin ya\u011f yast\u0131klar\u0131 genellikle cerrahi yolla \u00e7\u0131kar\u0131l\u0131rd\u0131. Bu, g\u00f6z alt\u0131 torbas\u0131 sorununu \u00e7\u00f6zse de, g\u00f6z\u00fcn \u00f6nemli bir hacim kayb\u0131na u\u011framas\u0131 nedeniyle s\u0131kl\u0131kla do\u011fal olmayan bir \u00e7\u00f6k\u00fckl\u00fc\u011fe ve dolay\u0131s\u0131yla daha ya\u015fl\u0131 bir g\u00f6r\u00fcn\u00fcme yol a\u00e7ard\u0131.<\/li>\n\n\n\n<li><strong>Bug\u00fcn: Ya\u011f yeniden yerle\u015ftirme (Fat Repositioning).<\/strong> Modern ve daha geli\u015fmi\u015f teknikler, v\u00fccudun kendi de\u011ferli hacmini korumay\u0131 ama\u00e7lamaktad\u0131r. Cerrah, zay\u0131flam\u0131\u015f septumu a\u00e7ar, d\u0131\u015far\u0131 \u00e7\u0131k\u0131nt\u0131 yapan g\u00f6z \u00e7ukuru ya\u011f yast\u0131klar\u0131n\u0131 \u015fekillendirir ve yerlerini de\u011fi\u015ftirir. Ya\u011f, g\u00f6zya\u015f\u0131 olu\u011funun (nazoyugal oluk) \u00e7ukurlu\u011funu dengeleyecek \u015fekilde hedefli bir \u015fekilde yeniden da\u011f\u0131t\u0131l\u0131r.<\/li>\n<\/ul>\n\n\n\n<h2 class=\"wp-block-heading\" id=\"risiken-und-die-bedeutung-der-finanziellen-absicherung\">Riskler ve mali g\u00fcvencenin \u00f6nemi<\/h2>\n\n\n\n<p class=\"wp-block-paragraph\">Alt g\u00f6z kapa\u011f\u0131 germe ameliyat\u0131, deneyimli bir uzman taraf\u0131ndan ger\u00e7ekle\u015ftirildi\u011finde olduk\u00e7a g\u00fcvenli bir i\u015flem olarak kabul edilir. Bununla birlikte, her ameliyatta oldu\u011fu gibi genel riskler de mevcuttur (\u00f6rne\u011fin \u015fi\u015flikler, enfeksiyonlar, yara iyile\u015fme bozukluklar\u0131). Spesifik komplikasyonlar aras\u0131nda asimetri veya g\u00f6z kapa\u011f\u0131 pozisyonunda sorunlar say\u0131labilir.<\/p>\n\n\n\n<p class=\"wp-block-paragraph\">B\u00f6yle bir komplikasyon, t\u0131bbi olarak endike olmayan bir takip tedavisi gerektirirse, bunun masraflar\u0131 genellikle yasal sa\u011fl\u0131k sigortas\u0131 taraf\u0131ndan kar\u015f\u0131lanmaz. \u00d6zel sigortal\u0131lar i\u00e7in durumuna ba\u011fl\u0131 olarak farkl\u0131 d\u00fczenlemeler ge\u00e7erli olabilir. Ameliyattan \u00f6nce yapt\u0131r\u0131lan bir takip masraflar\u0131 sigortas\u0131, sizi bu \u00f6ng\u00f6r\u00fclemeyen mali y\u00fcklerden korur.<\/p>\n\n\n\n<div class=\"wp-block-buttons is-layout-flex wp-block-buttons-is-layout-flex\">\n<div class=\"wp-block-button\"><a class=\"wp-block-button__link wp-element-button\" href=\"https:\/\/4beauty-website-stage.247grad.de\/tr\/sonraki-masraf-sigortasi\/\">Sonraki masraflar\u0131 sigortalamak<\/a><\/div>\n<\/div>\n\n\n\n<h2 class=\"wp-block-heading\" id=\"haufig-gestellte-fragen-zu-orbitalem-fettgewebe-und-tranensacken\">Orbital ya\u011f dokusu ve g\u00f6z alt\u0131 torbalar\u0131 hakk\u0131nda s\u0131k sorulan sorular<\/h2>\n\n\n\n<div data-wp-context=\"{ &quot;autoclose&quot;: false, &quot;accordionItems&quot;: [] }\" data-wp-interactive=\"core\/accordion\" role=\"group\" class=\"wp-block-accordion is-layout-flow wp-block-accordion-is-layout-flow\">\n<div data-wp-class--is-open=\"state.isOpen\" data-wp-context=\"{ &quot;id&quot;: &quot;accordion-item-1&quot;, &quot;openByDefault&quot;: false }\" data-wp-init=\"callbacks.initAccordionItems\" data-wp-on-window--hashchange=\"callbacks.hashChange\" class=\"wp-block-accordion-item is-layout-flow wp-block-accordion-item-is-layout-flow\">\n<h3 class=\"wp-block-accordion-heading\"><button aria-expanded=\"false\" aria-controls=\"accordion-item-1-panel\" data-wp-bind--aria-expanded=\"state.isOpen\" data-wp-on--click=\"actions.toggle\" id=\"accordion-item-1\" type=\"button\" class=\"wp-block-accordion-heading__toggle\"><span class=\"wp-block-accordion-heading__toggle-title\">G\u00f6z \u00e7evresi ya\u011f dokusu, g\u00f6z alt\u0131 torbalar\u0131yla ayn\u0131 \u015fey midir?<\/span><span class=\"wp-block-accordion-heading__toggle-icon\" aria-hidden=\"true\">+<\/span><\/button><\/h3>\n\n\n\n<div aria-labelledby=\"accordion-item-1\" data-wp-bind--hidden=\"state.isHidden\" data-wp-on--beforematch=\"actions.handleBeforeMatch\" id=\"accordion-item-1-panel\" role=\"region\" class=\"wp-block-accordion-panel is-layout-flow wp-block-accordion-panel-is-layout-flow\">\n<p class=\"wp-block-paragraph\">Tam olarak \u00f6yle de\u011fil. Orbital ya\u011f dokusu, anatomik yap\u0131d\u0131r (ya\u011f). \u201eG\u00f6z alt\u0131 torbas\u0131\u201c ise, bu ya\u011f dokusunun \u00f6ne do\u011fru \u00e7\u0131k\u0131nt\u0131 yapmas\u0131yla ortaya \u00e7\u0131kan g\u00f6r\u00fcn\u00fcr bir belirtidir.<\/p>\n<\/div>\n<\/div>\n\n\n\n<div data-wp-class--is-open=\"state.isOpen\" data-wp-context=\"{ &quot;id&quot;: &quot;accordion-item-2&quot;, &quot;openByDefault&quot;: false }\" data-wp-init=\"callbacks.initAccordionItems\" data-wp-on-window--hashchange=\"callbacks.hashChange\" class=\"wp-block-accordion-item is-layout-flow wp-block-accordion-item-is-layout-flow\">\n<h3 class=\"wp-block-accordion-heading\"><button aria-expanded=\"false\" aria-controls=\"accordion-item-2-panel\" data-wp-bind--aria-expanded=\"state.isOpen\" data-wp-on--click=\"actions.toggle\" id=\"accordion-item-2\" type=\"button\" class=\"wp-block-accordion-heading__toggle\"><span class=\"wp-block-accordion-heading__toggle-title\">G\u00f6z alt\u0131 torbalar\u0131 su mu?<\/span><span class=\"wp-block-accordion-heading__toggle-icon\" aria-hidden=\"true\">+<\/span><\/button><\/h3>\n\n\n\n<div aria-labelledby=\"accordion-item-2\" data-wp-bind--hidden=\"state.isHidden\" data-wp-on--beforematch=\"actions.handleBeforeMatch\" id=\"accordion-item-2-panel\" role=\"region\" class=\"wp-block-accordion-panel is-layout-flow wp-block-accordion-panel-is-layout-flow\">\n<p class=\"wp-block-paragraph\">Hay\u0131r. Ger\u00e7ek, kal\u0131c\u0131 g\u00f6z alt\u0131 torbalar\u0131 ya\u011f dokusunun d\u0131\u015far\u0131 do\u011fru \u00e7\u0131k\u0131nt\u0131 yapmas\u0131ndan kaynaklan\u0131r. Sabahlar\u0131 su tutulmas\u0131 (g\u00f6z kapa\u011f\u0131 \u00f6demi) nedeniyle ortaya \u00e7\u0131kan ge\u00e7ici \u015fi\u015flikler ise farkl\u0131 bir durumdur ve genellikle g\u00fcn i\u00e7inde kaybolur.<\/p>\n<\/div>\n<\/div>\n\n\n\n<div data-wp-class--is-open=\"state.isOpen\" data-wp-context=\"{ &quot;id&quot;: &quot;accordion-item-3&quot;, &quot;openByDefault&quot;: false }\" data-wp-init=\"callbacks.initAccordionItems\" data-wp-on-window--hashchange=\"callbacks.hashChange\" class=\"wp-block-accordion-item is-layout-flow wp-block-accordion-item-is-layout-flow\">\n<h3 class=\"wp-block-accordion-heading\"><button aria-expanded=\"false\" aria-controls=\"accordion-item-3-panel\" data-wp-bind--aria-expanded=\"state.isOpen\" data-wp-on--click=\"actions.toggle\" id=\"accordion-item-3\" type=\"button\" class=\"wp-block-accordion-heading__toggle\"><span class=\"wp-block-accordion-heading__toggle-title\">G\u00f6z alt\u0131 torbalar\u0131 kendili\u011finden ge\u00e7er mi?<\/span><span class=\"wp-block-accordion-heading__toggle-icon\" aria-hidden=\"true\">+<\/span><\/button><\/h3>\n\n\n\n<div aria-labelledby=\"accordion-item-3\" data-wp-bind--hidden=\"state.isHidden\" data-wp-on--beforematch=\"actions.handleBeforeMatch\" id=\"accordion-item-3-panel\" role=\"region\" class=\"wp-block-accordion-panel is-layout-flow wp-block-accordion-panel-is-layout-flow\">\n<p class=\"wp-block-paragraph\">Hay\u0131r. Nedeni, kal\u0131c\u0131 olarak zay\u0131flam\u0131\u015f bir ba\u011f dokusu tabakas\u0131 (orbital septum) oldu\u011fu i\u00e7in, bir kez olu\u015ftuktan sonra ger\u00e7ek g\u00f6z alt\u0131 torbalar\u0131 genellikle kendili\u011finden geri \u00e7ekilmez ve ancak cerrahi m\u00fcdahaleyle d\u00fczeltilebilir.<\/p>\n<\/div>\n<\/div>\n\n\n\n<div data-wp-class--is-open=\"state.isOpen\" data-wp-context=\"{ &quot;id&quot;: &quot;accordion-item-4&quot;, &quot;openByDefault&quot;: false }\" data-wp-init=\"callbacks.initAccordionItems\" data-wp-on-window--hashchange=\"callbacks.hashChange\" class=\"wp-block-accordion-item is-layout-flow wp-block-accordion-item-is-layout-flow\">\n<h3 class=\"wp-block-accordion-heading\"><button aria-expanded=\"false\" aria-controls=\"accordion-item-4-panel\" data-wp-bind--aria-expanded=\"state.isOpen\" data-wp-on--click=\"actions.toggle\" id=\"accordion-item-4\" type=\"button\" class=\"wp-block-accordion-heading__toggle\"><span class=\"wp-block-accordion-heading__toggle-title\">Ameliyats\u0131z bir tedavi var m\u0131?<\/span><span class=\"wp-block-accordion-heading__toggle-icon\" aria-hidden=\"true\">+<\/span><\/button><\/h3>\n\n\n\n<div aria-labelledby=\"accordion-item-4\" data-wp-bind--hidden=\"state.isHidden\" data-wp-on--beforematch=\"actions.handleBeforeMatch\" id=\"accordion-item-4-panel\" role=\"region\" class=\"wp-block-accordion-panel is-layout-flow wp-block-accordion-panel-is-layout-flow\">\n<p class=\"wp-block-paragraph\">Lazer veya radyofrekans gibi non-invaziv y\u00f6ntemler alt g\u00f6z kapa\u011f\u0131ndaki cilt g\u00f6r\u00fcn\u00fcm\u00fcn\u00fc iyile\u015ftirebilir, ancak anatomik nedeni \u2013 yani ya\u011f\u0131n d\u0131\u015far\u0131 do\u011fru \u00e7\u0131k\u0131nt\u0131 yapmas\u0131n\u0131 \u2013 ortadan kald\u0131ramaz. Cerrahi d\u00fczeltme, tek ger\u00e7ek anlamda etkili y\u00f6ntem olmaya devam etmektedir.<\/p>\n<\/div>\n<\/div>\n<\/div>","protected":false},"excerpt":{"rendered":"<p>G\u00f6z \u00e7ukurundaki orbital ya\u011f dokusu, retrobulber ya\u011f dokusu olarak da adland\u0131r\u0131l\u0131r ve g\u00f6z alt\u0131 torbalar\u0131n\u0131n as\u0131l ve kal\u0131c\u0131 nedenidir.<\/p>","protected":false},"template":"","class_list":["post-715","glossary","type-glossary","status-publish","hentry"],"acf":[],"_links":{"self":[{"href":"https:\/\/4beauty-website-stage.247grad.de\/tr\/wp-json\/wp\/v2\/glossary\/715","targetHints":{"allow":["GET"]}}],"collection":[{"href":"https:\/\/4beauty-website-stage.247grad.de\/tr\/wp-json\/wp\/v2\/glossary"}],"about":[{"href":"https:\/\/4beauty-website-stage.247grad.de\/tr\/wp-json\/wp\/v2\/types\/glossary"}],"wp:attachment":[{"href":"https:\/\/4beauty-website-stage.247grad.de\/tr\/wp-json\/wp\/v2\/media?parent=715"}],"curies":[{"name":"wp","href":"https:\/\/api.w.org\/{rel}","templated":true}]}}