{"id":717,"date":"2026-08-20T17:06:53","date_gmt":"2026-08-20T15:06:53","guid":{"rendered":"https:\/\/4beauty-website-stage.247grad.de\/glossar\/otoplastik\/"},"modified":"2026-08-20T17:26:46","modified_gmt":"2026-08-20T15:26:46","slug":"otoplasti","status":"publish","type":"glossary","link":"https:\/\/4beauty-website-stage.247grad.de\/tr\/glossar\/otoplastik\/","title":{"rendered":"Otoplasti: \u00c7\u0131k\u0131k kulaklar\u0131n cerrahi olarak d\u00fczeltilmesi"},"content":{"rendered":"<div class=\"wp-block-rank-math-toc-block\" id=\"rank-math-toc\"><h2>\u0130\u00e7indekiler<\/h2><nav><ul><li class=\"\"><a href=\"#was-ist-eine-otoplastik\">Otoplastik nedir?<\/a><\/li><li class=\"\"><a href=\"#die-ursache-warum-stehen-ohren-ab\">Nedeni: Kulaklar neden d\u0131\u015far\u0131 do\u011fru \u00e7\u0131k\u0131nt\u0131 yapar?<\/a><\/li><\/ul><\/nav><\/div>\n\n\n\n<div class=\"wp-block-group is-style-boxed has-white-warm-background-color has-background is-layout-constrained wp-block-group-is-layout-constrained\">\n<p class=\"wp-block-paragraph\"><strong>\u00d6nemli uyar\u0131<\/strong><\/p>\n\n\n\n<p class=\"wp-block-paragraph\">Bu makale yaln\u0131zca bilgilendirme ama\u00e7l\u0131d\u0131r ve t\u0131bbi tan\u0131 veya tavsiyenin yerini almaz. Herhangi bir belirsizlik durumunda ve ki\u015fiye \u00f6zel bir tedavi plan\u0131 haz\u0131rlamak i\u00e7in, uzman bir hekimle g\u00f6r\u00fc\u015fmek \u015fartt\u0131r.<\/p>\n<\/div>\n\n\n\n<p class=\"wp-block-paragraph\">\u00c7\u0131k\u0131k kulaklar, halk dilinde genellikle \u201eyelken kulak\u201c olarak adland\u0131r\u0131l\u0131r ve kulak kep\u00e7esindeki en s\u0131k g\u00f6r\u00fclen do\u011fu\u015ftan \u015fekil bozukluklar\u0131ndan biridir. T\u0131bbi a\u00e7\u0131dan zarars\u0131z olsalar da, bir\u00e7ok \u00e7ocuk ve yeti\u015fkin i\u00e7in \u00f6nemli bir psikolojik y\u00fck olu\u015ftururlar. Otoplasti, daha \u00e7ok \u201ckulak d\u00fczeltme ameliyat\u0131\u201d olarak bilinen, bu deformasyonu kal\u0131c\u0131 olarak d\u00fczeltmek i\u00e7in on y\u0131llard\u0131r kendini kan\u0131tlam\u0131\u015f ve g\u00fcvenli bir i\u015flemdir.<\/p>\n\n\n\n<p class=\"wp-block-paragraph\">Bu makale, dik kulaklar\u0131n anatomik nedenini, mevcut modern ameliyat tekniklerini ve bu ameliyattan neler bekleyebilece\u011finizi ayr\u0131nt\u0131l\u0131 bir \u015fekilde a\u00e7\u0131klamaktad\u0131r.<\/p>\n\n\n\n<h2 class=\"wp-block-heading\" id=\"was-ist-eine-otoplastik\">Otoplastik nedir?<\/h2>\n\n\n\n<p class=\"wp-block-paragraph\">Otoplasti, kulak kep\u00e7esinin \u015feklini, boyutunu veya konumunu d\u00fczeltmeye y\u00f6nelik bir cerrahi i\u015flemdir. Bu i\u015flemin en yayg\u0131n uygulama alan\u0131, sark\u0131k kulaklar\u0131n d\u00fczeltilmesidir.<\/p>\n\n\n\n<p class=\"wp-block-paragraph\">Ameliyat\u0131n amac\u0131, y\u00fcz\u00fcn geri kalan\u0131yla uyumlu, estetik a\u00e7\u0131dan \u00e7ekici, do\u011fal ve simetrik bir kulak g\u00f6r\u00fcn\u00fcm\u00fc elde etmektir.<\/p>\n\n\n\n<h2 class=\"wp-block-heading\" id=\"die-ursache-warum-stehen-ohren-ab\">Nedeni: Kulaklar neden d\u0131\u015far\u0131 do\u011fru \u00e7\u0131k\u0131nt\u0131 yapar?<\/h2>\n\n\n\n<p class=\"wp-block-paragraph\">Yayg\u0131n kan\u0131n\u0131n aksine, otoplasti ameliyat\u0131 kulaklar\u0131 \u201eyap\u0131\u015ft\u0131rmak\u201c de\u011fildir. Kulaklar\u0131n \u00f6ne \u00e7\u0131kmas\u0131n\u0131n en yayg\u0131n nedeni, kulak k\u0131k\u0131rda\u011f\u0131ndaki do\u011fu\u015ftan gelen \u015fekil bozuklu\u011fudur. \u00c7o\u011fu durumda, kulak kep\u00e7esinin ana k\u0131vr\u0131mlar\u0131ndan biri olan anthelix k\u0131vr\u0131m\u0131 yeterince geli\u015fmemi\u015ftir veya tamamen yoktur.<\/p>\n\n\n\n<p class=\"wp-block-paragraph\">Kulak kepesinin kafaya olan mesafesinin fazla olmas\u0131 (Cavum conchae\u2019nin geni\u015flemesi) da buna neden olabilir. Bu durum, kula\u011f\u0131n kafadan daha fazla d\u0131\u015far\u0131 \u00e7\u0131kmas\u0131na neden olur. Bu nedenle ameliyat\u0131n amac\u0131, eksik olan bu k\u0131k\u0131rdak k\u0131vr\u0131m\u0131n\u0131 cerrahi olarak yeniden \u015fekillendirmektir.<\/p>\n\n\n\n<figure class=\"wp-block-table\"><table class=\"has-fixed-layout\"><thead><tr><th>Kriter<\/th><th>Geleneksel Otoplasti (Kesme-Diki\u015f Tekni\u011fi)<\/th><th>\u0130plik y\u00f6ntemi (deri kesi\u011fi yap\u0131lmadan)<\/th><\/tr><\/thead><tbody><tr><td>Kesik\/Yara izi<\/td><td>Kulak arkas\u0131nda ince, g\u00f6ze \u00e7arpmayan bir kesi<\/td><td>Sadece \u00e7ok k\u00fc\u00e7\u00fck delikler, neredeyse hi\u00e7 yara izi kalmaz<\/td><\/tr><tr><td>K\u0131k\u0131rdak i\u015fleme<\/td><td>K\u0131k\u0131rdak ortaya \u00e7\u0131kar\u0131l\u0131r, zay\u0131flat\u0131l\u0131r (\u00f6rne\u011fin, \u00e7izilir veya oyulur) ve i\u00e7 diki\u015flerle yeni \u015fekline getirilir. Gerekirse, Cavum conchae\u2019nin bir k\u0131sm\u0131 k\u00fc\u00e7\u00fclt\u00fcl\u00fcr veya kemi\u011fe yap\u0131\u015ft\u0131r\u0131l\u0131r.<\/td><td>K\u0131k\u0131rdak a\u00e7\u0131\u011fa \u00e7\u0131kar\u0131lmaz, sadece \u00f6zel, kal\u0131c\u0131 ipliklerle \u015fekillendirilir<\/td><\/tr><tr><td>\u0130nvazivlik<\/td><td>\u0130nvaziv<\/td><td>Minimal invaziv<\/td><\/tr><tr><td>\u015eunlar i\u00e7in uygundur\u2026<\/td><td>Neredeyse t\u00fcm kulak \u015fekil bozukluklar\u0131, kal\u0131n ve sert k\u0131k\u0131rdakta bile<\/td><td>Daha yumu\u015fak, esnek k\u0131k\u0131rdak ve orta derecede bozukluklar<\/td><\/tr><tr><td>Raf \u00f6mr\u00fc<\/td><td>Son derece y\u00fcksek ve kal\u0131c\u0131 sa\u011flaml\u0131k<\/td><td>Uzun s\u00fcreli ayakta kalma s\u00fcresinin azalmas\u0131, n\u00fcks riskinin artmas\u0131 (\u00f6rne\u011fin, diki\u015f kopmas\u0131 veya gev\u015femesi)<\/td><\/tr><\/tbody><\/table><\/figure>\n\n\n\n<h3 class=\"wp-block-heading\" id=\"die-konventionelle-otoplastik-der-goldstandard\">Geleneksel otoplasti: Alt\u0131n standart<\/h3>\n\n\n\n<p class=\"wp-block-paragraph\">Bu, geleneksel ve en s\u0131k uygulanan y\u00f6ntemdir. Cerrah, kula\u011f\u0131n arka taraf\u0131nda g\u00f6ze \u00e7arpmayan bir kesi yaparak kulak k\u0131k\u0131rda\u011f\u0131n\u0131 ortaya \u00e7\u0131kar\u0131r. K\u0131k\u0131rda\u011f\u0131n daha kolay \u015fekillendirilebilmesi i\u00e7in hedefli bir \u015fekilde inceltilmesi veya \u00e7entik at\u0131lmas\u0131 yoluyla zay\u0131flat\u0131l\u0131r. Ard\u0131ndan, i\u00e7ten at\u0131lmayan diki\u015flerle istenen konuma getirilir ve b\u00f6ylece anthelix k\u0131vr\u0131m\u0131 kal\u0131c\u0131 olarak yeniden olu\u015fturulur.<\/p>\n\n\n\n<h3 class=\"wp-block-heading\" id=\"die-fadenmethode-die-minimal-invasive-alternative\">\u0130plik y\u00f6ntemi: Minimal invaziv alternatif<\/h3>\n\n\n\n<p class=\"wp-block-paragraph\">Bu y\u00f6ntemde cilt kesisi yap\u0131lmaz. Doktor, \u00f6zel kal\u0131c\u0131 iplikleri bir i\u011fne yard\u0131m\u0131yla cilt ve k\u0131k\u0131rdaktan ge\u00e7irir ve bunlar\u0131 kulak arkas\u0131ndaki deri alt\u0131nda d\u00fc\u011f\u00fcmler. \u0130pliklerin gerilmesiyle anthelix k\u0131vr\u0131m\u0131 olu\u015fur ve kulak yerine oturur.<\/p>\n\n\n\n<h3 class=\"wp-block-heading\" id=\"risiken-und-die-bedeutung-der-richtigen-op-absicherung\">Riskler ve do\u011fru ameliyat sigortas\u0131n\u0131n \u00f6nemi<\/h3>\n\n\n\n<p class=\"wp-block-paragraph\">Otoplasti, riski olduk\u00e7a d\u00fc\u015f\u00fck bir rutin ameliyatt\u0131r. Bununla birlikte, her ameliyatta oldu\u011fu gibi, bu ameliyatta da kendine \u00f6zg\u00fc riskler bulunmaktad\u0131r:<\/p>\n\n\n\n<ul class=\"wp-block-list\">\n<li>Sonradan ortaya \u00e7\u0131kan kanamalar veya morluklar<\/li>\n\n\n\n<li>Yara iyile\u015fme bozukluklar\u0131 veya enfeksiyonlar (\u00f6zellikle k\u0131k\u0131rdak zar\u0131 iltihab\u0131)<\/li>\n\n\n\n<li>Kulaklarda asimetri<\/li>\n\n\n\n<li>Do\u011fal olmayan bir g\u00f6r\u00fcn\u00fcm (\u201eyap\u0131\u015ft\u0131r\u0131lm\u0131\u015f\u201c gibi g\u00f6r\u00fcnen kulaklar)<\/li>\n\n\n\n<li>N\u00fcks, yani kula\u011f\u0131n eski konumuna k\u0131smen geri d\u00f6nmesi (iplik y\u00f6nteminde risk daha y\u00fcksektir)<\/li>\n<\/ul>\n\n\n\n<p class=\"wp-block-paragraph\">Komplikasyonlar\u0131n tedavisi veya gerekli bir revizyon ameliyat\u0131n\u0131n masraflar\u0131 her zaman sa\u011fl\u0131k sigortas\u0131 taraf\u0131ndan kar\u015f\u0131lanmad\u0131\u011f\u0131ndan, bir <a href=\"https:\/\/4beauty-website-stage.247grad.de\/tr\/sonraki-masraf-sigortasi\/\">Sonras\u0131 Maliyet Sigortas\u0131<\/a> mali g\u00fcvenlik.<\/p>\n\n\n\n<h3 class=\"wp-block-heading\" id=\"haufig-gestellte-fragen-faq-zur-otoplastik\">Otoplastik ile ilgili s\u0131k sorulan sorular (SSS)<\/h3>\n\n\n\n<div data-wp-context=\"{ &quot;autoclose&quot;: false, &quot;accordionItems&quot;: [] }\" data-wp-interactive=\"core\/accordion\" role=\"group\" class=\"wp-block-accordion is-layout-flow wp-block-accordion-is-layout-flow\">\n<div data-wp-class--is-open=\"state.isOpen\" data-wp-context=\"{ &quot;id&quot;: &quot;accordion-item-1&quot;, &quot;openByDefault&quot;: false }\" data-wp-init=\"callbacks.initAccordionItems\" data-wp-on-window--hashchange=\"callbacks.hashChange\" class=\"wp-block-accordion-item is-layout-flow wp-block-accordion-item-is-layout-flow\">\n<h4 class=\"wp-block-accordion-heading\"><button aria-expanded=\"false\" aria-controls=\"accordion-item-1-panel\" data-wp-bind--aria-expanded=\"state.isOpen\" data-wp-on--click=\"actions.toggle\" id=\"accordion-item-1\" type=\"button\" class=\"wp-block-accordion-heading__toggle\"><span class=\"wp-block-accordion-heading__toggle-title\">Bir otoplastik ne kadard\u0131r?<\/span><span class=\"wp-block-accordion-heading__toggle-icon\" aria-hidden=\"true\">+<\/span><\/button><\/h4>\n\n\n\n<div aria-labelledby=\"accordion-item-1\" data-wp-bind--hidden=\"state.isHidden\" data-wp-on--beforematch=\"actions.handleBeforeMatch\" id=\"accordion-item-1-panel\" role=\"region\" class=\"wp-block-accordion-panel is-layout-flow wp-block-accordion-panel-is-layout-flow\">\n<p class=\"wp-block-paragraph\">Bir yeti\u015fkine yap\u0131lacak otoplasti ameliyat\u0131n\u0131n maliyeti genellikle 2.500 ile 4.500 avro aras\u0131ndad\u0131r.<\/p>\n<\/div>\n<\/div>\n\n\n\n<div data-wp-class--is-open=\"state.isOpen\" data-wp-context=\"{ &quot;id&quot;: &quot;accordion-item-2&quot;, &quot;openByDefault&quot;: false }\" data-wp-init=\"callbacks.initAccordionItems\" data-wp-on-window--hashchange=\"callbacks.hashChange\" class=\"wp-block-accordion-item is-layout-flow wp-block-accordion-item-is-layout-flow\">\n<h4 class=\"wp-block-accordion-heading\"><button aria-expanded=\"false\" aria-controls=\"accordion-item-2-panel\" data-wp-bind--aria-expanded=\"state.isOpen\" data-wp-on--click=\"actions.toggle\" id=\"accordion-item-2\" type=\"button\" class=\"wp-block-accordion-heading__toggle\"><span class=\"wp-block-accordion-heading__toggle-title\">Sa\u011fl\u0131k sigortas\u0131 masraflar\u0131 kar\u015f\u0131lar m\u0131?<\/span><span class=\"wp-block-accordion-heading__toggle-icon\" aria-hidden=\"true\">+<\/span><\/button><\/h4>\n\n\n\n<div aria-labelledby=\"accordion-item-2\" data-wp-bind--hidden=\"state.isHidden\" data-wp-on--beforematch=\"actions.handleBeforeMatch\" id=\"accordion-item-2-panel\" role=\"region\" class=\"wp-block-accordion-panel is-layout-flow wp-block-accordion-panel-is-layout-flow\">\n<p class=\"wp-block-paragraph\">\u00c7ocuklar ve gen\u00e7lerde, psikolojik bir y\u00fck\u00fcn (\u00f6rne\u011fin alay edilme nedeniyle) belgelendi\u011fi durumlarda, bu i\u015flem genellikle sa\u011fl\u0131k sigortas\u0131 taraf\u0131ndan kar\u015f\u0131lan\u0131r. Yeti\u015fkinlerde ise otoplasti neredeyse her zaman tamamen estetik bir i\u015flem olarak de\u011ferlendirilir ve masraflar\u0131 hasta taraf\u0131ndan kar\u015f\u0131lanmal\u0131d\u0131r.<\/p>\n<\/div>\n<\/div>\n\n\n\n<div data-wp-class--is-open=\"state.isOpen\" data-wp-context=\"{ &quot;id&quot;: &quot;accordion-item-3&quot;, &quot;openByDefault&quot;: false }\" data-wp-init=\"callbacks.initAccordionItems\" data-wp-on-window--hashchange=\"callbacks.hashChange\" class=\"wp-block-accordion-item is-layout-flow wp-block-accordion-item-is-layout-flow\">\n<h4 class=\"wp-block-accordion-heading\"><button aria-expanded=\"false\" aria-controls=\"accordion-item-3-panel\" data-wp-bind--aria-expanded=\"state.isOpen\" data-wp-on--click=\"actions.toggle\" id=\"accordion-item-3\" type=\"button\" class=\"wp-block-accordion-heading__toggle\"><span class=\"wp-block-accordion-heading__toggle-title\">Kulak d\u00fczeltme ameliyat\u0131 hangi ya\u015ftan itibaren yap\u0131labilir?<\/span><span class=\"wp-block-accordion-heading__toggle-icon\" aria-hidden=\"true\">+<\/span><\/button><\/h4>\n\n\n\n<div aria-labelledby=\"accordion-item-3\" data-wp-bind--hidden=\"state.isHidden\" data-wp-on--beforematch=\"actions.handleBeforeMatch\" id=\"accordion-item-3-panel\" role=\"region\" class=\"wp-block-accordion-panel is-layout-flow wp-block-accordion-panel-is-layout-flow\">\n<p class=\"wp-block-paragraph\">\u0130deal zaman genellikle okul \u00f6ncesi ya\u015flarda, yani 5-6 ya\u015f civar\u0131ndad\u0131r. Bu ya\u015flarda kulak neredeyse tamamen geli\u015fmi\u015ftir, ancak k\u0131k\u0131rdak h\u00e2l\u00e2 yumu\u015fakt\u0131r ve kolayca \u015fekillendirilebilir. Bununla birlikte, bu i\u015flem daha ileri ya\u015flarda da sorunsuz bir \u015fekilde yap\u0131labilir.<\/p>\n<\/div>\n<\/div>\n\n\n\n<div data-wp-class--is-open=\"state.isOpen\" data-wp-context=\"{ &quot;id&quot;: &quot;accordion-item-4&quot;, &quot;openByDefault&quot;: false }\" data-wp-init=\"callbacks.initAccordionItems\" data-wp-on-window--hashchange=\"callbacks.hashChange\" class=\"wp-block-accordion-item is-layout-flow wp-block-accordion-item-is-layout-flow\">\n<h4 class=\"wp-block-accordion-heading\"><button aria-expanded=\"false\" aria-controls=\"accordion-item-4-panel\" data-wp-bind--aria-expanded=\"state.isOpen\" data-wp-on--click=\"actions.toggle\" id=\"accordion-item-4\" type=\"button\" class=\"wp-block-accordion-heading__toggle\"><span class=\"wp-block-accordion-heading__toggle-title\">Ameliyattan sonra ne kadar s\u00fcreyle kafa band\u0131 takmak gerekir?<\/span><span class=\"wp-block-accordion-heading__toggle-icon\" aria-hidden=\"true\">+<\/span><\/button><\/h4>\n\n\n\n<div aria-labelledby=\"accordion-item-4\" data-wp-bind--hidden=\"state.isHidden\" data-wp-on--beforematch=\"actions.handleBeforeMatch\" id=\"accordion-item-4-panel\" role=\"region\" class=\"wp-block-accordion-panel is-layout-flow wp-block-accordion-panel-is-layout-flow\">\n<p class=\"wp-block-paragraph\">Ba\u015f bandaj\u0131 \u00e7\u0131kar\u0131ld\u0131ktan sonra (yakla\u015f\u0131k 1 hafta sonra), sonucu korumak ve uyku s\u0131ras\u0131nda kulaklar\u0131n yanl\u0131\u015fl\u0131kla b\u00fck\u00fclmesini \u00f6nlemek i\u00e7in birka\u00e7 hafta boyunca (genellikle 4-6 hafta) bir kafa band\u0131 tak\u0131lmas\u0131 gerekir \u2013 \u00f6zellikle geceleri.<\/p>\n<\/div>\n<\/div>\n<\/div>","protected":false},"excerpt":{"rendered":"<p>Otoplasti, yani kulaklar\u0131n cerrahi olarak d\u00fczeltilmesi, dik kulaklar\u0131 kal\u0131c\u0131 olarak d\u00fczeltir \u2013 bu, on y\u0131llard\u0131r kendini kan\u0131tlam\u0131\u015f ve g\u00fcvenli bir i\u015flemdir.<\/p>","protected":false},"template":"","class_list":["post-717","glossary","type-glossary","status-publish","hentry"],"acf":[],"_links":{"self":[{"href":"https:\/\/4beauty-website-stage.247grad.de\/tr\/wp-json\/wp\/v2\/glossary\/717","targetHints":{"allow":["GET"]}}],"collection":[{"href":"https:\/\/4beauty-website-stage.247grad.de\/tr\/wp-json\/wp\/v2\/glossary"}],"about":[{"href":"https:\/\/4beauty-website-stage.247grad.de\/tr\/wp-json\/wp\/v2\/types\/glossary"}],"wp:attachment":[{"href":"https:\/\/4beauty-website-stage.247grad.de\/tr\/wp-json\/wp\/v2\/media?parent=717"}],"curies":[{"name":"wp","href":"https:\/\/api.w.org\/{rel}","templated":true}]}}