{"id":723,"date":"2026-08-20T17:06:57","date_gmt":"2026-08-20T15:06:57","guid":{"rendered":"https:\/\/4beauty-website-stage.247grad.de\/glossar\/po-augmentation\/"},"modified":"2026-08-28T11:45:41","modified_gmt":"2026-08-28T09:45:41","slug":"kalca-bueyuetme","status":"publish","type":"glossary","link":"https:\/\/4beauty-website-stage.247grad.de\/tr\/glossar\/po-augmentation\/","title":{"rendered":"Kal\u00e7a B\u00fcy\u00fctme (Gluteal Augmentasyon): BBL ve \u0130mplantlara Genel Bir Bak\u0131\u015f"},"content":{"rendered":"<div class=\"wp-block-rank-math-toc-block\" id=\"rank-math-toc\"><h2>\u0130\u00e7indekiler<\/h2><nav><ul><li class=\"\"><a href=\"#was-ist-po-augmentation-glutealaugmentation\">Kal\u00e7a b\u00fcy\u00fctme (gluteal augmentasyon) nedir?<\/a><\/li><li class=\"\"><a href=\"#die-zwei-hauptmethoden-ein-grundlegender-unterschied\">\u0130ki temel y\u00f6ntem: Temel bir fark<\/a><\/li><\/ul><\/nav><\/div>\n\n\n\n<div class=\"wp-block-group is-style-boxed has-white-warm-background-color has-background is-layout-constrained wp-block-group-is-layout-constrained\">\n<p class=\"wp-block-paragraph\"><strong>\u00d6nemli uyar\u0131<\/strong><\/p>\n\n\n\n<p class=\"wp-block-paragraph\">Bu makale yaln\u0131zca bilgilendirme ama\u00e7l\u0131d\u0131r ve t\u0131bbi tan\u0131 veya tavsiyenin yerini almaz. Herhangi bir belirsizlik durumunda ve ki\u015fiye \u00f6zel bir tedavi plan\u0131 haz\u0131rlamak i\u00e7in, uzman bir hekimle g\u00f6r\u00fc\u015fmek \u015fartt\u0131r.<\/p>\n<\/div>\n\n\n\n<p class=\"wp-block-paragraph\">\u00c7o\u011fu insan i\u00e7in d\u00fczg\u00fcn \u015fekilli, yuvarlak ve s\u0131k\u0131 kal\u00e7alar, \u00e7ekici ve gen\u00e7 bir v\u00fccut sil\u00fcetinin simgesidir. E\u011fer istenen \u015fekil egzersiz veya genetik yap\u0131 nedeniyle elde edilemiyorsa, modern estetik cerrahi, \"kal\u00e7a b\u00fcy\u00fctme\" veya \"gluteal augmentasyon\" ad\u0131 alt\u0131nda kal\u00e7an\u0131n hacmini ve konturunu kal\u0131c\u0131 olarak de\u011fi\u015ftirmek i\u00e7in \u00e7e\u015fitli se\u00e7enekler sunmaktad\u0131r.<\/p>\n\n\n\n<p class=\"wp-block-paragraph\">Bu makale, kal\u00e7a b\u00fcy\u00fctme ameliyatlar\u0131nda kullan\u0131lan en \u00f6nemli iki cerrahi y\u00f6ntem olan kendi ya\u011f\u0131n\u0131n kullan\u0131ld\u0131\u011f\u0131 Brezilya Kal\u00e7a Kald\u0131rma (BBL) ve implantlarla kal\u00e7a b\u00fcy\u00fctme hakk\u0131nda size net ve kapsaml\u0131 bir genel bak\u0131\u015f sunmaktad\u0131r.<\/p>\n\n\n\n<h2 class=\"wp-block-heading\" id=\"was-ist-po-augmentation-glutealaugmentation\">Kal\u00e7a b\u00fcy\u00fctme (gluteal augmentasyon) nedir?<\/h2>\n\n\n\n<p class=\"wp-block-paragraph\">Kal\u00e7a b\u00fcy\u00fctme \u2014 t\u0131bbi ad\u0131yla gluteal augmentasyon veya gluteoplasti \u2014 kal\u00e7an\u0131n hacmini, \u015feklini ve konturunu hedefli bir \u015fekilde de\u011fi\u015ftiren cerrahi i\u015flemleri ifade eder. Hacim, ya v\u00fccuttan al\u0131nan ya\u011f dokusu (Brazilian Butt Lift), ya da sert silikon implantlar kullan\u0131larak ya da her iki tekni\u011fin birle\u015fimiyle art\u0131r\u0131l\u0131r. Sadece estetik ama\u00e7l\u0131 \u015fekillendirmenin yan\u0131 s\u0131ra, kal\u00e7a b\u00f6lgesinde do\u011fu\u015ftan gelen, kaza veya hastal\u0131k nedeniyle olu\u015fan hacim eksikliklerinin d\u00fczeltilmesi de bu kapsamda yer al\u0131r.<\/p>\n\n\n\n<h2 class=\"wp-block-heading\" id=\"die-zwei-hauptmethoden-ein-grundlegender-unterschied\">\u0130ki temel y\u00f6ntem: Temel bir fark<\/h2>\n\n\n\n<p class=\"wp-block-paragraph\">Do\u011fru y\u00f6ntemin se\u00e7imi, ki\u015fisel anatominize, ya\u011f birikimlerinize ve estetik hedeflerinize ba\u011fl\u0131d\u0131r.<\/p>\n\n\n\n<p class=\"wp-block-paragraph\"><strong>1. Kendi ya\u011f\u0131n\u0131n kullan\u0131ld\u0131\u011f\u0131 Brezilya Popo Kald\u0131rma (BBL) ameliyat\u0131:<\/strong> Bu i\u015flemde, v\u00fccuttaki ya\u011f, \u015fekillendirme ve hacim kazand\u0131rma amac\u0131yla kullan\u0131l\u0131r.<\/p>\n\n\n\n<p class=\"wp-block-paragraph\"><strong>2. \u0130mplantlarla kal\u00e7a b\u00fcy\u00fctme:<\/strong> Bu s\u00fcre\u00e7te, belirgin \u00e7\u0131k\u0131nt\u0131 ve yuvarlakl\u0131k elde etmek i\u00e7in silikondan kal\u0131planm\u0131\u015f par\u00e7alar kullan\u0131l\u0131r.<\/p>\n\n\n\n<h3 class=\"wp-block-heading\" id=\"der-grosse-vergleich-eigenfett-bbl-vs-implantate\">B\u00fcy\u00fck kar\u015f\u0131la\u015ft\u0131rma: Kendi ya\u011f dokusu (BBL) ve implantlar<\/h3>\n\n\n\n<figure class=\"wp-block-table\"><table class=\"has-fixed-layout\"><thead><tr><th>Kriter<\/th><th>Brezilya Popo Kald\u0131rma (BBL)<\/th><th>Kal\u00e7a implantlar\u0131<\/th><\/tr><\/thead><tbody><tr><td>Malzeme<\/td><td>V\u00fccudun kendi ya\u011f dokusu<\/td><td>Sert silikon implantlar<\/td><\/tr><tr><td>Sonu\u00e7<\/td><td>Do\u011fal, yumu\u015fak, \u015fekillendirici<\/td><td>Belirgin, yuvarlak, g\u00fc\u00e7l\u00fc projeksiyon<\/td><\/tr><tr><td>\u015eunlar i\u00e7in idealdir \u2026<\/td><td>Yeterli miktarda don\u00f6r ya\u011f dokusuna sahip ve do\u011fal bir \u015fekillendirme isteyen ki\u015filer<\/td><td>Ya\u011f deposu olmayan \u00e7ok zay\u0131f ki\u015filer, maksimum hacim iste\u011fi<\/td><\/tr><tr><td>Ek etki<\/td><td>Ba\u015fka bir b\u00f6lgeden ya\u011f al\u0131narak v\u00fccut \u015fekillendirme<\/td><td>Ek bir etki yok<\/td><\/tr><tr><td>Yara izleri<\/td><td>Liposuction i\u015fleminden kaynaklanan sadece k\u00fc\u00e7\u00fck delik izleri<\/td><td>Kal\u00e7a k\u0131vr\u0131m\u0131nda daha uzun bir yara izi<\/td><\/tr><tr><td>Ana risk<\/td><td>Ya\u011f embolisi, dengesiz b\u00fcy\u00fcme h\u0131z\u0131<\/td><td>\u0130mplant kaymas\u0131, kaps\u00fcl fibrozisi, enfeksiyon<\/td><\/tr><tr><td>Raf \u00f6mr\u00fc<\/td><td>Uzun s\u00fcreli ila kal\u0131c\u0131 (v\u00fccuda yerle\u015fmi\u015f ya\u011f)<\/td><td>Uzun s\u00fcreli; implant\u0131n de\u011fi\u015ftirilmesi muhtemelen 15\u201320 y\u0131l sonra gerekebilir<\/td><\/tr><\/tbody><\/table><\/figure>\n\n\n\n<h3 class=\"wp-block-heading\" id=\"die-methoden-im-detail\">Y\u00f6ntemlerin ayr\u0131nt\u0131lar\u0131<\/h3>\n\n\n\n<p class=\"wp-block-paragraph\"><strong>1. Kendi ya\u011f\u0131n\u0131n kullan\u0131ld\u0131\u011f\u0131 Brezilya Popo Germe (BBL)<\/strong><\/p>\n\n\n\n<p class=\"wp-block-paragraph\">BBL, \u015fu anda kal\u00e7a b\u00fcy\u00fctme i\u00e7in en pop\u00fcler y\u00f6ntemdir ve iki a\u015famadan olu\u015fur:<\/p>\n\n\n\n<ul class=\"wp-block-list\">\n<li><strong>\u0130\u015flem ak\u0131\u015f\u0131:<\/strong> \u0130lk olarak, liposuction yoluyla v\u00fccudun di\u011fer b\u00f6lgelerinden (\u00f6rne\u011fin kar\u0131n, kal\u00e7alar, s\u0131rt) ya\u011f dokusu al\u0131n\u0131r. Bu ya\u011f \u00f6zel bir i\u015flemden ge\u00e7irilerek ar\u0131nd\u0131r\u0131l\u0131r. Ard\u0131ndan cerrah, elde edilen kendi ya\u011f\u0131n\u0131 ince kan\u00fcller yard\u0131m\u0131yla kal\u00e7adaki deri alt\u0131 ya\u011f dokusunun \u00e7e\u015fitli katmanlar\u0131na hedefli bir \u015fekilde enjekte ederek istenen \u015fekli ve yuvarlakl\u0131\u011f\u0131 olu\u015fturur.<\/li>\n\n\n\n<li><strong>Sonu\u00e7 ve Dayan\u0131kl\u0131l\u0131k:<\/strong> Sonu\u00e7 \u00e7ok do\u011fal g\u00f6r\u00fcn\u00fcyor ve hissediliyor. Nakledilen ya\u011f h\u00fccrelerinin bir k\u0131sm\u0131 (genellikle \u201370%) kal\u0131c\u0131 olarak yerle\u015firken, geri kalan\u0131 v\u00fccut taraf\u0131ndan par\u00e7alan\u0131r. Nihai sonu\u00e7 birka\u00e7 ay sonra ortaya \u00e7\u0131kar.<\/li>\n<\/ul>\n\n\n\n<p class=\"wp-block-paragraph\"><strong>2. \u0130mplantlarla kal\u00e7a b\u00fcy\u00fctme<\/strong><\/p>\n\n\n\n<p class=\"wp-block-paragraph\">Bu y\u00f6ntem, yeterli ya\u011f birikimi olmayan \u00e7ok zay\u0131f hastalar i\u00e7in veya \u00e7ok belirgin, yuvarlak bir \u00e7\u0131k\u0131nt\u0131 istenen durumlarda idealdir.<\/p>\n\n\n\n<ul class=\"wp-block-list\">\n<li><strong>\u0130\u015flem ak\u0131\u015f\u0131:<\/strong> Cerrah, kal\u00e7a k\u0131vr\u0131m\u0131nda g\u00f6ze \u00e7arpmayan bir kesi yoluyla implant i\u00e7in bir cep olu\u015fturur. Do\u011fal bir sonu\u00e7 elde etmek ve implant\u0131 iyi bir \u015fekilde korumak amac\u0131yla, implant genellikle b\u00fcy\u00fck kal\u00e7a kas\u0131na (<em>Gluteus maximus kas\u0131<\/em>) veya kas\u0131n \u00fcst\u00fcne (subfasial\/subkutan) yerle\u015ftirilir. Gluteal implantlarda kas\u0131n alt\u0131na (submusk\u00fcler) yerle\u015ftirme yayg\u0131n de\u011fildir.<\/li>\n\n\n\n<li><strong>Sonu\u00e7 ve Dayan\u0131kl\u0131l\u0131k:<\/strong> Sonu\u00e7, hemen fark edilebilen belirgin bir hacim art\u0131\u015f\u0131 ve yuvarlakla\u015fmad\u0131r. Modern kal\u00e7a implantlar\u0131 olduk\u00e7a uzun \u00f6m\u00fcrl\u00fcd\u00fcr, ancak 15\u201320 y\u0131l sonra de\u011fi\u015ftirilmesi gerekebilir.<\/li>\n<\/ul>\n\n\n\n<h3 class=\"wp-block-heading\" id=\"die-entscheidende-rolle-der-expertise-und-die-absicherung-von-risiken\">Uzmanl\u0131\u011f\u0131n belirleyici rol\u00fc ve risklerin \u00f6nlenmesi<\/h3>\n\n\n\n<p class=\"wp-block-paragraph\">Kal\u00e7a b\u00fcy\u00fctme ameliyat\u0131, \u00f6zellikle de <a href=\"https:\/\/4beauty-website-stage.247grad.de\/tr\/soezluek\/bbl-op\/\">BBL OP<\/a>, teknik a\u00e7\u0131dan zorlu bir i\u015flemdir ve yaln\u0131zca kan\u0131tlanm\u0131\u015f deneyime sahip bir Plastik ve Estetik Cerrahi uzman\u0131 taraf\u0131ndan ger\u00e7ekle\u015ftirilmelidir. Riskler olduk\u00e7a y\u00fcksektir:<\/p>\n\n\n\n<ul class=\"wp-block-list\">\n<li>BBL'de en ciddi, ancak nadir g\u00f6r\u00fclen komplikasyon, ya\u011f\u0131n yanl\u0131\u015fl\u0131kla bir kan damar\u0131na girip \u00f6rne\u011fin akci\u011fere veya di\u011fer organlara ta\u015f\u0131nmas\u0131na neden olan ya\u011f embolisidir.<\/li>\n\n\n\n<li>\u0130mplantlarda ba\u015fl\u0131ca riskler aras\u0131nda yerinden kayma (dislokasyon), implant kenar\u0131n\u0131n g\u00f6r\u00fcn\u00fcr olmas\u0131, yara iyile\u015fme bozukluklar\u0131 veya kaps\u00fcl fibrozisi say\u0131labilir.<\/li>\n<\/ul>\n\n\n\n<p class=\"wp-block-paragraph\">Bunlar estetik ama\u00e7l\u0131 m\u00fcdahaleler oldu\u011fundan, komplikasyonlar\u0131n tedavisi veya gerekli d\u00fczeltme ameliyatlar\u0131n\u0131n masraflar\u0131 sa\u011fl\u0131k sigortas\u0131 taraf\u0131ndan kar\u015f\u0131lanmaz. Bir <a href=\"https:\/\/4beauty-website-stage.247grad.de\/tr\/sonraki-masraf-sigortasi\/\">Sonras\u0131 Maliyet Sigortas\u0131<\/a>, Bu nedenle, i\u015flemden \u00f6nce yap\u0131lan bu anla\u015fma, bu y\u00fcksek mali risklere kar\u015f\u0131 hayati bir g\u00fcvence te\u015fkil etmektedir.<\/p>\n\n\n\n<h4 class=\"wp-block-heading\" id=\"haufig-gestellte-fragen-faq-zur-po-augmentation\">Kal\u00e7a B\u00fcy\u00fctme Ameliyat\u0131 Hakk\u0131nda S\u0131k Sorulan Sorular (SSS)<\/h4>\n\n\n\n<div data-wp-context=\"{ &quot;autoclose&quot;: false, &quot;accordionItems&quot;: [] }\" data-wp-interactive=\"core\/accordion\" role=\"group\" class=\"wp-block-accordion is-layout-flow wp-block-accordion-is-layout-flow\">\n<div data-wp-class--is-open=\"state.isOpen\" data-wp-context=\"{ &quot;id&quot;: &quot;accordion-item-1&quot;, &quot;openByDefault&quot;: false }\" data-wp-init=\"callbacks.initAccordionItems\" data-wp-on-window--hashchange=\"callbacks.hashChange\" class=\"wp-block-accordion-item is-layout-flow wp-block-accordion-item-is-layout-flow\">\n<h5 class=\"wp-block-accordion-heading\"><button aria-expanded=\"false\" aria-controls=\"accordion-item-1-panel\" data-wp-bind--aria-expanded=\"state.isOpen\" data-wp-on--click=\"actions.toggle\" id=\"accordion-item-1\" type=\"button\" class=\"wp-block-accordion-heading__toggle\"><span class=\"wp-block-accordion-heading__toggle-title\">Kal\u00e7a b\u00fcy\u00fctme ameliyat\u0131n\u0131n maliyeti nedir?<\/span><span class=\"wp-block-accordion-heading__toggle-icon\" aria-hidden=\"true\">+<\/span><\/button><\/h5>\n\n\n\n<div aria-labelledby=\"accordion-item-1\" data-wp-bind--hidden=\"state.isHidden\" data-wp-on--beforematch=\"actions.handleBeforeMatch\" id=\"accordion-item-1-panel\" role=\"region\" class=\"wp-block-accordion-panel is-layout-flow wp-block-accordion-panel-is-layout-flow\">\n<p class=\"wp-block-paragraph\">Maliyetler y\u00fcksektir ve b\u00fcy\u00fck farkl\u0131l\u0131klar g\u00f6sterir. BBL ameliyat\u0131n\u0131n maliyeti genellikle 6.000 ile 12.000 avro aras\u0131ndad\u0131r; implantlarla yap\u0131lan g\u00f6\u011f\u00fcs b\u00fcy\u00fctme ameliyat\u0131n\u0131n maliyeti ise genellikle benzer seviyede veya biraz daha d\u00fc\u015f\u00fck bir aral\u0131ktad\u0131r (\u00e7o\u011funlukla 5.500\u201310.000 avro).<\/p>\n<\/div>\n<\/div>\n\n\n\n<div data-wp-class--is-open=\"state.isOpen\" data-wp-context=\"{ &quot;id&quot;: &quot;accordion-item-2&quot;, &quot;openByDefault&quot;: false }\" data-wp-init=\"callbacks.initAccordionItems\" data-wp-on-window--hashchange=\"callbacks.hashChange\" class=\"wp-block-accordion-item is-layout-flow wp-block-accordion-item-is-layout-flow\">\n<h5 class=\"wp-block-accordion-heading\"><button aria-expanded=\"false\" aria-controls=\"accordion-item-2-panel\" data-wp-bind--aria-expanded=\"state.isOpen\" data-wp-on--click=\"actions.toggle\" id=\"accordion-item-2\" type=\"button\" class=\"wp-block-accordion-heading__toggle\"><span class=\"wp-block-accordion-heading__toggle-title\">\u0130\u015flemden sonra normal \u015fekilde oturabilir miyim?<\/span><span class=\"wp-block-accordion-heading__toggle-icon\" aria-hidden=\"true\">+<\/span><\/button><\/h5>\n\n\n\n<div aria-labelledby=\"accordion-item-2\" data-wp-bind--hidden=\"state.isHidden\" data-wp-on--beforematch=\"actions.handleBeforeMatch\" id=\"accordion-item-2-panel\" role=\"region\" class=\"wp-block-accordion-panel is-layout-flow wp-block-accordion-panel-is-layout-flow\">\n<p class=\"wp-block-paragraph\">Hay\u0131r. Her iki ameliyattan sonra, \u00f6zellikle de BBL ameliyat\u0131ndan sonra, birka\u00e7 hafta boyunca (genellikle 4-6 hafta) kal\u00e7aya do\u011frudan bask\u0131 uygulanmas\u0131ndan ka\u00e7\u0131n\u0131lmal\u0131d\u0131r. Ya\u011f h\u00fccrelerinin tutunma oran\u0131n\u0131 ve implant cebinin iyile\u015fmesini tehlikeye atmamak i\u00e7in y\u00fcz\u00fcst\u00fc yatman\u0131z ve otururken \u00f6zel yast\u0131klar kullanman\u0131z gerekir.<\/p>\n<\/div>\n<\/div>\n\n\n\n<div data-wp-class--is-open=\"state.isOpen\" data-wp-context=\"{ &quot;id&quot;: &quot;accordion-item-3&quot;, &quot;openByDefault&quot;: false }\" data-wp-init=\"callbacks.initAccordionItems\" data-wp-on-window--hashchange=\"callbacks.hashChange\" class=\"wp-block-accordion-item is-layout-flow wp-block-accordion-item-is-layout-flow\">\n<h5 class=\"wp-block-accordion-heading\"><button aria-expanded=\"false\" aria-controls=\"accordion-item-3-panel\" data-wp-bind--aria-expanded=\"state.isOpen\" data-wp-on--click=\"actions.toggle\" id=\"accordion-item-3\" type=\"button\" class=\"wp-block-accordion-heading__toggle\"><span class=\"wp-block-accordion-heading__toggle-title\">Bu sonu\u00e7 kal\u0131c\u0131 m\u0131?<\/span><span class=\"wp-block-accordion-heading__toggle-icon\" aria-hidden=\"true\">+<\/span><\/button><\/h5>\n\n\n\n<div aria-labelledby=\"accordion-item-3\" data-wp-bind--hidden=\"state.isHidden\" data-wp-on--beforematch=\"actions.handleBeforeMatch\" id=\"accordion-item-3-panel\" role=\"region\" class=\"wp-block-accordion-panel is-layout-flow wp-block-accordion-panel-is-layout-flow\">\n<p class=\"wp-block-paragraph\">BBL'de, iyile\u015fme a\u015famas\u0131ndan sonra elde edilen sonu\u00e7 kal\u0131c\u0131d\u0131r, ancak elbette a\u015f\u0131r\u0131 kilo dalgalanmalar\u0131 durumunda de\u011fi\u015fiklik g\u00f6sterebilir. \u0130mplantlar, \u015fekil a\u00e7\u0131s\u0131ndan sabit ve uzun s\u00fcreli bir sonu\u00e7 sunar, ancak mutlaka \u00f6m\u00fcr boyu kullan\u0131lmak \u00fczere tasarlanmam\u0131\u015ft\u0131r.<\/p>\n<\/div>\n<\/div>\n\n\n\n<div data-wp-class--is-open=\"state.isOpen\" data-wp-context=\"{ &quot;id&quot;: &quot;accordion-item-4&quot;, &quot;openByDefault&quot;: false }\" data-wp-init=\"callbacks.initAccordionItems\" data-wp-on-window--hashchange=\"callbacks.hashChange\" class=\"wp-block-accordion-item is-layout-flow wp-block-accordion-item-is-layout-flow\">\n<h5 class=\"wp-block-accordion-heading\"><button aria-expanded=\"false\" aria-controls=\"accordion-item-4-panel\" data-wp-bind--aria-expanded=\"state.isOpen\" data-wp-on--click=\"actions.toggle\" id=\"accordion-item-4\" type=\"button\" class=\"wp-block-accordion-heading__toggle\"><span class=\"wp-block-accordion-heading__toggle-title\">BBL mi, yoksa implantlar m\u0131 \u2013 hangisi daha iyi?<\/span><span class=\"wp-block-accordion-heading__toggle-icon\" aria-hidden=\"true\">+<\/span><\/button><\/h5>\n\n\n\n<div aria-labelledby=\"accordion-item-4\" data-wp-bind--hidden=\"state.isHidden\" data-wp-on--beforematch=\"actions.handleBeforeMatch\" id=\"accordion-item-4-panel\" role=\"region\" class=\"wp-block-accordion-panel is-layout-flow wp-block-accordion-panel-is-layout-flow\">\n<p class=\"wp-block-paragraph\">Genel olarak \u201adaha iyi\u2018 diye bir \u015fey yoktur. Se\u00e7im, tamamen anatominize ve isteklerinize ba\u011fl\u0131d\u0131r. BBL, daha do\u011fal bir \u015fekil verir ve t\u00fcm v\u00fccudu \u015fekillendirir, ancak don\u00f6r ya\u011f gerektirir. \u0130mplantlar daha fazla \u00e7\u0131k\u0131nt\u0131 sa\u011flar ve \u00e7ok zay\u0131f ki\u015filer i\u00e7in belirgin bir b\u00fcy\u00fctme elde etmenin tek se\u00e7ene\u011fidir.<\/p>\n<\/div>\n<\/div>\n<\/div>","protected":false},"excerpt":{"rendered":"<p>Kal\u00e7a b\u00fcy\u00fctme, di\u011fer ad\u0131yla gluteal b\u00fcy\u00fctme, BBL y\u00f6ntemi veya implantlar yoluyla kal\u00e7an\u0131n hacmini ve hatlar\u0131n\u0131 kal\u0131c\u0131 olarak de\u011fi\u015ftirir.<\/p>","protected":false},"template":"","class_list":["post-723","glossary","type-glossary","status-publish","hentry"],"acf":[],"_links":{"self":[{"href":"https:\/\/4beauty-website-stage.247grad.de\/tr\/wp-json\/wp\/v2\/glossary\/723","targetHints":{"allow":["GET"]}}],"collection":[{"href":"https:\/\/4beauty-website-stage.247grad.de\/tr\/wp-json\/wp\/v2\/glossary"}],"about":[{"href":"https:\/\/4beauty-website-stage.247grad.de\/tr\/wp-json\/wp\/v2\/types\/glossary"}],"wp:attachment":[{"href":"https:\/\/4beauty-website-stage.247grad.de\/tr\/wp-json\/wp\/v2\/media?parent=723"}],"curies":[{"name":"wp","href":"https:\/\/api.w.org\/{rel}","templated":true}]}}