{"id":724,"date":"2026-08-20T17:06:58","date_gmt":"2026-08-20T15:06:58","guid":{"rendered":"https:\/\/4beauty-website-stage.247grad.de\/glossar\/po-formung\/"},"modified":"2026-08-20T17:26:58","modified_gmt":"2026-08-20T15:26:58","slug":"po-sekillendirme","status":"publish","type":"glossary","link":"https:\/\/4beauty-website-stage.247grad.de\/tr\/glossar\/po-formung\/","title":{"rendered":"Kal\u00e7a \u015eekillendirme: Modern Y\u00f6ntemlere Genel Bir Bak\u0131\u015f"},"content":{"rendered":"<p class=\"wp-block-paragraph\">\u00c7o\u011fu insan i\u00e7in \u015fekilli bir kal\u00e7a, estetik bir v\u00fccut siluetinin \u00f6nemli bir par\u00e7as\u0131d\u0131r. Ancak ki\u015fisel istekler ve anatomik \u00f6zellikler b\u00fcy\u00fck farkl\u0131l\u0131klar g\u00f6sterebilir. Bu nedenle \u201ckal\u00e7a \u015fekillendirme\u201d terimi, kal\u00e7an\u0131n \u015feklini, boyutunu veya s\u0131k\u0131l\u0131\u011f\u0131n\u0131 iyile\u015ftirmeyi ama\u00e7layan bir dizi estetik cerrahi i\u015flemi kapsar.<\/p>\n\n\n\n<p class=\"wp-block-paragraph\">Bu makale, modern kal\u00e7a \u015fekillendirmenin \u00e7e\u015fitli hedefleri ve bu ama\u00e7lara uygun y\u00f6ntemler hakk\u0131nda size net ve sistemli bir genel bak\u0131\u015f sunmaktad\u0131r.<\/p>\n\n\n\n<div class=\"wp-block-rank-math-toc-block\" id=\"rank-math-toc\"><h2>\u0130\u00e7indekiler<\/h2><nav><ul><li class=\"\"><a href=\"#was-ist-po-formung\">Popo \u015fekillendirme nedir?<\/a><\/li><li class=\"\"><a href=\"#die-ziele-der-po-formung-welches-ergebnis-wunschen-sie-sich\">Kal\u00e7a \u015fekillendirmenin ama\u00e7lar\u0131: Hangi sonucu istiyorsunuz?<\/a><\/li><\/ul><\/nav><\/div>\n\n\n\n<div class=\"wp-block-group is-style-boxed has-white-warm-background-color has-background is-layout-constrained wp-block-group-is-layout-constrained\">\n<p class=\"wp-block-paragraph\"><strong>\u00d6nemli uyar\u0131<\/strong><\/p>\n\n\n\n<p class=\"wp-block-paragraph\">Bu makale yaln\u0131zca bilgilendirme ama\u00e7l\u0131d\u0131r ve t\u0131bbi tan\u0131 veya tavsiyenin yerini almaz. Herhangi bir belirsizlik durumunda ve ki\u015fiye \u00f6zel bir tedavi plan\u0131 haz\u0131rlamak i\u00e7in, uzman bir hekimle g\u00f6r\u00fc\u015fmek \u015fartt\u0131r.<\/p>\n<\/div>\n\n\n\n<h2 class=\"wp-block-heading\" id=\"was-ist-po-formung\">Popo \u015fekillendirme nedir?<\/h2>\n\n\n\n<div class=\"wp-block-media-text is-stacked-on-mobile\"><figure class=\"wp-block-media-text__media\"><img loading=\"lazy\" decoding=\"async\" width=\"287\" height=\"284\" src=\"https:\/\/4beauty-website-stage.247grad.de\/wp-content\/uploads\/2026\/08\/2025-09_Was-ist-Po-Formung.svg\" alt=\"Kal\u00e7a \u015fekillendirme nedir?\" class=\"wp-image-304 size-full\"\/><\/figure><div class=\"wp-block-media-text__content\">\n<p class=\"wp-block-paragraph\">Kal\u00e7a \u015fekillendirme, kal\u00e7a b\u00f6lgesinin (gluteal b\u00f6lge) \u015fekli, boyutu, s\u0131k\u0131l\u0131\u011f\u0131 veya konturunda de\u011fi\u015fiklik sa\u011flamay\u0131 ama\u00e7layan \u00e7e\u015fitli plastik ve estetik cerrahi m\u00fcdahaleleri kapsayan genel bir terimdir.<\/p>\n\n<p class=\"wp-block-paragraph\">\u0130stenilen sonuca ba\u011fl\u0131 olarak, hacim art\u0131rma (augmentasyon), cilt germe (lifting) veya ya\u011f emme yoluyla sadece kontur d\u00fczeltme gibi farkl\u0131 teknikler uygulan\u0131r.<\/p>\n<\/div><\/div>\n\n\n\n<h2 class=\"wp-block-heading\" id=\"die-ziele-der-po-formung-welches-ergebnis-wunschen-sie-sich\">Kal\u00e7a \u015fekillendirmenin ama\u00e7lar\u0131: Hangi sonucu istiyorsunuz?<\/h2>\n\n\n\n<p class=\"wp-block-paragraph\">Do\u011fru y\u00f6ntemi bulmak i\u00e7in, birincil tedavi hedefini belirlemek \u00e7ok \u00f6nemlidir. Kal\u00e7a cerrahisinde temel olarak \u00fc\u00e7 farkl\u0131 istek aras\u0131nda ayr\u0131m yap\u0131l\u0131r.<\/p>\n\n\n\n<figure class=\"wp-block-table\"><table class=\"has-fixed-layout\"><thead><tr><th>Estetik ama\u00e7<\/th><th>Birincil y\u00f6ntem(ler)<\/th><th>\u00c7al\u0131\u015fma prensibi<\/th><th>\u015eunlar i\u00e7in idealdir\u2026<\/th><\/tr><\/thead><tbody><tr><td>Daha fazla hacim ve yay\u0131lma<\/td><td>Kal\u00e7a B\u00fcy\u00fctme (Kendi Ya\u011f\u0131yla BBL veya Kal\u00e7a \u0130mplantlar\u0131)<\/td><td>Kendi ya\u011f\u0131n\u0131n enjeksiyonu veya silikon implantlar\u0131n yerle\u015ftirilmesi yoluyla hacim kazand\u0131rma.<\/td><td>Kal\u00e7alar\u0131nda belirgin bir hacim art\u0131\u015f\u0131 ve yuvarlakl\u0131k isteyen hastalar.<\/td><\/tr><tr><td>Daha S\u0131k\u0131 Cilt ve Germe<\/td><td>Kal\u00e7a Germe (Kal\u00e7a Germe Ameliyat\u0131)<\/td><td>Kalan dokuyu yukar\u0131 kald\u0131rmak ve s\u0131k\u0131la\u015ft\u0131rmak i\u00e7in fazla derinin al\u0131nmas\u0131.<\/td><td>Ciddi kilo kayb\u0131 ge\u00e7irmi\u015f veya ya\u015fa ba\u011fl\u0131 ya da do\u011fu\u015ftan kaynaklanan cilt sarkmas\u0131 olan hastalar.<\/td><\/tr><tr><td>Daha G\u00fczel Kontur ve Siluet<\/td><td>Kontur d\u00fczeltici liposuction<\/td><td>Kal\u00e7ay\u0131 g\u00f6rsel olarak vurgulamak amac\u0131yla kal\u00e7a \u00e7evresindeki b\u00f6lgelerde (\u00f6rne\u011fin, yanlar, bel alt\u0131) hedefli ya\u011f emilimi.<\/td><td>\u00c7evresindeki ya\u011f birikintileri nedeniyle kal\u00e7a \u015fekli bozulmu\u015f hastalar.<\/td><\/tr><\/tbody><\/table><\/figure>\n\n\n\n<h3 class=\"wp-block-heading\" id=\"ziel-1-mehr-volumen-und-projektion-augmentation\">Hedef 1: Daha fazla hacim ve \u00e7\u0131k\u0131nt\u0131 (augmentasyon)<\/h3>\n\n\n\n<p class=\"wp-block-paragraph\">Kal\u00e7alar \u00e7ok d\u00fcz veya \u00e7ok k\u00fc\u00e7\u00fck olarak alg\u0131lan\u0131yorsa, ama\u00e7 kal\u00e7a b\u00fcy\u00fctme (di\u011fer ad\u0131yla: kal\u00e7a augmentasyonu) i\u015flemidir. Bunun i\u00e7in hacim kazand\u0131rmay\u0131 ama\u00e7layan iki yayg\u0131n y\u00f6ntem bulunmaktad\u0131r.<\/p>\n\n\n\n<ul class=\"wp-block-list\">\n<li><strong>Kendi Ya\u011f\u0131yla Kal\u00e7a B\u00fcy\u00fctme (Brazilian Butt Lift \u2013 BBL Ameliyat\u0131):<\/strong> Bu y\u00f6ntemde, v\u00fccudun kendi ya\u011f dokusu ba\u015fka bir b\u00f6lgeden al\u0131n\u0131r, i\u015flenir ve kal\u00e7ay\u0131 \u015fekillendirmek ve b\u00fcy\u00fctmek amac\u0131yla hedef b\u00f6lgeye enjekte edilir.<\/li>\n\n\n\n<li><strong>\u0130mplantlarla b\u00fcy\u00fctme:<\/strong> Sert silikon implantlar, belirgin, yuvarlak bir \u00e7\u0131k\u0131nt\u0131 ve \u00f6nemli \u00f6l\u00e7\u00fcde daha b\u00fcy\u00fck bir hacim elde etmek amac\u0131yla kal\u00e7a kas\u0131n\u0131n i\u00e7ine (intram\u00fcsk\u00fcler) veya kas\u0131n \u00fcst\u00fcnde, fasyan\u0131n alt\u0131na (subfasiyal) yerle\u015ftirilir.<\/li>\n<\/ul>\n\n\n\n<h3 class=\"wp-block-heading\" id=\"ziel-2-straffere-haut-und-anhebung-lifting\">Hedef 2: Daha s\u0131k\u0131 bir cilt ve germe (lifting)<\/h3>\n\n\n\n<p class=\"wp-block-paragraph\">Ciddi kilo kayb\u0131, do\u011fal ya\u015flanma s\u00fcreci veya genetik yatk\u0131nl\u0131k nedeniyle kal\u00e7a b\u00f6lgesindeki cilt gev\u015feyebilir ve a\u015fa\u011f\u0131ya do\u011fru sarkabilir. Hacim yeterli olabilir, ancak \u015fekil art\u0131k s\u0131k\u0131 de\u011fildir.<\/p>\n\n\n\n<ul class=\"wp-block-list\">\n<li><strong>Kal\u00e7a Germe (Kal\u00e7a Kald\u0131rma):<\/strong> Bu i\u015flemde \u00f6ncelikli olarak fazla ve sark\u0131k derinin al\u0131nmas\u0131 ama\u00e7lan\u0131r. Cerrah, dokuyu gererek kal\u00e7aya yeniden s\u0131k\u0131 ve gen\u00e7 bir \u015fekil kazand\u0131rmak amac\u0131yla, genellikle kal\u00e7an\u0131n \u00fcst b\u00f6lgesinde, kal\u00e7a b\u00f6lgesinin \u00fcst yatay k\u0131sm\u0131 boyunca (kal\u00e7an\u0131n \u00fcst\u00fcnde, bel b\u00f6lgesine yak\u0131n) kesiler a\u00e7ar.<\/li>\n<\/ul>\n\n\n\n<h3 class=\"wp-block-heading\" id=\"ziel-3-verbesserte-kontur-und-silhouette\">Hedef 3: Daha belirgin hatlar ve siluet<\/h3>\n\n\n\n<p class=\"wp-block-paragraph\">Bazen kal\u00e7an\u0131n hacmi ve s\u0131k\u0131l\u0131\u011f\u0131 kendi ba\u015f\u0131na tatmin edici olsa da, \u00e7evresindeki b\u00f6lgeler uyumlu silueti bozabilir.<\/p>\n\n\n\n<ul class=\"wp-block-list\">\n<li><strong>Liposuction ile v\u00fccut \u015fekillendirme:<\/strong> Yan b\u00f6lgelerdeki (\u201elove handles\u201c), belin alt k\u0131sm\u0131ndaki veya kal\u00e7an\u0131n alt\u0131ndaki (s\u00f6zde \u201emuz k\u0131vr\u0131m\u0131\u201c) b\u00f6lgelere y\u00f6nelik hedefli bir ya\u011f emme i\u015flemi, kal\u00e7alar\u0131n g\u00f6rsel olarak daha yuvarlak, dolgun ve belirgin g\u00f6r\u00fcnmesini sa\u011flayabilir \u2013 ancak baz\u0131 durumlarda muz k\u0131vr\u0131m\u0131 b\u00f6lgesinde dikkatli bir i\u015flem yap\u0131lmas\u0131 tavsiye edilir, \u00e7\u00fcnk\u00fc bu b\u00f6lgeden a\u015f\u0131r\u0131 ya\u011f al\u0131nmas\u0131 \u00e7ukurla\u015fmalara veya sarkmalara neden olabilir. Bu i\u015flem genellikle Brezilya Popo Kald\u0131rma ameliyat\u0131n\u0131n da ayr\u0131lmaz bir par\u00e7as\u0131d\u0131r.<\/li>\n<\/ul>\n\n\n\n<h3 class=\"wp-block-heading\" id=\"die-entscheidende-rolle-der-expertise-und-die-absicherung-von-risiken\">Uzmanl\u0131\u011f\u0131n belirleyici rol\u00fc ve risklerin \u00f6nlenmesi<\/h3>\n\n\n\n<div class=\"wp-block-media-text has-media-on-the-right is-stacked-on-mobile\"><div class=\"wp-block-media-text__content\">\n<p class=\"wp-block-paragraph\">Kal\u00e7a \u015fekillendirme y\u00f6ntemlerinin t\u00fcm\u00fc, cerrah\u0131n y\u00fcksek d\u00fczeyde deneyim ve estetik anlay\u0131\u015f gerektiren karma\u015f\u0131k cerrahi m\u00fcdahalelerdir. Riskler, m\u00fcdahaleye g\u00f6re \u00f6nemli d\u00fczeyde olup, yara iyile\u015fme bozukluklar\u0131ndan asimetrilere ve BBL'de ya\u011f embolisi gibi ciddi komplikasyonlara kadar uzanmaktad\u0131r.<\/p>\n\n<p class=\"wp-block-paragraph\">Bunlar estetik ama\u00e7l\u0131 m\u00fcdahaleler oldu\u011fundan, komplikasyonlar\u0131n tedavisi veya gerekli d\u00fczeltme ameliyatlar\u0131n\u0131n masraflar\u0131 sa\u011fl\u0131k sigortas\u0131 taraf\u0131ndan kar\u015f\u0131lanmaz. Bir <a href=\"https:\/\/4beauty-website-stage.247grad.de\/tr\/sonraki-masraf-sigortasi\/\"><strong>Sonras\u0131 Maliyet Sigortas\u0131<\/strong><\/a>, Bu nedenle, i\u015flemden \u00f6nce yap\u0131lan bu anla\u015fma, bu y\u00fcksek mali risklere kar\u015f\u0131 hayati bir g\u00fcvence te\u015fkil etmektedir.<\/p>\n<\/div><figure class=\"wp-block-media-text__media\"><img loading=\"lazy\" decoding=\"async\" width=\"324\" height=\"324\" src=\"https:\/\/4beauty-website-stage.247grad.de\/wp-content\/uploads\/2026\/08\/2025-09_Expertise.svg\" alt=\"Uzmanl\u0131k\" class=\"wp-image-285 size-full\"\/><\/figure><\/div>\n\n\n\n<h4 class=\"wp-block-heading\" id=\"haufig-gestellte-fragen-faq-zur-po-formung\">Kal\u00e7a \u015eekillendirmeyle \u0130lgili S\u0131k Sorulan Sorular (SSS)<\/h4>\n\n\n\n<div data-wp-context=\"{ &quot;autoclose&quot;: false, &quot;accordionItems&quot;: [] }\" data-wp-interactive=\"core\/accordion\" role=\"group\" class=\"wp-block-accordion is-layout-flow wp-block-accordion-is-layout-flow\">\n<div data-wp-class--is-open=\"state.isOpen\" data-wp-context=\"{ &quot;id&quot;: &quot;accordion-item-1&quot;, &quot;openByDefault&quot;: false }\" data-wp-init=\"callbacks.initAccordionItems\" data-wp-on-window--hashchange=\"callbacks.hashChange\" class=\"wp-block-accordion-item is-layout-flow wp-block-accordion-item-is-layout-flow\">\n<h5 class=\"wp-block-accordion-heading\"><button aria-expanded=\"false\" aria-controls=\"accordion-item-1-panel\" data-wp-bind--aria-expanded=\"state.isOpen\" data-wp-on--click=\"actions.toggle\" id=\"accordion-item-1\" type=\"button\" class=\"wp-block-accordion-heading__toggle\"><span class=\"wp-block-accordion-heading__toggle-title\">Hangi kal\u00e7a \u015fekillendirme y\u00f6ntemi en iyisidir?<\/span><span class=\"wp-block-accordion-heading__toggle-icon\" aria-hidden=\"true\">+<\/span><\/button><\/h5>\n\n\n\n<div aria-labelledby=\"accordion-item-1\" data-wp-bind--hidden=\"state.isHidden\" data-wp-on--beforematch=\"actions.handleBeforeMatch\" id=\"accordion-item-1-panel\" role=\"region\" class=\"wp-block-accordion-panel is-layout-flow wp-block-accordion-panel-is-layout-flow\">\n<p class=\"wp-block-paragraph\">Genel olarak \u201een iyi\u201c diye bir y\u00f6ntem yoktur. Se\u00e7im tamamen anatominize ve hedeflerinize ba\u011fl\u0131d\u0131r: Hacim isteyenler i\u00e7in dolgu gereklidir. Cilt sarkmas\u0131ndan \u015fikayet\u00e7i olanlar i\u00e7in ise germe ameliyat\u0131 gereklidir. Deneyimli bir uzman doktor genellikle bu y\u00f6ntemlerin kombinasyonlar\u0131n\u0131 da \u00f6nerebilir.<\/p>\n<\/div>\n<\/div>\n\n\n\n<div data-wp-class--is-open=\"state.isOpen\" data-wp-context=\"{ &quot;id&quot;: &quot;accordion-item-2&quot;, &quot;openByDefault&quot;: false }\" data-wp-init=\"callbacks.initAccordionItems\" data-wp-on-window--hashchange=\"callbacks.hashChange\" class=\"wp-block-accordion-item is-layout-flow wp-block-accordion-item-is-layout-flow\">\n<h5 class=\"wp-block-accordion-heading\"><button aria-expanded=\"false\" aria-controls=\"accordion-item-2-panel\" data-wp-bind--aria-expanded=\"state.isOpen\" data-wp-on--click=\"actions.toggle\" id=\"accordion-item-2\" type=\"button\" class=\"wp-block-accordion-heading__toggle\"><span class=\"wp-block-accordion-heading__toggle-title\">Ameliyats\u0131z olarak da kal\u00e7a \u015fekillendirmesi yap\u0131labilir mi?<\/span><span class=\"wp-block-accordion-heading__toggle-icon\" aria-hidden=\"true\">+<\/span><\/button><\/h5>\n\n\n\n<div aria-labelledby=\"accordion-item-2\" data-wp-bind--hidden=\"state.isHidden\" data-wp-on--beforematch=\"actions.handleBeforeMatch\" id=\"accordion-item-2-panel\" role=\"region\" class=\"wp-block-accordion-panel is-layout-flow wp-block-accordion-panel-is-layout-flow\">\n<p class=\"wp-block-paragraph\">Hedef odakl\u0131 antrenmanlarla kas geli\u015ftirme, kal\u00e7alar\u0131n \u015feklini \u00f6nemli \u00f6l\u00e7\u00fcde iyile\u015ftirebilir ve her zaman iyi bir temel olu\u015fturur. Ancak, \u00e7ok zay\u0131f ki\u015filerde hacimde \u00f6nemli bir art\u0131\u015f sa\u011flanmas\u0131 veya fazla derinin al\u0131nmas\u0131 ancak cerrahi bir m\u00fcdahaleyle m\u00fcmk\u00fcnd\u00fcr.<\/p>\n<\/div>\n<\/div>\n\n\n\n<div data-wp-class--is-open=\"state.isOpen\" data-wp-context=\"{ &quot;id&quot;: &quot;accordion-item-3&quot;, &quot;openByDefault&quot;: false }\" data-wp-init=\"callbacks.initAccordionItems\" data-wp-on-window--hashchange=\"callbacks.hashChange\" class=\"wp-block-accordion-item is-layout-flow wp-block-accordion-item-is-layout-flow\">\n<h5 class=\"wp-block-accordion-heading\"><button aria-expanded=\"false\" aria-controls=\"accordion-item-3-panel\" data-wp-bind--aria-expanded=\"state.isOpen\" data-wp-on--click=\"actions.toggle\" id=\"accordion-item-3\" type=\"button\" class=\"wp-block-accordion-heading__toggle\"><span class=\"wp-block-accordion-heading__toggle-title\">En \u00f6nemli ilk ad\u0131m nedir?<\/span><span class=\"wp-block-accordion-heading__toggle-icon\" aria-hidden=\"true\">+<\/span><\/button><\/h5>\n\n\n\n<div aria-labelledby=\"accordion-item-3\" data-wp-bind--hidden=\"state.isHidden\" data-wp-on--beforematch=\"actions.handleBeforeMatch\" id=\"accordion-item-3-panel\" role=\"region\" class=\"wp-block-accordion-panel is-layout-flow wp-block-accordion-panel-is-layout-flow\">\n<p class=\"wp-block-paragraph\">En \u00f6nemli ad\u0131m, kal\u00e7a cerrahisi alan\u0131nda kan\u0131tlanm\u0131\u015f deneyime sahip, nitelikli bir Plastik ve Estetik Cerrahi uzman\u0131ndan ayr\u0131nt\u0131l\u0131 bir dan\u0131\u015fmanl\u0131k almakt\u0131r. Bu uzman, isteklerinizi anatomik olanaklarla kar\u015f\u0131la\u015ft\u0131rarak ger\u00e7ek\u00e7i bir tedavi plan\u0131 haz\u0131rlayabilir.<\/p>\n<\/div>\n<\/div>\n<\/div>","protected":false},"excerpt":{"rendered":"<p>Kal\u00e7a \u015fekillendirme, kal\u00e7an\u0131n \u015feklini, boyutunu veya s\u0131k\u0131l\u0131\u011f\u0131n\u0131 iyile\u015ftirmeyi ama\u00e7layan \u00e7e\u015fitli estetik cerrahi y\u00f6ntemlerini kapsar.<\/p>","protected":false},"template":"","class_list":["post-724","glossary","type-glossary","status-publish","hentry"],"acf":[],"_links":{"self":[{"href":"https:\/\/4beauty-website-stage.247grad.de\/tr\/wp-json\/wp\/v2\/glossary\/724","targetHints":{"allow":["GET"]}}],"collection":[{"href":"https:\/\/4beauty-website-stage.247grad.de\/tr\/wp-json\/wp\/v2\/glossary"}],"about":[{"href":"https:\/\/4beauty-website-stage.247grad.de\/tr\/wp-json\/wp\/v2\/types\/glossary"}],"wp:attachment":[{"href":"https:\/\/4beauty-website-stage.247grad.de\/tr\/wp-json\/wp\/v2\/media?parent=724"}],"curies":[{"name":"wp","href":"https:\/\/api.w.org\/{rel}","templated":true}]}}