{"id":729,"date":"2026-08-20T17:07:02","date_gmt":"2026-08-20T15:07:02","guid":{"rendered":"https:\/\/4beauty-website-stage.247grad.de\/glossar\/postoperativer-bluterguss\/"},"modified":"2026-08-28T11:45:43","modified_gmt":"2026-08-28T09:45:43","slug":"ameliyat-sonrasi-kanama","status":"publish","type":"glossary","link":"https:\/\/4beauty-website-stage.247grad.de\/tr\/glossar\/postoperativer-bluterguss\/","title":{"rendered":"Ameliyat sonras\u0131 kanama"},"content":{"rendered":"<p class=\"wp-block-paragraph\">Estetik veya plastik cerrahi ameliyat\u0131ndan sonra aynaya bakmak genellikle ilk ba\u015fta bir \u015fok yarat\u0131r: Ameliyat ge\u00e7irilmi\u015f v\u00fccut b\u00f6lgesi \u015fi\u015fmi\u015ftir ve koyu maviden menek\u015fe rengine, hatta siyaha kadar de\u011fi\u015fen renk de\u011fi\u015fiklikleri g\u00f6sterir. Ameliyat sonras\u0131 kanama (hematom), cerrahi m\u00fcdahalenin en s\u0131k g\u00f6r\u00fclen ve genellikle en zarars\u0131z yan etkilerinden biridir.<\/p>\n\n\n\n<p class=\"wp-block-paragraph\">Bu k\u0131lavuz, durumu do\u011fru bir \u015fekilde de\u011ferlendirmenize yard\u0131mc\u0131 olacakt\u0131r. Normal bir morlu\u011fun nas\u0131l iyile\u015fti\u011fini, daha h\u0131zl\u0131 iyile\u015fme i\u00e7in kendiniz neler yapabilece\u011finizi ve hangi \u201ek\u0131rm\u0131z\u0131 bayraklar\u201c (uyar\u0131 i\u015faretleri) durumunda derhal doktorunuza ba\u015fvurman\u0131z gerekti\u011fini a\u00e7\u0131kl\u0131yoruz.<\/p>\n\n\n\n<div class=\"wp-block-rank-math-toc-block\" id=\"rank-math-toc\"><h2>\u0130\u00e7indekiler<\/h2><nav><ul><li class=\"\"><a href=\"#was-ist-ein-postoperativer-bluterguss\">Ameliyat sonras\u0131 kanama nedir?<\/a><\/li><li class=\"\"><a href=\"#blauer-fleck-oder-echtes-hamatom\">Mavi leke mi, yoksa ger\u00e7ek bir hematom mu?<\/a><\/li><li class=\"\"><a href=\"#der-heilungsverlauf\">\u0130yile\u015fme s\u00fcreci<\/a><\/li><li class=\"\"><a href=\"#was-sie-selbst-tun-konnen\">Kendiniz neler yapabilirsiniz?<\/a><\/li><li class=\"\"><a href=\"#warnsignale-red-flags\">Uyar\u0131 i\u015faretleri (Red Flags)<\/a><\/li><li class=\"\"><a href=\"#operative-ausraumung-und-kosten\">Operasyonel temizlik ve maliyetler<\/a><\/li><li class=\"\"><a href=\"#haufig-gestellte-fragen-faq\">S\u0131k Sorulan Sorular (SSS)<\/a><\/li><\/ul><\/nav><\/div>\n\n\n\n<div class=\"wp-block-group is-style-boxed has-white-warm-background-color has-background is-layout-constrained wp-block-group-is-layout-constrained\">\n<p class=\"wp-block-paragraph\"><strong>\u00d6nemli uyar\u0131<\/strong><\/p>\n\n\n\n<p class=\"wp-block-paragraph\">Bu makale yaln\u0131zca bilgilendirme ama\u00e7l\u0131d\u0131r ve t\u0131bbi tan\u0131 veya tavsiyenin yerini almaz. Herhangi bir belirsizlik durumunda ve ki\u015fiye \u00f6zel bir tedavi plan\u0131 haz\u0131rlamak i\u00e7in, uzman bir hekimle g\u00f6r\u00fc\u015fmek \u015fartt\u0131r.<\/p>\n<\/div>\n\n\n\n<h2 class=\"wp-block-heading\" id=\"was-ist-ein-postoperativer-bluterguss\">Ameliyat sonras\u0131 kanama nedir?<\/h2>\n\n\n\n<div class=\"wp-block-media-text is-stacked-on-mobile\"><figure class=\"wp-block-media-text__media\"><img loading=\"lazy\" decoding=\"async\" width=\"1024\" height=\"1024\" src=\"https:\/\/4beauty-website-stage.247grad.de\/wp-content\/uploads\/2026\/08\/2026-03_postoperativer-bluterguss.png\" alt=\"Ameliyat sonras\u0131 kanama\" class=\"wp-image-456 size-full\" srcset=\"https:\/\/4beauty-website-stage.247grad.de\/wp-content\/uploads\/2026\/08\/2026-03_postoperativer-bluterguss.png 1024w, https:\/\/4beauty-website-stage.247grad.de\/wp-content\/uploads\/2026\/08\/2026-03_postoperativer-bluterguss-150x150.png 150w, https:\/\/4beauty-website-stage.247grad.de\/wp-content\/uploads\/2026\/08\/2026-03_postoperativer-bluterguss-300x300.png 300w, https:\/\/4beauty-website-stage.247grad.de\/wp-content\/uploads\/2026\/08\/2026-03_postoperativer-bluterguss-768x768.png 768w, https:\/\/4beauty-website-stage.247grad.de\/wp-content\/uploads\/2026\/08\/2026-03_postoperativer-bluterguss-12x12.png 12w, https:\/\/4beauty-website-stage.247grad.de\/wp-content\/uploads\/2026\/08\/2026-03_postoperativer-bluterguss-120x120.png 120w, https:\/\/4beauty-website-stage.247grad.de\/wp-content\/uploads\/2026\/08\/2026-03_postoperativer-bluterguss-40x40.png 40w, https:\/\/4beauty-website-stage.247grad.de\/wp-content\/uploads\/2026\/08\/2026-03_postoperativer-bluterguss-80x80.png 80w, https:\/\/4beauty-website-stage.247grad.de\/wp-content\/uploads\/2026\/08\/2026-03_postoperativer-bluterguss-160x160.png 160w, https:\/\/4beauty-website-stage.247grad.de\/wp-content\/uploads\/2026\/08\/2026-03_postoperativer-bluterguss-500x500.png 500w, https:\/\/4beauty-website-stage.247grad.de\/wp-content\/uploads\/2026\/08\/2026-03_postoperativer-bluterguss-1000x1000.png 1000w\" sizes=\"auto, (max-width: 1024px) 100vw, 1024px\" \/><\/figure><div class=\"wp-block-media-text__content\">\n<p class=\"wp-block-paragraph\">Bir <strong>ameliyat sonras\u0131 kanama<\/strong>, t\u0131bbi terimle <a href=\"https:\/\/4beauty-website-stage.247grad.de\/tr\/soezluek\/haematom\/\"><strong>Hematom<\/strong><\/a> diye adland\u0131r\u0131lan durum, v\u00fccut dokusunda kan damarlar\u0131n\u0131n d\u0131\u015f\u0131nda biriken kan birikimidir. Her ameliyatta, dokuya ne kadar \u00f6zen g\u00f6sterilirse g\u00f6sterilsin, deri alt\u0131ndaki k\u00fc\u00e7\u00fck kan damarlar\u0131 ka\u00e7\u0131n\u0131lmaz olarak kesilir.<\/p>\n\n<p class=\"wp-block-paragraph\">Bu damarlardan s\u0131zan kan, \u00e7evredeki dokuda veya olu\u015fan yara bo\u015fluklar\u0131nda birikir ve derinin alt\u0131ndan par\u0131ldar.<\/p>\n\n<div class=\"wp-block-buttons is-layout-flex wp-block-buttons-is-layout-flex\">\n<div class=\"wp-block-button\"><a class=\"wp-block-button__link wp-element-button\" href=\"https:\/\/4beauty-website-stage.247grad.de\/tr\/hizmet-bilgileri\/iletisim\/\">Ba\u011flay\u0131c\u0131 olmayan bir \u015fekilde ileti\u015fime ge\u00e7in<\/a><\/div>\n<\/div>\n<\/div><\/div>\n\n\n\n<h2 class=\"wp-block-heading\" id=\"blauer-fleck-oder-echtes-hamatom\">Mavi leke mi, yoksa ger\u00e7ek bir hematom mu?<\/h2>\n\n\n\n<p class=\"wp-block-paragraph\">G\u00fcnl\u00fck dilde genellikle her \u015feye \u201ekanama\u201c denir. Ancak t\u0131bbi a\u00e7\u0131dan tedavi konusunda \u00f6nemli bir fark vard\u0131r:<\/p>\n\n\n\n<h3 class=\"wp-block-heading\" id=\"die-diffuse-blutung-der-blaue-fleck\">Yayg\u0131n kanama (\u201emavi leke\u201c)<\/h3>\n\n\n\n<p class=\"wp-block-paragraph\">Kan, doku i\u00e7inde (\u00f6rne\u011fin deri alt\u0131 ya\u011f dokusunda) geni\u015f bir alana yay\u0131lm\u0131\u015ft\u0131r. Ciltte renk de\u011fi\u015fikli\u011fi ve hafif bir \u015fi\u015flik g\u00f6r\u00fcl\u00fcr, ancak genellikle yumu\u015fakt\u0131r. Bu durum zarars\u0131zd\u0131r ve v\u00fccut taraf\u0131ndan kendili\u011finden ortadan kald\u0131r\u0131l\u0131r. Genellikle ya\u011f alma (liposuction) veya g\u00f6z kapa\u011f\u0131 germe ameliyatlar\u0131ndan sonra g\u00f6r\u00fcl\u00fcr.<\/p>\n\n\n\n<h3 class=\"wp-block-heading\" id=\"das-raumfordernde-hamatom\">Yer kaplayan hematom<\/h3>\n\n\n\n<p class=\"wp-block-paragraph\">Kan, kapal\u0131 bir bo\u015flukta (\u00f6rne\u011fin, g\u00f6\u011f\u00fcs b\u00fcy\u00fctme ameliyat\u0131 sonras\u0131 implant cebinde) birikmi\u015f ve bir t\u00fcr kan kesesi olu\u015fturmu\u015ftur. Doku genellikle \u015fi\u015fkin, sertle\u015fmi\u015f ve g\u00f6zle g\u00f6r\u00fcl\u00fcr \u015fekilde d\u0131\u015far\u0131 do\u011fru \u00e7\u0131k\u0131nt\u0131 yapmaktad\u0131r. Bu durum a\u011fr\u0131l\u0131 olabilir ve iyile\u015fme s\u00fcrecini aksatabilir.<\/p>\n\n\n\n<div class=\"wp-block-buttons is-layout-flex wp-block-buttons-is-layout-flex\">\n<div class=\"wp-block-button\"><a class=\"wp-block-button__link wp-element-button\" href=\"https:\/\/4beauty-website-stage.247grad.de\/tr\/hizmet-bilgileri\/iletisim\/\">Ba\u011flay\u0131c\u0131 olmayan bir \u015fekilde ileti\u015fime ge\u00e7in<\/a><\/div>\n<\/div>\n\n\n\n<h2 class=\"wp-block-heading\" id=\"der-heilungsverlauf\">\u0130yile\u015fme s\u00fcreci<\/h2>\n\n\n\n<p class=\"wp-block-paragraph\">Normal, geni\u015f bir morluk, v\u00fccut kan pigmentini (hemoglobin) enzimatik olarak par\u00e7alarken rengini de\u011fi\u015ftirir. Bu s\u00fcre\u00e7 genellikle 1 ila 3 hafta s\u00fcrer.<\/p>\n\n\n\n<ol class=\"wp-block-list is-style-step-list\">\n<li><strong>1.\u20133. G\u00fcn<\/strong> K\u0131rm\u0131z\u0131dan koyu maviye\/siya\u011fa: Taze, oksijensiz kan birikiyor. \u015ei\u015flik en \u015fiddetli halindedir.<\/li>\n\n\n\n<li><strong>4.\u20137. G\u00fcn<\/strong> Koyu ye\u015fil: Hemoglobin, biliverdine par\u00e7alan\u0131r.<\/li>\n\n\n\n<li><strong>8.\u201314. g\u00fcn<\/strong> Sar\u0131dan kahverengiye: Biliverdin, bilirubin (sar\u0131) ve hemosiderin (kahverengi) olarak metabolize edilir. Morluk giderek solup kaybolur.<\/li>\n<\/ol>\n\n\n\n<p class=\"wp-block-paragraph\"><em>Unutmay\u0131n: Morluklar yer\u00e7ekimi nedeniyle genellikle a\u015fa\u011f\u0131ya do\u011fru \u201ekayar\u201c. Y\u00fcz germe ameliyat\u0131ndan sonra morluklar boyunda, kar\u0131n ameliyat\u0131ndan sonra ise kas\u0131k b\u00f6lgesinde g\u00f6r\u00fclebilir. Bu normal bir durumdur.<\/em><\/p>\n\n\n\n<div class=\"wp-block-buttons is-layout-flex wp-block-buttons-is-layout-flex\">\n<div class=\"wp-block-button\"><a class=\"wp-block-button__link wp-element-button\" href=\"https:\/\/4beauty-website-stage.247grad.de\/tr\/hizmet-bilgileri\/iletisim\/\">Ba\u011flay\u0131c\u0131 olmayan bir \u015fekilde ileti\u015fime ge\u00e7in<\/a><\/div>\n<\/div>\n\n\n\n<h2 class=\"wp-block-heading\" id=\"was-sie-selbst-tun-konnen\">Kendiniz neler yapabilirsiniz?<\/h2>\n\n\n\n<p class=\"wp-block-paragraph\">V\u00fccudun kan\u0131 kendi kendine par\u00e7alamas\u0131n\u0131 aktif olarak destekleyebilirsiniz:<\/p>\n\n\n\n<ul class=\"wp-block-list\">\n<li><strong>So\u011futma (ilk 48 saat i\u00e7inde):<\/strong> So\u011fuk, kan damarlar\u0131n\u0131 daralt\u0131r, hafif s\u0131z\u0131nt\u0131 kanamalar\u0131n\u0131 durdurur ve a\u011fr\u0131y\u0131 hafifletir. *\u00d6nemli: So\u011fuk kompresleri asla do\u011frudan cilde uygulamay\u0131n (donma tehlikesi) ve kendi ya\u011f\u0131n\u0131zla yap\u0131lan tedavilerde kullanmay\u0131n (so\u011fuk, nakledilen h\u00fccrelere zarar verir).*<\/li>\n\n\n\n<li><strong>S\u0131k\u0131\u015ft\u0131rma:<\/strong> Re\u00e7eteyle verilen kompresyon giysilerinin (korse, s\u00fctyen) d\u00fczenli olarak giyilmesi, hafif bir bas\u0131n\u00e7 uygular ve bo\u015fluklar\u0131n kanla dolmas\u0131n\u0131 \u00f6nler.<\/li>\n\n\n\n<li><strong>Y\u00fckseltme:<\/strong> Kan ve lenf s\u0131v\u0131s\u0131n\u0131n ak\u0131\u015f\u0131n\u0131 kolayla\u015ft\u0131rmak i\u00e7in ameliyat edilen b\u00f6lgeyi (m\u00fcmk\u00fcnse) kalp seviyesinden daha y\u00fcksekte tutun.<\/li>\n\n\n\n<li><strong>Koruma:<\/strong> \u0130lk haftalarda kan bas\u0131nc\u0131n\u0131 y\u00fckselten faaliyetlerden (spor, a\u011f\u0131r kald\u0131rma, sauna) ka\u00e7\u0131n\u0131n.<\/li>\n\n\n\n<li><strong>Destekleyici preparatlar:<\/strong> Doktorunuzla g\u00f6r\u00fc\u015ft\u00fckten sonra, homeopatik ila\u00e7lar (\u00f6rne\u011fin <strong>Arnika<\/strong>), enzim preparatlar\u0131 (\u00f6rne\u011fin <strong>Bromelain<\/strong>) veya heparin i\u00e7eren merhemler bu s\u00fcreci h\u0131zland\u0131r\u0131r.<\/li>\n<\/ul>\n\n\n\n<div class=\"wp-block-buttons is-layout-flex wp-block-buttons-is-layout-flex\">\n<div class=\"wp-block-button\"><a class=\"wp-block-button__link wp-element-button\" href=\"https:\/\/4beauty-website-stage.247grad.de\/tr\/hizmet-bilgileri\/iletisim\/\">Ba\u011flay\u0131c\u0131 olmayan bir \u015fekilde ileti\u015fime ge\u00e7in<\/a><\/div>\n<\/div>\n\n\n\n<h2 class=\"wp-block-heading\" id=\"warnsignale-red-flags\">Uyar\u0131 i\u015faretleri (Red Flags)<\/h2>\n\n\n\n<p class=\"wp-block-paragraph\">Bir hematom, \u00e7ok b\u00fcy\u00fckse, \u015fiddetli bask\u0131 yap\u0131yorsa (\u00f6rne\u011fin sinirlere veya yara diki\u015fine) veya iltihaplan\u0131rsa sorun yaratabilir.<\/p>\n\n\n\n<div class=\"wp-block-group is-style-boxed is-layout-constrained wp-block-group-is-layout-constrained\">\n<p class=\"wp-block-paragraph\"><strong>\u26a0 Dikkat!<\/strong><\/p>\n\n<p class=\"wp-block-paragraph\"><strong>A\u015fa\u011f\u0131daki belirtiler ortaya \u00e7\u0131kt\u0131\u011f\u0131nda derhal doktorunuza ba\u015fvurun:<\/strong><\/p>\n\n<ul class=\"wp-block-list\">\n<li>\u015ei\u015flik <strong>aniden h\u0131zla artar<\/strong> ya da a\u015f\u0131r\u0131 derecede \u015fi\u015fer (aktif kanaman\u0131n bir g\u00f6stergesi).<\/li>\n\n\n\n<li>Etkilenen b\u00f6lge <strong>s\u0131cak<\/strong>, a\u015f\u0131r\u0131 derecede k\u0131rm\u0131z\u0131 ya da sizde <strong>Ate\u015f<\/strong> (Enfeksiyona i\u015faret eden bir bulgu).<\/li>\n\n\n\n<li>\u015eunu hissediyorsunuz <strong>zumbulayan, h\u0131zla \u015fiddetlenen a\u011fr\u0131lar<\/strong>, re\u00e7ete edilen ila\u00e7larla kontrol alt\u0131na al\u0131namayanlar.<\/li>\n\n\n\n<li>Hematomun \u00fczerindeki deri o kadar gerginle\u015fir ki, rengi a\u015f\u0131r\u0131 derecede de\u011fi\u015fir (beyaz\u0131ms\u0131\/soluk hale gelir) \u2013 bu durumda yara kenarlar\u0131nda kan dola\u015f\u0131m\u0131 bozuklu\u011fu (nekroz) riski ortaya \u00e7\u0131kar.<\/li>\n\n\n\n<li><em>Boyun\/Y\u00fcz \u00d6zel Durumu:<\/em> Boyun b\u00f6lgesinde ge\u00e7irilmi\u015f bir ameliyat\u0131n ard\u0131ndan ani nefes darl\u0131\u011f\u0131 veya yutma g\u00fc\u00e7l\u00fc\u011f\u00fc ya\u015farsan\u0131z, derhal acil servisi aray\u0131n!<\/li>\n<\/ul>\n\n<div class=\"wp-block-buttons is-layout-flex wp-block-buttons-is-layout-flex\">\n<div class=\"wp-block-button\"><a class=\"wp-block-button__link wp-element-button\" href=\"https:\/\/4beauty-website-stage.247grad.de\/tr\/hizmet-bilgileri\/iletisim\/\">Ba\u011flay\u0131c\u0131 olmayan bir \u015fekilde ileti\u015fime ge\u00e7in<\/a><\/div>\n<\/div>\n<\/div>\n\n\n\n<h2 class=\"wp-block-heading\" id=\"operative-ausraumung-und-kosten\">Operasyonel temizlik ve maliyetler<\/h2>\n\n\n\n<div class=\"wp-block-media-text has-media-on-the-right is-stacked-on-mobile\"><div class=\"wp-block-media-text__content\">\n<p class=\"wp-block-paragraph\">V\u00fccut, b\u00fcy\u00fck ve yer kaplayan bir hematomu kendi ba\u015f\u0131na ememezse veya \u015fiddetli bir ikincil kanama varsa, hematomun t\u0131bbi olarak tedavi edilmesi gerekir. Bu, ya bir <strong>Pansiyon<\/strong> (i\u011fne ile emme) veya bir <strong>cerrahi revizyon (hematom temizleme)<\/strong>. Revizyon s\u0131ras\u0131nda yara, ameliyathanede steril ko\u015fullar alt\u0131nda yeniden a\u00e7\u0131l\u0131r, kan p\u0131ht\u0131s\u0131 \u00e7\u0131kar\u0131l\u0131r, kanama kayna\u011f\u0131 lazerle tahrip edilir ve yara y\u0131kan\u0131r.<\/p>\n\n<h3 class=\"wp-block-heading\" id=\"wer-tragt-die-kosten-fur-eine-solche-revision\">B\u00f6yle bir revizyonun masraflar\u0131n\u0131 kim kar\u015f\u0131lar?<\/h3>\n\n<p class=\"wp-block-paragraph\">Bu komplikasyon, tamamen estetik ama\u00e7l\u0131 (t\u0131bbi endikasyon bulunmayan) bir ameliyat\u0131n ard\u0131ndan ortaya \u00e7\u0131karsa, genellikle SGB V\u2019nin 52. maddesinin 2. f\u0131kras\u0131 ge\u00e7erlidir. Bu durumda sa\u011fl\u0131k sigortas\u0131, tedavi masraflar\u0131n\u0131n makul bir k\u0131sm\u0131n\u0131 kar\u015f\u0131lamaya mecburdur. Bu t\u00fcr \u00f6ng\u00f6r\u00fclemeyen durumlar i\u00e7in \u00f6nceden bir <strong>Sonras\u0131 Maliyet Sigortas\u0131<\/strong> Hematomun temizlenmesi i\u00e7in gereken ameliyat masraflar\u0131n\u0131 \u00fcstlenmek zorunda kalmamak i\u00e7in en \u00f6nemli mali g\u00fcvence.<\/p>\n\n<div class=\"wp-block-buttons is-layout-flex wp-block-buttons-is-layout-flex\">\n<div class=\"wp-block-button\"><a class=\"wp-block-button__link wp-element-button\" href=\"https:\/\/4beauty-website-stage.247grad.de\/tr\/hizmet-bilgileri\/iletisim\/\">Ba\u011flay\u0131c\u0131 olmayan bir \u015fekilde ileti\u015fime ge\u00e7in<\/a><\/div>\n<\/div>\n<\/div><figure class=\"wp-block-media-text__media\"><img loading=\"lazy\" decoding=\"async\" width=\"1200\" height=\"1200\" src=\"https:\/\/4beauty-website-stage.247grad.de\/wp-content\/uploads\/2026\/08\/2026-03_postoperativer-bluterguss-absicherung.png\" alt=\"Ameliyat Sonras\u0131 Kanama \u00d6nleme\" class=\"wp-image-455 size-full\" srcset=\"https:\/\/4beauty-website-stage.247grad.de\/wp-content\/uploads\/2026\/08\/2026-03_postoperativer-bluterguss-absicherung.png 1200w, https:\/\/4beauty-website-stage.247grad.de\/wp-content\/uploads\/2026\/08\/2026-03_postoperativer-bluterguss-absicherung-150x150.png 150w, https:\/\/4beauty-website-stage.247grad.de\/wp-content\/uploads\/2026\/08\/2026-03_postoperativer-bluterguss-absicherung-300x300.png 300w, https:\/\/4beauty-website-stage.247grad.de\/wp-content\/uploads\/2026\/08\/2026-03_postoperativer-bluterguss-absicherung-768x768.png 768w, https:\/\/4beauty-website-stage.247grad.de\/wp-content\/uploads\/2026\/08\/2026-03_postoperativer-bluterguss-absicherung-1024x1024.png 1024w, https:\/\/4beauty-website-stage.247grad.de\/wp-content\/uploads\/2026\/08\/2026-03_postoperativer-bluterguss-absicherung-12x12.png 12w, https:\/\/4beauty-website-stage.247grad.de\/wp-content\/uploads\/2026\/08\/2026-03_postoperativer-bluterguss-absicherung-120x120.png 120w, https:\/\/4beauty-website-stage.247grad.de\/wp-content\/uploads\/2026\/08\/2026-03_postoperativer-bluterguss-absicherung-40x40.png 40w, https:\/\/4beauty-website-stage.247grad.de\/wp-content\/uploads\/2026\/08\/2026-03_postoperativer-bluterguss-absicherung-80x80.png 80w, https:\/\/4beauty-website-stage.247grad.de\/wp-content\/uploads\/2026\/08\/2026-03_postoperativer-bluterguss-absicherung-160x160.png 160w, https:\/\/4beauty-website-stage.247grad.de\/wp-content\/uploads\/2026\/08\/2026-03_postoperativer-bluterguss-absicherung-500x500.png 500w, https:\/\/4beauty-website-stage.247grad.de\/wp-content\/uploads\/2026\/08\/2026-03_postoperativer-bluterguss-absicherung-1000x1000.png 1000w\" sizes=\"auto, (max-width: 1200px) 100vw, 1200px\" \/><\/figure><\/div>\n\n\n\n<h2 class=\"wp-block-heading\" id=\"haufig-gestellte-fragen-faq\">S\u0131k Sorulan Sorular (SSS)<\/h2>\n\n\n\n<div data-wp-context=\"{ &quot;autoclose&quot;: false, &quot;accordionItems&quot;: [] }\" data-wp-interactive=\"core\/accordion\" role=\"group\" class=\"wp-block-accordion is-layout-flow wp-block-accordion-is-layout-flow\">\n<div data-wp-class--is-open=\"state.isOpen\" data-wp-context=\"{ &quot;id&quot;: &quot;accordion-item-1&quot;, &quot;openByDefault&quot;: false }\" data-wp-init=\"callbacks.initAccordionItems\" data-wp-on-window--hashchange=\"callbacks.hashChange\" class=\"wp-block-accordion-item is-layout-flow wp-block-accordion-item-is-layout-flow\">\n<h3 class=\"wp-block-accordion-heading\"><button aria-expanded=\"false\" aria-controls=\"accordion-item-1-panel\" data-wp-bind--aria-expanded=\"state.isOpen\" data-wp-on--click=\"actions.toggle\" id=\"accordion-item-1\" type=\"button\" class=\"wp-block-accordion-heading__toggle\"><span class=\"wp-block-accordion-heading__toggle-title\">Ameliyat sonras\u0131 olu\u015fan morluklar\u0131n ge\u00e7mesi ne kadar s\u00fcrer?<\/span><span class=\"wp-block-accordion-heading__toggle-icon\" aria-hidden=\"true\">+<\/span><\/button><\/h3>\n\n\n\n<div aria-labelledby=\"accordion-item-1\" data-wp-bind--hidden=\"state.isHidden\" data-wp-on--beforematch=\"actions.handleBeforeMatch\" id=\"accordion-item-1-panel\" role=\"region\" class=\"wp-block-accordion-panel is-layout-flow wp-block-accordion-panel-is-layout-flow\">\n<p class=\"wp-block-paragraph\">Normal, geni\u015f bir morluk genellikle 2 ila 3 hafta i\u00e7inde kaybolur. Ancak \u00e7ok b\u00fcy\u00fck veya derin hematomlar\u0131n tamamen yok olmas\u0131 birka\u00e7 ay s\u00fcrebilir.<\/p>\n<\/div>\n<\/div>\n\n\n\n<div data-wp-class--is-open=\"state.isOpen\" data-wp-context=\"{ &quot;id&quot;: &quot;accordion-item-2&quot;, &quot;openByDefault&quot;: false }\" data-wp-init=\"callbacks.initAccordionItems\" data-wp-on-window--hashchange=\"callbacks.hashChange\" class=\"wp-block-accordion-item is-layout-flow wp-block-accordion-item-is-layout-flow\">\n<h3 class=\"wp-block-accordion-heading\"><button aria-expanded=\"false\" aria-controls=\"accordion-item-2-panel\" data-wp-bind--aria-expanded=\"state.isOpen\" data-wp-on--click=\"actions.toggle\" id=\"accordion-item-2\" type=\"button\" class=\"wp-block-accordion-heading__toggle\"><span class=\"wp-block-accordion-heading__toggle-title\">Morarmay\u0131 \u0131s\u0131tmal\u0131 m\u0131y\u0131m yoksa so\u011futmal\u0131 m\u0131y\u0131m?<\/span><span class=\"wp-block-accordion-heading__toggle-icon\" aria-hidden=\"true\">+<\/span><\/button><\/h3>\n\n\n\n<div aria-labelledby=\"accordion-item-2\" data-wp-bind--hidden=\"state.isHidden\" data-wp-on--beforematch=\"actions.handleBeforeMatch\" id=\"accordion-item-2-panel\" role=\"region\" class=\"wp-block-accordion-panel is-layout-flow wp-block-accordion-panel-is-layout-flow\">\n<p class=\"wp-block-paragraph\">\u0130lk 48 saat i\u00e7inde <strong>So\u011futma<\/strong> (buz gibi olmas\u0131n!) Kanaman\u0131n ve \u015fi\u015fli\u011fin devam etmesini \u00f6nlemek i\u00e7in \u00f6nemlidir. Bundan sonra (3. veya 4. g\u00fcnden itibaren) hafif <strong>Is\u0131<\/strong> kan dola\u015f\u0131m\u0131n\u0131 canland\u0131rmaya ve par\u00e7alanm\u0131\u015f kan\u0131n v\u00fccuttan at\u0131lmas\u0131n\u0131 h\u0131zland\u0131rmaya yard\u0131mc\u0131 olur. Bu konuyu daima doktorunuzla g\u00f6r\u00fc\u015f\u00fcn.<\/p>\n<\/div>\n<\/div>\n\n\n\n<div data-wp-class--is-open=\"state.isOpen\" data-wp-context=\"{ &quot;id&quot;: &quot;accordion-item-3&quot;, &quot;openByDefault&quot;: false }\" data-wp-init=\"callbacks.initAccordionItems\" data-wp-on-window--hashchange=\"callbacks.hashChange\" class=\"wp-block-accordion-item is-layout-flow wp-block-accordion-item-is-layout-flow\">\n<h3 class=\"wp-block-accordion-heading\"><button aria-expanded=\"false\" aria-controls=\"accordion-item-3-panel\" data-wp-bind--aria-expanded=\"state.isOpen\" data-wp-on--click=\"actions.toggle\" id=\"accordion-item-3\" type=\"button\" class=\"wp-block-accordion-heading__toggle\"><span class=\"wp-block-accordion-heading__toggle-title\">Heparin merhemi kullanabilir miyim?<\/span><span class=\"wp-block-accordion-heading__toggle-icon\" aria-hidden=\"true\">+<\/span><\/button><\/h3>\n\n\n\n<div aria-labelledby=\"accordion-item-3\" data-wp-bind--hidden=\"state.isHidden\" data-wp-on--beforematch=\"actions.handleBeforeMatch\" id=\"accordion-item-3-panel\" role=\"region\" class=\"wp-block-accordion-panel is-layout-flow wp-block-accordion-panel-is-layout-flow\">\n<p class=\"wp-block-paragraph\">Heparin i\u00e7eren jeller, morluklar\u0131n daha h\u0131zl\u0131 ge\u00e7mesine yard\u0131mc\u0131 olabilir. Ancak, bunlar <strong>asla taze yaralara veya diki\u015fe do\u011frudan s\u00fcrmeyin<\/strong> s\u00fcr\u00fclmelidir. Merhemleri sadece kenar b\u00f6lgelerinde ve doktor onay\u0131 al\u0131nd\u0131ktan sonra kullan\u0131n.<\/p>\n<\/div>\n<\/div>\n\n\n\n<div data-wp-class--is-open=\"state.isOpen\" data-wp-context=\"{ &quot;id&quot;: &quot;accordion-item-4&quot;, &quot;openByDefault&quot;: false }\" data-wp-init=\"callbacks.initAccordionItems\" data-wp-on-window--hashchange=\"callbacks.hashChange\" class=\"wp-block-accordion-item is-layout-flow wp-block-accordion-item-is-layout-flow\">\n<h3 class=\"wp-block-accordion-heading\"><button aria-expanded=\"false\" aria-controls=\"accordion-item-4-panel\" data-wp-bind--aria-expanded=\"state.isOpen\" data-wp-on--click=\"actions.toggle\" id=\"accordion-item-4\" type=\"button\" class=\"wp-block-accordion-heading__toggle\"><span class=\"wp-block-accordion-heading__toggle-title\">Morluk alt\u0131nda sertle\u015fme olmas\u0131 normal mi?<\/span><span class=\"wp-block-accordion-heading__toggle-icon\" aria-hidden=\"true\">+<\/span><\/button><\/h3>\n\n\n\n<div aria-labelledby=\"accordion-item-4\" data-wp-bind--hidden=\"state.isHidden\" data-wp-on--beforematch=\"actions.handleBeforeMatch\" id=\"accordion-item-4-panel\" role=\"region\" class=\"wp-block-accordion-panel is-layout-flow wp-block-accordion-panel-is-layout-flow\">\n<p class=\"wp-block-paragraph\">Evet, kan p\u0131ht\u0131la\u015ft\u0131\u011f\u0131nda doku genellikle sert ve yumrulu bir his verir. Bu sertle\u015fmeler iyile\u015fme s\u00fcreci boyunca yava\u015f yava\u015f kaybolur. Bir yumru kal\u0131c\u0131 olarak devam ederse, bir doktora dan\u0131\u015f\u0131lmal\u0131d\u0131r.<\/p>\n<\/div>\n<\/div>\n<\/div>","protected":false},"excerpt":{"rendered":"<p>Ameliyat sonras\u0131 kanama (hematom), cerrahi m\u00fcdahalenin en s\u0131k g\u00f6r\u00fclen ve genellikle zarars\u0131z yan etkilerinden biridir ve ciltte renk de\u011fi\u015fikli\u011fi \u015feklinde kendini g\u00f6sterir.<\/p>","protected":false},"template":"","class_list":["post-729","glossary","type-glossary","status-publish","hentry"],"acf":[],"_links":{"self":[{"href":"https:\/\/4beauty-website-stage.247grad.de\/tr\/wp-json\/wp\/v2\/glossary\/729","targetHints":{"allow":["GET"]}}],"collection":[{"href":"https:\/\/4beauty-website-stage.247grad.de\/tr\/wp-json\/wp\/v2\/glossary"}],"about":[{"href":"https:\/\/4beauty-website-stage.247grad.de\/tr\/wp-json\/wp\/v2\/types\/glossary"}],"wp:attachment":[{"href":"https:\/\/4beauty-website-stage.247grad.de\/tr\/wp-json\/wp\/v2\/media?parent=729"}],"curies":[{"name":"wp","href":"https:\/\/api.w.org\/{rel}","templated":true}]}}