{"id":742,"date":"2026-08-20T17:07:12","date_gmt":"2026-08-20T15:07:12","guid":{"rendered":"https:\/\/4beauty-website-stage.247grad.de\/glossar\/ringbandspaltung\/"},"modified":"2026-08-20T17:27:27","modified_gmt":"2026-08-20T15:27:27","slug":"halka-bandinin-ayrilmasi","status":"publish","type":"glossary","link":"https:\/\/4beauty-website-stage.247grad.de\/tr\/glossar\/ringbandspaltung\/","title":{"rendered":"Halka ba\u011f y\u0131rt\u0131lmas\u0131: Trigger parmak hastal\u0131\u011f\u0131n\u0131n cerrahi tedavisi"},"content":{"rendered":"<div class=\"wp-block-rank-math-toc-block\" id=\"rank-math-toc\"><h2>\u0130\u00e7indekiler<\/h2><nav><ul><li class=\"\"><a href=\"#was-ist-eine-ringbandspaltung\">Halka band\u0131 ayr\u0131lmas\u0131 nedir?<\/a><\/li><li class=\"\"><a href=\"#das-mechanische-problem-warum-ein-finger-schnappt\">Mekanik sorun: Bir parmak neden \u00e7\u0131tlar?<\/a><\/li><li class=\"\"><a href=\"#die-operation-eine-einfache-losung-fur-ein-mechanisches-problem\">Ameliyat: Mekanik bir soruna basit bir \u00e7\u00f6z\u00fcm<\/a><\/li><li class=\"\"><a href=\"#relevanz-fur-die-plastische-und-asthetische-chirurgie\">Plastik ve Estetik Cerrahi A\u00e7\u0131s\u0131ndan \u00d6nemi<\/a><\/li><li class=\"\"><a href=\"#risiken-und-nachbehandlung\">Riskler ve Tedavi Sonras\u0131 Bak\u0131m<\/a><\/li><\/ul><\/nav><\/div>\n\n\n\n<div class=\"wp-block-group is-style-boxed has-white-warm-background-color has-background is-layout-constrained wp-block-group-is-layout-constrained\">\n<p class=\"wp-block-paragraph\"><strong>\u00d6nemli uyar\u0131<\/strong><\/p>\n\n\n\n<p class=\"wp-block-paragraph\">Bu makale yaln\u0131zca bilgilendirme ama\u00e7l\u0131d\u0131r ve t\u0131bbi tan\u0131 veya tavsiyenin yerini almaz. Herhangi bir belirsizlik durumunda ve ki\u015fiye \u00f6zel bir tedavi plan\u0131 haz\u0131rlamak i\u00e7in, uzman bir hekimle g\u00f6r\u00fc\u015fmek \u015fartt\u0131r.<\/p>\n<\/div>\n\n\n\n<p class=\"wp-block-paragraph\">Halka ba\u011f\u0131n kesilmesi, el cerrahisi alan\u0131nda yayg\u0131n olarak uygulanan ve olduk\u00e7a etkili bir k\u00fc\u00e7\u00fck cerrahi i\u015flemdir. Bu i\u015flem, \u201es\u0131\u00e7rayan parmak\u201c olarak bilinen ve parmak hareketlerinde a\u011fr\u0131l\u0131 tak\u0131lmalara neden olan yayg\u0131n bir rahats\u0131zl\u0131\u011f\u0131n standart tedavisidir.<\/p>\n\n\n\n<p class=\"wp-block-paragraph\">Bu makale, \u201cs\u0131\u00e7rayan parmak\u201d sorununun nedenini, halka ba\u011f\u0131n kesilmesinin bu sorunu nas\u0131l \u00e7\u00f6zd\u00fc\u011f\u00fcn\u00fc ve bu m\u00fcdahalenin neden Plastik ve Rekonstr\u00fcktif Cerrahi alan\u0131ndaki incelikli uzmanl\u0131\u011f\u0131n bir \u00f6rne\u011fi oldu\u011funu size net ve anla\u015f\u0131l\u0131r bir \u015fekilde a\u00e7\u0131klamaktad\u0131r.<\/p>\n\n\n\n<h2 class=\"wp-block-heading\" id=\"was-ist-eine-ringbandspaltung\">Halka band\u0131 ayr\u0131lmas\u0131 nedir?<\/h2>\n\n\n\n<div class=\"wp-block-media-text is-stacked-on-mobile\"><figure class=\"wp-block-media-text__media\"><img loading=\"lazy\" decoding=\"async\" width=\"513\" height=\"513\" src=\"https:\/\/4beauty-website-stage.247grad.de\/wp-content\/uploads\/2026\/08\/2025-09_Ringbandspaltung.jpg\" alt=\"Foto\u011fraf: \u201cS\u0131\u00e7rayan parmak\u201d durumunda halka ba\u011f\u0131n y\u0131rt\u0131lmas\u0131\" class=\"wp-image-294 size-full\" srcset=\"https:\/\/4beauty-website-stage.247grad.de\/wp-content\/uploads\/2026\/08\/2025-09_Ringbandspaltung.jpg 513w, https:\/\/4beauty-website-stage.247grad.de\/wp-content\/uploads\/2026\/08\/2025-09_Ringbandspaltung-150x150.jpg 150w, https:\/\/4beauty-website-stage.247grad.de\/wp-content\/uploads\/2026\/08\/2025-09_Ringbandspaltung-300x300.jpg 300w, https:\/\/4beauty-website-stage.247grad.de\/wp-content\/uploads\/2026\/08\/2025-09_Ringbandspaltung-12x12.jpg 12w, https:\/\/4beauty-website-stage.247grad.de\/wp-content\/uploads\/2026\/08\/2025-09_Ringbandspaltung-120x120.jpg 120w, https:\/\/4beauty-website-stage.247grad.de\/wp-content\/uploads\/2026\/08\/2025-09_Ringbandspaltung-40x40.jpg 40w, https:\/\/4beauty-website-stage.247grad.de\/wp-content\/uploads\/2026\/08\/2025-09_Ringbandspaltung-80x80.jpg 80w, https:\/\/4beauty-website-stage.247grad.de\/wp-content\/uploads\/2026\/08\/2025-09_Ringbandspaltung-160x160.jpg 160w, https:\/\/4beauty-website-stage.247grad.de\/wp-content\/uploads\/2026\/08\/2025-09_Ringbandspaltung-500x500.jpg 500w\" sizes=\"auto, (max-width: 513px) 100vw, 513px\" \/><\/figure><div class=\"wp-block-media-text__content\">\n<p class=\"wp-block-paragraph\">Halka band\u0131n\u0131n kesilmesi, tetik parmak (stenozan tendovaginit) tedavisine y\u00f6nelik bir cerrahi i\u015flemdir.<\/p>\n\n<p class=\"wp-block-paragraph\">Bu i\u015flemde, avu\u00e7 i\u00e7indeki parma\u011f\u0131n taban\u0131nda bulunan s\u0131k\u0131 bir ba\u011f dokusu \u015feridi olan A1 halkas\u0131 hedefli bir \u015fekilde kesilir. Bu sayede, alt\u0131ndan ge\u00e7en fleks\u00f6r tendonu yeniden yeterli alana kavu\u015fur ve engel olmaks\u0131z\u0131n serbest\u00e7e kayabilir.<\/p>\n<\/div><\/div>\n\n\n\n<h2 class=\"wp-block-heading\" id=\"das-mechanische-problem-warum-ein-finger-schnappt\">Mekanik sorun: Bir parmak neden \u00e7\u0131tlar?<\/h2>\n\n\n\n<p class=\"wp-block-paragraph\">Ameliyat\u0131 anlamak i\u00e7in, temel anatomiyi bilmek gerekir. Parmaklar\u0131m\u0131z\u0131n b\u00fckme tendonlar\u0131 koruyucu bir k\u0131l\u0131f (tendon k\u0131l\u0131f\u0131) i\u00e7inde ilerler ve tendonun yerinden \u00e7\u0131kmas\u0131n\u0131 \u00f6nleyen kemik \u00fczerindeki birka\u00e7 halka \u015feklindeki ba\u011f taraf\u0131ndan sabitlenir.<\/p>\n\n\n\n<p class=\"wp-block-paragraph\">Bir <strong>T\u0131k\u0131rdayan parmak (stenozan tendovaginit)<\/strong> mekanik bir \u00e7at\u0131\u015fma ortaya \u00e7\u0131kar:<\/p>\n\n\n\n<p class=\"wp-block-paragraph\">S\u0131\u00e7rayan parmak (Tendovaginitis stenosans) durumunda, A1 halka ba\u011f\u0131 ve\/veya tendon k\u0131l\u0131f\u0131 kal\u0131nla\u015f\u0131r. Bu durum, genellikle fleks\u00f6r tendonunda d\u00fc\u011f\u00fcm benzeri bir kal\u0131nla\u015fma ile birlikte mekanik bir daralmaya yol a\u00e7ar. Parmak taban eklemindeki A1 halka ba\u011f\u0131 da do\u011fal bir daralma noktas\u0131 g\u00f6revi g\u00f6r\u00fcr. Parmak b\u00fck\u00fcld\u00fc\u011f\u00fcnde tendon d\u00fc\u011f\u00fcm\u00fc genellikle zar zor ge\u00e7ebilir, ancak parmak uzat\u0131ld\u0131\u011f\u0131nda tak\u0131l\u0131r. Bu durumda d\u00fc\u011f\u00fcm, kuvvet uygulanarak \u201e\u00e7ekilerek\u201c ge\u00e7irilmelidir; bu da parma\u011f\u0131n tipik, genellikle a\u011fr\u0131l\u0131 \u201e\u00e7at\u0131rt\u0131\u201c veya s\u0131\u00e7rama sesine neden olur.<\/p>\n\n\n\n<h2 class=\"wp-block-heading\" id=\"die-operation-eine-einfache-losung-fur-ein-mechanisches-problem\">Ameliyat: Mekanik bir soruna basit bir \u00e7\u00f6z\u00fcm<\/h2>\n\n\n\n<div class=\"wp-block-media-text is-stacked-on-mobile\"><figure class=\"wp-block-media-text__media\"><img loading=\"lazy\" decoding=\"async\" width=\"453\" height=\"434\" src=\"https:\/\/4beauty-website-stage.247grad.de\/wp-content\/uploads\/2026\/08\/2025-09_Operation-ringbandspaltung.svg\" alt=\"Grafik: Cerrahi halka band\u0131 ayr\u0131\u015ft\u0131rma i\u015fleminin a\u015famalar\u0131\" class=\"wp-image-288 size-full\"\/><\/figure><div class=\"wp-block-media-text__content\">\n<p class=\"wp-block-paragraph\">Halka band\u0131n\u0131n kesilmesi, bu sorunu do\u011frudan ve etkili bir \u015fekilde \u00e7\u00f6zer. Rekonstr\u00fcktif el cerrahisi ameliyat\u0131 k\u0131sad\u0131r ve komplikasyon g\u00f6r\u00fclmeyen vakalarda genellikle 10\u201320 dakika s\u00fcrer. Genellikle lokal anestezi alt\u0131nda ger\u00e7ekle\u015ftirilir.<\/p>\n\n<p class=\"wp-block-paragraph\">Her iki durumda da mekanik engel ortadan kald\u0131r\u0131lm\u0131\u015ft\u0131r. Tendin hemen tekrar serbest\u00e7e kayabilir ve tak\u0131lma sorunu giderilmi\u015ftir.<\/p>\n<\/div><\/div>\n\n\n\n<h2 class=\"wp-block-heading\" id=\"relevanz-fur-die-plastische-und-asthetische-chirurgie\">Plastik ve Estetik Cerrahi A\u00e7\u0131s\u0131ndan \u00d6nemi<\/h2>\n\n\n\n<p class=\"wp-block-paragraph\">El cerrahisi, \u201ePlastik ve Estetik Cerrahi Uzman\u0131\u201c e\u011fitiminin d\u00f6rt temel dire\u011finden biridir (Plastik Cerrahi, Rekonstr\u00fcktif Cerrahi, El Cerrahisi ve Yan\u0131k Cerrahisi). Halka ba\u011f kesilmesi, tamamen i\u015flevsel bir m\u00fcdahale olsa da, her plastik cerrah i\u00e7in vazge\u00e7ilmez olan temel yetkinlikleri ortaya koymaktad\u0131r:<\/p>\n\n\n\n<ul class=\"wp-block-list\">\n<li>Anatomi konusunda derinlemesine bilgi: En ince tendonlar\u0131n, sinirlerin ve damarlar\u0131n son derece dar bir alanda izledi\u011fi yol hakk\u0131nda kesin bilgi.<\/li>\n\n\n\n<li>Mikrocerrahi hassasiyeti: \u00c7evredeki dokuya m\u00fcmk\u00fcn oldu\u011funca az zarar vererek ince yap\u0131lar\u0131 ameliyat etme yetene\u011fi.<\/li>\n<\/ul>\n\n\n\n<p class=\"wp-block-paragraph\">Bu temel beceriler, karma\u015f\u0131k estetik ameliyatlarda g\u00fcvenli ve estetik a\u00e7\u0131dan m\u00fckemmel sonu\u00e7lar elde etmek i\u00e7in gerekli olan temeldir.<\/p>\n\n\n\n<h2 class=\"wp-block-heading\" id=\"risiken-und-nachbehandlung\">Riskler ve Tedavi Sonras\u0131 Bak\u0131m<\/h2>\n\n\n\n<p class=\"wp-block-paragraph\">Halka band\u0131n\u0131n kesilmesi, riski olduk\u00e7a d\u00fc\u015f\u00fck bir i\u015flemdir. Enfeksiyon, yara iyile\u015fme bozukluklar\u0131 veya sinir hasar\u0131 gibi genel ameliyat riskleri nadiren g\u00f6r\u00fcl\u00fcr.<\/p>\n\n\n\n<ul class=\"wp-block-list\">\n<li><strong>Son i\u015flem:<\/strong> Ameliyattan hemen sonra, tendonun yap\u0131\u015fmas\u0131n\u0131 \u00f6nlemek i\u00e7in parma\u011f\u0131 tekrar tam olarak hareket ettirmek m\u00fcmk\u00fcnd\u00fcr ve gereklidir. Genellikle bir atel gerekli de\u011fildir, ancak istisnai durumlarda y\u00fck\u00fc azaltmak amac\u0131yla ge\u00e7ici olarak kullan\u0131labilir. Yakla\u015f\u0131k 2-3 hafta boyunca a\u011f\u0131r y\u00fcklerden ka\u00e7\u0131n\u0131lmal\u0131d\u0131r.<\/li>\n\n\n\n<li><strong>Masraflar\u0131n kar\u015f\u0131lanmas\u0131:<\/strong> T\u0131rnak parma\u011f\u0131 t\u0131bbi bir tan\u0131 oldu\u011fu i\u00e7in, ameliyat masraflar\u0131 genellikle hem devlet hem de \u00f6zel sa\u011fl\u0131k sigortas\u0131 taraf\u0131ndan kar\u015f\u0131lan\u0131r.<\/li>\n<\/ul>\n\n\n\n<p class=\"wp-block-paragraph\">T\u0131bbi a\u00e7\u0131dan gerekli olan m\u00fcdahalelerde bile komplikasyonlar ortaya \u00e7\u0131kabilir. Sonras\u0131 masraf sigortas\u0131, komplikasyonlar\u0131n mali riskinin tamamen hastaya ait oldu\u011fu estetik m\u00fcdahalelerde koruma sa\u011flar.<\/p>\n\n\n\n<h3 class=\"wp-block-heading\" id=\"haufig-gestellte-fragen-faq-zur-ringbandspaltung\">Ringband b\u00f6l\u00fcnmesi ile ilgili s\u0131k sorulan sorular (SSS)<\/h3>\n\n\n\n<div data-wp-context=\"{ &quot;autoclose&quot;: false, &quot;accordionItems&quot;: [] }\" data-wp-interactive=\"core\/accordion\" role=\"group\" class=\"wp-block-accordion is-layout-flow wp-block-accordion-is-layout-flow\">\n<div data-wp-class--is-open=\"state.isOpen\" data-wp-context=\"{ &quot;id&quot;: &quot;accordion-item-1&quot;, &quot;openByDefault&quot;: false }\" data-wp-init=\"callbacks.initAccordionItems\" data-wp-on-window--hashchange=\"callbacks.hashChange\" class=\"wp-block-accordion-item is-layout-flow wp-block-accordion-item-is-layout-flow\">\n<h4 class=\"wp-block-accordion-heading\"><button aria-expanded=\"false\" aria-controls=\"accordion-item-1-panel\" data-wp-bind--aria-expanded=\"state.isOpen\" data-wp-on--click=\"actions.toggle\" id=\"accordion-item-1\" type=\"button\" class=\"wp-block-accordion-heading__toggle\"><span class=\"wp-block-accordion-heading__toggle-title\">T\u0131rnak parma\u011f\u0131 her zaman ameliyat edilmesi gerekir mi?<\/span><span class=\"wp-block-accordion-heading__toggle-icon\" aria-hidden=\"true\">+<\/span><\/button><\/h4>\n\n\n\n<div aria-labelledby=\"accordion-item-1\" data-wp-bind--hidden=\"state.isHidden\" data-wp-on--beforematch=\"actions.handleBeforeMatch\" id=\"accordion-item-1-panel\" role=\"region\" class=\"wp-block-accordion-panel is-layout-flow wp-block-accordion-panel-is-layout-flow\">\n<p class=\"wp-block-paragraph\">Erken a\u015famada kortizon enjeksiyonlar\u0131 veya ateller, belirgin bir iyile\u015fme veya hatta \u015fikayetlerin kal\u0131c\u0131 olarak ortadan kalkmas\u0131na yol a\u00e7abilir. Ancak kronik veya tekrarlayan \u015fikayetlerde ameliyat, en g\u00fcvenli ve kal\u0131c\u0131 tedavi y\u00f6ntemidir.<\/p>\n<\/div>\n<\/div>\n\n\n\n<div data-wp-class--is-open=\"state.isOpen\" data-wp-context=\"{ &quot;id&quot;: &quot;accordion-item-2&quot;, &quot;openByDefault&quot;: false }\" data-wp-init=\"callbacks.initAccordionItems\" data-wp-on-window--hashchange=\"callbacks.hashChange\" class=\"wp-block-accordion-item is-layout-flow wp-block-accordion-item-is-layout-flow\">\n<h4 class=\"wp-block-accordion-heading\"><button aria-expanded=\"false\" aria-controls=\"accordion-item-2-panel\" data-wp-bind--aria-expanded=\"state.isOpen\" data-wp-on--click=\"actions.toggle\" id=\"accordion-item-2\" type=\"button\" class=\"wp-block-accordion-heading__toggle\"><span class=\"wp-block-accordion-heading__toggle-title\">Ameliyattan sonra ne kadar s\u00fcreyle hastal\u0131k izni alaca\u011f\u0131m?<\/span><span class=\"wp-block-accordion-heading__toggle-icon\" aria-hidden=\"true\">+<\/span><\/button><\/h4>\n\n\n\n<div aria-labelledby=\"accordion-item-2\" data-wp-bind--hidden=\"state.isHidden\" data-wp-on--beforematch=\"actions.handleBeforeMatch\" id=\"accordion-item-2-panel\" role=\"region\" class=\"wp-block-accordion-panel is-layout-flow wp-block-accordion-panel-is-layout-flow\">\n<p class=\"wp-block-paragraph\">Ofis i\u015flerinde i\u015ften uzak kalma s\u00fcresi genellikle sadece birka\u00e7 g\u00fcn s\u00fcrer. Fiziksel olarak yorucu veya el i\u015fleri gerektiren i\u015flerde ise 2 ila 3 haftal\u0131k hastal\u0131k izni gerekebilir.<\/p>\n<\/div>\n<\/div>\n\n\n\n<div data-wp-class--is-open=\"state.isOpen\" data-wp-context=\"{ &quot;id&quot;: &quot;accordion-item-3&quot;, &quot;openByDefault&quot;: false }\" data-wp-init=\"callbacks.initAccordionItems\" data-wp-on-window--hashchange=\"callbacks.hashChange\" class=\"wp-block-accordion-item is-layout-flow wp-block-accordion-item-is-layout-flow\">\n<h4 class=\"wp-block-accordion-heading\"><button aria-expanded=\"false\" aria-controls=\"accordion-item-3-panel\" data-wp-bind--aria-expanded=\"state.isOpen\" data-wp-on--click=\"actions.toggle\" id=\"accordion-item-3\" type=\"button\" class=\"wp-block-accordion-heading__toggle\"><span class=\"wp-block-accordion-heading__toggle-title\">Geride b\u00fcy\u00fck bir yara izi kal\u0131r m\u0131?<\/span><span class=\"wp-block-accordion-heading__toggle-icon\" aria-hidden=\"true\">+<\/span><\/button><\/h4>\n\n\n\n<div aria-labelledby=\"accordion-item-3\" data-wp-bind--hidden=\"state.isHidden\" data-wp-on--beforematch=\"actions.handleBeforeMatch\" id=\"accordion-item-3-panel\" role=\"region\" class=\"wp-block-accordion-panel is-layout-flow wp-block-accordion-panel-is-layout-flow\">\n<p class=\"wp-block-paragraph\">Hay\u0131r. Cilt kesi\u011fi \u00e7ok k\u00fc\u00e7\u00fckt\u00fcr ve elin do\u011fal k\u0131vr\u0131mlar\u0131ndan birine yerle\u015ftirilir; bu sayede iyile\u015fme sonras\u0131nda yara izi genellikle neredeyse hi\u00e7 g\u00f6r\u00fcnmez.<\/p>\n<\/div>\n<\/div>\n\n\n\n<div data-wp-class--is-open=\"state.isOpen\" data-wp-context=\"{ &quot;id&quot;: &quot;accordion-item-4&quot;, &quot;openByDefault&quot;: false }\" data-wp-init=\"callbacks.initAccordionItems\" data-wp-on-window--hashchange=\"callbacks.hashChange\" class=\"wp-block-accordion-item is-layout-flow wp-block-accordion-item-is-layout-flow\">\n<h4 class=\"wp-block-accordion-heading\"><button aria-expanded=\"false\" aria-controls=\"accordion-item-4-panel\" data-wp-bind--aria-expanded=\"state.isOpen\" data-wp-on--click=\"actions.toggle\" id=\"accordion-item-4\" type=\"button\" class=\"wp-block-accordion-heading__toggle\"><span class=\"wp-block-accordion-heading__toggle-title\">\u0130yile\u015fme s\u00fcreci ne kadar s\u00fcrer?<\/span><span class=\"wp-block-accordion-heading__toggle-icon\" aria-hidden=\"true\">+<\/span><\/button><\/h4>\n\n\n\n<div aria-labelledby=\"accordion-item-4\" data-wp-bind--hidden=\"state.isHidden\" data-wp-on--beforematch=\"actions.handleBeforeMatch\" id=\"accordion-item-4-panel\" role=\"region\" class=\"wp-block-accordion-panel is-layout-flow wp-block-accordion-panel-is-layout-flow\">\n<p class=\"wp-block-paragraph\">Yakla\u015f\u0131k bir hafta boyunca \u00f6zel bir kompresyon yele\u011fi giyilmelidir. 3-4 hafta boyunca spor ve a\u011f\u0131r fiziksel i\u015flerden ka\u00e7\u0131n\u0131lmal\u0131d\u0131r. Hafif \u015fi\u015flikler birka\u00e7 hafta s\u00fcrebilir.<\/p>\n<\/div>\n<\/div>\n<\/div>","protected":false},"excerpt":{"rendered":"<p>Halka ba\u011f\u0131n kesilmesi, k\u00fc\u00e7\u00fck bir el cerrahisi m\u00fcdahalesidir ve parmak hareketinde a\u011fr\u0131l\u0131 k\u0131s\u0131tl\u0131l\u0131klara neden olan \u201cs\u0131\u00e7rayan parmak\u201d durumunun standart tedavisidir.<\/p>","protected":false},"template":"","class_list":["post-742","glossary","type-glossary","status-publish","hentry"],"acf":[],"_links":{"self":[{"href":"https:\/\/4beauty-website-stage.247grad.de\/tr\/wp-json\/wp\/v2\/glossary\/742","targetHints":{"allow":["GET"]}}],"collection":[{"href":"https:\/\/4beauty-website-stage.247grad.de\/tr\/wp-json\/wp\/v2\/glossary"}],"about":[{"href":"https:\/\/4beauty-website-stage.247grad.de\/tr\/wp-json\/wp\/v2\/types\/glossary"}],"wp:attachment":[{"href":"https:\/\/4beauty-website-stage.247grad.de\/tr\/wp-json\/wp\/v2\/media?parent=742"}],"curies":[{"name":"wp","href":"https:\/\/api.w.org\/{rel}","templated":true}]}}