{"id":748,"date":"2026-08-20T17:07:17","date_gmt":"2026-08-20T15:07:17","guid":{"rendered":"https:\/\/4beauty-website-stage.247grad.de\/glossar\/spalthauttransplantation\/"},"modified":"2026-08-20T17:27:36","modified_gmt":"2026-08-20T15:27:36","slug":"deri-grefti","status":"publish","type":"glossary","link":"https:\/\/4beauty-website-stage.247grad.de\/tr\/glossar\/spalthauttransplantation\/","title":{"rendered":"Derin derisi greftleme: B\u00fcy\u00fck cilt defektlerini kapatmak i\u00e7in standart y\u00f6ntem"},"content":{"rendered":"<p class=\"wp-block-paragraph\">Yar\u0131k deri grefti, Plastik ve Rekonstr\u00fcktif Cerrahi\u2019nin en temel ve en \u00f6nemli y\u00f6ntemlerinden biridir. Yayg\u0131n olarak kabul g\u00f6rm\u00fc\u015f standart bir y\u00f6ntem olarak, yan\u0131klar, kazalar veya b\u00fcy\u00fck t\u00fcm\u00f6r ameliyatlar\u0131 sonras\u0131nda ortaya \u00e7\u0131kan geni\u015f alanl\u0131 deri defektlerini g\u00fcvenli ve kal\u0131c\u0131 bir \u015fekilde kapatmak s\u00f6z konusu oldu\u011funda vazge\u00e7ilmezdir. Bu makale, derisi y\u0131rt\u0131k greftinin ne oldu\u011funu, di\u011fer deri greftlerinden nas\u0131l farkl\u0131 oldu\u011funu ve modern cerrahide hangi rol\u00fc oynad\u0131\u011f\u0131n\u0131 size kesin ve anla\u015f\u0131l\u0131r bir \u015fekilde a\u00e7\u0131klamaktad\u0131r.<\/p>\n\n\n\n<div class=\"wp-block-rank-math-toc-block\" id=\"rank-math-toc\"><h2>\u0130\u00e7indekiler<\/h2><nav><ul><li class=\"\"><a href=\"#was-ist-eine-spalthauttransplantation\">Yar\u0131kl\u0131 deri grefti nedir?<\/a><\/li><li class=\"\"><a href=\"#das-prinzip-spalthaut-vs-vollhaut\">\u0130lke: Yar\u0131 derisi vs. tam derisi<\/a><\/li><li class=\"\"><a href=\"#der-ablauf-einer-spalthauttransplantation\">Derisi ayr\u0131lm\u0131\u015f deri grefti i\u015fleminin ak\u0131\u015f\u0131<\/a><\/li><li class=\"\"><a href=\"#relevanz-in-der-plastischen-asthetischen-chirurgie\">Plastik ve Estetik Cerrahide \u00d6nemi<\/a><\/li><li class=\"\"><a href=\"#risiken-und-die-absicherung-komplexer-eingriffe\">Riskler ve karma\u015f\u0131k m\u00fcdahalelerde korunma \u00f6nlemleri<\/a><\/li><\/ul><\/nav><\/div>\n\n\n\n<div class=\"wp-block-group is-style-boxed has-white-warm-background-color has-background is-layout-constrained wp-block-group-is-layout-constrained\">\n<p class=\"wp-block-paragraph\"><strong>\u00d6nemli uyar\u0131<\/strong><\/p>\n\n\n\n<p class=\"wp-block-paragraph\">Bu makale yaln\u0131zca bilgilendirme ama\u00e7l\u0131d\u0131r ve t\u0131bbi tan\u0131 veya tavsiyenin yerini almaz. Herhangi bir belirsizlik durumunda ve ki\u015fiye \u00f6zel bir tedavi plan\u0131 haz\u0131rlamak i\u00e7in, uzman bir hekimle g\u00f6r\u00fc\u015fmek \u015fartt\u0131r.<\/p>\n<\/div>\n\n\n\n<div class=\"wp-block-media-text has-media-on-the-right is-stacked-on-mobile\"><div class=\"wp-block-media-text__content\">\n<h2 class=\"wp-block-heading\" id=\"was-ist-eine-spalthauttransplantation\">Yar\u0131kl\u0131 deri grefti nedir?<\/h2>\n\n<p class=\"wp-block-paragraph\">Yar\u0131katmanl\u0131 deri grefti, bir yaray\u0131 kapatmak i\u00e7in v\u00fccudun kendi derisinin ba\u015fka bir b\u00f6lgeye nakledildi\u011fi cerrahi bir i\u015flemdir. Derinlemesine deri greftinin karakteristik \u00f6zelli\u011fi, sadece en \u00fcst deri tabakas\u0131 (epidermis) ile alt\u0131ndaki dermisin en \u00fcst tabakas\u0131n\u0131n al\u0131nmas\u0131d\u0131r. Al\u0131nma b\u00f6lgesi kendili\u011finden iyile\u015fir, ancak genellikle kal\u0131c\u0131 olarak g\u00f6r\u00fcn\u00fcr kalan ve renk ve doku bak\u0131m\u0131ndan \u00e7evredeki deriden farkl\u0131 olan geni\u015f bir yara izi b\u0131rak\u0131r.<\/p>\n<\/div><figure class=\"wp-block-media-text__media\"><img loading=\"lazy\" decoding=\"async\" width=\"589\" height=\"550\" src=\"https:\/\/4beauty-website-stage.247grad.de\/wp-content\/uploads\/2026\/08\/2025-09_Spalthauttransplantation.jpg\" alt=\"Foto\u011fraf: Deri kusurlar\u0131n\u0131 kapatmak i\u00e7in yap\u0131lan yar\u0131k deri grefti\" class=\"wp-image-300 size-full\" srcset=\"https:\/\/4beauty-website-stage.247grad.de\/wp-content\/uploads\/2026\/08\/2025-09_Spalthauttransplantation.jpg 589w, https:\/\/4beauty-website-stage.247grad.de\/wp-content\/uploads\/2026\/08\/2025-09_Spalthauttransplantation-300x280.jpg 300w, https:\/\/4beauty-website-stage.247grad.de\/wp-content\/uploads\/2026\/08\/2025-09_Spalthauttransplantation-13x12.jpg 13w, https:\/\/4beauty-website-stage.247grad.de\/wp-content\/uploads\/2026\/08\/2025-09_Spalthauttransplantation-40x37.jpg 40w\" sizes=\"auto, (max-width: 589px) 100vw, 589px\" \/><\/figure><\/div>\n\n\n\n<h2 class=\"wp-block-heading\" id=\"das-prinzip-spalthaut-vs-vollhaut\">\u0130lke: Yar\u0131 derisi vs. tam derisi<\/h2>\n\n\n\n<p class=\"wp-block-paragraph\">Yar\u0131 derisi naklini anlamak i\u00e7in, bunu kar\u015f\u0131t\u0131 olan tam derisi naklinden ay\u0131rt etmek gerekir. Y\u00f6ntemin se\u00e7imi, defektin b\u00fcy\u00fckl\u00fc\u011f\u00fcne ve estetik gerekliliklere ba\u011fl\u0131d\u0131r.<\/p>\n\n\n\n<figure class=\"wp-block-table\"><table class=\"has-fixed-layout\"><thead><tr><th>Kriter<\/th><th>Yar\u0131k deri grefti<\/th><th>Tam deri grefti<\/th><\/tr><\/thead><tbody><tr><td>Al\u0131nan katmanlar<\/td><td>Epidermis + dermisin \u00fcst k\u0131sm\u0131<\/td><td>Epidermis + t\u00fcm dermis<\/td><\/tr><tr><td>Kal\u0131nl\u0131k<\/td><td>\u0130nce (yakla\u015f\u0131k 0,2 \u2013 0,5 mm)<\/td><td>Kal\u0131nl\u0131k (toplam deri kal\u0131nl\u0131\u011f\u0131)<\/td><\/tr><tr><td>Kullan\u0131m<\/td><td>Geni\u015f alanl\u0131 hasarlar (\u00f6rn. yan\u0131klar)<\/td><td>K\u00fc\u00e7\u00fck, hassas b\u00f6lgeler (y\u00fcz, eller)<\/td><\/tr><tr><td>\u0130\u011fne yerinin iyile\u015fmesi<\/td><td>Aniden, bir s\u0131yr\u0131kta oldu\u011fu gibi<\/td><td>Yaran\u0131n kendili\u011finden kapanmas\u0131, diki\u015f at\u0131lmas\u0131 veya kom\u015fu derinin yer de\u011fi\u015ftirmesi gerekmez<\/td><\/tr><tr><td>Estetik sonu\u00e7<\/td><td>\u0130\u015flevseldir, b\u00fcz\u00fclme ve pigment de\u011fi\u015fikliklerine meyillidir<\/td><td>Y\u00fcksek kaliteli, neredeyse hi\u00e7 \u00e7ekmez, daha iyi renk ve doku<\/td><\/tr><tr><td>Avantaj<\/td><td>Geni\u015f alanlar\u0131n kapsanmas\u0131 m\u00fcmk\u00fcn<\/td><td>En iyi estetik sonu\u00e7<\/td><\/tr><\/tbody><\/table><\/figure>\n\n\n\n<div class=\"wp-block-media-text has-media-on-the-right is-stacked-on-mobile\"><div class=\"wp-block-media-text__content\">\n<h2 class=\"wp-block-heading\" id=\"der-ablauf-einer-spalthauttransplantation\">Derisi ayr\u0131lm\u0131\u015f deri grefti i\u015fleminin ak\u0131\u015f\u0131<\/h2>\n\n<p class=\"wp-block-paragraph\">Ameliyat genel anestezi alt\u0131nda ger\u00e7ekle\u015ftirilir ve \u00fc\u00e7 temel a\u015famadan olu\u015fur:<\/p>\n<\/div><figure class=\"wp-block-media-text__media\"><img loading=\"lazy\" decoding=\"async\" width=\"605\" height=\"392\" src=\"https:\/\/4beauty-website-stage.247grad.de\/wp-content\/uploads\/2026\/08\/2025-09_ablauf.svg\" alt=\"Grafik: Deri yar\u0131k grefti i\u015fleminin a\u015famalar\u0131\" class=\"wp-image-307 size-full\"\/><\/figure><\/div>\n\n\n\n<ol class=\"wp-block-list is-style-step-list\">\n<li><strong>Yara taban\u0131n\u0131n haz\u0131rlanmas\u0131<\/strong> \u00d6ncelikle, greftin yerle\u015ftirilece\u011fi yara temiz ve kan dola\u015f\u0131m\u0131 iyi durumda olmal\u0131d\u0131r. Cerrah, \u00f6lm\u00fc\u015f veya enfekte olmu\u015f t\u00fcm dokular\u0131 \u00e7\u0131kar\u0131r.<\/li>\n\n\n\n<li><strong>Kabuk tabakas\u0131n\u0131n \u00e7\u0131kar\u0131lmas\u0131<\/strong> \u00d6zel bir cerrahi alet olan <strong>Dermatom<\/strong>, derinin istenen kal\u0131nl\u0131kta ve boyutta bir par\u00e7as\u0131 uygun bir al\u0131c\u0131 b\u00f6lgeden (genellikle uyluk) \u201esoyulur\u201c. Al\u0131m b\u00f6lgesi daha sonra b\u00fcy\u00fck bir s\u0131yr\u0131k yaras\u0131 gibi pansumanlan\u0131r ve 10 ila 21 g\u00fcn i\u00e7inde kendili\u011finden iyile\u015fir.<\/li>\n\n\n\n<li><strong>Uygulama ve Sabitleme<\/strong> Al\u0131nan deri par\u00e7as\u0131, defektin \u00fczerine yerle\u015ftirilir. Greftin y\u00fczey alan\u0131n\u0131 geni\u015fletmek ve yara s\u0131v\u0131s\u0131n\u0131n tahliyesini sa\u011flamak i\u00e7in, yar\u0131k deri genellikle \u201ea\u011f haline getirilir\u201c, yani ince kesikler yap\u0131larak a\u011f yap\u0131s\u0131na d\u00f6n\u00fc\u015ft\u00fcr\u00fcl\u00fcr (<strong>A\u011f grefti<\/strong>). Ard\u0131ndan, greftin yara taban\u0131yla s\u0131k\u0131 bir temas kurmas\u0131 ve iyile\u015febilmesi i\u00e7in diki\u015fler, klampler veya \u00f6zel bir sarg\u0131 ile sabitlenir.<\/li>\n<\/ol>\n\n\n\n<h2 class=\"wp-block-heading\" id=\"relevanz-in-der-plastischen-asthetischen-chirurgie\">Plastik ve Estetik Cerrahide \u00d6nemi<\/h2>\n\n\n\n<p class=\"wp-block-paragraph\">Yar\u0131 tabaka deri grefti, \u00f6ncelikle derinin yeniden yap\u0131land\u0131r\u0131lmas\u0131na y\u00f6nelik bir i\u015flemdir. Estetik cerrahi a\u00e7\u0131s\u0131ndan \u00f6nemi, esas olarak estetik m\u00fcdahaleler sonras\u0131nda ortaya \u00e7\u0131kan ciddi komplikasyonlar\u0131n tedavisinde yatmaktad\u0131r.<\/p>\n\n\n\n<ul class=\"wp-block-list\">\n<li><strong>En ciddi komplikasyonlar\u0131n tedavisi:<\/strong> Son derece nadir durumlarda, estetik m\u00fcdahalelerden sonra (\u00f6rn. liposuction, kar\u0131n germe ameliyat\u0131) \u00e7ok ciddi yara iyile\u015fme bozukluklar\u0131 veya enfeksiyonlar (\u00f6rn. nekrotizan fasiit) ortaya \u00e7\u0131kabilir ve bunlar geni\u015f cilt b\u00f6lgelerinin kayb\u0131na yol a\u00e7abilir. Bu t\u00fcr durumlarda, yar\u0131k deri nakli genellikle olu\u015fan defekti g\u00fcvenli bir \u015fekilde kapatmak ve hastan\u0131n hayat\u0131n\u0131 kurtarmak i\u00e7in tek y\u00f6ntemdir.<\/li>\n\n\n\n<li><strong>En \u00fcst d\u00fczey uzmanl\u0131\u011f\u0131n kan\u0131t\u0131:<\/strong> Deri nakli konusunda uzmanla\u015fmak, Plastik ve Rekonstr\u00fcktif Cerrahi e\u011fitimi program\u0131n\u0131n temel bir bile\u015fenidir. Bu, bir hekimin en a\u011f\u0131r ve en karma\u015f\u0131k doku defektleriyle bile ba\u015fa \u00e7\u0131kabilme yetene\u011finin bir kan\u0131t\u0131d\u0131r.<\/li>\n<\/ul>\n\n\n\n<h2 class=\"wp-block-heading\" id=\"risiken-und-die-absicherung-komplexer-eingriffe\">Riskler ve karma\u015f\u0131k m\u00fcdahalelerde korunma \u00f6nlemleri<\/h2>\n\n\n\n<p class=\"wp-block-paragraph\">Yar\u0131 kal\u0131n deri greftlemesinin ba\u015fl\u0131ca riskleri, greftin k\u0131smen veya tamamen kaybedilmesi (enfeksiyon, kanama veya yetersiz tutunma nedeniyle) ve hem al\u0131c\u0131 b\u00f6lgede hem de al\u0131c\u0131 b\u00f6lgede estetik a\u00e7\u0131dan ho\u015f olmayan yara izlerinin olu\u015fmas\u0131d\u0131r.<\/p>\n\n\n\n<p class=\"wp-block-paragraph\">Estetik bir m\u00fcdahalenin ard\u0131ndan ortaya \u00e7\u0131kan bir komplikasyon nedeniyle deri nakli gerekirse, bu durum t\u0131bbi gerek\u00e7eye dayal\u0131, zahmetli bir d\u00fczeltme ameliyat\u0131d\u0131r. Bunun maliyeti \u00e7ok y\u00fcksek olabilir. Bir <strong>Sonras\u0131 Maliyet Sigortas\u0131<\/strong> Bu sigorta, sigortal\u0131 bir estetik m\u00fcdahalenin ard\u0131ndan ortaya \u00e7\u0131kan komplikasyonlar nedeniyle gerekli olan bu t\u00fcr tedavilerin mali y\u00fck\u00fcn\u00fc kar\u015f\u0131lamak \u00fczere tasarlanm\u0131\u015ft\u0131r.<\/p>\n\n\n\n<div data-wp-context=\"{ &quot;autoclose&quot;: false, &quot;accordionItems&quot;: [] }\" data-wp-interactive=\"core\/accordion\" role=\"group\" class=\"wp-block-accordion is-layout-flow wp-block-accordion-is-layout-flow\">\n<div data-wp-class--is-open=\"state.isOpen\" data-wp-context=\"{ &quot;id&quot;: &quot;accordion-item-1&quot;, &quot;openByDefault&quot;: false }\" data-wp-init=\"callbacks.initAccordionItems\" data-wp-on-window--hashchange=\"callbacks.hashChange\" class=\"wp-block-accordion-item is-layout-flow wp-block-accordion-item-is-layout-flow\">\n<h3 class=\"wp-block-accordion-heading\"><button aria-expanded=\"false\" aria-controls=\"accordion-item-1-panel\" data-wp-bind--aria-expanded=\"state.isOpen\" data-wp-on--click=\"actions.toggle\" id=\"accordion-item-1\" type=\"button\" class=\"wp-block-accordion-heading__toggle\"><span class=\"wp-block-accordion-heading__toggle-title\">Nakledilen y\u0131rt\u0131k deri daha sonra nas\u0131l g\u00f6r\u00fcn\u00fcr?<\/span><span class=\"wp-block-accordion-heading__toggle-icon\" aria-hidden=\"true\">+<\/span><\/button><\/h3>\n\n\n\n<div aria-labelledby=\"accordion-item-1\" data-wp-bind--hidden=\"state.isHidden\" data-wp-on--beforematch=\"actions.handleBeforeMatch\" id=\"accordion-item-1-panel\" role=\"region\" class=\"wp-block-accordion-panel is-layout-flow wp-block-accordion-panel-is-layout-flow\">\n<p class=\"wp-block-paragraph\">Yar\u0131k deri yamas\u0131, normal deriden belirgin \u015fekilde farkl\u0131d\u0131r; genellikle daha az elastiktir, pigmentasyonunda de\u011fi\u015fiklikler g\u00f6r\u00fcl\u00fcr, k\u0131smen parlak veya p\u00fcr\u00fczl\u00fcd\u00fcr ve mesh greftin a\u011f deseni g\u00f6r\u00fcn\u00fcr kal\u0131r. Ama\u00e7, \u00f6ncelikle i\u015flevsel ve sa\u011flam bir yara kapanmas\u0131 sa\u011flamakt\u0131r.<\/p>\n<\/div>\n<\/div>\n\n\n\n<div data-wp-class--is-open=\"state.isOpen\" data-wp-context=\"{ &quot;id&quot;: &quot;accordion-item-2&quot;, &quot;openByDefault&quot;: false }\" data-wp-init=\"callbacks.initAccordionItems\" data-wp-on-window--hashchange=\"callbacks.hashChange\" class=\"wp-block-accordion-item is-layout-flow wp-block-accordion-item-is-layout-flow\">\n<h3 class=\"wp-block-accordion-heading\"><button aria-expanded=\"false\" aria-controls=\"accordion-item-2-panel\" data-wp-bind--aria-expanded=\"state.isOpen\" data-wp-on--click=\"actions.toggle\" id=\"accordion-item-2\" type=\"button\" class=\"wp-block-accordion-heading__toggle\"><span class=\"wp-block-accordion-heading__toggle-title\">\u0130\u011fne yap\u0131lan yer tamamen yara izi kalmadan iyile\u015fir mi?<\/span><span class=\"wp-block-accordion-heading__toggle-icon\" aria-hidden=\"true\">+<\/span><\/button><\/h3>\n\n\n\n<div aria-labelledby=\"accordion-item-2\" data-wp-bind--hidden=\"state.isHidden\" data-wp-on--beforematch=\"actions.handleBeforeMatch\" id=\"accordion-item-2-panel\" role=\"region\" class=\"wp-block-accordion-panel is-layout-flow wp-block-accordion-panel-is-layout-flow\">\n<p class=\"wp-block-paragraph\">Hay\u0131r. Kan alma b\u00f6lgesi kendili\u011finden iyile\u015fir, ancak \u00e7evresinden renk ve doku bak\u0131m\u0131ndan farkl\u0131, kal\u0131c\u0131 ve geni\u015f bir yara izi b\u0131rak\u0131r; bu iz, iyile\u015fmi\u015f bir s\u0131yr\u0131k izine benzer.<\/p>\n<\/div>\n<\/div>\n\n\n\n<div data-wp-class--is-open=\"state.isOpen\" data-wp-context=\"{ &quot;id&quot;: &quot;accordion-item-3&quot;, &quot;openByDefault&quot;: false }\" data-wp-init=\"callbacks.initAccordionItems\" data-wp-on-window--hashchange=\"callbacks.hashChange\" class=\"wp-block-accordion-item is-layout-flow wp-block-accordion-item-is-layout-flow\">\n<h3 class=\"wp-block-accordion-heading\"><button aria-expanded=\"false\" aria-controls=\"accordion-item-3-panel\" data-wp-bind--aria-expanded=\"state.isOpen\" data-wp-on--click=\"actions.toggle\" id=\"accordion-item-3\" type=\"button\" class=\"wp-block-accordion-heading__toggle\"><span class=\"wp-block-accordion-heading__toggle-title\">\u0130\u015flem a\u011fr\u0131l\u0131 m\u0131d\u0131r?<\/span><span class=\"wp-block-accordion-heading__toggle-icon\" aria-hidden=\"true\">+<\/span><\/button><\/h3>\n\n\n\n<div aria-labelledby=\"accordion-item-3\" data-wp-bind--hidden=\"state.isHidden\" data-wp-on--beforematch=\"actions.handleBeforeMatch\" id=\"accordion-item-3-panel\" role=\"region\" class=\"wp-block-accordion-panel is-layout-flow wp-block-accordion-panel-is-layout-flow\">\n<p class=\"wp-block-paragraph\">Ameliyat, genel anestezi alt\u0131nda ger\u00e7ekle\u015ftirilir. \u0130yile\u015fme s\u00fcrecinde, \u00f6zellikle doku al\u0131nd\u0131\u011f\u0131 b\u00f6lge, nakledilen yara b\u00f6lgesinden daha a\u011fr\u0131l\u0131 olabilir; \u00e7\u00fcnk\u00fc bu b\u00f6lgede \u00e7ok say\u0131da sinir ucu a\u00e7\u0131ktad\u0131r. Bu durum, uygun a\u011fr\u0131 kesicilerle etkili bir \u015fekilde tedavi edilir.<\/p>\n<\/div>\n<\/div>\n\n\n\n<div data-wp-class--is-open=\"state.isOpen\" data-wp-context=\"{ &quot;id&quot;: &quot;accordion-item-4&quot;, &quot;openByDefault&quot;: false }\" data-wp-init=\"callbacks.initAccordionItems\" data-wp-on-window--hashchange=\"callbacks.hashChange\" class=\"wp-block-accordion-item is-layout-flow wp-block-accordion-item-is-layout-flow\">\n<h3 class=\"wp-block-accordion-heading\"><button aria-expanded=\"false\" aria-controls=\"accordion-item-4-panel\" data-wp-bind--aria-expanded=\"state.isOpen\" data-wp-on--click=\"actions.toggle\" id=\"accordion-item-4\" type=\"button\" class=\"wp-block-accordion-heading__toggle\"><span class=\"wp-block-accordion-heading__toggle-title\">Lappenplastik ile aras\u0131ndaki fark nedir?<\/span><span class=\"wp-block-accordion-heading__toggle-icon\" aria-hidden=\"true\">+<\/span><\/button><\/h3>\n\n\n\n<div aria-labelledby=\"accordion-item-4\" data-wp-bind--hidden=\"state.isHidden\" data-wp-on--beforematch=\"actions.handleBeforeMatch\" id=\"accordion-item-4-panel\" role=\"region\" class=\"wp-block-accordion-panel is-layout-flow wp-block-accordion-panel-is-layout-flow\">\n<p class=\"wp-block-paragraph\">Cilt naklinde, yaln\u0131zca yeni b\u00f6lgeye kan ak\u0131\u015f\u0131na yeniden \u201eba\u011flanmas\u0131\u201c gereken cilt nakledilir. Flep plastik ameliyat\u0131nda ise kendi kan ak\u0131\u015f\u0131na sahip bir doku par\u00e7as\u0131 (cilt ve \u00e7o\u011funlukla derialt\u0131 dokusu, bazen de kas) nakledilir veya yer de\u011fi\u015ftirir. Bu doku par\u00e7as\u0131, se\u00e7ilen flep tipine g\u00f6re de\u011fi\u015fir. Bu, zorlu defektlerin tedavisi i\u00e7in daha karma\u015f\u0131k bir i\u015flemdir.<\/p>\n<\/div>\n<\/div>\n<\/div>","protected":false},"excerpt":{"rendered":"<p>Yar\u0131 a\u00e7\u0131k deri grefti, yan\u0131klar, kazalar veya t\u00fcm\u00f6r ameliyatlar\u0131 sonras\u0131nda ortaya \u00e7\u0131kan geni\u015f alanl\u0131 deri kusurlar\u0131n\u0131 kal\u0131c\u0131 olarak kapatmak i\u00e7in kullan\u0131lan standart y\u00f6ntemdir.<\/p>","protected":false},"template":"","class_list":["post-748","glossary","type-glossary","status-publish","hentry"],"acf":[],"_links":{"self":[{"href":"https:\/\/4beauty-website-stage.247grad.de\/tr\/wp-json\/wp\/v2\/glossary\/748","targetHints":{"allow":["GET"]}}],"collection":[{"href":"https:\/\/4beauty-website-stage.247grad.de\/tr\/wp-json\/wp\/v2\/glossary"}],"about":[{"href":"https:\/\/4beauty-website-stage.247grad.de\/tr\/wp-json\/wp\/v2\/types\/glossary"}],"wp:attachment":[{"href":"https:\/\/4beauty-website-stage.247grad.de\/tr\/wp-json\/wp\/v2\/media?parent=748"}],"curies":[{"name":"wp","href":"https:\/\/api.w.org\/{rel}","templated":true}]}}