{"id":761,"date":"2026-08-20T17:07:27","date_gmt":"2026-08-20T15:07:27","guid":{"rendered":"https:\/\/4beauty-website-stage.247grad.de\/glossar\/vy-plastik\/"},"modified":"2026-08-20T17:28:00","modified_gmt":"2026-08-20T15:28:00","slug":"vy-plastik","status":"publish","type":"glossary","link":"https:\/\/4beauty-website-stage.247grad.de\/tr\/glossar\/vy-plastik\/","title":{"rendered":"VY Plastik: Doku kayd\u0131rma cerrahi tekni\u011fi"},"content":{"rendered":"<p class=\"wp-block-paragraph\">Plastik ve rekonstr\u00fcktif cerrahide, son derece basit geometrik ilkelere dayanan bir dizi temel teknik bulunmaktad\u0131r. Bu y\u00f6ntemlerin en \u00e7ok y\u00f6nl\u00fcs\u00fcnden biri de <strong>VY Plastik<\/strong>, ayn\u0131 zamanda <strong>V-Y kayd\u0131rma plasti\u011fi<\/strong> Bilindi\u011fi \u00fczere, dokular\u0131 kayd\u0131rmak, uzatmak veya hacim kazand\u0131rmak i\u00e7in \u00f6nemli bir ara\u00e7t\u0131r.<\/p>\n\n\n\n<p class=\"wp-block-paragraph\">Bu Gloss makalesi, VY plasti\u011finin ne oldu\u011funu, temel prensibinin nas\u0131l i\u015fledi\u011fini ve estetik cerrahide hangi alanlarda uyguland\u0131\u011f\u0131n\u0131 size net ve anla\u015f\u0131l\u0131r bir \u015fekilde a\u00e7\u0131klamaktad\u0131r.<\/p>\n\n\n\n<div class=\"wp-block-rank-math-toc-block\" id=\"rank-math-toc\"><h2>\u0130\u00e7indekiler<\/h2><nav><ul><li class=\"\"><a href=\"#was-ist-eine-vy-plastik-die-definition\">VY plasti\u011fi nedir? Tan\u0131m\u0131<\/a><\/li><li class=\"\"><a href=\"#die-hauptanwendungsgebiete-der-v-y-plastik\">V-Y plasti\u011finin ba\u015fl\u0131ca uygulama alanlar\u0131<\/a><\/li><li class=\"\"><a href=\"#risiken-und-die-bedeutung-der-absicherung\">Riskler ve riskten korunman\u0131n \u00f6nemi<\/a><\/li><li class=\"\"><a href=\"#haufig-gestellte-fragen-faq-zur-vy-plastik\">VY Plastik ile ilgili S\u0131k Sorulan Sorular (SSS)<\/a><\/li><\/ul><\/nav><\/div>\n\n\n\n<div class=\"wp-block-group is-style-boxed has-white-warm-background-color has-background is-layout-constrained wp-block-group-is-layout-constrained\">\n<p class=\"wp-block-paragraph\"><strong>\u00d6nemli uyar\u0131<\/strong><\/p>\n\n\n\n<p class=\"wp-block-paragraph\">Bu makale yaln\u0131zca bilgilendirme ama\u00e7l\u0131d\u0131r ve t\u0131bbi tan\u0131 veya tavsiyenin yerini almaz. Herhangi bir belirsizlik durumunda ve ki\u015fiye \u00f6zel bir tedavi plan\u0131 haz\u0131rlamak i\u00e7in, uzman bir hekimle g\u00f6r\u00fc\u015fmek \u015fartt\u0131r.<\/p>\n<\/div>\n\n\n\n<h2 class=\"wp-block-heading\" id=\"was-ist-eine-vy-plastik-die-definition\">VY plasti\u011fi nedir? Tan\u0131m\u0131<\/h2>\n\n\n\n<div class=\"wp-block-media-text has-media-on-the-right is-stacked-on-mobile\"><div class=\"wp-block-media-text__content\">\n<p class=\"wp-block-paragraph\">VY Plastik, belirli bir y\u00f6nde doku kazanc\u0131 sa\u011flamak amac\u0131yla \u00f6zel bir kesi ve diki\u015f tekni\u011fi kullan\u0131larak dokunun yerinin de\u011fi\u015ftirildi\u011fi bir lokal flep plastik t\u00fcr\u00fcd\u00fcr. Ad\u0131, kesi\u011fin \u015fekli (\u201eV\u201c) ve son diki\u015fin \u015fekli (\u201eY\u201c) kaynakl\u0131d\u0131r. Bu teknik, dokuyu kayd\u0131rarak cildi uzatmak veya gerginlik bulunan b\u00f6lgelerin y\u00fck\u00fcn\u00fc azaltmak i\u00e7in temel bir y\u00f6ntemdir.<\/p>\n<\/div><figure class=\"wp-block-media-text__media\"><img loading=\"lazy\" decoding=\"async\" width=\"2042\" height=\"1892\" src=\"https:\/\/4beauty-website-stage.247grad.de\/wp-content\/uploads\/2026\/08\/2025-11_vy-plastik.png\" alt=\"VY Plastik\" class=\"wp-image-366 size-full\" srcset=\"https:\/\/4beauty-website-stage.247grad.de\/wp-content\/uploads\/2026\/08\/2025-11_vy-plastik.png 2042w, https:\/\/4beauty-website-stage.247grad.de\/wp-content\/uploads\/2026\/08\/2025-11_vy-plastik-300x278.png 300w, https:\/\/4beauty-website-stage.247grad.de\/wp-content\/uploads\/2026\/08\/2025-11_vy-plastik-768x712.png 768w, https:\/\/4beauty-website-stage.247grad.de\/wp-content\/uploads\/2026\/08\/2025-11_vy-plastik-1024x949.png 1024w, https:\/\/4beauty-website-stage.247grad.de\/wp-content\/uploads\/2026\/08\/2025-11_vy-plastik-1536x1423.png 1536w, https:\/\/4beauty-website-stage.247grad.de\/wp-content\/uploads\/2026\/08\/2025-11_vy-plastik-13x12.png 13w, https:\/\/4beauty-website-stage.247grad.de\/wp-content\/uploads\/2026\/08\/2025-11_vy-plastik-40x37.png 40w\" sizes=\"auto, (max-width: 2042px) 100vw, 2042px\" \/><\/figure><\/div>\n\n\n\n<h3 class=\"wp-block-heading\" id=\"das-geniale-prinzip-wie-aus-einem-v-ein-y-wird\">Dahi bir ilke: Bir \u201eV\u201c nas\u0131l \u201eY\u201cye d\u00f6n\u00fc\u015f\u00fcr?<\/h3>\n\n\n\n<p class=\"wp-block-paragraph\">VY Plastik kavram\u0131, kula\u011fa geldi\u011fi kadar karma\u015f\u0131k de\u011fildir. Bu, geometriye dayanan bir cerrahi hiledir:<\/p>\n\n\n\n<ol class=\"wp-block-list is-style-step-list\">\n<li><strong>V kesim<\/strong> Cerrah, deride V \u015feklinde bir kesi a\u00e7ar. Bu \u201eV\u201cnin i\u00e7indeki doku, \u00fc\u00e7gen \u015feklinde bir deri flebi olu\u015fturur.<\/li>\n\n\n\n<li><strong>Erteleme<\/strong> Bu V \u015feklindeki flep, alt\u0131ndaki dokudan dikkatlice ayr\u0131l\u0131r ve b\u00f6ylece hareket kabiliyeti kazan\u0131r. Ard\u0131ndan, flepin tamam\u0131 V\u2019nin ucuna do\u011fru \u00f6ne do\u011fru itilir.<\/li>\n\n\n\n<li><strong>Y-ba\u011flant\u0131s\u0131<\/strong> Flan\u015f\u0131n ileriye do\u011fru hareket etmesiyle, orijinal taban\u0131nda bir bo\u015fluk olu\u015fur. Bu bo\u015fluk \u015fimdi do\u011frudan dikilir ve \u201eY\u201c harfinin dikey \u00e7izgisini olu\u015fturur. Orijinal \u201eV\u201c harfinin iki kanad\u0131 ise \u201eY\u201c harfinin kollar\u0131n\u0131 olu\u015fturur.<\/li>\n<\/ol>\n\n\n\n<p class=\"wp-block-paragraph\">Net sonu\u00e7: Orijinal \u201eV\u201c \u015feklinin tepesindeki kuma\u015f \u00f6ne do\u011fru kayd\u0131r\u0131lm\u0131\u015f ve bu da o b\u00f6lgede uzunluk veya hacim art\u0131\u015f\u0131 sa\u011flam\u0131\u015ft\u0131r.<\/p>\n\n\n\n<h2 class=\"wp-block-heading\" id=\"die-hauptanwendungsgebiete-der-v-y-plastik\">V-Y plasti\u011finin ba\u015fl\u0131ca uygulama alanlar\u0131<\/h2>\n\n\n\n<div class=\"wp-block-group is-layout-grid wp-container-core-group-is-layout-bb0cbca6 wp-block-group-is-layout-grid\">\n<div class=\"wp-block-group is-style-boxed has-white-warm-background-color has-background is-layout-constrained wp-block-group-is-layout-constrained\">\n<p class=\"wp-block-paragraph\"><strong>Estetik uygulama: Dudak b\u00fcy\u00fctme ama\u00e7l\u0131 dudak germe ameliyat\u0131<\/strong><\/p>\n\n<p class=\"wp-block-paragraph\">V-Y plastisi, mukoza zar\u0131n\u0131 uzatarak dudaklar\u0131n k\u0131rm\u0131z\u0131 b\u00f6lgesini i\u00e7ten vurgulamak i\u00e7in s\u0131kl\u0131kla kullan\u0131l\u0131r (buna \u201eLip Lift\u201c denir). <strong>\u00c7al\u0131\u015fma prensibi:<\/strong> Cerrah, duda\u011f\u0131n i\u00e7 k\u0131sm\u0131nda (nemli mukoza \u00fczerinde) bir veya birka\u00e7 V \u015feklinde kesi a\u00e7ar. V-Y kayd\u0131rma tekni\u011fi ile duda\u011f\u0131n i\u00e7 k\u0131sm\u0131 d\u0131\u015fa ve \u00f6ne do\u011fru itilir. <strong>Sonu\u00e7:<\/strong> Dudaklar\u0131n k\u0131rm\u0131z\u0131 rengi daha belirgin hale gelir; dudaklar, v\u00fccuda yabanc\u0131 maddeler (dolgu maddeleri gibi) kullan\u0131lmadan daha dolgun ve \u00e7ekici g\u00f6r\u00fcn\u00fcr. Yara izleri a\u011f\u0131z i\u00e7inde oldu\u011fundan g\u00f6r\u00fcnmez.<\/p>\n<\/div>\n\n<div class=\"wp-block-group is-style-boxed has-white-warm-background-color has-background is-layout-constrained wp-block-group-is-layout-constrained\">\n<p class=\"wp-block-paragraph\"><strong>Rekonstr\u00fcktif uygulama: Yara izi d\u00fczeltme<\/strong><\/p>\n\n<p class=\"wp-block-paragraph\">Genellikle yan\u0131klar veya yaralanmalar\u0131n ard\u0131ndan ortaya \u00e7\u0131kan, i\u00e7e \u00e7ekilmi\u015f ve gergin yara izlerinde (yara izi kontrakt\u00fcrleri), VY plastikleri ger\u00e7ek bir mucize yaratabilir. <strong>\u00c7al\u0131\u015fma prensibi:<\/strong> Dokuyu s\u0131k\u0131la\u015ft\u0131ran yara izi kesilerek \u00e7\u0131kar\u0131l\u0131r. Ard\u0131ndan, sa\u011fl\u0131kl\u0131 kom\u015fu dokudan bir V \u015feklinde flep olu\u015fturulur ve bu flep, \u00e7\u0131kar\u0131lan yara izinin bulundu\u011fu b\u00f6lgeye yerle\u015ftirilir. <strong>Sonu\u00e7:<\/strong> Bu teknik, defekte sa\u011fl\u0131kl\u0131 ve esnek doku ekleyerek k\u0131salm\u0131\u015f hatt\u0131 uzat\u0131r. Gerginlik giderilir, hareket kabiliyeti (\u00f6rne\u011fin eklemlerde) artar ve yara izinin g\u00f6r\u00fcn\u00fcm\u00fc \u00f6nemli \u00f6l\u00e7\u00fcde hafifler.<\/p>\n<\/div>\n<\/div>\n\n\n\n<h2 class=\"wp-block-heading\" id=\"risiken-und-die-bedeutung-der-absicherung\">Riskler ve riskten korunman\u0131n \u00f6nemi<\/h2>\n\n\n\n<div class=\"wp-block-media-text is-stacked-on-mobile\"><figure class=\"wp-block-media-text__media\"><img loading=\"lazy\" decoding=\"async\" width=\"720\" height=\"708\" src=\"https:\/\/4beauty-website-stage.247grad.de\/wp-content\/uploads\/2026\/08\/2025-11_vy-plastik-absicherung.svg\" alt=\"Grafik: VY Plastik \u2013 Koruma\" class=\"wp-image-365 size-full\"\/><\/figure><div class=\"wp-block-media-text__content\">\n<p class=\"wp-block-paragraph\">V-Y plastisi, plastik cerrahide standart bir i\u015flem olmakla birlikte, en \u00fcst d\u00fczeyde hassasiyet ve deneyim gerektirir. Yara iyile\u015fme bozukluklar\u0131, enfeksiyonlar, asimetriler veya tatmin edici olmayan sonu\u00e7lar gibi riskler hi\u00e7bir zaman tamamen ortadan kald\u0131r\u0131lamaz. Bu i\u015flemler genellikle karma\u015f\u0131k estetik veya rekonstr\u00fcktif m\u00fcdahaleler oldu\u011fundan, finansal g\u00fcvence \u00f6nemlidir. Bir ek masraf sigortas\u0131, ameliyat sonras\u0131 daha ileri t\u0131bbi tedavi gerektiren komplikasyonlar ortaya \u00e7\u0131kmas\u0131 durumunda g\u00fcvenlik sa\u011flayabilir.<\/p>\n<\/div><\/div>\n\n\n\n<h2 class=\"wp-block-heading\" id=\"haufig-gestellte-fragen-faq-zur-vy-plastik\">VY Plastik ile ilgili S\u0131k Sorulan Sorular (SSS)<\/h2>\n\n\n\n<div data-wp-context=\"{ &quot;autoclose&quot;: false, &quot;accordionItems&quot;: [] }\" data-wp-interactive=\"core\/accordion\" role=\"group\" class=\"wp-block-accordion is-layout-flow wp-block-accordion-is-layout-flow\">\n<div data-wp-class--is-open=\"state.isOpen\" data-wp-context=\"{ &quot;id&quot;: &quot;accordion-item-1&quot;, &quot;openByDefault&quot;: false }\" data-wp-init=\"callbacks.initAccordionItems\" data-wp-on-window--hashchange=\"callbacks.hashChange\" class=\"wp-block-accordion-item is-layout-flow wp-block-accordion-item-is-layout-flow\">\n<h3 class=\"wp-block-accordion-heading\"><button aria-expanded=\"false\" aria-controls=\"accordion-item-1-panel\" data-wp-bind--aria-expanded=\"state.isOpen\" data-wp-on--click=\"actions.toggle\" id=\"accordion-item-1\" type=\"button\" class=\"wp-block-accordion-heading__toggle\"><span class=\"wp-block-accordion-heading__toggle-title\">VY Plastik b\u00fcy\u00fck bir ameliyat m\u0131d\u0131r?<\/span><span class=\"wp-block-accordion-heading__toggle-icon\" aria-hidden=\"true\">+<\/span><\/button><\/h3>\n\n\n\n<div aria-labelledby=\"accordion-item-1\" data-wp-bind--hidden=\"state.isHidden\" data-wp-on--beforematch=\"actions.handleBeforeMatch\" id=\"accordion-item-1-panel\" role=\"region\" class=\"wp-block-accordion-panel is-layout-flow wp-block-accordion-panel-is-layout-flow\">\n<p class=\"wp-block-paragraph\">Hay\u0131r. Genellikle nispeten k\u00fc\u00e7\u00fck bir i\u015flemdir ve \u00e7o\u011fu zaman lokal anestezi alt\u0131nda ger\u00e7ekle\u015ftirilebilir. Baz\u0131 durumlarda ek bir hafif anestezi gerekli veya uygun olabilir.<\/p>\n<\/div>\n<\/div>\n\n\n\n<div data-wp-class--is-open=\"state.isOpen\" data-wp-context=\"{ &quot;id&quot;: &quot;accordion-item-2&quot;, &quot;openByDefault&quot;: false }\" data-wp-init=\"callbacks.initAccordionItems\" data-wp-on-window--hashchange=\"callbacks.hashChange\" class=\"wp-block-accordion-item is-layout-flow wp-block-accordion-item-is-layout-flow\">\n<h3 class=\"wp-block-accordion-heading\"><button aria-expanded=\"false\" aria-controls=\"accordion-item-2-panel\" data-wp-bind--aria-expanded=\"state.isOpen\" data-wp-on--click=\"actions.toggle\" id=\"accordion-item-2\" type=\"button\" class=\"wp-block-accordion-heading__toggle\"><span class=\"wp-block-accordion-heading__toggle-title\">G\u00f6zle g\u00f6r\u00fcl\u00fcr bir yara izi kal\u0131r m\u0131?<\/span><span class=\"wp-block-accordion-heading__toggle-icon\" aria-hidden=\"true\">+<\/span><\/button><\/h3>\n\n\n\n<div aria-labelledby=\"accordion-item-2\" data-wp-bind--hidden=\"state.isHidden\" data-wp-on--beforematch=\"actions.handleBeforeMatch\" id=\"accordion-item-2-panel\" role=\"region\" class=\"wp-block-accordion-panel is-layout-flow wp-block-accordion-panel-is-layout-flow\">\n<p class=\"wp-block-paragraph\">Bu, uygulaman\u0131n yap\u0131ld\u0131\u011f\u0131 b\u00f6lgeye ba\u011fl\u0131d\u0131r. Dudak b\u00fcy\u00fctme ameliyat\u0131nda yara izleri a\u011f\u0131z i\u00e7inde, g\u00f6r\u00fcnmeyecek \u015fekilde kal\u0131r. Yara izi d\u00fczeltme ameliyat\u0131nda ise eski yara izi, yeni ama daha uygun bir yere yerle\u015ftirilmi\u015f ve daha az g\u00f6ze \u00e7arpan Y \u015feklinde bir yara iziyle de\u011fi\u015ftirilir.<\/p>\n<\/div>\n<\/div>\n\n\n\n<div data-wp-class--is-open=\"state.isOpen\" data-wp-context=\"{ &quot;id&quot;: &quot;accordion-item-3&quot;, &quot;openByDefault&quot;: false }\" data-wp-init=\"callbacks.initAccordionItems\" data-wp-on-window--hashchange=\"callbacks.hashChange\" class=\"wp-block-accordion-item is-layout-flow wp-block-accordion-item-is-layout-flow\">\n<h3 class=\"wp-block-accordion-heading\"><button aria-expanded=\"false\" aria-controls=\"accordion-item-3-panel\" data-wp-bind--aria-expanded=\"state.isOpen\" data-wp-on--click=\"actions.toggle\" id=\"accordion-item-3\" type=\"button\" class=\"wp-block-accordion-heading__toggle\"><span class=\"wp-block-accordion-heading__toggle-title\">VY dudak b\u00fcy\u00fctme i\u015fleminin sonucu kal\u0131c\u0131 m\u0131d\u0131r?<\/span><span class=\"wp-block-accordion-heading__toggle-icon\" aria-hidden=\"true\">+<\/span><\/button><\/h3>\n\n\n\n<div aria-labelledby=\"accordion-item-3\" data-wp-bind--hidden=\"state.isHidden\" data-wp-on--beforematch=\"actions.handleBeforeMatch\" id=\"accordion-item-3-panel\" role=\"region\" class=\"wp-block-accordion-panel is-layout-flow wp-block-accordion-panel-is-layout-flow\">\n<p class=\"wp-block-paragraph\">Evet, v\u00fccuda ait doku aktar\u0131ld\u0131\u011f\u0131 i\u00e7in elde edilen hacim kal\u0131c\u0131d\u0131r. Ancak dudaklar\u0131n do\u011fal ya\u015flanma s\u00fcreci devam eder.<\/p>\n<\/div>\n<\/div>\n\n\n\n<div data-wp-class--is-open=\"state.isOpen\" data-wp-context=\"{ &quot;id&quot;: &quot;accordion-item-4&quot;, &quot;openByDefault&quot;: false }\" data-wp-init=\"callbacks.initAccordionItems\" data-wp-on-window--hashchange=\"callbacks.hashChange\" class=\"wp-block-accordion-item is-layout-flow wp-block-accordion-item-is-layout-flow\">\n<h3 class=\"wp-block-accordion-heading\"><button aria-expanded=\"false\" aria-controls=\"accordion-item-4-panel\" data-wp-bind--aria-expanded=\"state.isOpen\" data-wp-on--click=\"actions.toggle\" id=\"accordion-item-4\" type=\"button\" class=\"wp-block-accordion-heading__toggle\"><span class=\"wp-block-accordion-heading__toggle-title\">VY-Plastik a\u011fr\u0131l\u0131 m\u0131d\u0131r?<\/span><span class=\"wp-block-accordion-heading__toggle-icon\" aria-hidden=\"true\">+<\/span><\/button><\/h3>\n\n\n\n<div aria-labelledby=\"accordion-item-4\" data-wp-bind--hidden=\"state.isHidden\" data-wp-on--beforematch=\"actions.handleBeforeMatch\" id=\"accordion-item-4-panel\" role=\"region\" class=\"wp-block-accordion-panel is-layout-flow wp-block-accordion-panel-is-layout-flow\">\n<p class=\"wp-block-paragraph\">Anestezi sayesinde i\u015flem s\u0131ras\u0131nda a\u011fr\u0131 hissedilmez. Sonraki g\u00fcnlerde \u015fi\u015flik ve hafif yara a\u011fr\u0131lar\u0131 ortaya \u00e7\u0131kabilir, ancak bunlar yayg\u0131n a\u011fr\u0131 kesicilerle kolayca kontrol alt\u0131na al\u0131nabilir.<\/p>\n<\/div>\n<\/div>\n<\/div>","protected":false},"excerpt":{"rendered":"<p>VY Plasti\u011fi, di\u011fer ad\u0131yla V-Y Kayd\u0131rma Plasti\u011fi, dokuyu kayd\u0131rmak, uzatmak veya hacim kazand\u0131rmak i\u00e7in kullan\u0131lan bir cerrahi tekniktir.<\/p>","protected":false},"template":"","class_list":["post-761","glossary","type-glossary","status-publish","hentry"],"acf":[],"_links":{"self":[{"href":"https:\/\/4beauty-website-stage.247grad.de\/tr\/wp-json\/wp\/v2\/glossary\/761","targetHints":{"allow":["GET"]}}],"collection":[{"href":"https:\/\/4beauty-website-stage.247grad.de\/tr\/wp-json\/wp\/v2\/glossary"}],"about":[{"href":"https:\/\/4beauty-website-stage.247grad.de\/tr\/wp-json\/wp\/v2\/types\/glossary"}],"wp:attachment":[{"href":"https:\/\/4beauty-website-stage.247grad.de\/tr\/wp-json\/wp\/v2\/media?parent=761"}],"curies":[{"name":"wp","href":"https:\/\/api.w.org\/{rel}","templated":true}]}}