{"id":765,"date":"2026-08-20T17:07:30","date_gmt":"2026-08-20T15:07:30","guid":{"rendered":"https:\/\/4beauty-website-stage.247grad.de\/glossar\/xanthelasmen\/"},"modified":"2026-08-28T11:45:49","modified_gmt":"2026-08-28T09:45:49","slug":"ksantelazmlar","status":"publish","type":"glossary","link":"https:\/\/4beauty-website-stage.247grad.de\/tr\/glossar\/xanthelasmen\/","title":{"rendered":"Ksantelasmalar: Nedenleri, \u00f6nemi ve tedavi y\u00f6ntemleri"},"content":{"rendered":"<p class=\"wp-block-paragraph\">Birdenbire ortaya \u00e7\u0131karlar: \u00dcst veya alt g\u00f6z kapaklar\u0131nda keskin s\u0131n\u0131rl\u0131, sar\u0131ms\u0131-beyaz, hafif\u00e7e kabar\u0131k lekeler. Bu zarars\u0131z g\u00f6r\u00fcnen cilt de\u011fi\u015fiklikleri, <strong>Ksantelasmalar<\/strong> Bilinen bir durumdur ve bir\u00e7ok ki\u015fi i\u00e7in kozmetik bir sorundur. Ancak bunlar sadece bundan ibaret olmayabilir; asl\u0131nda v\u00fccudun verdi\u011fi \u00f6nemli bir uyar\u0131 i\u015faretidir.<\/p>\n\n\n\n<p class=\"wp-block-paragraph\">Bu bilgilendirme yaz\u0131s\u0131, ksantelasmalar\u0131n ne oldu\u011funu, bunlar\u0131n fark edilmesinin neden bir doktora ba\u015fvurmay\u0131 gerektirdi\u011fini ve bunlar\u0131 g\u00fcvenli ve etkili bir \u015fekilde ortadan kald\u0131rmak i\u00e7in hangi modern y\u00f6ntemlerin mevcut oldu\u011funu ayr\u0131nt\u0131l\u0131 bir \u015fekilde a\u00e7\u0131klamaktad\u0131r.<\/p>\n\n\n\n<div class=\"wp-block-rank-math-toc-block\" id=\"rank-math-toc\"><h2>\u0130\u00e7indekiler<\/h2><nav><ul><li class=\"\"><a href=\"#was-sind-xanthelasmen-eine-definition\">Ksantelasmalar nedir? Bir tan\u0131m<\/a><\/li><li class=\"\"><a href=\"#risiken-und-absicherung-der-xanthelasma-behandlung\">Xanthelasma Tedavisinin Riskleri ve \u00d6nlemleri<\/a><\/li><li class=\"\"><a href=\"#haufig-gestellte-fragen-faq-zu-xanthelasmen\">Xanthelasma ile ilgili s\u0131k sorulan sorular (SSS)<\/a><\/li><\/ul><\/nav><\/div>\n\n\n\n<div class=\"wp-block-group is-style-boxed has-white-warm-background-color has-background is-layout-constrained wp-block-group-is-layout-constrained\">\n<p class=\"wp-block-paragraph\"><strong>\u00d6nemli uyar\u0131<\/strong><\/p>\n\n\n\n<p class=\"wp-block-paragraph\">Bu makale yaln\u0131zca bilgilendirme ama\u00e7l\u0131d\u0131r ve t\u0131bbi tan\u0131 veya tavsiyenin yerini almaz. Herhangi bir belirsizlik durumunda ve ki\u015fiye \u00f6zel bir tedavi plan\u0131 haz\u0131rlamak i\u00e7in, uzman bir hekimle g\u00f6r\u00fc\u015fmek \u015fartt\u0131r.<\/p>\n<\/div>\n\n\n\n<div class=\"wp-block-media-text has-media-on-the-right is-stacked-on-mobile\"><div class=\"wp-block-media-text__content\">\n<h2 class=\"wp-block-heading\" id=\"was-sind-xanthelasmen-eine-definition\">Ksantelasmalar nedir? Bir tan\u0131m<\/h2>\n\n<p class=\"wp-block-paragraph\">Ksantelazmlar (Yunanca <em>xanthos<\/em> = sar\u0131, <em>elasma<\/em> = Plak) g\u00f6z kapaklar\u0131n\u0131n derisinde g\u00f6r\u00fclen, iyi huylu, sar\u0131ms\u0131 ya\u011f veya kolesterol birikimleridir.<\/p>\n\n<p class=\"wp-block-paragraph\">G\u00f6z kapaklar\u0131n\u0131n derisinde kolesterol ve di\u011fer ya\u011flar\u0131n birikmesi sonucu olu\u015furlar. Genellikle bunun alt\u0131nda bir ya\u011f metabolizmas\u0131 bozuklu\u011fu yatar; ancak ksantelazmlar, kan ya\u011f de\u011ferleri normal olsa bile ortaya \u00e7\u0131kabilir. Dokunuldu\u011funda yumu\u015fak veya yar\u0131 sert hissedilirler ve a\u011fr\u0131ya neden olmazlar.<\/p>\n<\/div><figure class=\"wp-block-media-text__media\"><img loading=\"lazy\" decoding=\"async\" width=\"516\" height=\"477\" src=\"https:\/\/4beauty-website-stage.247grad.de\/wp-content\/uploads\/2026\/08\/2025-11_Xanthelasmen.jpg\" alt=\"G\u00f6z \u00e7evresindeki ksantelasmalar\" class=\"wp-image-347 size-full\" srcset=\"https:\/\/4beauty-website-stage.247grad.de\/wp-content\/uploads\/2026\/08\/2025-11_Xanthelasmen.jpg 516w, https:\/\/4beauty-website-stage.247grad.de\/wp-content\/uploads\/2026\/08\/2025-11_Xanthelasmen-300x277.jpg 300w, https:\/\/4beauty-website-stage.247grad.de\/wp-content\/uploads\/2026\/08\/2025-11_Xanthelasmen-13x12.jpg 13w, https:\/\/4beauty-website-stage.247grad.de\/wp-content\/uploads\/2026\/08\/2025-11_Xanthelasmen-40x37.jpg 40w\" sizes=\"auto, (max-width: 516px) 100vw, 516px\" \/><\/figure><\/div>\n\n\n\n<h3 class=\"wp-block-heading\" id=\"die-ursache-mehr-als-nur-ein-hautproblem\">Nedeni: Sadece bir cilt sorunundan ibaret de\u011fil<\/h3>\n\n\n\n<p class=\"wp-block-paragraph\">Ksantelasmalar kendi ba\u015flar\u0131na zarars\u0131zd\u0131r. Ancak \u00f6nemi genellikle nedenlerinden kaynaklan\u0131r. \u00c7o\u011fu durumda bunlar, bir <strong>Ya\u011f metabolizmas\u0131 bozuklu\u011fu (hiperlipidemi)<\/strong>, yani y\u00fcksek kan ya\u011f de\u011ferleri, \u00f6zellikle de y\u00fcksek kolesterol seviyesi durumunda. Ancak, kan de\u011ferleri normal olsa bile ortaya \u00e7\u0131kabilirler.<\/p>\n\n\n\n<p class=\"wp-block-paragraph\">Xanthelasmay\u0131 bir buzda\u011f\u0131n\u0131n zirvesi olarak d\u00fc\u015f\u00fcn\u00fcn. Bu, g\u00f6r\u00fcnen k\u0131sm\u0131d\u0131r. \u00c7ok daha b\u00fcy\u00fck ve potansiyel olarak daha tehlikeli olan k\u0131s\u0131m \u2013 y\u00fcksek kan ya\u011f d\u00fczeyleri \u2013 v\u00fccutta g\u00f6r\u00fcnmez bir \u015fekilde bulunur ve arteroskleroz, kalp krizi veya fel\u00e7 gibi kardiyovask\u00fcler hastal\u0131k riskini art\u0131rabilir.<\/p>\n\n\n\n<p class=\"wp-block-paragraph\"><strong>Bu nedenle \u015funu unutmay\u0131n: Ksantelasma durumunda at\u0131lacak ilk ad\u0131m, her zaman kan ya\u011f de\u011ferlerini \u00f6l\u00e7t\u00fcrmek i\u00e7in aile hekimine veya i\u00e7 hastal\u0131klar\u0131 uzman\u0131na ba\u015fvurmakt\u0131r!<\/strong><\/p>\n\n\n\n<h3 class=\"wp-block-heading\" id=\"xanthelasma-entfernen-welche-methoden-gibt-es\">Ksantelazma tedavisi: Hangi y\u00f6ntemler vard\u0131r?<\/h3>\n\n\n\n<figure class=\"wp-block-table\"><table class=\"has-fixed-layout\"><thead><tr><th>Y\u00f6ntem<\/th><th>Etki mekanizmas\u0131<\/th><th>Avantajlar<\/th><th>Dezavantajlar \/ Riskler<\/th><\/tr><\/thead><tbody><tr><td>Lazer tedavisi<\/td><td>CO\u2082 veya Erbium:YAG lazeriyle cilt katmanlar\u0131n\u0131n kald\u0131r\u0131lmas\u0131<\/td><td>Son derece hassas, kan kayb\u0131 az, genellikle iyi kozmetik sonu\u00e7lar<\/td><td>Hipopigmentasyon veya hiperpigmentasyon g\u00f6r\u00fclebilir; deneyim gerektirir<\/td><\/tr><tr><td>Cerrahi eksizyon<\/td><td>Ne\u015fterle kesip \u00e7\u0131karmak ve ince diki\u015f atmak<\/td><td>Tek seansta tam olarak giderilir; derin ksantelasmalarda etkilidir<\/td><td>Yara izi olu\u015fumu; b\u00fcy\u00fck lezyonlarda g\u00f6z kapa\u011f\u0131 \u00e7ekilmesi riski<\/td><\/tr><tr><td>Elektrokauterizasyon<\/td><td>\u201eDokunun elektrik ak\u0131m\u0131yla \u201cyak\u0131lmas\u0131\u201d<\/td><td>K\u00fc\u00e7\u00fck, d\u00fcz bulgularda h\u0131zl\u0131 ve etkili<\/td><td>Lazere k\u0131yasla yara izi ve pigment bozukluklar\u0131 a\u00e7\u0131s\u0131ndan daha y\u00fcksek risk<\/td><\/tr><tr><td>TCA Peelingi<\/td><td>Triklorasetik asit ile \u00fcst deri katmanlar\u0131n\u0131n kimyasal yan\u0131\u011f\u0131<\/td><td>Non-invaziv, i\u011fne yok, yara izi yok<\/td><td>Yaln\u0131zca \u00e7ok hafif bulgularda uygundur; birka\u00e7 seans gereklidir<\/td><\/tr><\/tbody><\/table><\/figure>\n\n\n\n<h2 class=\"wp-block-heading\" id=\"risiken-und-absicherung-der-xanthelasma-behandlung\">Xanthelasma Tedavisinin Riskleri ve \u00d6nlemleri<\/h2>\n\n\n\n<p class=\"wp-block-paragraph\">Ksantelasmalar\u0131n \u00e7\u0131kar\u0131lmas\u0131 rutin bir i\u015flem olsa da, bu i\u015flem son derece hassas olan g\u00f6z \u00e7evresinde ger\u00e7ekle\u015ftirilir. A\u015fa\u011f\u0131daki gibi riskler s\u00f6z konusudur: <a href=\"https:\/\/4beauty-website-stage.247grad.de\/tr\/soezluek\/enfeksiyon\/\">Enfeksiyonlar<\/a>, Yara iyile\u015fme bozukluklar\u0131, g\u00f6zle g\u00f6r\u00fcl\u00fcr yara izleri veya g\u00f6z kapa\u011f\u0131 pozisyonunda bir de\u011fi\u015fiklik (\u00f6zellikle cerrahi olarak \u00e7\u0131kar\u0131lmas\u0131 durumunda) hi\u00e7bir zaman tamamen d\u0131\u015flanamaz. Ayr\u0131ca, ksantelasmalar n\u00fcksetmeye meyillidir; yani, \u00f6zellikle altta yatan ya\u011f metabolizmas\u0131 bozuklu\u011fu tedavi edilmezse tekrar ortaya \u00e7\u0131kabilirler.<\/p>\n\n\n\n<p class=\"wp-block-paragraph\">Bir <strong>Sonras\u0131 Maliyet Sigortas\u0131<\/strong> Estetik m\u00fcdahalenin ard\u0131ndan, \u00f6rne\u011fin \u00e7irkin bir yara izi veya bir komplikasyon nedeniyle t\u0131bbi a\u00e7\u0131dan gerekli bir d\u00fczeltme yap\u0131lmas\u0131 gerekmesi durumunda finansal g\u00fcvence sa\u011flar.<\/p>\n\n\n\n<div class=\"wp-block-group is-style-boxed is-layout-constrained wp-block-group-is-layout-constrained\">\n<p class=\"wp-block-paragraph\">Yok<\/p>\n\n<div class=\"wp-block-buttons is-layout-flex wp-block-buttons-is-layout-flex\">\n<div class=\"wp-block-button is-style-polar\"><a class=\"wp-block-button__link wp-element-button\" href=\"https:\/\/4beauty-website-stage.247grad.de\/tr\/hizmet-bilgileri\/iletisim\/\">Ba\u011flay\u0131c\u0131 olmayan bir \u015fekilde ileti\u015fime ge\u00e7in<\/a><\/div>\n<\/div>\n<\/div>\n\n\n\n<h2 class=\"wp-block-heading\" id=\"haufig-gestellte-fragen-faq-zu-xanthelasmen\">Xanthelasma ile ilgili s\u0131k sorulan sorular (SSS)<\/h2>\n\n\n\n<div data-wp-context=\"{ &quot;autoclose&quot;: false, &quot;accordionItems&quot;: [] }\" data-wp-interactive=\"core\/accordion\" role=\"group\" class=\"wp-block-accordion is-layout-flow wp-block-accordion-is-layout-flow\">\n<div data-wp-class--is-open=\"state.isOpen\" data-wp-context=\"{ &quot;id&quot;: &quot;accordion-item-1&quot;, &quot;openByDefault&quot;: false }\" data-wp-init=\"callbacks.initAccordionItems\" data-wp-on-window--hashchange=\"callbacks.hashChange\" class=\"wp-block-accordion-item is-layout-flow wp-block-accordion-item-is-layout-flow\">\n<h3 class=\"wp-block-accordion-heading\"><button aria-expanded=\"false\" aria-controls=\"accordion-item-1-panel\" data-wp-bind--aria-expanded=\"state.isOpen\" data-wp-on--click=\"actions.toggle\" id=\"accordion-item-1\" type=\"button\" class=\"wp-block-accordion-heading__toggle\"><span class=\"wp-block-accordion-heading__toggle-title\">Ksantelasmalar tehlikeli midir?<\/span><span class=\"wp-block-accordion-heading__toggle-icon\" aria-hidden=\"true\">+<\/span><\/button><\/h3>\n\n\n\n<div aria-labelledby=\"accordion-item-1\" data-wp-bind--hidden=\"state.isHidden\" data-wp-on--beforematch=\"actions.handleBeforeMatch\" id=\"accordion-item-1-panel\" role=\"region\" class=\"wp-block-accordion-panel is-layout-flow wp-block-accordion-panel-is-layout-flow\">\n<p class=\"wp-block-paragraph\">Bu birikintilerin kendisi iyi huylu olup tehlikeli de\u011fildir. Ancak \u00e7o\u011fu durumda, ciddi bir sa\u011fl\u0131k riski olu\u015fturan y\u00fcksek kan ya\u011f d\u00fczeylerine ili\u015fkin \u00f6nemli bir uyar\u0131 i\u015faretidir.<\/p>\n<\/div>\n<\/div>\n\n\n\n<div data-wp-class--is-open=\"state.isOpen\" data-wp-context=\"{ &quot;id&quot;: &quot;accordion-item-2&quot;, &quot;openByDefault&quot;: false }\" data-wp-init=\"callbacks.initAccordionItems\" data-wp-on-window--hashchange=\"callbacks.hashChange\" class=\"wp-block-accordion-item is-layout-flow wp-block-accordion-item-is-layout-flow\">\n<h3 class=\"wp-block-accordion-heading\"><button aria-expanded=\"false\" aria-controls=\"accordion-item-2-panel\" data-wp-bind--aria-expanded=\"state.isOpen\" data-wp-on--click=\"actions.toggle\" id=\"accordion-item-2\" type=\"button\" class=\"wp-block-accordion-heading__toggle\"><span class=\"wp-block-accordion-heading__toggle-title\">Xanthelasma'y\u0131 hangi doktor tedavi eder?<\/span><span class=\"wp-block-accordion-heading__toggle-icon\" aria-hidden=\"true\">+<\/span><\/button><\/h3>\n\n\n\n<div aria-labelledby=\"accordion-item-2\" data-wp-bind--hidden=\"state.isHidden\" data-wp-on--beforematch=\"actions.handleBeforeMatch\" id=\"accordion-item-2-panel\" role=\"region\" class=\"wp-block-accordion-panel is-layout-flow wp-block-accordion-panel-is-layout-flow\">\n<p class=\"wp-block-paragraph\">Bu i\u015flem genellikle cilt hastal\u0131klar\u0131 uzmanlar\u0131 (dermatologlar), g\u00f6z kapa\u011f\u0131 cerrahisi konusunda uzmanla\u015fm\u0131\u015f g\u00f6z doktorlar\u0131 veya plastik cerrahlar taraf\u0131ndan ger\u00e7ekle\u015ftirilir. Ancak ilk olarak aile hekimine ba\u015fvurarak kan tahlillerini yapt\u0131rmak gerekir.<\/p>\n<\/div>\n<\/div>\n\n\n\n<div data-wp-class--is-open=\"state.isOpen\" data-wp-context=\"{ &quot;id&quot;: &quot;accordion-item-3&quot;, &quot;openByDefault&quot;: false }\" data-wp-init=\"callbacks.initAccordionItems\" data-wp-on-window--hashchange=\"callbacks.hashChange\" class=\"wp-block-accordion-item is-layout-flow wp-block-accordion-item-is-layout-flow\">\n<h3 class=\"wp-block-accordion-heading\"><button aria-expanded=\"false\" aria-controls=\"accordion-item-3-panel\" data-wp-bind--aria-expanded=\"state.isOpen\" data-wp-on--click=\"actions.toggle\" id=\"accordion-item-3\" type=\"button\" class=\"wp-block-accordion-heading__toggle\"><span class=\"wp-block-accordion-heading__toggle-title\">Sa\u011fl\u0131k sigortas\u0131, di\u015f \u00e7ekimi masraflar\u0131n\u0131 kar\u015f\u0131l\u0131yor mu?<\/span><span class=\"wp-block-accordion-heading__toggle-icon\" aria-hidden=\"true\">+<\/span><\/button><\/h3>\n\n\n\n<div aria-labelledby=\"accordion-item-3\" data-wp-bind--hidden=\"state.isHidden\" data-wp-on--beforematch=\"actions.handleBeforeMatch\" id=\"accordion-item-3-panel\" role=\"region\" class=\"wp-block-accordion-panel is-layout-flow wp-block-accordion-panel-is-layout-flow\">\n<p class=\"wp-block-paragraph\">\u00c7o\u011fu durumda, bu ameliyat tamamen estetik bir i\u015flem olarak de\u011ferlendirilir ve bu nedenle masraflar\u0131 yasal sa\u011fl\u0131k sigortas\u0131 taraf\u0131ndan kar\u015f\u0131lanmaz. Yaln\u0131zca nadir istisnai durumlarda, \u00f6rne\u011fin g\u00f6rme alan\u0131 k\u0131s\u0131tl\u0131ysa, masraflar\u0131n kar\u015f\u0131lanmas\u0131 m\u00fcmk\u00fcn olabilir.<\/p>\n<\/div>\n<\/div>\n\n\n\n<div data-wp-class--is-open=\"state.isOpen\" data-wp-context=\"{ &quot;id&quot;: &quot;accordion-item-4&quot;, &quot;openByDefault&quot;: false }\" data-wp-init=\"callbacks.initAccordionItems\" data-wp-on-window--hashchange=\"callbacks.hashChange\" class=\"wp-block-accordion-item is-layout-flow wp-block-accordion-item-is-layout-flow\">\n<h3 class=\"wp-block-accordion-heading\"><button aria-expanded=\"false\" aria-controls=\"accordion-item-4-panel\" data-wp-bind--aria-expanded=\"state.isOpen\" data-wp-on--click=\"actions.toggle\" id=\"accordion-item-4\" type=\"button\" class=\"wp-block-accordion-heading__toggle\"><span class=\"wp-block-accordion-heading__toggle-title\">Xanthelasmalar, \u00e7\u0131kar\u0131ld\u0131ktan sonra tekrar ortaya \u00e7\u0131kar m\u0131?<\/span><span class=\"wp-block-accordion-heading__toggle-icon\" aria-hidden=\"true\">+<\/span><\/button><\/h3>\n\n\n\n<div aria-labelledby=\"accordion-item-4\" data-wp-bind--hidden=\"state.isHidden\" data-wp-on--beforematch=\"actions.handleBeforeMatch\" id=\"accordion-item-4-panel\" role=\"region\" class=\"wp-block-accordion-panel is-layout-flow wp-block-accordion-panel-is-layout-flow\">\n<p class=\"wp-block-paragraph\">Evet, n\u00fcks oran\u0131 nispeten y\u00fcksektir. Ya\u011f metabolizmas\u0131 bozuklu\u011fu varsa ve bu tedavi edilmezse, hastal\u0131\u011f\u0131n tekrar ortaya \u00e7\u0131kma olas\u0131l\u0131\u011f\u0131 \u00f6zellikle y\u00fcksektir.<\/p>\n<\/div>\n<\/div>\n\n\n\n<div data-wp-class--is-open=\"state.isOpen\" data-wp-context=\"{ &quot;id&quot;: &quot;accordion-item-5&quot;, &quot;openByDefault&quot;: false }\" data-wp-init=\"callbacks.initAccordionItems\" data-wp-on-window--hashchange=\"callbacks.hashChange\" class=\"wp-block-accordion-item is-layout-flow wp-block-accordion-item-is-layout-flow\">\n<h3 class=\"wp-block-accordion-heading\"><button aria-expanded=\"false\" aria-controls=\"accordion-item-5-panel\" data-wp-bind--aria-expanded=\"state.isOpen\" data-wp-on--click=\"actions.toggle\" id=\"accordion-item-5\" type=\"button\" class=\"wp-block-accordion-heading__toggle\"><span class=\"wp-block-accordion-heading__toggle-title\">Ksantelasmlar\u0131 kendi ba\u015f\u0131na giderebilir miyim?<\/span><span class=\"wp-block-accordion-heading__toggle-icon\" aria-hidden=\"true\">+<\/span><\/button><\/h3>\n\n\n\n<div aria-labelledby=\"accordion-item-5\" data-wp-bind--hidden=\"state.isHidden\" data-wp-on--beforematch=\"actions.handleBeforeMatch\" id=\"accordion-item-5-panel\" role=\"region\" class=\"wp-block-accordion-panel is-layout-flow wp-block-accordion-panel-is-layout-flow\">\n<p class=\"wp-block-paragraph\">Kesinlikle hay\u0131r. Birikintileri kendi ba\u015f\u0131n\u0131za s\u0131kmaya, \u00e7\u0131karmaya veya ev ila\u00e7lar\u0131yla tedavi etmeye \u00e7al\u0131\u015fmak son derece tehlikelidir. Bu t\u00fcr giri\u015fimler, g\u00f6z kapaklar\u0131n\u0131n hassas derisinde ka\u00e7\u0131n\u0131lmaz olarak ciddi yaralanmalara, iltihaplanmalara ve yara izi olu\u015fumuna yol a\u00e7ar.<\/p>\n<\/div>\n<\/div>\n<\/div>","protected":false},"excerpt":{"rendered":"<p>Ksantelasmalar, g\u00f6z kapaklar\u0131nda keskin s\u0131n\u0131rl\u0131, sar\u0131ms\u0131-beyaz lekeler olup, genellikle kozmetik bir sorundur; ancak bazen v\u00fccudun bir uyar\u0131 i\u015fareti de olabilir.<\/p>","protected":false},"template":"","class_list":["post-765","glossary","type-glossary","status-publish","hentry"],"acf":[],"_links":{"self":[{"href":"https:\/\/4beauty-website-stage.247grad.de\/tr\/wp-json\/wp\/v2\/glossary\/765","targetHints":{"allow":["GET"]}}],"collection":[{"href":"https:\/\/4beauty-website-stage.247grad.de\/tr\/wp-json\/wp\/v2\/glossary"}],"about":[{"href":"https:\/\/4beauty-website-stage.247grad.de\/tr\/wp-json\/wp\/v2\/types\/glossary"}],"wp:attachment":[{"href":"https:\/\/4beauty-website-stage.247grad.de\/tr\/wp-json\/wp\/v2\/media?parent=765"}],"curies":[{"name":"wp","href":"https:\/\/api.w.org\/{rel}","templated":true}]}}